{"id":12715,"date":"2025-04-24T06:16:31","date_gmt":"2025-04-24T04:16:31","guid":{"rendered":"https:\/\/vpdanses.fr\/home\/bienvenue-chez-vp-danses-hazebrouck\/?page_id=12715"},"modified":"2026-02-15T22:32:46","modified_gmt":"2026-02-15T21:32:46","slug":"cours-collectifs-danses-aire-sur-la-lys-et-saint-jans-cappel","status":"publish","type":"page","link":"https:\/\/vpdanses.fr\/home\/bienvenue-chez-vp-danses-hazebrouck\/cours-collectifs-danses-aire-sur-la-lys-et-saint-jans-cappel\/","title":{"rendered":"Cours Collectifs"},"content":{"rendered":"<div class=\"wpb-content-wrapper\"><p>[vc_row][vc_column]<div class='dt-sc-title mz-title aligncenter'><div class='mz-title-content'><h2>Cours collectifs<\/h2><\/div><\/div>[vc_column_text css=\u00a0\u00bb\u00a0\u00bb css_animation=\u00a0\u00bbflash\u00a0\u00bb]VP DANSES est ravie de vous proposer <strong>des cours collectifs de danses<\/strong> dans deux charmantes communes de la r\u00e9gion \u00a0des <a href=\"https:\/\/www.hautsdefrance.fr\" target=\"_blank\" rel=\"noopener\">Hauts-de-France<\/a> : <a href=\"http:\/\/www.saint-jans-cappel.fr\" target=\"_blank\" rel=\"noopener\"><strong>SAINT-JANS-CAPPEL<\/strong><\/a> dans le d\u00e9partement du <a href=\"https:\/\/lenord.fr\" target=\"_blank\" rel=\"noopener\">Nord<\/a> et <a href=\"https:\/\/www.ville-airesurlalys.fr\" target=\"_blank\" rel=\"noopener\"><strong>AIRE-SUR-LA-LYS<\/strong><\/a> dans le d\u00e9partement du <a href=\"https:\/\/www.pasdecalais.fr\" target=\"_blank\" rel=\"noopener\">Pas-de-Calais<\/a>.[\/vc_column_text]<div class=\"ult-spacer spacer-69f2c78e5b6e9\" data-id=\"69f2c78e5b6e9\" data-height=\"10\" data-height-mobile=\"10\" data-height-tab=\"10\" data-height-tab-portrait=\"\" data-height-mobile-landscape=\"\" style=\"clear:both;display:block;\"><\/div>[vc_separator style=\u00a0\u00bbshadow\u00a0\u00bb css=\u00a0\u00bb\u00a0\u00bb][vc_empty_space]<div class='dt-sc-diamond-separator '><\/div>[vc_column_text css=\u00a0\u00bb\u00a0\u00bb css_animation=\u00a0\u00bbflash\u00a0\u00bb]<\/p>\n<h1 class=\"AnswerParser_AnswerParserH3__Mpe4s\">COURS DE DANSES A AIRE-SUR-LA-LYS<\/h1>\n<p>[\/vc_column_text][vc_single_image image=\u00a0\u00bb14305&Prime; img_size=\u00a0\u00bblarge\u00a0\u00bb style=\u00a0\u00bbvc_box_shadow\u00a0\u00bb onclick=\u00a0\u00bbcustom_link\u00a0\u00bb img_link_target=\u00a0\u00bb_blank\u00a0\u00bb css=\u00a0\u00bb\u00a0\u00bb link=\u00a0\u00bbhttps:\/\/www.facebook.com\/vpdanses\/\u00a0\u00bb][vc_empty_space]<div class=\"smile_icon_list_wrap ult_info_list_container ult-adjust-bottom-margin  \"><ul class=\"smile_icon_list left square with_bg\"><li class=\"icon_list_item\" style=\" font-size:72px;\"><div class=\"icon_list_icon\" data-animation=\"rollIn\" data-animation-delay=\"03\" style=\"font-size:24px;border-width:1px;border-style:none;background:#ffffff;color:#333333;border-color:#333333;\"><noscript><img decoding=\"async\" class=\"list-img-icon\" alt=\"Les VP danseuses et VP danseurs sur la piste de danse \u00e0 PLANET&#039;AIRE, Aire-sur-la-Lys avec VP DANSES\" data-skip-lazy src=\"https:\/\/vpdanses.fr\/wp-content\/uploads\/2025\/08\/icone_danseurs_001_fille_rose.jpg\"\/><\/noscript><img decoding=\"async\" class=\"list-img-icon vp-lazyload\" alt=\"Les VP danseuses et VP danseurs sur la piste de danse \u00e0 PLANET&#039;AIRE, Aire-sur-la-Lys avec VP DANSES\" src=\"data:image\/svg+xml;base64,PHN2ZyB3aWR0aD0iNDI4IiBoZWlnaHQ9IjQwNiIgdmlld0JveD0iMCAwIDQyOCA0MDYiIGZpbGw9Im5vbmUiIHhtbG5zPSJodHRwOi8vd3d3LnczLm9yZy8yMDAwL3N2ZyI+PC9zdmc+\" data-src=\"https:\/\/vpdanses.fr\/wp-content\/uploads\/2025\/08\/icone_danseurs_001_fille_rose.jpg\" data-sizes=\"auto\" loading=\"eager\"><\/div><div class=\"icon_description\" id=\"Info-list-wrap-5697\" style=\"font-size:24px;\"><h1 class=\"ult-responsive info-list-heading\"  data-ultimate-target='#Info-list-wrap-5697 h1'  data-responsive-json-new='{\"font-size\":\"desktop:16px;\",\"line-height\":\"desktop:24px;\"}'  style=\"\">VOTRE PISTE DE DANSE \u00c0 PLANET'AIRE !<\/h1><div class=\"icon_description_text ult-responsive\"  data-ultimate-target='#Info-list-wrap-5697 .icon_description_text'  data-responsive-json-new='{\"font-size\":\"desktop:13px;\",\"line-height\":\"desktop:18px;\"}'  style=\"\"><p>Cher(e)s danseuses et danseurs,<\/p>\n<p>Tous<strong> les vendredis soirs, \u00e0 partir du 12 septembre-2025,\u00a0\u00a0<\/strong>la piste de danse de <a href=\"https:\/\/www.facebook.com\/p\/PlanetAire-61553786996231\/\" target=\"_blank\" rel=\"noopener\"><strong>PLANET&rsquo;AIRE<\/strong><\/a> \u00e0 <a href=\"https:\/\/www.facebook.com\/airesurlalysofficiel\" target=\"_blank\" rel=\"noopener\">Aire-sur-la-Lys<\/a> est <strong>VOTRE <\/strong>piste de danse \u00a0!<\/p>\n<p>Venez apprendre ou approfondir les <strong>techniques des danses standards et latines<\/strong> dans une ambiance conviviale !<\/p>\n<\/div><\/div><div class=\"icon_list_connector\"  style=\"border-right-width: 1px;border-right-style: dashed;border-color: #333333;\"><\/div><\/li><li class=\"icon_list_item\" style=\" font-size:72px;\"><div class=\"icon_list_icon\" data-animation=\"pulse\" data-animation-delay=\"03\" style=\"font-size:24px;border-width:1px;border-style:none;background:#ffffff;color:#333333;border-color:#333333;\"><noscript><img decoding=\"async\" class=\"list-img-icon\" alt=\"Rejoindre le groupe WhatsApp des VP danseuses et VP danseurs qui souhaitent communiquer avec VP DANSES ou bien rest\u00e9 inform\u00e9(es) des actualit\u00e9s de VP DANSES, Danse Sportive Hauts-de-France, Nord, Hazebrouck\" data-skip-lazy src=\"https:\/\/vpdanses.fr\/wp-content\/uploads\/2025\/08\/logo_whatsapp_vert_rose_w400-1.jpg\"\/><\/noscript><img decoding=\"async\" class=\"list-img-icon vp-lazyload\" alt=\"Rejoindre le groupe WhatsApp des VP danseuses et VP danseurs qui souhaitent communiquer avec VP DANSES ou bien rest\u00e9 inform\u00e9(es) des actualit\u00e9s de VP DANSES, Danse Sportive Hauts-de-France, Nord, Hazebrouck\" src=\"data:image\/svg+xml;base64,PHN2ZyB3aWR0aD0iNDAwIiBoZWlnaHQ9IjQwMCIgdmlld0JveD0iMCAwIDQwMCA0MDAiIGZpbGw9Im5vbmUiIHhtbG5zPSJodHRwOi8vd3d3LnczLm9yZy8yMDAwL3N2ZyI+PC9zdmc+\" data-src=\"https:\/\/vpdanses.fr\/wp-content\/uploads\/2025\/08\/logo_whatsapp_vert_rose_w400-1.jpg\" data-sizes=\"auto\" loading=\"eager\"><\/div><div class=\"icon_description\" id=\"Info-list-wrap-1035\" style=\"font-size:24px;\"><h1 class=\"ult-responsive info-list-heading\"  data-ultimate-target='#Info-list-wrap-1035 h1'  data-responsive-json-new='{\"font-size\":\"desktop:16px;\",\"line-height\":\"desktop:24px;\"}'  style=\"\">REJOINDRE LE GROUPE WHATSAPP DE VP DANSES !<\/h1><div class=\"icon_description_text ult-responsive\"  data-ultimate-target='#Info-list-wrap-1035 .icon_description_text'  data-responsive-json-new='{\"font-size\":\"desktop:13px;\",\"line-height\":\"desktop:18px;\"}'  style=\"\"><p>Si vous souhaitez rejoindre le groupe WhatsApp des VP danseuses et VP danseurs pour communiquer, poser vos questions ou bien tout simplement rest\u00e9 inform\u00e9(es) des actualit\u00e9s de VP danses, il vous suffit de cliquer sur le lien suivant :<\/p>\n<p><a href=\"https:\/\/chat.whatsapp.com\/DKf7UUMiCUE4sUUFMSwPAL?mode=ac_t\" target=\"_blank\" rel=\"noopener\">https:\/\/chat.whatsapp.com\/DKf7UUMiCUE4sUUFMSwPAL?mode=ac_t<\/a><\/p>\n<p>&nbsp;<\/p>\n<\/div><\/div><div class=\"icon_list_connector\"  style=\"border-right-width: 1px;border-right-style: dashed;border-color: #333333;\"><\/div><\/li><li class=\"icon_list_item\" style=\" font-size:72px;\"><div class=\"icon_list_icon\" data-animation=\"rotateIn\" data-animation-delay=\"03\" style=\"font-size:24px;border-width:1px;border-style:none;background:#ffffff;color:#333333;border-color:#333333;\"><noscript><img decoding=\"async\" class=\"list-img-icon\" alt=\"Icone Destination cours hebdomadaires de Danse Sportive, Saison 2025\/2026 \u00e0 PLANET&#039;AIRE, Aire-sur-la-Lys\" data-skip-lazy src=\"https:\/\/vpdanses.fr\/wp-content\/uploads\/2025\/07\/icone_destination.jpeg\"\/><\/noscript><img decoding=\"async\" class=\"list-img-icon vp-lazyload\" alt=\"Icone Destination cours hebdomadaires de Danse Sportive, Saison 2025\/2026 \u00e0 PLANET&#039;AIRE, Aire-sur-la-Lys\" src=\"data:image\/svg+xml;base64,PHN2ZyB3aWR0aD0iMjI1IiBoZWlnaHQ9IjIyNSIgdmlld0JveD0iMCAwIDIyNSAyMjUiIGZpbGw9Im5vbmUiIHhtbG5zPSJodHRwOi8vd3d3LnczLm9yZy8yMDAwL3N2ZyI+PC9zdmc+\" data-src=\"https:\/\/vpdanses.fr\/wp-content\/uploads\/2025\/07\/icone_destination.jpeg\" data-sizes=\"auto\" loading=\"eager\"><\/div><div class=\"icon_description\" id=\"Info-list-wrap-3302\" style=\"font-size:24px;\"><h1 class=\"ult-responsive info-list-heading\"  data-ultimate-target='#Info-list-wrap-3302 h1'  data-responsive-json-new='{\"font-size\":\"desktop:16px;\",\"line-height\":\"desktop:24px;\"}'  style=\"\">ADRESSE : PLANET'AIRE<\/h1><div class=\"icon_description_text ult-responsive\"  data-ultimate-target='#Info-list-wrap-3302 .icon_description_text'  data-responsive-json-new='{\"font-size\":\"desktop:13px;\",\"line-height\":\"desktop:18px;\"}'  style=\"\"><p><a href=\"https:\/\/www.google.fr\/maps\/dir\/\/1+Rue+de+Constantinople,+62120+Aire-sur-la-Lys\/@50.6388323,2.3306289,12z\/data=!4m8!4m7!1m0!1m5!1m1!1s0x47dd03575c36c91f:0xff56344eb085f399!2m2!1d2.4130292!2d50.6388614?entry=ttu&amp;g_ep=EgoyMDI1MDYwNC4wIKXMDSoASAFQAw%3D%3D\" target=\"_blank\" rel=\"noopener\">1 rue de Constantinople<strong> 62120 Aire-sur-la-Lys<\/strong><\/a><\/p>\n<p><strong>La salle de danse est situ\u00e9e au 1er \u00e9tage<\/strong> du complexe de Loisirs PLANET&rsquo;AIRE.<\/p>\n<\/div><\/div><div class=\"icon_list_connector\"  style=\"border-right-width: 1px;border-right-style: dashed;border-color: #333333;\"><\/div><\/li><li class=\"icon_list_item\" style=\" font-size:72px;\"><div class=\"icon_list_icon\" data-animation=\"rollIn\" data-animation-delay=\"03\" style=\"font-size:24px;border-width:1px;border-style:none;background:#ffffff;color:#333333;border-color:#333333;\"><noscript><img decoding=\"async\" class=\"list-img-icon\" alt=\"Icone Planning &amp; Horaires cours hebdomadaires de Danse Sportive, Saison 2025\/2026 \u00e0 PLANET&#039;AIRE, Aire-sur-la-Lys\" data-skip-lazy src=\"https:\/\/vpdanses.fr\/wp-content\/uploads\/2025\/07\/icone_planning_horaires.jpeg\"\/><\/noscript><img decoding=\"async\" class=\"list-img-icon vp-lazyload\" alt=\"Icone Planning &amp; Horaires cours hebdomadaires de Danse Sportive, Saison 2025\/2026 \u00e0 PLANET&#039;AIRE, Aire-sur-la-Lys\" src=\"data:image\/svg+xml;base64,PHN2ZyB3aWR0aD0iMjI1IiBoZWlnaHQ9IjIyNSIgdmlld0JveD0iMCAwIDIyNSAyMjUiIGZpbGw9Im5vbmUiIHhtbG5zPSJodHRwOi8vd3d3LnczLm9yZy8yMDAwL3N2ZyI+PC9zdmc+\" data-src=\"https:\/\/vpdanses.fr\/wp-content\/uploads\/2025\/07\/icone_planning_horaires.jpeg\" data-sizes=\"auto\" loading=\"eager\"><\/div><div class=\"icon_description\" id=\"Info-list-wrap-4656\" style=\"font-size:24px;\"><h1 class=\"ult-responsive info-list-heading\"  data-ultimate-target='#Info-list-wrap-4656 h1'  data-responsive-json-new='{\"font-size\":\"desktop:16px;\",\"line-height\":\"desktop:24px;\"}'  style=\"\">QUAND ?<\/h1><div class=\"icon_description_text ult-responsive\"  data-ultimate-target='#Info-list-wrap-4656 .icon_description_text'  data-responsive-json-new='{\"font-size\":\"desktop:13px;\",\"line-height\":\"desktop:18px;\"}'  style=\"\"><p><strong>Chaque VENDREDIS \u00e0 partir du 12 septembre 2025 inclus :<\/strong><\/p>\n<ul>\n<li><strong>ENFANTS<\/strong> : de 18H30 \u00e0 19H30<\/li>\n<li><strong>ADULTES et SENIORS<\/strong> : de 19H45 \u00e0 20H45<\/li>\n<li><strong>Entra\u00eenement libre pour les Adh\u00e9rents<\/strong> : de 21H \u00e0 22H.<\/li>\n<\/ul>\n<\/div><\/div><div class=\"icon_list_connector\"  style=\"border-right-width: 1px;border-right-style: dashed;border-color: #333333;\"><\/div><\/li><li class=\"icon_list_item\" style=\" font-size:72px;\"><div class=\"icon_list_icon\" data-animation=\"lightSpeedIn\" data-animation-delay=\"03\" style=\"font-size:24px;border-width:1px;border-style:none;background:#ffffff;color:#333333;border-color:#333333;\"><noscript><img decoding=\"async\" class=\"list-img-icon\" alt=\"Ic\u00f4ne agenda cours de danse VP DANSES saison 2025\/2026 Saint-Jans-Cappel Aire-sur-la-Lys\" data-skip-lazy src=\"https:\/\/vpdanses.fr\/wp-content\/uploads\/2025\/08\/icone-agenda-cours-danse-vp-danses-2025-2026.png\"\/><\/noscript><img decoding=\"async\" class=\"list-img-icon vp-lazyload\" alt=\"Ic\u00f4ne agenda cours de danse VP DANSES saison 2025\/2026 Saint-Jans-Cappel Aire-sur-la-Lys\" src=\"data:image\/svg+xml;base64,PHN2ZyB3aWR0aD0iMTU4IiBoZWlnaHQ9IjE0OCIgdmlld0JveD0iMCAwIDE1OCAxNDgiIGZpbGw9Im5vbmUiIHhtbG5zPSJodHRwOi8vd3d3LnczLm9yZy8yMDAwL3N2ZyI+PC9zdmc+\" data-src=\"https:\/\/vpdanses.fr\/wp-content\/uploads\/2025\/08\/icone-agenda-cours-danse-vp-danses-2025-2026.png\" data-sizes=\"auto\" loading=\"eager\"><\/div><div class=\"icon_description\" id=\"Info-list-wrap-9259\" style=\"font-size:24px;\"><h1 class=\"ult-responsive info-list-heading\"  data-ultimate-target='#Info-list-wrap-9259 h1'  data-responsive-json-new='{\"font-size\":\"desktop:16px;\",\"line-height\":\"desktop:24px;\"}'  style=\"\">PROGRAMME D\u00c9TAILL\u00c9 ADULTES ET SENIORS AIRE-sur-la-LYS<\/h1><div class=\"icon_description_text ult-responsive\"  data-ultimate-target='#Info-list-wrap-9259 .icon_description_text'  data-responsive-json-new='{\"font-size\":\"desktop:13px;\",\"line-height\":\"desktop:18px;\"}'  style=\"\"><p>Cliquez<strong><a href=\"https:\/\/vpdanses.fr\/home\/bienvenue-chez-vp-danses-hazebrouck\/cours-danse-sportive-aire-sur-la-lys-vp-danses\/\" target=\"_blank\" rel=\"noopener\"> ici<\/a> <\/strong>pour d\u00e9couvrir le<strong> <a href=\"https:\/\/vpdanses.fr\/home\/bienvenue-chez-vp-danses-hazebrouck\/cours-danse-sportive-aire-sur-la-lys-vp-danses\/\" target=\"_blank\" rel=\"noopener\">programme complet et d\u00e9taill\u00e9 de Danse Sportive<\/a>, <\/strong>Saison 2025\/2026 \u00e0 Aire-sur-la-LYS.<\/p>\n<\/div><\/div><div class=\"icon_list_connector\"  style=\"border-right-width: 1px;border-right-style: dashed;border-color: #333333;\"><\/div><\/li><li class=\"icon_list_item\" style=\" font-size:72px;\"><div class=\"icon_list_icon\" data-animation=\"pulse\" data-animation-delay=\"03\" style=\"font-size:24px;border-width:1px;border-style:none;background:#ffffff;color:#333333;border-color:#333333;\"><noscript><img decoding=\"async\" class=\"list-img-icon\" alt=\"Icone Tarifs Adultes et Seniors cours hebdomadaires de Danse Sportive, Saison 2025\/2026 \u00e0 PLANET&#039;AIRE, Aire-sur-la-Lys\" data-skip-lazy src=\"https:\/\/vpdanses.fr\/wp-content\/uploads\/2025\/07\/icone_euro2.png\"\/><\/noscript><img decoding=\"async\" class=\"list-img-icon vp-lazyload\" alt=\"Icone Tarifs Adultes et Seniors cours hebdomadaires de Danse Sportive, Saison 2025\/2026 \u00e0 PLANET&#039;AIRE, Aire-sur-la-Lys\" src=\"data:image\/svg+xml;base64,PHN2ZyB3aWR0aD0iMjIxIiBoZWlnaHQ9IjIyOCIgdmlld0JveD0iMCAwIDIyMSAyMjgiIGZpbGw9Im5vbmUiIHhtbG5zPSJodHRwOi8vd3d3LnczLm9yZy8yMDAwL3N2ZyI+PC9zdmc+\" data-src=\"https:\/\/vpdanses.fr\/wp-content\/uploads\/2025\/07\/icone_euro2.png\" data-sizes=\"auto\" loading=\"eager\"><\/div><div class=\"icon_description\" id=\"Info-list-wrap-9429\" style=\"font-size:24px;\"><h1 class=\"ult-responsive info-list-heading\"  data-ultimate-target='#Info-list-wrap-9429 h1'  data-responsive-json-new='{\"font-size\":\"desktop:16px;\",\"line-height\":\"desktop:24px;\"}'  style=\"\">TARIFS ET PAIEMENT - ADULTES\/SENIORS (Aire-sur-la-LYS)<\/h1><div class=\"icon_description_text ult-responsive\"  data-ultimate-target='#Info-list-wrap-9429 .icon_description_text'  data-responsive-json-new='{\"font-size\":\"desktop:13px;\",\"line-height\":\"desktop:18px;\"}'  style=\"\"><p>Les inscriptions et les r\u00e8glements \u00e0 <strong>AIRE-SUR-LA-LYS<\/strong> sont g\u00e9r\u00e9s par l&rsquo;Association <strong><a href=\"https:\/\/vpdanses.fr\/home\/bienvenue-chez-vp-danses-hazebrouck\/cours-collectifs-danses-aire-sur-la-lys-et-saint-jans-cappel\/\" target=\"_blank\" rel=\"noopener\">VP DANSES<\/a><\/strong>. Deux options s&rsquo;offrent \u00e0 vous et chacune d&rsquo;entre elles comprend l&rsquo;adh\u00e9sion annuelle \u00e0 la FSD avec une <strong>Licence Loisirs (10\u20ac)<\/strong> (F\u00e9d\u00e9ration des Sports de Danse de France et Danses de Loisir) :<\/p>\n<ul>\n<li>Adh\u00e9sion <strong>ANNUELLE : 185,00 \u20ac par PERSONNE<\/strong>. La saison s\u2019\u00e9tend sur environ 35 semaines,<strong> ce qui \u00e9quivaut \u00e0 un co\u00fbt inf\u00e9rieur \u00e0 5 euros par participant et par semaine.<\/strong><\/li>\n<li>Adh\u00e9sion <strong>PAR PHASE<\/strong> :\n<ul>\n<li><strong>Phase N\u00b01 (12\/09 &#8211; 21\/11\/2025)<\/strong> &#8211; Cycle \u00e9volutif 9 Cours Collectifs Hebdomadaires (<strong>VALSE LENTE<\/strong> &amp; <strong>CHA CHA<\/strong>) : <strong>91,00\u20ac par PERSONNE<\/strong>. Soit un co\u00fbt de <strong>9\u20ac par PERSONNE et par COURS. <\/strong>Cliquez sur le lien <strong>AssoConnect<\/strong> si vous r\u00e8glez en ligne : <a href=\"https:\/\/vp-danses.assoconnect.com\/collect\/description\/609789-s-adhesion-phase-1-12-09-21-11-2025-cycle-evolutif-9-cours-collectifs-hebdomadaires-valse-lente-et-cha-cha-pour-adultes-et-seniors-a-vp-danses-planet-aire\" target=\"_blank\" rel=\"noopener\">https:\/\/vp-danses.assoconnect.com\/collect\/description\/609789-s-adhesion-phase-1-12-09-21-11-2025-cycle-evolutif-9-cours-collectifs-hebdomadaires-valse-lente-et-cha-cha-pour-adultes-et-seniors-a-vp-danses-planet-aire<\/a><\/li>\n<li><strong><strong>Phase N\u00b02 (<\/strong><\/strong><strong>28\/11 &#8211; 13\/02\/2025) &#8211; <\/strong>Cycle \u00e9volutif 10 Cours Collectifs Hebdomadaires (<strong>TANGO<\/strong> &amp; <strong>JIVE<\/strong>) : <strong>80,00\u20ac par PERSONNE <\/strong>(si vous avez d\u00e9j\u00e0 pay\u00e9 la licence FSD)<strong> ou 90,00\u20ac par PERSONNE<\/strong> (si vous n&rsquo;avez pas encore pay\u00e9 la licence FSD). Soit un co\u00fbt de <strong>8\u20ac par PERSONNE et par cours. <\/strong>Cliquez sur le lien <strong>AssoConnect<\/strong> si vous r\u00e8glez en ligne : <a href=\"https:\/\/vp-danses.assoconnect.com\/collect\/description\/609811-s-adhesion-phase-2-28-11-13-02-2026-cycle-evolutif-10-cours-collectifs-hebdomadaires-tango-et-jive-pour-adultes-et-seniors-a-vp-danses-planet-aire\" target=\"_blank\" rel=\"noopener\">https:\/\/vp-danses.assoconnect.com\/collect\/description\/609811-s-adhesion-phase-2-28-11-13-02-2026-cycle-evolutif-10-cours-collectifs-hebdomadaires-tango-et-jive-pour-adultes-et-seniors-a-vp-danses-planet-aire<\/a><\/li>\n<li><strong><strong>Phase N\u00b03 (<\/strong><\/strong><strong>06\/03 &#8211; 22\/05\/2025) &#8211; <\/strong>Cycle \u00e9volutif 8 Cours Collectifs Hebdomadaires (<strong>QUICK STEP<\/strong> &amp; <strong>RUMBA<\/strong>) : <strong>72,00\u20ac par PERSONNE <\/strong>(si vous avez d\u00e9j\u00e0 pay\u00e9 pr\u00e9c\u00e9demment la licence FFD)<strong> ou 97,00\u20ac par PERSONNE<\/strong> (si vous n&rsquo;avez pas encore pay\u00e9 la licence (25\u20ac) de la <strong>F\u00e9d\u00e9ration Fran\u00e7aise de Danse<\/strong> (FFD)). Soit un co\u00fbt de <strong>9\u20ac par PERSONNE et par cours <\/strong>(si vous avez d\u00e9j\u00e0 pay\u00e9 pr\u00e9c\u00e9demment la licence FFD)<strong>. <\/strong>Cliquez sur le lien <strong>AssoConnect<\/strong> si vous r\u00e8glez en ligne : <a href=\"https:\/\/vp-danses.assoconnect.com\/collect\/description\/609817-s-adhesion-phase-3-06-03-29-05-2026-cycle-evolutif-9-cours-collectifs-hebdomadaires-quick-step-et-rumba-pour-adultes-et-seniors-a-vp-danses-planet-aire\" target=\"_blank\" rel=\"noopener\">https:\/\/vp-danses.assoconnect.com\/collect\/description\/609817-s-adhesion-phase-3-06-03-29-05-2026-cycle-evolutif-9-cours-collectifs-hebdomadaires-quick-step-et-rumba-pour-adultes-et-seniors-a-vp-danses-planet-aire<\/a><\/li>\n<li><strong><strong>Phase N\u00b04 (<\/strong><\/strong><strong>29\/05 &#8211; 10\/06\/2025) &#8211; <\/strong>Cycle \u00e9volutif 7 Cours Collectifs Hebdomadaires (<b>R\u00e9visions du programme annuel<\/b>) : <strong>56,00\u20ac par PERSONNE<\/strong>. Cette phase n&rsquo;est accessible que si vous avez particip\u00e9 \u00e0 au moins l&rsquo;une des trois premi\u00e8res phases. Soit un co\u00fbt de <strong>8\u20ac par PERSONNE et par COURS de 2H. <\/strong>Cliquez sur le lien <strong>AssoConnect<\/strong> si vous r\u00e8glez en ligne : <a href=\"https:\/\/vp-danses.assoconnect.com\/collect\/description\/609967-s-adhesion-phase-4-05-06-10-07-2026-cycle-6-cours-collectifs-hebdomadaires-revisions-du-programme-annuel-pour-adultes-et-seniors-a-vp-danses-planet-aire\" target=\"_blank\" rel=\"noopener\">https:\/\/vp-danses.assoconnect.com\/collect\/description\/609967-s-adhesion-phase-4-05-06-10-07-2026-cycle-6-cours-collectifs-hebdomadaires-revisions-du-programme-annuel-pour-adultes-et-seniors-a-vp-danses-planet-aire<\/a><\/li>\n<\/ul>\n<\/li>\n<\/ul>\n<p>&nbsp;<\/p>\n<p>Le paiement est \u00e9galement possible :<\/p>\n<ul>\n<li>Par<strong> ch\u00e8que<\/strong> (libell\u00e9 \u00e0 l&rsquo;ordre de VP DANSES)<\/li>\n<li>Par<strong> esp\u00e8ces<\/strong> (sur place)<\/li>\n<li>Par<strong> Carte Bancaire<\/strong> (via Tap to Pay de AssoConnect)<\/li>\n<li>Par <strong>virement bancaire<\/strong> (VP DANSES &#8211; CREDIT MUTUEL, Cassel &#8211; IBAN <strong>FR76 1027 8027 4500 0491 5390 143<\/strong>\u2013 BIC <strong>CMCIFR2A<\/strong>)<\/li>\n<\/ul>\n<\/div><\/div><div class=\"icon_list_connector\"  style=\"border-right-width: 1px;border-right-style: dashed;border-color: #333333;\"><\/div><\/li><li class=\"icon_list_item\" style=\" font-size:72px;\"><div class=\"icon_list_icon\" data-animation=\"rotateIn\" data-animation-delay=\"03\" style=\"font-size:24px;border-width:1px;border-style:none;background:#ffffff;color:#333333;border-color:#333333;\"><noscript><img decoding=\"async\" class=\"list-img-icon\" alt=\"Icone Tarifs Enfants cours hebdomadaires de Danse Sportive, Saison 2025\/2026 \u00e0 PLANET&#039;AIRE, Aire-sur-la-Lys\" data-skip-lazy src=\"https:\/\/vpdanses.fr\/wp-content\/uploads\/2025\/07\/icone_euro1.png\"\/><\/noscript><img decoding=\"async\" class=\"list-img-icon vp-lazyload\" alt=\"Icone Tarifs Enfants cours hebdomadaires de Danse Sportive, Saison 2025\/2026 \u00e0 PLANET&#039;AIRE, Aire-sur-la-Lys\" src=\"data:image\/svg+xml;base64,PHN2ZyB3aWR0aD0iMjI1IiBoZWlnaHQ9IjIyNSIgdmlld0JveD0iMCAwIDIyNSAyMjUiIGZpbGw9Im5vbmUiIHhtbG5zPSJodHRwOi8vd3d3LnczLm9yZy8yMDAwL3N2ZyI+PC9zdmc+\" data-src=\"https:\/\/vpdanses.fr\/wp-content\/uploads\/2025\/07\/icone_euro1.png\" data-sizes=\"auto\" loading=\"eager\"><\/div><div class=\"icon_description\" id=\"Info-list-wrap-2062\" style=\"font-size:24px;\"><h1 class=\"ult-responsive info-list-heading\"  data-ultimate-target='#Info-list-wrap-2062 h1'  data-responsive-json-new='{\"font-size\":\"desktop:16px;\",\"line-height\":\"desktop:24px;\"}'  style=\"\">TARIFS ENFANTS<\/h1><div class=\"icon_description_text ult-responsive\"  data-ultimate-target='#Info-list-wrap-2062 .icon_description_text'  data-responsive-json-new='{\"font-size\":\"desktop:13px;\",\"line-height\":\"desktop:18px;\"}'  style=\"\"><p>Les r\u00e9servations et les prix des s\u00e9ances \u00e0 <strong>AIRE-SUR-LA-LYS<\/strong> sont g\u00e9r\u00e9s par l&rsquo;Association <strong><a href=\"https:\/\/vpdanses.fr\/home\/bienvenue-chez-vp-danses-hazebrouck\/cours-collectifs-danses-aire-sur-la-lys-et-saint-jans-cappel\/\" target=\"_blank\" rel=\"noopener\">VP DANSES<\/a><\/strong>. Deux options s&rsquo;offrent \u00e0 vous :<\/p>\n<ul>\n<li><strong>Tarif \u00e0 la s\u00e9ance = 6,50 \u20ac PAR PERSONNE<\/strong><\/li>\n<li><strong>Tarif Adh\u00e9rents \u00e0 l&rsquo;ann\u00e9e = 150,00 \u20ac par ENFANT<\/strong>. Ce tarif comprend l&rsquo;adh\u00e9sion annuelle \u00e0 la FSD avec une <strong>Licence Loisirs (10\u20ac)<\/strong> (F\u00e9d\u00e9ration des Sports de Danse de France et Danses de Loisir). La saison s\u2019\u00e9tend sur environ 35 semaines,<strong> ce qui \u00e9quivaut \u00e0 un co\u00fbt de 4 euros par enfant et par semaine.<\/strong><\/li>\n<\/ul>\n<\/div><\/div><div class=\"icon_list_connector\"  style=\"border-right-width: 1px;border-right-style: dashed;border-color: #333333;\"><\/div><\/li><li class=\"icon_list_item\" style=\" font-size:72px;\"><div class=\"icon_list_icon\" data-animation=\"swing\" data-animation-delay=\"03\" style=\"font-size:24px;border-width:1px;border-style:none;background:#ffffff;color:#333333;border-color:#333333;\"><noscript><img decoding=\"async\" class=\"list-img-icon\" alt=\"Icone Informations cours hebdomadaires de Danse Sportive, Saison 2025\/2026 \u00e0 PLANET&#039;AIRE, Aire-sur-la-Lysicone_tiroir_caisse3\" data-skip-lazy src=\"https:\/\/vpdanses.fr\/wp-content\/uploads\/2025\/07\/20094171-icone-d-information-dans-le-style-comique-faq-aide-illustrationle-de-dessin-anime-sur-fond-blanc-isole-concept-d-entreprise-effet-splash-helpdesk-vectoriel.jpg\"\/><\/noscript><img decoding=\"async\" class=\"list-img-icon vp-lazyload\" alt=\"Icone Informations cours hebdomadaires de Danse Sportive, Saison 2025\/2026 \u00e0 PLANET&#039;AIRE, Aire-sur-la-Lysicone_tiroir_caisse3\" src=\"data:image\/svg+xml;base64,PHN2ZyB3aWR0aD0iOTgwIiBoZWlnaHQ9Ijk4MCIgdmlld0JveD0iMCAwIDk4MCA5ODAiIGZpbGw9Im5vbmUiIHhtbG5zPSJodHRwOi8vd3d3LnczLm9yZy8yMDAwL3N2ZyI+PC9zdmc+\" data-src=\"https:\/\/vpdanses.fr\/wp-content\/uploads\/2025\/07\/20094171-icone-d-information-dans-le-style-comique-faq-aide-illustrationle-de-dessin-anime-sur-fond-blanc-isole-concept-d-entreprise-effet-splash-helpdesk-vectoriel.jpg\" data-sizes=\"auto\" loading=\"eager\"><\/div><div class=\"icon_description\" id=\"Info-list-wrap-8267\" style=\"font-size:24px;\"><h1 class=\"ult-responsive info-list-heading\"  data-ultimate-target='#Info-list-wrap-8267 h1'  data-responsive-json-new='{\"font-size\":\"desktop:16px;\",\"line-height\":\"desktop:24px;\"}'  style=\"\"><a href=\"https:\/\/www.facebook.com\/vpdanses\/\" title=\"Site Facebook de VP DANSES\" target=\"_blank\" rel=\"noopener\" >INFORMATIONS<\/a><\/h1><div class=\"icon_description_text ult-responsive\"  data-ultimate-target='#Info-list-wrap-8267 .icon_description_text'  data-responsive-json-new='{\"font-size\":\"desktop:13px;\",\"line-height\":\"desktop:18px;\"}'  style=\"\"><ul>\n<li><b>Danses enseign\u00e9es aux Enfants \u00a0<\/b>: Les 4 Danses Latines : <strong>Samba, Cha Cha, Rumba et Jive<\/strong>. Pour les Enfants qui le souhaitent, les Danses Standards peuvent \u00e9galement \u00eatre dispens\u00e9es.<\/li>\n<li><b>Danses enseign\u00e9es aux Adultes et aux Seniors ? <\/b>:\n<ul>\n<li>Danses Standards : <strong>Valse Lente, Tango, Valse Viennoise, Slow Fox et Quick Step<\/strong>.<\/li>\n<li>Danses Latines : <strong>Samba, Cha Cha, Rumba, Paso Doble et Jive<\/strong>.<\/li>\n<\/ul>\n<\/li>\n<li>Pour les enfants <strong>\u00e0 partir de 6 ans<\/strong> jusqu&rsquo;\u00e0 115 ans !<\/li>\n<li>Niveaux <strong>D\u00e9butant<\/strong> et <strong>Interm\u00e9diaire<\/strong>.<\/li>\n<li>Possibilit\u00e9 de s&rsquo;inscrire seul(e)s et de trouver un(e) partenaire sur place !<\/li>\n<li>Pour toutes questions ou demandes d&rsquo;informations additionnelles, n&rsquo;h\u00e9sitez pas \u00e0 nous contacter directement, par <em>t\u00e9l\u00e9phone<\/em> au <strong>07.68.47.76.67<\/strong>, par <em>courriel<\/em> \u00e0 l&rsquo;adresse <strong><a href=\"mailto:contact@vpdanses.fr\" target=\"_blank\" rel=\"noopener\">contact@vpdanses.fr<\/a><\/strong> ou en remplissant<strong> le formulaire de contact <\/strong>pr\u00e9sent dans cette page).<\/li>\n<\/ul>\n<\/div><\/div><div class=\"icon_list_connector\"  style=\"border-right-width: 1px;border-right-style: dashed;border-color: #333333;\"><\/div><\/li><li class=\"icon_list_item\" style=\" font-size:72px;\"><div class=\"icon_list_icon\" data-animation=\"rollIn\" data-animation-delay=\"03\" style=\"font-size:24px;border-width:1px;border-style:none;background:#ffffff;color:#333333;border-color:#333333;\"><noscript><img decoding=\"async\" class=\"list-img-icon\" alt=\"Icone Dossier d&#039;inscription cours hebdomadaires de Danse Sportive, Saison 2025\/2026 \u00e0 PLANET&#039;AIRE, Aire-sur-la-Lys\" data-skip-lazy src=\"https:\/\/vpdanses.fr\/wp-content\/uploads\/2025\/07\/dossier_inscription.png\"\/><\/noscript><img decoding=\"async\" class=\"list-img-icon vp-lazyload\" alt=\"Icone Dossier d&#039;inscription cours hebdomadaires de Danse Sportive, Saison 2025\/2026 \u00e0 PLANET&#039;AIRE, Aire-sur-la-Lys\" src=\"data:image\/svg+xml;base64,PHN2ZyB3aWR0aD0iMjI1IiBoZWlnaHQ9IjIyNSIgdmlld0JveD0iMCAwIDIyNSAyMjUiIGZpbGw9Im5vbmUiIHhtbG5zPSJodHRwOi8vd3d3LnczLm9yZy8yMDAwL3N2ZyI+PC9zdmc+\" data-src=\"https:\/\/vpdanses.fr\/wp-content\/uploads\/2025\/07\/dossier_inscription.png\" data-sizes=\"auto\" loading=\"eager\"><\/div><div class=\"icon_description\" id=\"Info-list-wrap-6418\" style=\"font-size:24px;\"><h1 class=\"ult-responsive info-list-heading\"  data-ultimate-target='#Info-list-wrap-6418 h1'  data-responsive-json-new='{\"font-size\":\"desktop:16px;\",\"line-height\":\"desktop:24px;\"}'  style=\"\"><a href=\"https:\/\/www.facebook.com\/vpdanses\/\" title=\"Site Facebook de VP DANSES\" target=\"_blank\" rel=\"noopener\" >DOSSIER D'INSCRIPTION<\/a><\/h1><div class=\"icon_description_text ult-responsive\"  data-ultimate-target='#Info-list-wrap-6418 .icon_description_text'  data-responsive-json-new='{\"font-size\":\"desktop:13px;\",\"line-height\":\"desktop:18px;\"}'  style=\"\"><p>Pour les Adh\u00e9rents, un dossier d&rsquo;inscription complet doit \u00eatre rendu \u00e0 VP DANSES :<\/p>\n<ol>\n<li><strong><a href=\"https:\/\/vpdanses.fr\/wp-content\/uploads\/2025\/09\/formulaire_adhesion_danse_sportive_VP_DANSES-2025-2026.pdf\">Formulaire d\u2019adh\u00e9sion 2025\/2026 \u2013 VP DANSES, Danse Sportive<\/a><\/strong><\/li>\n<li><strong>Certificat m\u00e9dical<\/strong> datant de moins de 3 mois attestant l&rsquo;aptitude \u00e0 la pratique de la Danse Sportive niveau D\u00e9butants<\/li>\n<\/ol>\n<\/div><\/div><div class=\"icon_list_connector\"  style=\"border-right-width: 1px;border-right-style: dashed;border-color: #333333;\"><\/div><\/li><li class=\"icon_list_item\" style=\" font-size:72px;\"><div class=\"icon_list_icon\" data-animation=\"\" data-animation-delay=\"03\" style=\"font-size:24px;border-width:1px;border-style:none;background:#ffffff;color:#333333;border-color:#333333;\"><i class=\"Defaults-question-circle\" ><\/i><\/div><div class=\"icon_description\" id=\"Info-list-wrap-7043\" style=\"font-size:24px;\"><h1 class=\"ult-responsive info-list-heading\"  data-ultimate-target='#Info-list-wrap-7043 h1'  data-responsive-json-new='{\"font-size\":\"desktop:16px;\",\"line-height\":\"desktop:24px;\"}'  style=\"\">FOIRE AUX QUESTIONS<\/h1><div class=\"icon_description_text ult-responsive\"  data-ultimate-target='#Info-list-wrap-7043 .icon_description_text'  data-responsive-json-new='{\"font-size\":\"desktop:13px;\",\"line-height\":\"desktop:18px;\"}'  style=\"\"><p><span class=\"AnswerParser_TextContainer__z_Iiv\" data-testid=\"youchat-text\">Consultez notre <a href=\"https:\/\/vpdanses.fr\/home\/bienvenue-chez-vp-danses-hazebrouck\/faq\/\" target=\"_blank\" rel=\"noopener\"><strong>Foire Aux Questions<\/strong><\/a> pour lire les r\u00e9ponses aux questions d\u00e9j\u00e0 pos\u00e9es par certaines danseuses et certains danseurs. <\/span><\/p>\n<\/div><\/div><div class=\"icon_list_connector\"  style=\"border-right-width: 1px;border-right-style: dashed;border-color: #333333;\"><\/div><\/li><\/ul><\/div>[vc_empty_space]<div class='dt-sc-diamond-separator '><\/div>[vc_column_text css=\u00a0\u00bb\u00a0\u00bb css_animation=\u00a0\u00bbflash\u00a0\u00bb]<\/p>\n<h1 class=\"AnswerParser_AnswerParserH3__Mpe4s\">COURS DE DANSES A saint-jans-cappel<\/h1>\n<p>[\/vc_column_text][vc_single_image image=\u00a0\u00bb14019&Prime; img_size=\u00a0\u00bblarge\u00a0\u00bb style=\u00a0\u00bbvc_box_shadow\u00a0\u00bb onclick=\u00a0\u00bbcustom_link\u00a0\u00bb img_link_target=\u00a0\u00bb_blank\u00a0\u00bb css=\u00a0\u00bb\u00a0\u00bb link=\u00a0\u00bbhttps:\/\/www.facebook.com\/vpdanses\/\u00a0\u00bb]<div class=\"smile_icon_list_wrap ult_info_list_container ult-adjust-bottom-margin  \"><ul class=\"smile_icon_list left square with_bg\"><li class=\"icon_list_item\" style=\" font-size:72px;\"><div class=\"icon_list_icon\" data-animation=\"\" data-animation-delay=\"03\" style=\"font-size:24px;border-width:1px;border-style:none;background:#ffffff;color:#333333;border-color:#333333;\"><i class=\"Defaults-map-marker\" ><\/i><\/div><div class=\"icon_description\" id=\"Info-list-wrap-7008\" style=\"font-size:24px;\"><h1 class=\"ult-responsive info-list-heading\"  data-ultimate-target='#Info-list-wrap-7008 h1'  data-responsive-json-new='{\"font-size\":\"desktop:16px;\",\"line-height\":\"desktop:24px;\"}'  style=\"\">ADRESSE<\/h1><div class=\"icon_description_text ult-responsive\"  data-ultimate-target='#Info-list-wrap-7008 .icon_description_text'  data-responsive-json-new='{\"font-size\":\"desktop:13px;\",\"line-height\":\"desktop:18px;\"}'  style=\"\"><p><strong><a href=\"https:\/\/maps.app.goo.gl\/a81CFta5W3ivDtgZ6\" target=\"_blank\" rel=\"noopener\">Complexe Sportif de SAINT-JANS CAPPEL<\/a><\/strong><\/p>\n<p><strong>Chem. Haut, 59270 Saint-Jans-Cappel<\/strong><\/p>\n<\/div><\/div><div class=\"icon_list_connector\"  style=\"border-right-width: 1px;border-right-style: dashed;border-color: #333333;\"><\/div><\/li><li class=\"icon_list_item\" style=\" font-size:72px;\"><div class=\"icon_list_icon\" data-animation=\"bounceInRight\" data-animation-delay=\"03\" style=\"font-size:24px;border-width:1px;border-style:none;background:#ffffff;color:#333333;border-color:#333333;\"><noscript><img decoding=\"async\" class=\"list-img-icon\" alt=\"Rejoindre le groupe WhatsApp des VP danseuses et VP danseurs qui souhaitent communiquer avec VP DANSES ou bien rest\u00e9 inform\u00e9(es) des actualit\u00e9s de VP DANSES, Danse Sportive Hauts-de-France, Nord, Hazebrouck et Saint-Jans-Cappel\" data-skip-lazy src=\"https:\/\/vpdanses.fr\/wp-content\/uploads\/2025\/08\/logo_whatsapp_vert_couleur_cadanseAsaintJans.jpg\"\/><\/noscript><img decoding=\"async\" class=\"list-img-icon vp-lazyload\" alt=\"Rejoindre le groupe WhatsApp des VP danseuses et VP danseurs qui souhaitent communiquer avec VP DANSES ou bien rest\u00e9 inform\u00e9(es) des actualit\u00e9s de VP DANSES, Danse Sportive Hauts-de-France, Nord, Hazebrouck et Saint-Jans-Cappel\" src=\"data:image\/svg+xml;base64,PHN2ZyB3aWR0aD0iNDAwIiBoZWlnaHQ9IjQwMCIgdmlld0JveD0iMCAwIDQwMCA0MDAiIGZpbGw9Im5vbmUiIHhtbG5zPSJodHRwOi8vd3d3LnczLm9yZy8yMDAwL3N2ZyI+PC9zdmc+\" data-src=\"https:\/\/vpdanses.fr\/wp-content\/uploads\/2025\/08\/logo_whatsapp_vert_couleur_cadanseAsaintJans.jpg\" data-sizes=\"auto\" loading=\"eager\"><\/div><div class=\"icon_description\" id=\"Info-list-wrap-1142\" style=\"font-size:24px;\"><h1 class=\"ult-responsive info-list-heading\"  data-ultimate-target='#Info-list-wrap-1142 h1'  data-responsive-json-new='{\"font-size\":\"desktop:16px;\",\"line-height\":\"desktop:24px;\"}'  style=\"\">REJOINDRE LE GROUPE WHATSAPP DE VP DANSES !<\/h1><div class=\"icon_description_text ult-responsive\"  data-ultimate-target='#Info-list-wrap-1142 .icon_description_text'  data-responsive-json-new='{\"font-size\":\"desktop:13px;\",\"line-height\":\"desktop:18px;\"}'  style=\"\"><p>Si vous souhaitez rejoindre le groupe WhatsApp des VP danseuses et VP danseurs pour communiquer, poser vos questions ou bien tout simplement rest\u00e9 inform\u00e9(es) des actualit\u00e9s de VP danses, il vous suffit de cliquer sur le lien suivant :<\/p>\n<p><a href=\"https:\/\/chat.whatsapp.com\/DKf7UUMiCUE4sUUFMSwPAL?mode=ac_t\" target=\"_blank\" rel=\"noopener\">https:\/\/chat.whatsapp.com\/DKf7UUMiCUE4sUUFMSwPAL?mode=ac_t<\/a><\/p>\n<\/div><\/div><div class=\"icon_list_connector\"  style=\"border-right-width: 1px;border-right-style: dashed;border-color: #333333;\"><\/div><\/li><li class=\"icon_list_item\" style=\" font-size:72px;\"><div class=\"icon_list_icon\" data-animation=\"lightSpeedIn\" data-animation-delay=\"03\" style=\"font-size:24px;border-width:1px;border-style:none;background:#ffffff;color:#333333;border-color:#333333;\"><noscript><img decoding=\"async\" class=\"list-img-icon\" alt=\"Les VP danseuses et VP danseurs sur la piste de danse \u00e0 PLANET&#039;AIRE, Aire-sur-la-Lys avec VP DANSES\" data-skip-lazy src=\"https:\/\/vpdanses.fr\/wp-content\/uploads\/2025\/08\/icone_danseurs_001_fille_rose.jpg\"\/><\/noscript><img decoding=\"async\" class=\"list-img-icon vp-lazyload\" alt=\"Les VP danseuses et VP danseurs sur la piste de danse \u00e0 PLANET&#039;AIRE, Aire-sur-la-Lys avec VP DANSES\" src=\"data:image\/svg+xml;base64,PHN2ZyB3aWR0aD0iNDI4IiBoZWlnaHQ9IjQwNiIgdmlld0JveD0iMCAwIDQyOCA0MDYiIGZpbGw9Im5vbmUiIHhtbG5zPSJodHRwOi8vd3d3LnczLm9yZy8yMDAwL3N2ZyI+PC9zdmc+\" data-src=\"https:\/\/vpdanses.fr\/wp-content\/uploads\/2025\/08\/icone_danseurs_001_fille_rose.jpg\" data-sizes=\"auto\" loading=\"eager\"><\/div><div class=\"icon_description\" id=\"Info-list-wrap-8979\" style=\"font-size:24px;\"><h1 class=\"ult-responsive info-list-heading\"  data-ultimate-target='#Info-list-wrap-8979 h1'  data-responsive-json-new='{\"font-size\":\"desktop:16px;\",\"line-height\":\"desktop:24px;\"}'  style=\"\"><a href=\"https:\/\/www.facebook.com\/vpdanses\/\" title=\"Site Facebook de VP DANSES\" target=\"_blank\" rel=\"noopener\" >INFORMATIONS<\/a><\/h1><div class=\"icon_description_text ult-responsive\"  data-ultimate-target='#Info-list-wrap-8979 .icon_description_text'  data-responsive-json-new='{\"font-size\":\"desktop:13px;\",\"line-height\":\"desktop:18px;\"}'  style=\"\"><p><strong>ATTENTION : PLACES LIMITEES !!<\/strong><\/p>\n<p>Cher(e)s danseuses et danseurs, tous les mercredis soirs, <strong>\u00e0 partir de septembre-2025<\/strong>, c&rsquo;est <strong>VOTRE soir\u00e9e Danse Sportive<\/strong> \u00e0 <strong>Saint-Jans-Cappel<\/strong>, dans les Monts de Flandres !<\/p>\n<p>Venez apprendre ou approfondir les <strong>techniques des danses standards et latines<\/strong> dans une ambiance conviviale !<\/p>\n<ul>\n<li>Danses Standards : <strong>Valse Lente, Tango, Valse Viennoise, Slow Fox et Quick Step<\/strong>.<\/li>\n<li>Danses Latines : <strong>Samba, Cha Cha, Rumba, Paso Doble et Jive<\/strong>.<\/li>\n<li>Tous \u00e2ges, du plus jeune au plus sage !<\/li>\n<li>Niveaux <strong>D\u00e9butant<\/strong> et <strong>Interm\u00e9diaire<\/strong>.<\/li>\n<li>Possibilit\u00e9 de s&rsquo;inscrire seul(e)s et de trouver un(e) partenaire sur place !<\/li>\n<li>Pour les <strong>niveaux Avanc\u00e9 et International<\/strong>, contactez <a href=\"https:\/\/www.facebook.com\/sven.balcerzak\" target=\"_blank\" rel=\"noopener\"><strong>Sven BALCERZAK<\/strong><\/a> .<\/li>\n<li>Pour toutes questions ou demandes d&rsquo;informations additionnelles, n&rsquo;h\u00e9sitez pas \u00e0 contacter l&rsquo;organisateur : Association <a href=\"https:\/\/www.facebook.com\/profile.php?id=100009426981409\" target=\"_blank\" rel=\"noopener\"><strong>Cadanse Asaintjans<\/strong><\/a> (via <em>Messenger<\/em> \u00e0 \u00ab\u00a0<strong>CadanseAsaintjans<\/strong>\u00ab\u00a0, par <em>t\u00e9l\u00e9phone<\/em> au <strong>06.13.59.56.86<\/strong>, par <em>courriel<\/em> \u00e0 l&rsquo;adresse <a href=\"mailto:contactcadanseasaintjans@gmail.com\" target=\"_blank\" rel=\"noopener\"><strong>contactcadanseasaintjans@gmail.com<\/strong><\/a> ).<\/li>\n<li>Consultez le <em>site Facebook<\/em> de l&rsquo;organisateur &lsquo;<a href=\"https:\/\/www.facebook.com\/profile.php?id=100009426981409\" target=\"_blank\" rel=\"noopener\"><strong>Cadanse AsaintJans<\/strong><\/a>&lsquo; pour d&rsquo;autres \u00e9v\u00e8nements, d&rsquo;autres informations et d&rsquo;autres danses !<\/li>\n<\/ul>\n<p>&nbsp;<\/p>\n<p><em>La Team VP DANSES<\/em><\/p>\n<\/div><\/div><div class=\"icon_list_connector\"  style=\"border-right-width: 1px;border-right-style: dashed;border-color: #333333;\"><\/div><\/li><li class=\"icon_list_item\" style=\" font-size:72px;\"><div class=\"icon_list_icon\" data-animation=\"\" data-animation-delay=\"03\" style=\"font-size:24px;border-width:1px;border-style:none;background:#ffffff;color:#333333;border-color:#333333;\"><i class=\"Defaults-calendar\" ><\/i><\/div><div class=\"icon_description\" id=\"Info-list-wrap-3106\" style=\"font-size:24px;\"><h1 class=\"ult-responsive info-list-heading\"  data-ultimate-target='#Info-list-wrap-3106 h1'  data-responsive-json-new='{\"font-size\":\"desktop:16px;\",\"line-height\":\"desktop:24px;\"}'  style=\"\">QUAND ?<\/h1><div class=\"icon_description_text ult-responsive\"  data-ultimate-target='#Info-list-wrap-3106 .icon_description_text'  data-responsive-json-new='{\"font-size\":\"desktop:13px;\",\"line-height\":\"desktop:18px;\"}'  style=\"\"><p>Chaque Mercredis de 19h30 \u00e0 20h45, <strong>de Septembre 2025 \u00e0 Juin 2026.<\/strong> <strong>La date exacte du premier cours sera publi\u00e9e d\u00e8s qu&rsquo;elle sera connue<\/strong>. Mais sachez que cela commencera le mercredi juste <strong>apr\u00e8s la F\u00eate du Sport<\/strong>\u00a0 (g\u00e9n\u00e9ralement pr\u00e9vu durant la premi\u00e8re dizaine de septembre-2025).<\/p>\n<\/div><\/div><div class=\"icon_list_connector\"  style=\"border-right-width: 1px;border-right-style: dashed;border-color: #333333;\"><\/div><\/li><li class=\"icon_list_item\" style=\" font-size:72px;\"><div class=\"icon_list_icon\" data-animation=\"lightSpeedIn\" data-animation-delay=\"03\" style=\"font-size:24px;border-width:1px;border-style:none;background:#ffffff;color:#333333;border-color:#333333;\"><noscript><img decoding=\"async\" class=\"list-img-icon\" alt=\"Ic\u00f4ne agenda cours de danse VP DANSES saison 2025\/2026 Saint-Jans-Cappel Aire-sur-la-Lys\" data-skip-lazy src=\"https:\/\/vpdanses.fr\/wp-content\/uploads\/2025\/08\/icone-agenda-cours-danse-vp-danses-2025-2026.png\"\/><\/noscript><img decoding=\"async\" class=\"list-img-icon vp-lazyload\" alt=\"Ic\u00f4ne agenda cours de danse VP DANSES saison 2025\/2026 Saint-Jans-Cappel Aire-sur-la-Lys\" src=\"data:image\/svg+xml;base64,PHN2ZyB3aWR0aD0iMTU4IiBoZWlnaHQ9IjE0OCIgdmlld0JveD0iMCAwIDE1OCAxNDgiIGZpbGw9Im5vbmUiIHhtbG5zPSJodHRwOi8vd3d3LnczLm9yZy8yMDAwL3N2ZyI+PC9zdmc+\" data-src=\"https:\/\/vpdanses.fr\/wp-content\/uploads\/2025\/08\/icone-agenda-cours-danse-vp-danses-2025-2026.png\" data-sizes=\"auto\" loading=\"eager\"><\/div><div class=\"icon_description\" id=\"Info-list-wrap-3370\" style=\"font-size:24px;\"><h1 class=\"ult-responsive info-list-heading\"  data-ultimate-target='#Info-list-wrap-3370 h1'  data-responsive-json-new='{\"font-size\":\"desktop:16px;\",\"line-height\":\"desktop:24px;\"}'  style=\"\">AGENDA D\u00c9TAILL\u00c9 SAINT-JANS-CAPPEL<\/h1><div class=\"icon_description_text ult-responsive\"  data-ultimate-target='#Info-list-wrap-3370 .icon_description_text'  data-responsive-json-new='{\"font-size\":\"desktop:13px;\",\"line-height\":\"desktop:18px;\"}'  style=\"\"><p><strong>D\u00e9couvrez notre programme complet de Danse Sportive en cliquant sur le lien suivant :\u00a0<\/strong><\/p>\n<p>https:\/\/vpdanses.fr\/home\/bienvenue-chez-vp-danses-hazebrouck\/programme-cours-danse-saint-jans-cappel-2025-2026-vp-danses\/<\/p>\n<\/div><\/div><div class=\"icon_list_connector\"  style=\"border-right-width: 1px;border-right-style: dashed;border-color: #333333;\"><\/div><\/li><li class=\"icon_list_item\" style=\" font-size:72px;\"><div class=\"icon_list_icon\" data-animation=\"\" data-animation-delay=\"03\" style=\"font-size:24px;border-width:1px;border-style:none;background:#ffffff;color:#333333;border-color:#333333;\"><i class=\"Defaults-check-square-o\" ><\/i><\/div><div class=\"icon_description\" id=\"Info-list-wrap-5187\" style=\"font-size:24px;\"><h1 class=\"ult-responsive info-list-heading\"  data-ultimate-target='#Info-list-wrap-5187 h1'  data-responsive-json-new='{\"font-size\":\"desktop:16px;\",\"line-height\":\"desktop:24px;\"}'  style=\"\">RESERVATION ET PRIX<\/h1><div class=\"icon_description_text ult-responsive\"  data-ultimate-target='#Info-list-wrap-5187 .icon_description_text'  data-responsive-json-new='{\"font-size\":\"desktop:13px;\",\"line-height\":\"desktop:18px;\"}'  style=\"\"><p>Les r\u00e9servations et les prix des s\u00e9ances \u00e0 <strong>SAINT-JANS-CAPPEL<\/strong> sont g\u00e9r\u00e9s par l&rsquo;Association <strong><a href=\"https:\/\/www.facebook.com\/profile.php?id=100009426981409\" target=\"_blank\" rel=\"noopener\">Cadanse Asaintjans<\/a><\/strong>.<\/p>\n<p><strong>Tarif = 170 \u20ac PAR PERSONNE<\/strong><\/p>\n<p><strong>Possibilit\u00e9 de payer en 3 \u00e9ch\u00e9ances<\/strong>, les pr\u00e9l\u00e8vements se feront <strong>\u00e0 l&rsquo;inscription<\/strong>, d\u00e9but <strong>janvier<\/strong> et d\u00e9but <strong>avril<\/strong>.<\/p>\n<p>R\u00e9servation en ligne possible via <a href=\"https:\/\/www.helloasso.com\/associations\/association-ca-danse-a-st-jans\/adhesions\/inscriptions-2025-2026\" target=\"_blank\" rel=\"noopener\"><strong>HelloAsso\u00a0<\/strong><\/a><\/p>\n<\/div><\/div><div class=\"icon_list_connector\"  style=\"border-right-width: 1px;border-right-style: dashed;border-color: #333333;\"><\/div><\/li><li class=\"icon_list_item\" style=\" font-size:72px;\"><div class=\"icon_list_icon\" data-animation=\"\" data-animation-delay=\"03\" style=\"font-size:24px;border-width:1px;border-style:none;background:#ffffff;color:#333333;border-color:#333333;\"><i class=\"Defaults-facebook-square\" ><\/i><\/div><div class=\"icon_description\" id=\"Info-list-wrap-3322\" style=\"font-size:24px;\"><h1 class=\"ult-responsive info-list-heading\"  data-ultimate-target='#Info-list-wrap-3322 h1'  data-responsive-json-new='{\"font-size\":\"desktop:16px;\",\"line-height\":\"desktop:24px;\"}'  style=\"\"><a href=\"https:\/\/www.facebook.com\/vpdanses\/\" title=\"Site Facebook de VP DANSES\" target=\"_blank\" rel=\"noopener\" >FACEBOOK VP DANSES<\/a><\/h1><div class=\"icon_description_text ult-responsive\"  data-ultimate-target='#Info-list-wrap-3322 .icon_description_text'  data-responsive-json-new='{\"font-size\":\"desktop:13px;\",\"line-height\":\"desktop:18px;\"}'  style=\"\"><p>Vous trouverez \u00e9galement l&rsquo;annonce des Cours Collectifs de Saint-Jans-Cappel sur le <a href=\"https:\/\/www.facebook.com\/vpdanses\/\" target=\"_blank\" rel=\"noopener\"><strong>site Facebook de VP DANSES<\/strong><\/a>.<\/p>\n<\/div><\/div><div class=\"icon_list_connector\"  style=\"border-right-width: 1px;border-right-style: dashed;border-color: #333333;\"><\/div><\/li><li class=\"icon_list_item\" style=\" font-size:72px;\"><div class=\"icon_list_icon\" data-animation=\"\" data-animation-delay=\"03\" style=\"font-size:24px;border-width:1px;border-style:none;background:#ffffff;color:#333333;border-color:#333333;\"><i class=\"Defaults-question-circle\" ><\/i><\/div><div class=\"icon_description\" id=\"Info-list-wrap-7617\" style=\"font-size:24px;\"><h1 class=\"ult-responsive info-list-heading\"  data-ultimate-target='#Info-list-wrap-7617 h1'  data-responsive-json-new='{\"font-size\":\"desktop:16px;\",\"line-height\":\"desktop:24px;\"}'  style=\"\"><a href=\"https:\/\/www.facebook.com\/vpdanses\/\" title=\"Site Facebook de VP DANSES\" target=\"_blank\" rel=\"noopener\" >FOIRE AUX QUESTIONS<\/a><\/h1><div class=\"icon_description_text ult-responsive\"  data-ultimate-target='#Info-list-wrap-7617 .icon_description_text'  data-responsive-json-new='{\"font-size\":\"desktop:13px;\",\"line-height\":\"desktop:18px;\"}'  style=\"\"><p><span class=\"AnswerParser_TextContainer__z_Iiv\" data-testid=\"youchat-text\">Consultez notre <a href=\"https:\/\/vpdanses.fr\/home\/bienvenue-chez-vp-danses-hazebrouck\/faq\/\" target=\"_blank\" rel=\"noopener\"><strong>Foire Aux Questions<\/strong><\/a> pour lire les r\u00e9ponses aux questions d\u00e9j\u00e0 pos\u00e9es par certaines danseuses et certains danseurs.<\/span><\/p>\n<\/div><\/div><div class=\"icon_list_connector\"  style=\"border-right-width: 1px;border-right-style: dashed;border-color: #333333;\"><\/div><\/li><\/ul><\/div>[\/vc_column][vc_column][vc_empty_space]<div class='dt-sc-diamond-separator '><\/div>[vc_column_text css=\u00a0\u00bb\u00a0\u00bb css_animation=\u00a0\u00bbwobble\u00a0\u00bb]<\/p>\n<h1 class=\"AnswerParser_AnswerParserH3__Mpe4s\">Foire Aux Questions<\/h1>\n<p>[\/vc_column_text][vc_toggle title=\u00a0\u00bbVos Questions &amp; Nos R\u00e9ponses !\u00a0\u00bb style=\u00a0\u00bbsquare\u00a0\u00bb css=\u00a0\u00bb\u00a0\u00bb]<\/p>\n<blockquote><p><em>J&rsquo;habite <a href=\"https:\/\/www.facebook.com\/airesurlalysofficiel\/\" target=\"_blank\" rel=\"noopener\">Aire-sur-la-lys<\/a> et j&rsquo;ai vu que vous faisiez un cours de danse ce dimanche a <a href=\"https:\/\/www.facebook.com\/p\/PlanetAire-61553786996231\/\" target=\"_blank\" rel=\"noopener\">Planet&rsquo;Aire<\/a>, <strong>pensez vous que je puisse m&rsquo;y inscrire avec ma fille de 9 ans<\/strong> <strong>(fait de la danse moderne) ou ce n&rsquo;est pas adapt\u00e9 \u00e0 son \u00e2ge ?<\/strong><\/em><\/p><\/blockquote>\n<p><strong>R\u00e9ponse<\/strong> : &lsquo;<em><strong>Oui<\/strong> <strong>les stages de danse sportive que nous dispensons sont tout \u00e0 fait adapt\u00e9s aux enfants \u00e0 partir de 9 ans<\/strong> et ce pour plusieurs raisons : D\u00e9veloppement de la coordination, \u00e9quilibre, agilit\u00e9, interaction sociale, communication, renforcement de la confiance, discipline, concentration. Beaucoup d\u2019enfants \u00e0 partir de 9 ans sont m\u00eame d\u00e9j\u00e0 comp\u00e9titeurs de Danse Sportive.&rsquo;<\/em>[\/vc_toggle][vc_empty_space]<div class='dt-sc-diamond-separator '><\/div>[vc_column_text css=\u00a0\u00bb\u00a0\u00bb css_animation=\u00a0\u00bbflash\u00a0\u00bb]<\/p>\n<h1 class=\"AnswerParser_AnswerParserH3__Mpe4s\">Demande de renseignements ou r\u00e9servation aux cours collectifs de VP DANSES<\/h1>\n<p>[\/vc_column_text][vc_column_text css=\u00a0\u00bb\u00a0\u00bb]<\/p>\n<ul>\n<li>Pour <strong>SAINT-JANS-CAPPEL<\/strong>, les places sont limit\u00e9es ! Alors si vous ne parvenez pas \u00e0 contacter l&rsquo;association <a href=\"https:\/\/www.facebook.com\/profile.php?id=100009426981409\" target=\"_blank\" rel=\"noopener\"><strong>CA DANSE \u00c0 SAINT-JANS<\/strong><\/a>, vous pouvez <strong>remplir le formulaire ci-dessous<\/strong> avec votre demande. Nous transmettrons votre requ\u00eate \u00e0 l&rsquo;association <strong>CA DANSE \u00c0 SAINT-JANS<\/strong> nous-m\u00eame. Merci !<\/li>\n<li>Pour <strong>Aire-sur-la-Lys<\/strong>, VP DANSES prend directement en charge l&rsquo;organisation des cours. Donc si vous avez des questions, vous pouvez \u00e9galement utiliser le formulaire ci-dessous. Merci !<\/li>\n<\/ul>\n<p>[\/vc_column_text][vc_empty_space]<noscript class=\"ninja-forms-noscript-message\">\n\tRemarque\u00a0: JavaScript est requis pour ce contenu.<\/noscript>\n<div id=\"nf-form-7-cont\" class=\"nf-form-cont\" aria-live=\"polite\" aria-labelledby=\"nf-form-title-7\" aria-describedby=\"nf-form-errors-7\" role=\"form\">\n\n    <div class=\"nf-loading-spinner\"><\/div>\n\n<\/div>\n        <!-- That data is being printed as a workaround to page builders reordering the order of the scripts loaded-->\n        <script>var formDisplay=1;var nfForms=nfForms||[];var form=[];form.id='7';form.settings={\"objectType\":\"Form Setting\",\"editActive\":true,\"title\":\"Demande de renseignements pour les Cours Collectifs de VP DANSES\",\"default_label_pos\":\"above\",\"show_title\":0,\"clear_complete\":\"1\",\"hide_complete\":\"1\",\"logged_in\":\"0\",\"wrapper_class\":\"\",\"element_class\":\"\",\"key\":\"\",\"add_submit\":\"1\",\"currency\":\"\",\"unique_field_error\":\"A form with this value has already been submitted.\",\"not_logged_in_msg\":\"\",\"sub_limit_msg\":\"The form has reached its submission limit.\",\"calculations\":[],\"formContentData\":[\"nom_1729444837987\",\"prenom_1729444849887\",\"e-mail_1729444876523\",\"numero_de_telephone_1729444921788\",\"lieu_des_cours_collectifs_1746265128553\",\"message_1729444986030\",\"hr_1729445821736\",\"envoyer_le_message_1729447621652\",\"rgpd_1729445960099\"],\"drawerDisabled\":false,\"form_title_heading_level\":\"1\",\"changeEmailErrorMsg\":\"Veuillez saisir une adresse de messagerie valide. Ex\\u00a0: jean.dupont@gmail.com\",\"changeDateErrorMsg\":\"Veuillez saisir une date valide\\u00a0!\",\"confirmFieldErrorMsg\":\"Ces champs doivent correspondre\\u00a0!\",\"fieldNumberNumMinError\":\"Erreur de nombre min.\",\"fieldNumberNumMaxError\":\"Erreur de nombre max.\",\"fieldNumberIncrementBy\":\"Veuillez incr\\u00e9menter par \",\"formErrorsCorrectErrors\":\"Veuillez corriger les erreurs avant d\\u2019envoyer ce formulaire.\",\"validateRequiredField\":\"Ce champ est obligatoire.\",\"honeypotHoneypotError\":\"Erreur Honeypot\",\"fieldsMarkedRequired\":\"Les champs marqu\\u00e9s d\\u2019un <span class=\\\"ninja-forms-req-symbol\\\">*<\\\/span> sont obligatoires\",\"objectDomain\":\"calculations\",\"allow_public_link\":0,\"public_link\":\"https:\\\/\\\/vpdanses.fr\\\/ninja-forms\\\/7qkco\",\"embed_form\":\"\",\"public_link_key\":\"7qkco\",\"ninjaForms\":\"Ninja Forms\",\"fieldTextareaRTEInsertLink\":\"Ins\\u00e9rer un lien\",\"fieldTextareaRTEInsertMedia\":\"Ins\\u00e9rer un m\\u00e9dia\",\"fieldTextareaRTESelectAFile\":\"S\\u00e9lectionnez un fichier\",\"formHoneypot\":\"Si vous \\u00eates un \\u00eatre humain et que vous voyez ce champ, veuillez le laisser vide.\",\"fileUploadOldCodeFileUploadInProgress\":\"T\\u00e9l\\u00e9versement du fichier en cours.\",\"fileUploadOldCodeFileUpload\":\"T\\u00c9L\\u00c9VERSEMENT DE FICHIER\",\"currencySymbol\":\"&euro;\",\"thousands_sep\":\"\\u00a0\",\"decimal_point\":\",\",\"siteLocale\":\"fr_FR\",\"dateFormat\":\"d\\\/m\\\/Y\",\"startOfWeek\":\"1\",\"of\":\"sur\",\"previousMonth\":\"Mois pr\\u00e9c\\u00e9dent\",\"nextMonth\":\"Mois suivant\",\"months\":[\"Janvier\",\"F\\u00e9vrier\",\"Mars\",\"Avril\",\"Mai\",\"Juin\",\"Juillet\",\"Ao\\u00fbt\",\"Septembre\",\"Octobre\",\"Novembre\",\"D\\u00e9cembre\"],\"monthsShort\":[\"Jan\",\"F\\u00e9v\",\"Mar\",\"Avr\",\"Mai\",\"Juin\",\"Juil\",\"Ao\\u00fb\",\"Sep\",\"Oct\",\"Nov\",\"D\\u00e9c\"],\"weekdays\":[\"Dimanche\",\"Lundi\",\"Mardi\",\"Mercredi\",\"Jeudi\",\"Vendredi\",\"Samedi\"],\"weekdaysShort\":[\"Dim\",\"Lun\",\"Mar\",\"Mer\",\"Jeu\",\"Ven\",\"Sam\"],\"weekdaysMin\":[\"Di\",\"Lu\",\"Ma\",\"Me\",\"Je\",\"Ve\",\"Sa\"],\"recaptchaConsentMissing\":\"reCaptcha validation couldn&#039;t load.\",\"recaptchaMissingCookie\":\"reCaptcha v3 validation couldn&#039;t load the cookie needed to submit the form.\",\"recaptchaConsentEvent\":\"Accept reCaptcha cookies before sending the form.\",\"currency_symbol\":\"\",\"beforeForm\":\"\",\"beforeFields\":\"\",\"afterFields\":\"\",\"afterForm\":\"\"};form.fields=[{\"objectType\":\"Field\",\"objectDomain\":\"fields\",\"editActive\":false,\"order\":1,\"idAttribute\":\"id\",\"label\":\"NOM\",\"type\":\"firstname\",\"key\":\"nom_1729444837987\",\"label_pos\":\"above\",\"required\":1,\"default\":\"\",\"placeholder\":\"Renseignez votre NOM\",\"container_class\":\"one-half first\",\"element_class\":\"\",\"admin_label\":\"\",\"help_text\":\"\",\"custom_name_attribute\":\"fname\",\"field_label\":\"NOM\",\"field_key\":\"nom_1729444837987\",\"personally_identifiable\":1,\"value\":\"\",\"drawerDisabled\":\"\",\"id\":61,\"beforeField\":\"\",\"afterField\":\"\",\"parentType\":\"firstname\",\"element_templates\":[\"firstname\",\"input\"],\"old_classname\":\"\",\"wrap_template\":\"wrap\"},{\"objectType\":\"Field\",\"objectDomain\":\"fields\",\"editActive\":false,\"order\":2,\"idAttribute\":\"id\",\"label\":\"Pr\\u00e9nom\",\"type\":\"lastname\",\"key\":\"prenom_1729444849887\",\"label_pos\":\"above\",\"required\":1,\"default\":\"\",\"placeholder\":\"Renseignez votre Pr\\u00e9nom\",\"container_class\":\"one-half second\",\"element_class\":\"\",\"admin_label\":\"\",\"help_text\":\"\",\"custom_name_attribute\":\"lname\",\"drawerDisabled\":\"\",\"field_label\":\"Pr\\u00e9nom\",\"field_key\":\"prenom_1729444849887\",\"personally_identifiable\":1,\"value\":\"\",\"id\":62,\"beforeField\":\"\",\"afterField\":\"\",\"parentType\":\"lastname\",\"element_templates\":[\"lastname\",\"input\"],\"old_classname\":\"\",\"wrap_template\":\"wrap\"},{\"objectType\":\"Field\",\"objectDomain\":\"fields\",\"editActive\":false,\"order\":3,\"idAttribute\":\"id\",\"label\":\"E-mail\",\"type\":\"email\",\"key\":\"e-mail_1729444876523\",\"label_pos\":\"above\",\"required\":1,\"default\":\"\",\"placeholder\":\"Renseignez votre adresse e-mail\",\"container_class\":\"\",\"element_class\":\"\",\"admin_label\":\"\",\"help_text\":\"\",\"custom_name_attribute\":\"email\",\"field_label\":\"E-mail\",\"field_key\":\"e-mail_1729444876523\",\"personally_identifiable\":1,\"value\":\"\",\"drawerDisabled\":\"\",\"id\":63,\"beforeField\":\"\",\"afterField\":\"\",\"parentType\":\"email\",\"element_templates\":[\"email\",\"input\"],\"old_classname\":\"\",\"wrap_template\":\"wrap\"},{\"objectType\":\"Field\",\"objectDomain\":\"fields\",\"editActive\":false,\"order\":4,\"idAttribute\":\"id\",\"label\":\"Num\\u00e9ro de t\\u00e9l\\u00e9phone\",\"type\":\"phone\",\"key\":\"numero_de_telephone_1729444921788\",\"label_pos\":\"above\",\"required\":1,\"default\":\"\",\"placeholder\":\"Renseignez votre num\\u00e9ro de t\\u00e9l\\u00e9phone\",\"container_class\":\"\",\"element_class\":\"\",\"input_limit\":\"\",\"input_limit_type\":\"characters\",\"input_limit_msg\":\"Character(s) left\",\"manual_key\":\"\",\"admin_label\":\"\",\"help_text\":\"\",\"mask\":\"\",\"custom_mask\":\"\",\"custom_name_attribute\":\"phone\",\"field_label\":\"Num\\u00e9ro de t\\u00e9l\\u00e9phone\",\"field_key\":\"numero_de_telephone_1729444921788\",\"personally_identifiable\":1,\"value\":\"\",\"drawerDisabled\":false,\"id\":64,\"beforeField\":\"\",\"afterField\":\"\",\"parentType\":\"textbox\",\"element_templates\":[\"tel\",\"textbox\",\"input\"],\"old_classname\":\"\",\"wrap_template\":\"wrap\"},{\"objectType\":\"Field\",\"objectDomain\":\"fields\",\"editActive\":false,\"order\":5,\"idAttribute\":\"id\",\"type\":\"listradio\",\"label\":\"Lieu des Cours Collectifs\",\"key\":\"lieu_des_cours_collectifs_1746265128553\",\"label_pos\":\"above\",\"required\":1,\"options\":[{\"errors\":[],\"max_options\":0,\"label\":\"AIRE-SUR-LA-LYS\",\"value\":\"aire-sur-la-lys\",\"calc\":\"aire-sur-la-lys\",\"selected\":0,\"order\":0,\"settingModel\":{\"settings\":false,\"hide_merge_tags\":false,\"error\":false,\"name\":\"options\",\"type\":\"option-repeater\",\"label\":\"Options <a href=\\\"#\\\" class=\\\"nf-add-new\\\">Ajouter<\\\/a> <a href=\\\"#\\\" class=\\\"extra nf-open-import-tooltip\\\"><i class=\\\"fa fa-sign-in\\\" aria-hidden=\\\"true\\\"><\\\/i> Importer<\\\/a>\",\"width\":\"full\",\"group\":\"\",\"value\":[{\"label\":\"Un\",\"value\":\"un\",\"calc\":\"\",\"selected\":0,\"order\":0},{\"label\":\"Deux\",\"value\":\"deux\",\"calc\":\"\",\"selected\":0,\"order\":1},{\"label\":\"Trois\",\"value\":\"trois\",\"calc\":\"\",\"selected\":0,\"order\":2}],\"columns\":{\"label\":{\"header\":\"Libell\\u00e9\",\"default\":\"\"},\"value\":{\"header\":\"Valeur\",\"default\":\"\"},\"calc\":{\"header\":\"Valeur de calcul\",\"default\":\"\"},\"selected\":{\"header\":\"<span class=\\\"dashicons dashicons-yes\\\"><\\\/span>\",\"default\":0}}}},{\"errors\":[],\"max_options\":0,\"label\":\"SAINT-JANS-CAPPEL\",\"value\":\"saint-jans-cappel\",\"calc\":\"saint-jans-cappel\",\"selected\":0,\"order\":1,\"settingModel\":{\"settings\":false,\"hide_merge_tags\":false,\"error\":false,\"name\":\"options\",\"type\":\"option-repeater\",\"label\":\"Options <a href=\\\"#\\\" class=\\\"nf-add-new\\\">Ajouter<\\\/a> <a href=\\\"#\\\" class=\\\"extra nf-open-import-tooltip\\\"><i class=\\\"fa fa-sign-in\\\" aria-hidden=\\\"true\\\"><\\\/i> Importer<\\\/a>\",\"width\":\"full\",\"group\":\"\",\"value\":[{\"label\":\"Un\",\"value\":\"un\",\"calc\":\"\",\"selected\":0,\"order\":0},{\"label\":\"Deux\",\"value\":\"deux\",\"calc\":\"\",\"selected\":0,\"order\":1},{\"label\":\"Trois\",\"value\":\"trois\",\"calc\":\"\",\"selected\":0,\"order\":2}],\"columns\":{\"label\":{\"header\":\"Libell\\u00e9\",\"default\":\"\"},\"value\":{\"header\":\"Valeur\",\"default\":\"\"},\"calc\":{\"header\":\"Valeur de calcul\",\"default\":\"\"},\"selected\":{\"header\":\"<span class=\\\"dashicons dashicons-yes\\\"><\\\/span>\",\"default\":0}}}},{\"errors\":[],\"max_options\":0,\"order\":2,\"new\":false,\"options\":[],\"label\":\"Autre\",\"value\":\"autre\",\"calc\":\"\",\"selected\":1,\"settingModel\":{\"settings\":false,\"hide_merge_tags\":false,\"error\":false,\"name\":\"options\",\"type\":\"option-repeater\",\"label\":\"Options <a href=\\\"#\\\" class=\\\"nf-add-new\\\">Ajouter<\\\/a> <a href=\\\"#\\\" class=\\\"extra nf-open-import-tooltip\\\"><i class=\\\"fa fa-sign-in\\\" aria-hidden=\\\"true\\\"><\\\/i> Importer<\\\/a>\",\"width\":\"full\",\"group\":\"\",\"value\":[{\"label\":\"Un\",\"value\":\"un\",\"calc\":\"\",\"selected\":0,\"order\":0},{\"label\":\"Deux\",\"value\":\"deux\",\"calc\":\"\",\"selected\":0,\"order\":1},{\"label\":\"Trois\",\"value\":\"trois\",\"calc\":\"\",\"selected\":0,\"order\":2}],\"columns\":{\"label\":{\"header\":\"Libell\\u00e9\",\"default\":\"\"},\"value\":{\"header\":\"Valeur\",\"default\":\"\"},\"calc\":{\"header\":\"Valeur de calcul\",\"default\":\"\"},\"selected\":{\"header\":\"<span class=\\\"dashicons dashicons-yes\\\"><\\\/span>\",\"default\":0}}}}],\"container_class\":\"\",\"element_class\":\"\",\"admin_label\":\"\",\"help_text\":\"\",\"drawerDisabled\":false,\"id\":73,\"beforeField\":\"\",\"afterField\":\"\",\"value\":\"\",\"parentType\":\"list\",\"element_templates\":[\"listradio\",\"input\"],\"old_classname\":\"list-radio\",\"wrap_template\":\"wrap\"},{\"objectType\":\"Field\",\"objectDomain\":\"fields\",\"editActive\":false,\"order\":6,\"idAttribute\":\"id\",\"label\":\"Message\",\"type\":\"textarea\",\"key\":\"message_1729444986030\",\"label_pos\":\"above\",\"required\":1,\"default\":\"\",\"placeholder\":\"\",\"container_class\":\"\",\"element_class\":\"\",\"input_limit\":\"\",\"input_limit_type\":\"characters\",\"input_limit_msg\":\"Character(s) left\",\"manual_key\":\"\",\"admin_label\":\"\",\"help_text\":\"\",\"textarea_rte\":1,\"disable_rte_mobile\":1,\"textarea_media\":1,\"field_label\":\"Message\",\"field_key\":\"message_1729444986030\",\"value\":\"\",\"drawerDisabled\":\"\",\"id\":65,\"beforeField\":\"\",\"afterField\":\"\",\"parentType\":\"textarea\",\"element_templates\":[\"textarea\",\"input\"],\"old_classname\":\"\",\"wrap_template\":\"wrap\"},{\"objectType\":\"Field\",\"objectDomain\":\"fields\",\"editActive\":false,\"order\":7,\"idAttribute\":\"id\",\"type\":\"hr\",\"label\":\"S\\u00e9parateur\",\"container_class\":\"\",\"element_class\":\"\",\"admin_label\":\"\",\"key\":\"hr_1729445821736\",\"field_label\":\"S\\u00e9parateur\",\"field_key\":\"hr_1729445821736\",\"drawerDisabled\":false,\"id\":69,\"beforeField\":\"\",\"afterField\":\"\",\"value\":\"\",\"label_pos\":\"above\",\"parentType\":\"hr\",\"element_templates\":[\"hr\",\"input\"],\"old_classname\":\"\",\"wrap_template\":\"wrap\"},{\"objectType\":\"Field\",\"objectDomain\":\"fields\",\"editActive\":false,\"order\":8,\"idAttribute\":\"id\",\"type\":\"submit\",\"label\":\"Envoyer le message\",\"processing_label\":\"Votre message est en cours d'envoi\",\"container_class\":\"\",\"element_class\":\"\",\"key\":\"envoyer_le_message_1729447621652\",\"field_label\":\"Envoyer le message\",\"field_key\":\"envoyer_le_message_1729447621652\",\"admin_label\":\"\",\"drawerDisabled\":\"\",\"id\":68,\"beforeField\":\"\",\"afterField\":\"\",\"value\":\"\",\"label_pos\":\"above\",\"parentType\":\"textbox\",\"element_templates\":[\"submit\",\"button\",\"input\"],\"old_classname\":\"\",\"wrap_template\":\"wrap-no-label\"},{\"objectType\":\"Field\",\"objectDomain\":\"fields\",\"editActive\":false,\"order\":9,\"idAttribute\":\"id\",\"type\":\"html\",\"label\":\"RGPD\",\"default\":\"<p color:rgb(56,56,56)=\\\"\\\"><i>Ce formulaire permet de nous contacter pour toutes questions g\\u00e9n\\u00e9rales. La base l\\u00e9gale est l'article 6.1 .a du RGPD (consentement). Les destinataires des donn\\u00e9es sont le responsable du traitement, ses services internes en charge des r\\u00e9ponses, le sous-traitant op\\u00e9rant la gestion du serveur web (AWS), ainsi que toute personne l\\u00e9galement autoris\\u00e9e. La dur\\u00e9e de traitement des donn\\u00e9es est limit\\u00e9e au temps n\\u00e9cessaire pour traiter votre demande, \\u00e9tant entendu que vous pouvez demander la suppression de vos donn\\u00e9es \\u00e0 tout moment. Vous disposez du droit de demander au responsable du traitement l'acc\\u00e8s aux donn\\u00e9es \\u00e0 caract\\u00e8re personnel, la rectification, ou l'effacement de celles-ci, ou une limitation du traitement relatif \\u00e0 la personne concern\\u00e9e, ou du droit \\u00e0 s'opposer au traitement et du droit \\u00e0 la portabilit\\u00e9 des donn\\u00e9es. Le responsable du traitement est l'association \\\"<b>VP danses<\\\/b>\\\" &nbsp;6 All\\u00e9e Simone Mathieu 59190 Hazebrouck, France. Vous pouvez contacter le D\\u00e9l\\u00e9gu\\u00e9 \\u00e0 la Protection des Donn\\u00e9es (DPO) par email : <a href=\\\"mailto:dpo@vpdanses.fr\\\">dpo@vpdanses.fr<\\\/a>&nbsp; &nbsp; Vous avez \\u00e9galement le droit d'introduire une r\\u00e9clamation aupr\\u00e8s d'une autorit\\u00e9 de contr\\u00f4le. &nbsp;&nbsp;<\\\/i><\\\/p>\",\"container_class\":\"\",\"element_class\":\"\",\"admin_label\":\"\",\"key\":\"rgpd_1729445960099\",\"drawerDisabled\":\"\",\"field_label\":\"RGPD\",\"field_key\":\"rgpd_1729445960099\",\"id\":70,\"beforeField\":\"\",\"afterField\":\"\",\"value\":\"<p color:rgb(56,56,56)=\\\"\\\"><i>Ce formulaire permet de nous contacter pour toutes questions g\\u00e9n\\u00e9rales. La base l\\u00e9gale est l'article 6.1 .a du RGPD (consentement). Les destinataires des donn\\u00e9es sont le responsable du traitement, ses services internes en charge des r\\u00e9ponses, le sous-traitant op\\u00e9rant la gestion du serveur web (AWS), ainsi que toute personne l\\u00e9galement autoris\\u00e9e. La dur\\u00e9e de traitement des donn\\u00e9es est limit\\u00e9e au temps n\\u00e9cessaire pour traiter votre demande, \\u00e9tant entendu que vous pouvez demander la suppression de vos donn\\u00e9es \\u00e0 tout moment. Vous disposez du droit de demander au responsable du traitement l'acc\\u00e8s aux donn\\u00e9es \\u00e0 caract\\u00e8re personnel, la rectification, ou l'effacement de celles-ci, ou une limitation du traitement relatif \\u00e0 la personne concern\\u00e9e, ou du droit \\u00e0 s'opposer au traitement et du droit \\u00e0 la portabilit\\u00e9 des donn\\u00e9es. Le responsable du traitement est l'association \\\"<b>VP danses<\\\/b>\\\" &nbsp;6 All\\u00e9e Simone Mathieu 59190 Hazebrouck, France. Vous pouvez contacter le D\\u00e9l\\u00e9gu\\u00e9 \\u00e0 la Protection des Donn\\u00e9es (DPO) par email : <a href=\\\"mailto:dpo@vpdanses.fr\\\">dpo@vpdanses.fr<\\\/a>&nbsp; &nbsp; Vous avez \\u00e9galement le droit d'introduire une r\\u00e9clamation aupr\\u00e8s d'une autorit\\u00e9 de contr\\u00f4le. &nbsp;&nbsp;<\\\/i><\\\/p>\",\"label_pos\":\"above\",\"parentType\":\"html\",\"element_templates\":[\"html\",\"input\"],\"old_classname\":\"\",\"wrap_template\":\"wrap\"}];nfForms.push(form);<\/script>\n        [\/vc_column][\/vc_row]<\/p>\n<\/div>","protected":false},"excerpt":{"rendered":"<p>[vc_row][vc_column][vc_column_text css=\u00a0\u00bb\u00a0\u00bb css_animation=\u00a0\u00bbflash\u00a0\u00bb]VP DANSES est ravie de vous proposer des cours collectifs de danses dans deux charmantes communes de la r\u00e9gion \u00a0des Hauts-de-France : SAINT-JANS-CAPPEL dans le d\u00e9partement du Nord [&hellip;]<\/p>\n","protected":false},"author":1,"featured_media":0,"parent":0,"menu_order":0,"comment_status":"closed","ping_status":"closed","template":"","meta":{"_uag_custom_page_level_css":"","_price":"","_stock":"","_tribe_ticket_header":"","_tribe_default_ticket_provider":"","_tribe_ticket_capacity":"0","_ticket_start_date":"","_ticket_end_date":"","_tribe_ticket_show_description":"","_tribe_ticket_show_not_going":false,"_tribe_ticket_use_global_stock":"","_tribe_ticket_global_stock_level":"","_global_stock_mode":"","_global_stock_cap":"","_tribe_rsvp_for_event":"","_tribe_ticket_going_count":"","_tribe_ticket_not_going_count":"","_tribe_tickets_list":"[]","_tribe_ticket_has_attendee_info_fields":false,"_EventAllDay":false,"_EventTimezone":"","_EventStartDate":"","_EventEndDate":"","_EventStartDateUTC":"","_EventEndDateUTC":"","_EventShowMap":false,"_EventShowMapLink":false,"_EventURL":"","_EventCost":"","_EventCostDescription":"","_EventCurrencySymbol":"","_EventCurrencyCode":"","_EventCurrencyPosition":"","_EventDateTimeSeparator":"","_EventTimeRangeSeparator":"","_EventOrganizerID":[],"_EventVenueID":[],"_OrganizerEmail":"","_OrganizerPhone":"","_OrganizerWebsite":"","_VenueAddress":"","_VenueCity":"","_VenueCountry":"","_VenueProvince":"","_VenueState":"","_VenueZip":"","_VenuePhone":"","_VenueURL":"","_VenueStateProvince":"","_VenueLat":"","_VenueLng":"","_VenueShowMap":false,"_VenueShowMapLink":false,"_vp_format_video_url":"","_vp_image_focal_point":[],"footnotes":"","_tec_slr_enabled":"","_tec_slr_layout":""},"class_list":["post-12715","page","type-page","status-publish","hentry"],"yoast_head":"<!-- This site is optimized with the Yoast SEO Premium plugin v25.6 (Yoast SEO v25.6) - https:\/\/yoast.com\/wordpress\/plugins\/seo\/ -->\n<title>Cours Collectifs - VP DANSES, cours de Danse Sportive \u00e0 Aire-sur-la-Lys et \u00e0 Saint-Jans-Cappel (Hauts-de-France)<\/title>\n<meta name=\"description\" content=\"VP DANSES est ravie de vous proposer des cours collectifs de danses dans deux charmantes communes de la r\u00e9gion des Hauts-de-France : SAINT-JANS-CAPPEL dans le d\u00e9partement du Nord et AIRE-SUR-LA-LYS dans le d\u00e9partement du Pas-de-Calais.\" \/>\n<meta name=\"robots\" content=\"index, follow, max-snippet:-1, max-image-preview:large, max-video-preview:-1\" \/>\n<link rel=\"canonical\" href=\"https:\/\/vpdanses.fr\/home\/bienvenue-chez-vp-danses-hazebrouck\/cours-collectifs-danses-aire-sur-la-lys-et-saint-jans-cappel\/\" \/>\n<meta property=\"og:locale\" content=\"fr_FR\" \/>\n<meta property=\"og:type\" content=\"article\" \/>\n<meta property=\"og:title\" content=\"Cours Collectifs de danses VP DANSES \u00e0 AIRE-SUR-LA-LYS et \u00e0 SAINT-JANS-CAPPEL\" \/>\n<meta property=\"og:description\" content=\"VP DANSES est ravie de vous proposer des cours collectifs de danses dans deux charmantes communes de la r\u00e9gion des Hauts-de-France : SAINT-JANS-CAPPEL dans le d\u00e9partement du Nord et AIRE-SUR-LA-LYS dans le d\u00e9partement du Pas-de-Calais.\" \/>\n<meta property=\"og:url\" content=\"https:\/\/vpdanses.fr\/home\/bienvenue-chez-vp-danses-hazebrouck\/cours-collectifs-danses-aire-sur-la-lys-et-saint-jans-cappel\/\" \/>\n<meta property=\"og:site_name\" content=\"VP DANSES, cours de Danse Sportive \u00e0 Aire-sur-la-Lys et \u00e0 Saint-Jans-Cappel (Hauts-de-France)\" \/>\n<meta property=\"article:modified_time\" content=\"2026-02-15T21:32:46+00:00\" \/>\n<meta property=\"og:image\" content=\"https:\/\/vpdanses.fr\/wp-content\/uploads\/2025\/02\/cropped-2025-02-14.logo_VPdanses_FSD_WDO.png\" \/>\n\t<meta property=\"og:image:width\" content=\"512\" \/>\n\t<meta property=\"og:image:height\" content=\"512\" \/>\n\t<meta property=\"og:image:type\" content=\"image\/png\" \/>\n<meta name=\"twitter:card\" content=\"summary_large_image\" \/>\n<meta name=\"twitter:title\" content=\"Cours Collectifs\" \/>\n<meta name=\"twitter:label1\" content=\"Dur\u00e9e de lecture estim\u00e9e\" \/>\n\t<meta name=\"twitter:data1\" content=\"12 minutes\" \/>\n<script type=\"application\/ld+json\" class=\"yoast-schema-graph\">{\"@context\":\"https:\/\/schema.org\",\"@graph\":[{\"@type\":\"WebPage\",\"@id\":\"https:\/\/vpdanses.fr\/home\/bienvenue-chez-vp-danses-hazebrouck\/cours-collectifs-danses-aire-sur-la-lys-et-saint-jans-cappel\/\",\"url\":\"https:\/\/vpdanses.fr\/home\/bienvenue-chez-vp-danses-hazebrouck\/cours-collectifs-danses-aire-sur-la-lys-et-saint-jans-cappel\/\",\"name\":\"Cours Collectifs - VP DANSES, cours de Danse Sportive \u00e0 Aire-sur-la-Lys et \u00e0 Saint-Jans-Cappel (Hauts-de-France)\",\"isPartOf\":{\"@id\":\"https:\/\/vpdanses.fr\/home\/bienvenue-chez-vp-danses-hazebrouck\/#website\"},\"datePublished\":\"2025-04-24T04:16:31+00:00\",\"dateModified\":\"2026-02-15T21:32:46+00:00\",\"description\":\"VP DANSES est ravie de vous proposer des cours collectifs de danses dans deux charmantes communes de la r\u00e9gion des Hauts-de-France : SAINT-JANS-CAPPEL dans le d\u00e9partement du Nord et AIRE-SUR-LA-LYS dans le d\u00e9partement du Pas-de-Calais.\",\"breadcrumb\":{\"@id\":\"https:\/\/vpdanses.fr\/home\/bienvenue-chez-vp-danses-hazebrouck\/cours-collectifs-danses-aire-sur-la-lys-et-saint-jans-cappel\/#breadcrumb\"},\"inLanguage\":\"fr-FR\",\"potentialAction\":[{\"@type\":\"ReadAction\",\"target\":[\"https:\/\/vpdanses.fr\/home\/bienvenue-chez-vp-danses-hazebrouck\/cours-collectifs-danses-aire-sur-la-lys-et-saint-jans-cappel\/\"]}]},{\"@type\":\"BreadcrumbList\",\"@id\":\"https:\/\/vpdanses.fr\/home\/bienvenue-chez-vp-danses-hazebrouck\/cours-collectifs-danses-aire-sur-la-lys-et-saint-jans-cappel\/#breadcrumb\",\"itemListElement\":[{\"@type\":\"ListItem\",\"position\":1,\"name\":\"Accueil\",\"item\":\"https:\/\/vpdanses.fr\/home\/bienvenue-chez-vp-danses-hazebrouck\/\"},{\"@type\":\"ListItem\",\"position\":2,\"name\":\"Cours Collectifs\"}]},{\"@type\":\"WebSite\",\"@id\":\"https:\/\/vpdanses.fr\/home\/bienvenue-chez-vp-danses-hazebrouck\/#website\",\"url\":\"https:\/\/vpdanses.fr\/home\/bienvenue-chez-vp-danses-hazebrouck\/\",\"name\":\"VP DANSES, cours de Danse Sportive \u00e0 Aire-sur-la-Lys et \u00e0 Saint-Jans-Cappel (Hauts-de-France)\",\"description\":\"Cours de Danse Sportive STANDARD (valse anglaise, tango, valse viennoise, slowfox, quickstep), danses sportives LATINES (samba, chacha, rumba, paso doble, jive), danses de bal, danses de salons, danses de loisirs, salsa, rock 4 temps, rock 6 temps, danses en ligne, disco, \u2026 Lieu : Hazebrouck, Aire-sur-la-Lys, Saint-Jans-Cappel et Isbergues (Hauts-de-France) - Cours Particuliers dans les Hauts-de-France - Ouverture de bal de Mariage\",\"publisher\":{\"@id\":\"https:\/\/vpdanses.fr\/home\/bienvenue-chez-vp-danses-hazebrouck\/#organization\"},\"potentialAction\":[{\"@type\":\"SearchAction\",\"target\":{\"@type\":\"EntryPoint\",\"urlTemplate\":\"https:\/\/vpdanses.fr\/home\/bienvenue-chez-vp-danses-hazebrouck\/?s={search_term_string}\"},\"query-input\":{\"@type\":\"PropertyValueSpecification\",\"valueRequired\":true,\"valueName\":\"search_term_string\"}}],\"inLanguage\":\"fr-FR\"},{\"@type\":\"Organization\",\"@id\":\"https:\/\/vpdanses.fr\/home\/bienvenue-chez-vp-danses-hazebrouck\/#organization\",\"name\":\"VP DANSES, cours de Danse Sportive \u00e0 Aire-sur-la-Lys et \u00e0 Saint-Jans-Cappel (Hauts-de-France)\",\"url\":\"https:\/\/vpdanses.fr\/home\/bienvenue-chez-vp-danses-hazebrouck\/\",\"logo\":{\"@type\":\"ImageObject\",\"inLanguage\":\"fr-FR\",\"@id\":\"https:\/\/vpdanses.fr\/home\/bienvenue-chez-vp-danses-hazebrouck\/#\/schema\/logo\/image\/\",\"url\":\"https:\/\/vpdanses.fr\/wp-content\/uploads\/2024\/10\/logo_cadanse_asaintjans.jpeg\",\"contentUrl\":\"https:\/\/vpdanses.fr\/wp-content\/uploads\/2024\/10\/logo_cadanse_asaintjans.jpeg\",\"width\":225,\"height\":225,\"caption\":\"VP DANSES, cours de Danse Sportive \u00e0 Aire-sur-la-Lys et \u00e0 Saint-Jans-Cappel (Hauts-de-France)\"},\"image\":{\"@id\":\"https:\/\/vpdanses.fr\/home\/bienvenue-chez-vp-danses-hazebrouck\/#\/schema\/logo\/image\/\"}}]}<\/script>\n<!-- \/ Yoast SEO Premium plugin. -->","yoast_head_json":{"title":"Cours Collectifs - VP DANSES, cours de Danse Sportive \u00e0 Aire-sur-la-Lys et \u00e0 Saint-Jans-Cappel (Hauts-de-France)","description":"VP DANSES est ravie de vous proposer des cours collectifs de danses dans deux charmantes communes de la r\u00e9gion des Hauts-de-France : SAINT-JANS-CAPPEL dans le d\u00e9partement du Nord et AIRE-SUR-LA-LYS dans le d\u00e9partement du Pas-de-Calais.","robots":{"index":"index","follow":"follow","max-snippet":"max-snippet:-1","max-image-preview":"max-image-preview:large","max-video-preview":"max-video-preview:-1"},"canonical":"https:\/\/vpdanses.fr\/home\/bienvenue-chez-vp-danses-hazebrouck\/cours-collectifs-danses-aire-sur-la-lys-et-saint-jans-cappel\/","og_locale":"fr_FR","og_type":"article","og_title":"Cours Collectifs de danses VP DANSES \u00e0 AIRE-SUR-LA-LYS et \u00e0 SAINT-JANS-CAPPEL","og_description":"VP DANSES est ravie de vous proposer des cours collectifs de danses dans deux charmantes communes de la r\u00e9gion des Hauts-de-France : SAINT-JANS-CAPPEL dans le d\u00e9partement du Nord et AIRE-SUR-LA-LYS dans le d\u00e9partement du Pas-de-Calais.","og_url":"https:\/\/vpdanses.fr\/home\/bienvenue-chez-vp-danses-hazebrouck\/cours-collectifs-danses-aire-sur-la-lys-et-saint-jans-cappel\/","og_site_name":"VP DANSES, cours de Danse Sportive \u00e0 Aire-sur-la-Lys et \u00e0 Saint-Jans-Cappel (Hauts-de-France)","article_modified_time":"2026-02-15T21:32:46+00:00","og_image":[{"width":512,"height":512,"url":"https:\/\/vpdanses.fr\/wp-content\/uploads\/2025\/02\/cropped-2025-02-14.logo_VPdanses_FSD_WDO.png","type":"image\/png"}],"twitter_card":"summary_large_image","twitter_title":"Cours Collectifs","twitter_misc":{"Dur\u00e9e de lecture estim\u00e9e":"12 minutes"},"schema":{"@context":"https:\/\/schema.org","@graph":[{"@type":"WebPage","@id":"https:\/\/vpdanses.fr\/home\/bienvenue-chez-vp-danses-hazebrouck\/cours-collectifs-danses-aire-sur-la-lys-et-saint-jans-cappel\/","url":"https:\/\/vpdanses.fr\/home\/bienvenue-chez-vp-danses-hazebrouck\/cours-collectifs-danses-aire-sur-la-lys-et-saint-jans-cappel\/","name":"Cours Collectifs - VP DANSES, cours de Danse Sportive \u00e0 Aire-sur-la-Lys et \u00e0 Saint-Jans-Cappel (Hauts-de-France)","isPartOf":{"@id":"https:\/\/vpdanses.fr\/home\/bienvenue-chez-vp-danses-hazebrouck\/#website"},"datePublished":"2025-04-24T04:16:31+00:00","dateModified":"2026-02-15T21:32:46+00:00","description":"VP DANSES est ravie de vous proposer des cours collectifs de danses dans deux charmantes communes de la r\u00e9gion des Hauts-de-France : SAINT-JANS-CAPPEL dans le d\u00e9partement du Nord et AIRE-SUR-LA-LYS dans le d\u00e9partement du Pas-de-Calais.","breadcrumb":{"@id":"https:\/\/vpdanses.fr\/home\/bienvenue-chez-vp-danses-hazebrouck\/cours-collectifs-danses-aire-sur-la-lys-et-saint-jans-cappel\/#breadcrumb"},"inLanguage":"fr-FR","potentialAction":[{"@type":"ReadAction","target":["https:\/\/vpdanses.fr\/home\/bienvenue-chez-vp-danses-hazebrouck\/cours-collectifs-danses-aire-sur-la-lys-et-saint-jans-cappel\/"]}]},{"@type":"BreadcrumbList","@id":"https:\/\/vpdanses.fr\/home\/bienvenue-chez-vp-danses-hazebrouck\/cours-collectifs-danses-aire-sur-la-lys-et-saint-jans-cappel\/#breadcrumb","itemListElement":[{"@type":"ListItem","position":1,"name":"Accueil","item":"https:\/\/vpdanses.fr\/home\/bienvenue-chez-vp-danses-hazebrouck\/"},{"@type":"ListItem","position":2,"name":"Cours Collectifs"}]},{"@type":"WebSite","@id":"https:\/\/vpdanses.fr\/home\/bienvenue-chez-vp-danses-hazebrouck\/#website","url":"https:\/\/vpdanses.fr\/home\/bienvenue-chez-vp-danses-hazebrouck\/","name":"VP DANSES, cours de Danse Sportive \u00e0 Aire-sur-la-Lys et \u00e0 Saint-Jans-Cappel (Hauts-de-France)","description":"Cours de Danse Sportive STANDARD (valse anglaise, tango, valse viennoise, slowfox, quickstep), danses sportives LATINES (samba, chacha, rumba, paso doble, jive), danses de bal, danses de salons, danses de loisirs, salsa, rock 4 temps, rock 6 temps, danses en ligne, disco, \u2026 Lieu : Hazebrouck, Aire-sur-la-Lys, Saint-Jans-Cappel et Isbergues (Hauts-de-France) - Cours Particuliers dans les Hauts-de-France - Ouverture de bal de Mariage","publisher":{"@id":"https:\/\/vpdanses.fr\/home\/bienvenue-chez-vp-danses-hazebrouck\/#organization"},"potentialAction":[{"@type":"SearchAction","target":{"@type":"EntryPoint","urlTemplate":"https:\/\/vpdanses.fr\/home\/bienvenue-chez-vp-danses-hazebrouck\/?s={search_term_string}"},"query-input":{"@type":"PropertyValueSpecification","valueRequired":true,"valueName":"search_term_string"}}],"inLanguage":"fr-FR"},{"@type":"Organization","@id":"https:\/\/vpdanses.fr\/home\/bienvenue-chez-vp-danses-hazebrouck\/#organization","name":"VP DANSES, cours de Danse Sportive \u00e0 Aire-sur-la-Lys et \u00e0 Saint-Jans-Cappel (Hauts-de-France)","url":"https:\/\/vpdanses.fr\/home\/bienvenue-chez-vp-danses-hazebrouck\/","logo":{"@type":"ImageObject","inLanguage":"fr-FR","@id":"https:\/\/vpdanses.fr\/home\/bienvenue-chez-vp-danses-hazebrouck\/#\/schema\/logo\/image\/","url":"https:\/\/vpdanses.fr\/wp-content\/uploads\/2024\/10\/logo_cadanse_asaintjans.jpeg","contentUrl":"https:\/\/vpdanses.fr\/wp-content\/uploads\/2024\/10\/logo_cadanse_asaintjans.jpeg","width":225,"height":225,"caption":"VP DANSES, cours de Danse Sportive \u00e0 Aire-sur-la-Lys et \u00e0 Saint-Jans-Cappel (Hauts-de-France)"},"image":{"@id":"https:\/\/vpdanses.fr\/home\/bienvenue-chez-vp-danses-hazebrouck\/#\/schema\/logo\/image\/"}}]}},"uagb_featured_image_src":{"full":false,"thumbnail":false,"medium":false,"medium_large":false,"large":false,"1536x1536":false,"2048x2048":false,"vp_sm":false,"vp_md":false,"vp_lg":false,"vp_xl":false,"vp_sm_popup":false,"vp_md_popup":false,"vp_xl_popup":false,"dance-blog-thumb":false,"dance-event-list":false,"dance-event-single-type1":false,"dance-event-single-type4":false,"dance-event-single-type5":false,"dance-event-list2":false},"uagb_author_info":{"display_name":"VP DANSES","author_link":"https:\/\/vpdanses.fr\/home\/bienvenue-chez-vp-danses-hazebrouck\/author\/adminvp20241018\/"},"uagb_comment_info":0,"uagb_excerpt":"[vc_row][vc_column][vc_column_text css=\u00a0\u00bb\u00a0\u00bb css_animation=\u00a0\u00bbflash\u00a0\u00bb]VP DANSES est ravie de vous proposer des cours collectifs de danses dans deux charmantes communes de la r\u00e9gion \u00a0des Hauts-de-France : SAINT-JANS-CAPPEL dans le d\u00e9partement du Nord [&hellip;]","jetpack_sharing_enabled":true,"ticketed":false,"_links":{"self":[{"href":"https:\/\/vpdanses.fr\/home\/bienvenue-chez-vp-danses-hazebrouck\/wp-json\/wp\/v2\/pages\/12715","targetHints":{"allow":["GET"]}}],"collection":[{"href":"https:\/\/vpdanses.fr\/home\/bienvenue-chez-vp-danses-hazebrouck\/wp-json\/wp\/v2\/pages"}],"about":[{"href":"https:\/\/vpdanses.fr\/home\/bienvenue-chez-vp-danses-hazebrouck\/wp-json\/wp\/v2\/types\/page"}],"author":[{"embeddable":true,"href":"https:\/\/vpdanses.fr\/home\/bienvenue-chez-vp-danses-hazebrouck\/wp-json\/wp\/v2\/users\/1"}],"replies":[{"embeddable":true,"href":"https:\/\/vpdanses.fr\/home\/bienvenue-chez-vp-danses-hazebrouck\/wp-json\/wp\/v2\/comments?post=12715"}],"version-history":[{"count":149,"href":"https:\/\/vpdanses.fr\/home\/bienvenue-chez-vp-danses-hazebrouck\/wp-json\/wp\/v2\/pages\/12715\/revisions"}],"predecessor-version":[{"id":14869,"href":"https:\/\/vpdanses.fr\/home\/bienvenue-chez-vp-danses-hazebrouck\/wp-json\/wp\/v2\/pages\/12715\/revisions\/14869"}],"wp:attachment":[{"href":"https:\/\/vpdanses.fr\/home\/bienvenue-chez-vp-danses-hazebrouck\/wp-json\/wp\/v2\/media?parent=12715"}],"curies":[{"name":"wp","href":"https:\/\/api.w.org\/{rel}","templated":true}]}}