{"id":13484,"date":"2025-06-08T20:10:55","date_gmt":"2025-06-08T18:10:55","guid":{"rendered":"https:\/\/vpdanses.fr\/home\/bienvenue-chez-vp-danses-hazebrouck\/?page_id=13484"},"modified":"2026-04-22T07:47:49","modified_gmt":"2026-04-22T05:47:49","slug":"stages-danse-sportive","status":"publish","type":"page","link":"https:\/\/vpdanses.fr\/home\/bienvenue-chez-vp-danses-hazebrouck\/stages-danse-sportive\/","title":{"rendered":"Stages"},"content":{"rendered":"<div class=\"wpb-content-wrapper\"><p>[vc_row][vc_column]<div class='dt-sc-title mz-title aligncenter'><div class='mz-title-content'><h2>Stages<\/h2><\/div><\/div>[vc_column_text css=\u00a0\u00bb\u00a0\u00bb css_animation=\u00a0\u00bbflash\u00a0\u00bb]<\/p>\n<p data-start=\"193\" data-end=\"367\"><strong>VP DANSES<\/strong> organise r\u00e9guli\u00e8rement des <strong data-start=\"230\" data-end=\"279\">stages de danse sportive, de Salsa et de Rock<\/strong> dans dans le d\u00e9partement du <a href=\"https:\/\/lenord.fr\" target=\"_blank\" rel=\"noopener\">Nord<\/a> ou dans le d\u00e9partement du <a href=\"https:\/\/www.pasdecalais.fr\" target=\"_blank\" rel=\"noopener\">Pas-de-Calais<\/a>, notamment \u00e0 proximit\u00e9 de <strong data-start=\"331\" data-end=\"364\"><a href=\"https:\/\/www.ville-hazebrouck.fr\" target=\"_blank\" rel=\"noopener\">Hazebrouck<\/a><\/strong>et de<a href=\"https:\/\/www.ville-airesurlalys.fr\"><strong data-start=\"331\" data-end=\"364\"> Aire-sur-la-Lys<\/strong><\/a>.<\/p>\n<p data-start=\"369\" data-end=\"550\">Ces stages sont mis en place en fonction des attentes de nos adh\u00e9rents, afin de proposer des <strong data-start=\"462\" data-end=\"547\">sessions accessibles aux d\u00e9butants comme aux danseurs souhaitant se perfectionner<\/strong>.<\/p>\n<p data-start=\"552\" data-end=\"707\">Sur cette page, vous pouvez <strong data-start=\"580\" data-end=\"630\">consulter l\u2019agenda des stages de danse \u00e0 venir<\/strong>, suivre les prochaines dates et vous inscrire facilement \u00e0 nos \u00e9v\u00e9nements.<\/p>\n<p data-start=\"709\" data-end=\"898\">Que vous recherchiez un <strong data-start=\"736\" data-end=\"763\">stage de danse sportive<\/strong>, un <strong data-start=\"768\" data-end=\"786\">stage de Salsa<\/strong> ou un <strong data-start=\"793\" data-end=\"810\">stage de Rock<\/strong>, VP DANSES vous propose des moments alliant <strong data-start=\"855\" data-end=\"897\">technique, progression et convivialit\u00e9<\/strong>.<\/p>\n<p>[\/vc_column_text]<div class=\"ult-spacer spacer-69f2d550d2ce9\" data-id=\"69f2d550d2ce9\" data-height=\"10\" data-height-mobile=\"10\" data-height-tab=\"10\" data-height-tab-portrait=\"\" data-height-mobile-landscape=\"\" style=\"clear:both;display:block;\"><\/div>[vc_separator style=\u00a0\u00bbshadow\u00a0\u00bb css=\u00a0\u00bb\u00a0\u00bb]<div class='dt-sc-diamond-separator '><\/div>[vc_cta h2=\u00a0\u00bbDIMANCHE 26\/04\/2026 DE 10H \u00c0 12H\u00a0\u00bb h4=\u00a0\u00bbStage \u00e9volutif de RUMBA et de SALSA pour les D\u00e9butants\u00a0\u00bb shape=\u00a0\u00bbsquare\u00a0\u00bb style=\u00a0\u00bboutline\u00a0\u00bb color=\u00a0\u00bbblack\u00a0\u00bb css=\u00a0\u00bb\u00a0\u00bb]Rendez-vous \u00e0 la salle de danse de <strong>Planet\u2019Aire<\/strong> (<strong>62120 Aire-sur-la-Lys<\/strong>) pour un moment de danse, de plaisir et de convivialit\u00e9 ! Venez danser la Rumba et la Salsa Cubaine dans une ambiance accessible et dynamique, encadr\u00e9s par <em>Virginie &amp; Philippe<\/em> de <strong>VP DANSES<\/strong>. Un moment id\u00e9al <strong>pour les d\u00e9butants<\/strong> pour se divertir et partager une exp\u00e9rience m\u00e9morable !<\/p>\n<p><a href=\"https:\/\/www.helloasso.com\/associations\/vp-danses\/evenements\/stage-evolutif-de-rumba-et-de-salsa-cubain-niveau-debutants-2\"><strong>R\u00c9SERVEZ VOTRE PLACE VIA HelloAsso<\/strong><\/a> ![\/vc_cta][vc_cta h2=\u00a0\u00bbDIMANCHE 07\/06\/2026 DE 10H \u00c0 12H\u00a0\u00bb h4=\u00a0\u00bbStage \u00e9volutif de RUMBA et de SALSA pour les D\u00e9butants\u00a0\u00bb shape=\u00a0\u00bbsquare\u00a0\u00bb style=\u00a0\u00bboutline\u00a0\u00bb color=\u00a0\u00bbblack\u00a0\u00bb css=\u00a0\u00bb\u00a0\u00bb]Rendez-vous \u00e0 la salle de danse de <strong>Planet\u2019Aire<\/strong> (<strong>62120 Aire-sur-la-Lys<\/strong>) pour un moment de danse, de plaisir et de convivialit\u00e9 ! Venez danser la Rumba et la Salsa Cubaine dans une ambiance accessible et dynamique, encadr\u00e9s par <em>Virginie &amp; Philippe<\/em> de <strong>VP DANSES<\/strong>. Un moment id\u00e9al <strong>pour les d\u00e9butants<\/strong> pour se divertir et partager une exp\u00e9rience m\u00e9morable !<\/p>\n<p><strong><a href=\"https:\/\/www.helloasso.com\/associations\/vp-danses\/evenements\/stage-evolutif-de-rumba-et-de-salsa-cubain-niveau-debutants\">R\u00c9SERVEZ VOTRE PLACE VIA HelloAsso<\/a> !<\/strong>[\/vc_cta][vc_cta h2=\u00a0\u00bbDIMANCHE 28\/06\/2026 DE 10H \u00c0 12H\u00a0\u00bb h4=\u00a0\u00bbStage \u00e9volutif de RUMBA et de SALSA pour les D\u00e9butants\u00a0\u00bb shape=\u00a0\u00bbsquare\u00a0\u00bb style=\u00a0\u00bboutline\u00a0\u00bb color=\u00a0\u00bbblack\u00a0\u00bb css=\u00a0\u00bb\u00a0\u00bb]Rendez-vous \u00e0 la salle de danse de <strong>Planet\u2019Aire<\/strong> (<strong>62120 Aire-sur-la-Lys<\/strong>) pour un moment de danse, de plaisir et de convivialit\u00e9 ! Venez danser la Rumba et la Salsa Cubaine dans une ambiance accessible et dynamique, encadr\u00e9s par <em>Virginie &amp; Philippe<\/em> de <strong>VP DANSES<\/strong>. Un moment id\u00e9al <strong>pour les d\u00e9butants<\/strong> pour se divertir et partager une exp\u00e9rience m\u00e9morable !<\/p>\n<p><a href=\"https:\/\/www.helloasso.com\/associations\/vp-danses\/evenements\/stage-evolutif-de-rumba-et-de-salsa-cubain-niveau-debutants-1\"><strong>R\u00c9SERVEZ VOTRE PLACE VIA HelloAsso<\/strong><\/a> ![\/vc_cta][\/vc_column][vc_column]<div class='dt-sc-diamond-separator '><\/div>[vc_empty_space][vc_column_text css=\u00a0\u00bb\u00a0\u00bb css_animation=\u00a0\u00bbflash\u00a0\u00bb]<\/p>\n<h1 class=\"AnswerParser_AnswerParserH3__Mpe4s\">Demande de renseignements relatif aux stages de VP DANSES<\/h1>\n<p>[\/vc_column_text][vc_empty_space]<noscript class=\"ninja-forms-noscript-message\">\n\tRemarque\u00a0: JavaScript est requis pour ce contenu.<\/noscript>\n<div id=\"nf-form-9-cont\" class=\"nf-form-cont\" aria-live=\"polite\" aria-labelledby=\"nf-form-title-9\" aria-describedby=\"nf-form-errors-9\" role=\"form\">\n\n    <div class=\"nf-loading-spinner\"><\/div>\n\n<\/div>\n        <!-- That data is being printed as a workaround to page builders reordering the order of the scripts loaded-->\n        <script>var formDisplay=1;var nfForms=nfForms||[];var form=[];form.id='9';form.settings={\"objectType\":\"Form Setting\",\"editActive\":true,\"title\":\"Demande de renseignements pour les Stages de VP DANSES\",\"default_label_pos\":\"above\",\"show_title\":\"0\",\"clear_complete\":\"1\",\"hide_complete\":\"1\",\"logged_in\":\"0\",\"wrapper_class\":\"\",\"element_class\":\"\",\"key\":\"\",\"add_submit\":\"1\",\"currency\":\"\",\"unique_field_error\":\"A form with this value has already been submitted.\",\"not_logged_in_msg\":\"\",\"sub_limit_msg\":\"The form has reached its submission limit.\",\"calculations\":[],\"formContentData\":[\"nom_1729444837987\",\"prenom_1729444849887\",\"e-mail_1729444876523\",\"numero_de_telephone_1729444921788\",\"message_1729444986030\",\"hr_1729445821736\",\"envoyer_le_message_1729447621652\",\"rgpd_1729445960099\"],\"drawerDisabled\":false,\"form_title_heading_level\":\"1\",\"changeEmailErrorMsg\":\"Veuillez saisir une adresse de messagerie valide. Ex\\u00a0: jean.dupont@gmail.com\",\"changeDateErrorMsg\":\"Veuillez saisir une date valide\\u00a0!\",\"confirmFieldErrorMsg\":\"Ces champs doivent correspondre\\u00a0!\",\"fieldNumberNumMinError\":\"Erreur de nombre min.\",\"fieldNumberNumMaxError\":\"Erreur de nombre max.\",\"fieldNumberIncrementBy\":\"Veuillez incr\\u00e9menter par \",\"formErrorsCorrectErrors\":\"Veuillez corriger les erreurs avant d\\u2019envoyer ce formulaire.\",\"validateRequiredField\":\"Ce champ est obligatoire.\",\"honeypotHoneypotError\":\"Erreur Honeypot\",\"fieldsMarkedRequired\":\"Les champs marqu\\u00e9s d\\u2019un <span class=\\\"ninja-forms-req-symbol\\\">*<\\\/span> sont obligatoires\",\"objectDomain\":\"display\",\"allow_public_link\":0,\"embed_form\":\"\",\"ninjaForms\":\"Ninja Forms\",\"fieldTextareaRTEInsertLink\":\"Ins\\u00e9rer un lien\",\"fieldTextareaRTEInsertMedia\":\"Ins\\u00e9rer un m\\u00e9dia\",\"fieldTextareaRTESelectAFile\":\"S\\u00e9lectionnez un fichier\",\"formHoneypot\":\"Si vous \\u00eates un \\u00eatre humain et que vous voyez ce champ, veuillez le laisser vide.\",\"fileUploadOldCodeFileUploadInProgress\":\"T\\u00e9l\\u00e9versement du fichier en cours.\",\"fileUploadOldCodeFileUpload\":\"T\\u00c9L\\u00c9VERSEMENT DE FICHIER\",\"currencySymbol\":\"&euro;\",\"thousands_sep\":\"\\u00a0\",\"decimal_point\":\",\",\"siteLocale\":\"fr_FR\",\"dateFormat\":\"d\\\/m\\\/Y\",\"startOfWeek\":\"1\",\"of\":\"sur\",\"previousMonth\":\"Mois pr\\u00e9c\\u00e9dent\",\"nextMonth\":\"Mois suivant\",\"months\":[\"Janvier\",\"F\\u00e9vrier\",\"Mars\",\"Avril\",\"Mai\",\"Juin\",\"Juillet\",\"Ao\\u00fbt\",\"Septembre\",\"Octobre\",\"Novembre\",\"D\\u00e9cembre\"],\"monthsShort\":[\"Jan\",\"F\\u00e9v\",\"Mar\",\"Avr\",\"Mai\",\"Juin\",\"Juil\",\"Ao\\u00fb\",\"Sep\",\"Oct\",\"Nov\",\"D\\u00e9c\"],\"weekdays\":[\"Dimanche\",\"Lundi\",\"Mardi\",\"Mercredi\",\"Jeudi\",\"Vendredi\",\"Samedi\"],\"weekdaysShort\":[\"Dim\",\"Lun\",\"Mar\",\"Mer\",\"Jeu\",\"Ven\",\"Sam\"],\"weekdaysMin\":[\"Di\",\"Lu\",\"Ma\",\"Me\",\"Je\",\"Ve\",\"Sa\"],\"recaptchaConsentMissing\":\"reCaptcha validation couldn&#039;t load.\",\"recaptchaMissingCookie\":\"reCaptcha v3 validation couldn&#039;t load the cookie needed to submit the form.\",\"recaptchaConsentEvent\":\"Accept reCaptcha cookies before sending the form.\",\"currency_symbol\":\"\",\"beforeForm\":\"\",\"beforeFields\":\"\",\"afterFields\":\"\",\"afterForm\":\"\"};form.fields=[{\"objectType\":\"Field\",\"objectDomain\":\"fields\",\"editActive\":false,\"order\":1,\"idAttribute\":\"id\",\"label\":\"NOM\",\"type\":\"firstname\",\"key\":\"nom_1729444837987\",\"label_pos\":\"above\",\"required\":1,\"default\":\"\",\"placeholder\":\"Renseignez votre NOM\",\"container_class\":\"one-half first\",\"element_class\":\"\",\"admin_label\":\"\",\"help_text\":\"\",\"custom_name_attribute\":\"fname\",\"field_label\":\"NOM\",\"field_key\":\"nom_1729444837987\",\"personally_identifiable\":1,\"value\":\"\",\"drawerDisabled\":\"\",\"id\":83,\"beforeField\":\"\",\"afterField\":\"\",\"parentType\":\"firstname\",\"element_templates\":[\"firstname\",\"input\"],\"old_classname\":\"\",\"wrap_template\":\"wrap\"},{\"objectType\":\"Field\",\"objectDomain\":\"fields\",\"editActive\":false,\"order\":2,\"idAttribute\":\"id\",\"label\":\"Pr\\u00e9nom\",\"type\":\"lastname\",\"key\":\"prenom_1729444849887\",\"label_pos\":\"above\",\"required\":1,\"default\":\"\",\"placeholder\":\"Renseignez votre Pr\\u00e9nom\",\"container_class\":\"one-half second\",\"element_class\":\"\",\"admin_label\":\"\",\"help_text\":\"\",\"custom_name_attribute\":\"lname\",\"drawerDisabled\":\"\",\"field_label\":\"Pr\\u00e9nom\",\"field_key\":\"prenom_1729444849887\",\"personally_identifiable\":1,\"value\":\"\",\"id\":84,\"beforeField\":\"\",\"afterField\":\"\",\"parentType\":\"lastname\",\"element_templates\":[\"lastname\",\"input\"],\"old_classname\":\"\",\"wrap_template\":\"wrap\"},{\"objectType\":\"Field\",\"objectDomain\":\"fields\",\"editActive\":false,\"order\":3,\"idAttribute\":\"id\",\"label\":\"E-mail\",\"type\":\"email\",\"key\":\"e-mail_1729444876523\",\"label_pos\":\"above\",\"required\":1,\"default\":\"\",\"placeholder\":\"Renseignez votre adresse e-mail\",\"container_class\":\"\",\"element_class\":\"\",\"admin_label\":\"\",\"help_text\":\"\",\"custom_name_attribute\":\"email\",\"field_label\":\"E-mail\",\"field_key\":\"e-mail_1729444876523\",\"personally_identifiable\":1,\"value\":\"\",\"drawerDisabled\":\"\",\"id\":85,\"beforeField\":\"\",\"afterField\":\"\",\"parentType\":\"email\",\"element_templates\":[\"email\",\"input\"],\"old_classname\":\"\",\"wrap_template\":\"wrap\"},{\"objectType\":\"Field\",\"objectDomain\":\"fields\",\"editActive\":false,\"order\":4,\"idAttribute\":\"id\",\"label\":\"Num\\u00e9ro de t\\u00e9l\\u00e9phone\",\"type\":\"phone\",\"key\":\"numero_de_telephone_1729444921788\",\"label_pos\":\"above\",\"required\":1,\"default\":\"\",\"placeholder\":\"Renseignez votre num\\u00e9ro de t\\u00e9l\\u00e9phone\",\"container_class\":\"\",\"element_class\":\"\",\"input_limit\":\"\",\"input_limit_type\":\"characters\",\"input_limit_msg\":\"Character(s) left\",\"manual_key\":\"\",\"admin_label\":\"\",\"help_text\":\"\",\"mask\":\"\",\"custom_mask\":\"\",\"custom_name_attribute\":\"phone\",\"field_label\":\"Num\\u00e9ro de t\\u00e9l\\u00e9phone\",\"field_key\":\"numero_de_telephone_1729444921788\",\"personally_identifiable\":1,\"value\":\"\",\"drawerDisabled\":\"\",\"id\":86,\"beforeField\":\"\",\"afterField\":\"\",\"parentType\":\"textbox\",\"element_templates\":[\"tel\",\"textbox\",\"input\"],\"old_classname\":\"\",\"wrap_template\":\"wrap\"},{\"objectType\":\"Field\",\"objectDomain\":\"fields\",\"editActive\":false,\"order\":6,\"idAttribute\":\"id\",\"label\":\"Message\",\"type\":\"textarea\",\"key\":\"message_1729444986030\",\"label_pos\":\"above\",\"required\":1,\"default\":\"\",\"placeholder\":\"\",\"container_class\":\"\",\"element_class\":\"\",\"input_limit\":\"\",\"input_limit_type\":\"characters\",\"input_limit_msg\":\"Character(s) left\",\"manual_key\":\"\",\"admin_label\":\"\",\"help_text\":\"\",\"textarea_rte\":1,\"disable_rte_mobile\":1,\"textarea_media\":1,\"field_label\":\"Message\",\"field_key\":\"message_1729444986030\",\"value\":\"\",\"drawerDisabled\":\"\",\"id\":87,\"beforeField\":\"\",\"afterField\":\"\",\"parentType\":\"textarea\",\"element_templates\":[\"textarea\",\"input\"],\"old_classname\":\"\",\"wrap_template\":\"wrap\"},{\"objectType\":\"Field\",\"objectDomain\":\"fields\",\"editActive\":false,\"order\":7,\"idAttribute\":\"id\",\"type\":\"hr\",\"label\":\"S\\u00e9parateur\",\"container_class\":\"\",\"element_class\":\"\",\"admin_label\":\"\",\"key\":\"hr_1729445821736\",\"field_label\":\"S\\u00e9parateur\",\"field_key\":\"hr_1729445821736\",\"drawerDisabled\":\"\",\"id\":89,\"beforeField\":\"\",\"afterField\":\"\",\"value\":\"\",\"label_pos\":\"above\",\"parentType\":\"hr\",\"element_templates\":[\"hr\",\"input\"],\"old_classname\":\"\",\"wrap_template\":\"wrap\"},{\"objectType\":\"Field\",\"objectDomain\":\"fields\",\"editActive\":false,\"order\":8,\"idAttribute\":\"id\",\"type\":\"submit\",\"label\":\"Envoyer le message\",\"processing_label\":\"Votre message est en cours d'envoi\",\"container_class\":\"\",\"element_class\":\"\",\"key\":\"envoyer_le_message_1729447621652\",\"field_label\":\"Envoyer le message\",\"field_key\":\"envoyer_le_message_1729447621652\",\"admin_label\":\"\",\"drawerDisabled\":\"\",\"id\":88,\"beforeField\":\"\",\"afterField\":\"\",\"value\":\"\",\"label_pos\":\"above\",\"parentType\":\"textbox\",\"element_templates\":[\"submit\",\"button\",\"input\"],\"old_classname\":\"\",\"wrap_template\":\"wrap-no-label\"},{\"objectType\":\"Field\",\"objectDomain\":\"fields\",\"editActive\":false,\"order\":9,\"idAttribute\":\"id\",\"type\":\"html\",\"label\":\"RGPD\",\"default\":\"<p color:rgb(56,56,56)=\\\"\\\"><i>Ce formulaire permet de nous contacter pour toutes questions g\\u00e9n\\u00e9rales. La base l\\u00e9gale est l'article 6.1 .a du RGPD (consentement). Les destinataires des donn\\u00e9es sont le responsable du traitement, ses services internes en charge des r\\u00e9ponses, le sous-traitant op\\u00e9rant la gestion du serveur web (AWS), ainsi que toute personne l\\u00e9galement autoris\\u00e9e. La dur\\u00e9e de traitement des donn\\u00e9es est limit\\u00e9e au temps n\\u00e9cessaire pour traiter votre demande, \\u00e9tant entendu que vous pouvez demander la suppression de vos donn\\u00e9es \\u00e0 tout moment. Vous disposez du droit de demander au responsable du traitement l'acc\\u00e8s aux donn\\u00e9es \\u00e0 caract\\u00e8re personnel, la rectification, ou l'effacement de celles-ci, ou une limitation du traitement relatif \\u00e0 la personne concern\\u00e9e, ou du droit \\u00e0 s'opposer au traitement et du droit \\u00e0 la portabilit\\u00e9 des donn\\u00e9es. Le responsable du traitement est l'association \\\"<b>VP danses<\\\/b>\\\" &nbsp;6 All\\u00e9e Simone Mathieu 59190 Hazebrouck, France. Vous pouvez contacter le D\\u00e9l\\u00e9gu\\u00e9 \\u00e0 la Protection des Donn\\u00e9es (DPO) par email : <a href=\\\"mailto:dpo@vpdanses.fr\\\">dpo@vpdanses.fr<\\\/a>&nbsp; &nbsp; Vous avez \\u00e9galement le droit d'introduire une r\\u00e9clamation aupr\\u00e8s d'une autorit\\u00e9 de contr\\u00f4le. &nbsp;&nbsp;<\\\/i><\\\/p>\",\"container_class\":\"\",\"element_class\":\"\",\"admin_label\":\"\",\"key\":\"rgpd_1729445960099\",\"drawerDisabled\":\"\",\"field_label\":\"RGPD\",\"field_key\":\"rgpd_1729445960099\",\"id\":90,\"beforeField\":\"\",\"afterField\":\"\",\"value\":\"<p color:rgb(56,56,56)=\\\"\\\"><i>Ce formulaire permet de nous contacter pour toutes questions g\\u00e9n\\u00e9rales. La base l\\u00e9gale est l'article 6.1 .a du RGPD (consentement). Les destinataires des donn\\u00e9es sont le responsable du traitement, ses services internes en charge des r\\u00e9ponses, le sous-traitant op\\u00e9rant la gestion du serveur web (AWS), ainsi que toute personne l\\u00e9galement autoris\\u00e9e. La dur\\u00e9e de traitement des donn\\u00e9es est limit\\u00e9e au temps n\\u00e9cessaire pour traiter votre demande, \\u00e9tant entendu que vous pouvez demander la suppression de vos donn\\u00e9es \\u00e0 tout moment. Vous disposez du droit de demander au responsable du traitement l'acc\\u00e8s aux donn\\u00e9es \\u00e0 caract\\u00e8re personnel, la rectification, ou l'effacement de celles-ci, ou une limitation du traitement relatif \\u00e0 la personne concern\\u00e9e, ou du droit \\u00e0 s'opposer au traitement et du droit \\u00e0 la portabilit\\u00e9 des donn\\u00e9es. Le responsable du traitement est l'association \\\"<b>VP danses<\\\/b>\\\" &nbsp;6 All\\u00e9e Simone Mathieu 59190 Hazebrouck, France. Vous pouvez contacter le D\\u00e9l\\u00e9gu\\u00e9 \\u00e0 la Protection des Donn\\u00e9es (DPO) par email : <a href=\\\"mailto:dpo@vpdanses.fr\\\">dpo@vpdanses.fr<\\\/a>&nbsp; &nbsp; Vous avez \\u00e9galement le droit d'introduire une r\\u00e9clamation aupr\\u00e8s d'une autorit\\u00e9 de contr\\u00f4le. &nbsp;&nbsp;<\\\/i><\\\/p>\",\"label_pos\":\"above\",\"parentType\":\"html\",\"element_templates\":[\"html\",\"input\"],\"old_classname\":\"\",\"wrap_template\":\"wrap\"}];nfForms.push(form);<\/script>\n        [\/vc_column][\/vc_row]<\/p>\n<\/div>","protected":false},"excerpt":{"rendered":"<p>[vc_row][vc_column][vc_column_text css=\u00a0\u00bb\u00a0\u00bb css_animation=\u00a0\u00bbflash\u00a0\u00bb] VP DANSES organise r\u00e9guli\u00e8rement des stages de danse sportive, de Salsa et de Rock dans dans le d\u00e9partement du Nord ou dans le d\u00e9partement du Pas-de-Calais, notamment [&hellip;]<\/p>\n","protected":false},"author":1,"featured_media":0,"parent":0,"menu_order":0,"comment_status":"closed","ping_status":"closed","template":"","meta":{"_uag_custom_page_level_css":"","_price":"","_stock":"","_tribe_ticket_header":"","_tribe_default_ticket_provider":"","_tribe_ticket_capacity":"0","_ticket_start_date":"","_ticket_end_date":"","_tribe_ticket_show_description":"","_tribe_ticket_show_not_going":false,"_tribe_ticket_use_global_stock":"","_tribe_ticket_global_stock_level":"","_global_stock_mode":"","_global_stock_cap":"","_tribe_rsvp_for_event":"","_tribe_ticket_going_count":"","_tribe_ticket_not_going_count":"","_tribe_tickets_list":"[]","_tribe_ticket_has_attendee_info_fields":false,"_EventAllDay":false,"_EventTimezone":"","_EventStartDate":"","_EventEndDate":"","_EventStartDateUTC":"","_EventEndDateUTC":"","_EventShowMap":false,"_EventShowMapLink":false,"_EventURL":"","_EventCost":"","_EventCostDescription":"","_EventCurrencySymbol":"","_EventCurrencyCode":"","_EventCurrencyPosition":"","_EventDateTimeSeparator":"","_EventTimeRangeSeparator":"","_EventOrganizerID":[],"_EventVenueID":[],"_OrganizerEmail":"","_OrganizerPhone":"","_OrganizerWebsite":"","_VenueAddress":"","_VenueCity":"","_VenueCountry":"","_VenueProvince":"","_VenueState":"","_VenueZip":"","_VenuePhone":"","_VenueURL":"","_VenueStateProvince":"","_VenueLat":"","_VenueLng":"","_VenueShowMap":false,"_VenueShowMapLink":false,"_vp_format_video_url":"","_vp_image_focal_point":[],"footnotes":"","_tec_slr_enabled":"","_tec_slr_layout":""},"class_list":["post-13484","page","type-page","status-publish","hentry"],"yoast_head":"<!-- This site is optimized with the Yoast SEO Premium plugin v25.6 (Yoast SEO v25.6) - https:\/\/yoast.com\/wordpress\/plugins\/seo\/ -->\n<title>Stages - VP DANSES, cours de Danse Sportive \u00e0 Aire-sur-la-Lys et \u00e0 Saint-Jans-Cappel (Hauts-de-France)<\/title>\n<meta name=\"description\" content=\"L&#039;objectif de VP DANSES est de promouvoir la Danse Sportive en proposant aux amoureux de la danse \u00e0 deux des stages d&#039;initiation ou de perfectionnement.\" \/>\n<meta name=\"robots\" content=\"index, follow, max-snippet:-1, max-image-preview:large, max-video-preview:-1\" \/>\n<link rel=\"canonical\" href=\"https:\/\/vpdanses.fr\/home\/bienvenue-chez-vp-danses-hazebrouck\/stages-danse-sportive\/\" \/>\n<meta property=\"og:locale\" content=\"fr_FR\" \/>\n<meta property=\"og:type\" content=\"article\" \/>\n<meta property=\"og:title\" content=\"Stages de danses VP DANSES \u00e0 AIRE-SUR-LA-LYS et \u00e0 SAINT-JANS-CAPPEL, EECKE, BOESCHEPE\" \/>\n<meta property=\"og:description\" content=\"L&#039;objectif de VP DANSES est de promouvoir la Danse Sportive en proposant aux amoureux de la danse \u00e0 deux des stages d&#039;initiation ou de perfectionnement.\" \/>\n<meta property=\"og:url\" content=\"https:\/\/vpdanses.fr\/home\/bienvenue-chez-vp-danses-hazebrouck\/stages-danse-sportive\/\" \/>\n<meta property=\"og:site_name\" content=\"VP DANSES, cours de Danse Sportive \u00e0 Aire-sur-la-Lys et \u00e0 Saint-Jans-Cappel (Hauts-de-France)\" \/>\n<meta property=\"article:modified_time\" content=\"2026-04-22T05:47:49+00:00\" \/>\n<meta property=\"og:image\" content=\"https:\/\/vpdanses.fr\/wp-content\/uploads\/2025\/02\/cropped-2025-02-14.logo_VPdanses_FSD_WDO.png\" \/>\n\t<meta property=\"og:image:width\" content=\"512\" \/>\n\t<meta property=\"og:image:height\" content=\"512\" \/>\n\t<meta property=\"og:image:type\" content=\"image\/png\" \/>\n<meta name=\"twitter:card\" content=\"summary_large_image\" \/>\n<meta name=\"twitter:title\" content=\"Stages\" \/>\n<meta name=\"twitter:label1\" content=\"Dur\u00e9e de lecture estim\u00e9e\" \/>\n\t<meta name=\"twitter:data1\" content=\"3 minutes\" \/>\n<script type=\"application\/ld+json\" class=\"yoast-schema-graph\">{\"@context\":\"https:\/\/schema.org\",\"@graph\":[{\"@type\":\"WebPage\",\"@id\":\"https:\/\/vpdanses.fr\/home\/bienvenue-chez-vp-danses-hazebrouck\/stages-danse-sportive\/\",\"url\":\"https:\/\/vpdanses.fr\/home\/bienvenue-chez-vp-danses-hazebrouck\/stages-danse-sportive\/\",\"name\":\"Stages - VP DANSES, cours de Danse Sportive \u00e0 Aire-sur-la-Lys et \u00e0 Saint-Jans-Cappel (Hauts-de-France)\",\"isPartOf\":{\"@id\":\"https:\/\/vpdanses.fr\/home\/bienvenue-chez-vp-danses-hazebrouck\/#website\"},\"datePublished\":\"2025-06-08T18:10:55+00:00\",\"dateModified\":\"2026-04-22T05:47:49+00:00\",\"description\":\"L'objectif de VP DANSES est de promouvoir la Danse Sportive en proposant aux amoureux de la danse \u00e0 deux des stages d'initiation ou de perfectionnement.\",\"breadcrumb\":{\"@id\":\"https:\/\/vpdanses.fr\/home\/bienvenue-chez-vp-danses-hazebrouck\/stages-danse-sportive\/#breadcrumb\"},\"inLanguage\":\"fr-FR\",\"potentialAction\":[{\"@type\":\"ReadAction\",\"target\":[\"https:\/\/vpdanses.fr\/home\/bienvenue-chez-vp-danses-hazebrouck\/stages-danse-sportive\/\"]}]},{\"@type\":\"BreadcrumbList\",\"@id\":\"https:\/\/vpdanses.fr\/home\/bienvenue-chez-vp-danses-hazebrouck\/stages-danse-sportive\/#breadcrumb\",\"itemListElement\":[{\"@type\":\"ListItem\",\"position\":1,\"name\":\"Accueil\",\"item\":\"https:\/\/vpdanses.fr\/home\/bienvenue-chez-vp-danses-hazebrouck\/\"},{\"@type\":\"ListItem\",\"position\":2,\"name\":\"Stages\"}]},{\"@type\":\"WebSite\",\"@id\":\"https:\/\/vpdanses.fr\/home\/bienvenue-chez-vp-danses-hazebrouck\/#website\",\"url\":\"https:\/\/vpdanses.fr\/home\/bienvenue-chez-vp-danses-hazebrouck\/\",\"name\":\"VP DANSES, cours de Danse Sportive \u00e0 Aire-sur-la-Lys et \u00e0 Saint-Jans-Cappel (Hauts-de-France)\",\"description\":\"Cours de Danse Sportive STANDARD (valse anglaise, tango, valse viennoise, slowfox, quickstep), danses sportives LATINES (samba, chacha, rumba, paso doble, jive), danses de bal, danses de salons, danses de loisirs, salsa, rock 4 temps, rock 6 temps, danses en ligne, disco, \u2026 Lieu : Hazebrouck, Aire-sur-la-Lys, Saint-Jans-Cappel et Isbergues (Hauts-de-France) - Cours Particuliers dans les Hauts-de-France - Ouverture de bal de Mariage\",\"publisher\":{\"@id\":\"https:\/\/vpdanses.fr\/home\/bienvenue-chez-vp-danses-hazebrouck\/#organization\"},\"potentialAction\":[{\"@type\":\"SearchAction\",\"target\":{\"@type\":\"EntryPoint\",\"urlTemplate\":\"https:\/\/vpdanses.fr\/home\/bienvenue-chez-vp-danses-hazebrouck\/?s={search_term_string}\"},\"query-input\":{\"@type\":\"PropertyValueSpecification\",\"valueRequired\":true,\"valueName\":\"search_term_string\"}}],\"inLanguage\":\"fr-FR\"},{\"@type\":\"Organization\",\"@id\":\"https:\/\/vpdanses.fr\/home\/bienvenue-chez-vp-danses-hazebrouck\/#organization\",\"name\":\"VP DANSES, cours de Danse Sportive \u00e0 Aire-sur-la-Lys et \u00e0 Saint-Jans-Cappel (Hauts-de-France)\",\"url\":\"https:\/\/vpdanses.fr\/home\/bienvenue-chez-vp-danses-hazebrouck\/\",\"logo\":{\"@type\":\"ImageObject\",\"inLanguage\":\"fr-FR\",\"@id\":\"https:\/\/vpdanses.fr\/home\/bienvenue-chez-vp-danses-hazebrouck\/#\/schema\/logo\/image\/\",\"url\":\"https:\/\/vpdanses.fr\/wp-content\/uploads\/2024\/10\/logo_cadanse_asaintjans.jpeg\",\"contentUrl\":\"https:\/\/vpdanses.fr\/wp-content\/uploads\/2024\/10\/logo_cadanse_asaintjans.jpeg\",\"width\":225,\"height\":225,\"caption\":\"VP DANSES, cours de Danse Sportive \u00e0 Aire-sur-la-Lys et \u00e0 Saint-Jans-Cappel (Hauts-de-France)\"},\"image\":{\"@id\":\"https:\/\/vpdanses.fr\/home\/bienvenue-chez-vp-danses-hazebrouck\/#\/schema\/logo\/image\/\"}}]}<\/script>\n<!-- \/ Yoast SEO Premium plugin. -->","yoast_head_json":{"title":"Stages - VP DANSES, cours de Danse Sportive \u00e0 Aire-sur-la-Lys et \u00e0 Saint-Jans-Cappel (Hauts-de-France)","description":"L'objectif de VP DANSES est de promouvoir la Danse Sportive en proposant aux amoureux de la danse \u00e0 deux des stages d'initiation ou de perfectionnement.","robots":{"index":"index","follow":"follow","max-snippet":"max-snippet:-1","max-image-preview":"max-image-preview:large","max-video-preview":"max-video-preview:-1"},"canonical":"https:\/\/vpdanses.fr\/home\/bienvenue-chez-vp-danses-hazebrouck\/stages-danse-sportive\/","og_locale":"fr_FR","og_type":"article","og_title":"Stages de danses VP DANSES \u00e0 AIRE-SUR-LA-LYS et \u00e0 SAINT-JANS-CAPPEL, EECKE, BOESCHEPE","og_description":"L'objectif de VP DANSES est de promouvoir la Danse Sportive en proposant aux amoureux de la danse \u00e0 deux des stages d'initiation ou de perfectionnement.","og_url":"https:\/\/vpdanses.fr\/home\/bienvenue-chez-vp-danses-hazebrouck\/stages-danse-sportive\/","og_site_name":"VP DANSES, cours de Danse Sportive \u00e0 Aire-sur-la-Lys et \u00e0 Saint-Jans-Cappel (Hauts-de-France)","article_modified_time":"2026-04-22T05:47:49+00:00","og_image":[{"width":512,"height":512,"url":"https:\/\/vpdanses.fr\/wp-content\/uploads\/2025\/02\/cropped-2025-02-14.logo_VPdanses_FSD_WDO.png","type":"image\/png"}],"twitter_card":"summary_large_image","twitter_title":"Stages","twitter_misc":{"Dur\u00e9e de lecture estim\u00e9e":"3 minutes"},"schema":{"@context":"https:\/\/schema.org","@graph":[{"@type":"WebPage","@id":"https:\/\/vpdanses.fr\/home\/bienvenue-chez-vp-danses-hazebrouck\/stages-danse-sportive\/","url":"https:\/\/vpdanses.fr\/home\/bienvenue-chez-vp-danses-hazebrouck\/stages-danse-sportive\/","name":"Stages - VP DANSES, cours de Danse Sportive \u00e0 Aire-sur-la-Lys et \u00e0 Saint-Jans-Cappel (Hauts-de-France)","isPartOf":{"@id":"https:\/\/vpdanses.fr\/home\/bienvenue-chez-vp-danses-hazebrouck\/#website"},"datePublished":"2025-06-08T18:10:55+00:00","dateModified":"2026-04-22T05:47:49+00:00","description":"L'objectif de VP DANSES est de promouvoir la Danse Sportive en proposant aux amoureux de la danse \u00e0 deux des stages d'initiation ou de perfectionnement.","breadcrumb":{"@id":"https:\/\/vpdanses.fr\/home\/bienvenue-chez-vp-danses-hazebrouck\/stages-danse-sportive\/#breadcrumb"},"inLanguage":"fr-FR","potentialAction":[{"@type":"ReadAction","target":["https:\/\/vpdanses.fr\/home\/bienvenue-chez-vp-danses-hazebrouck\/stages-danse-sportive\/"]}]},{"@type":"BreadcrumbList","@id":"https:\/\/vpdanses.fr\/home\/bienvenue-chez-vp-danses-hazebrouck\/stages-danse-sportive\/#breadcrumb","itemListElement":[{"@type":"ListItem","position":1,"name":"Accueil","item":"https:\/\/vpdanses.fr\/home\/bienvenue-chez-vp-danses-hazebrouck\/"},{"@type":"ListItem","position":2,"name":"Stages"}]},{"@type":"WebSite","@id":"https:\/\/vpdanses.fr\/home\/bienvenue-chez-vp-danses-hazebrouck\/#website","url":"https:\/\/vpdanses.fr\/home\/bienvenue-chez-vp-danses-hazebrouck\/","name":"VP DANSES, cours de Danse Sportive \u00e0 Aire-sur-la-Lys et \u00e0 Saint-Jans-Cappel (Hauts-de-France)","description":"Cours de Danse Sportive STANDARD (valse anglaise, tango, valse viennoise, slowfox, quickstep), danses sportives LATINES (samba, chacha, rumba, paso doble, jive), danses de bal, danses de salons, danses de loisirs, salsa, rock 4 temps, rock 6 temps, danses en ligne, disco, \u2026 Lieu : Hazebrouck, Aire-sur-la-Lys, Saint-Jans-Cappel et Isbergues (Hauts-de-France) - Cours Particuliers dans les Hauts-de-France - Ouverture de bal de Mariage","publisher":{"@id":"https:\/\/vpdanses.fr\/home\/bienvenue-chez-vp-danses-hazebrouck\/#organization"},"potentialAction":[{"@type":"SearchAction","target":{"@type":"EntryPoint","urlTemplate":"https:\/\/vpdanses.fr\/home\/bienvenue-chez-vp-danses-hazebrouck\/?s={search_term_string}"},"query-input":{"@type":"PropertyValueSpecification","valueRequired":true,"valueName":"search_term_string"}}],"inLanguage":"fr-FR"},{"@type":"Organization","@id":"https:\/\/vpdanses.fr\/home\/bienvenue-chez-vp-danses-hazebrouck\/#organization","name":"VP DANSES, cours de Danse Sportive \u00e0 Aire-sur-la-Lys et \u00e0 Saint-Jans-Cappel (Hauts-de-France)","url":"https:\/\/vpdanses.fr\/home\/bienvenue-chez-vp-danses-hazebrouck\/","logo":{"@type":"ImageObject","inLanguage":"fr-FR","@id":"https:\/\/vpdanses.fr\/home\/bienvenue-chez-vp-danses-hazebrouck\/#\/schema\/logo\/image\/","url":"https:\/\/vpdanses.fr\/wp-content\/uploads\/2024\/10\/logo_cadanse_asaintjans.jpeg","contentUrl":"https:\/\/vpdanses.fr\/wp-content\/uploads\/2024\/10\/logo_cadanse_asaintjans.jpeg","width":225,"height":225,"caption":"VP DANSES, cours de Danse Sportive \u00e0 Aire-sur-la-Lys et \u00e0 Saint-Jans-Cappel (Hauts-de-France)"},"image":{"@id":"https:\/\/vpdanses.fr\/home\/bienvenue-chez-vp-danses-hazebrouck\/#\/schema\/logo\/image\/"}}]}},"uagb_featured_image_src":{"full":false,"thumbnail":false,"medium":false,"medium_large":false,"large":false,"1536x1536":false,"2048x2048":false,"vp_sm":false,"vp_md":false,"vp_lg":false,"vp_xl":false,"vp_sm_popup":false,"vp_md_popup":false,"vp_xl_popup":false,"dance-blog-thumb":false,"dance-event-list":false,"dance-event-single-type1":false,"dance-event-single-type4":false,"dance-event-single-type5":false,"dance-event-list2":false},"uagb_author_info":{"display_name":"VP DANSES","author_link":"https:\/\/vpdanses.fr\/home\/bienvenue-chez-vp-danses-hazebrouck\/author\/adminvp20241018\/"},"uagb_comment_info":0,"uagb_excerpt":"[vc_row][vc_column][vc_column_text css=\u00a0\u00bb\u00a0\u00bb css_animation=\u00a0\u00bbflash\u00a0\u00bb] VP DANSES organise r\u00e9guli\u00e8rement des stages de danse sportive, de Salsa et de Rock dans dans le d\u00e9partement du Nord ou dans le d\u00e9partement du Pas-de-Calais, notamment [&hellip;]","jetpack_sharing_enabled":true,"ticketed":false,"_links":{"self":[{"href":"https:\/\/vpdanses.fr\/home\/bienvenue-chez-vp-danses-hazebrouck\/wp-json\/wp\/v2\/pages\/13484","targetHints":{"allow":["GET"]}}],"collection":[{"href":"https:\/\/vpdanses.fr\/home\/bienvenue-chez-vp-danses-hazebrouck\/wp-json\/wp\/v2\/pages"}],"about":[{"href":"https:\/\/vpdanses.fr\/home\/bienvenue-chez-vp-danses-hazebrouck\/wp-json\/wp\/v2\/types\/page"}],"author":[{"embeddable":true,"href":"https:\/\/vpdanses.fr\/home\/bienvenue-chez-vp-danses-hazebrouck\/wp-json\/wp\/v2\/users\/1"}],"replies":[{"embeddable":true,"href":"https:\/\/vpdanses.fr\/home\/bienvenue-chez-vp-danses-hazebrouck\/wp-json\/wp\/v2\/comments?post=13484"}],"version-history":[{"count":39,"href":"https:\/\/vpdanses.fr\/home\/bienvenue-chez-vp-danses-hazebrouck\/wp-json\/wp\/v2\/pages\/13484\/revisions"}],"predecessor-version":[{"id":14935,"href":"https:\/\/vpdanses.fr\/home\/bienvenue-chez-vp-danses-hazebrouck\/wp-json\/wp\/v2\/pages\/13484\/revisions\/14935"}],"wp:attachment":[{"href":"https:\/\/vpdanses.fr\/home\/bienvenue-chez-vp-danses-hazebrouck\/wp-json\/wp\/v2\/media?parent=13484"}],"curies":[{"name":"wp","href":"https:\/\/api.w.org\/{rel}","templated":true}]}}