{"id":9073,"date":"2024-10-19T23:07:41","date_gmt":"2024-10-19T21:07:41","guid":{"rendered":"https:\/\/vpdanses.fr\/?page_id=9073"},"modified":"2025-09-24T15:27:36","modified_gmt":"2025-09-24T13:27:36","slug":"danse-sportive-danses-a-deux-danses-en-couple-aire-sur-la-lys-saint-jans-cappel","status":"publish","type":"page","link":"https:\/\/vpdanses.fr\/home\/bienvenue-chez-vp-danses-hazebrouck\/","title":{"rendered":"Bienvenue chez VP danses"},"content":{"rendered":"<div class=\"wpb-content-wrapper\"><p>[vc_row content_placement=\u00a0\u00bbmiddle\u00a0\u00bb][vc_column el_align=\u00a0\u00bbcenter\u00a0\u00bb]\n\t\t\t<!-- START danses de salon loisirs Hazebrouck REVOLUTION SLIDER 6.7.28 --><p class=\"rs-p-wp-fix\"><\/p>\n\t\t\t<rs-module-wrap id=\"rev_slider_2_1_wrapper\" data-source=\"gallery\" style=\"visibility:hidden;background:transparent;padding:0;margin:0px auto;margin-top:0;margin-bottom:0;\">\n\t\t\t\t<rs-module id=\"rev_slider_2_1\" style=\"\" data-version=\"6.7.28\">\n\t\t\t\t\t<rs-slides style=\"overflow: hidden; position: absolute;\">\n\t\t\t\t\t\t<rs-slide style=\"position: absolute;\" data-key=\"rs-27\" data-title=\"Slide\" data-in=\"o:0;\" data-out=\"a:false;\">\n\t\t\t\t\t\t\t<img decoding=\"async\" src=\"\/\/vpdanses.fr\/wp-content\/plugins\/revslider\/sr6\/assets\/assets\/dummy.png\" alt=\"Slide\" title=\"Bienvenue chez VP danses\" class=\"rev-slidebg tp-rs-img rs-lazyload\" data-lazyload=\"\/\/vpdanses.fr\/wp-content\/plugins\/revslider\/sr6\/assets\/assets\/transparent.png\" data-parallax=\"off\" data-no-retina>\n<!--\n\t\t\t\t\t\t\t--><rs-layer\n\t\t\t\t\t\t\t\tid=\"slider-2-slide-27-layer-1\" \n\t\t\t\t\t\t\t\tdata-type=\"text\"\n\t\t\t\t\t\t\t\tdata-color=\"#fff\"\n\t\t\t\t\t\t\t\tdata-tsh=\"c:rgba(0,0,0,0.75);v:10px;b:10px;\"\n\t\t\t\t\t\t\t\tdata-rsp_ch=\"on\"\n\t\t\t\t\t\t\t\tdata-xy=\"x:c;xo:-324px;y:107px;\"\n\t\t\t\t\t\t\t\tdata-text=\"w:normal;s:41;l:51;fw:900;a:center;\"\n\t\t\t\t\t\t\t\tdata-dim=\"w:696;\"\n\t\t\t\t\t\t\t\tdata-frame_999=\"o:0;st:w;\"\n\t\t\t\t\t\t\t\tstyle=\"z-index:13;font-family:'Roboto';text-transform:uppercase;\"\n\t\t\t\t\t\t\t>Danse Sportive \n\t\t\t\t\t\t\t<\/rs-layer><!--\n\n\t\t\t\t\t\t\t--><a\n\t\t\t\t\t\t\t\tid=\"slider-2-slide-27-layer-3\" \n\t\t\t\t\t\t\t\tclass=\"rs-layer rev-btn\"\n\t\t\t\t\t\t\t\thref=\"https:\/\/vpdanses.fr\/home\/bienvenue-chez-vp-danses-hazebrouck\/formulaire-de-contact\/\" target=\"_self\"\n\t\t\t\t\t\t\t\tdata-type=\"button\"\n\t\t\t\t\t\t\t\tdata-color=\"#ffffff\"\n\t\t\t\t\t\t\t\tdata-rsp_ch=\"on\"\n\t\t\t\t\t\t\t\tdata-xy=\"x:194px;y:590px;\"\n\t\t\t\t\t\t\t\tdata-text=\"w:normal;s:39;l:98;fw:500;a:center;\"\n\t\t\t\t\t\t\t\tdata-dim=\"w:328px;h:98px;\"\n\t\t\t\t\t\t\t\tdata-padding=\"r:39;l:39;\"\n\t\t\t\t\t\t\t\tdata-frame_999=\"o:0;st:w;\"\n\t\t\t\t\t\t\t\tdata-frame_hover=\"c:#000;bgc:#fff;bor:0px,0px,0px,0px;sp:200;e:power1.inOut;\"\n\t\t\t\t\t\t\t\tstyle=\"z-index:9;background-color:rgba(0,0,0,1);font-family:'Roboto';\"\n\t\t\t\t\t\t\t>Plus d'infos \n\t\t\t\t\t\t\t<\/a><!--\n\n\t\t\t\t\t\t\t--><rs-layer\n\t\t\t\t\t\t\t\tid=\"slider-2-slide-27-layer-5\" \n\t\t\t\t\t\t\t\tdata-type=\"shape\"\n\t\t\t\t\t\t\t\tdata-rsp_ch=\"on\"\n\t\t\t\t\t\t\t\tdata-xy=\"x:-6px;y:-1px;\"\n\t\t\t\t\t\t\t\tdata-text=\"w:normal;\"\n\t\t\t\t\t\t\t\tdata-dim=\"w:100%;h:100%;\"\n\t\t\t\t\t\t\t\tdata-actions='o:click;a:pauseslider;'\n\t\t\t\t\t\t\t\tdata-basealign=\"slide\"\n\t\t\t\t\t\t\t\tdata-border=\"bor:1px,10px,0,0;\"\n\t\t\t\t\t\t\t\tdata-frame_999=\"o:0;st:w;\"\n\t\t\t\t\t\t\t\tstyle=\"z-index:8;background-color:rgba(0,0,0,0.3);\"\n\t\t\t\t\t\t\t> \n\t\t\t\t\t\t\t<\/rs-layer><!--\n\n\t\t\t\t\t\t\t--><rs-layer\n\t\t\t\t\t\t\t\tid=\"slider-2-slide-27-layer-13\" \n\t\t\t\t\t\t\t\tdata-type=\"button\"\n\t\t\t\t\t\t\t\tdata-color=\"#333333\"\n\t\t\t\t\t\t\t\tdata-bsh=\"c:rgba(0,0,0,0.5);\"\n\t\t\t\t\t\t\t\tdata-rsp_ch=\"on\"\n\t\t\t\t\t\t\t\tdata-xy=\"x:65px;y:597px;\"\n\t\t\t\t\t\t\t\tdata-text=\"w:normal;s:26;l:80;a:center;\"\n\t\t\t\t\t\t\t\tdata-dim=\"w:80;h:80;minw:80;minh:80;\"\n\t\t\t\t\t\t\t\tdata-actions='o:click;a:jumptoslide;slide:previous;'\n\t\t\t\t\t\t\t\tdata-btrans=\"rZ:300;iosfx:r;\"\n\t\t\t\t\t\t\t\tdata-border=\"bor:50%,50%,50%,50%;\"\n\t\t\t\t\t\t\t\tdata-frame_999=\"o:0;st:w;\"\n\t\t\t\t\t\t\t\tstyle=\"z-index:11;background-color:#ffffff;font-family:'Roboto';text-transform:uppercase;\"\n\t\t\t\t\t\t\t><i class=\"fa-play\"><\/i> \n\t\t\t\t\t\t\t<\/rs-layer><!--\n\n\t\t\t\t\t\t\t--><rs-layer\n\t\t\t\t\t\t\t\tid=\"slider-2-slide-27-layer-14\" \n\t\t\t\t\t\t\t\tdata-type=\"text\"\n\t\t\t\t\t\t\t\tdata-color=\"#fff\"\n\t\t\t\t\t\t\t\tdata-bsh=\"h:2px;b:5px;\"\n\t\t\t\t\t\t\t\tdata-tsh=\"c:rgba(0,0,0,0.75);h:5px;b:10px;\"\n\t\t\t\t\t\t\t\tdata-rsp_ch=\"on\"\n\t\t\t\t\t\t\t\tdata-xy=\"x:670px;y:14px;\"\n\t\t\t\t\t\t\t\tdata-text=\"w:normal;s:28;l:32;ls:-1;fw:800;\"\n\t\t\t\t\t\t\t\tdata-frame_999=\"o:0;st:w;\"\n\t\t\t\t\t\t\t\tstyle=\"z-index:12;font-family:'Poppins';\"\n\t\t\t\t\t\t\t>Rock Moderne & Salsa \n\t\t\t\t\t\t\t<\/rs-layer><!--\n\n\t\t\t\t\t\t\t--><rs-layer\n\t\t\t\t\t\t\t\tid=\"slider-2-slide-27-layer-15\" \n\t\t\t\t\t\t\t\tdata-type=\"image\"\n\t\t\t\t\t\t\t\tdata-rsp_ch=\"on\"\n\t\t\t\t\t\t\t\tdata-text=\"w:normal;\"\n\t\t\t\t\t\t\t\tdata-dim=\"w:100%;h:100%;\"\n\t\t\t\t\t\t\t\tdata-basealign=\"slide\"\n\t\t\t\t\t\t\t\tdata-frame_999=\"o:0;st:w;\"\n\t\t\t\t\t\t\t\tstyle=\"z-index:7;\"\n\t\t\t\t\t\t\t><img decoding=\"async\" src=\"\/\/vpdanses.fr\/wp-content\/plugins\/revslider\/sr6\/assets\/assets\/dummy.png\" alt=\"\" class=\"tp-rs-img rs-lazyload\" width=\"1920\" height=\"1129\" data-lazyload=\"\/\/vpdanses.fr\/wp-content\/uploads\/2025\/08\/vp-danses-activites-danse-sportive-sociale-ouvertures-bal-nord-pas-de-calais.jpg\" data-c=\"cover-proportional\" data-no-retina> \n\t\t\t\t\t\t\t<\/rs-layer><!--\n\n\t\t\t\t\t\t\t--><rs-layer\n\t\t\t\t\t\t\t\tid=\"slider-2-slide-27-layer-16\" \n\t\t\t\t\t\t\t\tdata-type=\"text\"\n\t\t\t\t\t\t\t\tdata-color=\"#fff\"\n\t\t\t\t\t\t\t\tdata-tsh=\"c:rgba(0,0,0,0.75);h:7px;v:7px;b:10px;\"\n\t\t\t\t\t\t\t\tdata-rsp_ch=\"on\"\n\t\t\t\t\t\t\t\tdata-xy=\"x:25px;y:-12px;\"\n\t\t\t\t\t\t\t\tdata-text=\"w:normal;s:106;l:118;ls:-5;fw:800;\"\n\t\t\t\t\t\t\t\tdata-dim=\"w:593;\"\n\t\t\t\t\t\t\t\tdata-frame_999=\"o:0;st:w;\"\n\t\t\t\t\t\t\t\tstyle=\"z-index:15;font-family:'Poppins';\"\n\t\t\t\t\t\t\t>VP DANSES \n\t\t\t\t\t\t\t<\/rs-layer><!--\n\n\t\t\t\t\t\t\t--><rs-layer\n\t\t\t\t\t\t\t\tid=\"slider-2-slide-27-layer-22\" \n\t\t\t\t\t\t\t\tdata-type=\"button\"\n\t\t\t\t\t\t\t\tdata-color=\"#333333\"\n\t\t\t\t\t\t\t\tdata-bsh=\"c:rgba(0,0,0,0.5);\"\n\t\t\t\t\t\t\t\tdata-rsp_ch=\"on\"\n\t\t\t\t\t\t\t\tdata-xy=\"x:556px;y:592px;\"\n\t\t\t\t\t\t\t\tdata-text=\"w:normal;s:28;l:84;a:center;\"\n\t\t\t\t\t\t\t\tdata-dim=\"w:93;h:84;minw:84;minh:84;\"\n\t\t\t\t\t\t\t\tdata-actions='o:click;a:jumptoslide;slide:next;'\n\t\t\t\t\t\t\t\tdata-border=\"bor:50%,50%,50%,50%;\"\n\t\t\t\t\t\t\t\tdata-frame_999=\"o:0;st:w;\"\n\t\t\t\t\t\t\t\tstyle=\"z-index:10;background-color:#ffffff;font-family:'Roboto';text-transform:uppercase;\"\n\t\t\t\t\t\t\t><i class=\"fa-play\"><\/i> \n\t\t\t\t\t\t\t<\/rs-layer><!--\n\n\t\t\t\t\t\t\t--><rs-layer\n\t\t\t\t\t\t\t\tid=\"slider-2-slide-27-layer-26\" \n\t\t\t\t\t\t\t\tdata-type=\"text\"\n\t\t\t\t\t\t\t\tdata-color=\"#fff\"\n\t\t\t\t\t\t\t\tdata-rsp_ch=\"on\"\n\t\t\t\t\t\t\t\tdata-xy=\"x:710px;y:69px;\"\n\t\t\t\t\t\t\t\tdata-text=\"w:normal;s:32;l:40;fw:900;\"\n\t\t\t\t\t\t\t\tdata-basealign=\"slide\"\n\t\t\t\t\t\t\t\tdata-frame_999=\"o:0;st:w;\"\n\t\t\t\t\t\t\t\tstyle=\"z-index:14;font-family:'Roboto';text-transform:uppercase;\"\n\t\t\t\t\t\t\t>Animations  \n\t\t\t\t\t\t\t<\/rs-layer><!--\n\n\t\t\t\t\t\t\t--><rs-layer\n\t\t\t\t\t\t\t\tid=\"slider-2-slide-27-layer-27\" \n\t\t\t\t\t\t\t\tdata-type=\"image\"\n\t\t\t\t\t\t\t\tdata-rsp_ch=\"on\"\n\t\t\t\t\t\t\t\tdata-xy=\"y:-68px;\"\n\t\t\t\t\t\t\t\tdata-text=\"w:normal;\"\n\t\t\t\t\t\t\t\tdata-dim=\"w:1623px;h:911px;\"\n\t\t\t\t\t\t\t\tdata-basealign=\"slide\"\n\t\t\t\t\t\t\t\tdata-frame_999=\"o:0;st:w;\"\n\t\t\t\t\t\t\t\tstyle=\"z-index:6;\"\n\t\t\t\t\t\t\t><img decoding=\"async\" src=\"\/\/vpdanses.fr\/wp-content\/plugins\/revslider\/sr6\/assets\/assets\/dummy.png\" alt=\"VP DANSES Hazebrouck, Isbergues, Aire-sur-la-Lys, Boesch\u00e8pe, Eecke\" class=\"tp-rs-img rs-lazyload\" width=\"1240\" height=\"696\" data-lazyload=\"\/\/vpdanses.fr\/wp-content\/uploads\/2025\/05\/MG_0289_W1240_chaussures_latines_noires.jpg\" data-no-retina> \n\t\t\t\t\t\t\t<\/rs-layer><!--\n\n\t\t\t\t\t\t\t--><rs-layer\n\t\t\t\t\t\t\t\tid=\"slider-2-slide-27-layer-28\" \n\t\t\t\t\t\t\t\tdata-type=\"text\"\n\t\t\t\t\t\t\t\tdata-color=\"#fff\"\n\t\t\t\t\t\t\t\tdata-rsp_ch=\"on\"\n\t\t\t\t\t\t\t\tdata-xy=\"x:41px;y:86px;\"\n\t\t\t\t\t\t\t\tdata-text=\"w:normal;s:28;l:35;fw:900;\"\n\t\t\t\t\t\t\t\tdata-frame_999=\"o:0;st:w;\"\n\t\t\t\t\t\t\t\tstyle=\"z-index:14;font-family:'Roboto';text-transform:uppercase;\"\n\t\t\t\t\t\t\t>Cours collectifs et Particuliers \n\t\t\t\t\t\t\t<\/rs-layer><!--\n\n\t\t\t\t\t\t\t--><rs-layer\n\t\t\t\t\t\t\t\tid=\"slider-2-slide-27-layer-31\" \n\t\t\t\t\t\t\t\tdata-type=\"text\"\n\t\t\t\t\t\t\t\tdata-color=\"#fff\"\n\t\t\t\t\t\t\t\tdata-bsh=\"h:3px;b:5px;\"\n\t\t\t\t\t\t\t\tdata-tsh=\"c:rgba(0,0,0,0.75);h:5px;b:10px;\"\n\t\t\t\t\t\t\t\tdata-rsp_ch=\"on\"\n\t\t\t\t\t\t\t\tdata-xy=\"x:619px;y:39px;\"\n\t\t\t\t\t\t\t\tdata-text=\"w:normal;s:31;l:36;ls:-1;fw:800;\"\n\t\t\t\t\t\t\t\tdata-frame_999=\"o:0;st:w;\"\n\t\t\t\t\t\t\t\tstyle=\"z-index:12;font-family:'Poppins';\"\n\t\t\t\t\t\t\t>Ouverture de Bal de Mariage \n\t\t\t\t\t\t\t<\/rs-layer><!--\n-->\t\t\t\t\t<\/rs-slide>\n\t\t\t\t\t\t<rs-slide style=\"position: absolute;\" data-key=\"rs-25\" data-title=\"Slide\" data-in=\"o:0;\" data-out=\"a:false;\">\n\t\t\t\t\t\t\t<img decoding=\"async\" src=\"\/\/vpdanses.fr\/wp-content\/plugins\/revslider\/sr6\/assets\/assets\/dummy.png\" alt=\"Slide\" title=\"Bienvenue chez VP danses\" class=\"rev-slidebg tp-rs-img rs-lazyload\" data-lazyload=\"\/\/vpdanses.fr\/wp-content\/plugins\/revslider\/sr6\/assets\/assets\/transparent.png\" data-parallax=\"off\" data-no-retina>\n<!--\n\t\t\t\t\t\t\t--><a\n\t\t\t\t\t\t\t\tid=\"slider-2-slide-25-layer-3\" \n\t\t\t\t\t\t\t\tclass=\"rs-layer rev-btn\"\n\t\t\t\t\t\t\t\thref=\"https:\/\/vpdanses.fr\/home\/bienvenue-chez-vp-danses-hazebrouck\/cours-collectifs-danses-aire-sur-la-lys-et-saint-jans-cappel\/\" target=\"_blank\" rel=\"noopener\"\n\t\t\t\t\t\t\t\tdata-type=\"button\"\n\t\t\t\t\t\t\t\tdata-color=\"#ffffff\"\n\t\t\t\t\t\t\t\tdata-rsp_ch=\"on\"\n\t\t\t\t\t\t\t\tdata-xy=\"x:260px;y:584px;\"\n\t\t\t\t\t\t\t\tdata-text=\"w:normal;s:39;l:98;fw:500;a:center;\"\n\t\t\t\t\t\t\t\tdata-dim=\"w:328px;h:98px;\"\n\t\t\t\t\t\t\t\tdata-padding=\"r:39;l:39;\"\n\t\t\t\t\t\t\t\tdata-frame_999=\"o:0;st:w;\"\n\t\t\t\t\t\t\t\tdata-frame_hover=\"c:#000;bgc:#fff;bor:0px,0px,0px,0px;sp:200;e:power1.inOut;\"\n\t\t\t\t\t\t\t\tstyle=\"z-index:9;background-color:rgba(0,0,0,1);font-family:'Roboto';\"\n\t\t\t\t\t\t\t>Plus d'infos \n\t\t\t\t\t\t\t<\/a><!--\n\n\t\t\t\t\t\t\t--><rs-layer\n\t\t\t\t\t\t\t\tid=\"slider-2-slide-25-layer-5\" \n\t\t\t\t\t\t\t\tdata-type=\"shape\"\n\t\t\t\t\t\t\t\tdata-rsp_ch=\"on\"\n\t\t\t\t\t\t\t\tdata-xy=\"x:-2px;y:4px;\"\n\t\t\t\t\t\t\t\tdata-text=\"w:normal;\"\n\t\t\t\t\t\t\t\tdata-dim=\"w:100%;h:100%;\"\n\t\t\t\t\t\t\t\tdata-actions='o:click;a:pauseslider;'\n\t\t\t\t\t\t\t\tdata-basealign=\"slide\"\n\t\t\t\t\t\t\t\tdata-border=\"bor:1px,10px,0,0;\"\n\t\t\t\t\t\t\t\tdata-frame_999=\"o:0;st:w;\"\n\t\t\t\t\t\t\t\tstyle=\"z-index:8;background-color:rgba(0,0,0,0.3);\"\n\t\t\t\t\t\t\t> \n\t\t\t\t\t\t\t<\/rs-layer><!--\n\n\t\t\t\t\t\t\t--><rs-layer\n\t\t\t\t\t\t\t\tid=\"slider-2-slide-25-layer-13\" \n\t\t\t\t\t\t\t\tdata-type=\"button\"\n\t\t\t\t\t\t\t\tdata-color=\"#333333\"\n\t\t\t\t\t\t\t\tdata-bsh=\"c:rgba(0,0,0,0.5);\"\n\t\t\t\t\t\t\t\tdata-rsp_ch=\"on\"\n\t\t\t\t\t\t\t\tdata-xy=\"x:136px;y:592px;\"\n\t\t\t\t\t\t\t\tdata-text=\"w:normal;s:26;l:80;a:center;\"\n\t\t\t\t\t\t\t\tdata-dim=\"w:80;h:80;minw:80;minh:80;\"\n\t\t\t\t\t\t\t\tdata-actions='o:click;a:jumptoslide;slide:previous;'\n\t\t\t\t\t\t\t\tdata-btrans=\"rZ:300;iosfx:r;\"\n\t\t\t\t\t\t\t\tdata-border=\"bor:50%,50%,50%,50%;\"\n\t\t\t\t\t\t\t\tdata-frame_999=\"o:0;st:w;\"\n\t\t\t\t\t\t\t\tstyle=\"z-index:12;background-color:#ffffff;font-family:'Roboto';text-transform:uppercase;\"\n\t\t\t\t\t\t\t><i class=\"fa-play\"><\/i> \n\t\t\t\t\t\t\t<\/rs-layer><!--\n\n\t\t\t\t\t\t\t--><rs-layer\n\t\t\t\t\t\t\t\tid=\"slider-2-slide-25-layer-16\" \n\t\t\t\t\t\t\t\tdata-type=\"text\"\n\t\t\t\t\t\t\t\tdata-color=\"#fff\"\n\t\t\t\t\t\t\t\tdata-tsh=\"c:rgba(0,0,0,0.75);h:7px;v:7px;b:10px;\"\n\t\t\t\t\t\t\t\tdata-rsp_ch=\"on\"\n\t\t\t\t\t\t\t\tdata-xy=\"x:938px;y:555px;\"\n\t\t\t\t\t\t\t\tdata-text=\"w:normal;s:22;ls:-1;fw:800;\"\n\t\t\t\t\t\t\t\tdata-dim=\"w:184;\"\n\t\t\t\t\t\t\t\tdata-frame_999=\"o:0;st:w;\"\n\t\t\t\t\t\t\t\tstyle=\"z-index:10;font-family:'Poppins';\"\n\t\t\t\t\t\t\t>Aire-sur-la-Lys \n\t\t\t\t\t\t\t<\/rs-layer><!--\n\n\t\t\t\t\t\t\t--><rs-layer\n\t\t\t\t\t\t\t\tid=\"slider-2-slide-25-layer-22\" \n\t\t\t\t\t\t\t\tdata-type=\"button\"\n\t\t\t\t\t\t\t\tdata-color=\"#333333\"\n\t\t\t\t\t\t\t\tdata-bsh=\"c:rgba(0,0,0,0.5);\"\n\t\t\t\t\t\t\t\tdata-rsp_ch=\"on\"\n\t\t\t\t\t\t\t\tdata-xy=\"x:649px;y:588px;\"\n\t\t\t\t\t\t\t\tdata-text=\"w:normal;s:28;l:84;a:center;\"\n\t\t\t\t\t\t\t\tdata-dim=\"w:93;h:84;minw:84;minh:84;\"\n\t\t\t\t\t\t\t\tdata-actions='o:click;a:jumptoslide;slide:next;'\n\t\t\t\t\t\t\t\tdata-border=\"bor:50%,50%,50%,50%;\"\n\t\t\t\t\t\t\t\tdata-frame_999=\"o:0;st:w;\"\n\t\t\t\t\t\t\t\tstyle=\"z-index:11;background-color:#ffffff;font-family:'Roboto';text-transform:uppercase;\"\n\t\t\t\t\t\t\t><i class=\"fa-play\"><\/i> \n\t\t\t\t\t\t\t<\/rs-layer><!--\n\n\t\t\t\t\t\t\t--><rs-layer\n\t\t\t\t\t\t\t\tid=\"slider-2-slide-25-layer-30\" \n\t\t\t\t\t\t\t\tdata-type=\"image\"\n\t\t\t\t\t\t\t\tdata-rsp_ch=\"on\"\n\t\t\t\t\t\t\t\tdata-text=\"w:normal;\"\n\t\t\t\t\t\t\t\tdata-dim=\"w:100%;h:100%;\"\n\t\t\t\t\t\t\t\tdata-basealign=\"slide\"\n\t\t\t\t\t\t\t\tdata-frame_999=\"o:0;st:w;\"\n\t\t\t\t\t\t\t\tstyle=\"z-index:7;\"\n\t\t\t\t\t\t\t><img decoding=\"async\" src=\"\/\/vpdanses.fr\/wp-content\/plugins\/revslider\/sr6\/assets\/assets\/dummy.png\" alt=\"Flyer cours de danse sportive VP DANSES saison 2025-2026 \u00e0 Planet'Aire Aire-sur-la-Lys pour enfants adultes seniors d\u00e9butants\" class=\"tp-rs-img rs-lazyload\" width=\"1280\" height=\"720\" data-lazyload=\"\/\/vpdanses.fr\/wp-content\/uploads\/2025\/08\/cours-collectifs-danse-sportive-aire-sur-la-lys-2025-2026-vp-danses-w1920.jpg\" data-c=\"cover-proportional\" data-no-retina> \n\t\t\t\t\t\t\t<\/rs-layer><!--\n\n\t\t\t\t\t\t\t--><rs-layer\n\t\t\t\t\t\t\t\tid=\"slider-2-slide-25-layer-34\" \n\t\t\t\t\t\t\t\tdata-type=\"image\"\n\t\t\t\t\t\t\t\tdata-rsp_ch=\"on\"\n\t\t\t\t\t\t\t\tdata-xy=\"x:913px;y:472px;\"\n\t\t\t\t\t\t\t\tdata-text=\"w:normal;\"\n\t\t\t\t\t\t\t\tdata-dim=\"w:205px;h:90px;\"\n\t\t\t\t\t\t\t\tdata-frame_999=\"o:0;st:w;\"\n\t\t\t\t\t\t\t\tstyle=\"z-index:14;\"\n\t\t\t\t\t\t\t><img decoding=\"async\" src=\"\/\/vpdanses.fr\/wp-content\/plugins\/revslider\/sr6\/assets\/assets\/dummy.png\" alt=\"\" class=\"tp-rs-img rs-lazyload\" width=\"755\" height=\"330\" data-lazyload=\"\/\/vpdanses.fr\/wp-content\/uploads\/2025\/08\/logo-planet-aire-aire-sur-la-lys-vp-danses-white.png\" data-no-retina> \n\t\t\t\t\t\t\t<\/rs-layer><!--\n-->\t\t\t\t\t<\/rs-slide>\n\t\t\t\t\t\t<rs-slide style=\"position: absolute;\" data-key=\"rs-26\" data-title=\"Slide\" data-in=\"o:0;\" data-out=\"a:false;\">\n\t\t\t\t\t\t\t<img decoding=\"async\" src=\"\/\/vpdanses.fr\/wp-content\/plugins\/revslider\/sr6\/assets\/assets\/dummy.png\" alt=\"Slide\" title=\"Bienvenue chez VP danses\" class=\"rev-slidebg tp-rs-img rs-lazyload\" data-lazyload=\"\/\/vpdanses.fr\/wp-content\/plugins\/revslider\/sr6\/assets\/assets\/transparent.png\" data-parallax=\"off\" data-no-retina>\n<!--\n\t\t\t\t\t\t\t--><rs-layer\n\t\t\t\t\t\t\t\tid=\"slider-2-slide-26-layer-1\" \n\t\t\t\t\t\t\t\tdata-type=\"text\"\n\t\t\t\t\t\t\t\tdata-color=\"#fff\"\n\t\t\t\t\t\t\t\tdata-tsh=\"c:rgba(0,0,0,0.75);v:10px;b:10px;\"\n\t\t\t\t\t\t\t\tdata-rsp_ch=\"on\"\n\t\t\t\t\t\t\t\tdata-xy=\"x:c;xo:-156px;y:320px;\"\n\t\t\t\t\t\t\t\tdata-text=\"w:normal;s:51;l:64;fw:900;a:center;\"\n\t\t\t\t\t\t\t\tdata-dim=\"w:870px;\"\n\t\t\t\t\t\t\t\tdata-frame_999=\"o:0;st:w;\"\n\t\t\t\t\t\t\t\tstyle=\"z-index:10;font-family:'Roboto';text-transform:uppercase;\"\n\t\t\t\t\t\t\t>Cours Collectifs de Danses \n\t\t\t\t\t\t\t<\/rs-layer><!--\n\n\t\t\t\t\t\t\t--><rs-layer\n\t\t\t\t\t\t\t\tid=\"slider-2-slide-26-layer-2\" \n\t\t\t\t\t\t\t\tdata-type=\"text\"\n\t\t\t\t\t\t\t\tdata-color=\"#fff\"\n\t\t\t\t\t\t\t\tdata-rsp_ch=\"on\"\n\t\t\t\t\t\t\t\tdata-xy=\"x:86px;y:462px;\"\n\t\t\t\t\t\t\t\tdata-text=\"w:normal;s:61;l:80;ls:-1;a:center;\"\n\t\t\t\t\t\t\t\tdata-dim=\"w:732px;\"\n\t\t\t\t\t\t\t\tdata-frame_999=\"o:0;st:w;\"\n\t\t\t\t\t\t\t\tstyle=\"z-index:9;font-family:'Shadows Into Light';\"\n\t\t\t\t\t\t\t>Pour les danseurs de tous \u00e2ges \n\t\t\t\t\t\t\t<\/rs-layer><!--\n\n\t\t\t\t\t\t\t--><a\n\t\t\t\t\t\t\t\tid=\"slider-2-slide-26-layer-3\" \n\t\t\t\t\t\t\t\tclass=\"rs-layer rev-btn\"\n\t\t\t\t\t\t\t\thref=\"https:\/\/vpdanses.fr\/home\/bienvenue-chez-vp-danses-hazebrouck\/cours-collectifs-danses-aire-sur-la-lys-et-saint-jans-cappel\/\" target=\"_blank\" rel=\"noopener\"\n\t\t\t\t\t\t\t\tdata-type=\"button\"\n\t\t\t\t\t\t\t\tdata-color=\"#ffffff\"\n\t\t\t\t\t\t\t\tdata-rsp_ch=\"on\"\n\t\t\t\t\t\t\t\tdata-xy=\"x:316px;y:590px;\"\n\t\t\t\t\t\t\t\tdata-text=\"w:normal;s:39;l:98;fw:500;a:center;\"\n\t\t\t\t\t\t\t\tdata-padding=\"r:39;l:39;\"\n\t\t\t\t\t\t\t\tdata-frame_999=\"o:0;st:w;\"\n\t\t\t\t\t\t\t\tdata-frame_hover=\"c:#000;bgc:#fff;bor:0px,0px,0px,0px;sp:200;e:power1.inOut;\"\n\t\t\t\t\t\t\t\tstyle=\"z-index:11;background-color:rgba(0,0,0,1);font-family:'Roboto';\"\n\t\t\t\t\t\t\t>Plus d'infos \n\t\t\t\t\t\t\t<\/a><!--\n\n\t\t\t\t\t\t\t--><rs-layer\n\t\t\t\t\t\t\t\tid=\"slider-2-slide-26-layer-5\" \n\t\t\t\t\t\t\t\tdata-type=\"shape\"\n\t\t\t\t\t\t\t\tdata-rsp_ch=\"on\"\n\t\t\t\t\t\t\t\tdata-xy=\"x:-18px;y:-4px;\"\n\t\t\t\t\t\t\t\tdata-text=\"w:normal;\"\n\t\t\t\t\t\t\t\tdata-dim=\"w:100%;h:100%;\"\n\t\t\t\t\t\t\t\tdata-actions='o:click;a:pauseslider;'\n\t\t\t\t\t\t\t\tdata-basealign=\"slide\"\n\t\t\t\t\t\t\t\tdata-border=\"bor:1px,10px,0,0;\"\n\t\t\t\t\t\t\t\tdata-frame_999=\"o:0;st:w;\"\n\t\t\t\t\t\t\t\tstyle=\"z-index:8;background-color:rgba(0,0,0,0.3);\"\n\t\t\t\t\t\t\t> \n\t\t\t\t\t\t\t<\/rs-layer><!--\n\n\t\t\t\t\t\t\t--><rs-layer\n\t\t\t\t\t\t\t\tid=\"slider-2-slide-26-layer-13\" \n\t\t\t\t\t\t\t\tdata-type=\"button\"\n\t\t\t\t\t\t\t\tdata-color=\"#333333\"\n\t\t\t\t\t\t\t\tdata-bsh=\"c:rgba(0,0,0,0.5);\"\n\t\t\t\t\t\t\t\tdata-rsp_ch=\"on\"\n\t\t\t\t\t\t\t\tdata-xy=\"x:180px;y:597px;\"\n\t\t\t\t\t\t\t\tdata-text=\"w:normal;s:26;l:80;a:center;\"\n\t\t\t\t\t\t\t\tdata-dim=\"w:80;h:80;minw:80;minh:80;\"\n\t\t\t\t\t\t\t\tdata-actions='o:click;a:jumptoslide;slide:previous;'\n\t\t\t\t\t\t\t\tdata-btrans=\"rZ:300;iosfx:r;\"\n\t\t\t\t\t\t\t\tdata-border=\"bor:50%,50%,50%,50%;\"\n\t\t\t\t\t\t\t\tdata-frame_999=\"o:0;st:w;\"\n\t\t\t\t\t\t\t\tstyle=\"z-index:16;background-color:#ffffff;font-family:'Roboto';text-transform:uppercase;\"\n\t\t\t\t\t\t\t><i class=\"fa-play\"><\/i> \n\t\t\t\t\t\t\t<\/rs-layer><!--\n\n\t\t\t\t\t\t\t--><rs-layer\n\t\t\t\t\t\t\t\tid=\"slider-2-slide-26-layer-16\" \n\t\t\t\t\t\t\t\tdata-type=\"text\"\n\t\t\t\t\t\t\t\tdata-color=\"#fff\"\n\t\t\t\t\t\t\t\tdata-tsh=\"c:rgba(0,0,0,0.75);h:7px;v:7px;b:10px;\"\n\t\t\t\t\t\t\t\tdata-rsp_ch=\"on\"\n\t\t\t\t\t\t\t\tdata-xy=\"x:57px;y:376px;\"\n\t\t\t\t\t\t\t\tdata-text=\"w:normal;s:86;l:96;ls:-4;fw:800;\"\n\t\t\t\t\t\t\t\tdata-frame_999=\"o:0;st:w;\"\n\t\t\t\t\t\t\t\tstyle=\"z-index:13;font-family:'Poppins';\"\n\t\t\t\t\t\t\t>Saint-Jans-Cappel \n\t\t\t\t\t\t\t<\/rs-layer><!--\n\n\t\t\t\t\t\t\t--><rs-layer\n\t\t\t\t\t\t\t\tid=\"slider-2-slide-26-layer-17\" \n\t\t\t\t\t\t\t\tdata-type=\"image\"\n\t\t\t\t\t\t\t\tdata-rsp_ch=\"on\"\n\t\t\t\t\t\t\t\tdata-xy=\"x:-1px;y:-3px;\"\n\t\t\t\t\t\t\t\tdata-text=\"w:normal;\"\n\t\t\t\t\t\t\t\tdata-dim=\"w:1609px;h:903px;\"\n\t\t\t\t\t\t\t\tdata-basealign=\"slide\"\n\t\t\t\t\t\t\t\tdata-frame_999=\"o:0;st:w;\"\n\t\t\t\t\t\t\t\tstyle=\"z-index:6;\"\n\t\t\t\t\t\t\t><img decoding=\"async\" src=\"\/\/vpdanses.fr\/wp-content\/plugins\/revslider\/sr6\/assets\/assets\/dummy.png\" alt=\"VP DANSES Hazebrouck partenaire de PLANET'AIRE, Aire-sur-la-Lys (62120)\" class=\"tp-rs-img rs-lazyload\" width=\"1240\" height=\"696\" data-lazyload=\"\/\/vpdanses.fr\/wp-content\/uploads\/2025\/05\/slider_PLANET-AIRE-et_VP-danses.jpg\" data-no-retina> \n\t\t\t\t\t\t\t<\/rs-layer><!--\n\n\t\t\t\t\t\t\t--><rs-layer\n\t\t\t\t\t\t\t\tid=\"slider-2-slide-26-layer-18\" \n\t\t\t\t\t\t\t\tdata-type=\"image\"\n\t\t\t\t\t\t\t\tdata-rsp_ch=\"on\"\n\t\t\t\t\t\t\t\tdata-text=\"w:normal;\"\n\t\t\t\t\t\t\t\tdata-dim=\"w:100%;h:100%;\"\n\t\t\t\t\t\t\t\tdata-basealign=\"slide\"\n\t\t\t\t\t\t\t\tdata-frame_999=\"o:0;st:w;\"\n\t\t\t\t\t\t\t\tstyle=\"z-index:7;\"\n\t\t\t\t\t\t\t><img decoding=\"async\" src=\"\/\/vpdanses.fr\/wp-content\/plugins\/revslider\/sr6\/assets\/assets\/dummy.png\" alt=\"VP DANSES Hazebrouck partenaire de CA DANSE A SAINT-JANS, Saint-Jans-Cappel (59270)\" class=\"tp-rs-img rs-lazyload\" width=\"1240\" height=\"696\" data-lazyload=\"\/\/vpdanses.fr\/wp-content\/uploads\/2025\/05\/slider_CADANSESTJANS-et_VP-danses.jpg\" data-c=\"cover\" data-no-retina> \n\t\t\t\t\t\t\t<\/rs-layer><!--\n\n\t\t\t\t\t\t\t--><rs-layer\n\t\t\t\t\t\t\t\tid=\"slider-2-slide-26-layer-20\" \n\t\t\t\t\t\t\t\tdata-type=\"text\"\n\t\t\t\t\t\t\t\tdata-color=\"#fff\"\n\t\t\t\t\t\t\t\tdata-tsh=\"c:rgba(0,0,0,0.75);v:10px;b:10px;\"\n\t\t\t\t\t\t\t\tdata-rsp_ch=\"on\"\n\t\t\t\t\t\t\t\tdata-xy=\"x:12px;y:271px;\"\n\t\t\t\t\t\t\t\tdata-text=\"w:normal;s:36;l:40;ls:1;fw:500;\"\n\t\t\t\t\t\t\t\tdata-dim=\"minh:0px;\"\n\t\t\t\t\t\t\t\tdata-frame_999=\"o:0;st:w;\"\n\t\t\t\t\t\t\t\tstyle=\"z-index:14;font-family:'Roboto';\"\n\t\t\t\t\t\t\t>NOUVEAU ! A partir de la rentr\u00e9e scolaire 2025\/2026 \n\t\t\t\t\t\t\t<\/rs-layer><!--\n\n\t\t\t\t\t\t\t--><rs-layer\n\t\t\t\t\t\t\t\tid=\"slider-2-slide-26-layer-22\" \n\t\t\t\t\t\t\t\tdata-type=\"button\"\n\t\t\t\t\t\t\t\tdata-color=\"#333333\"\n\t\t\t\t\t\t\t\tdata-bsh=\"c:rgba(0,0,0,0.5);\"\n\t\t\t\t\t\t\t\tdata-rsp_ch=\"on\"\n\t\t\t\t\t\t\t\tdata-xy=\"x:638px;y:598px;\"\n\t\t\t\t\t\t\t\tdata-text=\"w:normal;s:28;l:84;a:center;\"\n\t\t\t\t\t\t\t\tdata-dim=\"w:93;h:84;minw:84;minh:84;\"\n\t\t\t\t\t\t\t\tdata-actions='o:click;a:jumptoslide;slide:next;'\n\t\t\t\t\t\t\t\tdata-border=\"bor:50%,50%,50%,50%;\"\n\t\t\t\t\t\t\t\tdata-frame_999=\"o:0;st:w;\"\n\t\t\t\t\t\t\t\tstyle=\"z-index:15;background-color:#ffffff;font-family:'Roboto';text-transform:uppercase;\"\n\t\t\t\t\t\t\t><i class=\"fa-play\"><\/i> \n\t\t\t\t\t\t\t<\/rs-layer><!--\n-->\t\t\t\t\t<\/rs-slide>\n\t\t\t\t\t\t<rs-slide style=\"position: absolute;\" data-key=\"rs-4\" data-title=\"Slide\" data-in=\"o:0;\" data-out=\"a:false;\">\n\t\t\t\t\t\t\t<img decoding=\"async\" src=\"\/\/vpdanses.fr\/wp-content\/plugins\/revslider\/sr6\/assets\/assets\/dummy.png\" alt=\"Slide\" title=\"Bienvenue chez VP danses\" class=\"rev-slidebg tp-rs-img rs-lazyload\" data-lazyload=\"\/\/vpdanses.fr\/wp-content\/plugins\/revslider\/sr6\/assets\/assets\/transparent.png\" data-parallax=\"off\" data-no-retina>\n<!--\n\t\t\t\t\t\t\t--><rs-layer\n\t\t\t\t\t\t\t\tid=\"slider-2-slide-4-layer-0\" \n\t\t\t\t\t\t\t\tdata-type=\"image\"\n\t\t\t\t\t\t\t\tdata-rsp_ch=\"on\"\n\t\t\t\t\t\t\t\tdata-xy=\"x:-52px;y:-1px;\"\n\t\t\t\t\t\t\t\tdata-text=\"w:normal;\"\n\t\t\t\t\t\t\t\tdata-dim=\"w:100%;h:100%;\"\n\t\t\t\t\t\t\t\tdata-actions='o:click;a:jumptoslide;slide:next;'\n\t\t\t\t\t\t\t\tdata-basealign=\"slide\"\n\t\t\t\t\t\t\t\tdata-frame_0=\"x:ran(-250|250);y:ran(-150|150);sX:ran(0|1.5);sY:ran(0|1.5);rX:ran(-90|90);rY:ran(-90|90);rZ:ran(-90|90);\"\n\t\t\t\t\t\t\t\tdata-frame_1=\"e:power4.inOut;sp:1500;\"\n\t\t\t\t\t\t\t\tdata-frame_999=\"o:0;st:w;\"\n\t\t\t\t\t\t\t\tstyle=\"z-index:6;\"\n\t\t\t\t\t\t\t><img decoding=\"async\" src=\"\/\/vpdanses.fr\/wp-content\/plugins\/revslider\/sr6\/assets\/assets\/dummy.png\" alt=\"Danses de salon Hazebrouck, danses sportives hazebrouck, VP Danses\" class=\"tp-rs-img rs-lazyload\" width=\"1240\" height=\"788\" data-lazyload=\"\/\/vpdanses.fr\/wp-content\/uploads\/2024\/12\/MG_0277_W1240_chaussures_latines_noires.jpg\" data-c=\"cover\" data-no-retina> \n\t\t\t\t\t\t\t<\/rs-layer><!--\n\n\t\t\t\t\t\t\t--><rs-layer\n\t\t\t\t\t\t\t\tid=\"slider-2-slide-4-layer-1\" \n\t\t\t\t\t\t\t\tdata-type=\"text\"\n\t\t\t\t\t\t\t\tdata-color=\"#fff\"\n\t\t\t\t\t\t\t\tdata-tsh=\"c:rgba(0,0,0,0.75);v:10px;b:10px;\"\n\t\t\t\t\t\t\t\tdata-rsp_ch=\"on\"\n\t\t\t\t\t\t\t\tdata-xy=\"x:4px;y:95px;\"\n\t\t\t\t\t\t\t\tdata-text=\"w:normal;s:68;l:76;ls:-4;fw:800;a:center;\"\n\t\t\t\t\t\t\t\tdata-frame_999=\"o:0;st:w;\"\n\t\t\t\t\t\t\t\tstyle=\"z-index:8;font-family:'Poppins';\"\n\t\t\t\t\t\t\t>Cours Particuliers de Danses \n\t\t\t\t\t\t\t<\/rs-layer><!--\n\n\t\t\t\t\t\t\t--><rs-layer\n\t\t\t\t\t\t\t\tid=\"slider-2-slide-4-layer-2\" \n\t\t\t\t\t\t\t\tdata-type=\"text\"\n\t\t\t\t\t\t\t\tdata-color=\"#fff\"\n\t\t\t\t\t\t\t\tdata-rsp_ch=\"on\"\n\t\t\t\t\t\t\t\tdata-xy=\"x:104px;y:281px;\"\n\t\t\t\t\t\t\t\tdata-text=\"w:normal;s:61;l:80;ls:-1;a:center;\"\n\t\t\t\t\t\t\t\tdata-dim=\"w:652px;\"\n\t\t\t\t\t\t\t\tdata-frame_999=\"o:0;st:w;\"\n\t\t\t\t\t\t\t\tstyle=\"z-index:10;font-family:'Shadows Into Light';\"\n\t\t\t\t\t\t\t>Du plus jeune au plus sage ! \n\t\t\t\t\t\t\t<\/rs-layer><!--\n\n\t\t\t\t\t\t\t--><a\n\t\t\t\t\t\t\t\tid=\"slider-2-slide-4-layer-3\" \n\t\t\t\t\t\t\t\tclass=\"rs-layer rev-btn\"\n\t\t\t\t\t\t\t\thref=\"https:\/\/vpdanses.fr\/formulaire-de-contact\/\" target=\"_self\"\n\t\t\t\t\t\t\t\tdata-type=\"button\"\n\t\t\t\t\t\t\t\tdata-color=\"#ffffff\"\n\t\t\t\t\t\t\t\tdata-rsp_ch=\"on\"\n\t\t\t\t\t\t\t\tdata-xy=\"x:271px;y:573px;\"\n\t\t\t\t\t\t\t\tdata-text=\"w:normal;s:39;l:98;fw:500;a:center;\"\n\t\t\t\t\t\t\t\tdata-padding=\"r:39;l:39;\"\n\t\t\t\t\t\t\t\tdata-frame_999=\"o:0;st:w;\"\n\t\t\t\t\t\t\t\tdata-frame_hover=\"c:#000;bgc:#fff;bor:0px,0px,0px,0px;sp:200;e:power1.inOut;\"\n\t\t\t\t\t\t\t\tstyle=\"z-index:11;background-color:rgba(0,0,0,1);font-family:'Roboto';\"\n\t\t\t\t\t\t\t>Plus d'infos \n\t\t\t\t\t\t\t<\/a><!--\n\n\t\t\t\t\t\t\t--><rs-layer\n\t\t\t\t\t\t\t\tid=\"slider-2-slide-4-layer-4\" \n\t\t\t\t\t\t\t\tdata-type=\"text\"\n\t\t\t\t\t\t\t\tdata-color=\"#fff\"\n\t\t\t\t\t\t\t\tdata-rsp_ch=\"on\"\n\t\t\t\t\t\t\t\tdata-xy=\"x:27px;y:378px;\"\n\t\t\t\t\t\t\t\tdata-text=\"w:normal;s:21;l:31;ls:2;a:center;\"\n\t\t\t\t\t\t\t\tdata-dim=\"w:840px;h:70px;\"\n\t\t\t\t\t\t\t\tdata-frame_999=\"o:0;st:w;\"\n\t\t\t\t\t\t\t\tstyle=\"z-index:12;font-family:'Inter';\"\n\t\t\t\t\t\t\t>Avancez \u00e0 votre rythme en fonction de votre niveau, de vos envies et de vos objectifs sans la pression des cours collectifs !  \n\t\t\t\t\t\t\t<\/rs-layer><!--\n\n\t\t\t\t\t\t\t--><rs-layer\n\t\t\t\t\t\t\t\tid=\"slider-2-slide-4-layer-5\" \n\t\t\t\t\t\t\t\tdata-type=\"shape\"\n\t\t\t\t\t\t\t\tdata-rsp_ch=\"on\"\n\t\t\t\t\t\t\t\tdata-text=\"w:normal;\"\n\t\t\t\t\t\t\t\tdata-dim=\"w:100%;h:100%;\"\n\t\t\t\t\t\t\t\tdata-actions='o:click;a:pauseslider;'\n\t\t\t\t\t\t\t\tdata-basealign=\"slide\"\n\t\t\t\t\t\t\t\tdata-frame_999=\"o:0;st:w;\"\n\t\t\t\t\t\t\t\tstyle=\"z-index:7;background-color:rgba(0,0,0,0.2);\"\n\t\t\t\t\t\t\t> \n\t\t\t\t\t\t\t<\/rs-layer><!--\n\n\t\t\t\t\t\t\t--><rs-layer\n\t\t\t\t\t\t\t\tid=\"slider-2-slide-4-layer-7\" \n\t\t\t\t\t\t\t\tdata-type=\"text\"\n\t\t\t\t\t\t\t\tdata-color=\"#fff\"\n\t\t\t\t\t\t\t\tdata-rsp_ch=\"on\"\n\t\t\t\t\t\t\t\tdata-xy=\"x:43px;y:169px;\"\n\t\t\t\t\t\t\t\tdata-text=\"w:normal;s:40;l:50;a:center;\"\n\t\t\t\t\t\t\t\tdata-dim=\"minh:0px;\"\n\t\t\t\t\t\t\t\tdata-frame_999=\"o:0;st:w;\"\n\t\t\t\t\t\t\t\tstyle=\"z-index:9;font-family:'Arial';\"\n\t\t\t\t\t\t\t>Un apprentissage personnalis\u00e9, <br \/>\n\u00e0 votre domicile ou dans une salle de danse \n\t\t\t\t\t\t\t<\/rs-layer><!--\n\n\t\t\t\t\t\t\t--><rs-layer\n\t\t\t\t\t\t\t\tid=\"slider-2-slide-4-layer-8\" \n\t\t\t\t\t\t\t\tdata-type=\"button\"\n\t\t\t\t\t\t\t\tdata-color=\"#333333\"\n\t\t\t\t\t\t\t\tdata-rsp_ch=\"on\"\n\t\t\t\t\t\t\t\tdata-xy=\"x:636px;y:581px;\"\n\t\t\t\t\t\t\t\tdata-text=\"w:normal;s:27;l:82;a:center;\"\n\t\t\t\t\t\t\t\tdata-dim=\"w:82;h:82;minw:82;minh:82;\"\n\t\t\t\t\t\t\t\tdata-actions='o:click;a:jumptoslide;slide:next;'\n\t\t\t\t\t\t\t\tdata-border=\"bor:50%,50%,50%,50%;\"\n\t\t\t\t\t\t\t\tdata-frame_999=\"o:0;st:w;\"\n\t\t\t\t\t\t\t\tstyle=\"z-index:14;background-color:#ffffff;font-family:'Roboto';text-transform:uppercase;\"\n\t\t\t\t\t\t\t><i class=\"fa-play\"><\/i> \n\t\t\t\t\t\t\t<\/rs-layer><!--\n\n\t\t\t\t\t\t\t--><rs-layer\n\t\t\t\t\t\t\t\tid=\"slider-2-slide-4-layer-19\" \n\t\t\t\t\t\t\t\tdata-type=\"button\"\n\t\t\t\t\t\t\t\tdata-color=\"#333333\"\n\t\t\t\t\t\t\t\tdata-bsh=\"c:rgba(0,0,0,0.5);\"\n\t\t\t\t\t\t\t\tdata-rsp_ch=\"on\"\n\t\t\t\t\t\t\t\tdata-xy=\"x:125px;y:583px;\"\n\t\t\t\t\t\t\t\tdata-text=\"w:normal;s:26;l:80;a:center;\"\n\t\t\t\t\t\t\t\tdata-dim=\"w:80;h:80px;minw:80;minh:80;\"\n\t\t\t\t\t\t\t\tdata-actions='o:click;a:jumptoslide;slide:previous;'\n\t\t\t\t\t\t\t\tdata-btrans=\"rZ:300;iosfx:r;\"\n\t\t\t\t\t\t\t\tdata-border=\"bor:50%,50%,50%,50%;\"\n\t\t\t\t\t\t\t\tdata-frame_999=\"o:0;st:w;\"\n\t\t\t\t\t\t\t\tstyle=\"z-index:16;background-color:#ffffff;font-family:'Roboto';text-transform:uppercase;\"\n\t\t\t\t\t\t\t><i class=\"fa-play\"><\/i> \n\t\t\t\t\t\t\t<\/rs-layer><!--\n-->\t\t\t\t\t<\/rs-slide>\n\t\t\t\t\t\t<rs-slide style=\"position: absolute;\" data-key=\"rs-19\" data-title=\"Slide\" data-in=\"o:0;\" data-out=\"a:false;\">\n\t\t\t\t\t\t\t<img decoding=\"async\" src=\"\/\/vpdanses.fr\/wp-content\/plugins\/revslider\/sr6\/assets\/assets\/dummy.png\" alt=\"Slide\" title=\"Bienvenue chez VP danses\" class=\"rev-slidebg tp-rs-img rs-lazyload\" data-lazyload=\"\/\/vpdanses.fr\/wp-content\/plugins\/revslider\/sr6\/assets\/assets\/transparent.png\" data-parallax=\"off\" data-no-retina>\n<!--\n\t\t\t\t\t\t\t--><rs-layer\n\t\t\t\t\t\t\t\tid=\"slider-2-slide-19-layer-0\" \n\t\t\t\t\t\t\t\tdata-type=\"image\"\n\t\t\t\t\t\t\t\tdata-rsp_ch=\"on\"\n\t\t\t\t\t\t\t\tdata-text=\"w:normal;\"\n\t\t\t\t\t\t\t\tdata-dim=\"w:100%;h:100%;\"\n\t\t\t\t\t\t\t\tdata-actions='o:click;a:jumptoslide;slide:next;d:1ms;'\n\t\t\t\t\t\t\t\tdata-basealign=\"slide\"\n\t\t\t\t\t\t\t\tdata-frame_0=\"x:ran(-250|250);y:ran(-150|150);sX:ran(0|1.5);sY:ran(0|1.5);rX:ran(-90|90);rY:ran(-90|90);rZ:ran(-90|90);\"\n\t\t\t\t\t\t\t\tdata-frame_1=\"e:power4.inOut;sp:1500;\"\n\t\t\t\t\t\t\t\tdata-frame_999=\"o:0;st:w;\"\n\t\t\t\t\t\t\t\tstyle=\"z-index:6;\"\n\t\t\t\t\t\t\t><img decoding=\"async\" src=\"\/\/vpdanses.fr\/wp-content\/plugins\/revslider\/sr6\/assets\/assets\/dummy.png\" alt=\"Danses sportives Hazebrouck, VP danses\" class=\"tp-rs-img rs-lazyload\" width=\"1240\" height=\"696\" data-lazyload=\"\/\/vpdanses.fr\/wp-content\/uploads\/2024\/12\/MG_0293_W1240_chaussures_latines_noires.jpg\" data-c=\"cover\" data-no-retina> \n\t\t\t\t\t\t\t<\/rs-layer><!--\n\n\t\t\t\t\t\t\t--><rs-layer\n\t\t\t\t\t\t\t\tid=\"slider-2-slide-19-layer-1\" \n\t\t\t\t\t\t\t\tdata-type=\"text\"\n\t\t\t\t\t\t\t\tdata-color=\"#fff\"\n\t\t\t\t\t\t\t\tdata-tsh=\"c:rgba(0,0,0,0.75);v:10px;b:10px;\"\n\t\t\t\t\t\t\t\tdata-rsp_ch=\"on\"\n\t\t\t\t\t\t\t\tdata-xy=\"x:62px;y:73px;\"\n\t\t\t\t\t\t\t\tdata-text=\"w:normal;s:57;l:71;fw:900;a:center;\"\n\t\t\t\t\t\t\t\tdata-frame_999=\"o:0;st:w;\"\n\t\t\t\t\t\t\t\tstyle=\"z-index:9;font-family:'Roboto';text-transform:uppercase;\"\n\t\t\t\t\t\t\t>Cours de Danse Sportive \n\t\t\t\t\t\t\t<\/rs-layer><!--\n\n\t\t\t\t\t\t\t--><rs-layer\n\t\t\t\t\t\t\t\tid=\"slider-2-slide-19-layer-2\" \n\t\t\t\t\t\t\t\tdata-type=\"text\"\n\t\t\t\t\t\t\t\tdata-color=\"#fff\"\n\t\t\t\t\t\t\t\tdata-rsp_ch=\"on\"\n\t\t\t\t\t\t\t\tdata-xy=\"x:-13px;y:204px;\"\n\t\t\t\t\t\t\t\tdata-text=\"w:normal;s:54;l:71;ls:-1;a:center;\"\n\t\t\t\t\t\t\t\tdata-dim=\"w:926;\"\n\t\t\t\t\t\t\t\tdata-frame_999=\"o:0;st:w;\"\n\t\t\t\t\t\t\t\tstyle=\"z-index:10;font-family:'Shadows Into Light';\"\n\t\t\t\t\t\t\t>Tous \u00e2ges, Niveaux d\u00e9butants et interm\u00e9diaires \n\t\t\t\t\t\t\t<\/rs-layer><!--\n\n\t\t\t\t\t\t\t--><a\n\t\t\t\t\t\t\t\tid=\"slider-2-slide-19-layer-3\" \n\t\t\t\t\t\t\t\tclass=\"rs-layer rev-btn\"\n\t\t\t\t\t\t\t\thref=\"https:\/\/vpdanses.fr\/formulaire-de-contact\/\" target=\"_self\"\n\t\t\t\t\t\t\t\tdata-type=\"button\"\n\t\t\t\t\t\t\t\tdata-color=\"#ffffff\"\n\t\t\t\t\t\t\t\tdata-rsp_ch=\"on\"\n\t\t\t\t\t\t\t\tdata-xy=\"x:262px;y:590px;\"\n\t\t\t\t\t\t\t\tdata-text=\"w:normal;s:39;l:98;fw:500;a:center;\"\n\t\t\t\t\t\t\t\tdata-padding=\"r:39;l:39;\"\n\t\t\t\t\t\t\t\tdata-frame_999=\"o:0;st:w;\"\n\t\t\t\t\t\t\t\tdata-frame_hover=\"c:#000;bgc:#fff;bor:0px,0px,0px,0px;sp:200;e:power1.inOut;\"\n\t\t\t\t\t\t\t\tstyle=\"z-index:11;background-color:rgba(0,0,0,1);font-family:'Roboto';\"\n\t\t\t\t\t\t\t>Plus d'infos \n\t\t\t\t\t\t\t<\/a><!--\n\n\t\t\t\t\t\t\t--><rs-layer\n\t\t\t\t\t\t\t\tid=\"slider-2-slide-19-layer-4\" \n\t\t\t\t\t\t\t\tdata-type=\"text\"\n\t\t\t\t\t\t\t\tdata-color=\"#fff\"\n\t\t\t\t\t\t\t\tdata-rsp_ch=\"on\"\n\t\t\t\t\t\t\t\tdata-xy=\"x:-16px;y:292px;\"\n\t\t\t\t\t\t\t\tdata-text=\"w:normal;s:21;l:31;ls:2;a:center;\"\n\t\t\t\t\t\t\t\tdata-dim=\"w:968;\"\n\t\t\t\t\t\t\t\tdata-frame_999=\"o:0;st:w;\"\n\t\t\t\t\t\t\t\tstyle=\"z-index:12;font-family:'Poppins';\"\n\t\t\t\t\t\t\t>Une discipline qui allie la performance, la cr\u00e9ativit\u00e9 et la complicit\u00e9 en couple, pour vivre des moments dynamiques et artistiques ! \n\t\t\t\t\t\t\t<\/rs-layer><!--\n\n\t\t\t\t\t\t\t--><rs-layer\n\t\t\t\t\t\t\t\tid=\"slider-2-slide-19-layer-5\" \n\t\t\t\t\t\t\t\tdata-type=\"shape\"\n\t\t\t\t\t\t\t\tdata-rsp_ch=\"on\"\n\t\t\t\t\t\t\t\tdata-xy=\"x:-14px;\"\n\t\t\t\t\t\t\t\tdata-text=\"w:normal;\"\n\t\t\t\t\t\t\t\tdata-dim=\"w:100%;h:100%;\"\n\t\t\t\t\t\t\t\tdata-actions='o:click;a:pauseslider;'\n\t\t\t\t\t\t\t\tdata-basealign=\"slide\"\n\t\t\t\t\t\t\t\tdata-frame_999=\"o:0;st:w;\"\n\t\t\t\t\t\t\t\tstyle=\"z-index:8;background-color:rgba(0,0,0,0.2);\"\n\t\t\t\t\t\t\t> \n\t\t\t\t\t\t\t<\/rs-layer><!--\n\n\t\t\t\t\t\t\t--><rs-layer\n\t\t\t\t\t\t\t\tid=\"slider-2-slide-19-layer-9\" \n\t\t\t\t\t\t\t\tdata-type=\"button\"\n\t\t\t\t\t\t\t\tdata-color=\"#333333\"\n\t\t\t\t\t\t\t\tdata-rsp_ch=\"on\"\n\t\t\t\t\t\t\t\tdata-xy=\"x:625px;y:598px;\"\n\t\t\t\t\t\t\t\tdata-text=\"w:normal;s:27;l:82;a:center;\"\n\t\t\t\t\t\t\t\tdata-dim=\"w:82;h:82;minw:82;minh:82;\"\n\t\t\t\t\t\t\t\tdata-actions='o:click;a:jumptoslide;slide:next;'\n\t\t\t\t\t\t\t\tdata-border=\"bor:50%,50%,50%,50%;\"\n\t\t\t\t\t\t\t\tdata-frame_999=\"o:0;st:w;\"\n\t\t\t\t\t\t\t\tstyle=\"z-index:14;background-color:#ffffff;font-family:'Roboto';text-transform:uppercase;\"\n\t\t\t\t\t\t\t><i class=\"fa-play\"><\/i> \n\t\t\t\t\t\t\t<\/rs-layer><!--\n\n\t\t\t\t\t\t\t--><rs-layer\n\t\t\t\t\t\t\t\tid=\"slider-2-slide-19-layer-21\" \n\t\t\t\t\t\t\t\tdata-type=\"button\"\n\t\t\t\t\t\t\t\tdata-color=\"#333333\"\n\t\t\t\t\t\t\t\tdata-bsh=\"c:rgba(0,0,0,0.5);\"\n\t\t\t\t\t\t\t\tdata-rsp_ch=\"on\"\n\t\t\t\t\t\t\t\tdata-xy=\"x:97px;y:592px;\"\n\t\t\t\t\t\t\t\tdata-text=\"w:normal;s:26;l:80;a:center;\"\n\t\t\t\t\t\t\t\tdata-dim=\"w:80;h:80;minw:80;minh:80;\"\n\t\t\t\t\t\t\t\tdata-actions='o:click;a:jumptoslide;slide:previous;'\n\t\t\t\t\t\t\t\tdata-btrans=\"rZ:300;iosfx:r;\"\n\t\t\t\t\t\t\t\tdata-border=\"bor:50%,50%,50%,50%;\"\n\t\t\t\t\t\t\t\tdata-frame_999=\"o:0;st:w;\"\n\t\t\t\t\t\t\t\tstyle=\"z-index:16;background-color:#ffffff;font-family:'Roboto';text-transform:uppercase;\"\n\t\t\t\t\t\t\t><i class=\"fa-play\"><\/i> \n\t\t\t\t\t\t\t<\/rs-layer><!--\n-->\t\t\t\t\t<\/rs-slide>\n\t\t\t\t\t\t<rs-slide style=\"position: absolute;\" data-key=\"rs-20\" data-title=\"Slide\" data-in=\"o:0;\" data-out=\"a:false;\">\n\t\t\t\t\t\t\t<img decoding=\"async\" src=\"\/\/vpdanses.fr\/wp-content\/plugins\/revslider\/sr6\/assets\/assets\/dummy.png\" alt=\"Slide\" title=\"Bienvenue chez VP danses\" class=\"rev-slidebg tp-rs-img rs-lazyload\" data-lazyload=\"\/\/vpdanses.fr\/wp-content\/plugins\/revslider\/sr6\/assets\/assets\/transparent.png\" data-parallax=\"off\" data-no-retina>\n<!--\n\t\t\t\t\t\t\t--><rs-layer\n\t\t\t\t\t\t\t\tid=\"slider-2-slide-20-layer-0\" \n\t\t\t\t\t\t\t\tdata-type=\"image\"\n\t\t\t\t\t\t\t\tdata-rsp_ch=\"on\"\n\t\t\t\t\t\t\t\tdata-text=\"w:normal;\"\n\t\t\t\t\t\t\t\tdata-dim=\"w:100%;h:100%;\"\n\t\t\t\t\t\t\t\tdata-actions='o:click;a:jumptoslide;slide:next;d:1ms;'\n\t\t\t\t\t\t\t\tdata-basealign=\"slide\"\n\t\t\t\t\t\t\t\tdata-frame_0=\"x:ran(-250|250);y:ran(-150|150);sX:ran(0|1.5);sY:ran(0|1.5);rX:ran(-90|90);rY:ran(-90|90);rZ:ran(-90|90);\"\n\t\t\t\t\t\t\t\tdata-frame_1=\"e:power4.inOut;sp:1500;\"\n\t\t\t\t\t\t\t\tdata-frame_999=\"o:0;st:w;\"\n\t\t\t\t\t\t\t\tstyle=\"z-index:6;\"\n\t\t\t\t\t\t\t><img decoding=\"async\" src=\"\/\/vpdanses.fr\/wp-content\/plugins\/revslider\/sr6\/assets\/assets\/dummy.png\" alt=\"Atelier de salsa \u00e0 Saint-Jans-Cappel, organis\u00e9 par CA DANSE A SAINT JANS, 30\/11\/2024\" class=\"tp-rs-img rs-lazyload\" width=\"1425\" height=\"800\" data-lazyload=\"\/\/vpdanses.fr\/wp-content\/uploads\/2024\/12\/2024-11-30.Atelier_Salsa_CaDanseASaintJans_VPdanses_001_W1425_H800.jpg\" data-c=\"cover\" data-no-retina> \n\t\t\t\t\t\t\t<\/rs-layer><!--\n\n\t\t\t\t\t\t\t--><rs-layer\n\t\t\t\t\t\t\t\tid=\"slider-2-slide-20-layer-1\" \n\t\t\t\t\t\t\t\tdata-type=\"text\"\n\t\t\t\t\t\t\t\tdata-color=\"#fff\"\n\t\t\t\t\t\t\t\tdata-tsh=\"c:rgba(0,0,0,0.75);v:10px;b:10px;\"\n\t\t\t\t\t\t\t\tdata-rsp_ch=\"on\"\n\t\t\t\t\t\t\t\tdata-xy=\"x:51px;y:47px;\"\n\t\t\t\t\t\t\t\tdata-text=\"w:normal;s:80;l:90;ls:-4;fw:800;a:center;\"\n\t\t\t\t\t\t\t\tdata-dim=\"minh:0px;\"\n\t\t\t\t\t\t\t\tdata-frame_999=\"o:0;st:w;\"\n\t\t\t\t\t\t\t\tstyle=\"z-index:9;font-family:'Poppins';\"\n\t\t\t\t\t\t\t>Stages et Ateliers \n\t\t\t\t\t\t\t<\/rs-layer><!--\n\n\t\t\t\t\t\t\t--><rs-layer\n\t\t\t\t\t\t\t\tid=\"slider-2-slide-20-layer-2\" \n\t\t\t\t\t\t\t\tdata-type=\"text\"\n\t\t\t\t\t\t\t\tdata-color=\"#fff\"\n\t\t\t\t\t\t\t\tdata-rsp_ch=\"on\"\n\t\t\t\t\t\t\t\tdata-xy=\"x:8px;y:141px;\"\n\t\t\t\t\t\t\t\tdata-text=\"w:normal;s:30;l:38;fw:900;a:center;\"\n\t\t\t\t\t\t\t\tdata-frame_999=\"o:0;st:w;\"\n\t\t\t\t\t\t\t\tstyle=\"z-index:10;font-family:'Roboto';text-transform:uppercase;\"\n\t\t\t\t\t\t\t>Salsa, Rock, danses en ligne, et bien d'autres ... \n\t\t\t\t\t\t\t<\/rs-layer><!--\n\n\t\t\t\t\t\t\t--><a\n\t\t\t\t\t\t\t\tid=\"slider-2-slide-20-layer-3\" \n\t\t\t\t\t\t\t\tclass=\"rs-layer rev-btn\"\n\t\t\t\t\t\t\t\thref=\"https:\/\/vpdanses.fr\/formulaire-de-contact\/\" target=\"_self\"\n\t\t\t\t\t\t\t\tdata-type=\"button\"\n\t\t\t\t\t\t\t\tdata-color=\"#ffffff\"\n\t\t\t\t\t\t\t\tdata-rsp_ch=\"on\"\n\t\t\t\t\t\t\t\tdata-xy=\"x:194px;y:574px;\"\n\t\t\t\t\t\t\t\tdata-text=\"w:normal;s:39;l:98;fw:500;a:center;\"\n\t\t\t\t\t\t\t\tdata-padding=\"r:39;l:39;\"\n\t\t\t\t\t\t\t\tdata-frame_999=\"o:0;st:w;\"\n\t\t\t\t\t\t\t\tdata-frame_hover=\"c:#000;bgc:#fff;bor:0px,0px,0px,0px;sp:200;e:power1.inOut;\"\n\t\t\t\t\t\t\t\tstyle=\"z-index:11;background-color:rgba(0,0,0,1);font-family:'Roboto';\"\n\t\t\t\t\t\t\t>Plus d'infos \n\t\t\t\t\t\t\t<\/a><!--\n\n\t\t\t\t\t\t\t--><rs-layer\n\t\t\t\t\t\t\t\tid=\"slider-2-slide-20-layer-4\" \n\t\t\t\t\t\t\t\tdata-type=\"text\"\n\t\t\t\t\t\t\t\tdata-color=\"#fff\"\n\t\t\t\t\t\t\t\tdata-rsp_ch=\"on\"\n\t\t\t\t\t\t\t\tdata-xy=\"x:88px;y:194px;\"\n\t\t\t\t\t\t\t\tdata-text=\"w:normal;s:16;l:24;fw:500;a:center;\"\n\t\t\t\t\t\t\t\tdata-dim=\"minh:0px;\"\n\t\t\t\t\t\t\t\tdata-frame_999=\"o:0;st:w;\"\n\t\t\t\t\t\t\t\tstyle=\"z-index:12;font-family:'Roboto';\"\n\t\t\t\t\t\t\t>Rejoignez nos ateliers pour apprendre de nouvelles danses <br \/>\net progresser dans une ambiance conviviale, <br \/>\nou tout simplement, perfectionnez vos mouvements et partagez votre passion ! \n\t\t\t\t\t\t\t<\/rs-layer><!--\n\n\t\t\t\t\t\t\t--><rs-layer\n\t\t\t\t\t\t\t\tid=\"slider-2-slide-20-layer-5\" \n\t\t\t\t\t\t\t\tdata-type=\"shape\"\n\t\t\t\t\t\t\t\tdata-rsp_ch=\"on\"\n\t\t\t\t\t\t\t\tdata-text=\"w:normal;\"\n\t\t\t\t\t\t\t\tdata-dim=\"w:100%;h:100%;\"\n\t\t\t\t\t\t\t\tdata-actions='o:click;a:pauseslider;'\n\t\t\t\t\t\t\t\tdata-basealign=\"slide\"\n\t\t\t\t\t\t\t\tdata-frame_999=\"o:0;st:w;\"\n\t\t\t\t\t\t\t\tstyle=\"z-index:8;background-color:rgba(0,0,0,0.2);\"\n\t\t\t\t\t\t\t> \n\t\t\t\t\t\t\t<\/rs-layer><!--\n\n\t\t\t\t\t\t\t--><rs-layer\n\t\t\t\t\t\t\t\tid=\"slider-2-slide-20-layer-10\" \n\t\t\t\t\t\t\t\tdata-type=\"button\"\n\t\t\t\t\t\t\t\tdata-color=\"#333333\"\n\t\t\t\t\t\t\t\tdata-rsp_ch=\"on\"\n\t\t\t\t\t\t\t\tdata-xy=\"x:538px;y:580px;\"\n\t\t\t\t\t\t\t\tdata-text=\"w:normal;s:27;l:82;a:center;\"\n\t\t\t\t\t\t\t\tdata-dim=\"w:82;h:82;minw:82;minh:82;\"\n\t\t\t\t\t\t\t\tdata-actions='o:click;a:jumptoslide;slide:next;'\n\t\t\t\t\t\t\t\tdata-border=\"bor:50%,50%,50%,50%;\"\n\t\t\t\t\t\t\t\tdata-frame_999=\"o:0;st:w;\"\n\t\t\t\t\t\t\t\tstyle=\"z-index:14;background-color:#ffffff;font-family:'Roboto';text-transform:uppercase;\"\n\t\t\t\t\t\t\t><i class=\"fa-play\"><\/i> \n\t\t\t\t\t\t\t<\/rs-layer><!--\n\n\t\t\t\t\t\t\t--><rs-layer\n\t\t\t\t\t\t\t\tid=\"slider-2-slide-20-layer-23\" \n\t\t\t\t\t\t\t\tdata-type=\"button\"\n\t\t\t\t\t\t\t\tdata-color=\"#333333\"\n\t\t\t\t\t\t\t\tdata-bsh=\"c:rgba(0,0,0,0.5);\"\n\t\t\t\t\t\t\t\tdata-rsp_ch=\"on\"\n\t\t\t\t\t\t\t\tdata-xy=\"x:55px;y:580px;\"\n\t\t\t\t\t\t\t\tdata-text=\"w:normal;s:26;l:80;a:center;\"\n\t\t\t\t\t\t\t\tdata-dim=\"w:80;h:80;minw:80;minh:80;\"\n\t\t\t\t\t\t\t\tdata-actions='o:click;a:jumptoslide;slide:previous;'\n\t\t\t\t\t\t\t\tdata-btrans=\"rZ:300;iosfx:r;\"\n\t\t\t\t\t\t\t\tdata-border=\"bor:50%,50%,50%,50%;\"\n\t\t\t\t\t\t\t\tdata-frame_999=\"o:0;st:w;\"\n\t\t\t\t\t\t\t\tstyle=\"z-index:16;background-color:#ffffff;font-family:'Roboto';text-transform:uppercase;\"\n\t\t\t\t\t\t\t><i class=\"fa-play\"><\/i> \n\t\t\t\t\t\t\t<\/rs-layer><!--\n-->\t\t\t\t\t<\/rs-slide>\n\t\t\t\t\t\t<rs-slide style=\"position: absolute;\" data-key=\"rs-21\" data-title=\"Slide\" data-in=\"o:0;\" data-out=\"a:false;\">\n\t\t\t\t\t\t\t<img decoding=\"async\" src=\"\/\/vpdanses.fr\/wp-content\/plugins\/revslider\/sr6\/assets\/assets\/dummy.png\" alt=\"Slide\" title=\"Bienvenue chez VP danses\" class=\"rev-slidebg tp-rs-img rs-lazyload\" data-lazyload=\"\/\/vpdanses.fr\/wp-content\/plugins\/revslider\/sr6\/assets\/assets\/transparent.png\" data-parallax=\"off\" data-no-retina>\n<!--\n\t\t\t\t\t\t\t--><rs-layer\n\t\t\t\t\t\t\t\tid=\"slider-2-slide-21-layer-0\" \n\t\t\t\t\t\t\t\tdata-type=\"image\"\n\t\t\t\t\t\t\t\tdata-rsp_ch=\"on\"\n\t\t\t\t\t\t\t\tdata-text=\"w:normal;\"\n\t\t\t\t\t\t\t\tdata-dim=\"w:100%;h:100%;\"\n\t\t\t\t\t\t\t\tdata-actions='o:click;a:jumptoslide;slide:next;d:1ms;'\n\t\t\t\t\t\t\t\tdata-basealign=\"slide\"\n\t\t\t\t\t\t\t\tdata-frame_0=\"x:ran(-250|250);y:ran(-150|150);sX:ran(0|1.5);sY:ran(0|1.5);rX:ran(-90|90);rY:ran(-90|90);rZ:ran(-90|90);\"\n\t\t\t\t\t\t\t\tdata-frame_1=\"e:power4.inOut;sp:1500;\"\n\t\t\t\t\t\t\t\tdata-frame_999=\"o:0;st:w;\"\n\t\t\t\t\t\t\t\tstyle=\"z-index:6;\"\n\t\t\t\t\t\t\t><img decoding=\"async\" src=\"\/\/vpdanses.fr\/wp-content\/plugins\/revslider\/sr6\/assets\/assets\/dummy.png\" alt=\"ouverture de bal de mariage, VP danses Hazebrouck\" class=\"tp-rs-img rs-lazyload\" width=\"1000\" height=\"665\" data-lazyload=\"\/\/vpdanses.fr\/wp-content\/uploads\/2024\/12\/ouverture-bal-mariage-VPdanses.jpg\" data-c=\"cover-proportional\" data-no-retina> \n\t\t\t\t\t\t\t<\/rs-layer><!--\n\n\t\t\t\t\t\t\t--><rs-layer\n\t\t\t\t\t\t\t\tid=\"slider-2-slide-21-layer-1\" \n\t\t\t\t\t\t\t\tdata-type=\"text\"\n\t\t\t\t\t\t\t\tdata-color=\"#fff\"\n\t\t\t\t\t\t\t\tdata-tsh=\"c:rgba(0,0,0,0.75);v:10px;b:10px;\"\n\t\t\t\t\t\t\t\tdata-rsp_ch=\"on\"\n\t\t\t\t\t\t\t\tdata-xy=\"x:-3px;y:90px;\"\n\t\t\t\t\t\t\t\tdata-text=\"w:normal;s:63;l:71;ls:-3;fw:800;a:center;\"\n\t\t\t\t\t\t\t\tdata-frame_999=\"o:0;st:w;\"\n\t\t\t\t\t\t\t\tstyle=\"z-index:9;font-family:'Poppins';\"\n\t\t\t\t\t\t\t>Ouverture de bal de mariage \n\t\t\t\t\t\t\t<\/rs-layer><!--\n\n\t\t\t\t\t\t\t--><rs-layer\n\t\t\t\t\t\t\t\tid=\"slider-2-slide-21-layer-2\" \n\t\t\t\t\t\t\t\tdata-type=\"text\"\n\t\t\t\t\t\t\t\tdata-color=\"#fff\"\n\t\t\t\t\t\t\t\tdata-rsp_ch=\"on\"\n\t\t\t\t\t\t\t\tdata-xy=\"x:-161px;y:157px;\"\n\t\t\t\t\t\t\t\tdata-text=\"w:normal;s:61;l:80;ls:-1;a:center;\"\n\t\t\t\t\t\t\t\tdata-dim=\"w:1083px;\"\n\t\t\t\t\t\t\t\tdata-frame_999=\"o:0;st:w;\"\n\t\t\t\t\t\t\t\tstyle=\"z-index:10;font-family:'Shadows Into Light';\"\n\t\t\t\t\t\t\t>Votre moment, votre danse ! \n\t\t\t\t\t\t\t<\/rs-layer><!--\n\n\t\t\t\t\t\t\t--><a\n\t\t\t\t\t\t\t\tid=\"slider-2-slide-21-layer-3\" \n\t\t\t\t\t\t\t\tclass=\"rs-layer rev-btn\"\n\t\t\t\t\t\t\t\thref=\"https:\/\/vpdanses.fr\/formulaire-de-contact\/\" target=\"_self\"\n\t\t\t\t\t\t\t\tdata-type=\"button\"\n\t\t\t\t\t\t\t\tdata-color=\"#ffffff\"\n\t\t\t\t\t\t\t\tdata-rsp_ch=\"on\"\n\t\t\t\t\t\t\t\tdata-xy=\"x:219px;y:550px;\"\n\t\t\t\t\t\t\t\tdata-text=\"w:normal;s:39;l:98;fw:500;a:center;\"\n\t\t\t\t\t\t\t\tdata-padding=\"r:39;l:39;\"\n\t\t\t\t\t\t\t\tdata-frame_999=\"o:0;st:w;\"\n\t\t\t\t\t\t\t\tdata-frame_hover=\"c:#000;bgc:#fff;bor:0px,0px,0px,0px;sp:200;e:power1.inOut;\"\n\t\t\t\t\t\t\t\tstyle=\"z-index:11;background-color:rgba(0,0,0,1);font-family:'Roboto';\"\n\t\t\t\t\t\t\t>Plus d'infos \n\t\t\t\t\t\t\t<\/a><!--\n\n\t\t\t\t\t\t\t--><rs-layer\n\t\t\t\t\t\t\t\tid=\"slider-2-slide-21-layer-4\" \n\t\t\t\t\t\t\t\tdata-type=\"text\"\n\t\t\t\t\t\t\t\tdata-color=\"#fff\"\n\t\t\t\t\t\t\t\tdata-rsp_ch=\"on\"\n\t\t\t\t\t\t\t\tdata-xy=\"x:-61px;y:253px;\"\n\t\t\t\t\t\t\t\tdata-text=\"w:normal;s:19;l:29;ls:2;a:center;\"\n\t\t\t\t\t\t\t\tdata-dim=\"w:879;\"\n\t\t\t\t\t\t\t\tdata-frame_999=\"o:0;st:w;\"\n\t\t\t\t\t\t\t\tstyle=\"z-index:12;font-family:'Poppins';\"\n\t\t\t\t\t\t\t>Transformez votre premi\u00e8re danse en un moment unique <br \/>\navec nos cours personnalis\u00e9s de Bal de Mariage. \n\t\t\t\t\t\t\t<\/rs-layer><!--\n\n\t\t\t\t\t\t\t--><rs-layer\n\t\t\t\t\t\t\t\tid=\"slider-2-slide-21-layer-5\" \n\t\t\t\t\t\t\t\tdata-type=\"shape\"\n\t\t\t\t\t\t\t\tdata-rsp_ch=\"on\"\n\t\t\t\t\t\t\t\tdata-text=\"w:normal;\"\n\t\t\t\t\t\t\t\tdata-dim=\"w:100%;h:100%;\"\n\t\t\t\t\t\t\t\tdata-actions='o:click;a:pauseslider;'\n\t\t\t\t\t\t\t\tdata-basealign=\"slide\"\n\t\t\t\t\t\t\t\tdata-frame_999=\"o:0;st:w;\"\n\t\t\t\t\t\t\t\tstyle=\"z-index:8;background-color:rgba(0,0,0,0.2);\"\n\t\t\t\t\t\t\t> \n\t\t\t\t\t\t\t<\/rs-layer><!--\n\n\t\t\t\t\t\t\t--><rs-layer\n\t\t\t\t\t\t\t\tid=\"slider-2-slide-21-layer-6\" \n\t\t\t\t\t\t\t\tdata-type=\"text\"\n\t\t\t\t\t\t\t\tdata-color=\"#fff\"\n\t\t\t\t\t\t\t\tdata-rsp_ch=\"on\"\n\t\t\t\t\t\t\t\tdata-xy=\"x:92px;y:338px;\"\n\t\t\t\t\t\t\t\tdata-text=\"w:normal;s:36;l:40;ls:1;fw:500;\"\n\t\t\t\t\t\t\t\tdata-dim=\"minh:0px;\"\n\t\t\t\t\t\t\t\tdata-frame_999=\"o:0;st:w;\"\n\t\t\t\t\t\t\t\tstyle=\"z-index:17;font-family:'Roboto';\"\n\t\t\t\t\t\t\t>Dansez avec \u00e9l\u00e9gance et s\u00e9r\u00e9nit\u00e9 ! \n\t\t\t\t\t\t\t<\/rs-layer><!--\n\n\t\t\t\t\t\t\t--><rs-layer\n\t\t\t\t\t\t\t\tid=\"slider-2-slide-21-layer-11\" \n\t\t\t\t\t\t\t\tdata-type=\"button\"\n\t\t\t\t\t\t\t\tdata-color=\"#333333\"\n\t\t\t\t\t\t\t\tdata-rsp_ch=\"on\"\n\t\t\t\t\t\t\t\tdata-xy=\"x:570px;y:555px;\"\n\t\t\t\t\t\t\t\tdata-text=\"w:normal;s:26;l:80;a:center;\"\n\t\t\t\t\t\t\t\tdata-dim=\"w:80;h:80;minw:80;minh:80;\"\n\t\t\t\t\t\t\t\tdata-actions='o:click;a:jumptoslide;slide:next;'\n\t\t\t\t\t\t\t\tdata-border=\"bor:50%,50%,50%,50%;\"\n\t\t\t\t\t\t\t\tdata-frame_999=\"o:0;st:w;\"\n\t\t\t\t\t\t\t\tstyle=\"z-index:14;background-color:#ffffff;font-family:'Roboto';text-transform:uppercase;\"\n\t\t\t\t\t\t\t><i class=\"fa-play\"><\/i> \n\t\t\t\t\t\t\t<\/rs-layer><!--\n\n\t\t\t\t\t\t\t--><rs-layer\n\t\t\t\t\t\t\t\tid=\"slider-2-slide-21-layer-24\" \n\t\t\t\t\t\t\t\tdata-type=\"button\"\n\t\t\t\t\t\t\t\tdata-color=\"#333333\"\n\t\t\t\t\t\t\t\tdata-bsh=\"c:rgba(0,0,0,0.5);\"\n\t\t\t\t\t\t\t\tdata-rsp_ch=\"on\"\n\t\t\t\t\t\t\t\tdata-xy=\"x:85px;y:560px;\"\n\t\t\t\t\t\t\t\tdata-text=\"w:normal;s:26;l:80;a:center;\"\n\t\t\t\t\t\t\t\tdata-dim=\"w:80;h:80;minw:80;minh:80;\"\n\t\t\t\t\t\t\t\tdata-actions='o:click;a:jumptoslide;slide:previous;'\n\t\t\t\t\t\t\t\tdata-btrans=\"rZ:300;iosfx:r;\"\n\t\t\t\t\t\t\t\tdata-border=\"bor:50%,50%,50%,50%;\"\n\t\t\t\t\t\t\t\tdata-frame_999=\"o:0;st:w;\"\n\t\t\t\t\t\t\t\tstyle=\"z-index:16;background-color:#ffffff;font-family:'Roboto';text-transform:uppercase;\"\n\t\t\t\t\t\t\t><i class=\"fa-play\"><\/i> \n\t\t\t\t\t\t\t<\/rs-layer><!--\n-->\t\t\t\t\t<\/rs-slide>\n\t\t\t\t\t\t<rs-slide style=\"position: absolute;\" data-key=\"rs-22\" data-title=\"Slide\" data-in=\"o:0;\" data-out=\"a:false;\">\n\t\t\t\t\t\t\t<img decoding=\"async\" src=\"\/\/vpdanses.fr\/wp-content\/plugins\/revslider\/sr6\/assets\/assets\/dummy.png\" alt=\"Slide\" title=\"Bienvenue chez VP danses\" class=\"rev-slidebg tp-rs-img rs-lazyload\" data-lazyload=\"\/\/vpdanses.fr\/wp-content\/plugins\/revslider\/sr6\/assets\/assets\/transparent.png\" data-parallax=\"off\" data-no-retina>\n<!--\n\t\t\t\t\t\t\t--><rs-layer\n\t\t\t\t\t\t\t\tid=\"slider-2-slide-22-layer-0\" \n\t\t\t\t\t\t\t\tdata-type=\"image\"\n\t\t\t\t\t\t\t\tdata-rsp_ch=\"on\"\n\t\t\t\t\t\t\t\tdata-text=\"w:normal;\"\n\t\t\t\t\t\t\t\tdata-dim=\"w:100%;h:100%;\"\n\t\t\t\t\t\t\t\tdata-actions='o:click;a:jumptoslide;slide:next;d:1ms;'\n\t\t\t\t\t\t\t\tdata-basealign=\"slide\"\n\t\t\t\t\t\t\t\tdata-frame_0=\"x:ran(-250|250);y:ran(-150|150);sX:ran(0|1.5);sY:ran(0|1.5);rX:ran(-90|90);rY:ran(-90|90);rZ:ran(-90|90);\"\n\t\t\t\t\t\t\t\tdata-frame_1=\"e:power4.inOut;sp:1500;\"\n\t\t\t\t\t\t\t\tdata-frame_999=\"o:0;st:w;\"\n\t\t\t\t\t\t\t\tstyle=\"z-index:6;\"\n\t\t\t\t\t\t\t><img decoding=\"async\" src=\"\/\/vpdanses.fr\/wp-content\/plugins\/revslider\/sr6\/assets\/assets\/dummy.png\" alt=\"d\u00e9monstration de danses \u00e0 deux, spectacles de danses \u00e0 deux, animation de danses \u00e0 deux, VP DANSES Hazebrouck\" class=\"tp-rs-img rs-lazyload\" width=\"1080\" height=\"810\" data-lazyload=\"\/\/vpdanses.fr\/wp-content\/uploads\/2024\/12\/2024-06-29.EHPAD_Les_orchidees_la_vie_active_W1080.jpg\" data-c=\"cover-proportional\" data-no-retina> \n\t\t\t\t\t\t\t<\/rs-layer><!--\n\n\t\t\t\t\t\t\t--><rs-layer\n\t\t\t\t\t\t\t\tid=\"slider-2-slide-22-layer-1\" \n\t\t\t\t\t\t\t\tdata-type=\"text\"\n\t\t\t\t\t\t\t\tdata-color=\"#fff\"\n\t\t\t\t\t\t\t\tdata-tsh=\"c:rgba(0,0,0,0.75);v:10px;b:10px;\"\n\t\t\t\t\t\t\t\tdata-rsp_ch=\"on\"\n\t\t\t\t\t\t\t\tdata-xy=\"x:-2px;y:50px;\"\n\t\t\t\t\t\t\t\tdata-text=\"w:normal;s:66;l:75;ls:-4;fw:800;a:center;\"\n\t\t\t\t\t\t\t\tdata-frame_999=\"o:0;st:w;\"\n\t\t\t\t\t\t\t\tstyle=\"z-index:8;font-family:'Poppins';\"\n\t\t\t\t\t\t\t>D\u00e9monstrations de danses <br \/>\net Animations \n\t\t\t\t\t\t\t<\/rs-layer><!--\n\n\t\t\t\t\t\t\t--><rs-layer\n\t\t\t\t\t\t\t\tid=\"slider-2-slide-22-layer-2\" \n\t\t\t\t\t\t\t\tdata-type=\"text\"\n\t\t\t\t\t\t\t\tdata-color=\"#fff\"\n\t\t\t\t\t\t\t\tdata-rsp_ch=\"on\"\n\t\t\t\t\t\t\t\tdata-xy=\"x:10px;y:216px;\"\n\t\t\t\t\t\t\t\tdata-text=\"w:normal;s:26;l:29;ls:2;fw:800;a:center;\"\n\t\t\t\t\t\t\t\tdata-frame_999=\"o:0;st:w;\"\n\t\t\t\t\t\t\t\tstyle=\"z-index:9;font-family:'Nunito Sans';font-style:italic;\"\n\t\t\t\t\t\t\t>Ne manquez pas nos d\u00e9monstrations de danses \u00e0 deux !  \n\t\t\t\t\t\t\t<\/rs-layer><!--\n\n\t\t\t\t\t\t\t--><a\n\t\t\t\t\t\t\t\tid=\"slider-2-slide-22-layer-3\" \n\t\t\t\t\t\t\t\tclass=\"rs-layer rev-btn\"\n\t\t\t\t\t\t\t\thref=\"https:\/\/vpdanses.fr\/formulaire-de-contact\/\" target=\"_self\"\n\t\t\t\t\t\t\t\tdata-type=\"button\"\n\t\t\t\t\t\t\t\tdata-color=\"#ffffff\"\n\t\t\t\t\t\t\t\tdata-rsp_ch=\"on\"\n\t\t\t\t\t\t\t\tdata-xy=\"x:255px;y:583px;\"\n\t\t\t\t\t\t\t\tdata-text=\"w:normal;s:39;l:98;fw:500;a:center;\"\n\t\t\t\t\t\t\t\tdata-padding=\"r:39;l:39;\"\n\t\t\t\t\t\t\t\tdata-frame_999=\"o:0;st:w;\"\n\t\t\t\t\t\t\t\tdata-frame_hover=\"c:#000;bgc:#fff;bor:0px,0px,0px,0px;sp:200;e:power1.inOut;\"\n\t\t\t\t\t\t\t\tstyle=\"z-index:10;background-color:rgba(0,0,0,1);font-family:'Roboto';\"\n\t\t\t\t\t\t\t>Plus d'infos \n\t\t\t\t\t\t\t<\/a><!--\n\n\t\t\t\t\t\t\t--><rs-layer\n\t\t\t\t\t\t\t\tid=\"slider-2-slide-22-layer-4\" \n\t\t\t\t\t\t\t\tdata-type=\"text\"\n\t\t\t\t\t\t\t\tdata-color=\"#fff\"\n\t\t\t\t\t\t\t\tdata-rsp_ch=\"on\"\n\t\t\t\t\t\t\t\tdata-xy=\"x:c;xo:-189px;y:268px;\"\n\t\t\t\t\t\t\t\tdata-text=\"w:normal;s:21;l:32;fw:500;a:center;\"\n\t\t\t\t\t\t\t\tdata-frame_999=\"o:0;st:w;\"\n\t\t\t\t\t\t\t\tstyle=\"z-index:11;font-family:'Roboto';\"\n\t\t\t\t\t\t\t> Une exp\u00e9rience visuelle et \u00e9motionnelle <br \/>\nqui met en avant la passion et l\u2019art du mouvement \n\t\t\t\t\t\t\t<\/rs-layer><!--\n\n\t\t\t\t\t\t\t--><rs-layer\n\t\t\t\t\t\t\t\tid=\"slider-2-slide-22-layer-5\" \n\t\t\t\t\t\t\t\tdata-type=\"shape\"\n\t\t\t\t\t\t\t\tdata-rsp_ch=\"on\"\n\t\t\t\t\t\t\t\tdata-text=\"w:normal;\"\n\t\t\t\t\t\t\t\tdata-dim=\"w:100%;h:100%;\"\n\t\t\t\t\t\t\t\tdata-actions='o:click;a:pauseslider;'\n\t\t\t\t\t\t\t\tdata-basealign=\"slide\"\n\t\t\t\t\t\t\t\tdata-frame_999=\"o:0;st:w;\"\n\t\t\t\t\t\t\t\tstyle=\"z-index:7;background-color:rgba(0,0,0,0.2);\"\n\t\t\t\t\t\t\t> \n\t\t\t\t\t\t\t<\/rs-layer><!--\n\n\t\t\t\t\t\t\t--><rs-layer\n\t\t\t\t\t\t\t\tid=\"slider-2-slide-22-layer-12\" \n\t\t\t\t\t\t\t\tdata-type=\"button\"\n\t\t\t\t\t\t\t\tdata-color=\"#333333\"\n\t\t\t\t\t\t\t\tdata-rsp_ch=\"on\"\n\t\t\t\t\t\t\t\tdata-xy=\"x:614px;y:590px;\"\n\t\t\t\t\t\t\t\tdata-text=\"w:normal;s:26;l:80;a:center;\"\n\t\t\t\t\t\t\t\tdata-dim=\"w:80;h:80;minw:80;minh:80;\"\n\t\t\t\t\t\t\t\tdata-actions='o:click;a:jumptoslide;slide:next;'\n\t\t\t\t\t\t\t\tdata-border=\"bor:50%,50%,50%,50%;\"\n\t\t\t\t\t\t\t\tdata-frame_999=\"o:0;st:w;\"\n\t\t\t\t\t\t\t\tstyle=\"z-index:12;background-color:#ffffff;font-family:'Roboto';text-transform:uppercase;\"\n\t\t\t\t\t\t\t><i class=\"fa-play\"><\/i> \n\t\t\t\t\t\t\t<\/rs-layer><!--\n\n\t\t\t\t\t\t\t--><rs-layer\n\t\t\t\t\t\t\t\tid=\"slider-2-slide-22-layer-25\" \n\t\t\t\t\t\t\t\tdata-type=\"button\"\n\t\t\t\t\t\t\t\tdata-color=\"#333333\"\n\t\t\t\t\t\t\t\tdata-bsh=\"c:rgba(0,0,0,0.5);\"\n\t\t\t\t\t\t\t\tdata-rsp_ch=\"on\"\n\t\t\t\t\t\t\t\tdata-xy=\"x:113px;y:589px;\"\n\t\t\t\t\t\t\t\tdata-text=\"w:normal;s:26;l:80;a:center;\"\n\t\t\t\t\t\t\t\tdata-dim=\"w:80;h:80;minw:80;minh:80;\"\n\t\t\t\t\t\t\t\tdata-actions='o:click;a:jumptoslide;slide:previous;'\n\t\t\t\t\t\t\t\tdata-btrans=\"rZ:300;iosfx:r;\"\n\t\t\t\t\t\t\t\tdata-border=\"bor:50%,50%,50%,50%;\"\n\t\t\t\t\t\t\t\tdata-frame_999=\"o:0;st:w;\"\n\t\t\t\t\t\t\t\tstyle=\"z-index:13;background-color:#ffffff;font-family:'Roboto';text-transform:uppercase;\"\n\t\t\t\t\t\t\t><i class=\"fa-play\"><\/i> \n\t\t\t\t\t\t\t<\/rs-layer><!--\n-->\t\t\t\t\t<\/rs-slide>\n\t\t\t\t\t<\/rs-slides>\n\t\t\t\t<\/rs-module>\n\t\t\t\t<script data-jetpack-boost=\"ignore\">\n\t\t\t\t\tsetREVStartSize({c: 'rev_slider_2_1',rl:[1240,1024,778,480],el:[720],gw:[1240],gh:[720],type:'standard',justify:'',layout:'fullwidth',mh:\"0\"});if (window.RS_MODULES!==undefined && window.RS_MODULES.modules!==undefined && window.RS_MODULES.modules[\"revslider21\"]!==undefined) {window.RS_MODULES.modules[\"revslider21\"].once = false;window.revapi2 = undefined;if (window.RS_MODULES.checkMinimal!==undefined) window.RS_MODULES.checkMinimal()}\n\t\t\t\t<\/script>\n\t\t\t<\/rs-module-wrap>\n\t\t\t<!-- END REVOLUTION SLIDER -->\n[vc_empty_space height=\u00a0\u00bb60px\u00a0\u00bb][vc_column_text css=\u00a0\u00bb\u00a0\u00bb css_animation=\u00a0\u00bbzoomIn\u00a0\u00bb]<\/p>\n<h1>Bienvenue sur notre site internet de <a style=\"color: #e205ab;\">V<\/a>P DANSES !<\/h1>\n<p>[\/vc_column_text][vc_empty_space height=\u00a0\u00bb5px\u00a0\u00bb][vc_single_image image=\u00a0\u00bb14053&Prime; img_size=\u00a0\u00bblarge\u00a0\u00bb alignment=\u00a0\u00bbcenter\u00a0\u00bb style=\u00a0\u00bbvc_box_shadow\u00a0\u00bb css=\u00a0\u00bb\u00a0\u00bb][\/vc_column][\/vc_row][vc_row content_placement=\u00a0\u00bbmiddle\u00a0\u00bb][vc_column el_align=\u00a0\u00bbcenter\u00a0\u00bb]<div class='dt-sc-diamond-separator '><\/div>[vc_empty_space height=\u00a0\u00bb128px\u00a0\u00bb][vc_column_text css=\u00a0\u00bb\u00a0\u00bb]<\/p>\n<h1 class=\"simple-title\">Qui sommes-nous ?<\/h1>\n<p>[\/vc_column_text]<div class='dt-sc-image-caption type7 '><div class='dt-sc-image-wrapper'><noscript><img loading=\"lazy\" decoding=\"async\" width=\"1056\" height=\"640\" data-skip-lazy src=\"https:\/\/vpdanses.fr\/wp-content\/uploads\/2025\/04\/2025-04-18.FFD_IMG_4271_H1040.jpg\" class=\"attachment-full\" alt=\"Virginie GATOUX (Pr\u00e9sidente de VP DANSES Hazebrouck) et Philippe MARTINS (Tr\u00e9sorier de VP DANSES Hazebrouck)\" title=\"Virginie GATOUX (Pr\u00e9sidente de VP DANSES Hazebrouck) et Philippe MARTINS (Tr\u00e9sorier de VP DANSES Hazebrouck)\" srcset=\"https:\/\/vpdanses.fr\/wp-content\/uploads\/2025\/04\/2025-04-18.FFD_IMG_4271_H1040.jpg 1056w, https:\/\/vpdanses.fr\/wp-content\/uploads\/2025\/04\/2025-04-18.FFD_IMG_4271_H1040-300x182.jpg 300w, https:\/\/vpdanses.fr\/wp-content\/uploads\/2025\/04\/2025-04-18.FFD_IMG_4271_H1040-1024x621.jpg 1024w, https:\/\/vpdanses.fr\/wp-content\/uploads\/2025\/04\/2025-04-18.FFD_IMG_4271_H1040-768x465.jpg 768w, https:\/\/vpdanses.fr\/wp-content\/uploads\/2025\/04\/2025-04-18.FFD_IMG_4271_H1040-500x303.jpg 500w, https:\/\/vpdanses.fr\/wp-content\/uploads\/2025\/04\/2025-04-18.FFD_IMG_4271_H1040-800x485.jpg 800w, https:\/\/vpdanses.fr\/wp-content\/uploads\/2025\/04\/2025-04-18.FFD_IMG_4271_H1040-600x364.jpg 600w\" sizes=\"auto, (max-width: 1056px) 100vw, 1056px\" \/><\/noscript><img loading=\"eager\" decoding=\"async\" width=\"1056\" height=\"640\" src=\"https:\/\/vpdanses.fr\/wp-content\/uploads\/2025\/04\/2025-04-18.FFD_IMG_4271_H1040.jpg\" class=\"attachment-full vp-lazyload\" alt=\"Virginie GATOUX (Pr\u00e9sidente de VP DANSES Hazebrouck) et Philippe MARTINS (Tr\u00e9sorier de VP DANSES Hazebrouck)\" title=\"Virginie GATOUX (Pr\u00e9sidente de VP DANSES Hazebrouck) et Philippe MARTINS (Tr\u00e9sorier de VP DANSES Hazebrouck)\" srcset=\"data:image\/svg+xml;base64,PHN2ZyB3aWR0aD0iMTA1NiIgaGVpZ2h0PSI2NDAiIHZpZXdCb3g9IjAgMCAxMDU2IDY0MCIgZmlsbD0ibm9uZSIgeG1sbnM9Imh0dHA6Ly93d3cudzMub3JnLzIwMDAvc3ZnIj48L3N2Zz4=\" data-src=\"https:\/\/vpdanses.fr\/wp-content\/uploads\/2025\/04\/2025-04-18.FFD_IMG_4271_H1040.jpg\" data-srcset=\"https:\/\/vpdanses.fr\/wp-content\/uploads\/2025\/04\/2025-04-18.FFD_IMG_4271_H1040.jpg 1056w, https:\/\/vpdanses.fr\/wp-content\/uploads\/2025\/04\/2025-04-18.FFD_IMG_4271_H1040-300x182.jpg 300w, https:\/\/vpdanses.fr\/wp-content\/uploads\/2025\/04\/2025-04-18.FFD_IMG_4271_H1040-1024x621.jpg 1024w, https:\/\/vpdanses.fr\/wp-content\/uploads\/2025\/04\/2025-04-18.FFD_IMG_4271_H1040-768x465.jpg 768w, https:\/\/vpdanses.fr\/wp-content\/uploads\/2025\/04\/2025-04-18.FFD_IMG_4271_H1040-500x303.jpg 500w, https:\/\/vpdanses.fr\/wp-content\/uploads\/2025\/04\/2025-04-18.FFD_IMG_4271_H1040-800x485.jpg 800w, https:\/\/vpdanses.fr\/wp-content\/uploads\/2025\/04\/2025-04-18.FFD_IMG_4271_H1040-600x364.jpg 600w\" data-sizes=\"auto\"><\/a><\/div><div class='dt-sc-image-content'><div class='dt-sc-image-title'><h3>Virginie GATOUX (Pr\u00e9sidente de VP DANSES) et Philippe MARTINS (Tr\u00e9sorier de VP DANSES)<\/h3><h6>Photo prise le 18\/04\/2025 lors de la Coupe de France Paris Japy 2025<\/h6><\/div><p>Nous sommes Virginie GATOUX et Philippe MARTINS et nous sommes comp\u00e9titeurs de Danse Sportive. Notre professeur est <strong><a href=\"https:\/\/www.facebook.com\/sven.balcerzak\/\" target=\"_blank\" rel=\"noopener\">Sven BALCERZAK<\/a><\/strong>. Nous faisons partie du <strong><a href=\"https:\/\/www.facebook.com\/mjepdanse\" target=\"_blank\" rel=\"noopener\">Club de Danse Sportive de la MJEP<\/a><\/strong> (<a href=\"https:\/\/www.ville-isbergues.org\" target=\"_blank\" rel=\"noopener\"><strong>Isbergues<\/strong><\/a>) qui est affili\u00e9e \u00e0 la <a href=\"https:\/\/www.ffdanse.fr\" target=\"_blank\" rel=\"noopener\"><strong>F\u00e9d\u00e9ration Fran\u00e7aise de Danse (FFD).<\/strong><\/a><\/p>\n<p>Nous avons \u00a0fond\u00e9 l&rsquo;association VP DANSES \u00e0 <a href=\"https:\/\/www.ville-hazebrouck.fr\" target=\"_blank\" rel=\"noopener\"><strong>Hazebrouck<\/strong><\/a> en mai 2024. L&rsquo; objectif de l&rsquo;association est de promouvoir la danse sportive. Nous esp\u00e9rons que VP DANSES enchantera les amoureux de la danse en couple en offrant un espace o\u00f9 plaisir \u00a0et exigence se rencontrent.<\/p>\n<h1 style=\"font-weight: 400;\"><strong>Pr\u00e9sentation de Philippe et Virginie (VP DANSES)<\/strong><\/h1>\n<p style=\"font-weight: 400;\">Nous sommes <strong>Virginie GATOUX<\/strong>\u00a0(Pr\u00e9sidente de VP DANSES) et\u00a0<strong>Philippe MARTINS<\/strong>\u00a0(Tr\u00e9sorier de VP DANSES), comp\u00e9titeurs de Danse Sportive.<\/p>\n<p style=\"font-weight: 400;\">Nou sommes actuellement affili\u00e9s \u00e0 la <a href=\"https:\/\/www.facebook.com\/mjepdanse\" target=\"_blank\" rel=\"noopener\"><strong>MJEP d&rsquo;Isbergues<\/strong><\/a>, adh\u00e9rente\u00a0 \u00e0 la <a href=\"https:\/\/www.ffdanse.fr\" target=\"_blank\" rel=\"noopener\"><strong>F\u00e9d\u00e9ration Fran\u00e7aise de Danse (FFD)<\/strong><\/a>.<\/p>\n<p style=\"font-weight: 400;\">Nous avons cr\u00e9\u00e9 l&rsquo;association VP DANSES dans le Nord de la France, \u00e0 Hazebrouck, en Juin\u00a0 2024. L\u2019objectif de notre association est de promouvoir la discipline de la Danse Sportive localement et de rassembler les amoureux des Danses de Salon.<\/p>\n<p style=\"font-weight: 400;\"><strong>Notre \u00a0professeur de Danse Sportive<\/strong> est <a href=\"https:\/\/www.facebook.com\/sven.balcerzak\/\" target=\"_blank\" rel=\"noopener\"><strong>Sven BALCERZAK<\/strong><\/a>. Enfin, nous participons tr\u00e8s r\u00e9guli\u00e8rement \u00e0 des comp\u00e9titions nationales et internationales de Danses Standards et Danses Latines.<\/p>\n<h1 style=\"font-weight: 400;\"><strong>Les activit\u00e9s de VP DANSES<\/strong><\/h1>\n<p style=\"font-weight: 400;\">VP DANSES propose plusieurs types d&rsquo;activit\u00e9s :<\/p>\n<p style=\"font-weight: 400;\"><strong>Cours particuliers et collectifs<\/strong>\u00a0de\u00a0<strong>Danses Sportives<\/strong>\u00a0(Standards et Latines) pour les niveaux d\u00e9butants et grands d\u00e9butants.<\/p>\n<p style=\"font-weight: 400;\"><strong>Stages de danses sociales<\/strong>\u00a0: Rock Moderne et Salsa (danses festives et conviviales) pour les niveaux d\u00e9butants et grands d\u00e9butants.<\/p>\n<p style=\"font-weight: 400;\"><strong>Animations et d\u00e9monstrations de Danse Sportive<\/strong>\u00a0lors d&rsquo;\u00e9v\u00e9nements priv\u00e9s : EHPAD, \u00e9v\u00e8nements nationaux (Octobre Rose, \u2026), f\u00eates priv\u00e9es, mariages, anniversaires, soir\u00e9es d&rsquo;entreprise et autres c\u00e9l\u00e9brations.<\/p>\n<p style=\"font-weight: 400;\">Notre jeune association est d\u00e9j\u00e0 intervenue dans de nombreuses villes du <strong>Nord-pas-de-Calais<\/strong> dans <a href=\"https:\/\/www.hautsdefrance.fr\" target=\"_blank\" rel=\"noopener\"><strong>les Hauts-de-France<\/strong><\/a> : <a href=\"https:\/\/www.ville-saint-omer.fr\" target=\"_blank\" rel=\"noopener\"><strong>Saint-Omer<\/strong><\/a>, <a href=\"https:\/\/eecke.fr\" target=\"_blank\" rel=\"noopener\"><strong>Eecke<\/strong><\/a>, <a href=\"https:\/\/sercus.fr\" target=\"_blank\" rel=\"noopener\"><strong>Sercus<\/strong><\/a>, <a href=\"https:\/\/www.villedebeuvry.fr\" target=\"_blank\" rel=\"noopener\"><strong>Beuvry<\/strong><\/a>, <a href=\"https:\/\/www.ville-hazebrouck.fr\" target=\"_blank\" rel=\"noopener\"><strong>Hazebrouck<\/strong><\/a>, <a href=\"https:\/\/www.ville-airesurlalys.fr\" target=\"_blank\" rel=\"noopener\"><strong>Aire-sur-la-Lys<\/strong><\/a>, <a href=\"https:\/\/www.saint-jans-cappel.fr\" target=\"_blank\" rel=\"noopener\"><strong>Saint-Jans-Cappel<\/strong><\/a>, <a href=\"https:\/\/www.watten.fr\" target=\"_blank\" rel=\"noopener\"><strong>Watten<\/strong><\/a> et <a href=\"https:\/\/www.boeschepe.fr\" target=\"_blank\" rel=\"noopener\"><strong>Boeschepe<\/strong><\/a>.<\/p>\n<h1 style=\"font-weight: 400;\"><strong>Les Danses Sportives<\/strong><\/h1>\n<p style=\"font-weight: 400;\">Les Danses Sportives se divisent en deux cat\u00e9gories principales :<\/p>\n<h2 style=\"font-weight: 400;\"><strong>La famille des Danses Standards :<\/strong>\u00a0Valse Lente, Tango, Valse Viennoise, Slow Fox et Quick Step &#8211; caract\u00e9ris\u00e9es par l&rsquo;\u00e9l\u00e9gance et la fluidit\u00e9 des mouvements.<\/h2>\n<h2 style=\"font-weight: 400;\"><strong>La famille des Danses Latines :<\/strong>\u00a0Samba, Cha Cha, Rumba, Paso Doble et Jive &#8211; mettant l&rsquo;accent sur l&rsquo;expression, la passion et le rythme.<\/h2>\n<p style=\"font-weight: 400;\">Ces danses allient technique rigoureuse, performance artistique et comp\u00e9tition sportive, permettant aux danseurs de progresser d\u00e8s le niveau D\u00e9butants.<\/p><\/p><\/div><\/div>[\/vc_column][\/vc_row][vc_row content_placement=\u00a0\u00bbmiddle\u00a0\u00bb disable_element=\u00a0\u00bbyes\u00a0\u00bb][vc_column el_align=\u00a0\u00bbcenter\u00a0\u00bb]<div class='dt-sc-diamond-separator '><\/div>[vc_empty_space height=\u00a0\u00bb128px\u00a0\u00bb][vc_column_text css=\u00a0\u00bb\u00a0\u00bb]<\/p>\n<h1 style=\"text-align: center; color: #000000;\">Vous d\u00e9sirez contacter VP DANSES ?<\/h1>\n<p style=\"text-align: center; color: #000000;\">Pour nous contacter, vous avez plusieurs options \u00e0 votre disposition. Vous pouvez remplir le <a title=\"Formulaire de contact VP danses\" href=\"https:\/\/vpdanses.fr\/home\/bienvenue-chez-vp-danses-hazebrouck\/formulaire-de-contact\/\" target=\"_blank\" rel=\"noopener\"><strong>formulaire de contact<\/strong><\/a> disponible sur notre site, ou nous joindre directement par t\u00e9l\u00e9phone au <strong>num\u00e9ro suivant : <\/strong><\/p>\n<ul style=\"text-align: center;\">\n<li>T. +<strong>33 7 68 47 76 67<\/strong><\/li>\n<\/ul>\n<p style=\"text-align: center; color: #000000;\">Nous serons ravis de r\u00e9pondre \u00e0 vos questions et de vous accompagner dans votre passion pour la danse !<\/p>\n<p>[\/vc_column_text][\/vc_column][\/vc_row][vc_row content_placement=\u00a0\u00bbmiddle\u00a0\u00bb disable_element=\u00a0\u00bbyes\u00a0\u00bb][vc_column el_align=\u00a0\u00bbcenter\u00a0\u00bb]<div class='dt-sc-diamond-separator '><\/div>[vc_empty_space height=\u00a0\u00bb128px\u00a0\u00bb]<!=========Accordion View Template 3.2.1=========><script type=\"application\/ld+json\">\r\n[{\"@context\":\"http:\/\/schema.org\",\"@type\":\"Event\",\"name\":\"Cours Collectifs de Danse Sportive Enfants &#8211; Planet&rsquo;Aire Aire-sur-la-Lys\",\"description\":\"&lt;p&gt;Cours collectifs danse sportive enfants vendredis 18h30-19h30 2025\/2026 \\u00e0 Planet\\\\'Aire, Aire-sur-la-Lys. Initiation ludique danse. Inscriptions VP DANSES.&lt;\/p&gt;\\\\n\",\"image\":\"https:\/\/vpdanses.fr\/wp-content\/uploads\/2025\/08\/Template_Flyer_A3_VP_DANSES.jpg\",\"url\":\"https:\/\/vpdanses.fr\/home\/bienvenue-chez-vp-danses-hazebrouck\/evenement\/cours-collectifs-de-danse-sportive-enfants-planetaire-aire-sur-la-lys\/\",\"eventAttendanceMode\":\"https:\/\/schema.org\/OfflineEventAttendanceMode\",\"eventStatus\":\"https:\/\/schema.org\/EventScheduled\",\"startDate\":\"2025-09-12T18:30:00+02:00\",\"endDate\":\"2025-09-12T19:30:00+02:00\",\"location\":{\"@type\":\"Place\",\"name\":\"Parc de Loisirs plan\\u00e9taire\",\"description\":\"&lt;p&gt;Avec ses 18 activit\\u00e9s en int\\u00e9rieur d\\u00e9di\\u00e9s au divertissement sur 10 230m\\u00b2 , le complexe Planet\\\\'Aire vous promet une aventure inoubliable, que vous soyez petits ou grands !&lt;\/p&gt;\\\\n\",\"image\":\"https:\/\/vpdanses.fr\/wp-content\/uploads\/2025\/06\/Capture-decran-2025-06-09-a-07.14.12.png\",\"url\":\"https:\/\/vpdanses.fr\/home\/bienvenue-chez-vp-danses-hazebrouck\/lieu\/parc-loisirs-planet-aire\/\",\"address\":{\"@type\":\"PostalAddress\",\"streetAddress\":\"1 rue de Constantinople\",\"addressLocality\":\"Aire-sur-la-Lys\",\"addressRegion\":\"Nord\",\"postalCode\":\"62120\",\"addressCountry\":\"France\"},\"telephone\":\"03 76 15 00 43\",\"sameAs\":\"https:\/\/planetaire.fr\"},\"organizer\":{\"@type\":\"Person\",\"name\":\"VP DANSES, association de danses Hazebrouck, Saint-Jans-Cappel, Aire-sur-la-Lys\",\"description\":\"\",\"image\":\"https:\/\/vpdanses.fr\/wp-content\/uploads\/2025\/02\/2025-02-14.logo_VPdanses_FSD_WDO.png\",\"url\":\"https:\/\/vpdanses.fr\",\"telephone\":\"0769899751\",\"email\":\"c&#111;&#110;&#116;&#97;ct&#64;v&#112;dan&#115;&#101;&#115;&#46;f&#114;\",\"sameAs\":\"https:\/\/vpdanses.fr\"},\"performer\":\"Organization\"},{\"@context\":\"http:\/\/schema.org\",\"@type\":\"Event\",\"name\":\"Cours Collectifs de Danse Sportive Adultes &amp; Seniors &#8211; Planet&rsquo;Aire Aire-sur-la-Lys\",\"description\":\"&lt;p&gt;Cours collectifs de  danse sportive Adultes &amp; Seniors chaque vendredis de  19h45-20h45 \\u00e0 Planet\\\\'Aire, Aire-sur-la-Lys. Niveaux D\\u00e9butants et Grands D\\u00e9butants. Inscriptions VP DANSES saison 2025\/2026.&lt;\/p&gt;\\\\n\",\"image\":\"https:\/\/vpdanses.fr\/wp-content\/uploads\/2025\/08\/Template_Flyer_A3_VP_DANSES.jpg\",\"url\":\"https:\/\/vpdanses.fr\/home\/bienvenue-chez-vp-danses-hazebrouck\/evenement\/cours-collectifs-danse-sportive-adultes-seniors-planetaire-aire-sur-la-lys-2025-2026\/\",\"eventAttendanceMode\":\"https:\/\/schema.org\/OfflineEventAttendanceMode\",\"eventStatus\":\"https:\/\/schema.org\/EventScheduled\",\"startDate\":\"2025-09-12T19:45:00+02:00\",\"endDate\":\"2025-09-12T20:45:00+02:00\",\"location\":{\"@type\":\"Place\",\"name\":\"Parc de Loisirs plan\\u00e9taire\",\"description\":\"&lt;p&gt;Avec ses 18 activit\\u00e9s en int\\u00e9rieur d\\u00e9di\\u00e9s au divertissement sur 10 230m\\u00b2 , le complexe Planet\\\\'Aire vous promet une aventure inoubliable, que vous soyez petits ou grands !&lt;\/p&gt;\\\\n\",\"image\":\"https:\/\/vpdanses.fr\/wp-content\/uploads\/2025\/06\/Capture-decran-2025-06-09-a-07.14.12.png\",\"url\":\"https:\/\/vpdanses.fr\/home\/bienvenue-chez-vp-danses-hazebrouck\/lieu\/parc-loisirs-planet-aire\/\",\"address\":{\"@type\":\"PostalAddress\",\"streetAddress\":\"1 rue de Constantinople\",\"addressLocality\":\"Aire-sur-la-Lys\",\"addressRegion\":\"Nord\",\"postalCode\":\"62120\",\"addressCountry\":\"France\"},\"telephone\":\"03 76 15 00 43\",\"sameAs\":\"https:\/\/planetaire.fr\"},\"organizer\":{\"@type\":\"Person\",\"name\":\"VP DANSES, association de danses Hazebrouck, Saint-Jans-Cappel, Aire-sur-la-Lys\",\"description\":\"\",\"image\":\"https:\/\/vpdanses.fr\/wp-content\/uploads\/2025\/02\/2025-02-14.logo_VPdanses_FSD_WDO.png\",\"url\":\"https:\/\/vpdanses.fr\",\"telephone\":\"0769899751\",\"email\":\"&#99;onta&#99;&#116;&#64;&#118;pda&#110;s&#101;s.f&#114;\",\"sameAs\":\"https:\/\/vpdanses.fr\"},\"performer\":\"Organization\"},{\"@context\":\"http:\/\/schema.org\",\"@type\":\"Event\",\"name\":\"FFD \\u00c9PREUVES CLASSIFICATRICES ET OPENS\\u00a0\\u00c0 PARIS Japy\",\"description\":\"\",\"url\":\"https:\/\/vpdanses.fr\/home\/bienvenue-chez-vp-danses-hazebrouck\/evenement\/ffd-epreuves-classificatrices-et-opens-a-paris-japy\/\",\"eventAttendanceMode\":\"https:\/\/schema.org\/OfflineEventAttendanceMode\",\"eventStatus\":\"https:\/\/schema.org\/EventScheduled\",\"startDate\":\"2026-05-08T08:00:00+02:00\",\"endDate\":\"2026-05-09T17:00:00+02:00\",\"performer\":\"Organization\"}]\r\n<\/script><div id=\"ect-accordion-wrapper\" class=\"ect-accordion-view style-3 ect-cat-all\"><div class=\"ect-accordion-container\">\r\n    <div id=\"ect-accordion-event-14150\" class=\"ect-accordion-event style-3 ect-featured-event\" >\r\n        <div class=\"ect-accordion-header\">\r\n            <div class=\"ect-accordion-header-left\">\r\n                <div class=\"ect-accordion-date\"><div class=\"ect-date-area accordion-view-schedule\" >\r\n\t\t\t\t\t\t\t\t<span class=\"ev-day\">12<\/span>\r\n\t\t\t\t\t\t\t\t<span class=\"ev-mo\">septembre<\/span>\r\n\t\t\t\t\t\t\t\t<span class=\"ev-yr\">2025<\/span>\r\n\t\t\t\t\t\t\t\t<\/div><\/div>\r\n            <\/div>\r\n            <div class=\"ect-accordion-header-right\"><h3 class=\"ect-accordion-title\">Cours Collectifs de Danse Sportive Enfants &#8211; Planet&rsquo;Aire Aire-sur-la-Lys<\/h3><div class=\"ect-accordion-date-full\">\r\n                            septembre 12 (vendredi) 6:30 pm - septembre 12 (vendredi) 7:30 pm\r\n                        <\/div><div class=\"ect-accordion-venue\"><\/div><\/div><\/div>\r\n\t\t<div class=\"ect-accordion-footer\"><div class=\"ect-accordion-content\"><!-- Event Content --><div class=\"ect-event-content\" ><p>Cours collectifs danse sportive enfants vendredis 18h30-19h30 2025\/2026 \u00e0 Planet'Aire, Aire-sur-la-Lys. Initiation ludique danse. Inscriptions VP DANSES.<\/p><\/div><a href=\"https:\/\/vpdanses.fr\/home\/bienvenue-chez-vp-danses-hazebrouck\/evenement\/cours-collectifs-de-danse-sportive-enfants-planetaire-aire-sur-la-lys\/\" class=\"ect-events-read-more\" rel=\"bookmark\" >En savoir plus<\/a>\r\n\t\t\t<\/div><div class=\"ect-accordion-image\">\r\n                    <noscript><img decoding=\"async\" data-skip-lazy src=\"https:\/\/vpdanses.fr\/wp-content\/uploads\/2025\/08\/Template_Flyer_A3_VP_DANSES-726x1024.jpg\" title=\"Cours Collectifs de Danse Sportive Enfants &#8211; Planet&rsquo;Aire Aire-sur-la-Lys\" alt=\"Cours Collectifs de Danse Sportive Enfants &#8211; Planet&rsquo;Aire Aire-sur-la-Lys\"><\/noscript><img decoding=\"async\" src=\"data:image\/svg+xml;base64,PHN2ZyB3aWR0aD0iMTAyNCIgaGVpZ2h0PSIxNDQ1IiB2aWV3Qm94PSIwIDAgMTAyNCAxNDQ1IiBmaWxsPSJub25lIiB4bWxucz0iaHR0cDovL3d3dy53My5vcmcvMjAwMC9zdmciPjwvc3ZnPg==\" title=\"Cours Collectifs de Danse Sportive Enfants &#8211; Planet&rsquo;Aire Aire-sur-la-Lys\" alt=\"Cours Collectifs de Danse Sportive Enfants &#8211; Planet&rsquo;Aire Aire-sur-la-Lys\" data-src=\"https:\/\/vpdanses.fr\/wp-content\/uploads\/2025\/08\/Template_Flyer_A3_VP_DANSES-726x1024.jpg\" data-sizes=\"auto\" loading=\"eager\" class=\"vp-lazyload\"><\/div><div class=\"ect-accordion-map\">\n<iframe loading=\"lazy\"\n  title=\"L\u2018iframe Google maps affichant l\u2019adresse \u00e0 Parc de Loisirs plan\u00e9taire\"\n  aria-label=\"Plan des lieux\"\n  width=\"100%\"\n  height=\"350px\"\n  frameborder=\"0\" style=\"border:0\"\n  src=\"https:\/\/www.google.com\/maps\/embed\/v1\/place?key=AIzaSyDNsicAsP6-VuGtAb1O9riI3oc_NOb7IOU&#038;q=1+rue+de+Constantinople+Aire-sur-la-Lys+Nord+62120+France+&#038;zoom=11\" allowfullscreen>\n<\/iframe>\n<\/div><\/div>\r\n    <\/div>\r\n    <div id=\"ect-accordion-event-14167\" class=\"ect-accordion-event style-3 ect-featured-event\" >\r\n        <div class=\"ect-accordion-header\">\r\n            <div class=\"ect-accordion-header-left\">\r\n                <div class=\"ect-accordion-date\"><div class=\"ect-date-area accordion-view-schedule\" >\r\n\t\t\t\t\t\t\t\t<span class=\"ev-day\">12<\/span>\r\n\t\t\t\t\t\t\t\t<span class=\"ev-mo\">septembre<\/span>\r\n\t\t\t\t\t\t\t\t<span class=\"ev-yr\">2025<\/span>\r\n\t\t\t\t\t\t\t\t<\/div><\/div>\r\n            <\/div>\r\n            <div class=\"ect-accordion-header-right\"><h3 class=\"ect-accordion-title\">Cours Collectifs de Danse Sportive Adultes &amp; Seniors &#8211; Planet&rsquo;Aire Aire-sur-la-Lys<\/h3><div class=\"ect-accordion-date-full\">\r\n                            septembre 12 (vendredi) 7:45 pm - septembre 12 (vendredi) 8:45 pm\r\n                        <\/div><div class=\"ect-accordion-venue\"><\/div><\/div><\/div>\r\n\t\t<div class=\"ect-accordion-footer\"><div class=\"ect-accordion-content\"><!-- Event Content --><div class=\"ect-event-content\" ><p>Cours collectifs de danse sportive Adultes &amp; Seniors chaque vendredis de 19h45-20h45 \u00e0 Planet'Aire, Aire-sur-la-Lys. Niveaux D\u00e9butants et Grands D\u00e9butants. Inscriptions VP DANSES saison 2025\/2026.<\/p><\/div><a href=\"https:\/\/vpdanses.fr\/home\/bienvenue-chez-vp-danses-hazebrouck\/evenement\/cours-collectifs-danse-sportive-adultes-seniors-planetaire-aire-sur-la-lys-2025-2026\/\" class=\"ect-events-read-more\" rel=\"bookmark\" >En savoir plus<\/a>\r\n\t\t\t<\/div><div class=\"ect-accordion-image\">\r\n                    <noscript><img decoding=\"async\" data-skip-lazy src=\"https:\/\/vpdanses.fr\/wp-content\/uploads\/2025\/08\/Template_Flyer_A3_VP_DANSES-726x1024.jpg\" title=\"Cours Collectifs de Danse Sportive Adultes &amp; Seniors &#8211; Planet&rsquo;Aire Aire-sur-la-Lys\" alt=\"Cours Collectifs de Danse Sportive Adultes &amp; Seniors &#8211; Planet&rsquo;Aire Aire-sur-la-Lys\"><\/noscript><img decoding=\"async\" src=\"data:image\/svg+xml;base64,PHN2ZyB3aWR0aD0iMTAyNCIgaGVpZ2h0PSIxNDQ1IiB2aWV3Qm94PSIwIDAgMTAyNCAxNDQ1IiBmaWxsPSJub25lIiB4bWxucz0iaHR0cDovL3d3dy53My5vcmcvMjAwMC9zdmciPjwvc3ZnPg==\" title=\"Cours Collectifs de Danse Sportive Adultes &amp; Seniors &#8211; Planet&rsquo;Aire Aire-sur-la-Lys\" alt=\"Cours Collectifs de Danse Sportive Adultes &amp; Seniors &#8211; Planet&rsquo;Aire Aire-sur-la-Lys\" data-src=\"https:\/\/vpdanses.fr\/wp-content\/uploads\/2025\/08\/Template_Flyer_A3_VP_DANSES-726x1024.jpg\" data-sizes=\"auto\" loading=\"eager\" class=\"vp-lazyload\"><\/div><div class=\"ect-accordion-map\">\n<iframe loading=\"lazy\"\n  title=\"L\u2018iframe Google maps affichant l\u2019adresse \u00e0 Parc de Loisirs plan\u00e9taire\"\n  aria-label=\"Plan des lieux\"\n  width=\"100%\"\n  height=\"350px\"\n  frameborder=\"0\" style=\"border:0\"\n  src=\"https:\/\/www.google.com\/maps\/embed\/v1\/place?key=AIzaSyDNsicAsP6-VuGtAb1O9riI3oc_NOb7IOU&#038;q=1+rue+de+Constantinople+Aire-sur-la-Lys+Nord+62120+France+&#038;zoom=11\" allowfullscreen>\n<\/iframe>\n<\/div><\/div>\r\n    <\/div>\r\n    <div id=\"ect-accordion-event-13850\" class=\"ect-accordion-event style-3 ect-featured-event\" >\r\n        <div class=\"ect-accordion-header\">\r\n            <div class=\"ect-accordion-header-left\">\r\n                <div class=\"ect-accordion-date\"><div class=\"ect-date-area accordion-view-schedule\" >\r\n\t\t\t\t\t\t\t\t<span class=\"ev-day\">08<\/span>\r\n\t\t\t\t\t\t\t\t<span class=\"ev-mo\">mai<\/span>\r\n\t\t\t\t\t\t\t\t<span class=\"ev-yr\">2026<\/span>\r\n\t\t\t\t\t\t\t\t<\/div><\/div>\r\n            <\/div>\r\n            <div class=\"ect-accordion-header-right\"><h3 class=\"ect-accordion-title\">FFD \u00c9PREUVES CLASSIFICATRICES ET OPENS\u00a0\u00c0 PARIS Japy<\/h3><div class=\"ect-accordion-date-full\">\r\n                            mai 8 (vendredi) 8:00 am - mai 9 (samedi) 5:00 pm\r\n                        <\/div><\/div><\/div>\r\n\t\t<div class=\"ect-accordion-footer\"><div class=\"ect-accordion-content\"><a href=\"https:\/\/vpdanses.fr\/home\/bienvenue-chez-vp-danses-hazebrouck\/evenement\/ffd-epreuves-classificatrices-et-opens-a-paris-japy\/\" class=\"ect-events-read-more\" rel=\"bookmark\" >En savoir plus<\/a>\r\n\t\t\t<\/div><div class=\"ect-accordion-image\">\r\n                    <noscript><img decoding=\"async\" data-skip-lazy src=\"https:\/\/vpdanses.fr\/wp-content\/plugins\/the-events-calendar-templates-and-shortcode\/assets\/images\/event-template-bg.png\" title=\"FFD \u00c9PREUVES CLASSIFICATRICES ET OPENS\u00a0\u00c0 PARIS Japy\" alt=\"FFD \u00c9PREUVES CLASSIFICATRICES ET OPENS\u00a0\u00c0 PARIS Japy\"><\/noscript><img decoding=\"async\" src=\"https:\/\/vpdanses.fr\/wp-content\/plugins\/the-events-calendar-templates-and-shortcode\/assets\/images\/event-template-bg.png\" title=\"FFD \u00c9PREUVES CLASSIFICATRICES ET OPENS\u00a0\u00c0 PARIS Japy\" alt=\"FFD \u00c9PREUVES CLASSIFICATRICES ET OPENS\u00a0\u00c0 PARIS Japy\" data-src=\"https:\/\/vpdanses.fr\/wp-content\/plugins\/the-events-calendar-templates-and-shortcode\/assets\/images\/event-template-bg.png\" data-sizes=\"auto\" loading=\"eager\" class=\"vp-lazyload\"><\/div><div class=\"ect-accordion-map\"><\/div><\/div>\r\n    <\/div>\r\n    <div id=\"ect-accordion-event-14150\" class=\"ect-accordion-event style-3 ect-featured-event\" >\r\n        <div class=\"ect-accordion-header\">\r\n            <div class=\"ect-accordion-header-left\">\r\n                <div class=\"ect-accordion-date\"><div class=\"ect-date-area accordion-view-schedule\" >\r\n\t\t\t\t\t\t\t\t<span class=\"ev-day\">12<\/span>\r\n\t\t\t\t\t\t\t\t<span class=\"ev-mo\">septembre<\/span>\r\n\t\t\t\t\t\t\t\t<span class=\"ev-yr\">2025<\/span>\r\n\t\t\t\t\t\t\t\t<\/div><\/div>\r\n            <\/div>\r\n            <div class=\"ect-accordion-header-right\"><h3 class=\"ect-accordion-title\">Cours Collectifs de Danse Sportive Enfants &#8211; Planet&rsquo;Aire Aire-sur-la-Lys<\/h3><div class=\"ect-accordion-date-full\">\r\n                            septembre 12 (vendredi) 6:30 pm - septembre 12 (vendredi) 7:30 pm\r\n                        <\/div><div class=\"ect-accordion-venue\"><\/div><\/div><\/div>\r\n\t\t<div class=\"ect-accordion-footer\"><div class=\"ect-accordion-content\"><!-- Event Content --><div class=\"ect-event-content\" ><p>Cours collectifs danse sportive enfants vendredis 18h30-19h30 2025\/2026 \u00e0 Planet'Aire, Aire-sur-la-Lys. Initiation ludique danse. Inscriptions VP DANSES.<\/p><\/div><a href=\"https:\/\/vpdanses.fr\/home\/bienvenue-chez-vp-danses-hazebrouck\/evenement\/cours-collectifs-de-danse-sportive-enfants-planetaire-aire-sur-la-lys\/\" class=\"ect-events-read-more\" rel=\"bookmark\" >En savoir plus<\/a>\r\n\t\t\t<\/div><div class=\"ect-accordion-image\">\r\n                    <noscript><img decoding=\"async\" data-skip-lazy src=\"https:\/\/vpdanses.fr\/wp-content\/uploads\/2025\/08\/Template_Flyer_A3_VP_DANSES-726x1024.jpg\" title=\"Cours Collectifs de Danse Sportive Enfants &#8211; Planet&rsquo;Aire Aire-sur-la-Lys\" alt=\"Cours Collectifs de Danse Sportive Enfants &#8211; Planet&rsquo;Aire Aire-sur-la-Lys\"><\/noscript><img decoding=\"async\" src=\"data:image\/svg+xml;base64,PHN2ZyB3aWR0aD0iMTAyNCIgaGVpZ2h0PSIxNDQ1IiB2aWV3Qm94PSIwIDAgMTAyNCAxNDQ1IiBmaWxsPSJub25lIiB4bWxucz0iaHR0cDovL3d3dy53My5vcmcvMjAwMC9zdmciPjwvc3ZnPg==\" title=\"Cours Collectifs de Danse Sportive Enfants &#8211; Planet&rsquo;Aire Aire-sur-la-Lys\" alt=\"Cours Collectifs de Danse Sportive Enfants &#8211; Planet&rsquo;Aire Aire-sur-la-Lys\" data-src=\"https:\/\/vpdanses.fr\/wp-content\/uploads\/2025\/08\/Template_Flyer_A3_VP_DANSES-726x1024.jpg\" data-sizes=\"auto\" loading=\"eager\" class=\"vp-lazyload\"><\/div><div class=\"ect-accordion-map\">\n<iframe loading=\"lazy\"\n  title=\"L\u2018iframe Google maps affichant l\u2019adresse \u00e0 Parc de Loisirs plan\u00e9taire\"\n  aria-label=\"Plan des lieux\"\n  width=\"100%\"\n  height=\"350px\"\n  frameborder=\"0\" style=\"border:0\"\n  src=\"https:\/\/www.google.com\/maps\/embed\/v1\/place?key=AIzaSyDNsicAsP6-VuGtAb1O9riI3oc_NOb7IOU&#038;q=1+rue+de+Constantinople+Aire-sur-la-Lys+Nord+62120+France+&#038;zoom=11\" allowfullscreen>\n<\/iframe>\n<\/div><\/div>\r\n    <\/div><\/div><div class=\"ect-load-more style-3\">\r\n                <a href=\"#\" class=\"ect-load-more-btn\">\r\n                <noscript><img decoding=\"async\" class=\"ect-preloader\" alt=\"Loading\" style=\"display:none;\" data-skip-lazy src=\"https:\/\/vpdanses.fr\/wp-content\/plugins\/the-events-calendar-templates-and-shortcode\/assets\/images\/preloader.svg\"><\/noscript><img decoding=\"async\" class=\"ect-preloader vp-lazyload\" alt=\"Loading\" style=\"display:none;\" src=\"https:\/\/vpdanses.fr\/wp-content\/plugins\/the-events-calendar-templates-and-shortcode\/assets\/images\/preloader.svg\" data-src=\"https:\/\/vpdanses.fr\/wp-content\/plugins\/the-events-calendar-templates-and-shortcode\/assets\/images\/preloader.svg\" data-sizes=\"auto\" loading=\"eager\"> <span class=\"ect-btn-text\">Charger plus<\/span><\/a>\r\n                <section data-exclude-events=\"[14150,14167,13850,14150]\"  id=\"ect-lm-settings\" data-load-more=\"Charger plus\"  data-loaded=\"Aucun \u00e9v\u00e9nement trouv\u00e9\" \r\n                data-loading=\"Chargement\" data-settings={\"hide_venue\":\"yes\",\"date_format\":\"default\",\"socialshare\":\"no\",\"template\":\"accordion-view\",\"style\":\"style-3\",\"show_description\":\"\"} data-ajax-url=\"https:\/\/vpdanses.fr\/wp-admin\/admin-ajax.php\" data-load-nonce=\"0732371b0d\">\r\n                <div id=\"ect-cat-load-more\" style=\"display:none;\"><noscript><img decoding=\"async\" class=\"ect-preloader\" alt=\"Loading\"  data-skip-lazy src=\"https:\/\/vpdanses.fr\/wp-content\/plugins\/the-events-calendar-templates-and-shortcode\/assets\/images\/preloader.svg\"><\/noscript><img decoding=\"async\" class=\"ect-preloader vp-lazyload\" alt=\"Loading\" src=\"https:\/\/vpdanses.fr\/wp-content\/plugins\/the-events-calendar-templates-and-shortcode\/assets\/images\/preloader.svg\" data-src=\"https:\/\/vpdanses.fr\/wp-content\/plugins\/the-events-calendar-templates-and-shortcode\/assets\/images\/preloader.svg\" data-sizes=\"auto\" loading=\"eager\"> <span class=\"ect-btn-text\"><\/span><\/div>\r\n                <\/section>\r\n                <script type=\"application\/json\" id=\"ect-query-arg\">{\"post_status\":\"publish\",\"posts_per_page\":\"4\",\"meta_key\":\"_EventStartDate\",\"orderby\":\"event_date\",\"order\":\"ASC\",\"featured\":\"\",\"meta_query\":[{\"key\":\"_EventEndDate\",\"value\":\"2026-04-30 06:06:33\",\"compare\":\">=\",\"type\":\"DATETIME\"}]}<\/script><\/div><\/div>[\/vc_column][\/vc_row][vc_row content_placement=\u00a0\u00bbmiddle\u00a0\u00bb disable_element=\u00a0\u00bbyes\u00a0\u00bb][vc_column el_align=\u00a0\u00bbcenter\u00a0\u00bb]<div class='dt-sc-diamond-separator '><\/div>[vc_empty_space height=\u00a0\u00bb128px\u00a0\u00bb][vc_column_text css=\u00a0\u00bb\u00a0\u00bb]<\/p>\n<h1>Partenariats et affiliations de VP DANSES!<\/h1>\n<p>[\/vc_column_text][\/vc_column][\/vc_row][vc_row content_placement=\u00a0\u00bbmiddle\u00a0\u00bb disable_element=\u00a0\u00bbyes\u00a0\u00bb][vc_column width=\u00a0\u00bb1\/5&Prime;][vc_single_image image=\u00a0\u00bb12775&Prime; img_size=\u00a0\u00bblarge\u00a0\u00bb style=\u00a0\u00bbvc_box_shadow_border_circle_2&Prime; onclick=\u00a0\u00bbcustom_link\u00a0\u00bb img_link_target=\u00a0\u00bb_blank\u00a0\u00bb css=\u00a0\u00bb\u00a0\u00bb title=\u00a0\u00bbPlanet&rsquo; Aire\u00a0\u00bb link=\u00a0\u00bbhttps:\/\/www.facebook.com\/p\/PlanetAire-61553786996231\/\u00a0\u00bb][\/vc_column][vc_column width=\u00a0\u00bb1\/5&Prime;][vc_single_image image=\u00a0\u00bb10246&Prime; img_size=\u00a0\u00bbmedium\u00a0\u00bb alignment=\u00a0\u00bbcenter\u00a0\u00bb style=\u00a0\u00bbvc_box_shadow_border_circle_2&Prime; onclick=\u00a0\u00bbcustom_link\u00a0\u00bb img_link_target=\u00a0\u00bb_blank\u00a0\u00bb css_animation=\u00a0\u00bbbounceIn\u00a0\u00bb css=\u00a0\u00bb\u00a0\u00bb link=\u00a0\u00bbhttps:\/\/www.facebook.com\/profile.php?id=100009426981409&Prime;][\/vc_column][vc_column width=\u00a0\u00bb1\/5&Prime;][vc_single_image image=\u00a0\u00bb10244&Prime; img_size=\u00a0\u00bbmedium\u00a0\u00bb alignment=\u00a0\u00bbcenter\u00a0\u00bb style=\u00a0\u00bbvc_box_shadow_border_circle_2&Prime; onclick=\u00a0\u00bbcustom_link\u00a0\u00bb img_link_target=\u00a0\u00bb_blank\u00a0\u00bb css_animation=\u00a0\u00bbbounceIn\u00a0\u00bb css=\u00a0\u00bb\u00a0\u00bb link=\u00a0\u00bbhttps:\/\/vieactive.fr\/etablissements\/ehpad-isbergues\/\u00a0\u00bb][\/vc_column][vc_column width=\u00a0\u00bb1\/5&Prime;][vc_single_image image=\u00a0\u00bb10563&Prime; img_size=\u00a0\u00bbmedium\u00a0\u00bb alignment=\u00a0\u00bbcenter\u00a0\u00bb style=\u00a0\u00bbvc_box_shadow_border_circle_2&Prime; onclick=\u00a0\u00bbcustom_link\u00a0\u00bb img_link_target=\u00a0\u00bb_blank\u00a0\u00bb css_animation=\u00a0\u00bbbounceIn\u00a0\u00bb css=\u00a0\u00bb\u00a0\u00bb link=\u00a0\u00bbhttps:\/\/www.facebook.com\/mjepdanse\u00a0\u00bb][\/vc_column][\/vc_row][vc_row content_placement=\u00a0\u00bbmiddle\u00a0\u00bb disable_element=\u00a0\u00bbyes\u00a0\u00bb][vc_column width=\u00a0\u00bb1\/5&Prime;][vc_single_image image=\u00a0\u00bb10260&Prime; img_size=\u00a0\u00bbmedium\u00a0\u00bb alignment=\u00a0\u00bbcenter\u00a0\u00bb style=\u00a0\u00bbvc_box_shadow_border_circle_2&Prime; onclick=\u00a0\u00bbcustom_link\u00a0\u00bb img_link_target=\u00a0\u00bb_blank\u00a0\u00bb css_animation=\u00a0\u00bbbounceIn\u00a0\u00bb css=\u00a0\u00bb\u00a0\u00bb link=\u00a0\u00bbhttps:\/\/mt-cookies.com\u00a0\u00bb][\/vc_column][vc_column width=\u00a0\u00bb1\/5&Prime;][vc_single_image image=\u00a0\u00bb10567&Prime; img_size=\u00a0\u00bbmedium\u00a0\u00bb alignment=\u00a0\u00bbcenter\u00a0\u00bb style=\u00a0\u00bbvc_box_shadow_border_circle_2&Prime; onclick=\u00a0\u00bbcustom_link\u00a0\u00bb img_link_target=\u00a0\u00bb_blank\u00a0\u00bb css=\u00a0\u00bb\u00a0\u00bb link=\u00a0\u00bbhttps:\/\/www.facebook.com\/CHHazebrouck\u00a0\u00bb][\/vc_column][vc_column width=\u00a0\u00bb1\/5&Prime;][vc_single_image image=\u00a0\u00bb10291&Prime; img_size=\u00a0\u00bbmedium\u00a0\u00bb alignment=\u00a0\u00bbcenter\u00a0\u00bb style=\u00a0\u00bbvc_box_shadow_border_circle_2&Prime; onclick=\u00a0\u00bbcustom_link\u00a0\u00bb img_link_target=\u00a0\u00bb_blank\u00a0\u00bb css=\u00a0\u00bb\u00a0\u00bb link=\u00a0\u00bbhttps:\/\/web.mtlouison.fr\u00a0\u00bb][\/vc_column][vc_column width=\u00a0\u00bb1\/5&Prime;][vc_single_image image=\u00a0\u00bb10292&Prime; img_size=\u00a0\u00bbmedium\u00a0\u00bb alignment=\u00a0\u00bbcenter\u00a0\u00bb style=\u00a0\u00bbvc_box_shadow_border_circle_2&Prime; onclick=\u00a0\u00bbcustom_link\u00a0\u00bb img_link_target=\u00a0\u00bb_blank\u00a0\u00bb css_animation=\u00a0\u00bbbounceIn\u00a0\u00bb css=\u00a0\u00bb\u00a0\u00bb link=\u00a0\u00bbhttps:\/\/musique.mtlouison.fr\u00a0\u00bb][\/vc_column][vc_column width=\u00a0\u00bb1\/5&Prime;][vc_single_image image=\u00a0\u00bb11317&Prime; img_size=\u00a0\u00bbmedium\u00a0\u00bb alignment=\u00a0\u00bbcenter\u00a0\u00bb style=\u00a0\u00bbvc_box_shadow_border_circle_2&Prime; onclick=\u00a0\u00bbcustom_link\u00a0\u00bb img_link_target=\u00a0\u00bb_blank\u00a0\u00bb css=\u00a0\u00bb\u00a0\u00bb link=\u00a0\u00bbhttps:\/\/fededanse.fr\u00a0\u00bb][\/vc_column][\/vc_row][vc_row content_placement=\u00a0\u00bbmiddle\u00a0\u00bb disable_element=\u00a0\u00bbyes\u00a0\u00bb][vc_column el_align=\u00a0\u00bbcenter\u00a0\u00bb]<div class='dt-sc-diamond-separator '><\/div>[vc_empty_space height=\u00a0\u00bb128px\u00a0\u00bb][vc_column_text css=\u00a0\u00bb\u00a0\u00bb]<\/p>\n<h1>Le logo de VP DANSES Hazebrouck<\/h1>\n<p>[\/vc_column_text][vc_single_image image=\u00a0\u00bb9055&Prime; img_size=\u00a0\u00bbmedium\u00a0\u00bb add_caption=\u00a0\u00bbyes\u00a0\u00bb alignment=\u00a0\u00bbcenter\u00a0\u00bb style=\u00a0\u00bbvc_box_shadow_border_circle_2&Prime; onclick=\u00a0\u00bbcustom_link\u00a0\u00bb css=\u00a0\u00bb\u00a0\u00bb link=\u00a0\u00bbhttps:\/\/vpdanses.fr\/home\/bienvenue-chez-vp-danses-hazebrouck\/formulaire-de-contact\/\u00a0\u00bb][\/vc_column][\/vc_row]<\/p>\n<\/div>","protected":false},"excerpt":{"rendered":"<p>[vc_row content_placement=\u00a0\u00bbmiddle\u00a0\u00bb][vc_column el_align=\u00a0\u00bbcenter\u00a0\u00bb][vc_empty_space height=\u00a0\u00bb60px\u00a0\u00bb][vc_column_text css=\u00a0\u00bb\u00a0\u00bb css_animation=\u00a0\u00bbzoomIn\u00a0\u00bb] Bienvenue sur notre site internet de VP DANSES ! [\/vc_column_text][vc_empty_space height=\u00a0\u00bb5px\u00a0\u00bb][vc_single_image image=\u00a0\u00bb14053&Prime; img_size=\u00a0\u00bblarge\u00a0\u00bb alignment=\u00a0\u00bbcenter\u00a0\u00bb style=\u00a0\u00bbvc_box_shadow\u00a0\u00bb css=\u00a0\u00bb\u00a0\u00bb][\/vc_column][\/vc_row][vc_row content_placement=\u00a0\u00bbmiddle\u00a0\u00bb][vc_column el_align=\u00a0\u00bbcenter\u00a0\u00bb][vc_empty_space height=\u00a0\u00bb128px\u00a0\u00bb][vc_column_text css=\u00a0\u00bb\u00a0\u00bb] Qui sommes-nous ? [\/vc_column_text][\/vc_column][\/vc_row][vc_row [&hellip;]<\/p>\n","protected":false},"author":1,"featured_media":14053,"parent":7527,"menu_order":0,"comment_status":"closed","ping_status":"closed","template":"","meta":{"_uag_custom_page_level_css":"","_price":"","_stock":"","_tribe_ticket_header":"","_tribe_default_ticket_provider":"","_tribe_ticket_capacity":"0","_ticket_start_date":"","_ticket_end_date":"","_tribe_ticket_show_description":"","_tribe_ticket_show_not_going":false,"_tribe_ticket_use_global_stock":"","_tribe_ticket_global_stock_level":"","_global_stock_mode":"","_global_stock_cap":"","_tribe_rsvp_for_event":"","_tribe_ticket_going_count":"","_tribe_ticket_not_going_count":"","_tribe_tickets_list":"[]","_tribe_ticket_has_attendee_info_fields":false,"_EventAllDay":false,"_EventTimezone":"","_EventStartDate":"","_EventEndDate":"","_EventStartDateUTC":"","_EventEndDateUTC":"","_EventShowMap":false,"_EventShowMapLink":false,"_EventURL":"","_EventCost":"","_EventCostDescription":"","_EventCurrencySymbol":"","_EventCurrencyCode":"","_EventCurrencyPosition":"","_EventDateTimeSeparator":"","_EventTimeRangeSeparator":"","_EventOrganizerID":[],"_EventVenueID":[],"_OrganizerEmail":"","_OrganizerPhone":"","_OrganizerWebsite":"","_VenueAddress":"","_VenueCity":"","_VenueCountry":"","_VenueProvince":"","_VenueState":"","_VenueZip":"","_VenuePhone":"","_VenueURL":"","_VenueStateProvince":"","_VenueLat":"","_VenueLng":"","_VenueShowMap":false,"_VenueShowMapLink":false,"_vp_format_video_url":"","_vp_image_focal_point":[],"footnotes":"","_tec_slr_enabled":"","_tec_slr_layout":""},"class_list":["post-9073","page","type-page","status-publish","has-post-thumbnail","hentry","cat_cours-collectifs-danse-sportive-latines-standards","cat_cours-collectifs-aire-sur-la-lys-danse-sportive-latines-standards","cat_danse-sportive"],"yoast_head":"<!-- This site is optimized with the Yoast SEO Premium plugin v25.6 (Yoast SEO v25.6) - https:\/\/yoast.com\/wordpress\/plugins\/seo\/ -->\n<title>Bienvenue chez VP danses - VP DANSES, cours de Danse Sportive \u00e0 Aire-sur-la-Lys et \u00e0 Saint-Jans-Cappel (Hauts-de-France)<\/title>\n<meta name=\"description\" content=\"VP DANSES dispense des cours hebdomadaires de Danse SPortive (danses en couple ou en solo) \u00e0 Aire-sur-la-Lys et \u00e0 Saint-Jans-Cappel. Tous les vendredis \u00e0 partir du 12\/09\/2025 pour la saison scolaire 2025\/2026.\" \/>\n<meta name=\"robots\" content=\"index, follow, max-snippet:-1, max-image-preview:large, max-video-preview:-1\" \/>\n<link rel=\"canonical\" href=\"https:\/\/vpdanses.fr\/home\/bienvenue-chez-vp-danses-hazebrouck\/\" \/>\n<meta property=\"og:locale\" content=\"fr_FR\" \/>\n<meta property=\"og:type\" content=\"article\" \/>\n<meta property=\"og:title\" content=\"VP DANSES dispense des cours hebdomadaires de Danse SPortive (danses en couple ou en solo) \u00e0 Aire-sur-la-Lys et \u00e0 Saint-Jans-Cappel\" \/>\n<meta property=\"og:description\" content=\"VP DANSES dispense des cours hebdomadaires de Danse SPortive (danses en couple ou en solo) \u00e0 Aire-sur-la-Lys et \u00e0 Saint-Jans-Cappel. Tous les vendredis \u00e0 partir du 12\/09\/2025 pour la saison scolaire 2025\/2026.\" \/>\n<meta property=\"og:url\" content=\"https:\/\/vpdanses.fr\/home\/bienvenue-chez-vp-danses-hazebrouck\/\" \/>\n<meta property=\"og:site_name\" content=\"VP DANSES, cours de Danse Sportive \u00e0 Aire-sur-la-Lys et \u00e0 Saint-Jans-Cappel (Hauts-de-France)\" \/>\n<meta property=\"article:modified_time\" content=\"2025-09-24T13:27:36+00:00\" \/>\n<meta property=\"og:image\" content=\"https:\/\/vpdanses.fr\/wp-content\/uploads\/2025\/07\/MG_3028_W1240.jpg\" \/>\n\t<meta property=\"og:image:width\" content=\"1240\" \/>\n\t<meta property=\"og:image:height\" content=\"696\" \/>\n\t<meta property=\"og:image:type\" content=\"image\/jpeg\" \/>\n<meta name=\"twitter:card\" content=\"summary_large_image\" \/>\n<meta name=\"twitter:title\" content=\"Bienvenue chez VP danses\" \/>\n<meta name=\"twitter:label1\" content=\"Dur\u00e9e de lecture estim\u00e9e\" \/>\n\t<meta name=\"twitter:data1\" content=\"4 minutes\" \/>\n<script type=\"application\/ld+json\" class=\"yoast-schema-graph\">{\"@context\":\"https:\/\/schema.org\",\"@graph\":[{\"@type\":\"WebPage\",\"@id\":\"https:\/\/vpdanses.fr\/home\/bienvenue-chez-vp-danses-hazebrouck\/\",\"url\":\"https:\/\/vpdanses.fr\/home\/bienvenue-chez-vp-danses-hazebrouck\/\",\"name\":\"Bienvenue chez VP danses - VP DANSES, cours de Danse Sportive \u00e0 Aire-sur-la-Lys et \u00e0 Saint-Jans-Cappel (Hauts-de-France)\",\"isPartOf\":{\"@id\":\"https:\/\/vpdanses.fr\/home\/bienvenue-chez-vp-danses-hazebrouck\/#website\"},\"primaryImageOfPage\":{\"@id\":\"https:\/\/vpdanses.fr\/home\/bienvenue-chez-vp-danses-hazebrouck\/#primaryimage\"},\"image\":{\"@id\":\"https:\/\/vpdanses.fr\/home\/bienvenue-chez-vp-danses-hazebrouck\/#primaryimage\"},\"thumbnailUrl\":\"https:\/\/vpdanses.fr\/wp-content\/uploads\/2025\/07\/MG_3028_W1240.jpg\",\"datePublished\":\"2024-10-19T21:07:41+00:00\",\"dateModified\":\"2025-09-24T13:27:36+00:00\",\"description\":\"VP DANSES dispense des cours hebdomadaires de Danse SPortive (danses en couple ou en solo) \u00e0 Aire-sur-la-Lys et \u00e0 Saint-Jans-Cappel. Tous les vendredis \u00e0 partir du 12\/09\/2025 pour la saison scolaire 2025\/2026.\",\"breadcrumb\":{\"@id\":\"https:\/\/vpdanses.fr\/home\/bienvenue-chez-vp-danses-hazebrouck\/#breadcrumb\"},\"inLanguage\":\"fr-FR\",\"potentialAction\":[{\"@type\":\"ReadAction\",\"target\":[\"https:\/\/vpdanses.fr\/home\/bienvenue-chez-vp-danses-hazebrouck\/\"]}]},{\"@type\":\"ImageObject\",\"inLanguage\":\"fr-FR\",\"@id\":\"https:\/\/vpdanses.fr\/home\/bienvenue-chez-vp-danses-hazebrouck\/#primaryimage\",\"url\":\"https:\/\/vpdanses.fr\/wp-content\/uploads\/2025\/07\/MG_3028_W1240.jpg\",\"contentUrl\":\"https:\/\/vpdanses.fr\/wp-content\/uploads\/2025\/07\/MG_3028_W1240.jpg\",\"width\":1240,\"height\":696,\"caption\":\"VP DANSES dispense des cours hebdomadaires de Danse SPortive (danses en couple ou en solo) \u00e0 Aire-sur-la-Lys et \u00e0 Saint-Jans-Cappel.\"},{\"@type\":\"BreadcrumbList\",\"@id\":\"https:\/\/vpdanses.fr\/home\/bienvenue-chez-vp-danses-hazebrouck\/#breadcrumb\",\"itemListElement\":[{\"@type\":\"ListItem\",\"position\":1,\"name\":\"Accueil\",\"item\":\"https:\/\/vpdanses.fr\/home\/bienvenue-chez-vp-danses-hazebrouck\/\"},{\"@type\":\"ListItem\",\"position\":2,\"name\":\"Home\",\"item\":\"https:\/\/vpdanses.fr\/home\/bienvenue-chez-vp-danses-hazebrouck\/home\/\"},{\"@type\":\"ListItem\",\"position\":3,\"name\":\"Bienvenue chez VP danses\"}]},{\"@type\":\"WebSite\",\"@id\":\"https:\/\/vpdanses.fr\/home\/bienvenue-chez-vp-danses-hazebrouck\/#website\",\"url\":\"https:\/\/vpdanses.fr\/home\/bienvenue-chez-vp-danses-hazebrouck\/\",\"name\":\"VP DANSES, cours de Danse Sportive \u00e0 Aire-sur-la-Lys et \u00e0 Saint-Jans-Cappel (Hauts-de-France)\",\"description\":\"Cours de Danse Sportive STANDARD (valse anglaise, tango, valse viennoise, slowfox, quickstep), danses sportives LATINES (samba, chacha, rumba, paso doble, jive), danses de bal, danses de salons, danses de loisirs, salsa, rock 4 temps, rock 6 temps, danses en ligne, disco, \u2026 Lieu : Hazebrouck, Aire-sur-la-Lys, Saint-Jans-Cappel et Isbergues (Hauts-de-France) - Cours Particuliers dans les Hauts-de-France - Ouverture de bal de Mariage\",\"publisher\":{\"@id\":\"https:\/\/vpdanses.fr\/home\/bienvenue-chez-vp-danses-hazebrouck\/#organization\"},\"potentialAction\":[{\"@type\":\"SearchAction\",\"target\":{\"@type\":\"EntryPoint\",\"urlTemplate\":\"https:\/\/vpdanses.fr\/home\/bienvenue-chez-vp-danses-hazebrouck\/?s={search_term_string}\"},\"query-input\":{\"@type\":\"PropertyValueSpecification\",\"valueRequired\":true,\"valueName\":\"search_term_string\"}}],\"inLanguage\":\"fr-FR\"},{\"@type\":\"Organization\",\"@id\":\"https:\/\/vpdanses.fr\/home\/bienvenue-chez-vp-danses-hazebrouck\/#organization\",\"name\":\"VP DANSES, cours de Danse Sportive \u00e0 Aire-sur-la-Lys et \u00e0 Saint-Jans-Cappel (Hauts-de-France)\",\"url\":\"https:\/\/vpdanses.fr\/home\/bienvenue-chez-vp-danses-hazebrouck\/\",\"logo\":{\"@type\":\"ImageObject\",\"inLanguage\":\"fr-FR\",\"@id\":\"https:\/\/vpdanses.fr\/home\/bienvenue-chez-vp-danses-hazebrouck\/#\/schema\/logo\/image\/\",\"url\":\"https:\/\/vpdanses.fr\/wp-content\/uploads\/2024\/10\/logo_cadanse_asaintjans.jpeg\",\"contentUrl\":\"https:\/\/vpdanses.fr\/wp-content\/uploads\/2024\/10\/logo_cadanse_asaintjans.jpeg\",\"width\":225,\"height\":225,\"caption\":\"VP DANSES, cours de Danse Sportive \u00e0 Aire-sur-la-Lys et \u00e0 Saint-Jans-Cappel (Hauts-de-France)\"},\"image\":{\"@id\":\"https:\/\/vpdanses.fr\/home\/bienvenue-chez-vp-danses-hazebrouck\/#\/schema\/logo\/image\/\"}}]}<\/script>\n<!-- \/ Yoast SEO Premium plugin. -->","yoast_head_json":{"title":"Bienvenue chez VP danses - VP DANSES, cours de Danse Sportive \u00e0 Aire-sur-la-Lys et \u00e0 Saint-Jans-Cappel (Hauts-de-France)","description":"VP DANSES dispense des cours hebdomadaires de Danse SPortive (danses en couple ou en solo) \u00e0 Aire-sur-la-Lys et \u00e0 Saint-Jans-Cappel. Tous les vendredis \u00e0 partir du 12\/09\/2025 pour la saison scolaire 2025\/2026.","robots":{"index":"index","follow":"follow","max-snippet":"max-snippet:-1","max-image-preview":"max-image-preview:large","max-video-preview":"max-video-preview:-1"},"canonical":"https:\/\/vpdanses.fr\/home\/bienvenue-chez-vp-danses-hazebrouck\/","og_locale":"fr_FR","og_type":"article","og_title":"VP DANSES dispense des cours hebdomadaires de Danse SPortive (danses en couple ou en solo) \u00e0 Aire-sur-la-Lys et \u00e0 Saint-Jans-Cappel","og_description":"VP DANSES dispense des cours hebdomadaires de Danse SPortive (danses en couple ou en solo) \u00e0 Aire-sur-la-Lys et \u00e0 Saint-Jans-Cappel. Tous les vendredis \u00e0 partir du 12\/09\/2025 pour la saison scolaire 2025\/2026.","og_url":"https:\/\/vpdanses.fr\/home\/bienvenue-chez-vp-danses-hazebrouck\/","og_site_name":"VP DANSES, cours de Danse Sportive \u00e0 Aire-sur-la-Lys et \u00e0 Saint-Jans-Cappel (Hauts-de-France)","article_modified_time":"2025-09-24T13:27:36+00:00","og_image":[{"width":1240,"height":696,"url":"https:\/\/vpdanses.fr\/wp-content\/uploads\/2025\/07\/MG_3028_W1240.jpg","type":"image\/jpeg"}],"twitter_card":"summary_large_image","twitter_title":"Bienvenue chez VP danses","twitter_misc":{"Dur\u00e9e de lecture estim\u00e9e":"4 minutes"},"schema":{"@context":"https:\/\/schema.org","@graph":[{"@type":"WebPage","@id":"https:\/\/vpdanses.fr\/home\/bienvenue-chez-vp-danses-hazebrouck\/","url":"https:\/\/vpdanses.fr\/home\/bienvenue-chez-vp-danses-hazebrouck\/","name":"Bienvenue chez VP danses - VP DANSES, cours de Danse Sportive \u00e0 Aire-sur-la-Lys et \u00e0 Saint-Jans-Cappel (Hauts-de-France)","isPartOf":{"@id":"https:\/\/vpdanses.fr\/home\/bienvenue-chez-vp-danses-hazebrouck\/#website"},"primaryImageOfPage":{"@id":"https:\/\/vpdanses.fr\/home\/bienvenue-chez-vp-danses-hazebrouck\/#primaryimage"},"image":{"@id":"https:\/\/vpdanses.fr\/home\/bienvenue-chez-vp-danses-hazebrouck\/#primaryimage"},"thumbnailUrl":"https:\/\/vpdanses.fr\/wp-content\/uploads\/2025\/07\/MG_3028_W1240.jpg","datePublished":"2024-10-19T21:07:41+00:00","dateModified":"2025-09-24T13:27:36+00:00","description":"VP DANSES dispense des cours hebdomadaires de Danse SPortive (danses en couple ou en solo) \u00e0 Aire-sur-la-Lys et \u00e0 Saint-Jans-Cappel. Tous les vendredis \u00e0 partir du 12\/09\/2025 pour la saison scolaire 2025\/2026.","breadcrumb":{"@id":"https:\/\/vpdanses.fr\/home\/bienvenue-chez-vp-danses-hazebrouck\/#breadcrumb"},"inLanguage":"fr-FR","potentialAction":[{"@type":"ReadAction","target":["https:\/\/vpdanses.fr\/home\/bienvenue-chez-vp-danses-hazebrouck\/"]}]},{"@type":"ImageObject","inLanguage":"fr-FR","@id":"https:\/\/vpdanses.fr\/home\/bienvenue-chez-vp-danses-hazebrouck\/#primaryimage","url":"https:\/\/vpdanses.fr\/wp-content\/uploads\/2025\/07\/MG_3028_W1240.jpg","contentUrl":"https:\/\/vpdanses.fr\/wp-content\/uploads\/2025\/07\/MG_3028_W1240.jpg","width":1240,"height":696,"caption":"VP DANSES dispense des cours hebdomadaires de Danse SPortive (danses en couple ou en solo) \u00e0 Aire-sur-la-Lys et \u00e0 Saint-Jans-Cappel."},{"@type":"BreadcrumbList","@id":"https:\/\/vpdanses.fr\/home\/bienvenue-chez-vp-danses-hazebrouck\/#breadcrumb","itemListElement":[{"@type":"ListItem","position":1,"name":"Accueil","item":"https:\/\/vpdanses.fr\/home\/bienvenue-chez-vp-danses-hazebrouck\/"},{"@type":"ListItem","position":2,"name":"Home","item":"https:\/\/vpdanses.fr\/home\/bienvenue-chez-vp-danses-hazebrouck\/home\/"},{"@type":"ListItem","position":3,"name":"Bienvenue chez VP danses"}]},{"@type":"WebSite","@id":"https:\/\/vpdanses.fr\/home\/bienvenue-chez-vp-danses-hazebrouck\/#website","url":"https:\/\/vpdanses.fr\/home\/bienvenue-chez-vp-danses-hazebrouck\/","name":"VP DANSES, cours de Danse Sportive \u00e0 Aire-sur-la-Lys et \u00e0 Saint-Jans-Cappel (Hauts-de-France)","description":"Cours de Danse Sportive STANDARD (valse anglaise, tango, valse viennoise, slowfox, quickstep), danses sportives LATINES (samba, chacha, rumba, paso doble, jive), danses de bal, danses de salons, danses de loisirs, salsa, rock 4 temps, rock 6 temps, danses en ligne, disco, \u2026 Lieu : Hazebrouck, Aire-sur-la-Lys, Saint-Jans-Cappel et Isbergues (Hauts-de-France) - Cours Particuliers dans les Hauts-de-France - Ouverture de bal de Mariage","publisher":{"@id":"https:\/\/vpdanses.fr\/home\/bienvenue-chez-vp-danses-hazebrouck\/#organization"},"potentialAction":[{"@type":"SearchAction","target":{"@type":"EntryPoint","urlTemplate":"https:\/\/vpdanses.fr\/home\/bienvenue-chez-vp-danses-hazebrouck\/?s={search_term_string}"},"query-input":{"@type":"PropertyValueSpecification","valueRequired":true,"valueName":"search_term_string"}}],"inLanguage":"fr-FR"},{"@type":"Organization","@id":"https:\/\/vpdanses.fr\/home\/bienvenue-chez-vp-danses-hazebrouck\/#organization","name":"VP DANSES, cours de Danse Sportive \u00e0 Aire-sur-la-Lys et \u00e0 Saint-Jans-Cappel (Hauts-de-France)","url":"https:\/\/vpdanses.fr\/home\/bienvenue-chez-vp-danses-hazebrouck\/","logo":{"@type":"ImageObject","inLanguage":"fr-FR","@id":"https:\/\/vpdanses.fr\/home\/bienvenue-chez-vp-danses-hazebrouck\/#\/schema\/logo\/image\/","url":"https:\/\/vpdanses.fr\/wp-content\/uploads\/2024\/10\/logo_cadanse_asaintjans.jpeg","contentUrl":"https:\/\/vpdanses.fr\/wp-content\/uploads\/2024\/10\/logo_cadanse_asaintjans.jpeg","width":225,"height":225,"caption":"VP DANSES, cours de Danse Sportive \u00e0 Aire-sur-la-Lys et \u00e0 Saint-Jans-Cappel (Hauts-de-France)"},"image":{"@id":"https:\/\/vpdanses.fr\/home\/bienvenue-chez-vp-danses-hazebrouck\/#\/schema\/logo\/image\/"}}]}},"uagb_featured_image_src":{"full":["https:\/\/vpdanses.fr\/wp-content\/uploads\/2025\/07\/MG_3028_W1240.jpg",1240,696,false],"thumbnail":["https:\/\/vpdanses.fr\/wp-content\/uploads\/2025\/07\/MG_3028_W1240-150x150.jpg",150,150,true],"medium":["https:\/\/vpdanses.fr\/wp-content\/uploads\/2025\/07\/MG_3028_W1240-300x168.jpg",300,168,true],"medium_large":["https:\/\/vpdanses.fr\/wp-content\/uploads\/2025\/07\/MG_3028_W1240-768x431.jpg",768,431,true],"large":["https:\/\/vpdanses.fr\/wp-content\/uploads\/2025\/07\/MG_3028_W1240-1024x575.jpg",1024,575,true],"1536x1536":["https:\/\/vpdanses.fr\/wp-content\/uploads\/2025\/07\/MG_3028_W1240.jpg",1240,696,false],"2048x2048":["https:\/\/vpdanses.fr\/wp-content\/uploads\/2025\/07\/MG_3028_W1240.jpg",1240,696,false],"vp_sm":["https:\/\/vpdanses.fr\/wp-content\/uploads\/2025\/07\/MG_3028_W1240-500x281.jpg",500,281,true],"vp_md":["https:\/\/vpdanses.fr\/wp-content\/uploads\/2025\/07\/MG_3028_W1240-800x449.jpg",800,449,true],"vp_lg":["https:\/\/vpdanses.fr\/wp-content\/uploads\/2025\/07\/MG_3028_W1240.jpg",1240,696,false],"vp_xl":["https:\/\/vpdanses.fr\/wp-content\/uploads\/2025\/07\/MG_3028_W1240.jpg",1240,696,false],"vp_sm_popup":["https:\/\/vpdanses.fr\/wp-content\/uploads\/2025\/07\/MG_3028_W1240-500x281.jpg",500,281,true],"vp_md_popup":["https:\/\/vpdanses.fr\/wp-content\/uploads\/2025\/07\/MG_3028_W1240-800x449.jpg",800,449,true],"vp_xl_popup":["https:\/\/vpdanses.fr\/wp-content\/uploads\/2025\/07\/MG_3028_W1240.jpg",1240,696,false],"dance-blog-thumb":["https:\/\/vpdanses.fr\/wp-content\/uploads\/2025\/07\/MG_3028_W1240-150x120.jpg",150,120,true],"dance-event-list":["https:\/\/vpdanses.fr\/wp-content\/uploads\/2025\/07\/MG_3028_W1240-420x336.jpg",420,336,true],"dance-event-single-type1":["https:\/\/vpdanses.fr\/wp-content\/uploads\/2025\/07\/MG_3028_W1240-773x520.jpg",773,520,true],"dance-event-single-type4":["https:\/\/vpdanses.fr\/wp-content\/uploads\/2025\/07\/MG_3028_W1240-570x460.jpg",570,460,true],"dance-event-single-type5":["https:\/\/vpdanses.fr\/wp-content\/uploads\/2025\/07\/MG_3028_W1240-746x696.jpg",746,696,true],"dance-event-list2":["https:\/\/vpdanses.fr\/wp-content\/uploads\/2025\/07\/MG_3028_W1240-420x275.jpg",420,275,true]},"uagb_author_info":{"display_name":"VP DANSES","author_link":"https:\/\/vpdanses.fr\/home\/bienvenue-chez-vp-danses-hazebrouck\/author\/adminvp20241018\/"},"uagb_comment_info":0,"uagb_excerpt":"[vc_row content_placement=\u00a0\u00bbmiddle\u00a0\u00bb][vc_column el_align=\u00a0\u00bbcenter\u00a0\u00bb][vc_empty_space height=\u00a0\u00bb60px\u00a0\u00bb][vc_column_text css=\u00a0\u00bb\u00a0\u00bb css_animation=\u00a0\u00bbzoomIn\u00a0\u00bb] Bienvenue sur notre site internet de VP DANSES ! [\/vc_column_text][vc_empty_space height=\u00a0\u00bb5px\u00a0\u00bb][vc_single_image image=\u00a0\u00bb14053&Prime; img_size=\u00a0\u00bblarge\u00a0\u00bb alignment=\u00a0\u00bbcenter\u00a0\u00bb style=\u00a0\u00bbvc_box_shadow\u00a0\u00bb css=\u00a0\u00bb\u00a0\u00bb][\/vc_column][\/vc_row][vc_row content_placement=\u00a0\u00bbmiddle\u00a0\u00bb][vc_column el_align=\u00a0\u00bbcenter\u00a0\u00bb][vc_empty_space height=\u00a0\u00bb128px\u00a0\u00bb][vc_column_text css=\u00a0\u00bb\u00a0\u00bb] Qui sommes-nous ? [\/vc_column_text][\/vc_column][\/vc_row][vc_row [&hellip;]","jetpack_sharing_enabled":true,"ticketed":false,"_links":{"self":[{"href":"https:\/\/vpdanses.fr\/home\/bienvenue-chez-vp-danses-hazebrouck\/wp-json\/wp\/v2\/pages\/9073","targetHints":{"allow":["GET"]}}],"collection":[{"href":"https:\/\/vpdanses.fr\/home\/bienvenue-chez-vp-danses-hazebrouck\/wp-json\/wp\/v2\/pages"}],"about":[{"href":"https:\/\/vpdanses.fr\/home\/bienvenue-chez-vp-danses-hazebrouck\/wp-json\/wp\/v2\/types\/page"}],"author":[{"embeddable":true,"href":"https:\/\/vpdanses.fr\/home\/bienvenue-chez-vp-danses-hazebrouck\/wp-json\/wp\/v2\/users\/1"}],"replies":[{"embeddable":true,"href":"https:\/\/vpdanses.fr\/home\/bienvenue-chez-vp-danses-hazebrouck\/wp-json\/wp\/v2\/comments?post=9073"}],"version-history":[{"count":225,"href":"https:\/\/vpdanses.fr\/home\/bienvenue-chez-vp-danses-hazebrouck\/wp-json\/wp\/v2\/pages\/9073\/revisions"}],"predecessor-version":[{"id":14484,"href":"https:\/\/vpdanses.fr\/home\/bienvenue-chez-vp-danses-hazebrouck\/wp-json\/wp\/v2\/pages\/9073\/revisions\/14484"}],"up":[{"embeddable":true,"href":"https:\/\/vpdanses.fr\/home\/bienvenue-chez-vp-danses-hazebrouck\/wp-json\/wp\/v2\/pages\/7527"}],"wp:featuredmedia":[{"embeddable":true,"href":"https:\/\/vpdanses.fr\/home\/bienvenue-chez-vp-danses-hazebrouck\/wp-json\/wp\/v2\/media\/14053"}],"wp:attachment":[{"href":"https:\/\/vpdanses.fr\/home\/bienvenue-chez-vp-danses-hazebrouck\/wp-json\/wp\/v2\/media?parent=9073"}],"curies":[{"name":"wp","href":"https:\/\/api.w.org\/{rel}","templated":true}]}}