{"id":9139,"date":"2024-10-21T06:11:32","date_gmt":"2024-10-21T04:11:32","guid":{"rendered":"https:\/\/vpdanses.fr\/?page_id=9139"},"modified":"2025-07-19T22:28:37","modified_gmt":"2025-07-19T20:28:37","slug":"activites-vpdanses","status":"publish","type":"page","link":"https:\/\/vpdanses.fr\/home\/bienvenue-chez-vp-danses-hazebrouck\/blog\/activites-vpdanses\/","title":{"rendered":"Le blog de VP DANSES Hazebrouck"},"content":{"rendered":"<div class=\"wpb-content-wrapper\"><p>[vc_row][vc_column][vc_wp_search title=\u00a0\u00bbRechercher\u00a0\u00bb]<div class='dt-sc-single-line-separator '><\/div>[\/vc_column][\/vc_row][vc_row disable_element=\u00a0\u00bbyes\u00a0\u00bb][vc_column][vc_tta_accordion style=\u00a0\u00bbmodern\u00a0\u00bb active_section=\u00a0\u00bb1&Prime;][vc_tta_section i_icon_fontawesome=\u00a0\u00bbfas fa-info-circle\u00a0\u00bb add_icon=\u00a0\u00bbtrue\u00a0\u00bb title=\u00a0\u00bbPartage d&rsquo;informations et d&rsquo;actualit\u00e9s\u00a0\u00bb tab_id=\u00a0\u00bb1734728695063-405941c0-193a\u00a0\u00bb][vc_column_text css=\u00a0\u00bb\u00a0\u00bb]Notre blog a pour but de permettre de tenir nos membres inform\u00e9s des derni\u00e8res nouvelles concernant l&rsquo;association, comme les \u00e9v\u00e9nements \u00e0 venir, les comp\u00e9titions, ou les cours sp\u00e9ciaux. Cela cr\u00e9e un lien plus fort entre nos membres et l&rsquo;association VP DANSES Hazebrouck, en les tenant au courant des activit\u00e9s et des opportunit\u00e9s.[\/vc_column_text][\/vc_tta_section][vc_tta_section i_icon_fontawesome=\u00a0\u00bbfas fa-calendar-day\u00a0\u00bb add_icon=\u00a0\u00bbtrue\u00a0\u00bb title=\u00a0\u00bbPromotion des \u00e9v\u00e9nements\u00a0\u00bb tab_id=\u00a0\u00bb1734728695070-34e4943d-0dcb\u00a0\u00bb][vc_column_text css=\u00a0\u00bb\u00a0\u00bb]En publiant des articles sur nos \u00e9v\u00e9nements organis\u00e9s par l&rsquo;association VP DANSES Hazebrouck, notre blog peut servir de plateforme pour promouvoir ces activit\u00e9s. Cela peut attirer plus de participants et renforcer la visibilit\u00e9 de notre association dans la communaut\u00e9 locale.[\/vc_column_text][\/vc_tta_section][vc_tta_section i_icon_fontawesome=\u00a0\u00bbfas fa-satellite\u00a0\u00bb add_icon=\u00a0\u00bbtrue\u00a0\u00bb title=\u00a0\u00bbCr\u00e9ation d&rsquo;une communaut\u00e9\u00a0\u00bb tab_id=\u00a0\u00bb1734728853378-a8ebffc1-3210&Prime;][vc_column_text css=\u00a0\u00bb\u00a0\u00bb]Notre blog peut devenir un espace d&rsquo;\u00e9change o\u00f9 nos membres partagent leurs exp\u00e9riences, leurs conseils et leurs histoires de danse. Cela favorise un sentiment d&rsquo;appartenance et encourage les interactions entre nos membres, qu&rsquo;ils soient d\u00e9butants ou danseurs exp\u00e9riment\u00e9s.[\/vc_column_text][\/vc_tta_section][vc_tta_section i_icon_fontawesome=\u00a0\u00bbfas fa-file-archive\u00a0\u00bb add_icon=\u00a0\u00bbtrue\u00a0\u00bb title=\u00a0\u00bbRessources p\u00e9dagogiques\u00a0\u00bb tab_id=\u00a0\u00bb1734728883817-ac2316f6-53b8&Prime;][vc_column_text css=\u00a0\u00bb\u00a0\u00bb]Notre blog peut \u00e9galement servir de ressource \u00e9ducative, en proposant des articles sur les techniques de danse, des conseils pour progresser, ou des informations sur les diff\u00e9rents styles de danse. Cela aide nos membres \u00e0 am\u00e9liorer leurs comp\u00e9tences et \u00e0 approfondir leur passion pour la danse.[\/vc_column_text][\/vc_tta_section][vc_tta_section i_icon_fontawesome=\u00a0\u00bbfas fa-eye\u00a0\u00bb add_icon=\u00a0\u00bbtrue\u00a0\u00bb title=\u00a0\u00bbVisibilit\u00e9 en ligne\u00a0\u00bb tab_id=\u00a0\u00bb1734728933575-a0eed8b4-b0e2&Prime;][vc_column_text css=\u00a0\u00bb\u00a0\u00bb]Notre blog bien entretenu peut am\u00e9liorer la pr\u00e9sence en ligne de notre association VP DANSES Hazebrouck, attirant ainsi de nouveaux membres potentiels. En partageant des contenus int\u00e9ressants et engageants, notre association peut se faire conna\u00eetre aupr\u00e8s d&rsquo;un public plus large, notamment gr\u00e2ce au r\u00e9f\u00e9rencement sur les moteurs de recherche.[\/vc_column_text][\/vc_tta_section][vc_tta_section i_icon_fontawesome=\u00a0\u00bbfar fa-grin-hearts\u00a0\u00bb add_icon=\u00a0\u00bbtrue\u00a0\u00bb title=\u00a0\u00bbInspiration et motivation\u00a0\u00bb tab_id=\u00a0\u00bb1734728965480-82af3785-55ca\u00a0\u00bb][vc_column_text css=\u00a0\u00bb\u00a0\u00bb]Enfin, notre blog peut \u00eatre une source d&rsquo;inspiration pour nos membres. En mettant en avant des histoires de r\u00e9ussite, des t\u00e9moignages ou des conseils de danseurs, il peut motiver nos membres \u00e0 s&rsquo;investir davantage dans leur pratique et \u00e0 participer aux activit\u00e9s de notre association VP DANSES Hazebrouck ![\/vc_column_text][\/vc_tta_section][\/vc_tta_accordion]<div class='dt-sc-small-separator '><\/div>[\/vc_column][\/vc_row]<\/p>\n<\/div>","protected":false},"excerpt":{"rendered":"<p>[vc_row][vc_column][vc_wp_search title=\u00a0\u00bbRechercher\u00a0\u00bb][\/vc_column][\/vc_row][vc_row disable_element=\u00a0\u00bbyes\u00a0\u00bb][vc_column][vc_tta_accordion style=\u00a0\u00bbmodern\u00a0\u00bb active_section=\u00a0\u00bb1&Prime;][vc_tta_section i_icon_fontawesome=\u00a0\u00bbfas fa-info-circle\u00a0\u00bb add_icon=\u00a0\u00bbtrue\u00a0\u00bb title=\u00a0\u00bbPartage d&rsquo;informations et d&rsquo;actualit\u00e9s\u00a0\u00bb tab_id=\u00a0\u00bb1734728695063-405941c0-193a\u00a0\u00bb][vc_column_text css=\u00a0\u00bb\u00a0\u00bb]Notre blog a pour but de permettre de tenir nos membres inform\u00e9s des derni\u00e8res nouvelles concernant l&rsquo;association, [&hellip;]<\/p>\n","protected":false},"author":1,"featured_media":0,"parent":164,"menu_order":0,"comment_status":"closed","ping_status":"closed","template":"tpl-blog.php","meta":{"_uag_custom_page_level_css":"","_price":"","_stock":"","_tribe_ticket_header":"","_tribe_default_ticket_provider":"","_tribe_ticket_capacity":"0","_ticket_start_date":"","_ticket_end_date":"","_tribe_ticket_show_description":"","_tribe_ticket_show_not_going":false,"_tribe_ticket_use_global_stock":"","_tribe_ticket_global_stock_level":"","_global_stock_mode":"","_global_stock_cap":"","_tribe_rsvp_for_event":"","_tribe_ticket_going_count":"","_tribe_ticket_not_going_count":"","_tribe_tickets_list":"[]","_tribe_ticket_has_attendee_info_fields":false,"_EventAllDay":false,"_EventTimezone":"","_EventStartDate":"","_EventEndDate":"","_EventStartDateUTC":"","_EventEndDateUTC":"","_EventShowMap":false,"_EventShowMapLink":false,"_EventURL":"","_EventCost":"","_EventCostDescription":"","_EventCurrencySymbol":"","_EventCurrencyCode":"","_EventCurrencyPosition":"","_EventDateTimeSeparator":"","_EventTimeRangeSeparator":"","_EventOrganizerID":[],"_EventVenueID":[],"_OrganizerEmail":"","_OrganizerPhone":"","_OrganizerWebsite":"","_VenueAddress":"","_VenueCity":"","_VenueCountry":"","_VenueProvince":"","_VenueState":"","_VenueZip":"","_VenuePhone":"","_VenueURL":"","_VenueStateProvince":"","_VenueLat":"","_VenueLng":"","_VenueShowMap":false,"_VenueShowMapLink":false,"_vp_format_video_url":"","_vp_image_focal_point":[],"footnotes":"","_tec_slr_enabled":"","_tec_slr_layout":""},"class_list":["post-9139","page","type-page","status-publish","hentry"],"yoast_head":"<!-- This site is optimized with the Yoast SEO Premium plugin v25.6 (Yoast SEO v25.6) - https:\/\/yoast.com\/wordpress\/plugins\/seo\/ -->\n<title>Le blog de VP DANSES Hazebrouck - VP DANSES, cours de Danse Sportive \u00e0 Aire-sur-la-Lys et \u00e0 Saint-Jans-Cappel (Hauts-de-France)<\/title>\n<meta name=\"robots\" content=\"index, follow, max-snippet:-1, max-image-preview:large, max-video-preview:-1\" \/>\n<link rel=\"canonical\" href=\"https:\/\/vpdanses.fr\/home\/bienvenue-chez-vp-danses-hazebrouck\/blog\/activites-vpdanses\/\" \/>\n<meta property=\"og:locale\" content=\"fr_FR\" \/>\n<meta property=\"og:type\" content=\"article\" \/>\n<meta property=\"og:title\" content=\"Le blog de VP DANSES Hazebrouck\" \/>\n<meta property=\"og:description\" content=\"[vc_row][vc_column][vc_wp_search title=\u00a0\u00bbRechercher\u00a0\u00bb][\/vc_column][\/vc_row][vc_row disable_element=\u00a0\u00bbyes\u00a0\u00bb][vc_column][vc_tta_accordion style=\u00a0\u00bbmodern\u00a0\u00bb active_section=\u00a0\u00bb1&Prime;][vc_tta_section i_icon_fontawesome=\u00a0\u00bbfas fa-info-circle\u00a0\u00bb add_icon=\u00a0\u00bbtrue\u00a0\u00bb title=\u00a0\u00bbPartage d&rsquo;informations et d&rsquo;actualit\u00e9s\u00a0\u00bb tab_id=\u00a0\u00bb1734728695063-405941c0-193a\u00a0\u00bb][vc_column_text css=\u00a0\u00bb\u00a0\u00bb]Notre blog a pour but de permettre de tenir nos membres inform\u00e9s des derni\u00e8res nouvelles concernant l&rsquo;association, [&hellip;]\" \/>\n<meta property=\"og:url\" content=\"https:\/\/vpdanses.fr\/home\/bienvenue-chez-vp-danses-hazebrouck\/blog\/activites-vpdanses\/\" \/>\n<meta property=\"og:site_name\" content=\"VP DANSES, cours de Danse Sportive \u00e0 Aire-sur-la-Lys et \u00e0 Saint-Jans-Cappel (Hauts-de-France)\" \/>\n<meta property=\"article:modified_time\" content=\"2025-07-19T20:28:37+00:00\" \/>\n<meta name=\"twitter:card\" content=\"summary_large_image\" \/>\n<meta name=\"twitter:label1\" content=\"Dur\u00e9e de lecture estim\u00e9e\" \/>\n\t<meta name=\"twitter:data1\" content=\"2 minutes\" \/>\n<script type=\"application\/ld+json\" class=\"yoast-schema-graph\">{\"@context\":\"https:\/\/schema.org\",\"@graph\":[{\"@type\":\"WebPage\",\"@id\":\"https:\/\/vpdanses.fr\/home\/bienvenue-chez-vp-danses-hazebrouck\/blog\/activites-vpdanses\/\",\"url\":\"https:\/\/vpdanses.fr\/home\/bienvenue-chez-vp-danses-hazebrouck\/blog\/activites-vpdanses\/\",\"name\":\"Le blog de VP DANSES Hazebrouck - VP DANSES, cours de Danse Sportive \u00e0 Aire-sur-la-Lys et \u00e0 Saint-Jans-Cappel (Hauts-de-France)\",\"isPartOf\":{\"@id\":\"https:\/\/vpdanses.fr\/home\/bienvenue-chez-vp-danses-hazebrouck\/#website\"},\"datePublished\":\"2024-10-21T04:11:32+00:00\",\"dateModified\":\"2025-07-19T20:28:37+00:00\",\"breadcrumb\":{\"@id\":\"https:\/\/vpdanses.fr\/home\/bienvenue-chez-vp-danses-hazebrouck\/blog\/activites-vpdanses\/#breadcrumb\"},\"inLanguage\":\"fr-FR\",\"potentialAction\":[{\"@type\":\"ReadAction\",\"target\":[\"https:\/\/vpdanses.fr\/home\/bienvenue-chez-vp-danses-hazebrouck\/blog\/activites-vpdanses\/\"]}]},{\"@type\":\"BreadcrumbList\",\"@id\":\"https:\/\/vpdanses.fr\/home\/bienvenue-chez-vp-danses-hazebrouck\/blog\/activites-vpdanses\/#breadcrumb\",\"itemListElement\":[{\"@type\":\"ListItem\",\"position\":1,\"name\":\"Accueil\",\"item\":\"https:\/\/vpdanses.fr\/home\/bienvenue-chez-vp-danses-hazebrouck\/\"},{\"@type\":\"ListItem\",\"position\":2,\"name\":\"Blog\",\"item\":\"https:\/\/vpdanses.fr\/home\/bienvenue-chez-vp-danses-hazebrouck\/blog\/\"},{\"@type\":\"ListItem\",\"position\":3,\"name\":\"Le blog de VP DANSES Hazebrouck\"}]},{\"@type\":\"WebSite\",\"@id\":\"https:\/\/vpdanses.fr\/home\/bienvenue-chez-vp-danses-hazebrouck\/#website\",\"url\":\"https:\/\/vpdanses.fr\/home\/bienvenue-chez-vp-danses-hazebrouck\/\",\"name\":\"VP DANSES, cours de Danse Sportive \u00e0 Aire-sur-la-Lys et \u00e0 Saint-Jans-Cappel (Hauts-de-France)\",\"description\":\"Cours de Danse Sportive STANDARD (valse anglaise, tango, valse viennoise, slowfox, quickstep), danses sportives LATINES (samba, chacha, rumba, paso doble, jive), danses de bal, danses de salons, danses de loisirs, salsa, rock 4 temps, rock 6 temps, danses en ligne, disco, \u2026 Lieu : Hazebrouck, Aire-sur-la-Lys, Saint-Jans-Cappel et Isbergues (Hauts-de-France) - Cours Particuliers dans les Hauts-de-France - Ouverture de bal de Mariage\",\"publisher\":{\"@id\":\"https:\/\/vpdanses.fr\/home\/bienvenue-chez-vp-danses-hazebrouck\/#organization\"},\"potentialAction\":[{\"@type\":\"SearchAction\",\"target\":{\"@type\":\"EntryPoint\",\"urlTemplate\":\"https:\/\/vpdanses.fr\/home\/bienvenue-chez-vp-danses-hazebrouck\/?s={search_term_string}\"},\"query-input\":{\"@type\":\"PropertyValueSpecification\",\"valueRequired\":true,\"valueName\":\"search_term_string\"}}],\"inLanguage\":\"fr-FR\"},{\"@type\":\"Organization\",\"@id\":\"https:\/\/vpdanses.fr\/home\/bienvenue-chez-vp-danses-hazebrouck\/#organization\",\"name\":\"VP DANSES, cours de Danse Sportive \u00e0 Aire-sur-la-Lys et \u00e0 Saint-Jans-Cappel (Hauts-de-France)\",\"url\":\"https:\/\/vpdanses.fr\/home\/bienvenue-chez-vp-danses-hazebrouck\/\",\"logo\":{\"@type\":\"ImageObject\",\"inLanguage\":\"fr-FR\",\"@id\":\"https:\/\/vpdanses.fr\/home\/bienvenue-chez-vp-danses-hazebrouck\/#\/schema\/logo\/image\/\",\"url\":\"https:\/\/vpdanses.fr\/wp-content\/uploads\/2024\/10\/logo_cadanse_asaintjans.jpeg\",\"contentUrl\":\"https:\/\/vpdanses.fr\/wp-content\/uploads\/2024\/10\/logo_cadanse_asaintjans.jpeg\",\"width\":225,\"height\":225,\"caption\":\"VP DANSES, cours de Danse Sportive \u00e0 Aire-sur-la-Lys et \u00e0 Saint-Jans-Cappel (Hauts-de-France)\"},\"image\":{\"@id\":\"https:\/\/vpdanses.fr\/home\/bienvenue-chez-vp-danses-hazebrouck\/#\/schema\/logo\/image\/\"}}]}<\/script>\n<!-- \/ Yoast SEO Premium plugin. -->","yoast_head_json":{"title":"Le blog de VP DANSES Hazebrouck - VP DANSES, cours de Danse Sportive \u00e0 Aire-sur-la-Lys et \u00e0 Saint-Jans-Cappel (Hauts-de-France)","robots":{"index":"index","follow":"follow","max-snippet":"max-snippet:-1","max-image-preview":"max-image-preview:large","max-video-preview":"max-video-preview:-1"},"canonical":"https:\/\/vpdanses.fr\/home\/bienvenue-chez-vp-danses-hazebrouck\/blog\/activites-vpdanses\/","og_locale":"fr_FR","og_type":"article","og_title":"Le blog de VP DANSES Hazebrouck","og_description":"[vc_row][vc_column][vc_wp_search title=\u00a0\u00bbRechercher\u00a0\u00bb][\/vc_column][\/vc_row][vc_row disable_element=\u00a0\u00bbyes\u00a0\u00bb][vc_column][vc_tta_accordion style=\u00a0\u00bbmodern\u00a0\u00bb active_section=\u00a0\u00bb1&Prime;][vc_tta_section i_icon_fontawesome=\u00a0\u00bbfas fa-info-circle\u00a0\u00bb add_icon=\u00a0\u00bbtrue\u00a0\u00bb title=\u00a0\u00bbPartage d&rsquo;informations et d&rsquo;actualit\u00e9s\u00a0\u00bb tab_id=\u00a0\u00bb1734728695063-405941c0-193a\u00a0\u00bb][vc_column_text css=\u00a0\u00bb\u00a0\u00bb]Notre blog a pour but de permettre de tenir nos membres inform\u00e9s des derni\u00e8res nouvelles concernant l&rsquo;association, [&hellip;]","og_url":"https:\/\/vpdanses.fr\/home\/bienvenue-chez-vp-danses-hazebrouck\/blog\/activites-vpdanses\/","og_site_name":"VP DANSES, cours de Danse Sportive \u00e0 Aire-sur-la-Lys et \u00e0 Saint-Jans-Cappel (Hauts-de-France)","article_modified_time":"2025-07-19T20:28:37+00:00","twitter_card":"summary_large_image","twitter_misc":{"Dur\u00e9e de lecture estim\u00e9e":"2 minutes"},"schema":{"@context":"https:\/\/schema.org","@graph":[{"@type":"WebPage","@id":"https:\/\/vpdanses.fr\/home\/bienvenue-chez-vp-danses-hazebrouck\/blog\/activites-vpdanses\/","url":"https:\/\/vpdanses.fr\/home\/bienvenue-chez-vp-danses-hazebrouck\/blog\/activites-vpdanses\/","name":"Le blog de VP DANSES Hazebrouck - VP DANSES, cours de Danse Sportive \u00e0 Aire-sur-la-Lys et \u00e0 Saint-Jans-Cappel (Hauts-de-France)","isPartOf":{"@id":"https:\/\/vpdanses.fr\/home\/bienvenue-chez-vp-danses-hazebrouck\/#website"},"datePublished":"2024-10-21T04:11:32+00:00","dateModified":"2025-07-19T20:28:37+00:00","breadcrumb":{"@id":"https:\/\/vpdanses.fr\/home\/bienvenue-chez-vp-danses-hazebrouck\/blog\/activites-vpdanses\/#breadcrumb"},"inLanguage":"fr-FR","potentialAction":[{"@type":"ReadAction","target":["https:\/\/vpdanses.fr\/home\/bienvenue-chez-vp-danses-hazebrouck\/blog\/activites-vpdanses\/"]}]},{"@type":"BreadcrumbList","@id":"https:\/\/vpdanses.fr\/home\/bienvenue-chez-vp-danses-hazebrouck\/blog\/activites-vpdanses\/#breadcrumb","itemListElement":[{"@type":"ListItem","position":1,"name":"Accueil","item":"https:\/\/vpdanses.fr\/home\/bienvenue-chez-vp-danses-hazebrouck\/"},{"@type":"ListItem","position":2,"name":"Blog","item":"https:\/\/vpdanses.fr\/home\/bienvenue-chez-vp-danses-hazebrouck\/blog\/"},{"@type":"ListItem","position":3,"name":"Le blog de VP DANSES Hazebrouck"}]},{"@type":"WebSite","@id":"https:\/\/vpdanses.fr\/home\/bienvenue-chez-vp-danses-hazebrouck\/#website","url":"https:\/\/vpdanses.fr\/home\/bienvenue-chez-vp-danses-hazebrouck\/","name":"VP DANSES, cours de Danse Sportive \u00e0 Aire-sur-la-Lys et \u00e0 Saint-Jans-Cappel (Hauts-de-France)","description":"Cours de Danse Sportive STANDARD (valse anglaise, tango, valse viennoise, slowfox, quickstep), danses sportives LATINES (samba, chacha, rumba, paso doble, jive), danses de bal, danses de salons, danses de loisirs, salsa, rock 4 temps, rock 6 temps, danses en ligne, disco, \u2026 Lieu : Hazebrouck, Aire-sur-la-Lys, Saint-Jans-Cappel et Isbergues (Hauts-de-France) - Cours Particuliers dans les Hauts-de-France - Ouverture de bal de Mariage","publisher":{"@id":"https:\/\/vpdanses.fr\/home\/bienvenue-chez-vp-danses-hazebrouck\/#organization"},"potentialAction":[{"@type":"SearchAction","target":{"@type":"EntryPoint","urlTemplate":"https:\/\/vpdanses.fr\/home\/bienvenue-chez-vp-danses-hazebrouck\/?s={search_term_string}"},"query-input":{"@type":"PropertyValueSpecification","valueRequired":true,"valueName":"search_term_string"}}],"inLanguage":"fr-FR"},{"@type":"Organization","@id":"https:\/\/vpdanses.fr\/home\/bienvenue-chez-vp-danses-hazebrouck\/#organization","name":"VP DANSES, cours de Danse Sportive \u00e0 Aire-sur-la-Lys et \u00e0 Saint-Jans-Cappel (Hauts-de-France)","url":"https:\/\/vpdanses.fr\/home\/bienvenue-chez-vp-danses-hazebrouck\/","logo":{"@type":"ImageObject","inLanguage":"fr-FR","@id":"https:\/\/vpdanses.fr\/home\/bienvenue-chez-vp-danses-hazebrouck\/#\/schema\/logo\/image\/","url":"https:\/\/vpdanses.fr\/wp-content\/uploads\/2024\/10\/logo_cadanse_asaintjans.jpeg","contentUrl":"https:\/\/vpdanses.fr\/wp-content\/uploads\/2024\/10\/logo_cadanse_asaintjans.jpeg","width":225,"height":225,"caption":"VP DANSES, cours de Danse Sportive \u00e0 Aire-sur-la-Lys et \u00e0 Saint-Jans-Cappel (Hauts-de-France)"},"image":{"@id":"https:\/\/vpdanses.fr\/home\/bienvenue-chez-vp-danses-hazebrouck\/#\/schema\/logo\/image\/"}}]}},"uagb_featured_image_src":{"full":false,"thumbnail":false,"medium":false,"medium_large":false,"large":false,"1536x1536":false,"2048x2048":false,"vp_sm":false,"vp_md":false,"vp_lg":false,"vp_xl":false,"vp_sm_popup":false,"vp_md_popup":false,"vp_xl_popup":false,"dance-blog-thumb":false,"dance-event-list":false,"dance-event-single-type1":false,"dance-event-single-type4":false,"dance-event-single-type5":false,"dance-event-list2":false},"uagb_author_info":{"display_name":"VP DANSES","author_link":"https:\/\/vpdanses.fr\/home\/bienvenue-chez-vp-danses-hazebrouck\/author\/adminvp20241018\/"},"uagb_comment_info":0,"uagb_excerpt":"[vc_row][vc_column][vc_wp_search title=\u00a0\u00bbRechercher\u00a0\u00bb][\/vc_column][\/vc_row][vc_row disable_element=\u00a0\u00bbyes\u00a0\u00bb][vc_column][vc_tta_accordion style=\u00a0\u00bbmodern\u00a0\u00bb active_section=\u00a0\u00bb1&Prime;][vc_tta_section i_icon_fontawesome=\u00a0\u00bbfas fa-info-circle\u00a0\u00bb add_icon=\u00a0\u00bbtrue\u00a0\u00bb title=\u00a0\u00bbPartage d&rsquo;informations et d&rsquo;actualit\u00e9s\u00a0\u00bb tab_id=\u00a0\u00bb1734728695063-405941c0-193a\u00a0\u00bb][vc_column_text css=\u00a0\u00bb\u00a0\u00bb]Notre blog a pour but de permettre de tenir nos membres inform\u00e9s des derni\u00e8res nouvelles concernant l&rsquo;association, [&hellip;]","jetpack_sharing_enabled":false,"ticketed":false,"_links":{"self":[{"href":"https:\/\/vpdanses.fr\/home\/bienvenue-chez-vp-danses-hazebrouck\/wp-json\/wp\/v2\/pages\/9139","targetHints":{"allow":["GET"]}}],"collection":[{"href":"https:\/\/vpdanses.fr\/home\/bienvenue-chez-vp-danses-hazebrouck\/wp-json\/wp\/v2\/pages"}],"about":[{"href":"https:\/\/vpdanses.fr\/home\/bienvenue-chez-vp-danses-hazebrouck\/wp-json\/wp\/v2\/types\/page"}],"author":[{"embeddable":true,"href":"https:\/\/vpdanses.fr\/home\/bienvenue-chez-vp-danses-hazebrouck\/wp-json\/wp\/v2\/users\/1"}],"replies":[{"embeddable":true,"href":"https:\/\/vpdanses.fr\/home\/bienvenue-chez-vp-danses-hazebrouck\/wp-json\/wp\/v2\/comments?post=9139"}],"version-history":[{"count":42,"href":"https:\/\/vpdanses.fr\/home\/bienvenue-chez-vp-danses-hazebrouck\/wp-json\/wp\/v2\/pages\/9139\/revisions"}],"predecessor-version":[{"id":13825,"href":"https:\/\/vpdanses.fr\/home\/bienvenue-chez-vp-danses-hazebrouck\/wp-json\/wp\/v2\/pages\/9139\/revisions\/13825"}],"up":[{"embeddable":true,"href":"https:\/\/vpdanses.fr\/home\/bienvenue-chez-vp-danses-hazebrouck\/wp-json\/wp\/v2\/pages\/164"}],"wp:attachment":[{"href":"https:\/\/vpdanses.fr\/home\/bienvenue-chez-vp-danses-hazebrouck\/wp-json\/wp\/v2\/media?parent=9139"}],"curies":[{"name":"wp","href":"https:\/\/api.w.org\/{rel}","templated":true}]}}