{"id":9769,"date":"2025-03-01T21:04:38","date_gmt":"2025-03-01T20:04:38","guid":{"rendered":"https:\/\/vpdanses.fr\/?page_id=9769"},"modified":"2025-06-05T06:18:31","modified_gmt":"2025-06-05T04:18:31","slug":"cours-particuliers-vp-danses","status":"publish","type":"page","link":"https:\/\/vpdanses.fr\/home\/bienvenue-chez-vp-danses-hazebrouck\/cours-particuliers-vp-danses\/","title":{"rendered":"Cours Particuliers (old)"},"content":{"rendered":"<div class=\"wpb-content-wrapper\"><p>[vc_row full_width=\u00a0\u00bbstretch_row\u00a0\u00bb content_placement=\u00a0\u00bbmiddle\u00a0\u00bb css_animation=\u00a0\u00bbfadeInUp\u00a0\u00bb bg_type=\u00a0\u00bbimage\u00a0\u00bb parallax_style=\u00a0\u00bbvcpb-vz-jquery\u00a0\u00bb enable_overlay=\u00a0\u00bbenable_overlay_value\u00a0\u00bb overlay_color=\u00a0\u00bbrgba(0,0,0,0.75)\u00a0\u00bb css=\u00a0\u00bb.vc_custom_1741019937503{padding-top: 100px !important;padding-bottom: 100px !important;}\u00a0\u00bb row_title=\u00a0\u00bbMON TITRE\u00a0\u00bb][vc_column width=\u00a0\u00bb1\/2&Prime;]<div class=\"ult-animation  ult-animate-viewport  ult-no-mobile \" data-animate=\"zoomInLeft\" data-animation-delay=\"0.5\" data-animation-duration=\"1\" data-animation-iteration=\"1\" style=\"opacity:0;\" data-opacity_start_effect=\"\"><noscript><img loading=\"lazy\" decoding=\"async\" width=\"800\" height=\"1132\" data-skip-lazy src=\"https:\/\/vpdanses.fr\/wp-content\/uploads\/2025\/03\/Article_presse_cours_particuliers.jpg\" class=\"alignnone attachment-full\" alt=\"Depuis mai 2024, VP DANSES Hazebrouck a ouvert les portes d&#039;un nouveau chapitre dans le monde de la danse de salon, offrant des cours particuliers qui s&#039;adressent \u00e0 tous les passionn\u00e9s, novices ou confirm\u00e9s\" title=\"Depuis mai 2024, VP DANSES Hazebrouck a ouvert les portes d&#039;un nouveau chapitre dans le monde de la danse de salon, offrant des cours particuliers qui s&#039;adressent \u00e0 tous les passionn\u00e9s, novices ou confirm\u00e9s\" srcset=\"https:\/\/vpdanses.fr\/wp-content\/uploads\/2025\/03\/Article_presse_cours_particuliers.jpg 800w, https:\/\/vpdanses.fr\/wp-content\/uploads\/2025\/03\/Article_presse_cours_particuliers-212x300.jpg 212w, https:\/\/vpdanses.fr\/wp-content\/uploads\/2025\/03\/Article_presse_cours_particuliers-724x1024.jpg 724w, https:\/\/vpdanses.fr\/wp-content\/uploads\/2025\/03\/Article_presse_cours_particuliers-768x1087.jpg 768w, https:\/\/vpdanses.fr\/wp-content\/uploads\/2025\/03\/Article_presse_cours_particuliers-500x708.jpg 500w, https:\/\/vpdanses.fr\/wp-content\/uploads\/2025\/03\/Article_presse_cours_particuliers-600x849.jpg 600w\" sizes=\"auto, (max-width: 800px) 100vw, 800px\" \/><\/noscript><img loading=\"eager\" decoding=\"async\" width=\"800\" height=\"1132\" src=\"https:\/\/vpdanses.fr\/wp-content\/uploads\/2025\/03\/Article_presse_cours_particuliers.jpg\" class=\"alignnone attachment-full vp-lazyload\" alt=\"Depuis mai 2024, VP DANSES Hazebrouck a ouvert les portes d&#039;un nouveau chapitre dans le monde de la danse de salon, offrant des cours particuliers qui s&#039;adressent \u00e0 tous les passionn\u00e9s, novices ou confirm\u00e9s\" title=\"Depuis mai 2024, VP DANSES Hazebrouck a ouvert les portes d&#039;un nouveau chapitre dans le monde de la danse de salon, offrant des cours particuliers qui s&#039;adressent \u00e0 tous les passionn\u00e9s, novices ou confirm\u00e9s\" srcset=\"data:image\/svg+xml;base64,PHN2ZyB3aWR0aD0iODAwIiBoZWlnaHQ9IjExMzIiIHZpZXdCb3g9IjAgMCA4MDAgMTEzMiIgZmlsbD0ibm9uZSIgeG1sbnM9Imh0dHA6Ly93d3cudzMub3JnLzIwMDAvc3ZnIj48L3N2Zz4=\" data-src=\"https:\/\/vpdanses.fr\/wp-content\/uploads\/2025\/03\/Article_presse_cours_particuliers.jpg\" data-srcset=\"https:\/\/vpdanses.fr\/wp-content\/uploads\/2025\/03\/Article_presse_cours_particuliers.jpg 800w, https:\/\/vpdanses.fr\/wp-content\/uploads\/2025\/03\/Article_presse_cours_particuliers-212x300.jpg 212w, https:\/\/vpdanses.fr\/wp-content\/uploads\/2025\/03\/Article_presse_cours_particuliers-724x1024.jpg 724w, https:\/\/vpdanses.fr\/wp-content\/uploads\/2025\/03\/Article_presse_cours_particuliers-768x1087.jpg 768w, https:\/\/vpdanses.fr\/wp-content\/uploads\/2025\/03\/Article_presse_cours_particuliers-500x708.jpg 500w, https:\/\/vpdanses.fr\/wp-content\/uploads\/2025\/03\/Article_presse_cours_particuliers-600x849.jpg 600w\" data-sizes=\"auto\"><\/div>[\/vc_column][vc_column el_align=\u00a0\u00bbcenter\u00a0\u00bb width=\u00a0\u00bb1\/2&Prime;][vc_column_text css=\u00a0\u00bb\u00a0\u00bb]Vous r\u00eavez de vous initier \u00e0 la danse ou d&rsquo;am\u00e9liorer vos comp\u00e9tences ? <strong>VP DANSES<\/strong> est l\u00e0 pour vous accompagner ! Nous proposons des <strong>cours particuliers \u00e0 domicile<\/strong> ou dans une <strong>salle de danse<\/strong>, selon ce qui vous convient le mieux. Que vous soyez d\u00e9butant ou danseur confirm\u00e9, nous nous adaptons \u00e0 vos besoins et \u00e0 votre emploi du temps.<\/p>\n<h5 class=\"AnswerParser_AnswerParserH5__9aLdf\">Pourquoi Choisir des Cours Particuliers ?<\/h5>\n<p><span class=\"AnswerParser_TextContainer__z_Iiv\" data-testid=\"youchat-text\">Il existe une multitude de raisons pour lesquelles les cours particuliers peuvent \u00eatre la meilleure option pour vous :<\/span><\/p>\n<ul class=\"AnswerParser_AnswerParserUnorderedList__P_1FW\">\n<li class=\"AnswerParser_ListItem__XqLOV\" translate=\"yes\"><strong>Flexibilit\u00e9 d&rsquo;Horaires<\/strong> : Vous avez un emploi du temps charg\u00e9 ? Nos cours s&rsquo;adaptent \u00e0 vos disponibilit\u00e9s.<\/li>\n<li class=\"AnswerParser_ListItem__XqLOV\" translate=\"yes\"><strong>Apprentissage Personnalis\u00e9<\/strong> : Chaque \u00e9l\u00e8ve est unique. Nos instructeurs \u00e9coutent vos besoins sp\u00e9cifiques pour vous offrir une exp\u00e9rience sur mesure.<\/li>\n<li class=\"AnswerParser_ListItem__XqLOV\" translate=\"yes\"><strong>Confiance et Confort<\/strong> : Apprenez dans un environnement o\u00f9 vous vous sentez \u00e0 l&rsquo;aise, que ce soit chez vous ou dans une salle de danse.<\/li>\n<\/ul>\n<h5 class=\"AnswerParser_AnswerParserH5__9aLdf\">Une Offre Sp\u00e9ciale : La Carte Exclusive N\u00b0 8<\/h5>\n<p><span class=\"AnswerParser_TextContainer__z_Iiv\" data-testid=\"youchat-text\">Chez VP DANSES, nous croyons que chaque danseur m\u00e9rite le meilleur. C&rsquo;est pourquoi nous proposons par d\u00e9faut la <a href=\"https:\/\/vpdanses.fr\/home\/bienvenue-chez-vp-danses-hazebrouck\/tarifs\/\" target=\"_blank\" rel=\"noopener\"><strong>carte VP DANSES Exclusive N\u00b0 8<\/strong><\/a>, qui vous donne acc\u00e8s \u00e0 des avantages uniques pour enrichir votre exp\u00e9rience de danse.<\/span><\/p>\n<h5 class=\"AnswerParser_AnswerParserH5__9aLdf\">Offrez-vous un Cours d&rsquo;Essai !<\/h5>\n<p><span class=\"AnswerParser_TextContainer__z_Iiv\" data-testid=\"youchat-text\">Pour vous permettre de d\u00e9couvrir notre approche, nous offrons <strong>30 minutes d&rsquo;un cours d&rsquo;essai gratuit<\/strong>. C&rsquo;est l&rsquo;occasion parfaite pour nous faire part de vos besoins et pour que nous puissions vous proposer le meilleur tarif adapt\u00e9 \u00e0 votre situation. Nous voulons nous assurer que vous \u00eates enti\u00e8rement satisfait de votre exp\u00e9rience avec VP DANSES<\/span><\/p>\n<p>&nbsp;<\/p>\n<h5 class=\"AnswerParser_AnswerParserH5__9aLdf\">Consultez notre Foire Aux Questions<\/h5>\n<p><span class=\"AnswerParser_TextContainer__z_Iiv\" data-testid=\"youchat-text\">Vous avez des questions ? Consultez notre <a href=\"https:\/\/vpdanses.fr\/home\/bienvenue-chez-vp-danses-hazebrouck\/faq\/\" target=\"_blank\" rel=\"noopener\"><strong>Foire Aux Questions<\/strong><\/a> pour d\u00e9couvrir les questions des autres clients et en savoir plus sur nos services. Nous sommes l\u00e0 pour vous aider \u00e0 chaque \u00e9tape de votre parcours de danse.<\/span><\/p>\n<p>Ne laissez pas vos r\u00eaves de danse en suspens ! Rejoignez VP DANSES d\u00e8s aujourd&rsquo;hui et commencez votre voyage vers la danse avec confiance et joie. <a href=\"https:\/\/vpdanses.fr\/home\/bienvenue-chez-vp-danses-hazebrouck\/formulaire-de-contact\/\" target=\"_blank\" rel=\"noopener\"><strong>Contactez-nous maintenant pour r\u00e9server votre cours d&rsquo;essai !<\/strong><\/a>[\/vc_column_text][\/vc_column][\/vc_row][vc_row][vc_column]<div class=\"ult-spacer spacer-69f2e442c5d7d\" data-id=\"69f2e442c5d7d\" data-height=\"10\" data-height-mobile=\"10\" data-height-tab=\"10\" data-height-tab-portrait=\"\" data-height-mobile-landscape=\"\" style=\"clear:both;display:block;\"><\/div>[vc_separator style=\u00a0\u00bbshadow\u00a0\u00bb css=\u00a0\u00bb\u00a0\u00bb][vc_column_text css=\u00a0\u00bb\u00a0\u00bb css_animation=\u00a0\u00bbflash\u00a0\u00bb]<\/p>\n<h3 class=\"AnswerParser_AnswerParserH3__Mpe4s\">Explorez la Danse : D\u00e9couvrez Notre Liste de Danses Propos\u00e9es par VP DANSES !<\/h3>\n<p>[\/vc_column_text][\/vc_column][\/vc_row][vc_row][vc_column width=\u00a0\u00bb1\/3&Prime;]<div class=\"ult-animation  ult-animate-viewport  ult-no-mobile \" data-animate=\"fadeIn\" data-animation-delay=\"0.5\" data-animation-duration=\"1\" data-animation-iteration=\"1\" style=\"opacity:0;\" data-opacity_start_effect=\"\"><div class='dt-sc-image-caption type7 '><div class='dt-sc-image-content'><div class='dt-sc-image-title'><h3>Slow Fox<\/h3><h6>Glissez avec Gr\u00e2ce dans un Univers de Romance !<\/h6><\/div><p><\/p><\/div><div class='dt-sc-image-wrapper'><noscript><img loading=\"lazy\" decoding=\"async\" width=\"612\" height=\"408\" data-skip-lazy src=\"https:\/\/vpdanses.fr\/wp-content\/uploads\/2025\/03\/slow_fox_couple_1.png\" class=\"attachment-full\" alt=\"Danseurs de Slow Fox : Rejoignez VP DANSES Hazebrouck pour des cours de Slow Fox, accessibles aux d\u00e9butants et interm\u00e9diaires, des plus jeunes aux plus \u00e2g\u00e9s, et laissez-vous emporter par le rythme de cette danse captivante !\" title=\"Danseurs de Slow Fox : Rejoignez VP DANSES Hazebrouck pour des cours de Slow Fox, accessibles aux d\u00e9butants et interm\u00e9diaires, des plus jeunes aux plus \u00e2g\u00e9s, et laissez-vous emporter par le rythme de cette danse captivante !\" srcset=\"https:\/\/vpdanses.fr\/wp-content\/uploads\/2025\/03\/slow_fox_couple_1.png 612w, https:\/\/vpdanses.fr\/wp-content\/uploads\/2025\/03\/slow_fox_couple_1-300x200.png 300w, https:\/\/vpdanses.fr\/wp-content\/uploads\/2025\/03\/slow_fox_couple_1-500x333.png 500w, https:\/\/vpdanses.fr\/wp-content\/uploads\/2025\/03\/slow_fox_couple_1-600x400.png 600w\" sizes=\"auto, (max-width: 612px) 100vw, 612px\" \/><\/noscript><img loading=\"eager\" decoding=\"async\" width=\"612\" height=\"408\" src=\"https:\/\/vpdanses.fr\/wp-content\/uploads\/2025\/03\/slow_fox_couple_1.png\" class=\"attachment-full vp-lazyload\" alt=\"Danseurs de Slow Fox : Rejoignez VP DANSES Hazebrouck pour des cours de Slow Fox, accessibles aux d\u00e9butants et interm\u00e9diaires, des plus jeunes aux plus \u00e2g\u00e9s, et laissez-vous emporter par le rythme de cette danse captivante !\" title=\"Danseurs de Slow Fox : Rejoignez VP DANSES Hazebrouck pour des cours de Slow Fox, accessibles aux d\u00e9butants et interm\u00e9diaires, des plus jeunes aux plus \u00e2g\u00e9s, et laissez-vous emporter par le rythme de cette danse captivante !\" srcset=\"data:image\/svg+xml;base64,PHN2ZyB3aWR0aD0iNjEyIiBoZWlnaHQ9IjQwOCIgdmlld0JveD0iMCAwIDYxMiA0MDgiIGZpbGw9Im5vbmUiIHhtbG5zPSJodHRwOi8vd3d3LnczLm9yZy8yMDAwL3N2ZyI+PC9zdmc+\" data-src=\"https:\/\/vpdanses.fr\/wp-content\/uploads\/2025\/03\/slow_fox_couple_1.png\" data-srcset=\"https:\/\/vpdanses.fr\/wp-content\/uploads\/2025\/03\/slow_fox_couple_1.png 612w, https:\/\/vpdanses.fr\/wp-content\/uploads\/2025\/03\/slow_fox_couple_1-300x200.png 300w, https:\/\/vpdanses.fr\/wp-content\/uploads\/2025\/03\/slow_fox_couple_1-500x333.png 500w, https:\/\/vpdanses.fr\/wp-content\/uploads\/2025\/03\/slow_fox_couple_1-600x400.png 600w\" data-sizes=\"auto\"><\/a><\/div><\/div><\/div><div class=\"ult-animation  ult-animate-viewport  ult-no-mobile \" data-animate=\"fadeIn\" data-animation-delay=\"3.0\" data-animation-duration=\"1\" data-animation-iteration=\"1\" style=\"opacity:0;\" data-opacity_start_effect=\"\"><div class='dt-sc-image-caption type7 '><div class='dt-sc-image-content'><div class='dt-sc-image-title'><h3>Quick Step<\/h3><h6>Vivez l'\u00c9nergie et le Fun sur la Piste !<\/h6><\/div><p><\/p><\/div><div class='dt-sc-image-wrapper'><noscript><img loading=\"lazy\" decoding=\"async\" width=\"612\" height=\"408\" data-skip-lazy src=\"https:\/\/vpdanses.fr\/wp-content\/uploads\/2025\/03\/Quick_Step_couple.png\" class=\"attachment-full\" alt=\"Danseurs de Quick Step : VP DANSES Hazebrouck dispense des cours de Quick Step, pour les d\u00e9butants et les interm\u00e9diaires et pour tous \u00e2ges, du plus jeune au plus \u00e2g\u00e9(e)\" title=\"Danseurs de Quick Step : VP DANSES Hazebrouck dispense des cours de Quick Step, pour les d\u00e9butants et les interm\u00e9diaires et pour tous \u00e2ges, du plus jeune au plus \u00e2g\u00e9(e)\" srcset=\"https:\/\/vpdanses.fr\/wp-content\/uploads\/2025\/03\/Quick_Step_couple.png 612w, https:\/\/vpdanses.fr\/wp-content\/uploads\/2025\/03\/Quick_Step_couple-300x200.png 300w, https:\/\/vpdanses.fr\/wp-content\/uploads\/2025\/03\/Quick_Step_couple-500x333.png 500w, https:\/\/vpdanses.fr\/wp-content\/uploads\/2025\/03\/Quick_Step_couple-600x400.png 600w\" sizes=\"auto, (max-width: 612px) 100vw, 612px\" \/><\/noscript><img loading=\"eager\" decoding=\"async\" width=\"612\" height=\"408\" src=\"https:\/\/vpdanses.fr\/wp-content\/uploads\/2025\/03\/Quick_Step_couple.png\" class=\"attachment-full vp-lazyload\" alt=\"Danseurs de Quick Step : VP DANSES Hazebrouck dispense des cours de Quick Step, pour les d\u00e9butants et les interm\u00e9diaires et pour tous \u00e2ges, du plus jeune au plus \u00e2g\u00e9(e)\" title=\"Danseurs de Quick Step : VP DANSES Hazebrouck dispense des cours de Quick Step, pour les d\u00e9butants et les interm\u00e9diaires et pour tous \u00e2ges, du plus jeune au plus \u00e2g\u00e9(e)\" srcset=\"data:image\/svg+xml;base64,PHN2ZyB3aWR0aD0iNjEyIiBoZWlnaHQ9IjQwOCIgdmlld0JveD0iMCAwIDYxMiA0MDgiIGZpbGw9Im5vbmUiIHhtbG5zPSJodHRwOi8vd3d3LnczLm9yZy8yMDAwL3N2ZyI+PC9zdmc+\" data-src=\"https:\/\/vpdanses.fr\/wp-content\/uploads\/2025\/03\/Quick_Step_couple.png\" data-srcset=\"https:\/\/vpdanses.fr\/wp-content\/uploads\/2025\/03\/Quick_Step_couple.png 612w, https:\/\/vpdanses.fr\/wp-content\/uploads\/2025\/03\/Quick_Step_couple-300x200.png 300w, https:\/\/vpdanses.fr\/wp-content\/uploads\/2025\/03\/Quick_Step_couple-500x333.png 500w, https:\/\/vpdanses.fr\/wp-content\/uploads\/2025\/03\/Quick_Step_couple-600x400.png 600w\" data-sizes=\"auto\"><\/a><\/div><\/div><\/div><div class=\"ult-animation  ult-animate-viewport  ult-no-mobile \" data-animate=\"fadeIn\" data-animation-delay=\"2.3\" data-animation-duration=\"1\" data-animation-iteration=\"1\" style=\"opacity:0;\" data-opacity_start_effect=\"\"><div class='dt-sc-image-caption type7 '><div class='dt-sc-image-content'><div class='dt-sc-image-title'><h3>Paso Doble<\/h3><h6>Lib\u00e9rez le Torero Qui Sommeille en Vous !<\/h6><\/div><p><\/p><\/div><div class='dt-sc-image-wrapper'><noscript><img loading=\"lazy\" decoding=\"async\" width=\"612\" height=\"408\" data-skip-lazy src=\"https:\/\/vpdanses.fr\/wp-content\/uploads\/2025\/03\/Paso_doble_couple_1.png\" class=\"attachment-full\" alt=\"Danseurs de Paso Doble : Enflammez la Piste et \u00c9crivez Votre Propre Histoire de Passion ! VP DANSES dispense des cours pour d\u00e9butants et interm\u00e9diaires, ouverts \u00e0 tous, des plus jeunes aux plus \u00e2g\u00e9s !\" title=\"Danseurs de Paso Doble : Enflammez la Piste et \u00c9crivez Votre Propre Histoire de Passion ! VP DANSES dispense des cours pour d\u00e9butants et interm\u00e9diaires, ouverts \u00e0 tous, des plus jeunes aux plus \u00e2g\u00e9s !\" srcset=\"https:\/\/vpdanses.fr\/wp-content\/uploads\/2025\/03\/Paso_doble_couple_1.png 612w, https:\/\/vpdanses.fr\/wp-content\/uploads\/2025\/03\/Paso_doble_couple_1-300x200.png 300w, https:\/\/vpdanses.fr\/wp-content\/uploads\/2025\/03\/Paso_doble_couple_1-500x333.png 500w, https:\/\/vpdanses.fr\/wp-content\/uploads\/2025\/03\/Paso_doble_couple_1-600x400.png 600w\" sizes=\"auto, (max-width: 612px) 100vw, 612px\" \/><\/noscript><img loading=\"eager\" decoding=\"async\" width=\"612\" height=\"408\" src=\"https:\/\/vpdanses.fr\/wp-content\/uploads\/2025\/03\/Paso_doble_couple_1.png\" class=\"attachment-full vp-lazyload\" alt=\"Danseurs de Paso Doble : Enflammez la Piste et \u00c9crivez Votre Propre Histoire de Passion ! VP DANSES dispense des cours pour d\u00e9butants et interm\u00e9diaires, ouverts \u00e0 tous, des plus jeunes aux plus \u00e2g\u00e9s !\" title=\"Danseurs de Paso Doble : Enflammez la Piste et \u00c9crivez Votre Propre Histoire de Passion ! VP DANSES dispense des cours pour d\u00e9butants et interm\u00e9diaires, ouverts \u00e0 tous, des plus jeunes aux plus \u00e2g\u00e9s !\" srcset=\"data:image\/svg+xml;base64,PHN2ZyB3aWR0aD0iNjEyIiBoZWlnaHQ9IjQwOCIgdmlld0JveD0iMCAwIDYxMiA0MDgiIGZpbGw9Im5vbmUiIHhtbG5zPSJodHRwOi8vd3d3LnczLm9yZy8yMDAwL3N2ZyI+PC9zdmc+\" data-src=\"https:\/\/vpdanses.fr\/wp-content\/uploads\/2025\/03\/Paso_doble_couple_1.png\" data-srcset=\"https:\/\/vpdanses.fr\/wp-content\/uploads\/2025\/03\/Paso_doble_couple_1.png 612w, https:\/\/vpdanses.fr\/wp-content\/uploads\/2025\/03\/Paso_doble_couple_1-300x200.png 300w, https:\/\/vpdanses.fr\/wp-content\/uploads\/2025\/03\/Paso_doble_couple_1-500x333.png 500w, https:\/\/vpdanses.fr\/wp-content\/uploads\/2025\/03\/Paso_doble_couple_1-600x400.png 600w\" data-sizes=\"auto\"><\/a><\/div><\/div><\/div><div class=\"ult-animation  ult-animate-viewport  ult-no-mobile \" data-animate=\"No Animation\" data-animation-delay=\"0\" data-animation-duration=\"3\" data-animation-iteration=\"1\" style=\"opacity:0;\" data-opacity_start_effect=\"\"><div class='dt-sc-image-caption type7 '><div class='dt-sc-image-content'><div class='dt-sc-image-title'><h3>JIVE<\/h3><h6>Faites le plein de joie avec le jive !<\/h6><\/div><p><\/p><\/div><div class='dt-sc-image-wrapper'><noscript><img loading=\"lazy\" decoding=\"async\" width=\"450\" height=\"507\" data-skip-lazy src=\"https:\/\/vpdanses.fr\/wp-content\/uploads\/2025\/03\/jive_couple_1_vWeb.png\" class=\"attachment-full\" alt=\"Danseurs de Jive : Pr\u00eats \u00e0 lib\u00e9rer votre \u00e9nergie et \u00e0 danser avec le sourire ? VP DANSES dispense des cours pour d\u00e9butants et interm\u00e9diaires, ouverts \u00e0 tous, des plus jeunes aux plus \u00e2g\u00e9s !\" title=\"Danseurs de Jive : Pr\u00eats \u00e0 lib\u00e9rer votre \u00e9nergie et \u00e0 danser avec le sourire ? VP DANSES dispense des cours pour d\u00e9butants et interm\u00e9diaires, ouverts \u00e0 tous, des plus jeunes aux plus \u00e2g\u00e9s !\" srcset=\"https:\/\/vpdanses.fr\/wp-content\/uploads\/2025\/03\/jive_couple_1_vWeb.png 450w, https:\/\/vpdanses.fr\/wp-content\/uploads\/2025\/03\/jive_couple_1_vWeb-266x300.png 266w\" sizes=\"auto, (max-width: 450px) 100vw, 450px\" \/><\/noscript><img loading=\"eager\" decoding=\"async\" width=\"450\" height=\"507\" src=\"https:\/\/vpdanses.fr\/wp-content\/uploads\/2025\/03\/jive_couple_1_vWeb.png\" class=\"attachment-full vp-lazyload\" alt=\"Danseurs de Jive : Pr\u00eats \u00e0 lib\u00e9rer votre \u00e9nergie et \u00e0 danser avec le sourire ? VP DANSES dispense des cours pour d\u00e9butants et interm\u00e9diaires, ouverts \u00e0 tous, des plus jeunes aux plus \u00e2g\u00e9s !\" title=\"Danseurs de Jive : Pr\u00eats \u00e0 lib\u00e9rer votre \u00e9nergie et \u00e0 danser avec le sourire ? VP DANSES dispense des cours pour d\u00e9butants et interm\u00e9diaires, ouverts \u00e0 tous, des plus jeunes aux plus \u00e2g\u00e9s !\" srcset=\"data:image\/svg+xml;base64,PHN2ZyB3aWR0aD0iNDUwIiBoZWlnaHQ9IjUwNyIgdmlld0JveD0iMCAwIDQ1MCA1MDciIGZpbGw9Im5vbmUiIHhtbG5zPSJodHRwOi8vd3d3LnczLm9yZy8yMDAwL3N2ZyI+PC9zdmc+\" data-src=\"https:\/\/vpdanses.fr\/wp-content\/uploads\/2025\/03\/jive_couple_1_vWeb.png\" data-srcset=\"https:\/\/vpdanses.fr\/wp-content\/uploads\/2025\/03\/jive_couple_1_vWeb.png 450w, https:\/\/vpdanses.fr\/wp-content\/uploads\/2025\/03\/jive_couple_1_vWeb-266x300.png 266w\" data-sizes=\"auto\"><\/a><\/div><\/div><\/div>[\/vc_column][vc_column width=\u00a0\u00bb1\/3&Prime;]<div class=\"ult-animation  ult-animate-viewport  ult-no-mobile \" data-animate=\"fadeIn\" data-animation-delay=\"1.4\" data-animation-duration=\"1\" data-animation-iteration=\"1\" style=\"opacity:0;\" data-opacity_start_effect=\"\"><div class='dt-sc-image-caption type7 '><div class='dt-sc-image-content'><div class='dt-sc-image-title'><a href=\"https:\/\/vpdanses.fr\/home\/bienvenue-chez-vp-danses-hazebrouck\/salsa-cubaine\/\" alt=\"Tango\" title=\"Tango\"><h3>Tango<\/h3><\/a><h6>Laissez-vous Envo\u00fbter par la Passion des Pas !<\/h6><\/div><p><\/p><\/div><div class='dt-sc-image-wrapper'><a href=\"https:\/\/vpdanses.fr\/home\/bienvenue-chez-vp-danses-hazebrouck\/salsa-cubaine\/\" alt=\"Tango\" title=\"Tango\"><noscript><img loading=\"lazy\" decoding=\"async\" width=\"612\" height=\"408\" data-skip-lazy src=\"https:\/\/vpdanses.fr\/wp-content\/uploads\/2025\/03\/Tango_couple_2-1.png\" class=\"attachment-full\" alt=\"Danseurs de Tango : VP DANSES Hazebrouck dispense des cours de tango, pour les d\u00e9butants et les interm\u00e9diaires et pour tous \u00e2ges, du plus jeune au plus a\u00een\u00e9(e)\" title=\"Danseurs de Tango : VP DANSES Hazebrouck dispense des cours de tango, pour les d\u00e9butants et les interm\u00e9diaires et pour tous \u00e2ges, du plus jeune au plus a\u00een\u00e9(e)\" srcset=\"https:\/\/vpdanses.fr\/wp-content\/uploads\/2025\/03\/Tango_couple_2-1.png 612w, https:\/\/vpdanses.fr\/wp-content\/uploads\/2025\/03\/Tango_couple_2-1-300x200.png 300w, https:\/\/vpdanses.fr\/wp-content\/uploads\/2025\/03\/Tango_couple_2-1-500x333.png 500w, https:\/\/vpdanses.fr\/wp-content\/uploads\/2025\/03\/Tango_couple_2-1-600x400.png 600w\" sizes=\"auto, (max-width: 612px) 100vw, 612px\" \/><\/noscript><img loading=\"eager\" decoding=\"async\" width=\"612\" height=\"408\" src=\"https:\/\/vpdanses.fr\/wp-content\/uploads\/2025\/03\/Tango_couple_2-1.png\" class=\"attachment-full vp-lazyload\" alt=\"Danseurs de Tango : VP DANSES Hazebrouck dispense des cours de tango, pour les d\u00e9butants et les interm\u00e9diaires et pour tous \u00e2ges, du plus jeune au plus a\u00een\u00e9(e)\" title=\"Danseurs de Tango : VP DANSES Hazebrouck dispense des cours de tango, pour les d\u00e9butants et les interm\u00e9diaires et pour tous \u00e2ges, du plus jeune au plus a\u00een\u00e9(e)\" srcset=\"data:image\/svg+xml;base64,PHN2ZyB3aWR0aD0iNjEyIiBoZWlnaHQ9IjQwOCIgdmlld0JveD0iMCAwIDYxMiA0MDgiIGZpbGw9Im5vbmUiIHhtbG5zPSJodHRwOi8vd3d3LnczLm9yZy8yMDAwL3N2ZyI+PC9zdmc+\" data-src=\"https:\/\/vpdanses.fr\/wp-content\/uploads\/2025\/03\/Tango_couple_2-1.png\" data-srcset=\"https:\/\/vpdanses.fr\/wp-content\/uploads\/2025\/03\/Tango_couple_2-1.png 612w, https:\/\/vpdanses.fr\/wp-content\/uploads\/2025\/03\/Tango_couple_2-1-300x200.png 300w, https:\/\/vpdanses.fr\/wp-content\/uploads\/2025\/03\/Tango_couple_2-1-500x333.png 500w, https:\/\/vpdanses.fr\/wp-content\/uploads\/2025\/03\/Tango_couple_2-1-600x400.png 600w\" data-sizes=\"auto\"><\/a><\/div><\/div><\/div><div class=\"ult-animation  ult-animate-viewport  ult-no-mobile \" data-animate=\"fadeIn\" data-animation-delay=\"2.0\" data-animation-duration=\"1\" data-animation-iteration=\"1\" style=\"opacity:0;\" data-opacity_start_effect=\"\"><div class='dt-sc-image-caption type7 '><div class='dt-sc-image-content'><div class='dt-sc-image-title'><h3>Valse Viennoise<\/h3><h6>Laissez-vous Envo\u00fbter par le Tourbillon de la Danse !<\/h6><\/div><p><\/p><\/div><div class='dt-sc-image-wrapper'><noscript><img loading=\"lazy\" decoding=\"async\" width=\"612\" height=\"408\" data-skip-lazy src=\"https:\/\/vpdanses.fr\/wp-content\/uploads\/2025\/03\/Tango_couple_2.png\" class=\"attachment-full\" alt=\"Danseurs de valse viennoise : D\u00e9couvrez la magie de la valse viennoise avec VP DANSES Hazebrouck : des cours pour d\u00e9butants et interm\u00e9diaires, ouverts \u00e0 tous, des plus jeunes aux plus \u00e2g\u00e9s !\" title=\"Danseurs de valse viennoise : D\u00e9couvrez la magie de la valse viennoise avec VP DANSES Hazebrouck : des cours pour d\u00e9butants et interm\u00e9diaires, ouverts \u00e0 tous, des plus jeunes aux plus \u00e2g\u00e9s !\" srcset=\"https:\/\/vpdanses.fr\/wp-content\/uploads\/2025\/03\/Tango_couple_2.png 612w, https:\/\/vpdanses.fr\/wp-content\/uploads\/2025\/03\/Tango_couple_2-300x200.png 300w, https:\/\/vpdanses.fr\/wp-content\/uploads\/2025\/03\/Tango_couple_2-500x333.png 500w, https:\/\/vpdanses.fr\/wp-content\/uploads\/2025\/03\/Tango_couple_2-600x400.png 600w\" sizes=\"auto, (max-width: 612px) 100vw, 612px\" \/><\/noscript><img loading=\"eager\" decoding=\"async\" width=\"612\" height=\"408\" src=\"https:\/\/vpdanses.fr\/wp-content\/uploads\/2025\/03\/Tango_couple_2.png\" class=\"attachment-full vp-lazyload\" alt=\"Danseurs de valse viennoise : D\u00e9couvrez la magie de la valse viennoise avec VP DANSES Hazebrouck : des cours pour d\u00e9butants et interm\u00e9diaires, ouverts \u00e0 tous, des plus jeunes aux plus \u00e2g\u00e9s !\" title=\"Danseurs de valse viennoise : D\u00e9couvrez la magie de la valse viennoise avec VP DANSES Hazebrouck : des cours pour d\u00e9butants et interm\u00e9diaires, ouverts \u00e0 tous, des plus jeunes aux plus \u00e2g\u00e9s !\" srcset=\"data:image\/svg+xml;base64,PHN2ZyB3aWR0aD0iNjEyIiBoZWlnaHQ9IjQwOCIgdmlld0JveD0iMCAwIDYxMiA0MDgiIGZpbGw9Im5vbmUiIHhtbG5zPSJodHRwOi8vd3d3LnczLm9yZy8yMDAwL3N2ZyI+PC9zdmc+\" data-src=\"https:\/\/vpdanses.fr\/wp-content\/uploads\/2025\/03\/Tango_couple_2.png\" data-srcset=\"https:\/\/vpdanses.fr\/wp-content\/uploads\/2025\/03\/Tango_couple_2.png 612w, https:\/\/vpdanses.fr\/wp-content\/uploads\/2025\/03\/Tango_couple_2-300x200.png 300w, https:\/\/vpdanses.fr\/wp-content\/uploads\/2025\/03\/Tango_couple_2-500x333.png 500w, https:\/\/vpdanses.fr\/wp-content\/uploads\/2025\/03\/Tango_couple_2-600x400.png 600w\" data-sizes=\"auto\"><\/a><\/div><\/div><\/div><div class=\"ult-animation  ult-animate-viewport  ult-no-mobile \" data-animate=\"fadeIn\" data-animation-delay=\"0.8\" data-animation-duration=\"1\" data-animation-iteration=\"1\" style=\"opacity:0;\" data-opacity_start_effect=\"\"><div class='dt-sc-image-caption type7 '><div class='dt-sc-image-content'><div class='dt-sc-image-title'><h3>Rumba<\/h3><h6>La M\u00e9lodie du Corps et de l'\u00c2me : Danser l'Amour !<\/h6><\/div><p><\/p><\/div><div class='dt-sc-image-wrapper'><noscript><img loading=\"lazy\" decoding=\"async\" width=\"450\" height=\"723\" data-skip-lazy src=\"https:\/\/vpdanses.fr\/wp-content\/uploads\/2025\/03\/Rumba_couple_1_vWeb.png\" class=\"attachment-full\" alt=\"Danseurs de rumba : La M\u00e9lodie du Corps et de l&#039;\u00c2me : Danser l&#039;Amour ! VP DANSES dispense des cours pour d\u00e9butants et interm\u00e9diaires, ouverts \u00e0 tous, des plus jeunes aux plus \u00e2g\u00e9s !\" title=\"Danseurs de rumba : La M\u00e9lodie du Corps et de l&#039;\u00c2me : Danser l&#039;Amour ! VP DANSES dispense des cours pour d\u00e9butants et interm\u00e9diaires, ouverts \u00e0 tous, des plus jeunes aux plus \u00e2g\u00e9s !\" srcset=\"https:\/\/vpdanses.fr\/wp-content\/uploads\/2025\/03\/Rumba_couple_1_vWeb.png 450w, https:\/\/vpdanses.fr\/wp-content\/uploads\/2025\/03\/Rumba_couple_1_vWeb-187x300.png 187w\" sizes=\"auto, (max-width: 450px) 100vw, 450px\" \/><\/noscript><img loading=\"eager\" decoding=\"async\" width=\"450\" height=\"723\" src=\"https:\/\/vpdanses.fr\/wp-content\/uploads\/2025\/03\/Rumba_couple_1_vWeb.png\" class=\"attachment-full vp-lazyload\" alt=\"Danseurs de rumba : La M\u00e9lodie du Corps et de l&#039;\u00c2me : Danser l&#039;Amour ! VP DANSES dispense des cours pour d\u00e9butants et interm\u00e9diaires, ouverts \u00e0 tous, des plus jeunes aux plus \u00e2g\u00e9s !\" title=\"Danseurs de rumba : La M\u00e9lodie du Corps et de l&#039;\u00c2me : Danser l&#039;Amour ! VP DANSES dispense des cours pour d\u00e9butants et interm\u00e9diaires, ouverts \u00e0 tous, des plus jeunes aux plus \u00e2g\u00e9s !\" srcset=\"data:image\/svg+xml;base64,PHN2ZyB3aWR0aD0iNDUwIiBoZWlnaHQ9IjcyMyIgdmlld0JveD0iMCAwIDQ1MCA3MjMiIGZpbGw9Im5vbmUiIHhtbG5zPSJodHRwOi8vd3d3LnczLm9yZy8yMDAwL3N2ZyI+PC9zdmc+\" data-src=\"https:\/\/vpdanses.fr\/wp-content\/uploads\/2025\/03\/Rumba_couple_1_vWeb.png\" data-srcset=\"https:\/\/vpdanses.fr\/wp-content\/uploads\/2025\/03\/Rumba_couple_1_vWeb.png 450w, https:\/\/vpdanses.fr\/wp-content\/uploads\/2025\/03\/Rumba_couple_1_vWeb-187x300.png 187w\" data-sizes=\"auto\"><\/a><\/div><\/div><\/div><div class=\"ult-animation  ult-animate-viewport  ult-no-mobile \" data-animate=\"No Animation\" data-animation-delay=\"0\" data-animation-duration=\"3\" data-animation-iteration=\"1\" style=\"opacity:0;\" data-opacity_start_effect=\"\"><div class='dt-sc-image-caption type7 '><div class='dt-sc-image-content'><div class='dt-sc-image-title'><a href=\"https:\/\/vpdanses.fr\/home\/bienvenue-chez-vp-danses-hazebrouck\/prestations-vp-danses\/cours-particuliers-salsa\/\" alt=\"\" title=\"\"><h3>Salsa<\/h3><\/a><h6>Laissez le rythme vous guider vers la f\u00eate !<\/h6><\/div><p><\/p><\/div><div class='dt-sc-image-wrapper'><a href=\"https:\/\/vpdanses.fr\/home\/bienvenue-chez-vp-danses-hazebrouck\/prestations-vp-danses\/cours-particuliers-salsa\/\" alt=\"\" title=\"\"><noscript><img loading=\"lazy\" decoding=\"async\" width=\"350\" height=\"349\" data-skip-lazy src=\"https:\/\/vpdanses.fr\/wp-content\/uploads\/2025\/03\/salsa_couple_1_vWeb-1.png\" class=\"attachment-full\" alt=\"Laissez le rythme vous guider vers la f\u00eate !\" title=\"Laissez le rythme vous guider vers la f\u00eate !\" srcset=\"https:\/\/vpdanses.fr\/wp-content\/uploads\/2025\/03\/salsa_couple_1_vWeb-1.png 350w, https:\/\/vpdanses.fr\/wp-content\/uploads\/2025\/03\/salsa_couple_1_vWeb-1-300x300.png 300w, https:\/\/vpdanses.fr\/wp-content\/uploads\/2025\/03\/salsa_couple_1_vWeb-1-150x150.png 150w, https:\/\/vpdanses.fr\/wp-content\/uploads\/2025\/03\/salsa_couple_1_vWeb-1-100x100.png 100w\" sizes=\"auto, (max-width: 350px) 100vw, 350px\" \/><\/noscript><img loading=\"eager\" decoding=\"async\" width=\"350\" height=\"349\" src=\"https:\/\/vpdanses.fr\/wp-content\/uploads\/2025\/03\/salsa_couple_1_vWeb-1.png\" class=\"attachment-full vp-lazyload\" alt=\"Laissez le rythme vous guider vers la f\u00eate !\" title=\"Laissez le rythme vous guider vers la f\u00eate !\" srcset=\"data:image\/svg+xml;base64,PHN2ZyB3aWR0aD0iMzUwIiBoZWlnaHQ9IjM0OSIgdmlld0JveD0iMCAwIDM1MCAzNDkiIGZpbGw9Im5vbmUiIHhtbG5zPSJodHRwOi8vd3d3LnczLm9yZy8yMDAwL3N2ZyI+PC9zdmc+\" data-src=\"https:\/\/vpdanses.fr\/wp-content\/uploads\/2025\/03\/salsa_couple_1_vWeb-1.png\" data-srcset=\"https:\/\/vpdanses.fr\/wp-content\/uploads\/2025\/03\/salsa_couple_1_vWeb-1.png 350w, https:\/\/vpdanses.fr\/wp-content\/uploads\/2025\/03\/salsa_couple_1_vWeb-1-300x300.png 300w, https:\/\/vpdanses.fr\/wp-content\/uploads\/2025\/03\/salsa_couple_1_vWeb-1-150x150.png 150w, https:\/\/vpdanses.fr\/wp-content\/uploads\/2025\/03\/salsa_couple_1_vWeb-1-100x100.png 100w\" data-sizes=\"auto\"><\/a><\/div><\/div><\/div>[\/vc_column][vc_column width=\u00a0\u00bb1\/3&Prime;]<div class=\"ult-animation  ult-animate-viewport  ult-no-mobile \" data-animate=\"fadeIn\" data-animation-delay=\"1.7\" data-animation-duration=\"1\" data-animation-iteration=\"1\" style=\"opacity:0;\" data-opacity_start_effect=\"\"><div class='dt-sc-image-caption type7 '><div class='dt-sc-image-content'><div class='dt-sc-image-title'><a href=\"https:\/\/vpdanses.fr\/home\/bienvenue-chez-vp-danses-hazebrouck\/salsa-cubaine\/\" alt=\"Salsa Cubaine\" title=\"Salsa Cubaine\"><h3>Valse lente<\/h3><\/a><h6>Tournez avec \u00c9l\u00e9gance et Romantisme !<\/h6><\/div><p><\/p><\/div><div class='dt-sc-image-wrapper'><a href=\"https:\/\/vpdanses.fr\/home\/bienvenue-chez-vp-danses-hazebrouck\/salsa-cubaine\/\" alt=\"Salsa Cubaine\" title=\"Salsa Cubaine\"><noscript><img loading=\"lazy\" decoding=\"async\" width=\"612\" height=\"408\" data-skip-lazy src=\"https:\/\/vpdanses.fr\/wp-content\/uploads\/2025\/03\/Tango_couple_1.png\" class=\"attachment-full\" alt=\"Danseurs de valse lente : VP DANSES Hazebrouck dispense des cours de valse lente, pour les d\u00e9butants et les interm\u00e9diaires et pour tous \u00e2ges, du plus jeune au plus a\u00een\u00e9(e)\" title=\"Danseurs de valse lente : VP DANSES Hazebrouck dispense des cours de valse lente, pour les d\u00e9butants et les interm\u00e9diaires et pour tous \u00e2ges, du plus jeune au plus a\u00een\u00e9(e)\" srcset=\"https:\/\/vpdanses.fr\/wp-content\/uploads\/2025\/03\/Tango_couple_1.png 612w, https:\/\/vpdanses.fr\/wp-content\/uploads\/2025\/03\/Tango_couple_1-300x200.png 300w, https:\/\/vpdanses.fr\/wp-content\/uploads\/2025\/03\/Tango_couple_1-500x333.png 500w, https:\/\/vpdanses.fr\/wp-content\/uploads\/2025\/03\/Tango_couple_1-600x400.png 600w\" sizes=\"auto, (max-width: 612px) 100vw, 612px\" \/><\/noscript><img loading=\"eager\" decoding=\"async\" width=\"612\" height=\"408\" src=\"https:\/\/vpdanses.fr\/wp-content\/uploads\/2025\/03\/Tango_couple_1.png\" class=\"attachment-full vp-lazyload\" alt=\"Danseurs de valse lente : VP DANSES Hazebrouck dispense des cours de valse lente, pour les d\u00e9butants et les interm\u00e9diaires et pour tous \u00e2ges, du plus jeune au plus a\u00een\u00e9(e)\" title=\"Danseurs de valse lente : VP DANSES Hazebrouck dispense des cours de valse lente, pour les d\u00e9butants et les interm\u00e9diaires et pour tous \u00e2ges, du plus jeune au plus a\u00een\u00e9(e)\" srcset=\"data:image\/svg+xml;base64,PHN2ZyB3aWR0aD0iNjEyIiBoZWlnaHQ9IjQwOCIgdmlld0JveD0iMCAwIDYxMiA0MDgiIGZpbGw9Im5vbmUiIHhtbG5zPSJodHRwOi8vd3d3LnczLm9yZy8yMDAwL3N2ZyI+PC9zdmc+\" data-src=\"https:\/\/vpdanses.fr\/wp-content\/uploads\/2025\/03\/Tango_couple_1.png\" data-srcset=\"https:\/\/vpdanses.fr\/wp-content\/uploads\/2025\/03\/Tango_couple_1.png 612w, https:\/\/vpdanses.fr\/wp-content\/uploads\/2025\/03\/Tango_couple_1-300x200.png 300w, https:\/\/vpdanses.fr\/wp-content\/uploads\/2025\/03\/Tango_couple_1-500x333.png 500w, https:\/\/vpdanses.fr\/wp-content\/uploads\/2025\/03\/Tango_couple_1-600x400.png 600w\" data-sizes=\"auto\"><\/a><\/div><\/div><\/div><div class=\"ult-animation  ult-animate-viewport  ult-no-mobile \" data-animate=\"fadeIn\" data-animation-delay=\"1.1\" data-animation-duration=\"1\" data-animation-iteration=\"1\" style=\"opacity:0;\" data-opacity_start_effect=\"\"><div class='dt-sc-image-caption type7 '><div class='dt-sc-image-content'><div class='dt-sc-image-title'><h3>Samba<\/h3><h6>Whisk It Up : Laissez-vous Envo\u00fbter !<\/h6><\/div><p><\/p><\/div><div class='dt-sc-image-wrapper'><noscript><img loading=\"lazy\" decoding=\"async\" width=\"612\" height=\"408\" data-skip-lazy src=\"https:\/\/vpdanses.fr\/wp-content\/uploads\/2025\/03\/Samba_couple_1-1.png\" class=\"attachment-full\" alt=\"Danseurs de Samba : Laissez-vous Enflammer par le Rythme et la Joie de la Danse ! VP DANSES dispense des cours pour d\u00e9butants et interm\u00e9diaires, ouverts \u00e0 tous, des plus jeunes aux plus \u00e2g\u00e9s !\" title=\"Danseurs de Samba : Laissez-vous Enflammer par le Rythme et la Joie de la Danse ! VP DANSES dispense des cours pour d\u00e9butants et interm\u00e9diaires, ouverts \u00e0 tous, des plus jeunes aux plus \u00e2g\u00e9s !\" srcset=\"https:\/\/vpdanses.fr\/wp-content\/uploads\/2025\/03\/Samba_couple_1-1.png 612w, https:\/\/vpdanses.fr\/wp-content\/uploads\/2025\/03\/Samba_couple_1-1-300x200.png 300w, https:\/\/vpdanses.fr\/wp-content\/uploads\/2025\/03\/Samba_couple_1-1-500x333.png 500w, https:\/\/vpdanses.fr\/wp-content\/uploads\/2025\/03\/Samba_couple_1-1-600x400.png 600w\" sizes=\"auto, (max-width: 612px) 100vw, 612px\" \/><\/noscript><img loading=\"eager\" decoding=\"async\" width=\"612\" height=\"408\" src=\"https:\/\/vpdanses.fr\/wp-content\/uploads\/2025\/03\/Samba_couple_1-1.png\" class=\"attachment-full vp-lazyload\" alt=\"Danseurs de Samba : Laissez-vous Enflammer par le Rythme et la Joie de la Danse ! VP DANSES dispense des cours pour d\u00e9butants et interm\u00e9diaires, ouverts \u00e0 tous, des plus jeunes aux plus \u00e2g\u00e9s !\" title=\"Danseurs de Samba : Laissez-vous Enflammer par le Rythme et la Joie de la Danse ! VP DANSES dispense des cours pour d\u00e9butants et interm\u00e9diaires, ouverts \u00e0 tous, des plus jeunes aux plus \u00e2g\u00e9s !\" srcset=\"data:image\/svg+xml;base64,PHN2ZyB3aWR0aD0iNjEyIiBoZWlnaHQ9IjQwOCIgdmlld0JveD0iMCAwIDYxMiA0MDgiIGZpbGw9Im5vbmUiIHhtbG5zPSJodHRwOi8vd3d3LnczLm9yZy8yMDAwL3N2ZyI+PC9zdmc+\" data-src=\"https:\/\/vpdanses.fr\/wp-content\/uploads\/2025\/03\/Samba_couple_1-1.png\" data-srcset=\"https:\/\/vpdanses.fr\/wp-content\/uploads\/2025\/03\/Samba_couple_1-1.png 612w, https:\/\/vpdanses.fr\/wp-content\/uploads\/2025\/03\/Samba_couple_1-1-300x200.png 300w, https:\/\/vpdanses.fr\/wp-content\/uploads\/2025\/03\/Samba_couple_1-1-500x333.png 500w, https:\/\/vpdanses.fr\/wp-content\/uploads\/2025\/03\/Samba_couple_1-1-600x400.png 600w\" data-sizes=\"auto\"><\/a><\/div><\/div><\/div><div class=\"ult-animation  ult-animate-viewport  ult-no-mobile \" data-animate=\"fadeIn\" data-animation-delay=\"2.6\" data-animation-duration=\"1\" data-animation-iteration=\"1\" style=\"opacity:0;\" data-opacity_start_effect=\"\"><div class='dt-sc-image-caption type7 '><div class='dt-sc-image-content'><div class='dt-sc-image-title'><h3>Chacha<\/h3><h6>Venez jouer avec le rythme du chacha !<\/h6><\/div><p><\/p><\/div><div class='dt-sc-image-wrapper'><noscript><img loading=\"lazy\" decoding=\"async\" width=\"440\" height=\"454\" data-skip-lazy src=\"https:\/\/vpdanses.fr\/wp-content\/uploads\/2025\/03\/cha_cha_couple_1_vWeb.png\" class=\"attachment-full\" alt=\"Danseurs de chacha : Venez jouer avec le rythme du chacha ! VP DANSES dispense des cours pour d\u00e9butants et interm\u00e9diaires, ouverts \u00e0 tous, des plus jeunes aux plus \u00e2g\u00e9s !\" title=\"Danseurs de chacha : Venez jouer avec le rythme du chacha ! VP DANSES dispense des cours pour d\u00e9butants et interm\u00e9diaires, ouverts \u00e0 tous, des plus jeunes aux plus \u00e2g\u00e9s !\" srcset=\"https:\/\/vpdanses.fr\/wp-content\/uploads\/2025\/03\/cha_cha_couple_1_vWeb.png 440w, https:\/\/vpdanses.fr\/wp-content\/uploads\/2025\/03\/cha_cha_couple_1_vWeb-291x300.png 291w\" sizes=\"auto, (max-width: 440px) 100vw, 440px\" \/><\/noscript><img loading=\"eager\" decoding=\"async\" width=\"440\" height=\"454\" src=\"https:\/\/vpdanses.fr\/wp-content\/uploads\/2025\/03\/cha_cha_couple_1_vWeb.png\" class=\"attachment-full vp-lazyload\" alt=\"Danseurs de chacha : Venez jouer avec le rythme du chacha ! VP DANSES dispense des cours pour d\u00e9butants et interm\u00e9diaires, ouverts \u00e0 tous, des plus jeunes aux plus \u00e2g\u00e9s !\" title=\"Danseurs de chacha : Venez jouer avec le rythme du chacha ! VP DANSES dispense des cours pour d\u00e9butants et interm\u00e9diaires, ouverts \u00e0 tous, des plus jeunes aux plus \u00e2g\u00e9s !\" srcset=\"data:image\/svg+xml;base64,PHN2ZyB3aWR0aD0iNDQwIiBoZWlnaHQ9IjQ1NCIgdmlld0JveD0iMCAwIDQ0MCA0NTQiIGZpbGw9Im5vbmUiIHhtbG5zPSJodHRwOi8vd3d3LnczLm9yZy8yMDAwL3N2ZyI+PC9zdmc+\" data-src=\"https:\/\/vpdanses.fr\/wp-content\/uploads\/2025\/03\/cha_cha_couple_1_vWeb.png\" data-srcset=\"https:\/\/vpdanses.fr\/wp-content\/uploads\/2025\/03\/cha_cha_couple_1_vWeb.png 440w, https:\/\/vpdanses.fr\/wp-content\/uploads\/2025\/03\/cha_cha_couple_1_vWeb-291x300.png 291w\" data-sizes=\"auto\"><\/a><\/div><\/div><\/div>[\/vc_column][vc_column]<div class=\"ult-spacer spacer-69f2e442c8b38\" data-id=\"69f2e442c8b38\" data-height=\"75\" data-height-mobile=\"75\" data-height-tab=\"75\" data-height-tab-portrait=\"\" data-height-mobile-landscape=\"\" style=\"clear:both;display:block;\"><\/div>[\/vc_column][\/vc_row][vc_row disable_element=\u00a0\u00bbyes\u00a0\u00bb][vc_column][vc_row_inner][vc_column_inner width=\u00a0\u00bb1\/4&Prime;]<div class=\"ult-animation  ult-animate-viewport  ult-no-mobile \" data-animate=\"zoomInDown\" data-animation-delay=\"0.8\" data-animation-duration=\"1\" data-animation-iteration=\"1\" style=\"opacity:0;\" data-opacity_start_effect=\"\"><\/div>[\/vc_column_inner][vc_column_inner width=\u00a0\u00bb1\/4&Prime;]<div class=\"ult-animation  ult-animate-viewport  ult-no-mobile \" data-animate=\"zoomInDown\" data-animation-delay=\"1.1\" data-animation-duration=\"1\" data-animation-iteration=\"1\" style=\"opacity:0;\" data-opacity_start_effect=\"\"><\/div>[\/vc_column_inner][vc_column_inner width=\u00a0\u00bb1\/4&Prime;]<div class=\"ult-animation  ult-animate-viewport  ult-no-mobile \" data-animate=\"zoomInDown\" data-animation-delay=\"1.4\" data-animation-duration=\"1\" data-animation-iteration=\"1\" style=\"opacity:0;\" data-opacity_start_effect=\"\"><div class='dt-sc-counter type1  rounded aligncenter'><div class='dt-sc-couter-icon-holder'><div class='icon-wrapper'><span><noscript><img loading=\"lazy\" decoding=\"async\" width=\"1070\" height=\"660\" data-skip-lazy src=\"https:\/\/vpdanses.fr\/wp-content\/uploads\/2025\/03\/2025-03-01.Salsa_cubaine_cours_particuliers.jpeg\" class=\"attachment-full\" alt=\"Cours Particuliers VP DANSES Hazebrouck de Salsa Cubaine, Saint-Jans-Cappel, Janvier 2025 \u00e0 Avril 2025\" title=\"Cours Particuliers VP DANSES Hazebrouck de Salsa Cubaine, Saint-Jans-Cappel, Janvier 2025 \u00e0 Avril 2025\" srcset=\"https:\/\/vpdanses.fr\/wp-content\/uploads\/2025\/03\/2025-03-01.Salsa_cubaine_cours_particuliers.jpeg 1070w, https:\/\/vpdanses.fr\/wp-content\/uploads\/2025\/03\/2025-03-01.Salsa_cubaine_cours_particuliers-300x185.jpeg 300w, https:\/\/vpdanses.fr\/wp-content\/uploads\/2025\/03\/2025-03-01.Salsa_cubaine_cours_particuliers-1024x632.jpeg 1024w, https:\/\/vpdanses.fr\/wp-content\/uploads\/2025\/03\/2025-03-01.Salsa_cubaine_cours_particuliers-768x474.jpeg 768w, https:\/\/vpdanses.fr\/wp-content\/uploads\/2025\/03\/2025-03-01.Salsa_cubaine_cours_particuliers-500x308.jpeg 500w, https:\/\/vpdanses.fr\/wp-content\/uploads\/2025\/03\/2025-03-01.Salsa_cubaine_cours_particuliers-800x493.jpeg 800w, https:\/\/vpdanses.fr\/wp-content\/uploads\/2025\/03\/2025-03-01.Salsa_cubaine_cours_particuliers-600x370.jpeg 600w\" sizes=\"auto, (max-width: 1070px) 100vw, 1070px\" \/><\/noscript><img loading=\"eager\" decoding=\"async\" width=\"1070\" height=\"660\" src=\"https:\/\/vpdanses.fr\/wp-content\/uploads\/2025\/03\/2025-03-01.Salsa_cubaine_cours_particuliers.jpeg\" class=\"attachment-full vp-lazyload\" alt=\"Cours Particuliers VP DANSES Hazebrouck de Salsa Cubaine, Saint-Jans-Cappel, Janvier 2025 \u00e0 Avril 2025\" title=\"Cours Particuliers VP DANSES Hazebrouck de Salsa Cubaine, Saint-Jans-Cappel, Janvier 2025 \u00e0 Avril 2025\" srcset=\"data:image\/svg+xml;base64,PHN2ZyB3aWR0aD0iMTA3MCIgaGVpZ2h0PSI2NjAiIHZpZXdCb3g9IjAgMCAxMDcwIDY2MCIgZmlsbD0ibm9uZSIgeG1sbnM9Imh0dHA6Ly93d3cudzMub3JnLzIwMDAvc3ZnIj48L3N2Zz4=\" data-src=\"https:\/\/vpdanses.fr\/wp-content\/uploads\/2025\/03\/2025-03-01.Salsa_cubaine_cours_particuliers.jpeg\" data-srcset=\"https:\/\/vpdanses.fr\/wp-content\/uploads\/2025\/03\/2025-03-01.Salsa_cubaine_cours_particuliers.jpeg 1070w, https:\/\/vpdanses.fr\/wp-content\/uploads\/2025\/03\/2025-03-01.Salsa_cubaine_cours_particuliers-300x185.jpeg 300w, https:\/\/vpdanses.fr\/wp-content\/uploads\/2025\/03\/2025-03-01.Salsa_cubaine_cours_particuliers-1024x632.jpeg 1024w, https:\/\/vpdanses.fr\/wp-content\/uploads\/2025\/03\/2025-03-01.Salsa_cubaine_cours_particuliers-768x474.jpeg 768w, https:\/\/vpdanses.fr\/wp-content\/uploads\/2025\/03\/2025-03-01.Salsa_cubaine_cours_particuliers-500x308.jpeg 500w, https:\/\/vpdanses.fr\/wp-content\/uploads\/2025\/03\/2025-03-01.Salsa_cubaine_cours_particuliers-800x493.jpeg 800w, https:\/\/vpdanses.fr\/wp-content\/uploads\/2025\/03\/2025-03-01.Salsa_cubaine_cours_particuliers-600x370.jpeg 600w\" data-sizes=\"auto\"><\/span><\/div><div class='dt-sc-counter-number' data-value='2' data-append='H'>2<\/div><\/div><h4>Salsa<\/h4><\/div><\/div>[\/vc_column_inner][vc_column_inner width=\u00a0\u00bb1\/4&Prime;]<div class=\"ult-animation  ult-animate-viewport  ult-no-mobile \" data-animate=\"zoomInDown\" data-animation-delay=\"1.7\" data-animation-duration=\"1\" data-animation-iteration=\"1\" style=\"opacity:0;\" data-opacity_start_effect=\"\"><\/div>[\/vc_column_inner][\/vc_row_inner][\/vc_column][\/vc_row][vc_row full_width=\u00a0\u00bbstretch_row\u00a0\u00bb css_animation=\u00a0\u00bbfadeInUp\u00a0\u00bb bg_type=\u00a0\u00bbimage\u00a0\u00bb parallax_style=\u00a0\u00bbvcpb-vz-jquery\u00a0\u00bb bg_image_new=\u00a0\u00bbid^11269|url^https:\/\/vpdanses.fr\/wp-content\/uploads\/2025\/01\/VP_DANSES_Virginie_et_Philippe-scaled.jpg|caption^Virginie GATOUX et Philippe MARTINS, comp\u00e9titeurs de danses sportives et dirigeants de VP Danses Hazebrouck, Nord, Pas-de-Calais, Nord Pas de Calais, Hauts-de-France (danses de loisirs, danses de salons, danses sportives)|alt^Virginie GATOUX et Philippe MARTINS, comp\u00e9titeurs de danses sportives et dirigeants de VP Danses Hazebrouck, Nord, Pas-de-Calais, Nord Pas de Calais, Hauts-de-France (danses de loisirs, danses de salons, danses sportives)|title^Virginie GATOUX et Philippe MARTINS, comp\u00e9titeurs de danses sportives et dirigeants de VP Danses Hazebrouck, Nord, Pas-de-Calais, Nord Pas de Calais, Hauts-de-France (danses de loisirs, danses de salons, danses sportives)|description^Virginie GATOUX et Philippe MARTINS, comp\u00e9titeurs de danses sportives et dirigeants de VP Danses Hazebrouck, Nord, Pas-de-Calais, Nord Pas de Calais, Hauts-de-France (danses de loisirs, danses de salons, danses sportives)\u00a0\u00bb enable_overlay=\u00a0\u00bbenable_overlay_value\u00a0\u00bb overlay_color=\u00a0\u00bbrgba(0,0,0,0.8)\u00a0\u00bb css=\u00a0\u00bb.vc_custom_1740935490265{padding-top: 100px !important;padding-bottom: 100px !important;}\u00a0\u00bb el_class=\u00a0\u00bbdt-sc-dark-bg\u00a0\u00bb][vc_column]<div class=\"ult-animation  ult-animate-viewport  ult-no-mobile \" data-animate=\"bounceIn\" data-animation-delay=\"0.8\" data-animation-duration=\"1\" data-animation-iteration=\"1\" style=\"opacity:0;\" data-opacity_start_effect=\"\"><div class='dt-sc-title with-two-border with-sub-title aligncenter'><h2>Vos objectifs et vos t\u00e9moignages<\/h2><h3>au sujet de VP DANSES !<\/h3><\/div><\/div><div class=\"ult-spacer spacer-69f2e442c9040\" data-id=\"69f2e442c9040\" data-height=\"20\" data-height-mobile=\"20\" data-height-tab=\"20\" data-height-tab-portrait=\"\" data-height-mobile-landscape=\"\" style=\"clear:both;display:block;\"><\/div>[vc_row_inner][vc_column_inner width=\u00a0\u00bb1\/6&Prime;][\/vc_column_inner][vc_column_inner width=\u00a0\u00bb2\/3&Prime;]<div class=\"ult-animation  ult-animate-viewport  ult-no-mobile \" data-animate=\"fadeInUp\" data-animation-delay=\"0.8\" data-animation-duration=\"1\" data-animation-iteration=\"1\" style=\"opacity:0;\" data-opacity_start_effect=\"\"><div class='dt-sc-testimonial-wrapper carousel_items type3 custom-arrow-navigation' data-animation='scroll'><ul class=\"dt-sc-testimonial-carousel\"><li><div class='dt-sc-testimonial type3 '><div class=\"dt-sc-testimonial-quote\"><blockquote> <q><p style=\"font-weight: 400;\">J\u2019ai tendance \u00e0 contr\u00f4ler mon danseur sur la piste de danse. Je veux toujours diriger, ce qui m&#8217;emp\u00eache de vraiment profiter de la danse et de la connexion avec mon partenaire. C&rsquo;est pourquoi j&rsquo;ai d\u00e9cid\u00e9 de me lancer dans des cours particuliers \u00e0 domicile. Mon objectif est d&rsquo;apprendre \u00e0 laisser mon danseur me guider, \u00e0 me laisser porter par le rythme et \u00e0 savourer chaque instant.<\/p>\n<p style=\"font-weight: 400;\">J\u2019ai pris des cours particuliers \u00e0 domicile. C&rsquo;est une option qui me convient parfaitement, car cela me donne plus de libert\u00e9 dans mon agenda d\u00e9j\u00e0 bien charg\u00e9. En plus, cela me permet de me concentrer sur mes besoins sp\u00e9cifiques sans la pression d&rsquo;un cours collectif.<\/p>\n<p style=\"font-weight: 400;\">D\u00e8s ma premi\u00e8re le\u00e7on, j&rsquo;ai ressenti une excitation m\u00eal\u00e9e \u00e0 une l\u00e9g\u00e8re appr\u00e9hension. Je suis venue sans cavalier, mais cela ne m&rsquo;a pas d\u00e9courag\u00e9e. Au contraire, cela m&rsquo;a permis de me concentrer sur moi-m\u00eame et sur ce que je dois apprendre. Virginie et Philippe m&rsquo;ont encourag\u00e9e \u00e0 explorer la danse d&rsquo;une mani\u00e8re nouvelle, \u00e0 apprivoiser la piste et \u00e0 me lib\u00e9rer de mes anciennes habitudes.<\/p><\/q> <\/blockquote><\/div><div class=\"dt-sc-testimonial-author\"><span><noscript><img loading=\"lazy\" decoding=\"async\" width=\"1070\" height=\"660\" data-skip-lazy src=\"https:\/\/vpdanses.fr\/wp-content\/uploads\/2025\/03\/2025-03-01.Salsa_cubaine_cours_particuliers.jpeg\" class=\"attachment-full\" alt=\"Cours Particuliers VP DANSES Hazebrouck de Salsa Cubaine, Saint-Jans-Cappel, Janvier 2025 \u00e0 Avril 2025\" title=\"Cours Particuliers VP DANSES Hazebrouck de Salsa Cubaine, Saint-Jans-Cappel, Janvier 2025 \u00e0 Avril 2025\" srcset=\"https:\/\/vpdanses.fr\/wp-content\/uploads\/2025\/03\/2025-03-01.Salsa_cubaine_cours_particuliers.jpeg 1070w, https:\/\/vpdanses.fr\/wp-content\/uploads\/2025\/03\/2025-03-01.Salsa_cubaine_cours_particuliers-300x185.jpeg 300w, https:\/\/vpdanses.fr\/wp-content\/uploads\/2025\/03\/2025-03-01.Salsa_cubaine_cours_particuliers-1024x632.jpeg 1024w, https:\/\/vpdanses.fr\/wp-content\/uploads\/2025\/03\/2025-03-01.Salsa_cubaine_cours_particuliers-768x474.jpeg 768w, https:\/\/vpdanses.fr\/wp-content\/uploads\/2025\/03\/2025-03-01.Salsa_cubaine_cours_particuliers-500x308.jpeg 500w, https:\/\/vpdanses.fr\/wp-content\/uploads\/2025\/03\/2025-03-01.Salsa_cubaine_cours_particuliers-800x493.jpeg 800w, https:\/\/vpdanses.fr\/wp-content\/uploads\/2025\/03\/2025-03-01.Salsa_cubaine_cours_particuliers-600x370.jpeg 600w\" sizes=\"auto, (max-width: 1070px) 100vw, 1070px\" \/><\/noscript><img loading=\"eager\" decoding=\"async\" width=\"1070\" height=\"660\" src=\"https:\/\/vpdanses.fr\/wp-content\/uploads\/2025\/03\/2025-03-01.Salsa_cubaine_cours_particuliers.jpeg\" class=\"attachment-full vp-lazyload\" alt=\"Cours Particuliers VP DANSES Hazebrouck de Salsa Cubaine, Saint-Jans-Cappel, Janvier 2025 \u00e0 Avril 2025\" title=\"Cours Particuliers VP DANSES Hazebrouck de Salsa Cubaine, Saint-Jans-Cappel, Janvier 2025 \u00e0 Avril 2025\" srcset=\"data:image\/svg+xml;base64,PHN2ZyB3aWR0aD0iMTA3MCIgaGVpZ2h0PSI2NjAiIHZpZXdCb3g9IjAgMCAxMDcwIDY2MCIgZmlsbD0ibm9uZSIgeG1sbnM9Imh0dHA6Ly93d3cudzMub3JnLzIwMDAvc3ZnIj48L3N2Zz4=\" data-src=\"https:\/\/vpdanses.fr\/wp-content\/uploads\/2025\/03\/2025-03-01.Salsa_cubaine_cours_particuliers.jpeg\" data-srcset=\"https:\/\/vpdanses.fr\/wp-content\/uploads\/2025\/03\/2025-03-01.Salsa_cubaine_cours_particuliers.jpeg 1070w, https:\/\/vpdanses.fr\/wp-content\/uploads\/2025\/03\/2025-03-01.Salsa_cubaine_cours_particuliers-300x185.jpeg 300w, https:\/\/vpdanses.fr\/wp-content\/uploads\/2025\/03\/2025-03-01.Salsa_cubaine_cours_particuliers-1024x632.jpeg 1024w, https:\/\/vpdanses.fr\/wp-content\/uploads\/2025\/03\/2025-03-01.Salsa_cubaine_cours_particuliers-768x474.jpeg 768w, https:\/\/vpdanses.fr\/wp-content\/uploads\/2025\/03\/2025-03-01.Salsa_cubaine_cours_particuliers-500x308.jpeg 500w, https:\/\/vpdanses.fr\/wp-content\/uploads\/2025\/03\/2025-03-01.Salsa_cubaine_cours_particuliers-800x493.jpeg 800w, https:\/\/vpdanses.fr\/wp-content\/uploads\/2025\/03\/2025-03-01.Salsa_cubaine_cours_particuliers-600x370.jpeg 600w\" data-sizes=\"auto\"><\/span><cite>Ga\u00eblle G.<small>F\u00e9vrier 2025 \u00e0 Avril 2025, Saint-Jans-Cappel - Carte VP DANSES Exclusive N\u00b0 8<\/small><\/cite><\/div><\/div><\/li><\/ul><div class=\"carousel-arrows\">\t<a href=\"#\" class=\"testimonial-prev\"> <\/a>\t<a href=\"#\" class=\"testimonial-next\"> <\/a><\/div><\/div><\/div>[\/vc_column_inner][vc_column_inner width=\u00a0\u00bb1\/6&Prime;][\/vc_column_inner][\/vc_row_inner][\/vc_column][\/vc_row]<\/p>\n<\/div>","protected":false},"excerpt":{"rendered":"<p>[vc_row full_width=\u00a0\u00bbstretch_row\u00a0\u00bb content_placement=\u00a0\u00bbmiddle\u00a0\u00bb css_animation=\u00a0\u00bbfadeInUp\u00a0\u00bb bg_type=\u00a0\u00bbimage\u00a0\u00bb parallax_style=\u00a0\u00bbvcpb-vz-jquery\u00a0\u00bb enable_overlay=\u00a0\u00bbenable_overlay_value\u00a0\u00bb overlay_color=\u00a0\u00bbrgba(0,0,0,0.75)\u00a0\u00bb css=\u00a0\u00bb.vc_custom_1741019937503{padding-top: 100px !important;padding-bottom: 100px !important;}\u00a0\u00bb row_title=\u00a0\u00bbMON TITRE\u00a0\u00bb][vc_column width=\u00a0\u00bb1\/2&Prime;][\/vc_column][vc_column el_align=\u00a0\u00bbcenter\u00a0\u00bb width=\u00a0\u00bb1\/2&Prime;][vc_column_text css=\u00a0\u00bb\u00a0\u00bb]Vous r\u00eavez de vous initier \u00e0 la danse ou d&rsquo;am\u00e9liorer vos comp\u00e9tences [&hellip;]<\/p>\n","protected":false},"author":1,"featured_media":0,"parent":0,"menu_order":0,"comment_status":"closed","ping_status":"closed","template":"","meta":{"_uag_custom_page_level_css":"","_price":"","_stock":"","_tribe_ticket_header":"","_tribe_default_ticket_provider":"","_tribe_ticket_capacity":"0","_ticket_start_date":"","_ticket_end_date":"","_tribe_ticket_show_description":"","_tribe_ticket_show_not_going":false,"_tribe_ticket_use_global_stock":"","_tribe_ticket_global_stock_level":"","_global_stock_mode":"","_global_stock_cap":"","_tribe_rsvp_for_event":"","_tribe_ticket_going_count":"","_tribe_ticket_not_going_count":"","_tribe_tickets_list":"[]","_tribe_ticket_has_attendee_info_fields":false,"_EventAllDay":false,"_EventTimezone":"","_EventStartDate":"","_EventEndDate":"","_EventStartDateUTC":"","_EventEndDateUTC":"","_EventShowMap":false,"_EventShowMapLink":false,"_EventURL":"","_EventCost":"","_EventCostDescription":"","_EventCurrencySymbol":"","_EventCurrencyCode":"","_EventCurrencyPosition":"","_EventDateTimeSeparator":"","_EventTimeRangeSeparator":"","_EventOrganizerID":[],"_EventVenueID":[],"_OrganizerEmail":"","_OrganizerPhone":"","_OrganizerWebsite":"","_VenueAddress":"","_VenueCity":"","_VenueCountry":"","_VenueProvince":"","_VenueState":"","_VenueZip":"","_VenuePhone":"","_VenueURL":"","_VenueStateProvince":"","_VenueLat":"","_VenueLng":"","_VenueShowMap":false,"_VenueShowMapLink":false,"_vp_format_video_url":"","_vp_image_focal_point":[],"footnotes":"","_tec_slr_enabled":"","_tec_slr_layout":""},"class_list":["post-9769","page","type-page","status-publish","hentry"],"yoast_head":"<!-- This site is optimized with the Yoast SEO Premium plugin v25.6 (Yoast SEO v25.6) - https:\/\/yoast.com\/wordpress\/plugins\/seo\/ -->\n<title>Cours Particuliers (old) - VP DANSES, cours de Danse Sportive \u00e0 Aire-sur-la-Lys et \u00e0 Saint-Jans-Cappel (Hauts-de-France)<\/title>\n<meta name=\"description\" content=\"Virginie et Philippe proposent des Cours Particuliers \u00e0 domicile des Clients ou dans une salle mise \u00e0 disposition. Cette formule permet aux Clients de progresser \u00e0 leur rythme et de se concentrer sur leurs besoins sp\u00e9cifiques. Cela favorise un apprentissage plus efficace, car nous pouvons adapter les le\u00e7ons en fonction des comp\u00e9tences et des objectifs de chaque \u00e9l\u00e8ve. De plus, nos cours offrent une flexibilit\u00e9 en termes de horaires et de lieux, que ce soit au domicile des Clients ou dans une salle mise \u00e0 disposition. Cela facilite l&#039;int\u00e9gration de la danse dans un emploi du temps charg\u00e9. Enfin, l&#039;ambiance intime des cours particuliers cr\u00e9e un environnement confortable et encourageant, propice \u00e0 l&#039;expression personnelle et \u00e0 la confiance en soi.\" \/>\n<meta name=\"robots\" content=\"index, follow, max-snippet:-1, max-image-preview:large, max-video-preview:-1\" \/>\n<link rel=\"canonical\" href=\"https:\/\/vpdanses.fr\/home\/bienvenue-chez-vp-danses-hazebrouck\/cours-particuliers-vp-danses\/\" \/>\n<meta property=\"og:locale\" content=\"fr_FR\" \/>\n<meta property=\"og:type\" content=\"article\" \/>\n<meta property=\"og:title\" content=\"Cours Particuliers (old)\" \/>\n<meta property=\"og:description\" content=\"Virginie et Philippe proposent des Cours Particuliers \u00e0 domicile des Clients ou dans une salle mise \u00e0 disposition. Cette formule permet aux Clients de progresser \u00e0 leur rythme et de se concentrer sur leurs besoins sp\u00e9cifiques. Cela favorise un apprentissage plus efficace, car nous pouvons adapter les le\u00e7ons en fonction des comp\u00e9tences et des objectifs de chaque \u00e9l\u00e8ve. De plus, nos cours offrent une flexibilit\u00e9 en termes de horaires et de lieux, que ce soit au domicile des Clients ou dans une salle mise \u00e0 disposition. Cela facilite l&#039;int\u00e9gration de la danse dans un emploi du temps charg\u00e9. Enfin, l&#039;ambiance intime des cours particuliers cr\u00e9e un environnement confortable et encourageant, propice \u00e0 l&#039;expression personnelle et \u00e0 la confiance en soi.\" \/>\n<meta property=\"og:url\" content=\"https:\/\/vpdanses.fr\/home\/bienvenue-chez-vp-danses-hazebrouck\/cours-particuliers-vp-danses\/\" \/>\n<meta property=\"og:site_name\" content=\"VP DANSES, cours de Danse Sportive \u00e0 Aire-sur-la-Lys et \u00e0 Saint-Jans-Cappel (Hauts-de-France)\" \/>\n<meta property=\"article:modified_time\" content=\"2025-06-05T04:18:31+00:00\" \/>\n<meta name=\"twitter:card\" content=\"summary_large_image\" \/>\n<meta name=\"twitter:label1\" content=\"Dur\u00e9e de lecture estim\u00e9e\" \/>\n\t<meta name=\"twitter:data1\" content=\"5 minutes\" \/>\n<script type=\"application\/ld+json\" class=\"yoast-schema-graph\">{\"@context\":\"https:\/\/schema.org\",\"@graph\":[{\"@type\":\"WebPage\",\"@id\":\"https:\/\/vpdanses.fr\/home\/bienvenue-chez-vp-danses-hazebrouck\/cours-particuliers-vp-danses\/\",\"url\":\"https:\/\/vpdanses.fr\/home\/bienvenue-chez-vp-danses-hazebrouck\/cours-particuliers-vp-danses\/\",\"name\":\"Cours Particuliers (old) - VP DANSES, cours de Danse Sportive \u00e0 Aire-sur-la-Lys et \u00e0 Saint-Jans-Cappel (Hauts-de-France)\",\"isPartOf\":{\"@id\":\"https:\/\/vpdanses.fr\/home\/bienvenue-chez-vp-danses-hazebrouck\/#website\"},\"datePublished\":\"2025-03-01T20:04:38+00:00\",\"dateModified\":\"2025-06-05T04:18:31+00:00\",\"description\":\"Virginie et Philippe proposent des Cours Particuliers \u00e0 domicile des Clients ou dans une salle mise \u00e0 disposition. Cette formule permet aux Clients de progresser \u00e0 leur rythme et de se concentrer sur leurs besoins sp\u00e9cifiques. Cela favorise un apprentissage plus efficace, car nous pouvons adapter les le\u00e7ons en fonction des comp\u00e9tences et des objectifs de chaque \u00e9l\u00e8ve. De plus, nos cours offrent une flexibilit\u00e9 en termes de horaires et de lieux, que ce soit au domicile des Clients ou dans une salle mise \u00e0 disposition. Cela facilite l'int\u00e9gration de la danse dans un emploi du temps charg\u00e9. Enfin, l'ambiance intime des cours particuliers cr\u00e9e un environnement confortable et encourageant, propice \u00e0 l'expression personnelle et \u00e0 la confiance en soi.\",\"breadcrumb\":{\"@id\":\"https:\/\/vpdanses.fr\/home\/bienvenue-chez-vp-danses-hazebrouck\/cours-particuliers-vp-danses\/#breadcrumb\"},\"inLanguage\":\"fr-FR\",\"potentialAction\":[{\"@type\":\"ReadAction\",\"target\":[\"https:\/\/vpdanses.fr\/home\/bienvenue-chez-vp-danses-hazebrouck\/cours-particuliers-vp-danses\/\"]}]},{\"@type\":\"BreadcrumbList\",\"@id\":\"https:\/\/vpdanses.fr\/home\/bienvenue-chez-vp-danses-hazebrouck\/cours-particuliers-vp-danses\/#breadcrumb\",\"itemListElement\":[{\"@type\":\"ListItem\",\"position\":1,\"name\":\"Accueil\",\"item\":\"https:\/\/vpdanses.fr\/home\/bienvenue-chez-vp-danses-hazebrouck\/\"},{\"@type\":\"ListItem\",\"position\":2,\"name\":\"Cours Particuliers (old)\"}]},{\"@type\":\"WebSite\",\"@id\":\"https:\/\/vpdanses.fr\/home\/bienvenue-chez-vp-danses-hazebrouck\/#website\",\"url\":\"https:\/\/vpdanses.fr\/home\/bienvenue-chez-vp-danses-hazebrouck\/\",\"name\":\"VP DANSES, cours de Danse Sportive \u00e0 Aire-sur-la-Lys et \u00e0 Saint-Jans-Cappel (Hauts-de-France)\",\"description\":\"Cours de Danse Sportive STANDARD (valse anglaise, tango, valse viennoise, slowfox, quickstep), danses sportives LATINES (samba, chacha, rumba, paso doble, jive), danses de bal, danses de salons, danses de loisirs, salsa, rock 4 temps, rock 6 temps, danses en ligne, disco, \u2026 Lieu : Hazebrouck, Aire-sur-la-Lys, Saint-Jans-Cappel et Isbergues (Hauts-de-France) - Cours Particuliers dans les Hauts-de-France - Ouverture de bal de Mariage\",\"publisher\":{\"@id\":\"https:\/\/vpdanses.fr\/home\/bienvenue-chez-vp-danses-hazebrouck\/#organization\"},\"potentialAction\":[{\"@type\":\"SearchAction\",\"target\":{\"@type\":\"EntryPoint\",\"urlTemplate\":\"https:\/\/vpdanses.fr\/home\/bienvenue-chez-vp-danses-hazebrouck\/?s={search_term_string}\"},\"query-input\":{\"@type\":\"PropertyValueSpecification\",\"valueRequired\":true,\"valueName\":\"search_term_string\"}}],\"inLanguage\":\"fr-FR\"},{\"@type\":\"Organization\",\"@id\":\"https:\/\/vpdanses.fr\/home\/bienvenue-chez-vp-danses-hazebrouck\/#organization\",\"name\":\"VP DANSES, cours de Danse Sportive \u00e0 Aire-sur-la-Lys et \u00e0 Saint-Jans-Cappel (Hauts-de-France)\",\"url\":\"https:\/\/vpdanses.fr\/home\/bienvenue-chez-vp-danses-hazebrouck\/\",\"logo\":{\"@type\":\"ImageObject\",\"inLanguage\":\"fr-FR\",\"@id\":\"https:\/\/vpdanses.fr\/home\/bienvenue-chez-vp-danses-hazebrouck\/#\/schema\/logo\/image\/\",\"url\":\"https:\/\/vpdanses.fr\/wp-content\/uploads\/2024\/10\/logo_cadanse_asaintjans.jpeg\",\"contentUrl\":\"https:\/\/vpdanses.fr\/wp-content\/uploads\/2024\/10\/logo_cadanse_asaintjans.jpeg\",\"width\":225,\"height\":225,\"caption\":\"VP DANSES, cours de Danse Sportive \u00e0 Aire-sur-la-Lys et \u00e0 Saint-Jans-Cappel (Hauts-de-France)\"},\"image\":{\"@id\":\"https:\/\/vpdanses.fr\/home\/bienvenue-chez-vp-danses-hazebrouck\/#\/schema\/logo\/image\/\"}}]}<\/script>\n<!-- \/ Yoast SEO Premium plugin. -->","yoast_head_json":{"title":"Cours Particuliers (old) - VP DANSES, cours de Danse Sportive \u00e0 Aire-sur-la-Lys et \u00e0 Saint-Jans-Cappel (Hauts-de-France)","description":"Virginie et Philippe proposent des Cours Particuliers \u00e0 domicile des Clients ou dans une salle mise \u00e0 disposition. Cette formule permet aux Clients de progresser \u00e0 leur rythme et de se concentrer sur leurs besoins sp\u00e9cifiques. Cela favorise un apprentissage plus efficace, car nous pouvons adapter les le\u00e7ons en fonction des comp\u00e9tences et des objectifs de chaque \u00e9l\u00e8ve. De plus, nos cours offrent une flexibilit\u00e9 en termes de horaires et de lieux, que ce soit au domicile des Clients ou dans une salle mise \u00e0 disposition. Cela facilite l'int\u00e9gration de la danse dans un emploi du temps charg\u00e9. Enfin, l'ambiance intime des cours particuliers cr\u00e9e un environnement confortable et encourageant, propice \u00e0 l'expression personnelle et \u00e0 la confiance en soi.","robots":{"index":"index","follow":"follow","max-snippet":"max-snippet:-1","max-image-preview":"max-image-preview:large","max-video-preview":"max-video-preview:-1"},"canonical":"https:\/\/vpdanses.fr\/home\/bienvenue-chez-vp-danses-hazebrouck\/cours-particuliers-vp-danses\/","og_locale":"fr_FR","og_type":"article","og_title":"Cours Particuliers (old)","og_description":"Virginie et Philippe proposent des Cours Particuliers \u00e0 domicile des Clients ou dans une salle mise \u00e0 disposition. Cette formule permet aux Clients de progresser \u00e0 leur rythme et de se concentrer sur leurs besoins sp\u00e9cifiques. Cela favorise un apprentissage plus efficace, car nous pouvons adapter les le\u00e7ons en fonction des comp\u00e9tences et des objectifs de chaque \u00e9l\u00e8ve. De plus, nos cours offrent une flexibilit\u00e9 en termes de horaires et de lieux, que ce soit au domicile des Clients ou dans une salle mise \u00e0 disposition. Cela facilite l'int\u00e9gration de la danse dans un emploi du temps charg\u00e9. Enfin, l'ambiance intime des cours particuliers cr\u00e9e un environnement confortable et encourageant, propice \u00e0 l'expression personnelle et \u00e0 la confiance en soi.","og_url":"https:\/\/vpdanses.fr\/home\/bienvenue-chez-vp-danses-hazebrouck\/cours-particuliers-vp-danses\/","og_site_name":"VP DANSES, cours de Danse Sportive \u00e0 Aire-sur-la-Lys et \u00e0 Saint-Jans-Cappel (Hauts-de-France)","article_modified_time":"2025-06-05T04:18:31+00:00","twitter_card":"summary_large_image","twitter_misc":{"Dur\u00e9e de lecture estim\u00e9e":"5 minutes"},"schema":{"@context":"https:\/\/schema.org","@graph":[{"@type":"WebPage","@id":"https:\/\/vpdanses.fr\/home\/bienvenue-chez-vp-danses-hazebrouck\/cours-particuliers-vp-danses\/","url":"https:\/\/vpdanses.fr\/home\/bienvenue-chez-vp-danses-hazebrouck\/cours-particuliers-vp-danses\/","name":"Cours Particuliers (old) - VP DANSES, cours de Danse Sportive \u00e0 Aire-sur-la-Lys et \u00e0 Saint-Jans-Cappel (Hauts-de-France)","isPartOf":{"@id":"https:\/\/vpdanses.fr\/home\/bienvenue-chez-vp-danses-hazebrouck\/#website"},"datePublished":"2025-03-01T20:04:38+00:00","dateModified":"2025-06-05T04:18:31+00:00","description":"Virginie et Philippe proposent des Cours Particuliers \u00e0 domicile des Clients ou dans une salle mise \u00e0 disposition. Cette formule permet aux Clients de progresser \u00e0 leur rythme et de se concentrer sur leurs besoins sp\u00e9cifiques. Cela favorise un apprentissage plus efficace, car nous pouvons adapter les le\u00e7ons en fonction des comp\u00e9tences et des objectifs de chaque \u00e9l\u00e8ve. De plus, nos cours offrent une flexibilit\u00e9 en termes de horaires et de lieux, que ce soit au domicile des Clients ou dans une salle mise \u00e0 disposition. Cela facilite l'int\u00e9gration de la danse dans un emploi du temps charg\u00e9. Enfin, l'ambiance intime des cours particuliers cr\u00e9e un environnement confortable et encourageant, propice \u00e0 l'expression personnelle et \u00e0 la confiance en soi.","breadcrumb":{"@id":"https:\/\/vpdanses.fr\/home\/bienvenue-chez-vp-danses-hazebrouck\/cours-particuliers-vp-danses\/#breadcrumb"},"inLanguage":"fr-FR","potentialAction":[{"@type":"ReadAction","target":["https:\/\/vpdanses.fr\/home\/bienvenue-chez-vp-danses-hazebrouck\/cours-particuliers-vp-danses\/"]}]},{"@type":"BreadcrumbList","@id":"https:\/\/vpdanses.fr\/home\/bienvenue-chez-vp-danses-hazebrouck\/cours-particuliers-vp-danses\/#breadcrumb","itemListElement":[{"@type":"ListItem","position":1,"name":"Accueil","item":"https:\/\/vpdanses.fr\/home\/bienvenue-chez-vp-danses-hazebrouck\/"},{"@type":"ListItem","position":2,"name":"Cours Particuliers (old)"}]},{"@type":"WebSite","@id":"https:\/\/vpdanses.fr\/home\/bienvenue-chez-vp-danses-hazebrouck\/#website","url":"https:\/\/vpdanses.fr\/home\/bienvenue-chez-vp-danses-hazebrouck\/","name":"VP DANSES, cours de Danse Sportive \u00e0 Aire-sur-la-Lys et \u00e0 Saint-Jans-Cappel (Hauts-de-France)","description":"Cours de Danse Sportive STANDARD (valse anglaise, tango, valse viennoise, slowfox, quickstep), danses sportives LATINES (samba, chacha, rumba, paso doble, jive), danses de bal, danses de salons, danses de loisirs, salsa, rock 4 temps, rock 6 temps, danses en ligne, disco, \u2026 Lieu : Hazebrouck, Aire-sur-la-Lys, Saint-Jans-Cappel et Isbergues (Hauts-de-France) - Cours Particuliers dans les Hauts-de-France - Ouverture de bal de Mariage","publisher":{"@id":"https:\/\/vpdanses.fr\/home\/bienvenue-chez-vp-danses-hazebrouck\/#organization"},"potentialAction":[{"@type":"SearchAction","target":{"@type":"EntryPoint","urlTemplate":"https:\/\/vpdanses.fr\/home\/bienvenue-chez-vp-danses-hazebrouck\/?s={search_term_string}"},"query-input":{"@type":"PropertyValueSpecification","valueRequired":true,"valueName":"search_term_string"}}],"inLanguage":"fr-FR"},{"@type":"Organization","@id":"https:\/\/vpdanses.fr\/home\/bienvenue-chez-vp-danses-hazebrouck\/#organization","name":"VP DANSES, cours de Danse Sportive \u00e0 Aire-sur-la-Lys et \u00e0 Saint-Jans-Cappel (Hauts-de-France)","url":"https:\/\/vpdanses.fr\/home\/bienvenue-chez-vp-danses-hazebrouck\/","logo":{"@type":"ImageObject","inLanguage":"fr-FR","@id":"https:\/\/vpdanses.fr\/home\/bienvenue-chez-vp-danses-hazebrouck\/#\/schema\/logo\/image\/","url":"https:\/\/vpdanses.fr\/wp-content\/uploads\/2024\/10\/logo_cadanse_asaintjans.jpeg","contentUrl":"https:\/\/vpdanses.fr\/wp-content\/uploads\/2024\/10\/logo_cadanse_asaintjans.jpeg","width":225,"height":225,"caption":"VP DANSES, cours de Danse Sportive \u00e0 Aire-sur-la-Lys et \u00e0 Saint-Jans-Cappel (Hauts-de-France)"},"image":{"@id":"https:\/\/vpdanses.fr\/home\/bienvenue-chez-vp-danses-hazebrouck\/#\/schema\/logo\/image\/"}}]}},"uagb_featured_image_src":{"full":false,"thumbnail":false,"medium":false,"medium_large":false,"large":false,"1536x1536":false,"2048x2048":false,"vp_sm":false,"vp_md":false,"vp_lg":false,"vp_xl":false,"vp_sm_popup":false,"vp_md_popup":false,"vp_xl_popup":false,"dance-blog-thumb":false,"dance-event-list":false,"dance-event-single-type1":false,"dance-event-single-type4":false,"dance-event-single-type5":false,"dance-event-list2":false},"uagb_author_info":{"display_name":"VP DANSES","author_link":"https:\/\/vpdanses.fr\/home\/bienvenue-chez-vp-danses-hazebrouck\/author\/adminvp20241018\/"},"uagb_comment_info":0,"uagb_excerpt":"[vc_row full_width=\u00a0\u00bbstretch_row\u00a0\u00bb content_placement=\u00a0\u00bbmiddle\u00a0\u00bb css_animation=\u00a0\u00bbfadeInUp\u00a0\u00bb bg_type=\u00a0\u00bbimage\u00a0\u00bb parallax_style=\u00a0\u00bbvcpb-vz-jquery\u00a0\u00bb enable_overlay=\u00a0\u00bbenable_overlay_value\u00a0\u00bb overlay_color=\u00a0\u00bbrgba(0,0,0,0.75)\u00a0\u00bb css=\u00a0\u00bb.vc_custom_1741019937503{padding-top: 100px !important;padding-bottom: 100px !important;}\u00a0\u00bb row_title=\u00a0\u00bbMON TITRE\u00a0\u00bb][vc_column width=\u00a0\u00bb1\/2&Prime;][\/vc_column][vc_column el_align=\u00a0\u00bbcenter\u00a0\u00bb width=\u00a0\u00bb1\/2&Prime;][vc_column_text css=\u00a0\u00bb\u00a0\u00bb]Vous r\u00eavez de vous initier \u00e0 la danse ou d&rsquo;am\u00e9liorer vos comp\u00e9tences [&hellip;]","jetpack_sharing_enabled":true,"ticketed":false,"_links":{"self":[{"href":"https:\/\/vpdanses.fr\/home\/bienvenue-chez-vp-danses-hazebrouck\/wp-json\/wp\/v2\/pages\/9769","targetHints":{"allow":["GET"]}}],"collection":[{"href":"https:\/\/vpdanses.fr\/home\/bienvenue-chez-vp-danses-hazebrouck\/wp-json\/wp\/v2\/pages"}],"about":[{"href":"https:\/\/vpdanses.fr\/home\/bienvenue-chez-vp-danses-hazebrouck\/wp-json\/wp\/v2\/types\/page"}],"author":[{"embeddable":true,"href":"https:\/\/vpdanses.fr\/home\/bienvenue-chez-vp-danses-hazebrouck\/wp-json\/wp\/v2\/users\/1"}],"replies":[{"embeddable":true,"href":"https:\/\/vpdanses.fr\/home\/bienvenue-chez-vp-danses-hazebrouck\/wp-json\/wp\/v2\/comments?post=9769"}],"version-history":[{"count":90,"href":"https:\/\/vpdanses.fr\/home\/bienvenue-chez-vp-danses-hazebrouck\/wp-json\/wp\/v2\/pages\/9769\/revisions"}],"predecessor-version":[{"id":13450,"href":"https:\/\/vpdanses.fr\/home\/bienvenue-chez-vp-danses-hazebrouck\/wp-json\/wp\/v2\/pages\/9769\/revisions\/13450"}],"wp:attachment":[{"href":"https:\/\/vpdanses.fr\/home\/bienvenue-chez-vp-danses-hazebrouck\/wp-json\/wp\/v2\/media?parent=9769"}],"curies":[{"name":"wp","href":"https:\/\/api.w.org\/{rel}","templated":true}]}}