{"id":10281,"date":"2024-12-02T18:56:47","date_gmt":"2024-12-02T17:56:47","guid":{"rendered":"https:\/\/vpdanses.fr\/home\/bienvenue-chez-vp-danses-hazebrouck\/?post_type=tribe_events&#038;p=10281"},"modified":"2025-05-28T23:35:24","modified_gmt":"2025-05-28T21:35:24","slug":"ffd-championnat-france-danses-latines-standards-solo-dance-2025","status":"publish","type":"tribe_events","link":"https:\/\/vpdanses.fr\/home\/bienvenue-chez-vp-danses-hazebrouck\/evenement\/ffd-championnat-france-danses-latines-standards-solo-dance-2025\/","title":{"rendered":"FFdanse Championnats de France  de Danse Sportive Latines &amp; Standards &#8211; SENIORS 2 (PARIS 13)"},"content":{"rendered":"<div  class=\"tribe-events-schedule tribe-clearfix\" >\n\t<p class=\"tribe-events-schedule__datetime\">\n\t\t<span class=\"tribe-events-schedule__date tribe-events-schedule__date--start\">\n\t\t\t17 mai 2025\t\t<\/span>\n\n\t\t\t\t\t<span class=\"tribe-events-schedule__separator tribe-events-schedule__separator--date\">\n\t\t\t\t &gt; \t\t\t<\/span>\n\t\t\t<span class=\"tribe-events-schedule__time tribe-events-schedule__time--start\">\n\t\t\t\t8h00\t\t\t<\/span>\n\t\t\n\t\t\t\t\t\t\t\t\t<span class=\"tribe-events-schedule__separator tribe-events-schedule__separator--time\">\n\t\t\t\t\t &#8211; \t\t\t\t<\/span>\n\t\t\t\n\t\t\t\t\t\t\t<span class=\"tribe-events-schedule__time tribe-events-schedule__time--end\">\n\t\t\t\t\t21h00\t\t\t\t<\/span>\n\t\t\t\n\t\t\t\t\t\t<\/p>\n<\/div>\n\n\n<div class=\"tribe-events-event-image\"><noscript><img loading=\"lazy\" decoding=\"async\" width=\"1170\" height=\"610\" data-skip-lazy src=\"https:\/\/vpdanses.fr\/wp-content\/uploads\/2024\/12\/2025-05-17.FFD_.Affiche_championnat_France.jpg\" class=\"attachment-full size-full wp-post-image\" alt=\"Championnat de France Latines &amp; Standards, organis\u00e9 par PARIS DANCESPORT, sous l&#039;\u00e9gide de la F\u00e9d\u00e9ration Fran\u00e7aise de Danses (FFD)\" srcset=\"https:\/\/vpdanses.fr\/wp-content\/uploads\/2024\/12\/2025-05-17.FFD_.Affiche_championnat_France.jpg 1170w, https:\/\/vpdanses.fr\/wp-content\/uploads\/2024\/12\/2025-05-17.FFD_.Affiche_championnat_France-300x156.jpg 300w, https:\/\/vpdanses.fr\/wp-content\/uploads\/2024\/12\/2025-05-17.FFD_.Affiche_championnat_France-1024x534.jpg 1024w, https:\/\/vpdanses.fr\/wp-content\/uploads\/2024\/12\/2025-05-17.FFD_.Affiche_championnat_France-768x400.jpg 768w, https:\/\/vpdanses.fr\/wp-content\/uploads\/2024\/12\/2025-05-17.FFD_.Affiche_championnat_France-500x261.jpg 500w, https:\/\/vpdanses.fr\/wp-content\/uploads\/2024\/12\/2025-05-17.FFD_.Affiche_championnat_France-800x417.jpg 800w, https:\/\/vpdanses.fr\/wp-content\/uploads\/2024\/12\/2025-05-17.FFD_.Affiche_championnat_France-600x313.jpg 600w\" sizes=\"auto, (max-width: 1170px) 100vw, 1170px\" \/><\/noscript><img fetchpriority=\"high\" decoding=\"async\" width=\"1170\" height=\"610\" src=\"https:\/\/vpdanses.fr\/wp-content\/uploads\/2024\/12\/2025-05-17.FFD_.Affiche_championnat_France.jpg\" class=\"attachment-full size-full wp-post-image vp-lazyload\" alt=\"Championnat de France Latines &amp; Standards, organis\u00e9 par PARIS DANCESPORT, sous l&#039;\u00e9gide de la F\u00e9d\u00e9ration Fran\u00e7aise de Danses (FFD)\" srcset=\"data:image\/svg+xml;base64,PHN2ZyB3aWR0aD0iMTE3MCIgaGVpZ2h0PSI2MTAiIHZpZXdCb3g9IjAgMCAxMTcwIDYxMCIgZmlsbD0ibm9uZSIgeG1sbnM9Imh0dHA6Ly93d3cudzMub3JnLzIwMDAvc3ZnIj48L3N2Zz4=\" data-src=\"https:\/\/vpdanses.fr\/wp-content\/uploads\/2024\/12\/2025-05-17.FFD_.Affiche_championnat_France.jpg\" data-srcset=\"https:\/\/vpdanses.fr\/wp-content\/uploads\/2024\/12\/2025-05-17.FFD_.Affiche_championnat_France.jpg 1170w, https:\/\/vpdanses.fr\/wp-content\/uploads\/2024\/12\/2025-05-17.FFD_.Affiche_championnat_France-300x156.jpg 300w, https:\/\/vpdanses.fr\/wp-content\/uploads\/2024\/12\/2025-05-17.FFD_.Affiche_championnat_France-1024x534.jpg 1024w, https:\/\/vpdanses.fr\/wp-content\/uploads\/2024\/12\/2025-05-17.FFD_.Affiche_championnat_France-768x400.jpg 768w, https:\/\/vpdanses.fr\/wp-content\/uploads\/2024\/12\/2025-05-17.FFD_.Affiche_championnat_France-500x261.jpg 500w, https:\/\/vpdanses.fr\/wp-content\/uploads\/2024\/12\/2025-05-17.FFD_.Affiche_championnat_France-800x417.jpg 800w, https:\/\/vpdanses.fr\/wp-content\/uploads\/2024\/12\/2025-05-17.FFD_.Affiche_championnat_France-600x313.jpg 600w\" data-sizes=\"auto\" loading=\"eager\"><\/div>\n\n\n<div style=\"height:35px\" aria-hidden=\"true\" class=\"wp-block-spacer\"><\/div>\n\n\n\n<p>Les 17 et 18 mai 2025, PARIS Dancesport organisera le CHAMPIONNAT DE FRANCE de danses Latines et Standards et Solo dance, sous l&rsquo;\u00e9gide de la F\u00e9d\u00e9ration Fran\u00e7aise de Danses (FFD)<\/p>\n\n\n\n<p>VP DANSES Hazebrouck participera \u00e0 cet \u00e9v\u00e8nement dans la Cat\u00e9gorie Senior 2 Latines.<\/p>\n\n\n\n<div style=\"height:44px\" aria-hidden=\"true\" class=\"wp-block-spacer\"><\/div>\n\n\n\n<h2 class=\"wp-block-heading\">Circulaire FFDanse des Championnats de France 2025 Latines &amp; Standards<\/h2>\n\n\n\n<p>Cliquez <strong><a href=\"https:\/\/vpdanses.fr\/wp-content\/uploads\/2025\/05\/2025-05-17.FFD_.25-028-circulaire-championnat-de-france-2025.pdf\" target=\"_blank\" rel=\"noreferrer noopener\">ici<\/a><\/strong> pour consulter le <strong><a href=\"https:\/\/vpdanses.fr\/wp-content\/uploads\/2025\/05\/2025-05-17.FFD_.25-028-circulaire-championnat-de-france-2025.pdf\" target=\"_blank\" rel=\"noreferrer noopener\">Circulaire des Championnats de France Latines &amp; Standards<\/a><\/strong>.<\/p>\n\n\n\n<div style=\"height:44px\" aria-hidden=\"true\" class=\"wp-block-spacer\"><\/div>\n\n\n\n<h2 class=\"wp-block-heading\">Timing du samedi 17\/05\/2025 (SENIORS 2 LATINES)<\/h2>\n\n\n\n<p>Cliquez <strong><a href=\"https:\/\/vpdanses.fr\/wp-content\/uploads\/2025\/05\/timing-samedi-chpt-fce-2025.pdf\" target=\"_blank\" rel=\"noreferrer noopener\">ici<\/a><\/strong> pour consulter les <strong><a href=\"https:\/\/vpdanses.fr\/wp-content\/uploads\/2025\/05\/timing-samedi-chpt-fce-2025.pdf\" target=\"_blank\" rel=\"noreferrer noopener\">horaires de passage de la cat\u00e9gorie SENIORS 2<\/a><\/strong>.<\/p>\n\n\n\n<div style=\"height:44px\" aria-hidden=\"true\" class=\"wp-block-spacer\"><\/div>\n\n\n\n<h2 class=\"wp-block-heading\">Liste des couples QUALIFIES pour les CHAMPIONNATs DE France FFdanse LATINES &amp; STANDARDS 2025<\/h2>\n\n\n\n<p>Cliquez <strong><a href=\"https:\/\/vpdanses.fr\/wp-content\/uploads\/2025\/05\/qualifies-championnat-de-france-2025-couples-342562-FFdanse.pdf.pdf\" target=\"_blank\" rel=\"noreferrer noopener\">ici<\/a><\/strong> pour consulter la liste de tous <strong><a href=\"https:\/\/vpdanses.fr\/wp-content\/uploads\/2025\/05\/qualifies-championnat-de-france-2025-couples-342562-FFdanse.pdf.pdf\" target=\"_blank\" rel=\"noreferrer noopener\">les couples SENIORS 2 qualifi\u00e9s pour les Championnats de France FFDanse 2025<\/a><\/strong>.<\/p>\n\n\n\n<div style=\"height:44px\" aria-hidden=\"true\" class=\"wp-block-spacer\"><\/div>\n\n\n\n<h2 class=\"wp-block-heading\">PARIS DANCESPORT<\/h2>\n\n\n\n<div class=\"wp-block-media-text is-stacked-on-mobile\"><figure class=\"wp-block-media-text__media\"><noscript><img loading=\"lazy\" decoding=\"async\" width=\"1024\" height=\"597\" data-skip-lazy src=\"https:\/\/vpdanses.fr\/wp-content\/uploads\/2024\/12\/Capture-decran-2025-03-24-a-17.42.42-1024x597.png\" alt=\"Site internet de PARIS DANCESPORT, organisateur du Championnat de France les 17 et 18 Mai 2025, sous l'\u00e9gide de la FFDanses\" class=\"wp-image-12361 size-full\" srcset=\"https:\/\/vpdanses.fr\/wp-content\/uploads\/2024\/12\/Capture-decran-2025-03-24-a-17.42.42-1024x597.png 1024w, https:\/\/vpdanses.fr\/wp-content\/uploads\/2024\/12\/Capture-decran-2025-03-24-a-17.42.42-300x175.png 300w, https:\/\/vpdanses.fr\/wp-content\/uploads\/2024\/12\/Capture-decran-2025-03-24-a-17.42.42-768x448.png 768w, https:\/\/vpdanses.fr\/wp-content\/uploads\/2024\/12\/Capture-decran-2025-03-24-a-17.42.42-1536x896.png 1536w, https:\/\/vpdanses.fr\/wp-content\/uploads\/2024\/12\/Capture-decran-2025-03-24-a-17.42.42-2048x1194.png 2048w, https:\/\/vpdanses.fr\/wp-content\/uploads\/2024\/12\/Capture-decran-2025-03-24-a-17.42.42-500x292.png 500w, https:\/\/vpdanses.fr\/wp-content\/uploads\/2024\/12\/Capture-decran-2025-03-24-a-17.42.42-800x467.png 800w, https:\/\/vpdanses.fr\/wp-content\/uploads\/2024\/12\/Capture-decran-2025-03-24-a-17.42.42-1280x746.png 1280w, https:\/\/vpdanses.fr\/wp-content\/uploads\/2024\/12\/Capture-decran-2025-03-24-a-17.42.42-1920x1120.png 1920w, https:\/\/vpdanses.fr\/wp-content\/uploads\/2024\/12\/Capture-decran-2025-03-24-a-17.42.42-600x350.png 600w\" sizes=\"auto, (max-width: 1024px) 100vw, 1024px\" \/><\/noscript><img loading=\"eager\" decoding=\"async\" width=\"1024\" height=\"597\" src=\"https:\/\/vpdanses.fr\/wp-content\/uploads\/2024\/12\/Capture-decran-2025-03-24-a-17.42.42-1024x597.png\" alt=\"Site internet de PARIS DANCESPORT, organisateur du Championnat de France les 17 et 18 Mai 2025, sous l&#039;\u00e9gide de la FFDanses\" class=\"wp-image-12361 size-full vp-lazyload\" srcset=\"data:image\/svg+xml;base64,PHN2ZyB3aWR0aD0iMTAyNCIgaGVpZ2h0PSI1OTciIHZpZXdCb3g9IjAgMCAxMDI0IDU5NyIgZmlsbD0ibm9uZSIgeG1sbnM9Imh0dHA6Ly93d3cudzMub3JnLzIwMDAvc3ZnIj48L3N2Zz4=\" data-src=\"https:\/\/vpdanses.fr\/wp-content\/uploads\/2024\/12\/Capture-decran-2025-03-24-a-17.42.42-1024x597.png\" data-srcset=\"https:\/\/vpdanses.fr\/wp-content\/uploads\/2024\/12\/Capture-decran-2025-03-24-a-17.42.42-1024x597.png 1024w, https:\/\/vpdanses.fr\/wp-content\/uploads\/2024\/12\/Capture-decran-2025-03-24-a-17.42.42-300x175.png 300w, https:\/\/vpdanses.fr\/wp-content\/uploads\/2024\/12\/Capture-decran-2025-03-24-a-17.42.42-768x448.png 768w, https:\/\/vpdanses.fr\/wp-content\/uploads\/2024\/12\/Capture-decran-2025-03-24-a-17.42.42-1536x896.png 1536w, https:\/\/vpdanses.fr\/wp-content\/uploads\/2024\/12\/Capture-decran-2025-03-24-a-17.42.42-2048x1194.png 2048w, https:\/\/vpdanses.fr\/wp-content\/uploads\/2024\/12\/Capture-decran-2025-03-24-a-17.42.42-500x292.png 500w, https:\/\/vpdanses.fr\/wp-content\/uploads\/2024\/12\/Capture-decran-2025-03-24-a-17.42.42-800x467.png 800w, https:\/\/vpdanses.fr\/wp-content\/uploads\/2024\/12\/Capture-decran-2025-03-24-a-17.42.42-1280x746.png 1280w, https:\/\/vpdanses.fr\/wp-content\/uploads\/2024\/12\/Capture-decran-2025-03-24-a-17.42.42-1920x1120.png 1920w, https:\/\/vpdanses.fr\/wp-content\/uploads\/2024\/12\/Capture-decran-2025-03-24-a-17.42.42-600x350.png 600w\" data-sizes=\"auto\"><\/figure><div class=\"wp-block-media-text__content\">\n<p>Lien du site internet de PARIS DANCESPORT : https:\/\/parisdancesport.fr\/championnat-de-france-latines-standards\/<\/p>\n\n\n\n<p><\/p>\n<\/div><\/div>\n\n\n\n<div style=\"height:44px\" aria-hidden=\"true\" class=\"wp-block-spacer\"><\/div>\n\n\n\n<h2 class=\"wp-block-heading\">Informations FFD<\/h2>\n\n\n\n<figure class=\"wp-block-image size-large\"><noscript><img loading=\"lazy\" decoding=\"async\" width=\"1024\" height=\"622\" data-skip-lazy src=\"https:\/\/vpdanses.fr\/wp-content\/uploads\/2024\/12\/Capture-decran-2025-03-24-a-17.47.41-1024x622.png\" alt=\"Page internet de la F\u00e9d\u00e9ration Fran\u00e7aise de Danses (FFD), Championnat de France Latines &amp; Standards et Solo dance, les 17 et 18 Mai 2025\" class=\"wp-image-12362\" srcset=\"https:\/\/vpdanses.fr\/wp-content\/uploads\/2024\/12\/Capture-decran-2025-03-24-a-17.47.41-1024x622.png 1024w, https:\/\/vpdanses.fr\/wp-content\/uploads\/2024\/12\/Capture-decran-2025-03-24-a-17.47.41-300x182.png 300w, https:\/\/vpdanses.fr\/wp-content\/uploads\/2024\/12\/Capture-decran-2025-03-24-a-17.47.41-768x466.png 768w, https:\/\/vpdanses.fr\/wp-content\/uploads\/2024\/12\/Capture-decran-2025-03-24-a-17.47.41-1536x933.png 1536w, https:\/\/vpdanses.fr\/wp-content\/uploads\/2024\/12\/Capture-decran-2025-03-24-a-17.47.41-2048x1244.png 2048w, https:\/\/vpdanses.fr\/wp-content\/uploads\/2024\/12\/Capture-decran-2025-03-24-a-17.47.41-500x304.png 500w, https:\/\/vpdanses.fr\/wp-content\/uploads\/2024\/12\/Capture-decran-2025-03-24-a-17.47.41-800x486.png 800w, https:\/\/vpdanses.fr\/wp-content\/uploads\/2024\/12\/Capture-decran-2025-03-24-a-17.47.41-1280x777.png 1280w, https:\/\/vpdanses.fr\/wp-content\/uploads\/2024\/12\/Capture-decran-2025-03-24-a-17.47.41-1920x1166.png 1920w, https:\/\/vpdanses.fr\/wp-content\/uploads\/2024\/12\/Capture-decran-2025-03-24-a-17.47.41-600x364.png 600w\" sizes=\"auto, (max-width: 1024px) 100vw, 1024px\" \/><\/noscript><img loading=\"eager\" decoding=\"async\" width=\"1024\" height=\"622\" src=\"https:\/\/vpdanses.fr\/wp-content\/uploads\/2024\/12\/Capture-decran-2025-03-24-a-17.47.41-1024x622.png\" alt=\"Page internet de la F\u00e9d\u00e9ration Fran\u00e7aise de Danses (FFD), Championnat de France Latines &amp; Standards et Solo dance, les 17 et 18 Mai 2025\" class=\"wp-image-12362 vp-lazyload\" srcset=\"data:image\/svg+xml;base64,PHN2ZyB3aWR0aD0iMTAyNCIgaGVpZ2h0PSI2MjIiIHZpZXdCb3g9IjAgMCAxMDI0IDYyMiIgZmlsbD0ibm9uZSIgeG1sbnM9Imh0dHA6Ly93d3cudzMub3JnLzIwMDAvc3ZnIj48L3N2Zz4=\" data-src=\"https:\/\/vpdanses.fr\/wp-content\/uploads\/2024\/12\/Capture-decran-2025-03-24-a-17.47.41-1024x622.png\" data-srcset=\"https:\/\/vpdanses.fr\/wp-content\/uploads\/2024\/12\/Capture-decran-2025-03-24-a-17.47.41-1024x622.png 1024w, https:\/\/vpdanses.fr\/wp-content\/uploads\/2024\/12\/Capture-decran-2025-03-24-a-17.47.41-300x182.png 300w, https:\/\/vpdanses.fr\/wp-content\/uploads\/2024\/12\/Capture-decran-2025-03-24-a-17.47.41-768x466.png 768w, https:\/\/vpdanses.fr\/wp-content\/uploads\/2024\/12\/Capture-decran-2025-03-24-a-17.47.41-1536x933.png 1536w, https:\/\/vpdanses.fr\/wp-content\/uploads\/2024\/12\/Capture-decran-2025-03-24-a-17.47.41-2048x1244.png 2048w, https:\/\/vpdanses.fr\/wp-content\/uploads\/2024\/12\/Capture-decran-2025-03-24-a-17.47.41-500x304.png 500w, https:\/\/vpdanses.fr\/wp-content\/uploads\/2024\/12\/Capture-decran-2025-03-24-a-17.47.41-800x486.png 800w, https:\/\/vpdanses.fr\/wp-content\/uploads\/2024\/12\/Capture-decran-2025-03-24-a-17.47.41-1280x777.png 1280w, https:\/\/vpdanses.fr\/wp-content\/uploads\/2024\/12\/Capture-decran-2025-03-24-a-17.47.41-1920x1166.png 1920w, https:\/\/vpdanses.fr\/wp-content\/uploads\/2024\/12\/Capture-decran-2025-03-24-a-17.47.41-600x364.png 600w\" data-sizes=\"auto\"><\/figure>\n\n\n<div  class=\"tribe-block tribe-block__organizer__details tribe-clearfix\" >\n\t<div class=\"tribe-block__organizer__title\">\n\t\t<h3><a href=\"https:\/\/vpdanses.fr\/home\/bienvenue-chez-vp-danses-hazebrouck\/organisateur\/\" title=\"PARIS Dancesport\" target=\"_self\" rel=\"\">PARIS Dancesport<\/a><\/h3>\n\t<\/div>\n\t\t\t\t<p class=\"tribe-block__organizer__website\"><a href=\"http:\/\/parisdancesport.fr\" target=\"_self\" rel=\"external\">Voir le site Organisateur<\/a><\/p>\n\t\t\t\t<p class=\"tribe-block__organizer__email\">&#112;ar&#105;s&#100;a&#110;&#099;e&#115;&#112;or&#116;&#064;&#103;mail&#046;co&#109;<\/p>\n\t<\/div>\n\n\n<div  class=\"tribe-block tribe-block__venue tribe-clearfix tribe-block__venue--has-map\" >\n\t\n\t\n<div class=\"tribe-block__venue__meta\">\n\t<div class=\"tribe-block__venue__name\">\n\t\t<h3><a href=\"https:\/\/vpdanses.fr\/home\/bienvenue-chez-vp-danses-hazebrouck\/lieu\/\" title=\"81 boulevard Mass\u00e9na Halle Carpentier 75013 PARIS\">81 boulevard Mass\u00e9na Halle Carpentier 75013 PARIS<\/a><\/h3>\n\t<\/div>\n\n\t\n\t\t\t\t\t\t<address class=\"tribe-block__venue__address\">\n\t\t\t\t<span class=\"tribe-address\">\n\n<span class=\"tribe-street-address\">81 boulevard Mass\u00e9na Halle Carpentier<\/span>\n\t\n\t\t<br>\n\t\t<span class=\"tribe-locality\">PARIS<\/span><span class=\"tribe-delimiter\">,<\/span>\n\n\n\t<span class=\"tribe-postal-code\">75013<\/span>\n\n\t<span class=\"tribe-country-name\">France<\/span>\n\n<\/span>\n\n\t\t\t\t\t\t\t\t\t<a class=\"tribe-events-gmap\" href=\"https:\/\/maps.google.com\/maps?f=q&#038;source=s_q&#038;hl=en&#038;geocode=&#038;q=81+boulevard+Mass%C3%A9na+Halle+Carpentier+PARIS+75013+France\" title=\"Cliquez pour voir une carte Google Map\" target=\"_blank\" rel=\"noreferrer noopener\">+ Google Map<\/a>\t\t\t\t\t\t\t<\/address>\n\t\t\n\t\t\n\t\t\t\n\t<\/div>\n\t\n<div class=\"tribe-block__venue__map\">\n\t\n<iframe loading=\"lazy\"\n  title=\"L\u2018iframe Google maps affichant l\u2019adresse \u00e0 81 boulevard Mass\u00e9na Halle Carpentier 75013 PARIS\"\n  aria-label=\"Plan des lieux\"\n  width=\"310px\"\n  height=\"256px\"\n  frameborder=\"0\" style=\"border:0\"\n  src=\"https:\/\/www.google.com\/maps\/embed\/v1\/place?key=AIzaSyDNsicAsP6-VuGtAb1O9riI3oc_NOb7IOU&#038;q=81+boulevard+Mass%C3%A9na+Halle+Carpentier+PARIS+75013+France+&#038;zoom=11\" allowfullscreen>\n<\/iframe>\n<\/div>\n\n\t<\/div>\n\n\n<div  class=\"tribe-block tribe-block__event-website\" >\n\t<a\n\t\thref=\"https:\/\/www.facebook.com\/photo?fbid=443479552149408&#038;set=a.138694002627966\"\n\t\ttarget=\"_self\"\n\t\t\t>\n\t\tPlus d&#039;informations\t<\/a>\n<\/div>\n\n\n\t<div  class=\"tribe-block tribe-block__events-link\" >\n\t\t<div class=\"tribe-events tribe-common\">\n\t\t\t<div class=\"tribe-events-c-subscribe-dropdown__container\">\n\t\t\t\t<div class=\"tribe-events-c-subscribe-dropdown\">\n\t\t\t\t\t<div class=\"tribe-common-c-btn-border tribe-events-c-subscribe-dropdown__button\">\n\t\t\t\t\t\t<svg\n\t class=\"tribe-common-c-svgicon tribe-common-c-svgicon--cal-export tribe-events-c-subscribe-dropdown__export-icon\" \taria-hidden=\"true\"\n\tviewBox=\"0 0 23 17\"\n\txmlns=\"http:\/\/www.w3.org\/2000\/svg\"\n>\n\t<path fill-rule=\"evenodd\" clip-rule=\"evenodd\" d=\"M.128.896V16.13c0 .211.145.383.323.383h15.354c.179 0 .323-.172.323-.383V.896c0-.212-.144-.383-.323-.383H.451C.273.513.128.684.128.896Zm16 6.742h-.901V4.679H1.009v10.729h14.218v-3.336h.901V7.638ZM1.01 1.614h14.218v2.058H1.009V1.614Z\" \/>\n\t<path d=\"M20.5 9.846H8.312M18.524 6.953l2.89 2.909-2.855 2.855\" stroke-width=\"1.2\" stroke-linecap=\"round\" stroke-linejoin=\"round\"\/>\n<\/svg>\n\t\t\t\t\t\t<button\n\t\t\t\t\t\t\tclass=\"tribe-events-c-subscribe-dropdown__button-text\"\n\t\t\t\t\t\t\taria-expanded=\"false\"\n\t\t\t\t\t\t\taria-controls=\"tribe-events-subscribe-dropdown-content\"\n\t\t\t\t\t\t\taria-label=\"Afficher les liens permettant d\u2019ajouter des \u00e9v\u00e8nements \u00e0 votre calendrier\"\n\t\t\t\t\t\t>\n\t\t\t\t\t\t\tAjouter au calendrier\t\t\t\t\t\t<\/button>\n\t\t\t\t\t\t<svg\n\t class=\"tribe-common-c-svgicon tribe-common-c-svgicon--caret-down tribe-events-c-subscribe-dropdown__button-icon\" \taria-hidden=\"true\"\n\tviewBox=\"0 0 10 7\"\n\txmlns=\"http:\/\/www.w3.org\/2000\/svg\"\n>\n\t<path fill-rule=\"evenodd\" clip-rule=\"evenodd\" d=\"M1.008.609L5 4.6 8.992.61l.958.958L5 6.517.05 1.566l.958-.958z\" class=\"tribe-common-c-svgicon__svg-fill\"\/>\n<\/svg>\n\t\t\t\t\t<\/div>\n\t\t\t\t\t<div id=\"tribe-events-subscribe-dropdown-content\" class=\"tribe-events-c-subscribe-dropdown__content\">\n\t\t\t\t\t\t<ul class=\"tribe-events-c-subscribe-dropdown__list\">\n\t\t\t\t\t\t\t\t\t\t\t\t\t\t\t<li class=\"tribe-events-c-subscribe-dropdown__list-item tribe-events-c-subscribe-dropdown__list-item--gcal\">\n\t\t\t\t\t\t\t\t\t<a\n\t\t\t\t\t\t\t\t\t\thref=\"https:\/\/www.google.com\/calendar\/event?action=TEMPLATE&#038;dates=20250517T080000\/20250517T210000&#038;text=FFdanse%20Championnats%20de%20France%20%20de%20Danse%20Sportive%20Latines%20%26amp%3B%20Standards%20%26%238211%3B%20SENIORS%202%20%28PARIS%2013%29&#038;details=%3Cdiv+style%3D%22height%3A35px%22+aria-hidden%3D%22true%22+class%3D%22wp-block-spacer%22%3E%3C%2Fdiv%3E%3Cp%3ELes+17+et+18+mai+2025%2C+PARIS+Dancesport+organisera+le+CHAMPIONNAT+DE+FRANCE+de+danses+Latines+et+Standards+et+Solo+dance%2C+sous+l%27%C3%A9gide+de+la+F%C3%A9d%C3%A9ration+Fran%C3%A7aise+de+Danses+%28FFD%29%3C%2Fp%3E+%3Cp%3EVP+DANSES+Hazebrouck+participera+%C3%A0+cet+%C3%A9v%C3%A8nement+dans+la+Cat%C3%A9gorie+Senior+2+Latines.%3C%2Fp%3E+%3Cdiv+style%3D%22height%3A44px%22+aria-hidden%3D%22true%22+class%3D%22wp-block-spacer%22%3E%3C%2Fdiv%3E%3Ch2+class%3D%22wp-block-heading%22%3ECirculaire+FFDanse+des+Championnats+de+France+2025+Latines+%26amp%3B+Standards%3C%2Fh2%3E%3Cp%3ECliquez+%3Cstrong%3E%3Ca+href%3D%22https%3A%2F%2Fvpdanses.fr%2Fwp-content%2Fuploads%2F2025%2F05%2F2025-05-17.FFD_.25-028-circulaire-championnat-de-france-2025.pdf%22+target%3D%22_blank%22+rel%3D%22noreferrer+noopener%22%3Eici%3C%2Fa%3E%3C%2Fstrong%3E+pour+consulter+le+%3Cstrong%3E%3Ca+href%3D%22https%3A%2F%2Fvpdanses.fr%2Fwp-content%2Fuploads%2F2025%2F05%2F2025-05-17.FFD_.25-028-circulaire-championnat-de-france-2025.pdf%22+target%3D%22_blank%22+rel%3D%22noreferrer+noopener%22%3ECirculaire+des+Championnats+de+France+La%3C%2Fa%3E%3C%2Fstrong%3E%3C%2Fp%3E%28Voir+toute+la+description+de+%C3%A9v%C3%A8nement+ici%C2%A0%3A+https%3A%2F%2Fvpdanses.fr%2Fhome%2Fbienvenue-chez-vp-danses-hazebrouck%2Fevenement%2Fffd-championnat-france-danses-latines-standards-solo-dance-2025%2F%29&#038;location=81%20boulevard%20Mass\u00e9na%20Halle%20Carpentier%2075013%20PARIS,%2081%20boulevard%20Mass\u00e9na%20Halle%20Carpentier,%20PARIS,%2075013,%20France&#038;trp=false&#038;ctz=Europe\/Paris&#038;sprop=website:https:\/\/vpdanses.fr\/home\/bienvenue-chez-vp-danses-hazebrouck\"\n\t\t\t\t\t\t\t\t\t\tclass=\"tribe-events-c-subscribe-dropdown__list-item-link\"\n\t\t\t\t\t\t\t\t\t\ttarget=\"_blank\"\n\t\t\t\t\t\t\t\t\t\trel=\"noopener noreferrer nofollow noindex\"\n\t\t\t\t\t\t\t\t\t>\n\t\t\t\t\t\t\t\t\t\tGoogle Agenda\t\t\t\t\t\t\t\t\t<\/a>\n\t\t\t\t\t\t\t\t<\/li>\n\t\t\t\t\t\t\t\t\t\t\t\t\t\t\t<li class=\"tribe-events-c-subscribe-dropdown__list-item tribe-events-c-subscribe-dropdown__list-item--ical\">\n\t\t\t\t\t\t\t\t\t<a\n\t\t\t\t\t\t\t\t\t\thref=\"\"\n\t\t\t\t\t\t\t\t\t\tclass=\"tribe-events-c-subscribe-dropdown__list-item-link\"\n\t\t\t\t\t\t\t\t\t\ttarget=\"_blank\"\n\t\t\t\t\t\t\t\t\t\trel=\"noopener noreferrer nofollow noindex\"\n\t\t\t\t\t\t\t\t\t>\n\t\t\t\t\t\t\t\t\t\tiCalendar\t\t\t\t\t\t\t\t\t<\/a>\n\t\t\t\t\t\t\t\t<\/li>\n\t\t\t\t\t\t\t\t\t\t\t\t\t\t\t<li class=\"tribe-events-c-subscribe-dropdown__list-item tribe-events-c-subscribe-dropdown__list-item--outlook-365\">\n\t\t\t\t\t\t\t\t\t<a\n\t\t\t\t\t\t\t\t\t\thref=\"\"\n\t\t\t\t\t\t\t\t\t\tclass=\"tribe-events-c-subscribe-dropdown__list-item-link\"\n\t\t\t\t\t\t\t\t\t\ttarget=\"_blank\"\n\t\t\t\t\t\t\t\t\t\trel=\"noopener noreferrer nofollow noindex\"\n\t\t\t\t\t\t\t\t\t>\n\t\t\t\t\t\t\t\t\t\tOutlook 365\t\t\t\t\t\t\t\t\t<\/a>\n\t\t\t\t\t\t\t\t<\/li>\n\t\t\t\t\t\t\t\t\t\t\t\t\t\t\t<li class=\"tribe-events-c-subscribe-dropdown__list-item tribe-events-c-subscribe-dropdown__list-item--outlook-live\">\n\t\t\t\t\t\t\t\t\t<a\n\t\t\t\t\t\t\t\t\t\thref=\"\"\n\t\t\t\t\t\t\t\t\t\tclass=\"tribe-events-c-subscribe-dropdown__list-item-link\"\n\t\t\t\t\t\t\t\t\t\ttarget=\"_blank\"\n\t\t\t\t\t\t\t\t\t\trel=\"noopener noreferrer nofollow noindex\"\n\t\t\t\t\t\t\t\t\t>\n\t\t\t\t\t\t\t\t\t\tOutlook Live\t\t\t\t\t\t\t\t\t<\/a>\n\t\t\t\t\t\t\t\t<\/li>\n\t\t\t\t\t\t\t\t\t\t\t\t\t<\/ul>\n\t\t\t\t\t<\/div>\n\t\t\t\t<\/div>\n\t\t\t<\/div>\n\t\t<\/div>\n\t<\/div>\n\n","protected":false},"excerpt":{"rendered":"<p>VP DANSES Hazebrouck participe au CHAMPIONNAT FFD DE FRANCE LATINE \/ STANDARD, Paris 2024<\/p>\n","protected":false},"author":1,"featured_media":12360,"template":"","meta":{"_uag_custom_page_level_css":"","_price":"","_stock":"","_tribe_ticket_header":"","_tribe_default_ticket_provider":"","_tribe_ticket_capacity":"0","_ticket_start_date":"","_ticket_end_date":"","_tribe_ticket_show_description":"","_tribe_ticket_show_not_going":false,"_tribe_ticket_use_global_stock":"","_tribe_ticket_global_stock_level":"","_global_stock_mode":"","_global_stock_cap":"","_tribe_rsvp_for_event":"","_tribe_ticket_going_count":"","_tribe_ticket_not_going_count":"","_tribe_tickets_list":"[]","_tribe_ticket_has_attendee_info_fields":false,"_EventAllDay":false,"_EventTimezone":"Europe\/Paris","_EventStartDate":"2025-05-17 08:00:00","_EventEndDate":"2025-05-17 21:00:00","_EventStartDateUTC":"2025-05-17 06:00:00","_EventEndDateUTC":"2025-05-17 19:00:00","_EventShowMap":false,"_EventShowMapLink":false,"_EventURL":"https:\/\/www.facebook.com\/photo?fbid=443479552149408&set=a.138694002627966","_EventCost":"","_EventCostDescription":"","_EventCurrencySymbol":"\u20ac","_EventCurrencyCode":"EUR","_EventCurrencyPosition":"suffix","_EventDateTimeSeparator":" > ","_EventTimeRangeSeparator":" - ","_EventOrganizerID":[],"_EventVenueID":[10284],"_OrganizerEmail":"","_OrganizerPhone":"","_OrganizerWebsite":"","_VenueAddress":"","_VenueCity":"","_VenueCountry":"","_VenueProvince":"","_VenueState":"","_VenueZip":"","_VenuePhone":"","_VenueURL":"","_VenueStateProvince":"","_VenueLat":"","_VenueLng":"","_VenueShowMap":false,"_VenueShowMapLink":false,"_tribe_events_status":"","_tribe_events_status_reason":"","footnotes":"","_tec_slr_enabled":"","_tec_slr_layout":""},"tags":[213,215],"tribe_events_cat":[206,170,207],"class_list":["post-10281","tribe_events","type-tribe_events","status-publish","has-post-thumbnail","hentry","tag-championnat-de-france","tag-france","tribe_events_cat-competition","tribe_events_cat-danse-sportive","tribe_events_cat-ffd","cat_competition","cat_danse-sportive","cat_ffd"],"yoast_head":"<!-- This site is optimized with the Yoast SEO Premium plugin v25.6 (Yoast SEO v25.6) - https:\/\/yoast.com\/wordpress\/plugins\/seo\/ -->\n<title>FFdanse Championnats de France de Danse Sportive Latines &amp; Standards - SENIORS 2 (PARIS 13) - VP DANSES, cours de Danse Sportive \u00e0 Aire-sur-la-Lys et \u00e0 Saint-Jans-Cappel (Hauts-de-France)<\/title>\n<meta name=\"description\" content=\"Rejoignez-nous les 17-18 mai 2025 pour le Championnat de France de danses Latines et Standards \u00e0 Paris, avec VP DANSES Hazebrouck en Senior II Latines !\" \/>\n<meta name=\"robots\" content=\"index, follow, max-snippet:-1, max-image-preview:large, max-video-preview:-1\" \/>\n<link rel=\"canonical\" href=\"https:\/\/vpdanses.fr\/home\/bienvenue-chez-vp-danses-hazebrouck\/evenement\/ffd-championnat-france-danses-latines-standards-solo-dance-2025\/\" \/>\n<meta property=\"og:locale\" content=\"fr_FR\" \/>\n<meta property=\"og:type\" content=\"article\" \/>\n<meta property=\"og:title\" content=\"Championnat de France de danses Latines et Standards et Solo dance 2025 \u00e0 Paris organis\u00e9 par PARIS Dancesport sous la F\u00e9d\u00e9ration Fran\u00e7aise de Danses (FFD)\" \/>\n<meta property=\"og:description\" content=\"Rejoignez-nous les 17-18 mai 2025 pour le Championnat de France de danses Latines et Standards \u00e0 Paris, avec VP DANSES Hazebrouck en Senior II Latines !\" \/>\n<meta property=\"og:url\" content=\"https:\/\/vpdanses.fr\/home\/bienvenue-chez-vp-danses-hazebrouck\/evenement\/ffd-championnat-france-danses-latines-standards-solo-dance-2025\/\" \/>\n<meta property=\"og:site_name\" content=\"VP DANSES, cours de Danse Sportive \u00e0 Aire-sur-la-Lys et \u00e0 Saint-Jans-Cappel (Hauts-de-France)\" \/>\n<meta property=\"article:modified_time\" content=\"2025-05-28T21:35:24+00:00\" \/>\n<meta property=\"og:image\" content=\"https:\/\/vpdanses.fr\/wp-content\/uploads\/2024\/12\/2025-05-17.FFD_.Affiche_championnat_France.jpg\" \/>\n\t<meta property=\"og:image:width\" content=\"1170\" \/>\n\t<meta property=\"og:image:height\" content=\"610\" \/>\n\t<meta property=\"og:image:type\" content=\"image\/jpeg\" \/>\n<meta name=\"twitter:card\" content=\"summary_large_image\" \/>\n<meta name=\"twitter:title\" content=\"FFdanse Championnats de France de Danse Sportive Latines &amp; Standards - SENIORS 2 (PARIS 13)\" \/>\n<meta name=\"twitter:label1\" content=\"Dur\u00e9e de lecture estim\u00e9e\" \/>\n\t<meta name=\"twitter:data1\" content=\"2 minutes\" \/>\n<script type=\"application\/ld+json\" class=\"yoast-schema-graph\">{\"@context\":\"https:\/\/schema.org\",\"@graph\":[{\"@type\":\"WebPage\",\"@id\":\"https:\/\/vpdanses.fr\/home\/bienvenue-chez-vp-danses-hazebrouck\/evenement\/ffd-championnat-france-danses-latines-standards-solo-dance-2025\/\",\"url\":\"https:\/\/vpdanses.fr\/home\/bienvenue-chez-vp-danses-hazebrouck\/evenement\/ffd-championnat-france-danses-latines-standards-solo-dance-2025\/\",\"name\":\"FFdanse Championnats de France de Danse Sportive Latines &amp; Standards - SENIORS 2 (PARIS 13) - VP DANSES, cours de Danse Sportive \u00e0 Aire-sur-la-Lys et \u00e0 Saint-Jans-Cappel (Hauts-de-France)\",\"isPartOf\":{\"@id\":\"https:\/\/vpdanses.fr\/home\/bienvenue-chez-vp-danses-hazebrouck\/#website\"},\"primaryImageOfPage\":{\"@id\":\"https:\/\/vpdanses.fr\/home\/bienvenue-chez-vp-danses-hazebrouck\/evenement\/ffd-championnat-france-danses-latines-standards-solo-dance-2025\/#primaryimage\"},\"image\":{\"@id\":\"https:\/\/vpdanses.fr\/home\/bienvenue-chez-vp-danses-hazebrouck\/evenement\/ffd-championnat-france-danses-latines-standards-solo-dance-2025\/#primaryimage\"},\"thumbnailUrl\":\"https:\/\/vpdanses.fr\/wp-content\/uploads\/2024\/12\/2025-05-17.FFD_.Affiche_championnat_France.jpg\",\"datePublished\":\"2024-12-02T17:56:47+00:00\",\"dateModified\":\"2025-05-28T21:35:24+00:00\",\"description\":\"Rejoignez-nous les 17-18 mai 2025 pour le Championnat de France de danses Latines et Standards \u00e0 Paris, avec VP DANSES Hazebrouck en Senior II Latines !\",\"breadcrumb\":{\"@id\":\"https:\/\/vpdanses.fr\/home\/bienvenue-chez-vp-danses-hazebrouck\/evenement\/ffd-championnat-france-danses-latines-standards-solo-dance-2025\/#breadcrumb\"},\"inLanguage\":\"fr-FR\",\"potentialAction\":[{\"@type\":\"ReadAction\",\"target\":[\"https:\/\/vpdanses.fr\/home\/bienvenue-chez-vp-danses-hazebrouck\/evenement\/ffd-championnat-france-danses-latines-standards-solo-dance-2025\/\"]}]},{\"@type\":\"ImageObject\",\"inLanguage\":\"fr-FR\",\"@id\":\"https:\/\/vpdanses.fr\/home\/bienvenue-chez-vp-danses-hazebrouck\/evenement\/ffd-championnat-france-danses-latines-standards-solo-dance-2025\/#primaryimage\",\"url\":\"https:\/\/vpdanses.fr\/wp-content\/uploads\/2024\/12\/2025-05-17.FFD_.Affiche_championnat_France.jpg\",\"contentUrl\":\"https:\/\/vpdanses.fr\/wp-content\/uploads\/2024\/12\/2025-05-17.FFD_.Affiche_championnat_France.jpg\",\"width\":1170,\"height\":610,\"caption\":\"Championnat de France Latines & Standards, organis\u00e9 par PARIS DANCESPORT, sous l'\u00e9gide de la F\u00e9d\u00e9ration Fran\u00e7aise de Danses (FFD)\"},{\"@type\":\"BreadcrumbList\",\"@id\":\"https:\/\/vpdanses.fr\/home\/bienvenue-chez-vp-danses-hazebrouck\/evenement\/ffd-championnat-france-danses-latines-standards-solo-dance-2025\/#breadcrumb\",\"itemListElement\":[{\"@type\":\"ListItem\",\"position\":1,\"name\":\"Accueil\",\"item\":\"https:\/\/vpdanses.fr\/home\/bienvenue-chez-vp-danses-hazebrouck\/\"},{\"@type\":\"ListItem\",\"position\":2,\"name\":\"\u00c9v\u00e8nements\",\"item\":\"https:\/\/vpdanses.fr\/home\/bienvenue-chez-vp-danses-hazebrouck\/dates\/\"},{\"@type\":\"ListItem\",\"position\":3,\"name\":\"FFdanse Championnats de France de Danse Sportive Latines &amp; Standards &#8211; SENIORS 2 (PARIS 13)\"}]},{\"@type\":\"WebSite\",\"@id\":\"https:\/\/vpdanses.fr\/home\/bienvenue-chez-vp-danses-hazebrouck\/#website\",\"url\":\"https:\/\/vpdanses.fr\/home\/bienvenue-chez-vp-danses-hazebrouck\/\",\"name\":\"VP DANSES, cours de Danse Sportive \u00e0 Aire-sur-la-Lys et \u00e0 Saint-Jans-Cappel (Hauts-de-France)\",\"description\":\"Cours de Danse Sportive STANDARD (valse anglaise, tango, valse viennoise, slowfox, quickstep), danses sportives LATINES (samba, chacha, rumba, paso doble, jive), danses de bal, danses de salons, danses de loisirs, salsa, rock 4 temps, rock 6 temps, danses en ligne, disco, \u2026 Lieu : Hazebrouck, Aire-sur-la-Lys, Saint-Jans-Cappel et Isbergues (Hauts-de-France) - Cours Particuliers dans les Hauts-de-France - Ouverture de bal de Mariage\",\"publisher\":{\"@id\":\"https:\/\/vpdanses.fr\/home\/bienvenue-chez-vp-danses-hazebrouck\/#organization\"},\"potentialAction\":[{\"@type\":\"SearchAction\",\"target\":{\"@type\":\"EntryPoint\",\"urlTemplate\":\"https:\/\/vpdanses.fr\/home\/bienvenue-chez-vp-danses-hazebrouck\/?s={search_term_string}\"},\"query-input\":{\"@type\":\"PropertyValueSpecification\",\"valueRequired\":true,\"valueName\":\"search_term_string\"}}],\"inLanguage\":\"fr-FR\"},{\"@type\":\"Organization\",\"@id\":\"https:\/\/vpdanses.fr\/home\/bienvenue-chez-vp-danses-hazebrouck\/#organization\",\"name\":\"VP DANSES, cours de Danse Sportive \u00e0 Aire-sur-la-Lys et \u00e0 Saint-Jans-Cappel (Hauts-de-France)\",\"url\":\"https:\/\/vpdanses.fr\/home\/bienvenue-chez-vp-danses-hazebrouck\/\",\"logo\":{\"@type\":\"ImageObject\",\"inLanguage\":\"fr-FR\",\"@id\":\"https:\/\/vpdanses.fr\/home\/bienvenue-chez-vp-danses-hazebrouck\/#\/schema\/logo\/image\/\",\"url\":\"https:\/\/vpdanses.fr\/wp-content\/uploads\/2024\/10\/logo_cadanse_asaintjans.jpeg\",\"contentUrl\":\"https:\/\/vpdanses.fr\/wp-content\/uploads\/2024\/10\/logo_cadanse_asaintjans.jpeg\",\"width\":225,\"height\":225,\"caption\":\"VP DANSES, cours de Danse Sportive \u00e0 Aire-sur-la-Lys et \u00e0 Saint-Jans-Cappel (Hauts-de-France)\"},\"image\":{\"@id\":\"https:\/\/vpdanses.fr\/home\/bienvenue-chez-vp-danses-hazebrouck\/#\/schema\/logo\/image\/\"}}]}<\/script>\n<!-- \/ Yoast SEO Premium plugin. -->","yoast_head_json":{"title":"FFdanse Championnats de France de Danse Sportive Latines &amp; Standards - SENIORS 2 (PARIS 13) - VP DANSES, cours de Danse Sportive \u00e0 Aire-sur-la-Lys et \u00e0 Saint-Jans-Cappel (Hauts-de-France)","description":"Rejoignez-nous les 17-18 mai 2025 pour le Championnat de France de danses Latines et Standards \u00e0 Paris, avec VP DANSES Hazebrouck en Senior II Latines !","robots":{"index":"index","follow":"follow","max-snippet":"max-snippet:-1","max-image-preview":"max-image-preview:large","max-video-preview":"max-video-preview:-1"},"canonical":"https:\/\/vpdanses.fr\/home\/bienvenue-chez-vp-danses-hazebrouck\/evenement\/ffd-championnat-france-danses-latines-standards-solo-dance-2025\/","og_locale":"fr_FR","og_type":"article","og_title":"Championnat de France de danses Latines et Standards et Solo dance 2025 \u00e0 Paris organis\u00e9 par PARIS Dancesport sous la F\u00e9d\u00e9ration Fran\u00e7aise de Danses (FFD)","og_description":"Rejoignez-nous les 17-18 mai 2025 pour le Championnat de France de danses Latines et Standards \u00e0 Paris, avec VP DANSES Hazebrouck en Senior II Latines !","og_url":"https:\/\/vpdanses.fr\/home\/bienvenue-chez-vp-danses-hazebrouck\/evenement\/ffd-championnat-france-danses-latines-standards-solo-dance-2025\/","og_site_name":"VP DANSES, cours de Danse Sportive \u00e0 Aire-sur-la-Lys et \u00e0 Saint-Jans-Cappel (Hauts-de-France)","article_modified_time":"2025-05-28T21:35:24+00:00","og_image":[{"width":1170,"height":610,"url":"https:\/\/vpdanses.fr\/wp-content\/uploads\/2024\/12\/2025-05-17.FFD_.Affiche_championnat_France.jpg","type":"image\/jpeg"}],"twitter_card":"summary_large_image","twitter_title":"FFdanse Championnats de France de Danse Sportive Latines &amp; Standards - SENIORS 2 (PARIS 13)","twitter_misc":{"Dur\u00e9e de lecture estim\u00e9e":"2 minutes"},"schema":{"@context":"https:\/\/schema.org","@graph":[{"@type":"WebPage","@id":"https:\/\/vpdanses.fr\/home\/bienvenue-chez-vp-danses-hazebrouck\/evenement\/ffd-championnat-france-danses-latines-standards-solo-dance-2025\/","url":"https:\/\/vpdanses.fr\/home\/bienvenue-chez-vp-danses-hazebrouck\/evenement\/ffd-championnat-france-danses-latines-standards-solo-dance-2025\/","name":"FFdanse Championnats de France de Danse Sportive Latines &amp; Standards - SENIORS 2 (PARIS 13) - VP DANSES, cours de Danse Sportive \u00e0 Aire-sur-la-Lys et \u00e0 Saint-Jans-Cappel (Hauts-de-France)","isPartOf":{"@id":"https:\/\/vpdanses.fr\/home\/bienvenue-chez-vp-danses-hazebrouck\/#website"},"primaryImageOfPage":{"@id":"https:\/\/vpdanses.fr\/home\/bienvenue-chez-vp-danses-hazebrouck\/evenement\/ffd-championnat-france-danses-latines-standards-solo-dance-2025\/#primaryimage"},"image":{"@id":"https:\/\/vpdanses.fr\/home\/bienvenue-chez-vp-danses-hazebrouck\/evenement\/ffd-championnat-france-danses-latines-standards-solo-dance-2025\/#primaryimage"},"thumbnailUrl":"https:\/\/vpdanses.fr\/wp-content\/uploads\/2024\/12\/2025-05-17.FFD_.Affiche_championnat_France.jpg","datePublished":"2024-12-02T17:56:47+00:00","dateModified":"2025-05-28T21:35:24+00:00","description":"Rejoignez-nous les 17-18 mai 2025 pour le Championnat de France de danses Latines et Standards \u00e0 Paris, avec VP DANSES Hazebrouck en Senior II Latines !","breadcrumb":{"@id":"https:\/\/vpdanses.fr\/home\/bienvenue-chez-vp-danses-hazebrouck\/evenement\/ffd-championnat-france-danses-latines-standards-solo-dance-2025\/#breadcrumb"},"inLanguage":"fr-FR","potentialAction":[{"@type":"ReadAction","target":["https:\/\/vpdanses.fr\/home\/bienvenue-chez-vp-danses-hazebrouck\/evenement\/ffd-championnat-france-danses-latines-standards-solo-dance-2025\/"]}]},{"@type":"ImageObject","inLanguage":"fr-FR","@id":"https:\/\/vpdanses.fr\/home\/bienvenue-chez-vp-danses-hazebrouck\/evenement\/ffd-championnat-france-danses-latines-standards-solo-dance-2025\/#primaryimage","url":"https:\/\/vpdanses.fr\/wp-content\/uploads\/2024\/12\/2025-05-17.FFD_.Affiche_championnat_France.jpg","contentUrl":"https:\/\/vpdanses.fr\/wp-content\/uploads\/2024\/12\/2025-05-17.FFD_.Affiche_championnat_France.jpg","width":1170,"height":610,"caption":"Championnat de France Latines & Standards, organis\u00e9 par PARIS DANCESPORT, sous l'\u00e9gide de la F\u00e9d\u00e9ration Fran\u00e7aise de Danses (FFD)"},{"@type":"BreadcrumbList","@id":"https:\/\/vpdanses.fr\/home\/bienvenue-chez-vp-danses-hazebrouck\/evenement\/ffd-championnat-france-danses-latines-standards-solo-dance-2025\/#breadcrumb","itemListElement":[{"@type":"ListItem","position":1,"name":"Accueil","item":"https:\/\/vpdanses.fr\/home\/bienvenue-chez-vp-danses-hazebrouck\/"},{"@type":"ListItem","position":2,"name":"\u00c9v\u00e8nements","item":"https:\/\/vpdanses.fr\/home\/bienvenue-chez-vp-danses-hazebrouck\/dates\/"},{"@type":"ListItem","position":3,"name":"FFdanse Championnats de France de Danse Sportive Latines &amp; Standards &#8211; SENIORS 2 (PARIS 13)"}]},{"@type":"WebSite","@id":"https:\/\/vpdanses.fr\/home\/bienvenue-chez-vp-danses-hazebrouck\/#website","url":"https:\/\/vpdanses.fr\/home\/bienvenue-chez-vp-danses-hazebrouck\/","name":"VP DANSES, cours de Danse Sportive \u00e0 Aire-sur-la-Lys et \u00e0 Saint-Jans-Cappel (Hauts-de-France)","description":"Cours de Danse Sportive STANDARD (valse anglaise, tango, valse viennoise, slowfox, quickstep), danses sportives LATINES (samba, chacha, rumba, paso doble, jive), danses de bal, danses de salons, danses de loisirs, salsa, rock 4 temps, rock 6 temps, danses en ligne, disco, \u2026 Lieu : Hazebrouck, Aire-sur-la-Lys, Saint-Jans-Cappel et Isbergues (Hauts-de-France) - Cours Particuliers dans les Hauts-de-France - Ouverture de bal de Mariage","publisher":{"@id":"https:\/\/vpdanses.fr\/home\/bienvenue-chez-vp-danses-hazebrouck\/#organization"},"potentialAction":[{"@type":"SearchAction","target":{"@type":"EntryPoint","urlTemplate":"https:\/\/vpdanses.fr\/home\/bienvenue-chez-vp-danses-hazebrouck\/?s={search_term_string}"},"query-input":{"@type":"PropertyValueSpecification","valueRequired":true,"valueName":"search_term_string"}}],"inLanguage":"fr-FR"},{"@type":"Organization","@id":"https:\/\/vpdanses.fr\/home\/bienvenue-chez-vp-danses-hazebrouck\/#organization","name":"VP DANSES, cours de Danse Sportive \u00e0 Aire-sur-la-Lys et \u00e0 Saint-Jans-Cappel (Hauts-de-France)","url":"https:\/\/vpdanses.fr\/home\/bienvenue-chez-vp-danses-hazebrouck\/","logo":{"@type":"ImageObject","inLanguage":"fr-FR","@id":"https:\/\/vpdanses.fr\/home\/bienvenue-chez-vp-danses-hazebrouck\/#\/schema\/logo\/image\/","url":"https:\/\/vpdanses.fr\/wp-content\/uploads\/2024\/10\/logo_cadanse_asaintjans.jpeg","contentUrl":"https:\/\/vpdanses.fr\/wp-content\/uploads\/2024\/10\/logo_cadanse_asaintjans.jpeg","width":225,"height":225,"caption":"VP DANSES, cours de Danse Sportive \u00e0 Aire-sur-la-Lys et \u00e0 Saint-Jans-Cappel (Hauts-de-France)"},"image":{"@id":"https:\/\/vpdanses.fr\/home\/bienvenue-chez-vp-danses-hazebrouck\/#\/schema\/logo\/image\/"}}]}},"uagb_featured_image_src":{"full":["https:\/\/vpdanses.fr\/wp-content\/uploads\/2024\/12\/2025-05-17.FFD_.Affiche_championnat_France.jpg",1170,610,false],"thumbnail":["https:\/\/vpdanses.fr\/wp-content\/uploads\/2024\/12\/2025-05-17.FFD_.Affiche_championnat_France-150x150.jpg",150,150,true],"medium":["https:\/\/vpdanses.fr\/wp-content\/uploads\/2024\/12\/2025-05-17.FFD_.Affiche_championnat_France-300x156.jpg",300,156,true],"medium_large":["https:\/\/vpdanses.fr\/wp-content\/uploads\/2024\/12\/2025-05-17.FFD_.Affiche_championnat_France-768x400.jpg",768,400,true],"large":["https:\/\/vpdanses.fr\/wp-content\/uploads\/2024\/12\/2025-05-17.FFD_.Affiche_championnat_France-1024x534.jpg",1024,534,true],"1536x1536":["https:\/\/vpdanses.fr\/wp-content\/uploads\/2024\/12\/2025-05-17.FFD_.Affiche_championnat_France.jpg",1170,610,false],"2048x2048":["https:\/\/vpdanses.fr\/wp-content\/uploads\/2024\/12\/2025-05-17.FFD_.Affiche_championnat_France.jpg",1170,610,false],"vp_sm":["https:\/\/vpdanses.fr\/wp-content\/uploads\/2024\/12\/2025-05-17.FFD_.Affiche_championnat_France-500x261.jpg",500,261,true],"vp_md":["https:\/\/vpdanses.fr\/wp-content\/uploads\/2024\/12\/2025-05-17.FFD_.Affiche_championnat_France-800x417.jpg",800,417,true],"vp_lg":["https:\/\/vpdanses.fr\/wp-content\/uploads\/2024\/12\/2025-05-17.FFD_.Affiche_championnat_France.jpg",1170,610,false],"vp_xl":["https:\/\/vpdanses.fr\/wp-content\/uploads\/2024\/12\/2025-05-17.FFD_.Affiche_championnat_France.jpg",1170,610,false],"vp_sm_popup":["https:\/\/vpdanses.fr\/wp-content\/uploads\/2024\/12\/2025-05-17.FFD_.Affiche_championnat_France-500x261.jpg",500,261,true],"vp_md_popup":["https:\/\/vpdanses.fr\/wp-content\/uploads\/2024\/12\/2025-05-17.FFD_.Affiche_championnat_France-800x417.jpg",800,417,true],"vp_xl_popup":["https:\/\/vpdanses.fr\/wp-content\/uploads\/2024\/12\/2025-05-17.FFD_.Affiche_championnat_France.jpg",1170,610,false],"dance-blog-thumb":["https:\/\/vpdanses.fr\/wp-content\/uploads\/2024\/12\/2025-05-17.FFD_.Affiche_championnat_France-150x120.jpg",150,120,true],"dance-event-list":["https:\/\/vpdanses.fr\/wp-content\/uploads\/2024\/12\/2025-05-17.FFD_.Affiche_championnat_France-420x336.jpg",420,336,true],"dance-event-single-type1":["https:\/\/vpdanses.fr\/wp-content\/uploads\/2024\/12\/2025-05-17.FFD_.Affiche_championnat_France-773x520.jpg",773,520,true],"dance-event-single-type4":["https:\/\/vpdanses.fr\/wp-content\/uploads\/2024\/12\/2025-05-17.FFD_.Affiche_championnat_France-570x460.jpg",570,460,true],"dance-event-single-type5":["https:\/\/vpdanses.fr\/wp-content\/uploads\/2024\/12\/2025-05-17.FFD_.Affiche_championnat_France-746x610.jpg",746,610,true],"dance-event-list2":["https:\/\/vpdanses.fr\/wp-content\/uploads\/2024\/12\/2025-05-17.FFD_.Affiche_championnat_France-420x275.jpg",420,275,true]},"uagb_author_info":{"display_name":"VP DANSES","author_link":"https:\/\/vpdanses.fr\/home\/bienvenue-chez-vp-danses-hazebrouck\/author\/adminvp20241018\/"},"uagb_comment_info":0,"uagb_excerpt":"VP DANSES Hazebrouck participe au CHAMPIONNAT FFD DE FRANCE LATINE \/ STANDARD, Paris 2024","jetpack_sharing_enabled":true,"ticketed":false,"_links":{"self":[{"href":"https:\/\/vpdanses.fr\/home\/bienvenue-chez-vp-danses-hazebrouck\/wp-json\/wp\/v2\/tribe_events\/10281","targetHints":{"allow":["GET"]}}],"collection":[{"href":"https:\/\/vpdanses.fr\/home\/bienvenue-chez-vp-danses-hazebrouck\/wp-json\/wp\/v2\/tribe_events"}],"about":[{"href":"https:\/\/vpdanses.fr\/home\/bienvenue-chez-vp-danses-hazebrouck\/wp-json\/wp\/v2\/types\/tribe_events"}],"author":[{"embeddable":true,"href":"https:\/\/vpdanses.fr\/home\/bienvenue-chez-vp-danses-hazebrouck\/wp-json\/wp\/v2\/users\/1"}],"version-history":[{"count":21,"href":"https:\/\/vpdanses.fr\/home\/bienvenue-chez-vp-danses-hazebrouck\/wp-json\/wp\/v2\/tribe_events\/10281\/revisions"}],"predecessor-version":[{"id":13069,"href":"https:\/\/vpdanses.fr\/home\/bienvenue-chez-vp-danses-hazebrouck\/wp-json\/wp\/v2\/tribe_events\/10281\/revisions\/13069"}],"wp:featuredmedia":[{"embeddable":true,"href":"https:\/\/vpdanses.fr\/home\/bienvenue-chez-vp-danses-hazebrouck\/wp-json\/wp\/v2\/media\/12360"}],"wp:attachment":[{"href":"https:\/\/vpdanses.fr\/home\/bienvenue-chez-vp-danses-hazebrouck\/wp-json\/wp\/v2\/media?parent=10281"}],"wp:term":[{"taxonomy":"post_tag","embeddable":true,"href":"https:\/\/vpdanses.fr\/home\/bienvenue-chez-vp-danses-hazebrouck\/wp-json\/wp\/v2\/tags?post=10281"},{"taxonomy":"tribe_events_cat","embeddable":true,"href":"https:\/\/vpdanses.fr\/home\/bienvenue-chez-vp-danses-hazebrouck\/wp-json\/wp\/v2\/tribe_events_cat?post=10281"}],"curies":[{"name":"wp","href":"https:\/\/api.w.org\/{rel}","templated":true}]}}