{"id":10305,"date":"2024-12-12T05:41:26","date_gmt":"2024-12-12T04:41:26","guid":{"rendered":"https:\/\/vpdanses.fr\/home\/bienvenue-chez-vp-danses-hazebrouck\/?post_type=tribe_events&#038;p=10305"},"modified":"2025-07-06T10:12:37","modified_gmt":"2025-07-06T08:12:37","slug":"wdsf-wuppertal-2025-allemagne","status":"publish","type":"tribe_events","link":"https:\/\/vpdanses.fr\/home\/bienvenue-chez-vp-danses-hazebrouck\/evenement\/wdsf-wuppertal-2025-allemagne\/","title":{"rendered":"WDSF Wuppertal 2025, Allemagne"},"content":{"rendered":"<div  class=\"tribe-events-schedule tribe-clearfix\" >\n\t<p class=\"tribe-events-schedule__datetime\">\n\t\t<span class=\"tribe-events-schedule__date tribe-events-schedule__date--start\">\n\t\t\t4 juillet 2025\t\t<\/span>\n\n\t\t\t\t\t<span class=\"tribe-events-schedule__separator tribe-events-schedule__separator--date\">\n\t\t\t\t &gt; \t\t\t<\/span>\n\t\t\t<span class=\"tribe-events-schedule__time tribe-events-schedule__time--start\">\n\t\t\t\t18h00\t\t\t<\/span>\n\t\t\n\t\t\t\t\t\t\t\t\t<span class=\"tribe-events-schedule__separator tribe-events-schedule__separator--time\">\n\t\t\t\t\t &#8211; \t\t\t\t<\/span>\n\t\t\t\n\t\t\t\t\t\t\t<span class=\"tribe-events-schedule__time tribe-events-schedule__time--end\">\n\t\t\t\t\t21h00\t\t\t\t<\/span>\n\t\t\t\n\t\t\t\t\t\t<\/p>\n<\/div>\n\n\n\n<h2 class=\"wp-block-heading\"><a href=\"https:\/\/www.stadthalle.de\/en\/nc\/\" target=\"_blank\" rel=\"noreferrer noopener\">Historische Stadthalle Wuppertal<\/a><\/h2>\n\n\n\n<div class=\"wp-block-media-text is-stacked-on-mobile\"><figure class=\"wp-block-media-text__media\"><noscript><img loading=\"lazy\" decoding=\"async\" width=\"1024\" height=\"768\" data-skip-lazy src=\"https:\/\/vpdanses.fr\/wp-content\/uploads\/2024\/12\/2025-07-04.WDSF_Wuppertal_IMG_9477-1024x768.jpg\" alt=\"Historische Stadthalle \u00e0 Wuppertal, Germany \" class=\"wp-image-13667 size-full\" srcset=\"https:\/\/vpdanses.fr\/wp-content\/uploads\/2024\/12\/2025-07-04.WDSF_Wuppertal_IMG_9477-1024x768.jpg 1024w, https:\/\/vpdanses.fr\/wp-content\/uploads\/2024\/12\/2025-07-04.WDSF_Wuppertal_IMG_9477-300x225.jpg 300w, https:\/\/vpdanses.fr\/wp-content\/uploads\/2024\/12\/2025-07-04.WDSF_Wuppertal_IMG_9477-768x576.jpg 768w, https:\/\/vpdanses.fr\/wp-content\/uploads\/2024\/12\/2025-07-04.WDSF_Wuppertal_IMG_9477-500x375.jpg 500w, https:\/\/vpdanses.fr\/wp-content\/uploads\/2024\/12\/2025-07-04.WDSF_Wuppertal_IMG_9477-800x600.jpg 800w, https:\/\/vpdanses.fr\/wp-content\/uploads\/2024\/12\/2025-07-04.WDSF_Wuppertal_IMG_9477.jpg 1240w\" sizes=\"auto, (max-width: 1024px) 100vw, 1024px\" \/><\/noscript><img loading=\"eager\" decoding=\"async\" width=\"1024\" height=\"768\" src=\"https:\/\/vpdanses.fr\/wp-content\/uploads\/2024\/12\/2025-07-04.WDSF_Wuppertal_IMG_9477-1024x768.jpg\" alt=\"Historische Stadthalle \u00e0 Wuppertal, Germany \" class=\"wp-image-13667 size-full vp-lazyload\" srcset=\"data:image\/svg+xml;base64,PHN2ZyB3aWR0aD0iMTAyNCIgaGVpZ2h0PSI3NjgiIHZpZXdCb3g9IjAgMCAxMDI0IDc2OCIgZmlsbD0ibm9uZSIgeG1sbnM9Imh0dHA6Ly93d3cudzMub3JnLzIwMDAvc3ZnIj48L3N2Zz4=\" data-src=\"https:\/\/vpdanses.fr\/wp-content\/uploads\/2024\/12\/2025-07-04.WDSF_Wuppertal_IMG_9477-1024x768.jpg\" data-srcset=\"https:\/\/vpdanses.fr\/wp-content\/uploads\/2024\/12\/2025-07-04.WDSF_Wuppertal_IMG_9477-1024x768.jpg 1024w, https:\/\/vpdanses.fr\/wp-content\/uploads\/2024\/12\/2025-07-04.WDSF_Wuppertal_IMG_9477-300x225.jpg 300w, https:\/\/vpdanses.fr\/wp-content\/uploads\/2024\/12\/2025-07-04.WDSF_Wuppertal_IMG_9477-768x576.jpg 768w, https:\/\/vpdanses.fr\/wp-content\/uploads\/2024\/12\/2025-07-04.WDSF_Wuppertal_IMG_9477-500x375.jpg 500w, https:\/\/vpdanses.fr\/wp-content\/uploads\/2024\/12\/2025-07-04.WDSF_Wuppertal_IMG_9477-800x600.jpg 800w, https:\/\/vpdanses.fr\/wp-content\/uploads\/2024\/12\/2025-07-04.WDSF_Wuppertal_IMG_9477.jpg 1240w\" data-sizes=\"auto\"><\/figure><div class=\"wp-block-media-text__content\">\n<p class=\"has-medium-font-size\">Ce vendredi 4 juillet 2025, nous participions \u00e0 la comp\u00e9tition de Danse Sportive WDSF Wuppertal 2025, en Allemagne dans la Cat\u00e9gorie des Seniors 2 Latines ! <\/p>\n<\/div><\/div>\n\n\n\n<div class=\"wp-block-media-text is-stacked-on-mobile\"><figure class=\"wp-block-media-text__media\"><noscript><img loading=\"lazy\" decoding=\"async\" width=\"1024\" height=\"768\" data-skip-lazy src=\"https:\/\/vpdanses.fr\/wp-content\/uploads\/2024\/12\/2025-07-04.WDSF_Wuppertal_IMG_9339-1024x768.jpg\" alt=\"\" class=\"wp-image-13668 size-full\" srcset=\"https:\/\/vpdanses.fr\/wp-content\/uploads\/2024\/12\/2025-07-04.WDSF_Wuppertal_IMG_9339-1024x768.jpg 1024w, https:\/\/vpdanses.fr\/wp-content\/uploads\/2024\/12\/2025-07-04.WDSF_Wuppertal_IMG_9339-300x225.jpg 300w, https:\/\/vpdanses.fr\/wp-content\/uploads\/2024\/12\/2025-07-04.WDSF_Wuppertal_IMG_9339-768x576.jpg 768w, https:\/\/vpdanses.fr\/wp-content\/uploads\/2024\/12\/2025-07-04.WDSF_Wuppertal_IMG_9339-500x375.jpg 500w, https:\/\/vpdanses.fr\/wp-content\/uploads\/2024\/12\/2025-07-04.WDSF_Wuppertal_IMG_9339-800x600.jpg 800w, https:\/\/vpdanses.fr\/wp-content\/uploads\/2024\/12\/2025-07-04.WDSF_Wuppertal_IMG_9339.jpg 1240w\" sizes=\"auto, (max-width: 1024px) 100vw, 1024px\" \/><\/noscript><img loading=\"eager\" decoding=\"async\" width=\"1024\" height=\"768\" src=\"https:\/\/vpdanses.fr\/wp-content\/uploads\/2024\/12\/2025-07-04.WDSF_Wuppertal_IMG_9339-1024x768.jpg\" alt class=\"wp-image-13668 size-full vp-lazyload\" srcset=\"data:image\/svg+xml;base64,PHN2ZyB3aWR0aD0iMTAyNCIgaGVpZ2h0PSI3NjgiIHZpZXdCb3g9IjAgMCAxMDI0IDc2OCIgZmlsbD0ibm9uZSIgeG1sbnM9Imh0dHA6Ly93d3cudzMub3JnLzIwMDAvc3ZnIj48L3N2Zz4=\" data-src=\"https:\/\/vpdanses.fr\/wp-content\/uploads\/2024\/12\/2025-07-04.WDSF_Wuppertal_IMG_9339-1024x768.jpg\" data-srcset=\"https:\/\/vpdanses.fr\/wp-content\/uploads\/2024\/12\/2025-07-04.WDSF_Wuppertal_IMG_9339-1024x768.jpg 1024w, https:\/\/vpdanses.fr\/wp-content\/uploads\/2024\/12\/2025-07-04.WDSF_Wuppertal_IMG_9339-300x225.jpg 300w, https:\/\/vpdanses.fr\/wp-content\/uploads\/2024\/12\/2025-07-04.WDSF_Wuppertal_IMG_9339-768x576.jpg 768w, https:\/\/vpdanses.fr\/wp-content\/uploads\/2024\/12\/2025-07-04.WDSF_Wuppertal_IMG_9339-500x375.jpg 500w, https:\/\/vpdanses.fr\/wp-content\/uploads\/2024\/12\/2025-07-04.WDSF_Wuppertal_IMG_9339-800x600.jpg 800w, https:\/\/vpdanses.fr\/wp-content\/uploads\/2024\/12\/2025-07-04.WDSF_Wuppertal_IMG_9339.jpg 1240w\" data-sizes=\"auto\"><\/figure><div class=\"wp-block-media-text__content\">\n<p class=\"has-medium-font-size\">C&rsquo;est toujours un honneur pour nous de danser dans une si belle salle de danse ! Et encore une occasion id\u00e9ale d&rsquo;accumuler de l&rsquo;exp\u00e9rience dans la pratique de la discipline de l&rsquo;a Danse Sportive ! <\/p>\n<\/div><\/div>\n\n\n\n<figure class=\"wp-block-image size-full\"><noscript><img loading=\"lazy\" decoding=\"async\" width=\"950\" height=\"712\" data-skip-lazy src=\"https:\/\/vpdanses.fr\/wp-content\/uploads\/2024\/12\/2025-07-04.WDSF_Wuppertal_IMG_9345.jpg\" alt=\"\" class=\"wp-image-13671\" srcset=\"https:\/\/vpdanses.fr\/wp-content\/uploads\/2024\/12\/2025-07-04.WDSF_Wuppertal_IMG_9345.jpg 950w, https:\/\/vpdanses.fr\/wp-content\/uploads\/2024\/12\/2025-07-04.WDSF_Wuppertal_IMG_9345-300x225.jpg 300w, https:\/\/vpdanses.fr\/wp-content\/uploads\/2024\/12\/2025-07-04.WDSF_Wuppertal_IMG_9345-768x576.jpg 768w, https:\/\/vpdanses.fr\/wp-content\/uploads\/2024\/12\/2025-07-04.WDSF_Wuppertal_IMG_9345-500x375.jpg 500w, https:\/\/vpdanses.fr\/wp-content\/uploads\/2024\/12\/2025-07-04.WDSF_Wuppertal_IMG_9345-800x600.jpg 800w\" sizes=\"auto, (max-width: 950px) 100vw, 950px\" \/><\/noscript><img loading=\"eager\" decoding=\"async\" width=\"950\" height=\"712\" src=\"https:\/\/vpdanses.fr\/wp-content\/uploads\/2024\/12\/2025-07-04.WDSF_Wuppertal_IMG_9345.jpg\" alt class=\"wp-image-13671 vp-lazyload\" srcset=\"data:image\/svg+xml;base64,PHN2ZyB3aWR0aD0iOTUwIiBoZWlnaHQ9IjcxMiIgdmlld0JveD0iMCAwIDk1MCA3MTIiIGZpbGw9Im5vbmUiIHhtbG5zPSJodHRwOi8vd3d3LnczLm9yZy8yMDAwL3N2ZyI+PC9zdmc+\" data-src=\"https:\/\/vpdanses.fr\/wp-content\/uploads\/2024\/12\/2025-07-04.WDSF_Wuppertal_IMG_9345.jpg\" data-srcset=\"https:\/\/vpdanses.fr\/wp-content\/uploads\/2024\/12\/2025-07-04.WDSF_Wuppertal_IMG_9345.jpg 950w, https:\/\/vpdanses.fr\/wp-content\/uploads\/2024\/12\/2025-07-04.WDSF_Wuppertal_IMG_9345-300x225.jpg 300w, https:\/\/vpdanses.fr\/wp-content\/uploads\/2024\/12\/2025-07-04.WDSF_Wuppertal_IMG_9345-768x576.jpg 768w, https:\/\/vpdanses.fr\/wp-content\/uploads\/2024\/12\/2025-07-04.WDSF_Wuppertal_IMG_9345-500x375.jpg 500w, https:\/\/vpdanses.fr\/wp-content\/uploads\/2024\/12\/2025-07-04.WDSF_Wuppertal_IMG_9345-800x600.jpg 800w\" data-sizes=\"auto\"><\/figure>\n\n\n\n<blockquote class=\"wp-block-quote has-text-align-center is-style-large is-layout-flow wp-block-quote-is-layout-flow\">\n<p>\u00ab\u00a0Chaque comp\u00e9tition est l&rsquo;opportunit\u00e9 de remercier la patience et l&rsquo;enseignement de notre professeur de Danse Sportive <a href=\"https:\/\/www.facebook.com\/sven.balcerzak\" target=\"_blank\" rel=\"noreferrer noopener\">Sven BALCERZAK<\/a> ! \u00a0\u00bb<\/p>\n<cite>\u2014 Virginie et Philippe<\/cite><\/blockquote>\n\n\n\n<div class=\"wp-block-media-text is-stacked-on-mobile\"><figure class=\"wp-block-media-text__media\"><noscript><img loading=\"lazy\" decoding=\"async\" width=\"1024\" height=\"768\" data-skip-lazy src=\"https:\/\/vpdanses.fr\/wp-content\/uploads\/2024\/12\/2025-07-04.WDSF_Wuppertal_IMG_9336-1024x768.jpg\" alt=\"\" class=\"wp-image-13670 size-full\" srcset=\"https:\/\/vpdanses.fr\/wp-content\/uploads\/2024\/12\/2025-07-04.WDSF_Wuppertal_IMG_9336-1024x768.jpg 1024w, https:\/\/vpdanses.fr\/wp-content\/uploads\/2024\/12\/2025-07-04.WDSF_Wuppertal_IMG_9336-300x225.jpg 300w, https:\/\/vpdanses.fr\/wp-content\/uploads\/2024\/12\/2025-07-04.WDSF_Wuppertal_IMG_9336-768x576.jpg 768w, https:\/\/vpdanses.fr\/wp-content\/uploads\/2024\/12\/2025-07-04.WDSF_Wuppertal_IMG_9336-500x375.jpg 500w, https:\/\/vpdanses.fr\/wp-content\/uploads\/2024\/12\/2025-07-04.WDSF_Wuppertal_IMG_9336-800x600.jpg 800w, https:\/\/vpdanses.fr\/wp-content\/uploads\/2024\/12\/2025-07-04.WDSF_Wuppertal_IMG_9336.jpg 1240w\" sizes=\"auto, (max-width: 1024px) 100vw, 1024px\" \/><\/noscript><img loading=\"eager\" decoding=\"async\" width=\"1024\" height=\"768\" src=\"https:\/\/vpdanses.fr\/wp-content\/uploads\/2024\/12\/2025-07-04.WDSF_Wuppertal_IMG_9336-1024x768.jpg\" alt class=\"wp-image-13670 size-full vp-lazyload\" srcset=\"data:image\/svg+xml;base64,PHN2ZyB3aWR0aD0iMTAyNCIgaGVpZ2h0PSI3NjgiIHZpZXdCb3g9IjAgMCAxMDI0IDc2OCIgZmlsbD0ibm9uZSIgeG1sbnM9Imh0dHA6Ly93d3cudzMub3JnLzIwMDAvc3ZnIj48L3N2Zz4=\" data-src=\"https:\/\/vpdanses.fr\/wp-content\/uploads\/2024\/12\/2025-07-04.WDSF_Wuppertal_IMG_9336-1024x768.jpg\" data-srcset=\"https:\/\/vpdanses.fr\/wp-content\/uploads\/2024\/12\/2025-07-04.WDSF_Wuppertal_IMG_9336-1024x768.jpg 1024w, https:\/\/vpdanses.fr\/wp-content\/uploads\/2024\/12\/2025-07-04.WDSF_Wuppertal_IMG_9336-300x225.jpg 300w, https:\/\/vpdanses.fr\/wp-content\/uploads\/2024\/12\/2025-07-04.WDSF_Wuppertal_IMG_9336-768x576.jpg 768w, https:\/\/vpdanses.fr\/wp-content\/uploads\/2024\/12\/2025-07-04.WDSF_Wuppertal_IMG_9336-500x375.jpg 500w, https:\/\/vpdanses.fr\/wp-content\/uploads\/2024\/12\/2025-07-04.WDSF_Wuppertal_IMG_9336-800x600.jpg 800w, https:\/\/vpdanses.fr\/wp-content\/uploads\/2024\/12\/2025-07-04.WDSF_Wuppertal_IMG_9336.jpg 1240w\" data-sizes=\"auto\"><\/figure><div class=\"wp-block-media-text__content\">\n<p class=\"has-medium-font-size\">Nous avons atteint la place de 24 \u00e8me sur 42 couples participants. Cette comp\u00e9tition nous place \u00e0 cet instant \u00e0 la position N\u00b0 75 dans le classement WDSF des Seniors 2 Latines. <\/p>\n<\/div><\/div>\n\n\n\n<hr class=\"wp-block-separator has-css-opacity is-style-default\"\/>\n\n\n\n<blockquote class=\"wp-block-quote is-layout-flow wp-block-quote-is-layout-flow\">\n<p>Vous aussi, vous voulez pratiquer la <strong>Danse Sportive<\/strong> ? Contactez-nous, nous vous renseignerons ! La discipline est ouverte \u00e0 tous, quel que soit votre niveau de danse et quel que soit votre \u00e2ge ! <\/p>\n\n\n\n<p>Rejoignez la famille de la <a href=\"https:\/\/www.ffdanse.fr\" target=\"_blank\" rel=\"noreferrer noopener\">F\u00e9d\u00e9ration Fran\u00e7aise de Danse<\/a> (<a href=\"https:\/\/www.ffdanse.fr\" target=\"_blank\" rel=\"noreferrer noopener\">FFD<\/a>) ! <\/p>\n<\/blockquote>\n\n\n\n<div style=\"height:12px\" aria-hidden=\"true\" class=\"wp-block-spacer\"><\/div>\n\n\n\n<hr class=\"wp-block-separator has-alpha-channel-opacity\"\/>\n\n\n<div  class=\"tribe-block tribe-block__organizer__details tribe-clearfix\" >\n\t<div class=\"tribe-block__organizer__title\">\n\t\t<h3><a href=\"https:\/\/vpdanses.fr\/home\/bienvenue-chez-vp-danses-hazebrouck\/organisateur\/\" title=\"danceComp Wuppertal\" target=\"_self\" rel=\"\">danceComp Wuppertal<\/a><\/h3>\n\t<\/div>\n\t\t\t<p class=\"tribe-block__organizer__phone\">+49 203 7381 669<\/p>\n\t\t\t\t<p class=\"tribe-block__organizer__website\"><a href=\"https:\/\/dancecomp.de\" target=\"_self\" rel=\"external\">Voir le site Organisateur<\/a><\/p>\n\t\t\t\t<p class=\"tribe-block__organizer__email\">i&#110;f&#111;&#064;&#100;&#097;n&#099;ec&#111;&#109;p.d&#101;<\/p>\n\t<\/div>\n\n\n<div  class=\"tribe-block tribe-block__venue tribe-clearfix tribe-block__venue--has-map\" >\n\t\n\t\n<div class=\"tribe-block__venue__meta\">\n\t<div class=\"tribe-block__venue__name\">\n\t\t<h3><a href=\"https:\/\/vpdanses.fr\/home\/bienvenue-chez-vp-danses-hazebrouck\/lieu\/\" title=\"Historic Town Hall Wuppertal\">Historic Town Hall Wuppertal<\/a><\/h3>\n\t<\/div>\n\n\t\n\t\t\t\t\t\t<address class=\"tribe-block__venue__address\">\n\t\t\t\t<span class=\"tribe-address\">\n\n<span class=\"tribe-street-address\">Johannisberg 40<\/span>\n\t\n\t\t<br>\n\t\t<span class=\"tribe-locality\">Wuppertal<\/span><span class=\"tribe-delimiter\">,<\/span>\n\n\n\t<span class=\"tribe-postal-code\">42103<\/span>\n\n\t<span class=\"tribe-country-name\">Germany<\/span>\n\n<\/span>\n\n\t\t\t\t\t\t\t\t\t<a class=\"tribe-events-gmap\" href=\"https:\/\/maps.google.com\/maps?f=q&#038;source=s_q&#038;hl=en&#038;geocode=&#038;q=Johannisberg+40+Wuppertal+42103+Germany\" title=\"Cliquez pour voir une carte Google Map\" target=\"_blank\" rel=\"noreferrer noopener\">+ Google Map<\/a>\t\t\t\t\t\t\t<\/address>\n\t\t\n\t\t\n\t\t\t\t\t<span class=\"tribe-block__venue__website\"><a href=\"https:\/\/www.stadthalle.de\/en\/nc\/\" target=\"_self\" rel=\"external\">Voir Lieu site web<\/a><\/span><br \/>\n\t\t\t\n\t<\/div>\n\t\n<div class=\"tribe-block__venue__map\">\n\t\n<iframe loading=\"lazy\"\n  title=\"L\u2018iframe Google maps affichant l\u2019adresse \u00e0 Historic Town Hall Wuppertal\"\n  aria-label=\"Plan des lieux\"\n  width=\"310px\"\n  height=\"256px\"\n  frameborder=\"0\" style=\"border:0\"\n  src=\"https:\/\/www.google.com\/maps\/embed\/v1\/place?key=AIzaSyDNsicAsP6-VuGtAb1O9riI3oc_NOb7IOU&#038;q=Johannisberg+40+Wuppertal+42103+Germany+&#038;zoom=11\" allowfullscreen>\n<\/iframe>\n<\/div>\n\n\t<\/div>\n\n\n<div  class=\"tribe-block tribe-block__event-website\" >\n\t<a\n\t\thref=\"https:\/\/dancecomp.de\"\n\t\ttarget=\"_self\"\n\t\t\t>\n\t\tDancesport Association of North Rhine-Westphalia ((Tanzsportverband Nordrhein-Westfalen e.V.))\t<\/a>\n<\/div>\n\n\n\n<figure class=\"wp-block-image size-large\"><a href=\"https:\/\/dancecomp.de\/en\/home\/\" target=\"_blank\" rel=\"noreferrer noopener\"><noscript><img loading=\"lazy\" decoding=\"async\" width=\"1024\" height=\"565\" data-skip-lazy src=\"https:\/\/vpdanses.fr\/wp-content\/uploads\/2024\/12\/Historische_Stadthalle_Wuppertal-1024x565.png\" alt=\"Historische Stadthalle Wuppertal, WDSF, July 2025\" class=\"wp-image-10309\" srcset=\"https:\/\/vpdanses.fr\/wp-content\/uploads\/2024\/12\/Historische_Stadthalle_Wuppertal-1024x565.png 1024w, https:\/\/vpdanses.fr\/wp-content\/uploads\/2024\/12\/Historische_Stadthalle_Wuppertal-300x165.png 300w, https:\/\/vpdanses.fr\/wp-content\/uploads\/2024\/12\/Historische_Stadthalle_Wuppertal-768x423.png 768w, https:\/\/vpdanses.fr\/wp-content\/uploads\/2024\/12\/Historische_Stadthalle_Wuppertal-1536x847.png 1536w, https:\/\/vpdanses.fr\/wp-content\/uploads\/2024\/12\/Historische_Stadthalle_Wuppertal-2048x1129.png 2048w\" sizes=\"auto, (max-width: 1024px) 100vw, 1024px\" \/><\/noscript><img loading=\"eager\" decoding=\"async\" width=\"1024\" height=\"565\" src=\"https:\/\/vpdanses.fr\/wp-content\/uploads\/2024\/12\/Historische_Stadthalle_Wuppertal-1024x565.png\" alt=\"Historische Stadthalle Wuppertal, WDSF, July 2025\" class=\"wp-image-10309 vp-lazyload\" srcset=\"data:image\/svg+xml;base64,PHN2ZyB3aWR0aD0iMTAyNCIgaGVpZ2h0PSI1NjUiIHZpZXdCb3g9IjAgMCAxMDI0IDU2NSIgZmlsbD0ibm9uZSIgeG1sbnM9Imh0dHA6Ly93d3cudzMub3JnLzIwMDAvc3ZnIj48L3N2Zz4=\" data-src=\"https:\/\/vpdanses.fr\/wp-content\/uploads\/2024\/12\/Historische_Stadthalle_Wuppertal-1024x565.png\" data-srcset=\"https:\/\/vpdanses.fr\/wp-content\/uploads\/2024\/12\/Historische_Stadthalle_Wuppertal-1024x565.png 1024w, https:\/\/vpdanses.fr\/wp-content\/uploads\/2024\/12\/Historische_Stadthalle_Wuppertal-300x165.png 300w, https:\/\/vpdanses.fr\/wp-content\/uploads\/2024\/12\/Historische_Stadthalle_Wuppertal-768x423.png 768w, https:\/\/vpdanses.fr\/wp-content\/uploads\/2024\/12\/Historische_Stadthalle_Wuppertal-1536x847.png 1536w, https:\/\/vpdanses.fr\/wp-content\/uploads\/2024\/12\/Historische_Stadthalle_Wuppertal-2048x1129.png 2048w\" data-sizes=\"auto\"><\/a><figcaption class=\"wp-element-caption\">Historische Stadthalle Wuppertal, WDSF, July 2025<\/figcaption><\/figure>\n","protected":false},"excerpt":{"rendered":"<p>Ce vendredi 4 juillet 2025, nous participions \u00e0 la comp\u00e9tition de Danse Sportive WDSF Wuppertal 2025, en Allemagne dans la Cat\u00e9gorie des Seniors 2 Latines ! <\/p>\n","protected":false},"author":1,"featured_media":10309,"template":"","meta":{"_uag_custom_page_level_css":"","_price":"","_stock":"","_tribe_ticket_header":"","_tribe_default_ticket_provider":"","_tribe_ticket_capacity":"0","_ticket_start_date":"","_ticket_end_date":"","_tribe_ticket_show_description":"","_tribe_ticket_show_not_going":false,"_tribe_ticket_use_global_stock":"","_tribe_ticket_global_stock_level":"","_global_stock_mode":"","_global_stock_cap":"","_tribe_rsvp_for_event":"","_tribe_ticket_going_count":"","_tribe_ticket_not_going_count":"","_tribe_tickets_list":"[]","_tribe_ticket_has_attendee_info_fields":false,"_EventAllDay":false,"_EventTimezone":"Europe\/Paris","_EventStartDate":"2025-07-04 18:00:00","_EventEndDate":"2025-07-04 21:00:00","_EventStartDateUTC":"2025-07-04 16:00:00","_EventEndDateUTC":"2025-07-04 19:00:00","_EventShowMap":false,"_EventShowMapLink":false,"_EventURL":"https:\/\/dancecomp.de","_EventCost":"","_EventCostDescription":"","_EventCurrencySymbol":"\u20ac","_EventCurrencyCode":"EUR","_EventCurrencyPosition":"suffix","_EventDateTimeSeparator":" > ","_EventTimeRangeSeparator":" - ","_EventOrganizerID":[10306],"_EventVenueID":[10308],"_OrganizerEmail":"","_OrganizerPhone":"","_OrganizerWebsite":"","_VenueAddress":"","_VenueCity":"","_VenueCountry":"","_VenueProvince":"","_VenueState":"","_VenueZip":"","_VenuePhone":"","_VenueURL":"","_VenueStateProvince":"","_VenueLat":"","_VenueLng":"","_VenueShowMap":false,"_VenueShowMapLink":false,"_tribe_events_status":"","_tribe_events_status_reason":"","footnotes":"","_tec_slr_enabled":"","_tec_slr_layout":""},"tags":[211,210],"tribe_events_cat":[206,170,209],"class_list":["post-10305","tribe_events","type-tribe_events","status-publish","has-post-thumbnail","hentry","tag-allemagne","tag-wuppertal","tribe_events_cat-competition","tribe_events_cat-danse-sportive","tribe_events_cat-wdsf","cat_competition","cat_danse-sportive","cat_wdsf"],"yoast_head":"<!-- This site is optimized with the Yoast SEO Premium plugin v25.6 (Yoast SEO v25.6) - https:\/\/yoast.com\/wordpress\/plugins\/seo\/ -->\n<title>WDSF Wuppertal 2025, Allemagne - VP DANSES, cours de Danse Sportive \u00e0 Aire-sur-la-Lys et \u00e0 Saint-Jans-Cappel (Hauts-de-France)<\/title>\n<meta name=\"robots\" content=\"index, follow, max-snippet:-1, max-image-preview:large, max-video-preview:-1\" \/>\n<link rel=\"canonical\" href=\"https:\/\/vpdanses.fr\/home\/bienvenue-chez-vp-danses-hazebrouck\/evenement\/wdsf-wuppertal-2025-allemagne\/\" \/>\n<meta property=\"og:locale\" content=\"fr_FR\" \/>\n<meta property=\"og:type\" content=\"article\" \/>\n<meta property=\"og:title\" content=\"WDSF Wuppertal 2025, Allemagne\" \/>\n<meta property=\"og:description\" content=\"Ce vendredi 4 juillet 2025, nous participions \u00e0 la comp\u00e9tition de Danse Sportive WDSF Wuppertal 2025, en Allemagne dans la Cat\u00e9gorie des Seniors 2 Latines !\" \/>\n<meta property=\"og:url\" content=\"https:\/\/vpdanses.fr\/home\/bienvenue-chez-vp-danses-hazebrouck\/evenement\/wdsf-wuppertal-2025-allemagne\/\" \/>\n<meta property=\"og:site_name\" content=\"VP DANSES, cours de Danse Sportive \u00e0 Aire-sur-la-Lys et \u00e0 Saint-Jans-Cappel (Hauts-de-France)\" \/>\n<meta property=\"article:modified_time\" content=\"2025-07-06T08:12:37+00:00\" \/>\n<meta property=\"og:image\" content=\"https:\/\/vpdanses.fr\/wp-content\/uploads\/2024\/12\/Historische_Stadthalle_Wuppertal-1024x565.png\" \/>\n\t<meta property=\"og:image:width\" content=\"1024\" \/>\n\t<meta property=\"og:image:height\" content=\"565\" \/>\n\t<meta property=\"og:image:type\" content=\"image\/png\" \/>\n<meta name=\"twitter:card\" content=\"summary_large_image\" \/>\n<meta name=\"twitter:label1\" content=\"Dur\u00e9e de lecture estim\u00e9e\" \/>\n\t<meta name=\"twitter:data1\" content=\"2 minutes\" \/>\n<script type=\"application\/ld+json\" class=\"yoast-schema-graph\">{\"@context\":\"https:\/\/schema.org\",\"@graph\":[{\"@type\":\"WebPage\",\"@id\":\"https:\/\/vpdanses.fr\/home\/bienvenue-chez-vp-danses-hazebrouck\/evenement\/wdsf-wuppertal-2025-allemagne\/\",\"url\":\"https:\/\/vpdanses.fr\/home\/bienvenue-chez-vp-danses-hazebrouck\/evenement\/wdsf-wuppertal-2025-allemagne\/\",\"name\":\"WDSF Wuppertal 2025, Allemagne - VP DANSES, cours de Danse Sportive \u00e0 Aire-sur-la-Lys et \u00e0 Saint-Jans-Cappel (Hauts-de-France)\",\"isPartOf\":{\"@id\":\"https:\/\/vpdanses.fr\/home\/bienvenue-chez-vp-danses-hazebrouck\/#website\"},\"primaryImageOfPage\":{\"@id\":\"https:\/\/vpdanses.fr\/home\/bienvenue-chez-vp-danses-hazebrouck\/evenement\/wdsf-wuppertal-2025-allemagne\/#primaryimage\"},\"image\":{\"@id\":\"https:\/\/vpdanses.fr\/home\/bienvenue-chez-vp-danses-hazebrouck\/evenement\/wdsf-wuppertal-2025-allemagne\/#primaryimage\"},\"thumbnailUrl\":\"https:\/\/vpdanses.fr\/wp-content\/uploads\/2024\/12\/Historische_Stadthalle_Wuppertal.png\",\"datePublished\":\"2024-12-12T04:41:26+00:00\",\"dateModified\":\"2025-07-06T08:12:37+00:00\",\"breadcrumb\":{\"@id\":\"https:\/\/vpdanses.fr\/home\/bienvenue-chez-vp-danses-hazebrouck\/evenement\/wdsf-wuppertal-2025-allemagne\/#breadcrumb\"},\"inLanguage\":\"fr-FR\",\"potentialAction\":[{\"@type\":\"ReadAction\",\"target\":[\"https:\/\/vpdanses.fr\/home\/bienvenue-chez-vp-danses-hazebrouck\/evenement\/wdsf-wuppertal-2025-allemagne\/\"]}]},{\"@type\":\"ImageObject\",\"inLanguage\":\"fr-FR\",\"@id\":\"https:\/\/vpdanses.fr\/home\/bienvenue-chez-vp-danses-hazebrouck\/evenement\/wdsf-wuppertal-2025-allemagne\/#primaryimage\",\"url\":\"https:\/\/vpdanses.fr\/wp-content\/uploads\/2024\/12\/Historische_Stadthalle_Wuppertal.png\",\"contentUrl\":\"https:\/\/vpdanses.fr\/wp-content\/uploads\/2024\/12\/Historische_Stadthalle_Wuppertal.png\",\"width\":2474,\"height\":1364,\"caption\":\"Historische Stadthalle Wuppertal, WDSF, July 2025\"},{\"@type\":\"BreadcrumbList\",\"@id\":\"https:\/\/vpdanses.fr\/home\/bienvenue-chez-vp-danses-hazebrouck\/evenement\/wdsf-wuppertal-2025-allemagne\/#breadcrumb\",\"itemListElement\":[{\"@type\":\"ListItem\",\"position\":1,\"name\":\"Accueil\",\"item\":\"https:\/\/vpdanses.fr\/home\/bienvenue-chez-vp-danses-hazebrouck\/\"},{\"@type\":\"ListItem\",\"position\":2,\"name\":\"\u00c9v\u00e8nements\",\"item\":\"https:\/\/vpdanses.fr\/home\/bienvenue-chez-vp-danses-hazebrouck\/dates\/\"},{\"@type\":\"ListItem\",\"position\":3,\"name\":\"WDSF Wuppertal 2025, Allemagne\"}]},{\"@type\":\"WebSite\",\"@id\":\"https:\/\/vpdanses.fr\/home\/bienvenue-chez-vp-danses-hazebrouck\/#website\",\"url\":\"https:\/\/vpdanses.fr\/home\/bienvenue-chez-vp-danses-hazebrouck\/\",\"name\":\"VP DANSES, cours de Danse Sportive \u00e0 Aire-sur-la-Lys et \u00e0 Saint-Jans-Cappel (Hauts-de-France)\",\"description\":\"Cours de Danse Sportive STANDARD (valse anglaise, tango, valse viennoise, slowfox, quickstep), danses sportives LATINES (samba, chacha, rumba, paso doble, jive), danses de bal, danses de salons, danses de loisirs, salsa, rock 4 temps, rock 6 temps, danses en ligne, disco, \u2026 Lieu : Hazebrouck, Aire-sur-la-Lys, Saint-Jans-Cappel et Isbergues (Hauts-de-France) - Cours Particuliers dans les Hauts-de-France - Ouverture de bal de Mariage\",\"publisher\":{\"@id\":\"https:\/\/vpdanses.fr\/home\/bienvenue-chez-vp-danses-hazebrouck\/#organization\"},\"potentialAction\":[{\"@type\":\"SearchAction\",\"target\":{\"@type\":\"EntryPoint\",\"urlTemplate\":\"https:\/\/vpdanses.fr\/home\/bienvenue-chez-vp-danses-hazebrouck\/?s={search_term_string}\"},\"query-input\":{\"@type\":\"PropertyValueSpecification\",\"valueRequired\":true,\"valueName\":\"search_term_string\"}}],\"inLanguage\":\"fr-FR\"},{\"@type\":\"Organization\",\"@id\":\"https:\/\/vpdanses.fr\/home\/bienvenue-chez-vp-danses-hazebrouck\/#organization\",\"name\":\"VP DANSES, cours de Danse Sportive \u00e0 Aire-sur-la-Lys et \u00e0 Saint-Jans-Cappel (Hauts-de-France)\",\"url\":\"https:\/\/vpdanses.fr\/home\/bienvenue-chez-vp-danses-hazebrouck\/\",\"logo\":{\"@type\":\"ImageObject\",\"inLanguage\":\"fr-FR\",\"@id\":\"https:\/\/vpdanses.fr\/home\/bienvenue-chez-vp-danses-hazebrouck\/#\/schema\/logo\/image\/\",\"url\":\"https:\/\/vpdanses.fr\/wp-content\/uploads\/2024\/10\/logo_cadanse_asaintjans.jpeg\",\"contentUrl\":\"https:\/\/vpdanses.fr\/wp-content\/uploads\/2024\/10\/logo_cadanse_asaintjans.jpeg\",\"width\":225,\"height\":225,\"caption\":\"VP DANSES, cours de Danse Sportive \u00e0 Aire-sur-la-Lys et \u00e0 Saint-Jans-Cappel (Hauts-de-France)\"},\"image\":{\"@id\":\"https:\/\/vpdanses.fr\/home\/bienvenue-chez-vp-danses-hazebrouck\/#\/schema\/logo\/image\/\"}}]}<\/script>\n<!-- \/ Yoast SEO Premium plugin. -->","yoast_head_json":{"title":"WDSF Wuppertal 2025, Allemagne - VP DANSES, cours de Danse Sportive \u00e0 Aire-sur-la-Lys et \u00e0 Saint-Jans-Cappel (Hauts-de-France)","robots":{"index":"index","follow":"follow","max-snippet":"max-snippet:-1","max-image-preview":"max-image-preview:large","max-video-preview":"max-video-preview:-1"},"canonical":"https:\/\/vpdanses.fr\/home\/bienvenue-chez-vp-danses-hazebrouck\/evenement\/wdsf-wuppertal-2025-allemagne\/","og_locale":"fr_FR","og_type":"article","og_title":"WDSF Wuppertal 2025, Allemagne","og_description":"Ce vendredi 4 juillet 2025, nous participions \u00e0 la comp\u00e9tition de Danse Sportive WDSF Wuppertal 2025, en Allemagne dans la Cat\u00e9gorie des Seniors 2 Latines !","og_url":"https:\/\/vpdanses.fr\/home\/bienvenue-chez-vp-danses-hazebrouck\/evenement\/wdsf-wuppertal-2025-allemagne\/","og_site_name":"VP DANSES, cours de Danse Sportive \u00e0 Aire-sur-la-Lys et \u00e0 Saint-Jans-Cappel (Hauts-de-France)","article_modified_time":"2025-07-06T08:12:37+00:00","og_image":[{"width":1024,"height":565,"url":"https:\/\/vpdanses.fr\/wp-content\/uploads\/2024\/12\/Historische_Stadthalle_Wuppertal-1024x565.png","type":"image\/png"}],"twitter_card":"summary_large_image","twitter_misc":{"Dur\u00e9e de lecture estim\u00e9e":"2 minutes"},"schema":{"@context":"https:\/\/schema.org","@graph":[{"@type":"WebPage","@id":"https:\/\/vpdanses.fr\/home\/bienvenue-chez-vp-danses-hazebrouck\/evenement\/wdsf-wuppertal-2025-allemagne\/","url":"https:\/\/vpdanses.fr\/home\/bienvenue-chez-vp-danses-hazebrouck\/evenement\/wdsf-wuppertal-2025-allemagne\/","name":"WDSF Wuppertal 2025, Allemagne - VP DANSES, cours de Danse Sportive \u00e0 Aire-sur-la-Lys et \u00e0 Saint-Jans-Cappel (Hauts-de-France)","isPartOf":{"@id":"https:\/\/vpdanses.fr\/home\/bienvenue-chez-vp-danses-hazebrouck\/#website"},"primaryImageOfPage":{"@id":"https:\/\/vpdanses.fr\/home\/bienvenue-chez-vp-danses-hazebrouck\/evenement\/wdsf-wuppertal-2025-allemagne\/#primaryimage"},"image":{"@id":"https:\/\/vpdanses.fr\/home\/bienvenue-chez-vp-danses-hazebrouck\/evenement\/wdsf-wuppertal-2025-allemagne\/#primaryimage"},"thumbnailUrl":"https:\/\/vpdanses.fr\/wp-content\/uploads\/2024\/12\/Historische_Stadthalle_Wuppertal.png","datePublished":"2024-12-12T04:41:26+00:00","dateModified":"2025-07-06T08:12:37+00:00","breadcrumb":{"@id":"https:\/\/vpdanses.fr\/home\/bienvenue-chez-vp-danses-hazebrouck\/evenement\/wdsf-wuppertal-2025-allemagne\/#breadcrumb"},"inLanguage":"fr-FR","potentialAction":[{"@type":"ReadAction","target":["https:\/\/vpdanses.fr\/home\/bienvenue-chez-vp-danses-hazebrouck\/evenement\/wdsf-wuppertal-2025-allemagne\/"]}]},{"@type":"ImageObject","inLanguage":"fr-FR","@id":"https:\/\/vpdanses.fr\/home\/bienvenue-chez-vp-danses-hazebrouck\/evenement\/wdsf-wuppertal-2025-allemagne\/#primaryimage","url":"https:\/\/vpdanses.fr\/wp-content\/uploads\/2024\/12\/Historische_Stadthalle_Wuppertal.png","contentUrl":"https:\/\/vpdanses.fr\/wp-content\/uploads\/2024\/12\/Historische_Stadthalle_Wuppertal.png","width":2474,"height":1364,"caption":"Historische Stadthalle Wuppertal, WDSF, July 2025"},{"@type":"BreadcrumbList","@id":"https:\/\/vpdanses.fr\/home\/bienvenue-chez-vp-danses-hazebrouck\/evenement\/wdsf-wuppertal-2025-allemagne\/#breadcrumb","itemListElement":[{"@type":"ListItem","position":1,"name":"Accueil","item":"https:\/\/vpdanses.fr\/home\/bienvenue-chez-vp-danses-hazebrouck\/"},{"@type":"ListItem","position":2,"name":"\u00c9v\u00e8nements","item":"https:\/\/vpdanses.fr\/home\/bienvenue-chez-vp-danses-hazebrouck\/dates\/"},{"@type":"ListItem","position":3,"name":"WDSF Wuppertal 2025, Allemagne"}]},{"@type":"WebSite","@id":"https:\/\/vpdanses.fr\/home\/bienvenue-chez-vp-danses-hazebrouck\/#website","url":"https:\/\/vpdanses.fr\/home\/bienvenue-chez-vp-danses-hazebrouck\/","name":"VP DANSES, cours de Danse Sportive \u00e0 Aire-sur-la-Lys et \u00e0 Saint-Jans-Cappel (Hauts-de-France)","description":"Cours de Danse Sportive STANDARD (valse anglaise, tango, valse viennoise, slowfox, quickstep), danses sportives LATINES (samba, chacha, rumba, paso doble, jive), danses de bal, danses de salons, danses de loisirs, salsa, rock 4 temps, rock 6 temps, danses en ligne, disco, \u2026 Lieu : Hazebrouck, Aire-sur-la-Lys, Saint-Jans-Cappel et Isbergues (Hauts-de-France) - Cours Particuliers dans les Hauts-de-France - Ouverture de bal de Mariage","publisher":{"@id":"https:\/\/vpdanses.fr\/home\/bienvenue-chez-vp-danses-hazebrouck\/#organization"},"potentialAction":[{"@type":"SearchAction","target":{"@type":"EntryPoint","urlTemplate":"https:\/\/vpdanses.fr\/home\/bienvenue-chez-vp-danses-hazebrouck\/?s={search_term_string}"},"query-input":{"@type":"PropertyValueSpecification","valueRequired":true,"valueName":"search_term_string"}}],"inLanguage":"fr-FR"},{"@type":"Organization","@id":"https:\/\/vpdanses.fr\/home\/bienvenue-chez-vp-danses-hazebrouck\/#organization","name":"VP DANSES, cours de Danse Sportive \u00e0 Aire-sur-la-Lys et \u00e0 Saint-Jans-Cappel (Hauts-de-France)","url":"https:\/\/vpdanses.fr\/home\/bienvenue-chez-vp-danses-hazebrouck\/","logo":{"@type":"ImageObject","inLanguage":"fr-FR","@id":"https:\/\/vpdanses.fr\/home\/bienvenue-chez-vp-danses-hazebrouck\/#\/schema\/logo\/image\/","url":"https:\/\/vpdanses.fr\/wp-content\/uploads\/2024\/10\/logo_cadanse_asaintjans.jpeg","contentUrl":"https:\/\/vpdanses.fr\/wp-content\/uploads\/2024\/10\/logo_cadanse_asaintjans.jpeg","width":225,"height":225,"caption":"VP DANSES, cours de Danse Sportive \u00e0 Aire-sur-la-Lys et \u00e0 Saint-Jans-Cappel (Hauts-de-France)"},"image":{"@id":"https:\/\/vpdanses.fr\/home\/bienvenue-chez-vp-danses-hazebrouck\/#\/schema\/logo\/image\/"}}]}},"uagb_featured_image_src":{"full":["https:\/\/vpdanses.fr\/wp-content\/uploads\/2024\/12\/Historische_Stadthalle_Wuppertal.png",2474,1364,false],"thumbnail":["https:\/\/vpdanses.fr\/wp-content\/uploads\/2024\/12\/Historische_Stadthalle_Wuppertal-150x150.png",150,150,true],"medium":["https:\/\/vpdanses.fr\/wp-content\/uploads\/2024\/12\/Historische_Stadthalle_Wuppertal-300x165.png",300,165,true],"medium_large":["https:\/\/vpdanses.fr\/wp-content\/uploads\/2024\/12\/Historische_Stadthalle_Wuppertal-768x423.png",768,423,true],"large":["https:\/\/vpdanses.fr\/wp-content\/uploads\/2024\/12\/Historische_Stadthalle_Wuppertal-1024x565.png",1024,565,true],"1536x1536":["https:\/\/vpdanses.fr\/wp-content\/uploads\/2024\/12\/Historische_Stadthalle_Wuppertal-1536x847.png",1536,847,true],"2048x2048":["https:\/\/vpdanses.fr\/wp-content\/uploads\/2024\/12\/Historische_Stadthalle_Wuppertal-2048x1129.png",2048,1129,true],"vp_sm":["https:\/\/vpdanses.fr\/wp-content\/uploads\/2024\/12\/Historische_Stadthalle_Wuppertal.png",500,276,false],"vp_md":["https:\/\/vpdanses.fr\/wp-content\/uploads\/2024\/12\/Historische_Stadthalle_Wuppertal.png",800,441,false],"vp_lg":["https:\/\/vpdanses.fr\/wp-content\/uploads\/2024\/12\/Historische_Stadthalle_Wuppertal.png",1280,706,false],"vp_xl":["https:\/\/vpdanses.fr\/wp-content\/uploads\/2024\/12\/Historische_Stadthalle_Wuppertal.png",1920,1059,false],"vp_sm_popup":["https:\/\/vpdanses.fr\/wp-content\/uploads\/2024\/12\/Historische_Stadthalle_Wuppertal.png",500,276,false],"vp_md_popup":["https:\/\/vpdanses.fr\/wp-content\/uploads\/2024\/12\/Historische_Stadthalle_Wuppertal.png",800,441,false],"vp_xl_popup":["https:\/\/vpdanses.fr\/wp-content\/uploads\/2024\/12\/Historische_Stadthalle_Wuppertal.png",1920,1059,false],"dance-blog-thumb":["https:\/\/vpdanses.fr\/wp-content\/uploads\/2024\/12\/Historische_Stadthalle_Wuppertal-150x120.png",150,120,true],"dance-event-list":["https:\/\/vpdanses.fr\/wp-content\/uploads\/2024\/12\/Historische_Stadthalle_Wuppertal-420x336.png",420,336,true],"dance-event-single-type1":["https:\/\/vpdanses.fr\/wp-content\/uploads\/2024\/12\/Historische_Stadthalle_Wuppertal-773x520.png",773,520,true],"dance-event-single-type4":["https:\/\/vpdanses.fr\/wp-content\/uploads\/2024\/12\/Historische_Stadthalle_Wuppertal-570x460.png",570,460,true],"dance-event-single-type5":["https:\/\/vpdanses.fr\/wp-content\/uploads\/2024\/12\/Historische_Stadthalle_Wuppertal-746x770.png",746,770,true],"dance-event-list2":["https:\/\/vpdanses.fr\/wp-content\/uploads\/2024\/12\/Historische_Stadthalle_Wuppertal-420x275.png",420,275,true]},"uagb_author_info":{"display_name":"VP DANSES","author_link":"https:\/\/vpdanses.fr\/home\/bienvenue-chez-vp-danses-hazebrouck\/author\/adminvp20241018\/"},"uagb_comment_info":0,"uagb_excerpt":"Ce vendredi 4 juillet 2025, nous participions \u00e0 la comp\u00e9tition de Danse Sportive WDSF Wuppertal 2025, en Allemagne dans la Cat\u00e9gorie des Seniors 2 Latines !","jetpack_sharing_enabled":true,"ticketed":false,"_links":{"self":[{"href":"https:\/\/vpdanses.fr\/home\/bienvenue-chez-vp-danses-hazebrouck\/wp-json\/wp\/v2\/tribe_events\/10305","targetHints":{"allow":["GET"]}}],"collection":[{"href":"https:\/\/vpdanses.fr\/home\/bienvenue-chez-vp-danses-hazebrouck\/wp-json\/wp\/v2\/tribe_events"}],"about":[{"href":"https:\/\/vpdanses.fr\/home\/bienvenue-chez-vp-danses-hazebrouck\/wp-json\/wp\/v2\/types\/tribe_events"}],"author":[{"embeddable":true,"href":"https:\/\/vpdanses.fr\/home\/bienvenue-chez-vp-danses-hazebrouck\/wp-json\/wp\/v2\/users\/1"}],"version-history":[{"count":8,"href":"https:\/\/vpdanses.fr\/home\/bienvenue-chez-vp-danses-hazebrouck\/wp-json\/wp\/v2\/tribe_events\/10305\/revisions"}],"predecessor-version":[{"id":13781,"href":"https:\/\/vpdanses.fr\/home\/bienvenue-chez-vp-danses-hazebrouck\/wp-json\/wp\/v2\/tribe_events\/10305\/revisions\/13781"}],"wp:featuredmedia":[{"embeddable":true,"href":"https:\/\/vpdanses.fr\/home\/bienvenue-chez-vp-danses-hazebrouck\/wp-json\/wp\/v2\/media\/10309"}],"wp:attachment":[{"href":"https:\/\/vpdanses.fr\/home\/bienvenue-chez-vp-danses-hazebrouck\/wp-json\/wp\/v2\/media?parent=10305"}],"wp:term":[{"taxonomy":"post_tag","embeddable":true,"href":"https:\/\/vpdanses.fr\/home\/bienvenue-chez-vp-danses-hazebrouck\/wp-json\/wp\/v2\/tags?post=10305"},{"taxonomy":"tribe_events_cat","embeddable":true,"href":"https:\/\/vpdanses.fr\/home\/bienvenue-chez-vp-danses-hazebrouck\/wp-json\/wp\/v2\/tribe_events_cat?post=10305"}],"curies":[{"name":"wp","href":"https:\/\/api.w.org\/{rel}","templated":true}]}}