{"id":10324,"date":"2024-12-13T07:00:52","date_gmt":"2024-12-13T06:00:52","guid":{"rendered":"https:\/\/vpdanses.fr\/home\/bienvenue-chez-vp-danses-hazebrouck\/?post_type=tribe_events&#038;p=10324"},"modified":"2025-02-24T04:52:04","modified_gmt":"2025-02-24T03:52:04","slug":"invitation-au-the-dansant","status":"publish","type":"tribe_events","link":"https:\/\/vpdanses.fr\/home\/bienvenue-chez-vp-danses-hazebrouck\/evenement\/invitation-au-the-dansant\/","title":{"rendered":"Invitation au Th\u00e9 Dansant organis\u00e9 par le Club de danse &lsquo;ASCENDANCE&rsquo;, Caestre (59190)"},"content":{"rendered":"<div  class=\"tribe-events-schedule tribe-clearfix\" >\n\t<p class=\"tribe-events-schedule__datetime\">\n\t\t<span class=\"tribe-events-schedule__date tribe-events-schedule__date--start\">\n\t\t\t2 mars 2025\t\t<\/span>\n\n\t\t\t\t\t<span class=\"tribe-events-schedule__separator tribe-events-schedule__separator--date\">\n\t\t\t\t &gt; \t\t\t<\/span>\n\t\t\t<span class=\"tribe-events-schedule__time tribe-events-schedule__time--start\">\n\t\t\t\t15h00\t\t\t<\/span>\n\t\t\n\t\t\t\t\t\t\t\t\t<span class=\"tribe-events-schedule__separator tribe-events-schedule__separator--time\">\n\t\t\t\t\t &#8211; \t\t\t\t<\/span>\n\t\t\t\n\t\t\t\t\t\t\t<span class=\"tribe-events-schedule__time tribe-events-schedule__time--end\">\n\t\t\t\t\t19h00\t\t\t\t<\/span>\n\t\t\t\n\t\t\t\t\t\t<\/p>\n<\/div>\n\n\n\n<hr class=\"wp-block-separator has-text-color has-primary-color has-alpha-channel-opacity has-primary-background-color has-background is-style-wide\"\/>\n\n\n\n<p class=\"has-primary-background-color has-background\">Chers danseurs, le club de danse <a href=\"https:\/\/www.facebook.com\/sven.balcerzak\">ASCENDANCE<\/a> informe avec regret que le Th\u00e9 dansant pr\u00e9vu le 2 mars 2025 est annul\u00e9 en raison d\u2019un nombre insuffisant de r\u00e9servations. Malgr\u00e9 cette d\u00e9cision, le club reste enthousiaste et d\u00e9termin\u00e9 \u00e0 organiser de futurs \u00e9v\u00e9nements qui rassembleront les passionn\u00e9s de danse dans une ambiance conviviale et festive. Restez connect\u00e9(e)s pour d\u00e9couvrir les prochaines initiatives d\u2019<a href=\"https:\/\/www.facebook.com\/sven.balcerzak\">ASCENDANCE<\/a>, toujours port\u00e9es par l\u2019amour de la danse et du partage !<\/p>\n\n\n\n<hr class=\"wp-block-separator has-text-color has-primary-color has-alpha-channel-opacity has-primary-background-color has-background is-style-wide\"\/>\n\n\n\n<p class=\"has-secondary-color has-text-color has-link-color wp-elements-684d1269191470eecc2ed6aa5b05c37c\"><strong>Vous \u00eates cordialement invit\u00e9(e) \u00e0 un Th\u00e9 Dansant organis\u00e9 par le club de danse ASCENDANCE !<\/strong><\/p>\n\n\n\n<p class=\"has-secondary-color has-text-color has-link-color wp-elements-a08aa0beec361619bb4ca9882866d4a9\">Venez profiter d&rsquo;une apr\u00e8s-midi conviviale o\u00f9 vous pourrez admirer des&nbsp;<strong>d\u00e9monstrations de danses sportives<\/strong>&nbsp;et de&nbsp;<strong>danses de loisirs<\/strong>. Que vous soyez danseuse, danseur, jeune ou moins jeune, ou simplement passionn\u00e9(e) par la danse, cet \u00e9v\u00e9nement est fait pour VOUS !<\/p>\n\n\n\n<p class=\"has-secondary-color has-text-color has-link-color wp-elements-b43092565dd3efa2e4d65417e9314b62\"><strong>Au programme :<\/strong><\/p>\n\n\n\n<ul class=\"wp-block-list has-secondary-color has-text-color has-link-color wp-elements-9feb4117f2ad65de7fdb1eeaa510e453\">\n<li>D\u00e9monstrations de <strong>danses sportives<\/strong> et de <strong>danses de loisirs<\/strong><\/li>\n\n\n\n<li>Moments de danse libre<\/li>\n\n\n\n<li>Rafra\u00eechissements et douceurs<\/li>\n<\/ul>\n\n\n\n<p class=\"has-secondary-color has-text-color has-link-color wp-elements-74c92232be2da98fe3e22c57f3d6f6e5\"><strong>N&rsquo;oubliez pas d&rsquo;apporter vos ami(e)s et votre bonne humeur !<\/strong><br>Nous vous attendons nombreuses et nombreux pour partager ensemble cette belle exp\u00e9rience dansante.<\/p>\n\n\n\n<p class=\"has-secondary-color has-text-color has-link-color wp-elements-8375882d109ab226a72380e8bd653bb8\">Pour toute question, n&rsquo;h\u00e9sitez pas \u00e0 nous contacter. <strong>\u00c0 tr\u00e8s vite sur la piste de danse !<\/strong><\/p>\n\n\n<div  class=\"tribe-block tribe-block__event-price\" >\n\t\t\t<span class=\"tribe-block__event-price__cost\"> 10\u20ac <\/span>\n\t\t\t\t<span class=\"tribe-block__event-price__description\">Incluant une part de g\u00e2teau<\/span>\n\t<\/div>\n\n\n<div  class=\"tribe-block tribe-block__organizer__details tribe-clearfix\" >\n\t<div class=\"tribe-block__organizer__title\">\n\t\t<h3><a href=\"https:\/\/vpdanses.fr\/home\/bienvenue-chez-vp-danses-hazebrouck\/organisateur\/\" title=\"ASCENDANCE\" target=\"_self\" rel=\"\">ASCENDANCE<\/a><\/h3>\n\t<\/div>\n\t\t\t<p class=\"tribe-block__organizer__phone\">06.87.95.14.28 \/ 03.28.48.76.54<\/p>\n\t\t\t\t<p class=\"tribe-block__organizer__website\"><a href=\"https:\/\/www.facebook.com\/sven.balcerzak\" target=\"_self\" rel=\"external\">Voir le site Organisateur<\/a><\/p>\n\t\t\t\t<p class=\"tribe-block__organizer__email\">&#106;&#101;an&#046;&#110;o.car&#112;enti&#101;r&#064;&#103;m&#097;il.&#099;&#111;m<\/p>\n\t<\/div>\n\n\n<div  class=\"tribe-block tribe-block__venue tribe-clearfix tribe-block__venue--has-map\" >\n\t\n\t\n<div class=\"tribe-block__venue__meta\">\n\t<div class=\"tribe-block__venue__name\">\n\t\t<h3><a href=\"https:\/\/vpdanses.fr\/home\/bienvenue-chez-vp-danses-hazebrouck\/lieu\/\" title=\"Salle des F\u00eates CAESTRE (59190)\">Salle des F\u00eates CAESTRE (59190)<\/a><\/h3>\n\t<\/div>\n\n\t\n\t\t\t\t\t\t<address class=\"tribe-block__venue__address\">\n\t\t\t\t<span class=\"tribe-address\">\n\n<span class=\"tribe-street-address\">Rue du chevalier aveugle<\/span>\n\t\n\t\t<br>\n\t\t<span class=\"tribe-locality\">CAESTRE<\/span><span class=\"tribe-delimiter\">,<\/span>\n\n\n\t<span class=\"tribe-postal-code\">59190<\/span>\n\n\t<span class=\"tribe-country-name\">France<\/span>\n\n<\/span>\n\n\t\t\t\t\t\t\t\t\t<a class=\"tribe-events-gmap\" href=\"https:\/\/maps.google.com\/maps?f=q&#038;source=s_q&#038;hl=en&#038;geocode=&#038;q=Rue+du+chevalier+aveugle+CAESTRE+59190+France\" title=\"Cliquez pour voir une carte Google Map\" target=\"_blank\" rel=\"noreferrer noopener\">+ Google Map<\/a>\t\t\t\t\t\t\t<\/address>\n\t\t\n\t\t\n\t\t\t\t\t<span class=\"tribe-block__venue__website\"><a href=\"https:\/\/www.caestre.fr\/fr\/\" target=\"_self\" rel=\"external\">Voir Lieu site web<\/a><\/span><br \/>\n\t\t\t\n\t<\/div>\n\t\n<div class=\"tribe-block__venue__map\">\n\t\n<iframe loading=\"lazy\"\n  title=\"L\u2018iframe Google maps affichant l\u2019adresse \u00e0 Salle des F\u00eates CAESTRE (59190)\"\n  aria-label=\"Plan des lieux\"\n  width=\"310px\"\n  height=\"256px\"\n  frameborder=\"0\" style=\"border:0\"\n  src=\"https:\/\/www.google.com\/maps\/embed\/v1\/place?key=AIzaSyDNsicAsP6-VuGtAb1O9riI3oc_NOb7IOU&#038;q=Rue+du+chevalier+aveugle+CAESTRE+59190+France+&#038;zoom=11\" allowfullscreen>\n<\/iframe>\n<\/div>\n\n\t<\/div>\n\n\n\n\n\n<div style=\"height:23px\" aria-hidden=\"true\" class=\"wp-block-spacer\"><\/div>\n\n\n\n<hr class=\"wp-block-separator has-alpha-channel-opacity\"\/>\n\n\n\n<h2 class=\"wp-block-heading\">Affiche du Th\u00e9 Dansant :<\/h2>\n\n\n\n<figure class=\"wp-block-image size-large\"><noscript><img loading=\"lazy\" decoding=\"async\" width=\"728\" height=\"1024\" data-skip-lazy src=\"https:\/\/vpdanses.fr\/wp-content\/uploads\/2025\/02\/2025-03-12.Spectacle_the_dansant_ANNULE-728x1024.png\" alt=\"Th\u00e9 dansant du 2 Mars 2025 organis\u00e9 par l'association de danses ASCENDANCE, \u00e0 Ca\u00ebstre\" class=\"wp-image-11389\" srcset=\"https:\/\/vpdanses.fr\/wp-content\/uploads\/2025\/02\/2025-03-12.Spectacle_the_dansant_ANNULE-728x1024.png 728w, https:\/\/vpdanses.fr\/wp-content\/uploads\/2025\/02\/2025-03-12.Spectacle_the_dansant_ANNULE-213x300.png 213w, https:\/\/vpdanses.fr\/wp-content\/uploads\/2025\/02\/2025-03-12.Spectacle_the_dansant_ANNULE-768x1081.png 768w, https:\/\/vpdanses.fr\/wp-content\/uploads\/2025\/02\/2025-03-12.Spectacle_the_dansant_ANNULE-500x704.png 500w, https:\/\/vpdanses.fr\/wp-content\/uploads\/2025\/02\/2025-03-12.Spectacle_the_dansant_ANNULE.png 800w\" sizes=\"auto, (max-width: 728px) 100vw, 728px\" \/><\/noscript><img loading=\"eager\" decoding=\"async\" width=\"728\" height=\"1024\" src=\"https:\/\/vpdanses.fr\/wp-content\/uploads\/2025\/02\/2025-03-12.Spectacle_the_dansant_ANNULE-728x1024.png\" alt=\"Th\u00e9 dansant du 2 Mars 2025 organis\u00e9 par l&#039;association de danses ASCENDANCE, \u00e0 Ca\u00ebstre\" class=\"wp-image-11389 vp-lazyload\" srcset=\"data:image\/svg+xml;base64,PHN2ZyB3aWR0aD0iNzI4IiBoZWlnaHQ9IjEwMjQiIHZpZXdCb3g9IjAgMCA3MjggMTAyNCIgZmlsbD0ibm9uZSIgeG1sbnM9Imh0dHA6Ly93d3cudzMub3JnLzIwMDAvc3ZnIj48L3N2Zz4=\" data-src=\"https:\/\/vpdanses.fr\/wp-content\/uploads\/2025\/02\/2025-03-12.Spectacle_the_dansant_ANNULE-728x1024.png\" data-srcset=\"https:\/\/vpdanses.fr\/wp-content\/uploads\/2025\/02\/2025-03-12.Spectacle_the_dansant_ANNULE-728x1024.png 728w, https:\/\/vpdanses.fr\/wp-content\/uploads\/2025\/02\/2025-03-12.Spectacle_the_dansant_ANNULE-213x300.png 213w, https:\/\/vpdanses.fr\/wp-content\/uploads\/2025\/02\/2025-03-12.Spectacle_the_dansant_ANNULE-768x1081.png 768w, https:\/\/vpdanses.fr\/wp-content\/uploads\/2025\/02\/2025-03-12.Spectacle_the_dansant_ANNULE-500x704.png 500w, https:\/\/vpdanses.fr\/wp-content\/uploads\/2025\/02\/2025-03-12.Spectacle_the_dansant_ANNULE.png 800w\" data-sizes=\"auto\"><figcaption class=\"wp-element-caption\">Th\u00e9 dansant du 2 Mars 2025 organis\u00e9 par l&rsquo;association de danses ASCENDANCE, \u00e0 Ca\u00ebstre<\/figcaption><\/figure>\n\n\n\n<div style=\"height:20px\" aria-hidden=\"true\" class=\"wp-block-spacer\"><\/div>\n\n\n\n<hr class=\"wp-block-separator has-alpha-channel-opacity\"\/>\n\n\n\n<p class=\"has-secondary-color has-text-color has-link-color has-large-font-size wp-elements-65ef2fc0fb33d632da7a7802875924bf\"><strong>Dansez avec Passion avec le Professeur Sven BALCERZAK !<\/strong>&nbsp;<\/p>\n\n\n\n<div style=\"height:11px\" aria-hidden=\"true\" class=\"wp-block-spacer\"><\/div>\n\n\n\n<figure class=\"wp-block-image size-large\"><noscript><img loading=\"lazy\" decoding=\"async\" width=\"1024\" height=\"568\" data-skip-lazy src=\"https:\/\/vpdanses.fr\/wp-content\/uploads\/2024\/12\/Page_web_Sven_BALCERZAC-1024x568.png\" alt=\"Sven BALCERZAK, cours particuliers de danses sportives et de danses de loisir\" class=\"wp-image-10334\" srcset=\"https:\/\/vpdanses.fr\/wp-content\/uploads\/2024\/12\/Page_web_Sven_BALCERZAC-1024x568.png 1024w, https:\/\/vpdanses.fr\/wp-content\/uploads\/2024\/12\/Page_web_Sven_BALCERZAC-300x166.png 300w, https:\/\/vpdanses.fr\/wp-content\/uploads\/2024\/12\/Page_web_Sven_BALCERZAC-768x426.png 768w, https:\/\/vpdanses.fr\/wp-content\/uploads\/2024\/12\/Page_web_Sven_BALCERZAC-1536x852.png 1536w, https:\/\/vpdanses.fr\/wp-content\/uploads\/2024\/12\/Page_web_Sven_BALCERZAC-2048x1136.png 2048w\" sizes=\"auto, (max-width: 1024px) 100vw, 1024px\" \/><\/noscript><img loading=\"eager\" decoding=\"async\" width=\"1024\" height=\"568\" src=\"https:\/\/vpdanses.fr\/wp-content\/uploads\/2024\/12\/Page_web_Sven_BALCERZAC-1024x568.png\" alt=\"Sven BALCERZAK, cours particuliers de danses sportives et de danses de loisir\" class=\"wp-image-10334 vp-lazyload\" srcset=\"data:image\/svg+xml;base64,PHN2ZyB3aWR0aD0iMTAyNCIgaGVpZ2h0PSI1NjgiIHZpZXdCb3g9IjAgMCAxMDI0IDU2OCIgZmlsbD0ibm9uZSIgeG1sbnM9Imh0dHA6Ly93d3cudzMub3JnLzIwMDAvc3ZnIj48L3N2Zz4=\" data-src=\"https:\/\/vpdanses.fr\/wp-content\/uploads\/2024\/12\/Page_web_Sven_BALCERZAC-1024x568.png\" data-srcset=\"https:\/\/vpdanses.fr\/wp-content\/uploads\/2024\/12\/Page_web_Sven_BALCERZAC-1024x568.png 1024w, https:\/\/vpdanses.fr\/wp-content\/uploads\/2024\/12\/Page_web_Sven_BALCERZAC-300x166.png 300w, https:\/\/vpdanses.fr\/wp-content\/uploads\/2024\/12\/Page_web_Sven_BALCERZAC-768x426.png 768w, https:\/\/vpdanses.fr\/wp-content\/uploads\/2024\/12\/Page_web_Sven_BALCERZAC-1536x852.png 1536w, https:\/\/vpdanses.fr\/wp-content\/uploads\/2024\/12\/Page_web_Sven_BALCERZAC-2048x1136.png 2048w\" data-sizes=\"auto\"><figcaption class=\"wp-element-caption\">Sven BALCERZAK, cours particuliers de danses sportives et de danses de loisir<\/figcaption><\/figure>\n\n\n\n<p class=\"has-secondary-color has-text-color has-link-color wp-elements-c1ac55acaabb8ee0bae7558db6dc9055\">\u00cates-vous pr\u00eat(e) \u00e0 faire vibrer votre corps au rythme de la musique ? Rejoignez le talentueux&nbsp;<strong><span style=\"text-decoration: underline;\"><a href=\"https:\/\/www.facebook.com\/sven.balcerzak\" target=\"_blank\" rel=\"noopener\" title=\"\">Professeur Sven BALCERZAK<\/a><\/span><\/strong>, expert en danses sportives et de loisirs, pour des cours inoubliables !<\/p>\n\n\n\n<p class=\"has-secondary-color has-text-color has-link-color wp-elements-ab68fcb596d85f676f57eb8e5cf2d925\"><strong>O\u00f9 et Quand ?<\/strong><\/p>\n\n\n\n<ul class=\"wp-block-list has-secondary-color has-text-color has-link-color wp-elements-e6c1939a757df0b8ce7817bf6a429472\">\n<li><strong>Samedis \u00e0 CAESTRE<\/strong><\/li>\n\n\n\n<li><strong>Dimanches \u00e0 ISBERGUES<\/strong><\/li>\n<\/ul>\n\n\n\n<p class=\"has-secondary-color has-text-color has-link-color wp-elements-d2094564acb9699871fd3789c3423167\">Que vous soyez danseurs en herbe, danseurs exp\u00e9riment\u00e9s, artistes de diff\u00e9rents \u00e2ges, jeunes talents ou v\u00e9t\u00e9rans de la danse,  <a href=\"https:\/\/www.facebook.com\/sven.balcerzak\" target=\"_blank\" rel=\"noopener\" title=\"\"><span style=\"text-decoration: underline;\">Sven<\/span><\/a> vous guidera avec enthousiasme et expertise.&nbsp;<strong>Laissez-vous emporter par la magie de la danse et d\u00e9couvrez le plaisir de bouger !<\/strong><\/p>\n\n\n\n<p class=\"has-secondary-color has-text-color has-link-color wp-elements-0ecec2cbee9060ee1dbcde405ecac251\"><strong>Pourquoi choisir les cours de <a href=\"https:\/\/www.facebook.com\/sven.balcerzak\" target=\"_blank\" rel=\"noopener\" title=\"\"><span style=\"text-decoration: underline;\">Sven<\/span><\/a> ?<\/strong><\/p>\n\n\n\n<ul class=\"wp-block-list has-secondary-color has-text-color has-link-color wp-elements-703377cf44801a4319a167a189252752\">\n<li>S\u00e9rieux et expertise dans l&rsquo;enseignement de la danse<\/li>\n\n\n\n<li>A l&rsquo;\u00e9coute de ses danseuses et danseurs<\/li>\n\n\n\n<li>Ambiance conviviale et chaleureuse<\/li>\n\n\n\n<li>Apprentissage dynamique et ludique<\/li>\n\n\n\n<li>D\u00e9veloppement de la confiance en soi<\/li>\n<\/ul>\n\n\n\n<p class=\"has-secondary-color has-text-color has-link-color wp-elements-653f23d54306fd5e9a5e37099528497f\">Ne manquez pas cette opportunit\u00e9 de danser, de vous amuser et de rencontrer de nouvelles personnes ! <strong><a href=\"https:\/\/www.facebook.com\/sven.balcerzak\" target=\"_blank\" rel=\"noopener\" title=\"\"><span style=\"text-decoration: underline;\">Rejoignez-nous<\/span><\/a> et laissez la danse transformer votre vie !<\/strong>&nbsp;<\/p>\n\n\n\n<p class=\"has-secondary-color has-text-color has-link-color wp-elements-941dafb2f41e2ff3235e0c893339414d\">Pour plus d&rsquo;informations, <a href=\"https:\/\/www.facebook.com\/sven.balcerzak\" target=\"_blank\" rel=\"noopener\" title=\"\"><span style=\"text-decoration: underline;\">contactez Sven<\/span><\/a> d\u00e8s aujourd&rsquo;hui et faites le premier pas vers une aventure dansante !<\/p>\n\n\n\n<div style=\"height:58px\" aria-hidden=\"true\" class=\"wp-block-spacer\"><\/div>\n\n\n\n<p><\/p>\n","protected":false},"excerpt":{"rendered":"<p>Chers danseurs, le club de danse ASCENDANCE informe avec regret que le Th\u00e9 dansant pr\u00e9vu le 2 mars 2025 est annul\u00e9 en raison d\u2019un nombre insuffisant de r\u00e9servations. Malgr\u00e9 cette [&hellip;]<\/p>\n","protected":false},"author":1,"featured_media":11389,"template":"","meta":{"_uag_custom_page_level_css":"","_price":"","_stock":"","_tribe_ticket_header":"","_tribe_default_ticket_provider":"","_tribe_ticket_capacity":"0","_ticket_start_date":"","_ticket_end_date":"","_tribe_ticket_show_description":"","_tribe_ticket_show_not_going":false,"_tribe_ticket_use_global_stock":"","_tribe_ticket_global_stock_level":"","_global_stock_mode":"","_global_stock_cap":"","_tribe_rsvp_for_event":"","_tribe_ticket_going_count":"","_tribe_ticket_not_going_count":"","_tribe_tickets_list":"[]","_tribe_ticket_has_attendee_info_fields":false,"_EventAllDay":false,"_EventTimezone":"Europe\/Paris","_EventStartDate":"2025-03-02 15:00:00","_EventEndDate":"2025-03-02 19:00:00","_EventStartDateUTC":"2025-03-02 14:00:00","_EventEndDateUTC":"2025-03-02 18:00:00","_EventShowMap":false,"_EventShowMapLink":false,"_EventURL":"","_EventCost":"10","_EventCostDescription":"","_EventCurrencySymbol":"\u20ac","_EventCurrencyCode":"EUR","_EventCurrencyPosition":"suffix","_EventDateTimeSeparator":" > ","_EventTimeRangeSeparator":" - ","_EventOrganizerID":[10326],"_EventVenueID":[10327],"_OrganizerEmail":"","_OrganizerPhone":"","_OrganizerWebsite":"","_VenueAddress":"","_VenueCity":"","_VenueCountry":"","_VenueProvince":"","_VenueState":"","_VenueZip":"","_VenuePhone":"","_VenueURL":"","_VenueStateProvince":"","_VenueLat":"","_VenueLng":"","_VenueShowMap":false,"_VenueShowMapLink":false,"_tribe_events_status":"canceled","_tribe_events_status_reason":"","footnotes":"","_tec_slr_enabled":"","_tec_slr_layout":""},"tags":[201],"tribe_events_cat":[170,169,171],"class_list":["post-10324","tribe_events","type-tribe_events","status-publish","has-post-thumbnail","hentry","tag-ascendance","tribe_events_cat-danse-sportive","tribe_events_cat-danses-de-salons","tribe_events_cat-sven-balcezac","cat_danse-sportive","cat_danses-de-salons","cat_sven-balcezac","tribe-events-status__list-event-canceled"],"yoast_head":"<!-- This site is optimized with the Yoast SEO Premium plugin v25.6 (Yoast SEO v25.6) - https:\/\/yoast.com\/wordpress\/plugins\/seo\/ -->\n<title>Invitation au Th\u00e9 Dansant organis\u00e9 par le Club de danse &#039;ASCENDANCE&#039;, Caestre (59190) - VP DANSES, cours de Danse Sportive \u00e0 Aire-sur-la-Lys et \u00e0 Saint-Jans-Cappel (Hauts-de-France)<\/title>\n<meta name=\"robots\" content=\"index, follow, max-snippet:-1, max-image-preview:large, max-video-preview:-1\" \/>\n<link rel=\"canonical\" href=\"https:\/\/vpdanses.fr\/home\/bienvenue-chez-vp-danses-hazebrouck\/evenement\/invitation-au-the-dansant\/\" \/>\n<meta property=\"og:locale\" content=\"fr_FR\" \/>\n<meta property=\"og:type\" content=\"article\" \/>\n<meta property=\"og:title\" content=\"Invitation au Th\u00e9 Dansant organis\u00e9 par le Club de danse &#039;ASCENDANCE&#039;, Caestre (59190)\" \/>\n<meta property=\"og:description\" content=\"Chers danseurs, le club de danse ASCENDANCE informe avec regret que le Th\u00e9 dansant pr\u00e9vu le 2 mars 2025 est annul\u00e9 en raison d\u2019un nombre insuffisant de r\u00e9servations. Malgr\u00e9 cette [&hellip;]\" \/>\n<meta property=\"og:url\" content=\"https:\/\/vpdanses.fr\/home\/bienvenue-chez-vp-danses-hazebrouck\/evenement\/invitation-au-the-dansant\/\" \/>\n<meta property=\"og:site_name\" content=\"VP DANSES, cours de Danse Sportive \u00e0 Aire-sur-la-Lys et \u00e0 Saint-Jans-Cappel (Hauts-de-France)\" \/>\n<meta property=\"article:modified_time\" content=\"2025-02-24T03:52:04+00:00\" \/>\n<meta property=\"og:image\" content=\"https:\/\/vpdanses.fr\/wp-content\/uploads\/2025\/02\/2025-03-12.Spectacle_the_dansant_ANNULE.png\" \/>\n\t<meta property=\"og:image:width\" content=\"800\" \/>\n\t<meta property=\"og:image:height\" content=\"1126\" \/>\n\t<meta property=\"og:image:type\" content=\"image\/png\" \/>\n<meta name=\"twitter:card\" content=\"summary_large_image\" \/>\n<meta name=\"twitter:label1\" content=\"Dur\u00e9e de lecture estim\u00e9e\" \/>\n\t<meta name=\"twitter:data1\" content=\"3 minutes\" \/>\n<script type=\"application\/ld+json\" class=\"yoast-schema-graph\">{\"@context\":\"https:\/\/schema.org\",\"@graph\":[{\"@type\":\"WebPage\",\"@id\":\"https:\/\/vpdanses.fr\/home\/bienvenue-chez-vp-danses-hazebrouck\/evenement\/invitation-au-the-dansant\/\",\"url\":\"https:\/\/vpdanses.fr\/home\/bienvenue-chez-vp-danses-hazebrouck\/evenement\/invitation-au-the-dansant\/\",\"name\":\"Invitation au Th\u00e9 Dansant organis\u00e9 par le Club de danse 'ASCENDANCE', Caestre (59190) - VP DANSES, cours de Danse Sportive \u00e0 Aire-sur-la-Lys et \u00e0 Saint-Jans-Cappel (Hauts-de-France)\",\"isPartOf\":{\"@id\":\"https:\/\/vpdanses.fr\/home\/bienvenue-chez-vp-danses-hazebrouck\/#website\"},\"primaryImageOfPage\":{\"@id\":\"https:\/\/vpdanses.fr\/home\/bienvenue-chez-vp-danses-hazebrouck\/evenement\/invitation-au-the-dansant\/#primaryimage\"},\"image\":{\"@id\":\"https:\/\/vpdanses.fr\/home\/bienvenue-chez-vp-danses-hazebrouck\/evenement\/invitation-au-the-dansant\/#primaryimage\"},\"thumbnailUrl\":\"https:\/\/vpdanses.fr\/wp-content\/uploads\/2025\/02\/2025-03-12.Spectacle_the_dansant_ANNULE.png\",\"datePublished\":\"2024-12-13T06:00:52+00:00\",\"dateModified\":\"2025-02-24T03:52:04+00:00\",\"breadcrumb\":{\"@id\":\"https:\/\/vpdanses.fr\/home\/bienvenue-chez-vp-danses-hazebrouck\/evenement\/invitation-au-the-dansant\/#breadcrumb\"},\"inLanguage\":\"fr-FR\",\"potentialAction\":[{\"@type\":\"ReadAction\",\"target\":[\"https:\/\/vpdanses.fr\/home\/bienvenue-chez-vp-danses-hazebrouck\/evenement\/invitation-au-the-dansant\/\"]}]},{\"@type\":\"ImageObject\",\"inLanguage\":\"fr-FR\",\"@id\":\"https:\/\/vpdanses.fr\/home\/bienvenue-chez-vp-danses-hazebrouck\/evenement\/invitation-au-the-dansant\/#primaryimage\",\"url\":\"https:\/\/vpdanses.fr\/wp-content\/uploads\/2025\/02\/2025-03-12.Spectacle_the_dansant_ANNULE.png\",\"contentUrl\":\"https:\/\/vpdanses.fr\/wp-content\/uploads\/2025\/02\/2025-03-12.Spectacle_the_dansant_ANNULE.png\",\"width\":800,\"height\":1126,\"caption\":\"Th\u00e9 dansant du 2 Mars 2025 organis\u00e9 par l'association de danses ASCENDANCE, \u00e0 Ca\u00ebstre\"},{\"@type\":\"BreadcrumbList\",\"@id\":\"https:\/\/vpdanses.fr\/home\/bienvenue-chez-vp-danses-hazebrouck\/evenement\/invitation-au-the-dansant\/#breadcrumb\",\"itemListElement\":[{\"@type\":\"ListItem\",\"position\":1,\"name\":\"Accueil\",\"item\":\"https:\/\/vpdanses.fr\/home\/bienvenue-chez-vp-danses-hazebrouck\/\"},{\"@type\":\"ListItem\",\"position\":2,\"name\":\"\u00c9v\u00e8nements\",\"item\":\"https:\/\/vpdanses.fr\/home\/bienvenue-chez-vp-danses-hazebrouck\/dates\/\"},{\"@type\":\"ListItem\",\"position\":3,\"name\":\"Invitation au Th\u00e9 Dansant organis\u00e9 par le Club de danse &lsquo;ASCENDANCE&rsquo;, Caestre (59190)\"}]},{\"@type\":\"WebSite\",\"@id\":\"https:\/\/vpdanses.fr\/home\/bienvenue-chez-vp-danses-hazebrouck\/#website\",\"url\":\"https:\/\/vpdanses.fr\/home\/bienvenue-chez-vp-danses-hazebrouck\/\",\"name\":\"VP DANSES, cours de Danse Sportive \u00e0 Aire-sur-la-Lys et \u00e0 Saint-Jans-Cappel (Hauts-de-France)\",\"description\":\"Cours de Danse Sportive STANDARD (valse anglaise, tango, valse viennoise, slowfox, quickstep), danses sportives LATINES (samba, chacha, rumba, paso doble, jive), danses de bal, danses de salons, danses de loisirs, salsa, rock 4 temps, rock 6 temps, danses en ligne, disco, \u2026 Lieu : Hazebrouck, Aire-sur-la-Lys, Saint-Jans-Cappel et Isbergues (Hauts-de-France) - Cours Particuliers dans les Hauts-de-France - Ouverture de bal de Mariage\",\"publisher\":{\"@id\":\"https:\/\/vpdanses.fr\/home\/bienvenue-chez-vp-danses-hazebrouck\/#organization\"},\"potentialAction\":[{\"@type\":\"SearchAction\",\"target\":{\"@type\":\"EntryPoint\",\"urlTemplate\":\"https:\/\/vpdanses.fr\/home\/bienvenue-chez-vp-danses-hazebrouck\/?s={search_term_string}\"},\"query-input\":{\"@type\":\"PropertyValueSpecification\",\"valueRequired\":true,\"valueName\":\"search_term_string\"}}],\"inLanguage\":\"fr-FR\"},{\"@type\":\"Organization\",\"@id\":\"https:\/\/vpdanses.fr\/home\/bienvenue-chez-vp-danses-hazebrouck\/#organization\",\"name\":\"VP DANSES, cours de Danse Sportive \u00e0 Aire-sur-la-Lys et \u00e0 Saint-Jans-Cappel (Hauts-de-France)\",\"url\":\"https:\/\/vpdanses.fr\/home\/bienvenue-chez-vp-danses-hazebrouck\/\",\"logo\":{\"@type\":\"ImageObject\",\"inLanguage\":\"fr-FR\",\"@id\":\"https:\/\/vpdanses.fr\/home\/bienvenue-chez-vp-danses-hazebrouck\/#\/schema\/logo\/image\/\",\"url\":\"https:\/\/vpdanses.fr\/wp-content\/uploads\/2024\/10\/logo_cadanse_asaintjans.jpeg\",\"contentUrl\":\"https:\/\/vpdanses.fr\/wp-content\/uploads\/2024\/10\/logo_cadanse_asaintjans.jpeg\",\"width\":225,\"height\":225,\"caption\":\"VP DANSES, cours de Danse Sportive \u00e0 Aire-sur-la-Lys et \u00e0 Saint-Jans-Cappel (Hauts-de-France)\"},\"image\":{\"@id\":\"https:\/\/vpdanses.fr\/home\/bienvenue-chez-vp-danses-hazebrouck\/#\/schema\/logo\/image\/\"}}]}<\/script>\n<!-- \/ Yoast SEO Premium plugin. -->","yoast_head_json":{"title":"Invitation au Th\u00e9 Dansant organis\u00e9 par le Club de danse 'ASCENDANCE', Caestre (59190) - VP DANSES, cours de Danse Sportive \u00e0 Aire-sur-la-Lys et \u00e0 Saint-Jans-Cappel (Hauts-de-France)","robots":{"index":"index","follow":"follow","max-snippet":"max-snippet:-1","max-image-preview":"max-image-preview:large","max-video-preview":"max-video-preview:-1"},"canonical":"https:\/\/vpdanses.fr\/home\/bienvenue-chez-vp-danses-hazebrouck\/evenement\/invitation-au-the-dansant\/","og_locale":"fr_FR","og_type":"article","og_title":"Invitation au Th\u00e9 Dansant organis\u00e9 par le Club de danse 'ASCENDANCE', Caestre (59190)","og_description":"Chers danseurs, le club de danse ASCENDANCE informe avec regret que le Th\u00e9 dansant pr\u00e9vu le 2 mars 2025 est annul\u00e9 en raison d\u2019un nombre insuffisant de r\u00e9servations. Malgr\u00e9 cette [&hellip;]","og_url":"https:\/\/vpdanses.fr\/home\/bienvenue-chez-vp-danses-hazebrouck\/evenement\/invitation-au-the-dansant\/","og_site_name":"VP DANSES, cours de Danse Sportive \u00e0 Aire-sur-la-Lys et \u00e0 Saint-Jans-Cappel (Hauts-de-France)","article_modified_time":"2025-02-24T03:52:04+00:00","og_image":[{"width":800,"height":1126,"url":"https:\/\/vpdanses.fr\/wp-content\/uploads\/2025\/02\/2025-03-12.Spectacle_the_dansant_ANNULE.png","type":"image\/png"}],"twitter_card":"summary_large_image","twitter_misc":{"Dur\u00e9e de lecture estim\u00e9e":"3 minutes"},"schema":{"@context":"https:\/\/schema.org","@graph":[{"@type":"WebPage","@id":"https:\/\/vpdanses.fr\/home\/bienvenue-chez-vp-danses-hazebrouck\/evenement\/invitation-au-the-dansant\/","url":"https:\/\/vpdanses.fr\/home\/bienvenue-chez-vp-danses-hazebrouck\/evenement\/invitation-au-the-dansant\/","name":"Invitation au Th\u00e9 Dansant organis\u00e9 par le Club de danse 'ASCENDANCE', Caestre (59190) - VP DANSES, cours de Danse Sportive \u00e0 Aire-sur-la-Lys et \u00e0 Saint-Jans-Cappel (Hauts-de-France)","isPartOf":{"@id":"https:\/\/vpdanses.fr\/home\/bienvenue-chez-vp-danses-hazebrouck\/#website"},"primaryImageOfPage":{"@id":"https:\/\/vpdanses.fr\/home\/bienvenue-chez-vp-danses-hazebrouck\/evenement\/invitation-au-the-dansant\/#primaryimage"},"image":{"@id":"https:\/\/vpdanses.fr\/home\/bienvenue-chez-vp-danses-hazebrouck\/evenement\/invitation-au-the-dansant\/#primaryimage"},"thumbnailUrl":"https:\/\/vpdanses.fr\/wp-content\/uploads\/2025\/02\/2025-03-12.Spectacle_the_dansant_ANNULE.png","datePublished":"2024-12-13T06:00:52+00:00","dateModified":"2025-02-24T03:52:04+00:00","breadcrumb":{"@id":"https:\/\/vpdanses.fr\/home\/bienvenue-chez-vp-danses-hazebrouck\/evenement\/invitation-au-the-dansant\/#breadcrumb"},"inLanguage":"fr-FR","potentialAction":[{"@type":"ReadAction","target":["https:\/\/vpdanses.fr\/home\/bienvenue-chez-vp-danses-hazebrouck\/evenement\/invitation-au-the-dansant\/"]}]},{"@type":"ImageObject","inLanguage":"fr-FR","@id":"https:\/\/vpdanses.fr\/home\/bienvenue-chez-vp-danses-hazebrouck\/evenement\/invitation-au-the-dansant\/#primaryimage","url":"https:\/\/vpdanses.fr\/wp-content\/uploads\/2025\/02\/2025-03-12.Spectacle_the_dansant_ANNULE.png","contentUrl":"https:\/\/vpdanses.fr\/wp-content\/uploads\/2025\/02\/2025-03-12.Spectacle_the_dansant_ANNULE.png","width":800,"height":1126,"caption":"Th\u00e9 dansant du 2 Mars 2025 organis\u00e9 par l'association de danses ASCENDANCE, \u00e0 Ca\u00ebstre"},{"@type":"BreadcrumbList","@id":"https:\/\/vpdanses.fr\/home\/bienvenue-chez-vp-danses-hazebrouck\/evenement\/invitation-au-the-dansant\/#breadcrumb","itemListElement":[{"@type":"ListItem","position":1,"name":"Accueil","item":"https:\/\/vpdanses.fr\/home\/bienvenue-chez-vp-danses-hazebrouck\/"},{"@type":"ListItem","position":2,"name":"\u00c9v\u00e8nements","item":"https:\/\/vpdanses.fr\/home\/bienvenue-chez-vp-danses-hazebrouck\/dates\/"},{"@type":"ListItem","position":3,"name":"Invitation au Th\u00e9 Dansant organis\u00e9 par le Club de danse &lsquo;ASCENDANCE&rsquo;, Caestre (59190)"}]},{"@type":"WebSite","@id":"https:\/\/vpdanses.fr\/home\/bienvenue-chez-vp-danses-hazebrouck\/#website","url":"https:\/\/vpdanses.fr\/home\/bienvenue-chez-vp-danses-hazebrouck\/","name":"VP DANSES, cours de Danse Sportive \u00e0 Aire-sur-la-Lys et \u00e0 Saint-Jans-Cappel (Hauts-de-France)","description":"Cours de Danse Sportive STANDARD (valse anglaise, tango, valse viennoise, slowfox, quickstep), danses sportives LATINES (samba, chacha, rumba, paso doble, jive), danses de bal, danses de salons, danses de loisirs, salsa, rock 4 temps, rock 6 temps, danses en ligne, disco, \u2026 Lieu : Hazebrouck, Aire-sur-la-Lys, Saint-Jans-Cappel et Isbergues (Hauts-de-France) - Cours Particuliers dans les Hauts-de-France - Ouverture de bal de Mariage","publisher":{"@id":"https:\/\/vpdanses.fr\/home\/bienvenue-chez-vp-danses-hazebrouck\/#organization"},"potentialAction":[{"@type":"SearchAction","target":{"@type":"EntryPoint","urlTemplate":"https:\/\/vpdanses.fr\/home\/bienvenue-chez-vp-danses-hazebrouck\/?s={search_term_string}"},"query-input":{"@type":"PropertyValueSpecification","valueRequired":true,"valueName":"search_term_string"}}],"inLanguage":"fr-FR"},{"@type":"Organization","@id":"https:\/\/vpdanses.fr\/home\/bienvenue-chez-vp-danses-hazebrouck\/#organization","name":"VP DANSES, cours de Danse Sportive \u00e0 Aire-sur-la-Lys et \u00e0 Saint-Jans-Cappel (Hauts-de-France)","url":"https:\/\/vpdanses.fr\/home\/bienvenue-chez-vp-danses-hazebrouck\/","logo":{"@type":"ImageObject","inLanguage":"fr-FR","@id":"https:\/\/vpdanses.fr\/home\/bienvenue-chez-vp-danses-hazebrouck\/#\/schema\/logo\/image\/","url":"https:\/\/vpdanses.fr\/wp-content\/uploads\/2024\/10\/logo_cadanse_asaintjans.jpeg","contentUrl":"https:\/\/vpdanses.fr\/wp-content\/uploads\/2024\/10\/logo_cadanse_asaintjans.jpeg","width":225,"height":225,"caption":"VP DANSES, cours de Danse Sportive \u00e0 Aire-sur-la-Lys et \u00e0 Saint-Jans-Cappel (Hauts-de-France)"},"image":{"@id":"https:\/\/vpdanses.fr\/home\/bienvenue-chez-vp-danses-hazebrouck\/#\/schema\/logo\/image\/"}}]}},"uagb_featured_image_src":{"full":["https:\/\/vpdanses.fr\/wp-content\/uploads\/2025\/02\/2025-03-12.Spectacle_the_dansant_ANNULE.png",800,1126,false],"thumbnail":["https:\/\/vpdanses.fr\/wp-content\/uploads\/2025\/02\/2025-03-12.Spectacle_the_dansant_ANNULE-150x150.png",150,150,true],"medium":["https:\/\/vpdanses.fr\/wp-content\/uploads\/2025\/02\/2025-03-12.Spectacle_the_dansant_ANNULE-213x300.png",213,300,true],"medium_large":["https:\/\/vpdanses.fr\/wp-content\/uploads\/2025\/02\/2025-03-12.Spectacle_the_dansant_ANNULE-768x1081.png",768,1081,true],"large":["https:\/\/vpdanses.fr\/wp-content\/uploads\/2025\/02\/2025-03-12.Spectacle_the_dansant_ANNULE-728x1024.png",728,1024,true],"1536x1536":["https:\/\/vpdanses.fr\/wp-content\/uploads\/2025\/02\/2025-03-12.Spectacle_the_dansant_ANNULE.png",800,1126,false],"2048x2048":["https:\/\/vpdanses.fr\/wp-content\/uploads\/2025\/02\/2025-03-12.Spectacle_the_dansant_ANNULE.png",800,1126,false],"vp_sm":["https:\/\/vpdanses.fr\/wp-content\/uploads\/2025\/02\/2025-03-12.Spectacle_the_dansant_ANNULE-500x704.png",500,704,true],"vp_md":["https:\/\/vpdanses.fr\/wp-content\/uploads\/2025\/02\/2025-03-12.Spectacle_the_dansant_ANNULE.png",800,1126,false],"vp_lg":["https:\/\/vpdanses.fr\/wp-content\/uploads\/2025\/02\/2025-03-12.Spectacle_the_dansant_ANNULE.png",800,1126,false],"vp_xl":["https:\/\/vpdanses.fr\/wp-content\/uploads\/2025\/02\/2025-03-12.Spectacle_the_dansant_ANNULE.png",800,1126,false],"vp_sm_popup":["https:\/\/vpdanses.fr\/wp-content\/uploads\/2025\/02\/2025-03-12.Spectacle_the_dansant_ANNULE-500x704.png",500,704,true],"vp_md_popup":["https:\/\/vpdanses.fr\/wp-content\/uploads\/2025\/02\/2025-03-12.Spectacle_the_dansant_ANNULE.png",800,1126,false],"vp_xl_popup":["https:\/\/vpdanses.fr\/wp-content\/uploads\/2025\/02\/2025-03-12.Spectacle_the_dansant_ANNULE.png",800,1126,false],"dance-blog-thumb":["https:\/\/vpdanses.fr\/wp-content\/uploads\/2025\/02\/2025-03-12.Spectacle_the_dansant_ANNULE-150x120.png",150,120,true],"dance-event-list":["https:\/\/vpdanses.fr\/wp-content\/uploads\/2025\/02\/2025-03-12.Spectacle_the_dansant_ANNULE-420x336.png",420,336,true],"dance-event-single-type1":["https:\/\/vpdanses.fr\/wp-content\/uploads\/2025\/02\/2025-03-12.Spectacle_the_dansant_ANNULE-773x520.png",773,520,true],"dance-event-single-type4":["https:\/\/vpdanses.fr\/wp-content\/uploads\/2025\/02\/2025-03-12.Spectacle_the_dansant_ANNULE-570x460.png",570,460,true],"dance-event-single-type5":["https:\/\/vpdanses.fr\/wp-content\/uploads\/2025\/02\/2025-03-12.Spectacle_the_dansant_ANNULE-746x770.png",746,770,true],"dance-event-list2":["https:\/\/vpdanses.fr\/wp-content\/uploads\/2025\/02\/2025-03-12.Spectacle_the_dansant_ANNULE-420x275.png",420,275,true]},"uagb_author_info":{"display_name":"VP DANSES","author_link":"https:\/\/vpdanses.fr\/home\/bienvenue-chez-vp-danses-hazebrouck\/author\/adminvp20241018\/"},"uagb_comment_info":0,"uagb_excerpt":"Chers danseurs, le club de danse ASCENDANCE informe avec regret que le Th\u00e9 dansant pr\u00e9vu le 2 mars 2025 est annul\u00e9 en raison d\u2019un nombre insuffisant de r\u00e9servations. Malgr\u00e9 cette [&hellip;]","jetpack_sharing_enabled":true,"ticketed":false,"_links":{"self":[{"href":"https:\/\/vpdanses.fr\/home\/bienvenue-chez-vp-danses-hazebrouck\/wp-json\/wp\/v2\/tribe_events\/10324","targetHints":{"allow":["GET"]}}],"collection":[{"href":"https:\/\/vpdanses.fr\/home\/bienvenue-chez-vp-danses-hazebrouck\/wp-json\/wp\/v2\/tribe_events"}],"about":[{"href":"https:\/\/vpdanses.fr\/home\/bienvenue-chez-vp-danses-hazebrouck\/wp-json\/wp\/v2\/types\/tribe_events"}],"author":[{"embeddable":true,"href":"https:\/\/vpdanses.fr\/home\/bienvenue-chez-vp-danses-hazebrouck\/wp-json\/wp\/v2\/users\/1"}],"version-history":[{"count":23,"href":"https:\/\/vpdanses.fr\/home\/bienvenue-chez-vp-danses-hazebrouck\/wp-json\/wp\/v2\/tribe_events\/10324\/revisions"}],"predecessor-version":[{"id":11404,"href":"https:\/\/vpdanses.fr\/home\/bienvenue-chez-vp-danses-hazebrouck\/wp-json\/wp\/v2\/tribe_events\/10324\/revisions\/11404"}],"wp:featuredmedia":[{"embeddable":true,"href":"https:\/\/vpdanses.fr\/home\/bienvenue-chez-vp-danses-hazebrouck\/wp-json\/wp\/v2\/media\/11389"}],"wp:attachment":[{"href":"https:\/\/vpdanses.fr\/home\/bienvenue-chez-vp-danses-hazebrouck\/wp-json\/wp\/v2\/media?parent=10324"}],"wp:term":[{"taxonomy":"post_tag","embeddable":true,"href":"https:\/\/vpdanses.fr\/home\/bienvenue-chez-vp-danses-hazebrouck\/wp-json\/wp\/v2\/tags?post=10324"},{"taxonomy":"tribe_events_cat","embeddable":true,"href":"https:\/\/vpdanses.fr\/home\/bienvenue-chez-vp-danses-hazebrouck\/wp-json\/wp\/v2\/tribe_events_cat?post=10324"}],"curies":[{"name":"wp","href":"https:\/\/api.w.org\/{rel}","templated":true}]}}