{"id":10672,"date":"2024-12-21T11:00:31","date_gmt":"2024-12-21T10:00:31","guid":{"rendered":"https:\/\/vpdanses.fr\/home\/bienvenue-chez-vp-danses-hazebrouck\/?post_type=tribe_events&#038;p=10672"},"modified":"2024-12-29T09:42:37","modified_gmt":"2024-12-29T08:42:37","slug":"animation-a-la-maison-de-retraite-le-clos-des-tilleuls-a-hazebrouck","status":"publish","type":"tribe_events","link":"https:\/\/vpdanses.fr\/home\/bienvenue-chez-vp-danses-hazebrouck\/evenement\/animation-a-la-maison-de-retraite-le-clos-des-tilleuls-a-hazebrouck\/","title":{"rendered":"Animation \u00e0 la maison de retraite &lsquo;Le Clos des Tilleuls&rsquo; \u00e0 Hazebrouck &#8211; EVENEMENT REPORTE POUR CAUSE DE COVID."},"content":{"rendered":"<div  class=\"tribe-events-schedule tribe-clearfix\" >\n\t<p class=\"tribe-events-schedule__datetime\">\n\t\t<span class=\"tribe-events-schedule__date tribe-events-schedule__date--start\">\n\t\t\t2 janvier 2025\t\t<\/span>\n\n\t\t\t\t\t<span class=\"tribe-events-schedule__separator tribe-events-schedule__separator--date\">\n\t\t\t\t &gt; \t\t\t<\/span>\n\t\t\t<span class=\"tribe-events-schedule__time tribe-events-schedule__time--start\">\n\t\t\t\t15h30\t\t\t<\/span>\n\t\t\n\t\t\t\t\t\t\t\t\t<span class=\"tribe-events-schedule__separator tribe-events-schedule__separator--time\">\n\t\t\t\t\t &#8211; \t\t\t\t<\/span>\n\t\t\t\n\t\t\t\t\t\t\t<span class=\"tribe-events-schedule__time tribe-events-schedule__time--end\">\n\t\t\t\t\t17h00\t\t\t\t<\/span>\n\t\t\t\n\t\t\t\t\t\t<\/p>\n<\/div>\n\n\n\n<p>Le&nbsp;<strong>jeudi 2 janvier 2025<\/strong>, le&nbsp;<strong>Centre Hospitalier d&rsquo;Hazebrouck<\/strong>&nbsp;a le plaisir d&rsquo;organiser un \u00e9v\u00e9nement festif autour des&nbsp;<strong>Danses de Salon<\/strong>&nbsp;et des&nbsp;<strong>Danses Sportives<\/strong>&nbsp;pour sa maison de retraite&nbsp;<strong>&lsquo;Le Clos des Tilleuls&rsquo;<\/strong>&nbsp;!<\/p>\n\n\n\n<p>L\u2019animation sera assur\u00e9e par la&nbsp;<strong>MJEP d&rsquo;Isbergues<\/strong>, avec la participation exceptionnelle de danseuses et des danseurs du talentueux professeur&nbsp;<strong>Sven BALCERZAC<\/strong>. Les couples de danses \u00e0 deux auront la joie d&rsquo;illustrer les richesses des danses de salons mais aussi des danses sportives ! <\/p>\n\n\n\n<p>Merci au Centre Hospitalier d&rsquo;Hazebrouck de faire de cet \u00e9v\u00e9nement une occasion de promouvoir ce <span style=\"text-decoration: underline;\"><strong>sport<\/strong><\/span> qu&rsquo;est la Danse \u00e0 deux ! Une initiative qui r\u00e9jouira certainement la F\u00e9d\u00e9ration Fran\u00e7aise de Danses (FFD) qui agit tous les jours pour faire de ce sport une activit\u00e9 d&rsquo;inclusion dont les b\u00e9n\u00e9fices ne sont plus \u00e0 d\u00e9montrer !   <\/p>\n\n\n\n<p>Ensemble, nous d\u00e9couvrirons et partagerons des moments inoubliables autour de&nbsp;<strong>10 danses passionnantes<\/strong>&nbsp;!<\/p>\n\n\n\n<p>Un bel \u00e9v\u00e9nement pour <strong>\u00e9changer, danser et cr\u00e9er des souvenirs joyeux avec les r\u00e9sident(e)s du &lsquo;Clos des Tilleuls&rsquo; \u00e0 Hazebrouck !<\/strong><\/p>\n\n\n<div  class=\"tribe-block tribe-block__event-price\" >\n\t\t<\/div>\n\n\n<div  class=\"tribe-block tribe-block__organizer__details tribe-clearfix\" >\n\t<div class=\"tribe-block__organizer__title\">\n\t\t<h3><a href=\"https:\/\/vpdanses.fr\/home\/bienvenue-chez-vp-danses-hazebrouck\/organisateur\/mjep-danses-isbergues\/\" title=\"MJEP Danses Isbergues\" target=\"_self\" rel=\"\">MJEP Danses Isbergues<\/a><\/h3>\n\t<\/div>\n\t\t\t<p class=\"tribe-block__organizer__phone\">0321577020<\/p>\n\t\t\t\t<p class=\"tribe-block__organizer__website\"><a href=\"https:\/\/www.facebook.com\/mjepdanse\/\" target=\"_self\" rel=\"external\">Voir le site Organisateur<\/a><\/p>\n\t\t\t\t<p class=\"tribe-block__organizer__email\">&#109;&#106;&#101;&#112;-&#099;o&#109;pta&#064;&#111;ra&#110;&#103;e.f&#114;<\/p>\n\t<\/div>\n\n\n<div  class=\"tribe-block tribe-block__venue tribe-clearfix tribe-block__venue--has-map\" >\n\t\n\t\n<div class=\"tribe-block__venue__meta\">\n\t<div class=\"tribe-block__venue__name\">\n\t\t<h3><a href=\"https:\/\/vpdanses.fr\/home\/bienvenue-chez-vp-danses-hazebrouck\/lieu\/\" title=\"EHPAD, Le Clos des Tilleuls\">EHPAD, Le Clos des Tilleuls<\/a><\/h3>\n\t<\/div>\n\n\t\n\t\t\t\t\t\t<address class=\"tribe-block__venue__address\">\n\t\t\t\t<span class=\"tribe-address\">\n\n<span class=\"tribe-street-address\">1 Rue de l&#039;H\u00f4pital<\/span>\n\t\n\t\t<br>\n\t\t<span class=\"tribe-locality\">Hazebrouck<\/span><span class=\"tribe-delimiter\">,<\/span>\n\n\n\t<span class=\"tribe-postal-code\">59190<\/span>\n\n\t<span class=\"tribe-country-name\">France<\/span>\n\n<\/span>\n\n\t\t\t\t\t\t\t\t\t<a class=\"tribe-events-gmap\" href=\"https:\/\/maps.google.com\/maps?f=q&#038;source=s_q&#038;hl=en&#038;geocode=&#038;q=1+Rue+de+l%26%23039%3BH%C3%B4pital+Hazebrouck+59190+France\" title=\"Cliquez pour voir une carte Google Map\" target=\"_blank\" rel=\"noreferrer noopener\">+ Google Map<\/a>\t\t\t\t\t\t\t<\/address>\n\t\t\n\t\t\t\t\t<span class=\"tribe-block__venue__phone\">03 28 42 67 00<\/span><br \/>\n\t\t\n\t\t\t\t\t<span class=\"tribe-block__venue__website\"><a href=\"http:\/\/ch-hazebrouck.fr\/le-clos-des-tilleuls\/\" target=\"_self\" rel=\"external\">Voir Lieu site web<\/a><\/span><br \/>\n\t\t\t\n\t<\/div>\n\t\n<div class=\"tribe-block__venue__map\">\n\t\n<iframe loading=\"lazy\"\n  title=\"L\u2018iframe Google maps affichant l\u2019adresse \u00e0 EHPAD, Le Clos des Tilleuls\"\n  aria-label=\"Plan des lieux\"\n  width=\"310px\"\n  height=\"256px\"\n  frameborder=\"0\" style=\"border:0\"\n  src=\"https:\/\/www.google.com\/maps\/embed\/v1\/place?key=AIzaSyDNsicAsP6-VuGtAb1O9riI3oc_NOb7IOU&#038;q=1+Rue+de+l%26%23039%3BH%C3%B4pital+Hazebrouck+59190+France+&#038;zoom=11\" allowfullscreen>\n<\/iframe>\n<\/div>\n\n\t<\/div>\n\n\n\n\n\n\n\n<hr class=\"wp-block-separator has-alpha-channel-opacity\"\/>\n\n\n\n<figure class=\"wp-block-image size-large\"><noscript><img loading=\"lazy\" decoding=\"async\" width=\"1024\" height=\"575\" data-skip-lazy src=\"https:\/\/vpdanses.fr\/wp-content\/uploads\/2024\/12\/2024-12-23_1322.Affiche_animation_EHPAD_Clos_Tilleul_Hazebrouck_reporte-1024x575.jpg\" alt=\"\u00c9v\u00e8nement report\u00e9 pour cause de COVID : VP DANSES Hazebrouck animera un \u00e9v\u00e9nement autour des Danses de Salon et des Danses Sportives, organis\u00e9 par le Centre Hospitalier d'Hazebrouck, avec les danseurs de la MJEP DANSES d'Isbergues et le professeur Sven BALCERZAC (affiche by VP DANSES Hazebrouck) - Le 2 janvier-2025\" class=\"wp-image-10758\" srcset=\"https:\/\/vpdanses.fr\/wp-content\/uploads\/2024\/12\/2024-12-23_1322.Affiche_animation_EHPAD_Clos_Tilleul_Hazebrouck_reporte-1024x575.jpg 1024w, https:\/\/vpdanses.fr\/wp-content\/uploads\/2024\/12\/2024-12-23_1322.Affiche_animation_EHPAD_Clos_Tilleul_Hazebrouck_reporte-300x168.jpg 300w, https:\/\/vpdanses.fr\/wp-content\/uploads\/2024\/12\/2024-12-23_1322.Affiche_animation_EHPAD_Clos_Tilleul_Hazebrouck_reporte-768x431.jpg 768w, https:\/\/vpdanses.fr\/wp-content\/uploads\/2024\/12\/2024-12-23_1322.Affiche_animation_EHPAD_Clos_Tilleul_Hazebrouck_reporte.jpg 1080w\" sizes=\"auto, (max-width: 1024px) 100vw, 1024px\" \/><\/noscript><img loading=\"eager\" decoding=\"async\" width=\"1024\" height=\"575\" src=\"https:\/\/vpdanses.fr\/wp-content\/uploads\/2024\/12\/2024-12-23_1322.Affiche_animation_EHPAD_Clos_Tilleul_Hazebrouck_reporte-1024x575.jpg\" alt=\"\u00c9v\u00e8nement report\u00e9 pour cause de COVID : VP DANSES Hazebrouck animera un \u00e9v\u00e9nement autour des Danses de Salon et des Danses Sportives, organis\u00e9 par le Centre Hospitalier d&#039;Hazebrouck, avec les danseurs de la MJEP DANSES d&#039;Isbergues et le professeur Sven BALCERZAC (affiche by VP DANSES Hazebrouck) - Le 2 janvier-2025\" class=\"wp-image-10758 vp-lazyload\" srcset=\"data:image\/svg+xml;base64,PHN2ZyB3aWR0aD0iMTAyNCIgaGVpZ2h0PSI1NzUiIHZpZXdCb3g9IjAgMCAxMDI0IDU3NSIgZmlsbD0ibm9uZSIgeG1sbnM9Imh0dHA6Ly93d3cudzMub3JnLzIwMDAvc3ZnIj48L3N2Zz4=\" data-src=\"https:\/\/vpdanses.fr\/wp-content\/uploads\/2024\/12\/2024-12-23_1322.Affiche_animation_EHPAD_Clos_Tilleul_Hazebrouck_reporte-1024x575.jpg\" data-srcset=\"https:\/\/vpdanses.fr\/wp-content\/uploads\/2024\/12\/2024-12-23_1322.Affiche_animation_EHPAD_Clos_Tilleul_Hazebrouck_reporte-1024x575.jpg 1024w, https:\/\/vpdanses.fr\/wp-content\/uploads\/2024\/12\/2024-12-23_1322.Affiche_animation_EHPAD_Clos_Tilleul_Hazebrouck_reporte-300x168.jpg 300w, https:\/\/vpdanses.fr\/wp-content\/uploads\/2024\/12\/2024-12-23_1322.Affiche_animation_EHPAD_Clos_Tilleul_Hazebrouck_reporte-768x431.jpg 768w, https:\/\/vpdanses.fr\/wp-content\/uploads\/2024\/12\/2024-12-23_1322.Affiche_animation_EHPAD_Clos_Tilleul_Hazebrouck_reporte.jpg 1080w\" data-sizes=\"auto\"><figcaption class=\"wp-element-caption\">Affiche r\u00e9alis\u00e9e par VP DANSES Hazebrouck &#8211; EVENEMENT REPORTE POUR CAUSE DE COVID<\/figcaption><\/figure>\n","protected":false},"excerpt":{"rendered":"<p>Le\u00a0jeudi 2 janvier 2025, le\u00a0Centre Hospitalier d&rsquo;Hazebrouck\u00a0a le plaisir d&rsquo;organiser un \u00e9v\u00e9nement festif autour des\u00a0Danses de Salon\u00a0et des\u00a0Danses Sportives\u00a0pour sa maison de retraite\u00a0&lsquo;Le Clos des Tilleuls&rsquo;\u00a0!<\/p>\n","protected":false},"author":1,"featured_media":10758,"template":"","meta":{"_uag_custom_page_level_css":"","_price":"","_stock":"","_tribe_ticket_header":"","_tribe_default_ticket_provider":"","_tribe_ticket_capacity":"0","_ticket_start_date":"","_ticket_end_date":"","_tribe_ticket_show_description":"","_tribe_ticket_show_not_going":false,"_tribe_ticket_use_global_stock":"","_tribe_ticket_global_stock_level":"","_global_stock_mode":"","_global_stock_cap":"","_tribe_rsvp_for_event":"","_tribe_ticket_going_count":"","_tribe_ticket_not_going_count":"","_tribe_tickets_list":"[]","_tribe_ticket_has_attendee_info_fields":false,"_EventAllDay":false,"_EventTimezone":"Europe\/Paris","_EventStartDate":"2025-01-02 15:30:00","_EventEndDate":"2025-01-02 17:00:00","_EventStartDateUTC":"2025-01-02 14:30:00","_EventEndDateUTC":"2025-01-02 16:00:00","_EventShowMap":false,"_EventShowMapLink":false,"_EventURL":"","_EventCost":"","_EventCostDescription":"","_EventCurrencySymbol":"\u20ac","_EventCurrencyCode":"EUR","_EventCurrencyPosition":"suffix","_EventDateTimeSeparator":" > ","_EventTimeRangeSeparator":" - ","_EventOrganizerID":[10674],"_EventVenueID":[10673],"_OrganizerEmail":"","_OrganizerPhone":"","_OrganizerWebsite":"","_VenueAddress":"","_VenueCity":"","_VenueCountry":"","_VenueProvince":"","_VenueState":"","_VenueZip":"","_VenuePhone":"","_VenueURL":"","_VenueStateProvince":"","_VenueLat":"","_VenueLng":"","_VenueShowMap":false,"_VenueShowMapLink":false,"_tribe_events_status":"postponed","_tribe_events_status_reason":"","footnotes":"","_tec_slr_enabled":"","_tec_slr_layout":""},"tags":[167,166,168,118,164,165,107,132],"tribe_events_cat":[123,115,170,169,172,171],"class_list":["post-10672","tribe_events","type-tribe_events","status-publish","has-post-thumbnail","hentry","tag-danses-a-deux","tag-danses-de-salons","tag-danses-sportives","tag-ehpad","tag-hazebrouck","tag-mjep-danses-isbergues","tag-sven-balcerzak","tag-vp-danses-hazebrouck","tribe_events_cat-animation","tribe_events_cat-ateliers_vp_danses","tribe_events_cat-danse-sportive","tribe_events_cat-danses-de-salons","tribe_events_cat-mjep-danses-isbergues","tribe_events_cat-sven-balcezac","cat_animation","cat_ateliers_vp_danses","cat_danse-sportive","cat_danses-de-salons","cat_mjep-danses-isbergues","cat_sven-balcezac","tribe-events-status__list-event-postponed"],"yoast_head":"<!-- This site is optimized with the Yoast SEO Premium plugin v25.6 (Yoast SEO v25.6) - https:\/\/yoast.com\/wordpress\/plugins\/seo\/ -->\n<title>Animation \u00e0 la maison de retraite &#039;Le Clos des Tilleuls&#039; \u00e0 Hazebrouck - EVENEMENT REPORTE POUR CAUSE DE COVID. - VP DANSES, cours de Danse Sportive \u00e0 Aire-sur-la-Lys et \u00e0 Saint-Jans-Cappel (Hauts-de-France)<\/title>\n<meta name=\"robots\" content=\"index, follow, max-snippet:-1, max-image-preview:large, max-video-preview:-1\" \/>\n<link rel=\"canonical\" href=\"https:\/\/vpdanses.fr\/home\/bienvenue-chez-vp-danses-hazebrouck\/evenement\/animation-a-la-maison-de-retraite-le-clos-des-tilleuls-a-hazebrouck\/\" \/>\n<meta property=\"og:locale\" content=\"fr_FR\" \/>\n<meta property=\"og:type\" content=\"article\" \/>\n<meta property=\"og:title\" content=\"Animation \u00e0 la maison de retraite &#039;Le Clos des Tilleuls&#039; \u00e0 Hazebrouck - EVENEMENT REPORTE POUR CAUSE DE COVID.\" \/>\n<meta property=\"og:description\" content=\"Le\u00a0jeudi 2 janvier 2025, le\u00a0Centre Hospitalier d&#039;Hazebrouck\u00a0a le plaisir d&#039;organiser un \u00e9v\u00e9nement festif autour des\u00a0Danses de Salon\u00a0et des\u00a0Danses Sportives\u00a0pour sa maison de retraite\u00a0&#039;Le Clos des Tilleuls&#039;\u00a0!\" \/>\n<meta property=\"og:url\" content=\"https:\/\/vpdanses.fr\/home\/bienvenue-chez-vp-danses-hazebrouck\/evenement\/animation-a-la-maison-de-retraite-le-clos-des-tilleuls-a-hazebrouck\/\" \/>\n<meta property=\"og:site_name\" content=\"VP DANSES, cours de Danse Sportive \u00e0 Aire-sur-la-Lys et \u00e0 Saint-Jans-Cappel (Hauts-de-France)\" \/>\n<meta property=\"article:modified_time\" content=\"2024-12-29T08:42:37+00:00\" \/>\n<meta property=\"og:image\" content=\"https:\/\/vpdanses.fr\/wp-content\/uploads\/2024\/12\/2024-12-23_1322.Affiche_animation_EHPAD_Clos_Tilleul_Hazebrouck_reporte.jpg\" \/>\n\t<meta property=\"og:image:width\" content=\"1080\" \/>\n\t<meta property=\"og:image:height\" content=\"606\" \/>\n\t<meta property=\"og:image:type\" content=\"image\/jpeg\" \/>\n<meta name=\"twitter:card\" content=\"summary_large_image\" \/>\n<meta name=\"twitter:label1\" content=\"Dur\u00e9e de lecture estim\u00e9e\" \/>\n\t<meta name=\"twitter:data1\" content=\"1 minute\" \/>\n<script type=\"application\/ld+json\" class=\"yoast-schema-graph\">{\"@context\":\"https:\/\/schema.org\",\"@graph\":[{\"@type\":\"WebPage\",\"@id\":\"https:\/\/vpdanses.fr\/home\/bienvenue-chez-vp-danses-hazebrouck\/evenement\/animation-a-la-maison-de-retraite-le-clos-des-tilleuls-a-hazebrouck\/\",\"url\":\"https:\/\/vpdanses.fr\/home\/bienvenue-chez-vp-danses-hazebrouck\/evenement\/animation-a-la-maison-de-retraite-le-clos-des-tilleuls-a-hazebrouck\/\",\"name\":\"Animation \u00e0 la maison de retraite 'Le Clos des Tilleuls' \u00e0 Hazebrouck - EVENEMENT REPORTE POUR CAUSE DE COVID. - VP DANSES, cours de Danse Sportive \u00e0 Aire-sur-la-Lys et \u00e0 Saint-Jans-Cappel (Hauts-de-France)\",\"isPartOf\":{\"@id\":\"https:\/\/vpdanses.fr\/home\/bienvenue-chez-vp-danses-hazebrouck\/#website\"},\"primaryImageOfPage\":{\"@id\":\"https:\/\/vpdanses.fr\/home\/bienvenue-chez-vp-danses-hazebrouck\/evenement\/animation-a-la-maison-de-retraite-le-clos-des-tilleuls-a-hazebrouck\/#primaryimage\"},\"image\":{\"@id\":\"https:\/\/vpdanses.fr\/home\/bienvenue-chez-vp-danses-hazebrouck\/evenement\/animation-a-la-maison-de-retraite-le-clos-des-tilleuls-a-hazebrouck\/#primaryimage\"},\"thumbnailUrl\":\"https:\/\/vpdanses.fr\/wp-content\/uploads\/2024\/12\/2024-12-23_1322.Affiche_animation_EHPAD_Clos_Tilleul_Hazebrouck_reporte.jpg\",\"datePublished\":\"2024-12-21T10:00:31+00:00\",\"dateModified\":\"2024-12-29T08:42:37+00:00\",\"breadcrumb\":{\"@id\":\"https:\/\/vpdanses.fr\/home\/bienvenue-chez-vp-danses-hazebrouck\/evenement\/animation-a-la-maison-de-retraite-le-clos-des-tilleuls-a-hazebrouck\/#breadcrumb\"},\"inLanguage\":\"fr-FR\",\"potentialAction\":[{\"@type\":\"ReadAction\",\"target\":[\"https:\/\/vpdanses.fr\/home\/bienvenue-chez-vp-danses-hazebrouck\/evenement\/animation-a-la-maison-de-retraite-le-clos-des-tilleuls-a-hazebrouck\/\"]}]},{\"@type\":\"ImageObject\",\"inLanguage\":\"fr-FR\",\"@id\":\"https:\/\/vpdanses.fr\/home\/bienvenue-chez-vp-danses-hazebrouck\/evenement\/animation-a-la-maison-de-retraite-le-clos-des-tilleuls-a-hazebrouck\/#primaryimage\",\"url\":\"https:\/\/vpdanses.fr\/wp-content\/uploads\/2024\/12\/2024-12-23_1322.Affiche_animation_EHPAD_Clos_Tilleul_Hazebrouck_reporte.jpg\",\"contentUrl\":\"https:\/\/vpdanses.fr\/wp-content\/uploads\/2024\/12\/2024-12-23_1322.Affiche_animation_EHPAD_Clos_Tilleul_Hazebrouck_reporte.jpg\",\"width\":1080,\"height\":606,\"caption\":\"\u00c9v\u00e8nement report\u00e9 pour cause de COVID : VP DANSES Hazebrouck animera un \u00e9v\u00e9nement autour des Danses de Salon et des Danses Sportives, organis\u00e9 par le Centre Hospitalier d'Hazebrouck, avec les danseurs de la MJEP DANSES d'Isbergues et le professeur Sven BALCERZAC (affiche by VP DANSES Hazebrouck) - Le 2 janvier-2025\"},{\"@type\":\"BreadcrumbList\",\"@id\":\"https:\/\/vpdanses.fr\/home\/bienvenue-chez-vp-danses-hazebrouck\/evenement\/animation-a-la-maison-de-retraite-le-clos-des-tilleuls-a-hazebrouck\/#breadcrumb\",\"itemListElement\":[{\"@type\":\"ListItem\",\"position\":1,\"name\":\"Accueil\",\"item\":\"https:\/\/vpdanses.fr\/home\/bienvenue-chez-vp-danses-hazebrouck\/\"},{\"@type\":\"ListItem\",\"position\":2,\"name\":\"\u00c9v\u00e8nements\",\"item\":\"https:\/\/vpdanses.fr\/home\/bienvenue-chez-vp-danses-hazebrouck\/dates\/\"},{\"@type\":\"ListItem\",\"position\":3,\"name\":\"Animation \u00e0 la maison de retraite &lsquo;Le Clos des Tilleuls&rsquo; \u00e0 Hazebrouck &#8211; EVENEMENT REPORTE POUR CAUSE DE COVID.\"}]},{\"@type\":\"WebSite\",\"@id\":\"https:\/\/vpdanses.fr\/home\/bienvenue-chez-vp-danses-hazebrouck\/#website\",\"url\":\"https:\/\/vpdanses.fr\/home\/bienvenue-chez-vp-danses-hazebrouck\/\",\"name\":\"VP DANSES, cours de Danse Sportive \u00e0 Aire-sur-la-Lys et \u00e0 Saint-Jans-Cappel (Hauts-de-France)\",\"description\":\"Cours de Danse Sportive STANDARD (valse anglaise, tango, valse viennoise, slowfox, quickstep), danses sportives LATINES (samba, chacha, rumba, paso doble, jive), danses de bal, danses de salons, danses de loisirs, salsa, rock 4 temps, rock 6 temps, danses en ligne, disco, \u2026 Lieu : Hazebrouck, Aire-sur-la-Lys, Saint-Jans-Cappel et Isbergues (Hauts-de-France) - Cours Particuliers dans les Hauts-de-France - Ouverture de bal de Mariage\",\"publisher\":{\"@id\":\"https:\/\/vpdanses.fr\/home\/bienvenue-chez-vp-danses-hazebrouck\/#organization\"},\"potentialAction\":[{\"@type\":\"SearchAction\",\"target\":{\"@type\":\"EntryPoint\",\"urlTemplate\":\"https:\/\/vpdanses.fr\/home\/bienvenue-chez-vp-danses-hazebrouck\/?s={search_term_string}\"},\"query-input\":{\"@type\":\"PropertyValueSpecification\",\"valueRequired\":true,\"valueName\":\"search_term_string\"}}],\"inLanguage\":\"fr-FR\"},{\"@type\":\"Organization\",\"@id\":\"https:\/\/vpdanses.fr\/home\/bienvenue-chez-vp-danses-hazebrouck\/#organization\",\"name\":\"VP DANSES, cours de Danse Sportive \u00e0 Aire-sur-la-Lys et \u00e0 Saint-Jans-Cappel (Hauts-de-France)\",\"url\":\"https:\/\/vpdanses.fr\/home\/bienvenue-chez-vp-danses-hazebrouck\/\",\"logo\":{\"@type\":\"ImageObject\",\"inLanguage\":\"fr-FR\",\"@id\":\"https:\/\/vpdanses.fr\/home\/bienvenue-chez-vp-danses-hazebrouck\/#\/schema\/logo\/image\/\",\"url\":\"https:\/\/vpdanses.fr\/wp-content\/uploads\/2024\/10\/logo_cadanse_asaintjans.jpeg\",\"contentUrl\":\"https:\/\/vpdanses.fr\/wp-content\/uploads\/2024\/10\/logo_cadanse_asaintjans.jpeg\",\"width\":225,\"height\":225,\"caption\":\"VP DANSES, cours de Danse Sportive \u00e0 Aire-sur-la-Lys et \u00e0 Saint-Jans-Cappel (Hauts-de-France)\"},\"image\":{\"@id\":\"https:\/\/vpdanses.fr\/home\/bienvenue-chez-vp-danses-hazebrouck\/#\/schema\/logo\/image\/\"}}]}<\/script>\n<!-- \/ Yoast SEO Premium plugin. -->","yoast_head_json":{"title":"Animation \u00e0 la maison de retraite 'Le Clos des Tilleuls' \u00e0 Hazebrouck - EVENEMENT REPORTE POUR CAUSE DE COVID. - VP DANSES, cours de Danse Sportive \u00e0 Aire-sur-la-Lys et \u00e0 Saint-Jans-Cappel (Hauts-de-France)","robots":{"index":"index","follow":"follow","max-snippet":"max-snippet:-1","max-image-preview":"max-image-preview:large","max-video-preview":"max-video-preview:-1"},"canonical":"https:\/\/vpdanses.fr\/home\/bienvenue-chez-vp-danses-hazebrouck\/evenement\/animation-a-la-maison-de-retraite-le-clos-des-tilleuls-a-hazebrouck\/","og_locale":"fr_FR","og_type":"article","og_title":"Animation \u00e0 la maison de retraite 'Le Clos des Tilleuls' \u00e0 Hazebrouck - EVENEMENT REPORTE POUR CAUSE DE COVID.","og_description":"Le\u00a0jeudi 2 janvier 2025, le\u00a0Centre Hospitalier d'Hazebrouck\u00a0a le plaisir d'organiser un \u00e9v\u00e9nement festif autour des\u00a0Danses de Salon\u00a0et des\u00a0Danses Sportives\u00a0pour sa maison de retraite\u00a0'Le Clos des Tilleuls'\u00a0!","og_url":"https:\/\/vpdanses.fr\/home\/bienvenue-chez-vp-danses-hazebrouck\/evenement\/animation-a-la-maison-de-retraite-le-clos-des-tilleuls-a-hazebrouck\/","og_site_name":"VP DANSES, cours de Danse Sportive \u00e0 Aire-sur-la-Lys et \u00e0 Saint-Jans-Cappel (Hauts-de-France)","article_modified_time":"2024-12-29T08:42:37+00:00","og_image":[{"width":1080,"height":606,"url":"https:\/\/vpdanses.fr\/wp-content\/uploads\/2024\/12\/2024-12-23_1322.Affiche_animation_EHPAD_Clos_Tilleul_Hazebrouck_reporte.jpg","type":"image\/jpeg"}],"twitter_card":"summary_large_image","twitter_misc":{"Dur\u00e9e de lecture estim\u00e9e":"1 minute"},"schema":{"@context":"https:\/\/schema.org","@graph":[{"@type":"WebPage","@id":"https:\/\/vpdanses.fr\/home\/bienvenue-chez-vp-danses-hazebrouck\/evenement\/animation-a-la-maison-de-retraite-le-clos-des-tilleuls-a-hazebrouck\/","url":"https:\/\/vpdanses.fr\/home\/bienvenue-chez-vp-danses-hazebrouck\/evenement\/animation-a-la-maison-de-retraite-le-clos-des-tilleuls-a-hazebrouck\/","name":"Animation \u00e0 la maison de retraite 'Le Clos des Tilleuls' \u00e0 Hazebrouck - EVENEMENT REPORTE POUR CAUSE DE COVID. - VP DANSES, cours de Danse Sportive \u00e0 Aire-sur-la-Lys et \u00e0 Saint-Jans-Cappel (Hauts-de-France)","isPartOf":{"@id":"https:\/\/vpdanses.fr\/home\/bienvenue-chez-vp-danses-hazebrouck\/#website"},"primaryImageOfPage":{"@id":"https:\/\/vpdanses.fr\/home\/bienvenue-chez-vp-danses-hazebrouck\/evenement\/animation-a-la-maison-de-retraite-le-clos-des-tilleuls-a-hazebrouck\/#primaryimage"},"image":{"@id":"https:\/\/vpdanses.fr\/home\/bienvenue-chez-vp-danses-hazebrouck\/evenement\/animation-a-la-maison-de-retraite-le-clos-des-tilleuls-a-hazebrouck\/#primaryimage"},"thumbnailUrl":"https:\/\/vpdanses.fr\/wp-content\/uploads\/2024\/12\/2024-12-23_1322.Affiche_animation_EHPAD_Clos_Tilleul_Hazebrouck_reporte.jpg","datePublished":"2024-12-21T10:00:31+00:00","dateModified":"2024-12-29T08:42:37+00:00","breadcrumb":{"@id":"https:\/\/vpdanses.fr\/home\/bienvenue-chez-vp-danses-hazebrouck\/evenement\/animation-a-la-maison-de-retraite-le-clos-des-tilleuls-a-hazebrouck\/#breadcrumb"},"inLanguage":"fr-FR","potentialAction":[{"@type":"ReadAction","target":["https:\/\/vpdanses.fr\/home\/bienvenue-chez-vp-danses-hazebrouck\/evenement\/animation-a-la-maison-de-retraite-le-clos-des-tilleuls-a-hazebrouck\/"]}]},{"@type":"ImageObject","inLanguage":"fr-FR","@id":"https:\/\/vpdanses.fr\/home\/bienvenue-chez-vp-danses-hazebrouck\/evenement\/animation-a-la-maison-de-retraite-le-clos-des-tilleuls-a-hazebrouck\/#primaryimage","url":"https:\/\/vpdanses.fr\/wp-content\/uploads\/2024\/12\/2024-12-23_1322.Affiche_animation_EHPAD_Clos_Tilleul_Hazebrouck_reporte.jpg","contentUrl":"https:\/\/vpdanses.fr\/wp-content\/uploads\/2024\/12\/2024-12-23_1322.Affiche_animation_EHPAD_Clos_Tilleul_Hazebrouck_reporte.jpg","width":1080,"height":606,"caption":"\u00c9v\u00e8nement report\u00e9 pour cause de COVID : VP DANSES Hazebrouck animera un \u00e9v\u00e9nement autour des Danses de Salon et des Danses Sportives, organis\u00e9 par le Centre Hospitalier d'Hazebrouck, avec les danseurs de la MJEP DANSES d'Isbergues et le professeur Sven BALCERZAC (affiche by VP DANSES Hazebrouck) - Le 2 janvier-2025"},{"@type":"BreadcrumbList","@id":"https:\/\/vpdanses.fr\/home\/bienvenue-chez-vp-danses-hazebrouck\/evenement\/animation-a-la-maison-de-retraite-le-clos-des-tilleuls-a-hazebrouck\/#breadcrumb","itemListElement":[{"@type":"ListItem","position":1,"name":"Accueil","item":"https:\/\/vpdanses.fr\/home\/bienvenue-chez-vp-danses-hazebrouck\/"},{"@type":"ListItem","position":2,"name":"\u00c9v\u00e8nements","item":"https:\/\/vpdanses.fr\/home\/bienvenue-chez-vp-danses-hazebrouck\/dates\/"},{"@type":"ListItem","position":3,"name":"Animation \u00e0 la maison de retraite &lsquo;Le Clos des Tilleuls&rsquo; \u00e0 Hazebrouck &#8211; EVENEMENT REPORTE POUR CAUSE DE COVID."}]},{"@type":"WebSite","@id":"https:\/\/vpdanses.fr\/home\/bienvenue-chez-vp-danses-hazebrouck\/#website","url":"https:\/\/vpdanses.fr\/home\/bienvenue-chez-vp-danses-hazebrouck\/","name":"VP DANSES, cours de Danse Sportive \u00e0 Aire-sur-la-Lys et \u00e0 Saint-Jans-Cappel (Hauts-de-France)","description":"Cours de Danse Sportive STANDARD (valse anglaise, tango, valse viennoise, slowfox, quickstep), danses sportives LATINES (samba, chacha, rumba, paso doble, jive), danses de bal, danses de salons, danses de loisirs, salsa, rock 4 temps, rock 6 temps, danses en ligne, disco, \u2026 Lieu : Hazebrouck, Aire-sur-la-Lys, Saint-Jans-Cappel et Isbergues (Hauts-de-France) - Cours Particuliers dans les Hauts-de-France - Ouverture de bal de Mariage","publisher":{"@id":"https:\/\/vpdanses.fr\/home\/bienvenue-chez-vp-danses-hazebrouck\/#organization"},"potentialAction":[{"@type":"SearchAction","target":{"@type":"EntryPoint","urlTemplate":"https:\/\/vpdanses.fr\/home\/bienvenue-chez-vp-danses-hazebrouck\/?s={search_term_string}"},"query-input":{"@type":"PropertyValueSpecification","valueRequired":true,"valueName":"search_term_string"}}],"inLanguage":"fr-FR"},{"@type":"Organization","@id":"https:\/\/vpdanses.fr\/home\/bienvenue-chez-vp-danses-hazebrouck\/#organization","name":"VP DANSES, cours de Danse Sportive \u00e0 Aire-sur-la-Lys et \u00e0 Saint-Jans-Cappel (Hauts-de-France)","url":"https:\/\/vpdanses.fr\/home\/bienvenue-chez-vp-danses-hazebrouck\/","logo":{"@type":"ImageObject","inLanguage":"fr-FR","@id":"https:\/\/vpdanses.fr\/home\/bienvenue-chez-vp-danses-hazebrouck\/#\/schema\/logo\/image\/","url":"https:\/\/vpdanses.fr\/wp-content\/uploads\/2024\/10\/logo_cadanse_asaintjans.jpeg","contentUrl":"https:\/\/vpdanses.fr\/wp-content\/uploads\/2024\/10\/logo_cadanse_asaintjans.jpeg","width":225,"height":225,"caption":"VP DANSES, cours de Danse Sportive \u00e0 Aire-sur-la-Lys et \u00e0 Saint-Jans-Cappel (Hauts-de-France)"},"image":{"@id":"https:\/\/vpdanses.fr\/home\/bienvenue-chez-vp-danses-hazebrouck\/#\/schema\/logo\/image\/"}}]}},"uagb_featured_image_src":{"full":["https:\/\/vpdanses.fr\/wp-content\/uploads\/2024\/12\/2024-12-23_1322.Affiche_animation_EHPAD_Clos_Tilleul_Hazebrouck_reporte.jpg",1080,606,false],"thumbnail":["https:\/\/vpdanses.fr\/wp-content\/uploads\/2024\/12\/2024-12-23_1322.Affiche_animation_EHPAD_Clos_Tilleul_Hazebrouck_reporte-150x150.jpg",150,150,true],"medium":["https:\/\/vpdanses.fr\/wp-content\/uploads\/2024\/12\/2024-12-23_1322.Affiche_animation_EHPAD_Clos_Tilleul_Hazebrouck_reporte-300x168.jpg",300,168,true],"medium_large":["https:\/\/vpdanses.fr\/wp-content\/uploads\/2024\/12\/2024-12-23_1322.Affiche_animation_EHPAD_Clos_Tilleul_Hazebrouck_reporte-768x431.jpg",768,431,true],"large":["https:\/\/vpdanses.fr\/wp-content\/uploads\/2024\/12\/2024-12-23_1322.Affiche_animation_EHPAD_Clos_Tilleul_Hazebrouck_reporte-1024x575.jpg",1024,575,true],"1536x1536":["https:\/\/vpdanses.fr\/wp-content\/uploads\/2024\/12\/2024-12-23_1322.Affiche_animation_EHPAD_Clos_Tilleul_Hazebrouck_reporte.jpg",1080,606,false],"2048x2048":["https:\/\/vpdanses.fr\/wp-content\/uploads\/2024\/12\/2024-12-23_1322.Affiche_animation_EHPAD_Clos_Tilleul_Hazebrouck_reporte.jpg",1080,606,false],"vp_sm":["https:\/\/vpdanses.fr\/wp-content\/uploads\/2024\/12\/2024-12-23_1322.Affiche_animation_EHPAD_Clos_Tilleul_Hazebrouck_reporte.jpg",500,281,false],"vp_md":["https:\/\/vpdanses.fr\/wp-content\/uploads\/2024\/12\/2024-12-23_1322.Affiche_animation_EHPAD_Clos_Tilleul_Hazebrouck_reporte.jpg",800,449,false],"vp_lg":["https:\/\/vpdanses.fr\/wp-content\/uploads\/2024\/12\/2024-12-23_1322.Affiche_animation_EHPAD_Clos_Tilleul_Hazebrouck_reporte.jpg",1080,606,false],"vp_xl":["https:\/\/vpdanses.fr\/wp-content\/uploads\/2024\/12\/2024-12-23_1322.Affiche_animation_EHPAD_Clos_Tilleul_Hazebrouck_reporte.jpg",1080,606,false],"vp_sm_popup":["https:\/\/vpdanses.fr\/wp-content\/uploads\/2024\/12\/2024-12-23_1322.Affiche_animation_EHPAD_Clos_Tilleul_Hazebrouck_reporte.jpg",500,281,false],"vp_md_popup":["https:\/\/vpdanses.fr\/wp-content\/uploads\/2024\/12\/2024-12-23_1322.Affiche_animation_EHPAD_Clos_Tilleul_Hazebrouck_reporte.jpg",800,449,false],"vp_xl_popup":["https:\/\/vpdanses.fr\/wp-content\/uploads\/2024\/12\/2024-12-23_1322.Affiche_animation_EHPAD_Clos_Tilleul_Hazebrouck_reporte.jpg",1080,606,false],"dance-blog-thumb":["https:\/\/vpdanses.fr\/wp-content\/uploads\/2024\/12\/2024-12-23_1322.Affiche_animation_EHPAD_Clos_Tilleul_Hazebrouck_reporte-150x120.jpg",150,120,true],"dance-event-list":["https:\/\/vpdanses.fr\/wp-content\/uploads\/2024\/12\/2024-12-23_1322.Affiche_animation_EHPAD_Clos_Tilleul_Hazebrouck_reporte-420x336.jpg",420,336,true],"dance-event-single-type1":["https:\/\/vpdanses.fr\/wp-content\/uploads\/2024\/12\/2024-12-23_1322.Affiche_animation_EHPAD_Clos_Tilleul_Hazebrouck_reporte-773x520.jpg",773,520,true],"dance-event-single-type4":["https:\/\/vpdanses.fr\/wp-content\/uploads\/2024\/12\/2024-12-23_1322.Affiche_animation_EHPAD_Clos_Tilleul_Hazebrouck_reporte-570x460.jpg",570,460,true],"dance-event-single-type5":["https:\/\/vpdanses.fr\/wp-content\/uploads\/2024\/12\/2024-12-23_1322.Affiche_animation_EHPAD_Clos_Tilleul_Hazebrouck_reporte-746x606.jpg",746,606,true],"dance-event-list2":["https:\/\/vpdanses.fr\/wp-content\/uploads\/2024\/12\/2024-12-23_1322.Affiche_animation_EHPAD_Clos_Tilleul_Hazebrouck_reporte-420x275.jpg",420,275,true]},"uagb_author_info":{"display_name":"VP DANSES","author_link":"https:\/\/vpdanses.fr\/home\/bienvenue-chez-vp-danses-hazebrouck\/author\/adminvp20241018\/"},"uagb_comment_info":0,"uagb_excerpt":"Le\u00a0jeudi 2 janvier 2025, le\u00a0Centre Hospitalier d'Hazebrouck\u00a0a le plaisir d'organiser un \u00e9v\u00e9nement festif autour des\u00a0Danses de Salon\u00a0et des\u00a0Danses Sportives\u00a0pour sa maison de retraite\u00a0'Le Clos des Tilleuls'\u00a0!","jetpack_sharing_enabled":false,"ticketed":false,"_links":{"self":[{"href":"https:\/\/vpdanses.fr\/home\/bienvenue-chez-vp-danses-hazebrouck\/wp-json\/wp\/v2\/tribe_events\/10672","targetHints":{"allow":["GET"]}}],"collection":[{"href":"https:\/\/vpdanses.fr\/home\/bienvenue-chez-vp-danses-hazebrouck\/wp-json\/wp\/v2\/tribe_events"}],"about":[{"href":"https:\/\/vpdanses.fr\/home\/bienvenue-chez-vp-danses-hazebrouck\/wp-json\/wp\/v2\/types\/tribe_events"}],"author":[{"embeddable":true,"href":"https:\/\/vpdanses.fr\/home\/bienvenue-chez-vp-danses-hazebrouck\/wp-json\/wp\/v2\/users\/1"}],"version-history":[{"count":7,"href":"https:\/\/vpdanses.fr\/home\/bienvenue-chez-vp-danses-hazebrouck\/wp-json\/wp\/v2\/tribe_events\/10672\/revisions"}],"predecessor-version":[{"id":10963,"href":"https:\/\/vpdanses.fr\/home\/bienvenue-chez-vp-danses-hazebrouck\/wp-json\/wp\/v2\/tribe_events\/10672\/revisions\/10963"}],"wp:featuredmedia":[{"embeddable":true,"href":"https:\/\/vpdanses.fr\/home\/bienvenue-chez-vp-danses-hazebrouck\/wp-json\/wp\/v2\/media\/10758"}],"wp:attachment":[{"href":"https:\/\/vpdanses.fr\/home\/bienvenue-chez-vp-danses-hazebrouck\/wp-json\/wp\/v2\/media?parent=10672"}],"wp:term":[{"taxonomy":"post_tag","embeddable":true,"href":"https:\/\/vpdanses.fr\/home\/bienvenue-chez-vp-danses-hazebrouck\/wp-json\/wp\/v2\/tags?post=10672"},{"taxonomy":"tribe_events_cat","embeddable":true,"href":"https:\/\/vpdanses.fr\/home\/bienvenue-chez-vp-danses-hazebrouck\/wp-json\/wp\/v2\/tribe_events_cat?post=10672"}],"curies":[{"name":"wp","href":"https:\/\/api.w.org\/{rel}","templated":true}]}}