{"id":11161,"date":"2025-01-01T17:34:38","date_gmt":"2025-01-01T16:34:38","guid":{"rendered":"https:\/\/vpdanses.fr\/home\/bienvenue-chez-vp-danses-hazebrouck\/?post_type=tribe_events&#038;p=11161"},"modified":"2025-03-22T21:06:09","modified_gmt":"2025-03-22T20:06:09","slug":"ffd-criteriums-latines-standards","status":"publish","type":"tribe_events","link":"https:\/\/vpdanses.fr\/home\/bienvenue-chez-vp-danses-hazebrouck\/evenement\/ffd-criteriums-latines-standards\/","title":{"rendered":"FFD Crit\u00e9riums Latines &amp; Standards"},"content":{"rendered":"<div  class=\"tribe-events-schedule tribe-clearfix\" >\n\t<p class=\"tribe-events-schedule__datetime\">\n\t\t<span class=\"tribe-events-schedule__date tribe-events-schedule__date--start\">\n\t\t\t27 avril 2025\t\t<\/span>\n\n\t\t\t\t\t<span class=\"tribe-events-schedule__all-day\">Toute la journ\u00e9e<\/span>\n\t\t\n\t\t\t<\/p>\n<\/div>\n\n\n\n<p>VP DANSES Hazebrouck aux Crit\u00e9rium FFD de Villeurbanne, le dimanche 27 avril 2025 dans la Cat\u00e9gorie Senior II Latines Avanc\u00e9s et Senior II Standards Intermediaires.<\/p>\n\n\n\n<p>Un \u00e9v\u00e9nement de la F\u00e9d\u00e9ration de France de Danses (FFD).<\/p>\n\n\n\n<div class=\"wp-block-media-text is-stacked-on-mobile\"><figure class=\"wp-block-media-text__media\"><a href=\"https:\/\/www.ffdanse.fr\" target=\"_blank\" rel=\" noreferrer noopener\"><noscript><img loading=\"lazy\" decoding=\"async\" width=\"1024\" height=\"494\" data-skip-lazy src=\"https:\/\/vpdanses.fr\/wp-content\/uploads\/2025\/01\/logo1-FFD-Danse_Sportive-1024x494.png\" alt=\"Logo de la F\u00e9d\u00e9ration Fran\u00e7aise de Danse Sportive (FFD)\" class=\"wp-image-12312 size-full\" srcset=\"https:\/\/vpdanses.fr\/wp-content\/uploads\/2025\/01\/logo1-FFD-Danse_Sportive-1024x494.png 1024w, https:\/\/vpdanses.fr\/wp-content\/uploads\/2025\/01\/logo1-FFD-Danse_Sportive-300x145.png 300w, https:\/\/vpdanses.fr\/wp-content\/uploads\/2025\/01\/logo1-FFD-Danse_Sportive-768x371.png 768w, https:\/\/vpdanses.fr\/wp-content\/uploads\/2025\/01\/logo1-FFD-Danse_Sportive-500x241.png 500w, https:\/\/vpdanses.fr\/wp-content\/uploads\/2025\/01\/logo1-FFD-Danse_Sportive-800x386.png 800w, https:\/\/vpdanses.fr\/wp-content\/uploads\/2025\/01\/logo1-FFD-Danse_Sportive-600x290.png 600w, https:\/\/vpdanses.fr\/wp-content\/uploads\/2025\/01\/logo1-FFD-Danse_Sportive.png 1200w\" sizes=\"auto, (max-width: 1024px) 100vw, 1024px\" \/><\/noscript><img loading=\"eager\" decoding=\"async\" width=\"1024\" height=\"494\" src=\"https:\/\/vpdanses.fr\/wp-content\/uploads\/2025\/01\/logo1-FFD-Danse_Sportive-1024x494.png\" alt=\"Logo de la F\u00e9d\u00e9ration Fran\u00e7aise de Danse Sportive (FFD)\" class=\"wp-image-12312 size-full vp-lazyload\" srcset=\"data:image\/svg+xml;base64,PHN2ZyB3aWR0aD0iMTAyNCIgaGVpZ2h0PSI0OTQiIHZpZXdCb3g9IjAgMCAxMDI0IDQ5NCIgZmlsbD0ibm9uZSIgeG1sbnM9Imh0dHA6Ly93d3cudzMub3JnLzIwMDAvc3ZnIj48L3N2Zz4=\" data-src=\"https:\/\/vpdanses.fr\/wp-content\/uploads\/2025\/01\/logo1-FFD-Danse_Sportive-1024x494.png\" data-srcset=\"https:\/\/vpdanses.fr\/wp-content\/uploads\/2025\/01\/logo1-FFD-Danse_Sportive-1024x494.png 1024w, https:\/\/vpdanses.fr\/wp-content\/uploads\/2025\/01\/logo1-FFD-Danse_Sportive-300x145.png 300w, https:\/\/vpdanses.fr\/wp-content\/uploads\/2025\/01\/logo1-FFD-Danse_Sportive-768x371.png 768w, https:\/\/vpdanses.fr\/wp-content\/uploads\/2025\/01\/logo1-FFD-Danse_Sportive-500x241.png 500w, https:\/\/vpdanses.fr\/wp-content\/uploads\/2025\/01\/logo1-FFD-Danse_Sportive-800x386.png 800w, https:\/\/vpdanses.fr\/wp-content\/uploads\/2025\/01\/logo1-FFD-Danse_Sportive-600x290.png 600w, https:\/\/vpdanses.fr\/wp-content\/uploads\/2025\/01\/logo1-FFD-Danse_Sportive.png 1200w\" data-sizes=\"auto\"><\/a><\/figure><div class=\"wp-block-media-text__content\">\n<p>La FFD est la F\u00e9d\u00e9ration r\u00e9f\u00e9rente de la danse en France, elle accompagne, d\u00e9veloppe et soutient la\u00a0<a href=\"https:\/\/fr.wikipedia.org\/wiki\/Danse\">danse<\/a>\u00a0sous toutes ses formes sur l\u2019ensemble du territoire fran\u00e7ais.<\/p>\n\n\n\n<figure class=\"wp-block-image size-large\"><a href=\"https:\/\/www.facebook.com\/ffdanse\/\" target=\"_blank\" rel=\" noreferrer noopener\"><noscript><img loading=\"lazy\" decoding=\"async\" width=\"1024\" height=\"550\" data-skip-lazy src=\"https:\/\/vpdanses.fr\/wp-content\/uploads\/2025\/01\/Capture-decran-2025-03-22-a-20.50.55-1024x550.png\" alt=\"Site Facebook de la FFD F\u00e9d\u00e9ration de Danse Sportive\" class=\"wp-image-12313\" srcset=\"https:\/\/vpdanses.fr\/wp-content\/uploads\/2025\/01\/Capture-decran-2025-03-22-a-20.50.55-1024x550.png 1024w, https:\/\/vpdanses.fr\/wp-content\/uploads\/2025\/01\/Capture-decran-2025-03-22-a-20.50.55-300x161.png 300w, https:\/\/vpdanses.fr\/wp-content\/uploads\/2025\/01\/Capture-decran-2025-03-22-a-20.50.55-768x412.png 768w, https:\/\/vpdanses.fr\/wp-content\/uploads\/2025\/01\/Capture-decran-2025-03-22-a-20.50.55-1536x825.png 1536w, https:\/\/vpdanses.fr\/wp-content\/uploads\/2025\/01\/Capture-decran-2025-03-22-a-20.50.55-2048x1100.png 2048w, https:\/\/vpdanses.fr\/wp-content\/uploads\/2025\/01\/Capture-decran-2025-03-22-a-20.50.55-500x269.png 500w, https:\/\/vpdanses.fr\/wp-content\/uploads\/2025\/01\/Capture-decran-2025-03-22-a-20.50.55-800x430.png 800w, https:\/\/vpdanses.fr\/wp-content\/uploads\/2025\/01\/Capture-decran-2025-03-22-a-20.50.55-1280x687.png 1280w, https:\/\/vpdanses.fr\/wp-content\/uploads\/2025\/01\/Capture-decran-2025-03-22-a-20.50.55-1920x1031.png 1920w, https:\/\/vpdanses.fr\/wp-content\/uploads\/2025\/01\/Capture-decran-2025-03-22-a-20.50.55-600x322.png 600w\" sizes=\"auto, (max-width: 1024px) 100vw, 1024px\" \/><\/noscript><img loading=\"eager\" decoding=\"async\" width=\"1024\" height=\"550\" src=\"https:\/\/vpdanses.fr\/wp-content\/uploads\/2025\/01\/Capture-decran-2025-03-22-a-20.50.55-1024x550.png\" alt=\"Site Facebook de la FFD F\u00e9d\u00e9ration de Danse Sportive\" class=\"wp-image-12313 vp-lazyload\" srcset=\"data:image\/svg+xml;base64,PHN2ZyB3aWR0aD0iMTAyNCIgaGVpZ2h0PSI1NTAiIHZpZXdCb3g9IjAgMCAxMDI0IDU1MCIgZmlsbD0ibm9uZSIgeG1sbnM9Imh0dHA6Ly93d3cudzMub3JnLzIwMDAvc3ZnIj48L3N2Zz4=\" data-src=\"https:\/\/vpdanses.fr\/wp-content\/uploads\/2025\/01\/Capture-decran-2025-03-22-a-20.50.55-1024x550.png\" data-srcset=\"https:\/\/vpdanses.fr\/wp-content\/uploads\/2025\/01\/Capture-decran-2025-03-22-a-20.50.55-1024x550.png 1024w, https:\/\/vpdanses.fr\/wp-content\/uploads\/2025\/01\/Capture-decran-2025-03-22-a-20.50.55-300x161.png 300w, https:\/\/vpdanses.fr\/wp-content\/uploads\/2025\/01\/Capture-decran-2025-03-22-a-20.50.55-768x412.png 768w, https:\/\/vpdanses.fr\/wp-content\/uploads\/2025\/01\/Capture-decran-2025-03-22-a-20.50.55-1536x825.png 1536w, https:\/\/vpdanses.fr\/wp-content\/uploads\/2025\/01\/Capture-decran-2025-03-22-a-20.50.55-2048x1100.png 2048w, https:\/\/vpdanses.fr\/wp-content\/uploads\/2025\/01\/Capture-decran-2025-03-22-a-20.50.55-500x269.png 500w, https:\/\/vpdanses.fr\/wp-content\/uploads\/2025\/01\/Capture-decran-2025-03-22-a-20.50.55-800x430.png 800w, https:\/\/vpdanses.fr\/wp-content\/uploads\/2025\/01\/Capture-decran-2025-03-22-a-20.50.55-1280x687.png 1280w, https:\/\/vpdanses.fr\/wp-content\/uploads\/2025\/01\/Capture-decran-2025-03-22-a-20.50.55-1920x1031.png 1920w, https:\/\/vpdanses.fr\/wp-content\/uploads\/2025\/01\/Capture-decran-2025-03-22-a-20.50.55-600x322.png 600w\" data-sizes=\"auto\"><\/a><\/figure>\n<\/div><\/div>\n\n\n\n<div style=\"height:39px\" aria-hidden=\"true\" class=\"wp-block-spacer\"><\/div>\n\n\n\n<h2 class=\"wp-block-heading\">LIENS utiles<\/h2>\n\n\n\n<p><a href=\"https:\/\/www.ffdanse.fr\/evenements\/criteriums-latines-standards-et-championnat-de-france-solo-team-dates-a-confirmer-1\" target=\"_blank\" rel=\"noreferrer noopener\">Lien vers la publication sur le site internet de la FFD<\/a>.<\/p>\n\n\n\n<p><a href=\"https:\/\/vpdanses.fr\/wp-content\/uploads\/2025\/03\/25-025-circulaire-criteriums-2025-v2-788467.pdf\" target=\"_blank\" rel=\"noreferrer noopener\">Lien vers la Circulaire<\/a>.<\/p>\n\n\n\n<hr class=\"wp-block-separator has-alpha-channel-opacity\"\/>\n\n\n<div  class=\"tribe-block tribe-block__event-price\" >\n\t\t<\/div>\n\n\n<div  class=\"tribe-block tribe-block__organizer__details tribe-clearfix\" >\n\t<div class=\"tribe-block__organizer__title\">\n\t\t<h3><a href=\"https:\/\/vpdanses.fr\/home\/bienvenue-chez-vp-danses-hazebrouck\/organisateur\/\" title=\"Club Villarbeunnais de Danse Sportive\" target=\"_self\" rel=\"\">Club Villarbeunnais de Danse Sportive<\/a><\/h3>\n\t<\/div>\n\t\t\t<p class=\"tribe-block__organizer__phone\">04 89 51 32 02<\/p>\n\t\t\t\t<p class=\"tribe-block__organizer__website\"><a href=\"https:\/\/www.ecolededanseribas.com\" target=\"_self\" rel=\"external\">Voir le site Organisateur<\/a><\/p>\n\t\t\t\t<p class=\"tribe-block__organizer__email\">&#099;o&#110;tac&#116;&#064;eco&#108;&#101;deda&#110;s&#101;&#114;&#105;&#098;as&#046;&#099;&#111;&#109;<\/p>\n\t<\/div>\n\n\n<div  class=\"tribe-block tribe-block__venue tribe-clearfix tribe-block__venue--has-map\" >\n\t\n\t\n<div class=\"tribe-block__venue__meta\">\n\t<div class=\"tribe-block__venue__name\">\n\t\t<h3><a href=\"https:\/\/vpdanses.fr\/home\/bienvenue-chez-vp-danses-hazebrouck\/lieu\/\" title=\"Salle Rapha\u00ebl DE BARROS\">Salle Rapha\u00ebl DE BARROS<\/a><\/h3>\n\t<\/div>\n\n\t\n\t\t\t\t\t\t<address class=\"tribe-block__venue__address\">\n\t\t\t\t<span class=\"tribe-address\">\n\n<span class=\"tribe-street-address\">253 cours Emile Zola<\/span>\n\t\n\t\t<br>\n\t\t<span class=\"tribe-locality\">VILLEURBANNE<\/span><span class=\"tribe-delimiter\">,<\/span>\n\n\n\t<span class=\"tribe-postal-code\">69100<\/span>\n\n\t<span class=\"tribe-country-name\">France<\/span>\n\n<\/span>\n\n\t\t\t\t\t\t\t\t\t<a class=\"tribe-events-gmap\" href=\"https:\/\/maps.google.com\/maps?f=q&#038;source=s_q&#038;hl=en&#038;geocode=&#038;q=253+cours+Emile+Zola+VILLEURBANNE+69100+France\" title=\"Cliquez pour voir une carte Google Map\" target=\"_blank\" rel=\"noreferrer noopener\">+ Google Map<\/a>\t\t\t\t\t\t\t<\/address>\n\t\t\n\t\t\t\t\t<span class=\"tribe-block__venue__phone\">04 78 84 76 92<\/span><br \/>\n\t\t\n\t\t\t\t\t<span class=\"tribe-block__venue__website\"><a href=\"https:\/\/www.osvilleurbanne.com\/lieu\/gymnase-raphael-de-barros\/\" target=\"_self\" rel=\"external\">Voir Lieu site web<\/a><\/span><br \/>\n\t\t\t\n\t<\/div>\n\t\n<div class=\"tribe-block__venue__map\">\n\t\n<iframe loading=\"lazy\"\n  title=\"L\u2018iframe Google maps affichant l\u2019adresse \u00e0 Salle Rapha\u00ebl DE BARROS\"\n  aria-label=\"Plan des lieux\"\n  width=\"310px\"\n  height=\"256px\"\n  frameborder=\"0\" style=\"border:0\"\n  src=\"https:\/\/www.google.com\/maps\/embed\/v1\/place?key=AIzaSyDNsicAsP6-VuGtAb1O9riI3oc_NOb7IOU&#038;q=253+cours+Emile+Zola+VILLEURBANNE+69100+France+&#038;zoom=11\" allowfullscreen>\n<\/iframe>\n<\/div>\n\n\t<\/div>\n\n\n\t<div  class=\"tribe-block tribe-block__events-link\" >\n\t\t<div class=\"tribe-events tribe-common\">\n\t\t\t<div class=\"tribe-events-c-subscribe-dropdown__container\">\n\t\t\t\t<div class=\"tribe-events-c-subscribe-dropdown\">\n\t\t\t\t\t<div class=\"tribe-common-c-btn-border tribe-events-c-subscribe-dropdown__button\">\n\t\t\t\t\t\t<svg\n\t class=\"tribe-common-c-svgicon tribe-common-c-svgicon--cal-export tribe-events-c-subscribe-dropdown__export-icon\" \taria-hidden=\"true\"\n\tviewBox=\"0 0 23 17\"\n\txmlns=\"http:\/\/www.w3.org\/2000\/svg\"\n>\n\t<path fill-rule=\"evenodd\" clip-rule=\"evenodd\" d=\"M.128.896V16.13c0 .211.145.383.323.383h15.354c.179 0 .323-.172.323-.383V.896c0-.212-.144-.383-.323-.383H.451C.273.513.128.684.128.896Zm16 6.742h-.901V4.679H1.009v10.729h14.218v-3.336h.901V7.638ZM1.01 1.614h14.218v2.058H1.009V1.614Z\" \/>\n\t<path d=\"M20.5 9.846H8.312M18.524 6.953l2.89 2.909-2.855 2.855\" stroke-width=\"1.2\" stroke-linecap=\"round\" stroke-linejoin=\"round\"\/>\n<\/svg>\n\t\t\t\t\t\t<button\n\t\t\t\t\t\t\tclass=\"tribe-events-c-subscribe-dropdown__button-text\"\n\t\t\t\t\t\t\taria-expanded=\"false\"\n\t\t\t\t\t\t\taria-controls=\"tribe-events-subscribe-dropdown-content\"\n\t\t\t\t\t\t\taria-label=\"Afficher les liens permettant d\u2019ajouter des \u00e9v\u00e8nements \u00e0 votre calendrier\"\n\t\t\t\t\t\t>\n\t\t\t\t\t\t\tAjouter au calendrier\t\t\t\t\t\t<\/button>\n\t\t\t\t\t\t<svg\n\t class=\"tribe-common-c-svgicon tribe-common-c-svgicon--caret-down tribe-events-c-subscribe-dropdown__button-icon\" \taria-hidden=\"true\"\n\tviewBox=\"0 0 10 7\"\n\txmlns=\"http:\/\/www.w3.org\/2000\/svg\"\n>\n\t<path fill-rule=\"evenodd\" clip-rule=\"evenodd\" d=\"M1.008.609L5 4.6 8.992.61l.958.958L5 6.517.05 1.566l.958-.958z\" class=\"tribe-common-c-svgicon__svg-fill\"\/>\n<\/svg>\n\t\t\t\t\t<\/div>\n\t\t\t\t\t<div id=\"tribe-events-subscribe-dropdown-content\" class=\"tribe-events-c-subscribe-dropdown__content\">\n\t\t\t\t\t\t<ul class=\"tribe-events-c-subscribe-dropdown__list\">\n\t\t\t\t\t\t\t\t\t\t\t\t\t\t\t<li class=\"tribe-events-c-subscribe-dropdown__list-item tribe-events-c-subscribe-dropdown__list-item--gcal\">\n\t\t\t\t\t\t\t\t\t<a\n\t\t\t\t\t\t\t\t\t\thref=\"https:\/\/www.google.com\/calendar\/event?action=TEMPLATE&#038;dates=20250427T000000\/20250427T235959&#038;text=FFD%20Crit%C3%A9riums%20Latines%20%26amp%3B%20Standards&#038;details=%3Cp%3EVP+DANSES+Hazebrouck+aux+Crit%C3%A9rium+FFD+de+Villeurbanne%2C+le+dimanche+27+avril+2025+dans+la+Cat%C3%A9gorie+Senior+II+Latines+Avanc%C3%A9s+et+Senior+II+Standards+Intermediaires.%3C%2Fp%3E+%3Cp%3EUn+%C3%A9v%C3%A9nement+de+la+F%C3%A9d%C3%A9ration+de+France+de+Danses+%28FFD%29.%3C%2Fp%3E+%3Cdiv+class%3D%22wp-block-media-text+is-stacked-on-mobile%22%3E%3Cfigure+class%3D%22wp-block-media-text__media%22%3E%3Ca+href%3D%22https%3A%2F%2Fwww.ffdanse.fr%22+target%3D%22_blank%22+rel%3D%22+noreferrer+noopener%22%3E%3Cimg+src%3D%22https%3A%2F%2Fvpdanses.fr%2Fwp-content%2Fuploads%2F2025%2F01%2Flogo1-FFD-Danse_Sportive-1024x494.png%22+alt%3D%22Logo+de+la+F%C3%A9d%C3%A9ration+Fran%C3%A7aise+de+Danse+Sportive+%28FFD%29%22+class%3D%22wp-image-12312+size-full%22%2F%3E%3C%2Fa%3E%3C%2Ffigure%3E%3Cdiv+class%3D%22wp-block-media-text__content%22%3E%3Cp%3ELa+FFD+est+la+F%C3%A9d%C3%A9ration+r%C3%A9f%C3%A9rente+de+la+danse+en+France%2C+elle+accompagne%2C+d%C3%A9veloppe+et+soutient+la%C2%A0%3Ca+href%3D%22https%3A%2F%2Ffr.wikipedia.org%2Fwiki%2FDanse%22%3Edanse%3C%2Fa%3E%C2%A0sous+toutes+ses+formes+sur+l%E2%80%99ensemble+du+territoire+fran%C3%A7ais.%3C%2Fp%3E+%3Cfigure+class%3D%22wp-block-image+size-large%22%3E%3Ca+href%3D%22https%3A%2F%2Fwww.facebook.com%2Fffd%3C%2Ffigure%3E%3C%2Fdiv%3E%3C%2Fdiv%3E%28Voir+toute+la+description+de+%C3%A9v%C3%A8nement+ici%C2%A0%3A+https%3A%2F%2Fvpdanses.fr%2Fhome%2Fbienvenue-chez-vp-danses-hazebrouck%2Fevenement%2Fffd-criteriums-latines-standards%2F%29&#038;location=Salle%20Rapha\u00ebl%20DE%20BARROS,%20253%20cours%20Emile%20Zola,%20VILLEURBANNE,%2069100,%20France&#038;trp=false&#038;ctz=Europe\/Paris&#038;sprop=website:https:\/\/vpdanses.fr\/home\/bienvenue-chez-vp-danses-hazebrouck\"\n\t\t\t\t\t\t\t\t\t\tclass=\"tribe-events-c-subscribe-dropdown__list-item-link\"\n\t\t\t\t\t\t\t\t\t\ttarget=\"_blank\"\n\t\t\t\t\t\t\t\t\t\trel=\"noopener noreferrer nofollow noindex\"\n\t\t\t\t\t\t\t\t\t>\n\t\t\t\t\t\t\t\t\t\tGoogle Agenda\t\t\t\t\t\t\t\t\t<\/a>\n\t\t\t\t\t\t\t\t<\/li>\n\t\t\t\t\t\t\t\t\t\t\t\t\t\t\t<li class=\"tribe-events-c-subscribe-dropdown__list-item tribe-events-c-subscribe-dropdown__list-item--ical\">\n\t\t\t\t\t\t\t\t\t<a\n\t\t\t\t\t\t\t\t\t\thref=\"\"\n\t\t\t\t\t\t\t\t\t\tclass=\"tribe-events-c-subscribe-dropdown__list-item-link\"\n\t\t\t\t\t\t\t\t\t\ttarget=\"_blank\"\n\t\t\t\t\t\t\t\t\t\trel=\"noopener noreferrer nofollow noindex\"\n\t\t\t\t\t\t\t\t\t>\n\t\t\t\t\t\t\t\t\t\tiCalendar\t\t\t\t\t\t\t\t\t<\/a>\n\t\t\t\t\t\t\t\t<\/li>\n\t\t\t\t\t\t\t\t\t\t\t\t\t\t\t<li class=\"tribe-events-c-subscribe-dropdown__list-item tribe-events-c-subscribe-dropdown__list-item--outlook-365\">\n\t\t\t\t\t\t\t\t\t<a\n\t\t\t\t\t\t\t\t\t\thref=\"\"\n\t\t\t\t\t\t\t\t\t\tclass=\"tribe-events-c-subscribe-dropdown__list-item-link\"\n\t\t\t\t\t\t\t\t\t\ttarget=\"_blank\"\n\t\t\t\t\t\t\t\t\t\trel=\"noopener noreferrer nofollow noindex\"\n\t\t\t\t\t\t\t\t\t>\n\t\t\t\t\t\t\t\t\t\tOutlook 365\t\t\t\t\t\t\t\t\t<\/a>\n\t\t\t\t\t\t\t\t<\/li>\n\t\t\t\t\t\t\t\t\t\t\t\t\t\t\t<li class=\"tribe-events-c-subscribe-dropdown__list-item tribe-events-c-subscribe-dropdown__list-item--outlook-live\">\n\t\t\t\t\t\t\t\t\t<a\n\t\t\t\t\t\t\t\t\t\thref=\"\"\n\t\t\t\t\t\t\t\t\t\tclass=\"tribe-events-c-subscribe-dropdown__list-item-link\"\n\t\t\t\t\t\t\t\t\t\ttarget=\"_blank\"\n\t\t\t\t\t\t\t\t\t\trel=\"noopener noreferrer nofollow noindex\"\n\t\t\t\t\t\t\t\t\t>\n\t\t\t\t\t\t\t\t\t\tOutlook Live\t\t\t\t\t\t\t\t\t<\/a>\n\t\t\t\t\t\t\t\t<\/li>\n\t\t\t\t\t\t\t\t\t\t\t\t\t<\/ul>\n\t\t\t\t\t<\/div>\n\t\t\t\t<\/div>\n\t\t\t<\/div>\n\t\t<\/div>\n\t<\/div>\n\n\n\n\n<div style=\"height:26px\" aria-hidden=\"true\" class=\"wp-block-spacer\"><\/div>\n\n\n\n<h2 class=\"wp-block-heading\">Affiche de la comp\u00e9tition<\/h2>\n\n\n\n<p><\/p>\n\n\n\n<figure class=\"wp-block-image size-large\"><a href=\"https:\/\/www.facebook.com\/EcoleDeDanseRibas\/\" target=\"_blank\" rel=\" noreferrer noopener\"><noscript><img loading=\"lazy\" decoding=\"async\" width=\"724\" height=\"1024\" data-skip-lazy src=\"https:\/\/vpdanses.fr\/wp-content\/uploads\/2025\/01\/2025-04-27.Criterium_Villeurbanne-724x1024.jpg\" alt=\"VP DANSES Hazebrouck aux Crit\u00e9rium FFD de Villeurbanne, le dimanche 27 avril 2025 dans la Cat\u00e9gorie Senior II Latines Avanc\u00e9s et Senior II Standards Intermediaires\" class=\"wp-image-12281\" srcset=\"https:\/\/vpdanses.fr\/wp-content\/uploads\/2025\/01\/2025-04-27.Criterium_Villeurbanne-724x1024.jpg 724w, https:\/\/vpdanses.fr\/wp-content\/uploads\/2025\/01\/2025-04-27.Criterium_Villeurbanne-212x300.jpg 212w, https:\/\/vpdanses.fr\/wp-content\/uploads\/2025\/01\/2025-04-27.Criterium_Villeurbanne-768x1086.jpg 768w, https:\/\/vpdanses.fr\/wp-content\/uploads\/2025\/01\/2025-04-27.Criterium_Villeurbanne-1086x1536.jpg 1086w, https:\/\/vpdanses.fr\/wp-content\/uploads\/2025\/01\/2025-04-27.Criterium_Villeurbanne-500x707.jpg 500w, https:\/\/vpdanses.fr\/wp-content\/uploads\/2025\/01\/2025-04-27.Criterium_Villeurbanne-800x1131.jpg 800w, https:\/\/vpdanses.fr\/wp-content\/uploads\/2025\/01\/2025-04-27.Criterium_Villeurbanne-1280x1810.jpg 1280w, https:\/\/vpdanses.fr\/wp-content\/uploads\/2025\/01\/2025-04-27.Criterium_Villeurbanne-600x849.jpg 600w, https:\/\/vpdanses.fr\/wp-content\/uploads\/2025\/01\/2025-04-27.Criterium_Villeurbanne.jpg 1448w\" sizes=\"auto, (max-width: 724px) 100vw, 724px\" \/><\/noscript><img loading=\"eager\" decoding=\"async\" width=\"724\" height=\"1024\" src=\"https:\/\/vpdanses.fr\/wp-content\/uploads\/2025\/01\/2025-04-27.Criterium_Villeurbanne-724x1024.jpg\" alt=\"VP DANSES Hazebrouck aux Crit\u00e9rium FFD de Villeurbanne, le dimanche 27 avril 2025 dans la Cat\u00e9gorie Senior II Latines Avanc\u00e9s et Senior II Standards Intermediaires\" class=\"wp-image-12281 vp-lazyload\" srcset=\"data:image\/svg+xml;base64,PHN2ZyB3aWR0aD0iNzI0IiBoZWlnaHQ9IjEwMjQiIHZpZXdCb3g9IjAgMCA3MjQgMTAyNCIgZmlsbD0ibm9uZSIgeG1sbnM9Imh0dHA6Ly93d3cudzMub3JnLzIwMDAvc3ZnIj48L3N2Zz4=\" data-src=\"https:\/\/vpdanses.fr\/wp-content\/uploads\/2025\/01\/2025-04-27.Criterium_Villeurbanne-724x1024.jpg\" data-srcset=\"https:\/\/vpdanses.fr\/wp-content\/uploads\/2025\/01\/2025-04-27.Criterium_Villeurbanne-724x1024.jpg 724w, https:\/\/vpdanses.fr\/wp-content\/uploads\/2025\/01\/2025-04-27.Criterium_Villeurbanne-212x300.jpg 212w, https:\/\/vpdanses.fr\/wp-content\/uploads\/2025\/01\/2025-04-27.Criterium_Villeurbanne-768x1086.jpg 768w, https:\/\/vpdanses.fr\/wp-content\/uploads\/2025\/01\/2025-04-27.Criterium_Villeurbanne-1086x1536.jpg 1086w, https:\/\/vpdanses.fr\/wp-content\/uploads\/2025\/01\/2025-04-27.Criterium_Villeurbanne-500x707.jpg 500w, https:\/\/vpdanses.fr\/wp-content\/uploads\/2025\/01\/2025-04-27.Criterium_Villeurbanne-800x1131.jpg 800w, https:\/\/vpdanses.fr\/wp-content\/uploads\/2025\/01\/2025-04-27.Criterium_Villeurbanne-1280x1810.jpg 1280w, https:\/\/vpdanses.fr\/wp-content\/uploads\/2025\/01\/2025-04-27.Criterium_Villeurbanne-600x849.jpg 600w, https:\/\/vpdanses.fr\/wp-content\/uploads\/2025\/01\/2025-04-27.Criterium_Villeurbanne.jpg 1448w\" data-sizes=\"auto\"><\/a><\/figure>\n\n\n\n<div style=\"height:46px\" aria-hidden=\"true\" class=\"wp-block-spacer\"><\/div>\n\n\n\n<h2 class=\"wp-block-heading\">Site Facebook du Club Vilarbeunnais de danse sportive :<\/h2>\n\n\n\n<figure class=\"wp-block-image size-large\"><a href=\"https:\/\/www.facebook.com\/clubvilleurbannaisdedansesportive\/\" target=\"_blank\" rel=\" noreferrer noopener\"><noscript><img loading=\"lazy\" decoding=\"async\" width=\"1024\" height=\"493\" data-skip-lazy src=\"https:\/\/vpdanses.fr\/wp-content\/uploads\/2025\/01\/Capture-decran-2025-03-22-a-20.28.28-1024x493.png\" alt=\"Site Facebook du Club Villarbeunnais de Danse Sportive\" class=\"wp-image-12302\" srcset=\"https:\/\/vpdanses.fr\/wp-content\/uploads\/2025\/01\/Capture-decran-2025-03-22-a-20.28.28-1024x493.png 1024w, https:\/\/vpdanses.fr\/wp-content\/uploads\/2025\/01\/Capture-decran-2025-03-22-a-20.28.28-300x144.png 300w, https:\/\/vpdanses.fr\/wp-content\/uploads\/2025\/01\/Capture-decran-2025-03-22-a-20.28.28-768x369.png 768w, https:\/\/vpdanses.fr\/wp-content\/uploads\/2025\/01\/Capture-decran-2025-03-22-a-20.28.28-1536x739.png 1536w, https:\/\/vpdanses.fr\/wp-content\/uploads\/2025\/01\/Capture-decran-2025-03-22-a-20.28.28-2048x985.png 2048w, https:\/\/vpdanses.fr\/wp-content\/uploads\/2025\/01\/Capture-decran-2025-03-22-a-20.28.28-500x241.png 500w, https:\/\/vpdanses.fr\/wp-content\/uploads\/2025\/01\/Capture-decran-2025-03-22-a-20.28.28-800x385.png 800w, https:\/\/vpdanses.fr\/wp-content\/uploads\/2025\/01\/Capture-decran-2025-03-22-a-20.28.28-1280x616.png 1280w, https:\/\/vpdanses.fr\/wp-content\/uploads\/2025\/01\/Capture-decran-2025-03-22-a-20.28.28-1920x924.png 1920w, https:\/\/vpdanses.fr\/wp-content\/uploads\/2025\/01\/Capture-decran-2025-03-22-a-20.28.28-600x289.png 600w\" sizes=\"auto, (max-width: 1024px) 100vw, 1024px\" \/><\/noscript><img loading=\"eager\" decoding=\"async\" width=\"1024\" height=\"493\" src=\"https:\/\/vpdanses.fr\/wp-content\/uploads\/2025\/01\/Capture-decran-2025-03-22-a-20.28.28-1024x493.png\" alt=\"Site Facebook du Club Villarbeunnais de Danse Sportive\" class=\"wp-image-12302 vp-lazyload\" srcset=\"data:image\/svg+xml;base64,PHN2ZyB3aWR0aD0iMTAyNCIgaGVpZ2h0PSI0OTMiIHZpZXdCb3g9IjAgMCAxMDI0IDQ5MyIgZmlsbD0ibm9uZSIgeG1sbnM9Imh0dHA6Ly93d3cudzMub3JnLzIwMDAvc3ZnIj48L3N2Zz4=\" data-src=\"https:\/\/vpdanses.fr\/wp-content\/uploads\/2025\/01\/Capture-decran-2025-03-22-a-20.28.28-1024x493.png\" data-srcset=\"https:\/\/vpdanses.fr\/wp-content\/uploads\/2025\/01\/Capture-decran-2025-03-22-a-20.28.28-1024x493.png 1024w, https:\/\/vpdanses.fr\/wp-content\/uploads\/2025\/01\/Capture-decran-2025-03-22-a-20.28.28-300x144.png 300w, https:\/\/vpdanses.fr\/wp-content\/uploads\/2025\/01\/Capture-decran-2025-03-22-a-20.28.28-768x369.png 768w, https:\/\/vpdanses.fr\/wp-content\/uploads\/2025\/01\/Capture-decran-2025-03-22-a-20.28.28-1536x739.png 1536w, https:\/\/vpdanses.fr\/wp-content\/uploads\/2025\/01\/Capture-decran-2025-03-22-a-20.28.28-2048x985.png 2048w, https:\/\/vpdanses.fr\/wp-content\/uploads\/2025\/01\/Capture-decran-2025-03-22-a-20.28.28-500x241.png 500w, https:\/\/vpdanses.fr\/wp-content\/uploads\/2025\/01\/Capture-decran-2025-03-22-a-20.28.28-800x385.png 800w, https:\/\/vpdanses.fr\/wp-content\/uploads\/2025\/01\/Capture-decran-2025-03-22-a-20.28.28-1280x616.png 1280w, https:\/\/vpdanses.fr\/wp-content\/uploads\/2025\/01\/Capture-decran-2025-03-22-a-20.28.28-1920x924.png 1920w, https:\/\/vpdanses.fr\/wp-content\/uploads\/2025\/01\/Capture-decran-2025-03-22-a-20.28.28-600x289.png 600w\" data-sizes=\"auto\"><\/a><figcaption class=\"wp-element-caption\">Site Facebook du Club Villarbeunnais de Danse Sportive<\/figcaption><\/figure>\n\n\n\n<p><\/p>\n\n\n\n<div style=\"height:52px\" aria-hidden=\"true\" class=\"wp-block-spacer\"><\/div>\n\n\n\n<h2 class=\"wp-block-heading\">Site internet du club de danse Diana Ribas<\/h2>\n\n\n\n<figure class=\"wp-block-image size-large\"><a href=\"https:\/\/www.ecolededanseribas.com\/contact.html\" target=\"_blank\" rel=\" noreferrer noopener\"><noscript><img loading=\"lazy\" decoding=\"async\" width=\"1024\" height=\"680\" data-skip-lazy src=\"https:\/\/vpdanses.fr\/wp-content\/uploads\/2025\/01\/Capture-decran-2025-03-22-a-20.36.55-1024x680.png\" alt=\"Page de contact du site internet de l' Ecole de danse Diana RIBAS\" class=\"wp-image-12306\" srcset=\"https:\/\/vpdanses.fr\/wp-content\/uploads\/2025\/01\/Capture-decran-2025-03-22-a-20.36.55-1024x680.png 1024w, https:\/\/vpdanses.fr\/wp-content\/uploads\/2025\/01\/Capture-decran-2025-03-22-a-20.36.55-300x199.png 300w, https:\/\/vpdanses.fr\/wp-content\/uploads\/2025\/01\/Capture-decran-2025-03-22-a-20.36.55-768x510.png 768w, https:\/\/vpdanses.fr\/wp-content\/uploads\/2025\/01\/Capture-decran-2025-03-22-a-20.36.55-1536x1020.png 1536w, https:\/\/vpdanses.fr\/wp-content\/uploads\/2025\/01\/Capture-decran-2025-03-22-a-20.36.55-2048x1360.png 2048w, https:\/\/vpdanses.fr\/wp-content\/uploads\/2025\/01\/Capture-decran-2025-03-22-a-20.36.55-500x332.png 500w, https:\/\/vpdanses.fr\/wp-content\/uploads\/2025\/01\/Capture-decran-2025-03-22-a-20.36.55-800x531.png 800w, https:\/\/vpdanses.fr\/wp-content\/uploads\/2025\/01\/Capture-decran-2025-03-22-a-20.36.55-1280x850.png 1280w, https:\/\/vpdanses.fr\/wp-content\/uploads\/2025\/01\/Capture-decran-2025-03-22-a-20.36.55-1920x1275.png 1920w, https:\/\/vpdanses.fr\/wp-content\/uploads\/2025\/01\/Capture-decran-2025-03-22-a-20.36.55-600x398.png 600w\" sizes=\"auto, (max-width: 1024px) 100vw, 1024px\" \/><\/noscript><img loading=\"eager\" decoding=\"async\" width=\"1024\" height=\"680\" src=\"https:\/\/vpdanses.fr\/wp-content\/uploads\/2025\/01\/Capture-decran-2025-03-22-a-20.36.55-1024x680.png\" alt=\"Page de contact du site internet de l&#039; Ecole de danse Diana RIBAS\" class=\"wp-image-12306 vp-lazyload\" srcset=\"data:image\/svg+xml;base64,PHN2ZyB3aWR0aD0iMTAyNCIgaGVpZ2h0PSI2ODAiIHZpZXdCb3g9IjAgMCAxMDI0IDY4MCIgZmlsbD0ibm9uZSIgeG1sbnM9Imh0dHA6Ly93d3cudzMub3JnLzIwMDAvc3ZnIj48L3N2Zz4=\" data-src=\"https:\/\/vpdanses.fr\/wp-content\/uploads\/2025\/01\/Capture-decran-2025-03-22-a-20.36.55-1024x680.png\" data-srcset=\"https:\/\/vpdanses.fr\/wp-content\/uploads\/2025\/01\/Capture-decran-2025-03-22-a-20.36.55-1024x680.png 1024w, https:\/\/vpdanses.fr\/wp-content\/uploads\/2025\/01\/Capture-decran-2025-03-22-a-20.36.55-300x199.png 300w, https:\/\/vpdanses.fr\/wp-content\/uploads\/2025\/01\/Capture-decran-2025-03-22-a-20.36.55-768x510.png 768w, https:\/\/vpdanses.fr\/wp-content\/uploads\/2025\/01\/Capture-decran-2025-03-22-a-20.36.55-1536x1020.png 1536w, https:\/\/vpdanses.fr\/wp-content\/uploads\/2025\/01\/Capture-decran-2025-03-22-a-20.36.55-2048x1360.png 2048w, https:\/\/vpdanses.fr\/wp-content\/uploads\/2025\/01\/Capture-decran-2025-03-22-a-20.36.55-500x332.png 500w, https:\/\/vpdanses.fr\/wp-content\/uploads\/2025\/01\/Capture-decran-2025-03-22-a-20.36.55-800x531.png 800w, https:\/\/vpdanses.fr\/wp-content\/uploads\/2025\/01\/Capture-decran-2025-03-22-a-20.36.55-1280x850.png 1280w, https:\/\/vpdanses.fr\/wp-content\/uploads\/2025\/01\/Capture-decran-2025-03-22-a-20.36.55-1920x1275.png 1920w, https:\/\/vpdanses.fr\/wp-content\/uploads\/2025\/01\/Capture-decran-2025-03-22-a-20.36.55-600x398.png 600w\" data-sizes=\"auto\"><\/a><\/figure>\n\n\n\n<div style=\"height:100px\" aria-hidden=\"true\" class=\"wp-block-spacer\"><\/div>\n\n\n\n<p><\/p>\n","protected":false},"excerpt":{"rendered":"<p>VP DANSES Hazebrouck aux Crit\u00e9rium FFD de Villeurbanne, le dimanche 27 avril 2025 dans la Cat\u00e9gorie Senior II Latines Avanc\u00e9s et Senior II Standards Intermediaires. Un \u00e9v\u00e9nement de la F\u00e9d\u00e9ration de France de Danses (FFD).<\/p>\n","protected":false},"author":1,"featured_media":12281,"template":"","meta":{"_uag_custom_page_level_css":"","_price":"","_stock":"","_tribe_ticket_header":"","_tribe_default_ticket_provider":"","_tribe_ticket_capacity":"0","_ticket_start_date":"","_ticket_end_date":"","_tribe_ticket_show_description":"","_tribe_ticket_show_not_going":false,"_tribe_ticket_use_global_stock":"","_tribe_ticket_global_stock_level":"","_global_stock_mode":"","_global_stock_cap":"","_tribe_rsvp_for_event":"","_tribe_ticket_going_count":"","_tribe_ticket_not_going_count":"","_tribe_tickets_list":"[]","_tribe_ticket_has_attendee_info_fields":false,"_EventAllDay":true,"_EventTimezone":"Europe\/Paris","_EventStartDate":"2025-04-27 00:00:00","_EventEndDate":"2025-04-27 23:59:59","_EventStartDateUTC":"2025-04-26 22:00:00","_EventEndDateUTC":"2025-04-27 21:59:59","_EventShowMap":false,"_EventShowMapLink":false,"_EventURL":"https:\/\/www.facebook.com\/clubvilleurbannaisdedansesportive\/","_EventCost":"","_EventCostDescription":"","_EventCurrencySymbol":"\u20ac","_EventCurrencyCode":"EUR","_EventCurrencyPosition":"suffix","_EventDateTimeSeparator":" > ","_EventTimeRangeSeparator":" - ","_EventOrganizerID":[12294],"_EventVenueID":[12297],"_OrganizerEmail":"","_OrganizerPhone":"","_OrganizerWebsite":"","_VenueAddress":"","_VenueCity":"","_VenueCountry":"","_VenueProvince":"","_VenueState":"","_VenueZip":"","_VenuePhone":"","_VenueURL":"","_VenueStateProvince":"","_VenueLat":"","_VenueLng":"","_VenueShowMap":false,"_VenueShowMapLink":false,"_tribe_events_status":"","_tribe_events_status_reason":"","footnotes":"","_tec_slr_enabled":"","_tec_slr_layout":""},"tags":[214,215],"tribe_events_cat":[206,170,207],"class_list":["post-11161","tribe_events","type-tribe_events","status-publish","has-post-thumbnail","hentry","tag-criterium","tag-france","tribe_events_cat-competition","tribe_events_cat-danse-sportive","tribe_events_cat-ffd","cat_competition","cat_danse-sportive","cat_ffd"],"yoast_head":"<!-- This site is optimized with the Yoast SEO Premium plugin v25.6 (Yoast SEO v25.6) - https:\/\/yoast.com\/wordpress\/plugins\/seo\/ -->\n<title>FFD Crit\u00e9riums Latines &amp; Standards - VP DANSES, cours de Danse Sportive \u00e0 Aire-sur-la-Lys et \u00e0 Saint-Jans-Cappel (Hauts-de-France)<\/title>\n<meta name=\"robots\" content=\"index, follow, max-snippet:-1, max-image-preview:large, max-video-preview:-1\" \/>\n<link rel=\"canonical\" href=\"https:\/\/vpdanses.fr\/home\/bienvenue-chez-vp-danses-hazebrouck\/evenement\/ffd-criteriums-latines-standards\/\" \/>\n<meta property=\"og:locale\" content=\"fr_FR\" \/>\n<meta property=\"og:type\" content=\"article\" \/>\n<meta property=\"og:title\" content=\"FFD Crit\u00e9riums Latines &amp; Standards\" \/>\n<meta property=\"og:description\" content=\"VP DANSES Hazebrouck aux Crit\u00e9rium FFD de Villeurbanne, le dimanche 27 avril 2025 dans la Cat\u00e9gorie Senior II Latines Avanc\u00e9s et Senior II Standards Intermediaires. Un \u00e9v\u00e9nement de la F\u00e9d\u00e9ration de France de Danses (FFD).\" \/>\n<meta property=\"og:url\" content=\"https:\/\/vpdanses.fr\/home\/bienvenue-chez-vp-danses-hazebrouck\/evenement\/ffd-criteriums-latines-standards\/\" \/>\n<meta property=\"og:site_name\" content=\"VP DANSES, cours de Danse Sportive \u00e0 Aire-sur-la-Lys et \u00e0 Saint-Jans-Cappel (Hauts-de-France)\" \/>\n<meta property=\"article:modified_time\" content=\"2025-03-22T20:06:09+00:00\" \/>\n<meta property=\"og:image\" content=\"https:\/\/vpdanses.fr\/wp-content\/uploads\/2025\/01\/2025-04-27.Criterium_Villeurbanne.jpg\" \/>\n\t<meta property=\"og:image:width\" content=\"1448\" \/>\n\t<meta property=\"og:image:height\" content=\"2048\" \/>\n\t<meta property=\"og:image:type\" content=\"image\/jpeg\" \/>\n<meta name=\"twitter:card\" content=\"summary_large_image\" \/>\n<meta name=\"twitter:label1\" content=\"Dur\u00e9e de lecture estim\u00e9e\" \/>\n\t<meta name=\"twitter:data1\" content=\"2 minutes\" \/>\n<script type=\"application\/ld+json\" class=\"yoast-schema-graph\">{\"@context\":\"https:\/\/schema.org\",\"@graph\":[{\"@type\":\"WebPage\",\"@id\":\"https:\/\/vpdanses.fr\/home\/bienvenue-chez-vp-danses-hazebrouck\/evenement\/ffd-criteriums-latines-standards\/\",\"url\":\"https:\/\/vpdanses.fr\/home\/bienvenue-chez-vp-danses-hazebrouck\/evenement\/ffd-criteriums-latines-standards\/\",\"name\":\"FFD Crit\u00e9riums Latines &amp; Standards - VP DANSES, cours de Danse Sportive \u00e0 Aire-sur-la-Lys et \u00e0 Saint-Jans-Cappel (Hauts-de-France)\",\"isPartOf\":{\"@id\":\"https:\/\/vpdanses.fr\/home\/bienvenue-chez-vp-danses-hazebrouck\/#website\"},\"primaryImageOfPage\":{\"@id\":\"https:\/\/vpdanses.fr\/home\/bienvenue-chez-vp-danses-hazebrouck\/evenement\/ffd-criteriums-latines-standards\/#primaryimage\"},\"image\":{\"@id\":\"https:\/\/vpdanses.fr\/home\/bienvenue-chez-vp-danses-hazebrouck\/evenement\/ffd-criteriums-latines-standards\/#primaryimage\"},\"thumbnailUrl\":\"https:\/\/vpdanses.fr\/wp-content\/uploads\/2025\/01\/2025-04-27.Criterium_Villeurbanne.jpg\",\"datePublished\":\"2025-01-01T16:34:38+00:00\",\"dateModified\":\"2025-03-22T20:06:09+00:00\",\"breadcrumb\":{\"@id\":\"https:\/\/vpdanses.fr\/home\/bienvenue-chez-vp-danses-hazebrouck\/evenement\/ffd-criteriums-latines-standards\/#breadcrumb\"},\"inLanguage\":\"fr-FR\",\"potentialAction\":[{\"@type\":\"ReadAction\",\"target\":[\"https:\/\/vpdanses.fr\/home\/bienvenue-chez-vp-danses-hazebrouck\/evenement\/ffd-criteriums-latines-standards\/\"]}]},{\"@type\":\"ImageObject\",\"inLanguage\":\"fr-FR\",\"@id\":\"https:\/\/vpdanses.fr\/home\/bienvenue-chez-vp-danses-hazebrouck\/evenement\/ffd-criteriums-latines-standards\/#primaryimage\",\"url\":\"https:\/\/vpdanses.fr\/wp-content\/uploads\/2025\/01\/2025-04-27.Criterium_Villeurbanne.jpg\",\"contentUrl\":\"https:\/\/vpdanses.fr\/wp-content\/uploads\/2025\/01\/2025-04-27.Criterium_Villeurbanne.jpg\",\"width\":1448,\"height\":2048,\"caption\":\"VP DANSES Hazebrouck aux Crit\u00e9rium FFD de Villeurbanne, le dimanche 27 avril 2025 dans la Cat\u00e9gorie Senior II Latines Avanc\u00e9s et Senior II Standards Intermediaires\"},{\"@type\":\"BreadcrumbList\",\"@id\":\"https:\/\/vpdanses.fr\/home\/bienvenue-chez-vp-danses-hazebrouck\/evenement\/ffd-criteriums-latines-standards\/#breadcrumb\",\"itemListElement\":[{\"@type\":\"ListItem\",\"position\":1,\"name\":\"Accueil\",\"item\":\"https:\/\/vpdanses.fr\/home\/bienvenue-chez-vp-danses-hazebrouck\/\"},{\"@type\":\"ListItem\",\"position\":2,\"name\":\"\u00c9v\u00e8nements\",\"item\":\"https:\/\/vpdanses.fr\/home\/bienvenue-chez-vp-danses-hazebrouck\/dates\/\"},{\"@type\":\"ListItem\",\"position\":3,\"name\":\"FFD Crit\u00e9riums Latines &amp; Standards\"}]},{\"@type\":\"WebSite\",\"@id\":\"https:\/\/vpdanses.fr\/home\/bienvenue-chez-vp-danses-hazebrouck\/#website\",\"url\":\"https:\/\/vpdanses.fr\/home\/bienvenue-chez-vp-danses-hazebrouck\/\",\"name\":\"VP DANSES, cours de Danse Sportive \u00e0 Aire-sur-la-Lys et \u00e0 Saint-Jans-Cappel (Hauts-de-France)\",\"description\":\"Cours de Danse Sportive STANDARD (valse anglaise, tango, valse viennoise, slowfox, quickstep), danses sportives LATINES (samba, chacha, rumba, paso doble, jive), danses de bal, danses de salons, danses de loisirs, salsa, rock 4 temps, rock 6 temps, danses en ligne, disco, \u2026 Lieu : Hazebrouck, Aire-sur-la-Lys, Saint-Jans-Cappel et Isbergues (Hauts-de-France) - Cours Particuliers dans les Hauts-de-France - Ouverture de bal de Mariage\",\"publisher\":{\"@id\":\"https:\/\/vpdanses.fr\/home\/bienvenue-chez-vp-danses-hazebrouck\/#organization\"},\"potentialAction\":[{\"@type\":\"SearchAction\",\"target\":{\"@type\":\"EntryPoint\",\"urlTemplate\":\"https:\/\/vpdanses.fr\/home\/bienvenue-chez-vp-danses-hazebrouck\/?s={search_term_string}\"},\"query-input\":{\"@type\":\"PropertyValueSpecification\",\"valueRequired\":true,\"valueName\":\"search_term_string\"}}],\"inLanguage\":\"fr-FR\"},{\"@type\":\"Organization\",\"@id\":\"https:\/\/vpdanses.fr\/home\/bienvenue-chez-vp-danses-hazebrouck\/#organization\",\"name\":\"VP DANSES, cours de Danse Sportive \u00e0 Aire-sur-la-Lys et \u00e0 Saint-Jans-Cappel (Hauts-de-France)\",\"url\":\"https:\/\/vpdanses.fr\/home\/bienvenue-chez-vp-danses-hazebrouck\/\",\"logo\":{\"@type\":\"ImageObject\",\"inLanguage\":\"fr-FR\",\"@id\":\"https:\/\/vpdanses.fr\/home\/bienvenue-chez-vp-danses-hazebrouck\/#\/schema\/logo\/image\/\",\"url\":\"https:\/\/vpdanses.fr\/wp-content\/uploads\/2024\/10\/logo_cadanse_asaintjans.jpeg\",\"contentUrl\":\"https:\/\/vpdanses.fr\/wp-content\/uploads\/2024\/10\/logo_cadanse_asaintjans.jpeg\",\"width\":225,\"height\":225,\"caption\":\"VP DANSES, cours de Danse Sportive \u00e0 Aire-sur-la-Lys et \u00e0 Saint-Jans-Cappel (Hauts-de-France)\"},\"image\":{\"@id\":\"https:\/\/vpdanses.fr\/home\/bienvenue-chez-vp-danses-hazebrouck\/#\/schema\/logo\/image\/\"}}]}<\/script>\n<!-- \/ Yoast SEO Premium plugin. -->","yoast_head_json":{"title":"FFD Crit\u00e9riums Latines &amp; Standards - VP DANSES, cours de Danse Sportive \u00e0 Aire-sur-la-Lys et \u00e0 Saint-Jans-Cappel (Hauts-de-France)","robots":{"index":"index","follow":"follow","max-snippet":"max-snippet:-1","max-image-preview":"max-image-preview:large","max-video-preview":"max-video-preview:-1"},"canonical":"https:\/\/vpdanses.fr\/home\/bienvenue-chez-vp-danses-hazebrouck\/evenement\/ffd-criteriums-latines-standards\/","og_locale":"fr_FR","og_type":"article","og_title":"FFD Crit\u00e9riums Latines &amp; Standards","og_description":"VP DANSES Hazebrouck aux Crit\u00e9rium FFD de Villeurbanne, le dimanche 27 avril 2025 dans la Cat\u00e9gorie Senior II Latines Avanc\u00e9s et Senior II Standards Intermediaires. Un \u00e9v\u00e9nement de la F\u00e9d\u00e9ration de France de Danses (FFD).","og_url":"https:\/\/vpdanses.fr\/home\/bienvenue-chez-vp-danses-hazebrouck\/evenement\/ffd-criteriums-latines-standards\/","og_site_name":"VP DANSES, cours de Danse Sportive \u00e0 Aire-sur-la-Lys et \u00e0 Saint-Jans-Cappel (Hauts-de-France)","article_modified_time":"2025-03-22T20:06:09+00:00","og_image":[{"width":1448,"height":2048,"url":"https:\/\/vpdanses.fr\/wp-content\/uploads\/2025\/01\/2025-04-27.Criterium_Villeurbanne.jpg","type":"image\/jpeg"}],"twitter_card":"summary_large_image","twitter_misc":{"Dur\u00e9e de lecture estim\u00e9e":"2 minutes"},"schema":{"@context":"https:\/\/schema.org","@graph":[{"@type":"WebPage","@id":"https:\/\/vpdanses.fr\/home\/bienvenue-chez-vp-danses-hazebrouck\/evenement\/ffd-criteriums-latines-standards\/","url":"https:\/\/vpdanses.fr\/home\/bienvenue-chez-vp-danses-hazebrouck\/evenement\/ffd-criteriums-latines-standards\/","name":"FFD Crit\u00e9riums Latines &amp; Standards - VP DANSES, cours de Danse Sportive \u00e0 Aire-sur-la-Lys et \u00e0 Saint-Jans-Cappel (Hauts-de-France)","isPartOf":{"@id":"https:\/\/vpdanses.fr\/home\/bienvenue-chez-vp-danses-hazebrouck\/#website"},"primaryImageOfPage":{"@id":"https:\/\/vpdanses.fr\/home\/bienvenue-chez-vp-danses-hazebrouck\/evenement\/ffd-criteriums-latines-standards\/#primaryimage"},"image":{"@id":"https:\/\/vpdanses.fr\/home\/bienvenue-chez-vp-danses-hazebrouck\/evenement\/ffd-criteriums-latines-standards\/#primaryimage"},"thumbnailUrl":"https:\/\/vpdanses.fr\/wp-content\/uploads\/2025\/01\/2025-04-27.Criterium_Villeurbanne.jpg","datePublished":"2025-01-01T16:34:38+00:00","dateModified":"2025-03-22T20:06:09+00:00","breadcrumb":{"@id":"https:\/\/vpdanses.fr\/home\/bienvenue-chez-vp-danses-hazebrouck\/evenement\/ffd-criteriums-latines-standards\/#breadcrumb"},"inLanguage":"fr-FR","potentialAction":[{"@type":"ReadAction","target":["https:\/\/vpdanses.fr\/home\/bienvenue-chez-vp-danses-hazebrouck\/evenement\/ffd-criteriums-latines-standards\/"]}]},{"@type":"ImageObject","inLanguage":"fr-FR","@id":"https:\/\/vpdanses.fr\/home\/bienvenue-chez-vp-danses-hazebrouck\/evenement\/ffd-criteriums-latines-standards\/#primaryimage","url":"https:\/\/vpdanses.fr\/wp-content\/uploads\/2025\/01\/2025-04-27.Criterium_Villeurbanne.jpg","contentUrl":"https:\/\/vpdanses.fr\/wp-content\/uploads\/2025\/01\/2025-04-27.Criterium_Villeurbanne.jpg","width":1448,"height":2048,"caption":"VP DANSES Hazebrouck aux Crit\u00e9rium FFD de Villeurbanne, le dimanche 27 avril 2025 dans la Cat\u00e9gorie Senior II Latines Avanc\u00e9s et Senior II Standards Intermediaires"},{"@type":"BreadcrumbList","@id":"https:\/\/vpdanses.fr\/home\/bienvenue-chez-vp-danses-hazebrouck\/evenement\/ffd-criteriums-latines-standards\/#breadcrumb","itemListElement":[{"@type":"ListItem","position":1,"name":"Accueil","item":"https:\/\/vpdanses.fr\/home\/bienvenue-chez-vp-danses-hazebrouck\/"},{"@type":"ListItem","position":2,"name":"\u00c9v\u00e8nements","item":"https:\/\/vpdanses.fr\/home\/bienvenue-chez-vp-danses-hazebrouck\/dates\/"},{"@type":"ListItem","position":3,"name":"FFD Crit\u00e9riums Latines &amp; Standards"}]},{"@type":"WebSite","@id":"https:\/\/vpdanses.fr\/home\/bienvenue-chez-vp-danses-hazebrouck\/#website","url":"https:\/\/vpdanses.fr\/home\/bienvenue-chez-vp-danses-hazebrouck\/","name":"VP DANSES, cours de Danse Sportive \u00e0 Aire-sur-la-Lys et \u00e0 Saint-Jans-Cappel (Hauts-de-France)","description":"Cours de Danse Sportive STANDARD (valse anglaise, tango, valse viennoise, slowfox, quickstep), danses sportives LATINES (samba, chacha, rumba, paso doble, jive), danses de bal, danses de salons, danses de loisirs, salsa, rock 4 temps, rock 6 temps, danses en ligne, disco, \u2026 Lieu : Hazebrouck, Aire-sur-la-Lys, Saint-Jans-Cappel et Isbergues (Hauts-de-France) - Cours Particuliers dans les Hauts-de-France - Ouverture de bal de Mariage","publisher":{"@id":"https:\/\/vpdanses.fr\/home\/bienvenue-chez-vp-danses-hazebrouck\/#organization"},"potentialAction":[{"@type":"SearchAction","target":{"@type":"EntryPoint","urlTemplate":"https:\/\/vpdanses.fr\/home\/bienvenue-chez-vp-danses-hazebrouck\/?s={search_term_string}"},"query-input":{"@type":"PropertyValueSpecification","valueRequired":true,"valueName":"search_term_string"}}],"inLanguage":"fr-FR"},{"@type":"Organization","@id":"https:\/\/vpdanses.fr\/home\/bienvenue-chez-vp-danses-hazebrouck\/#organization","name":"VP DANSES, cours de Danse Sportive \u00e0 Aire-sur-la-Lys et \u00e0 Saint-Jans-Cappel (Hauts-de-France)","url":"https:\/\/vpdanses.fr\/home\/bienvenue-chez-vp-danses-hazebrouck\/","logo":{"@type":"ImageObject","inLanguage":"fr-FR","@id":"https:\/\/vpdanses.fr\/home\/bienvenue-chez-vp-danses-hazebrouck\/#\/schema\/logo\/image\/","url":"https:\/\/vpdanses.fr\/wp-content\/uploads\/2024\/10\/logo_cadanse_asaintjans.jpeg","contentUrl":"https:\/\/vpdanses.fr\/wp-content\/uploads\/2024\/10\/logo_cadanse_asaintjans.jpeg","width":225,"height":225,"caption":"VP DANSES, cours de Danse Sportive \u00e0 Aire-sur-la-Lys et \u00e0 Saint-Jans-Cappel (Hauts-de-France)"},"image":{"@id":"https:\/\/vpdanses.fr\/home\/bienvenue-chez-vp-danses-hazebrouck\/#\/schema\/logo\/image\/"}}]}},"uagb_featured_image_src":{"full":["https:\/\/vpdanses.fr\/wp-content\/uploads\/2025\/01\/2025-04-27.Criterium_Villeurbanne.jpg",1448,2048,false],"thumbnail":["https:\/\/vpdanses.fr\/wp-content\/uploads\/2025\/01\/2025-04-27.Criterium_Villeurbanne-150x150.jpg",150,150,true],"medium":["https:\/\/vpdanses.fr\/wp-content\/uploads\/2025\/01\/2025-04-27.Criterium_Villeurbanne-212x300.jpg",212,300,true],"medium_large":["https:\/\/vpdanses.fr\/wp-content\/uploads\/2025\/01\/2025-04-27.Criterium_Villeurbanne-768x1086.jpg",768,1086,true],"large":["https:\/\/vpdanses.fr\/wp-content\/uploads\/2025\/01\/2025-04-27.Criterium_Villeurbanne-724x1024.jpg",724,1024,true],"1536x1536":["https:\/\/vpdanses.fr\/wp-content\/uploads\/2025\/01\/2025-04-27.Criterium_Villeurbanne-1086x1536.jpg",1086,1536,true],"2048x2048":["https:\/\/vpdanses.fr\/wp-content\/uploads\/2025\/01\/2025-04-27.Criterium_Villeurbanne.jpg",1448,2048,false],"vp_sm":["https:\/\/vpdanses.fr\/wp-content\/uploads\/2025\/01\/2025-04-27.Criterium_Villeurbanne-500x707.jpg",500,707,true],"vp_md":["https:\/\/vpdanses.fr\/wp-content\/uploads\/2025\/01\/2025-04-27.Criterium_Villeurbanne-800x1131.jpg",800,1131,true],"vp_lg":["https:\/\/vpdanses.fr\/wp-content\/uploads\/2025\/01\/2025-04-27.Criterium_Villeurbanne-1280x1810.jpg",1280,1810,true],"vp_xl":["https:\/\/vpdanses.fr\/wp-content\/uploads\/2025\/01\/2025-04-27.Criterium_Villeurbanne.jpg",1448,2048,false],"vp_sm_popup":["https:\/\/vpdanses.fr\/wp-content\/uploads\/2025\/01\/2025-04-27.Criterium_Villeurbanne-500x707.jpg",500,707,true],"vp_md_popup":["https:\/\/vpdanses.fr\/wp-content\/uploads\/2025\/01\/2025-04-27.Criterium_Villeurbanne-800x1131.jpg",800,1131,true],"vp_xl_popup":["https:\/\/vpdanses.fr\/wp-content\/uploads\/2025\/01\/2025-04-27.Criterium_Villeurbanne.jpg",1448,2048,false],"dance-blog-thumb":["https:\/\/vpdanses.fr\/wp-content\/uploads\/2025\/01\/2025-04-27.Criterium_Villeurbanne-150x120.jpg",150,120,true],"dance-event-list":["https:\/\/vpdanses.fr\/wp-content\/uploads\/2025\/01\/2025-04-27.Criterium_Villeurbanne-420x336.jpg",420,336,true],"dance-event-single-type1":["https:\/\/vpdanses.fr\/wp-content\/uploads\/2025\/01\/2025-04-27.Criterium_Villeurbanne-773x520.jpg",773,520,true],"dance-event-single-type4":["https:\/\/vpdanses.fr\/wp-content\/uploads\/2025\/01\/2025-04-27.Criterium_Villeurbanne-570x460.jpg",570,460,true],"dance-event-single-type5":["https:\/\/vpdanses.fr\/wp-content\/uploads\/2025\/01\/2025-04-27.Criterium_Villeurbanne-746x770.jpg",746,770,true],"dance-event-list2":["https:\/\/vpdanses.fr\/wp-content\/uploads\/2025\/01\/2025-04-27.Criterium_Villeurbanne-420x275.jpg",420,275,true]},"uagb_author_info":{"display_name":"VP DANSES","author_link":"https:\/\/vpdanses.fr\/home\/bienvenue-chez-vp-danses-hazebrouck\/author\/adminvp20241018\/"},"uagb_comment_info":0,"uagb_excerpt":"VP DANSES Hazebrouck aux Crit\u00e9rium FFD de Villeurbanne, le dimanche 27 avril 2025 dans la Cat\u00e9gorie Senior II Latines Avanc\u00e9s et Senior II Standards Intermediaires. Un \u00e9v\u00e9nement de la F\u00e9d\u00e9ration de France de Danses (FFD).","jetpack_sharing_enabled":true,"ticketed":false,"_links":{"self":[{"href":"https:\/\/vpdanses.fr\/home\/bienvenue-chez-vp-danses-hazebrouck\/wp-json\/wp\/v2\/tribe_events\/11161","targetHints":{"allow":["GET"]}}],"collection":[{"href":"https:\/\/vpdanses.fr\/home\/bienvenue-chez-vp-danses-hazebrouck\/wp-json\/wp\/v2\/tribe_events"}],"about":[{"href":"https:\/\/vpdanses.fr\/home\/bienvenue-chez-vp-danses-hazebrouck\/wp-json\/wp\/v2\/types\/tribe_events"}],"author":[{"embeddable":true,"href":"https:\/\/vpdanses.fr\/home\/bienvenue-chez-vp-danses-hazebrouck\/wp-json\/wp\/v2\/users\/1"}],"version-history":[{"count":21,"href":"https:\/\/vpdanses.fr\/home\/bienvenue-chez-vp-danses-hazebrouck\/wp-json\/wp\/v2\/tribe_events\/11161\/revisions"}],"predecessor-version":[{"id":12317,"href":"https:\/\/vpdanses.fr\/home\/bienvenue-chez-vp-danses-hazebrouck\/wp-json\/wp\/v2\/tribe_events\/11161\/revisions\/12317"}],"wp:featuredmedia":[{"embeddable":true,"href":"https:\/\/vpdanses.fr\/home\/bienvenue-chez-vp-danses-hazebrouck\/wp-json\/wp\/v2\/media\/12281"}],"wp:attachment":[{"href":"https:\/\/vpdanses.fr\/home\/bienvenue-chez-vp-danses-hazebrouck\/wp-json\/wp\/v2\/media?parent=11161"}],"wp:term":[{"taxonomy":"post_tag","embeddable":true,"href":"https:\/\/vpdanses.fr\/home\/bienvenue-chez-vp-danses-hazebrouck\/wp-json\/wp\/v2\/tags?post=11161"},{"taxonomy":"tribe_events_cat","embeddable":true,"href":"https:\/\/vpdanses.fr\/home\/bienvenue-chez-vp-danses-hazebrouck\/wp-json\/wp\/v2\/tribe_events_cat?post=11161"}],"curies":[{"name":"wp","href":"https:\/\/api.w.org\/{rel}","templated":true}]}}