{"id":12272,"date":"2025-03-19T17:54:27","date_gmt":"2025-03-19T16:54:27","guid":{"rendered":"https:\/\/vpdanses.fr\/home\/bienvenue-chez-vp-danses-hazebrouck\/?post_type=tribe_events&#038;p=12272"},"modified":"2025-05-04T21:10:03","modified_gmt":"2025-05-04T19:10:03","slug":"atelier-n-1-de-l-edition-2025-du-defi-10-jours-sans-ecrans","status":"publish","type":"tribe_events","link":"https:\/\/vpdanses.fr\/home\/bienvenue-chez-vp-danses-hazebrouck\/evenement\/atelier-n-1-de-l-edition-2025-du-defi-10-jours-sans-ecrans\/","title":{"rendered":"Atelier n\u00b0 1 de l&rsquo; \u00c9dition 2025 du d\u00e9fi \u00ab\u00a010 jours sans \u00e9crans\u00a0\u00bb (Hazebrouck)"},"content":{"rendered":"<div class=\"tribe-events-event-image\"><noscript><img loading=\"lazy\" decoding=\"async\" width=\"1600\" height=\"1200\" data-skip-lazy src=\"https:\/\/vpdanses.fr\/wp-content\/uploads\/2025\/03\/VP-DANSES-10-JOURS-SANS-ECRANS-vWeb-1.png\" class=\"attachment-full size-full wp-post-image\" alt=\"L&#039;association VP DANSES est fi\u00e8re de participer \u00e0 l&#039;\u00e9dition 2025 de &quot;10 JOURS SANS \u00c9CRANS&quot; ! Venez d\u00e9couvrir la DANSE SPORTIVE \u00e0 Hazebrouck, du 13 Mai 2025 au 22 Mai 2025\" srcset=\"https:\/\/vpdanses.fr\/wp-content\/uploads\/2025\/03\/VP-DANSES-10-JOURS-SANS-ECRANS-vWeb-1.png 1600w, https:\/\/vpdanses.fr\/wp-content\/uploads\/2025\/03\/VP-DANSES-10-JOURS-SANS-ECRANS-vWeb-1-300x225.png 300w, https:\/\/vpdanses.fr\/wp-content\/uploads\/2025\/03\/VP-DANSES-10-JOURS-SANS-ECRANS-vWeb-1-1024x768.png 1024w, https:\/\/vpdanses.fr\/wp-content\/uploads\/2025\/03\/VP-DANSES-10-JOURS-SANS-ECRANS-vWeb-1-768x576.png 768w, https:\/\/vpdanses.fr\/wp-content\/uploads\/2025\/03\/VP-DANSES-10-JOURS-SANS-ECRANS-vWeb-1-1536x1152.png 1536w, https:\/\/vpdanses.fr\/wp-content\/uploads\/2025\/03\/VP-DANSES-10-JOURS-SANS-ECRANS-vWeb-1-500x375.png 500w, https:\/\/vpdanses.fr\/wp-content\/uploads\/2025\/03\/VP-DANSES-10-JOURS-SANS-ECRANS-vWeb-1-800x600.png 800w, https:\/\/vpdanses.fr\/wp-content\/uploads\/2025\/03\/VP-DANSES-10-JOURS-SANS-ECRANS-vWeb-1-1280x960.png 1280w, https:\/\/vpdanses.fr\/wp-content\/uploads\/2025\/03\/VP-DANSES-10-JOURS-SANS-ECRANS-vWeb-1-600x450.png 600w\" sizes=\"auto, (max-width: 1600px) 100vw, 1600px\" \/><\/noscript><img fetchpriority=\"high\" decoding=\"async\" width=\"1600\" height=\"1200\" src=\"https:\/\/vpdanses.fr\/wp-content\/uploads\/2025\/03\/VP-DANSES-10-JOURS-SANS-ECRANS-vWeb-1.png\" class=\"attachment-full size-full wp-post-image vp-lazyload\" alt=\"L&#039;association VP DANSES est fi\u00e8re de participer \u00e0 l&#039;\u00e9dition 2025 de &quot;10 JOURS SANS \u00c9CRANS&quot; ! Venez d\u00e9couvrir la DANSE SPORTIVE \u00e0 Hazebrouck, du 13 Mai 2025 au 22 Mai 2025\" srcset=\"data:image\/svg+xml;base64,PHN2ZyB3aWR0aD0iMTYwMCIgaGVpZ2h0PSIxMjAwIiB2aWV3Qm94PSIwIDAgMTYwMCAxMjAwIiBmaWxsPSJub25lIiB4bWxucz0iaHR0cDovL3d3dy53My5vcmcvMjAwMC9zdmciPjwvc3ZnPg==\" data-src=\"https:\/\/vpdanses.fr\/wp-content\/uploads\/2025\/03\/VP-DANSES-10-JOURS-SANS-ECRANS-vWeb-1.png\" data-srcset=\"https:\/\/vpdanses.fr\/wp-content\/uploads\/2025\/03\/VP-DANSES-10-JOURS-SANS-ECRANS-vWeb-1.png 1600w, https:\/\/vpdanses.fr\/wp-content\/uploads\/2025\/03\/VP-DANSES-10-JOURS-SANS-ECRANS-vWeb-1-300x225.png 300w, https:\/\/vpdanses.fr\/wp-content\/uploads\/2025\/03\/VP-DANSES-10-JOURS-SANS-ECRANS-vWeb-1-1024x768.png 1024w, https:\/\/vpdanses.fr\/wp-content\/uploads\/2025\/03\/VP-DANSES-10-JOURS-SANS-ECRANS-vWeb-1-768x576.png 768w, https:\/\/vpdanses.fr\/wp-content\/uploads\/2025\/03\/VP-DANSES-10-JOURS-SANS-ECRANS-vWeb-1-1536x1152.png 1536w, https:\/\/vpdanses.fr\/wp-content\/uploads\/2025\/03\/VP-DANSES-10-JOURS-SANS-ECRANS-vWeb-1-500x375.png 500w, https:\/\/vpdanses.fr\/wp-content\/uploads\/2025\/03\/VP-DANSES-10-JOURS-SANS-ECRANS-vWeb-1-800x600.png 800w, https:\/\/vpdanses.fr\/wp-content\/uploads\/2025\/03\/VP-DANSES-10-JOURS-SANS-ECRANS-vWeb-1-1280x960.png 1280w, https:\/\/vpdanses.fr\/wp-content\/uploads\/2025\/03\/VP-DANSES-10-JOURS-SANS-ECRANS-vWeb-1-600x450.png 600w\" data-sizes=\"auto\" loading=\"eager\"><\/div>\n\n<div  class=\"tribe-events-schedule tribe-clearfix\" >\n\t<p class=\"tribe-events-schedule__datetime\">\n\t\t<span class=\"tribe-events-schedule__date tribe-events-schedule__date--start\">\n\t\t\t13 mai 2025\t\t<\/span>\n\n\t\t\t\t\t<span class=\"tribe-events-schedule__separator tribe-events-schedule__separator--date\">\n\t\t\t\t &gt; \t\t\t<\/span>\n\t\t\t<span class=\"tribe-events-schedule__time tribe-events-schedule__time--start\">\n\t\t\t\t19h00\t\t\t<\/span>\n\t\t\n\t\t\t\t\t\t\t\t\t<span class=\"tribe-events-schedule__separator tribe-events-schedule__separator--time\">\n\t\t\t\t\t &#8211; \t\t\t\t<\/span>\n\t\t\t\n\t\t\t\t\t\t\t<span class=\"tribe-events-schedule__time tribe-events-schedule__time--end\">\n\t\t\t\t\t20h45\t\t\t\t<\/span>\n\t\t\t\n\t\t\t\t\t\t<\/p>\n<\/div>\n\n\n\n<p>L&rsquo;association VP DANSES Hazebrouck est fi\u00e8re de participer \u00e0 l&rsquo;\u00e9dition 2025 de \u00ab\u00a010 JOURS SANS \u00c9CRANS\u00a0\u00bb ! <\/p>\n\n\n\n\n<div  class=\"tribe-block tribe-block__venue tribe-clearfix tribe-block__venue--has-map\" >\n\t\n\t\n<div class=\"tribe-block__venue__meta\">\n\t<div class=\"tribe-block__venue__name\">\n\t\t<h3><a href=\"https:\/\/vpdanses.fr\/home\/bienvenue-chez-vp-danses-hazebrouck\/lieu\/\" title=\"Salle de danse, rue du Biest 59190 Hazebrouck\">Salle de danse, rue du Biest 59190 Hazebrouck<\/a><\/h3>\n\t<\/div>\n\n\t\n\t\t\t\t\t\t<address class=\"tribe-block__venue__address\">\n\t\t\t\t<span class=\"tribe-address\">\n\n<span class=\"tribe-street-address\">Salle de danse, rue du Biest<\/span>\n\t\n\t\t<br>\n\t\t<span class=\"tribe-locality\">Hazebrouck<\/span><span class=\"tribe-delimiter\">,<\/span>\n\n\n\t<span class=\"tribe-postal-code\">59190<\/span>\n\n\t<span class=\"tribe-country-name\">France<\/span>\n\n<\/span>\n\n\t\t\t\t\t\t\t\t\t<a class=\"tribe-events-gmap\" href=\"https:\/\/maps.google.com\/maps?f=q&#038;source=s_q&#038;hl=en&#038;geocode=&#038;q=Salle+de+danse%2C+rue+du+Biest+Hazebrouck+59190+France\" title=\"Cliquez pour voir une carte Google Map\" target=\"_blank\" rel=\"noreferrer noopener\">+ Google Map<\/a>\t\t\t\t\t\t\t<\/address>\n\t\t\n\t\t\t\t\t<span class=\"tribe-block__venue__phone\">0769899751<\/span><br \/>\n\t\t\n\t\t\t\t\t<span class=\"tribe-block__venue__website\"><a href=\"https:\/\/vpdanses.fr\/home\/bienvenue-chez-vp-danses-hazebrouck\/10-jours-sans-ecrans-hazebrouck-2025\/\" target=\"_self\" rel=\"external\">Voir Lieu site web<\/a><\/span><br \/>\n\t\t\t\n\t<\/div>\n\t\n<div class=\"tribe-block__venue__map\">\n\t\n<iframe loading=\"lazy\"\n  title=\"L\u2018iframe Google maps affichant l\u2019adresse \u00e0 Salle de danse, rue du Biest 59190 Hazebrouck\"\n  aria-label=\"Plan des lieux\"\n  width=\"310px\"\n  height=\"256px\"\n  frameborder=\"0\" style=\"border:0\"\n  src=\"https:\/\/www.google.com\/maps\/embed\/v1\/place?key=AIzaSyDNsicAsP6-VuGtAb1O9riI3oc_NOb7IOU&#038;q=Salle+de+danse%2C+rue+du+Biest+Hazebrouck+59190+France+&#038;zoom=11\" allowfullscreen>\n<\/iframe>\n<\/div>\n\n\t<\/div>\n\n\n<div  class=\"tribe-block tribe-block__event-website\" >\n\t<a\n\t\thref=\"https:\/\/vpdanses.fr\/home\/bienvenue-chez-vp-danses-hazebrouck\/10-jours-sans-ecrans-hazebrouck-2025\/\"\n\t\ttarget=\"_self\"\n\t\t\t>\n\t\tInfos et d\u00e9tails\t<\/a>\n<\/div>\n\n\n\t<div  class=\"tribe-block tribe-block__events-link\" >\n\t\t<div class=\"tribe-events tribe-common\">\n\t\t\t<div class=\"tribe-events-c-subscribe-dropdown__container\">\n\t\t\t\t<div class=\"tribe-events-c-subscribe-dropdown\">\n\t\t\t\t\t<div class=\"tribe-common-c-btn-border tribe-events-c-subscribe-dropdown__button\">\n\t\t\t\t\t\t<svg\n\t class=\"tribe-common-c-svgicon tribe-common-c-svgicon--cal-export tribe-events-c-subscribe-dropdown__export-icon\" \taria-hidden=\"true\"\n\tviewBox=\"0 0 23 17\"\n\txmlns=\"http:\/\/www.w3.org\/2000\/svg\"\n>\n\t<path fill-rule=\"evenodd\" clip-rule=\"evenodd\" d=\"M.128.896V16.13c0 .211.145.383.323.383h15.354c.179 0 .323-.172.323-.383V.896c0-.212-.144-.383-.323-.383H.451C.273.513.128.684.128.896Zm16 6.742h-.901V4.679H1.009v10.729h14.218v-3.336h.901V7.638ZM1.01 1.614h14.218v2.058H1.009V1.614Z\" \/>\n\t<path d=\"M20.5 9.846H8.312M18.524 6.953l2.89 2.909-2.855 2.855\" stroke-width=\"1.2\" stroke-linecap=\"round\" stroke-linejoin=\"round\"\/>\n<\/svg>\n\t\t\t\t\t\t<button\n\t\t\t\t\t\t\tclass=\"tribe-events-c-subscribe-dropdown__button-text\"\n\t\t\t\t\t\t\taria-expanded=\"false\"\n\t\t\t\t\t\t\taria-controls=\"tribe-events-subscribe-dropdown-content\"\n\t\t\t\t\t\t\taria-label=\"Afficher les liens permettant d\u2019ajouter des \u00e9v\u00e8nements \u00e0 votre calendrier\"\n\t\t\t\t\t\t>\n\t\t\t\t\t\t\tAjouter au calendrier\t\t\t\t\t\t<\/button>\n\t\t\t\t\t\t<svg\n\t class=\"tribe-common-c-svgicon tribe-common-c-svgicon--caret-down tribe-events-c-subscribe-dropdown__button-icon\" \taria-hidden=\"true\"\n\tviewBox=\"0 0 10 7\"\n\txmlns=\"http:\/\/www.w3.org\/2000\/svg\"\n>\n\t<path fill-rule=\"evenodd\" clip-rule=\"evenodd\" d=\"M1.008.609L5 4.6 8.992.61l.958.958L5 6.517.05 1.566l.958-.958z\" class=\"tribe-common-c-svgicon__svg-fill\"\/>\n<\/svg>\n\t\t\t\t\t<\/div>\n\t\t\t\t\t<div id=\"tribe-events-subscribe-dropdown-content\" class=\"tribe-events-c-subscribe-dropdown__content\">\n\t\t\t\t\t\t<ul class=\"tribe-events-c-subscribe-dropdown__list\">\n\t\t\t\t\t\t\t\t\t\t\t\t\t\t\t<li class=\"tribe-events-c-subscribe-dropdown__list-item tribe-events-c-subscribe-dropdown__list-item--gcal\">\n\t\t\t\t\t\t\t\t\t<a\n\t\t\t\t\t\t\t\t\t\thref=\"https:\/\/www.google.com\/calendar\/event?action=TEMPLATE&#038;dates=20250513T190000\/20250513T204500&#038;text=Atelier%20n%C2%B0%201%20de%20l%26rsquo%3B%20%C3%89dition%202025%20du%20d%C3%A9fi%20%C2%AB%C2%A010%20jours%20sans%20%C3%A9crans%C2%A0%C2%BB%20%28Hazebrouck%29&#038;details=%3Cp%3EL%27association+VP+DANSES+Hazebrouck+est+fi%C3%A8re+de+participer+%C3%A0+l%27%C3%A9dition+2025+de+%2210+JOURS+SANS+%C3%89CRANS%22+%21+%3C%2Fp%3E+&#038;location=Salle%20de%20danse,%20rue%20du%20Biest%2059190%20Hazebrouck,%20Salle%20de%20danse,%20rue%20du%20Biest,%20Hazebrouck,%2059190,%20France&#038;trp=false&#038;ctz=Europe\/Paris&#038;sprop=website:https:\/\/vpdanses.fr\/home\/bienvenue-chez-vp-danses-hazebrouck\"\n\t\t\t\t\t\t\t\t\t\tclass=\"tribe-events-c-subscribe-dropdown__list-item-link\"\n\t\t\t\t\t\t\t\t\t\ttarget=\"_blank\"\n\t\t\t\t\t\t\t\t\t\trel=\"noopener noreferrer nofollow noindex\"\n\t\t\t\t\t\t\t\t\t>\n\t\t\t\t\t\t\t\t\t\tGoogle Agenda\t\t\t\t\t\t\t\t\t<\/a>\n\t\t\t\t\t\t\t\t<\/li>\n\t\t\t\t\t\t\t\t\t\t\t\t\t\t\t<li class=\"tribe-events-c-subscribe-dropdown__list-item tribe-events-c-subscribe-dropdown__list-item--ical\">\n\t\t\t\t\t\t\t\t\t<a\n\t\t\t\t\t\t\t\t\t\thref=\"\"\n\t\t\t\t\t\t\t\t\t\tclass=\"tribe-events-c-subscribe-dropdown__list-item-link\"\n\t\t\t\t\t\t\t\t\t\ttarget=\"_blank\"\n\t\t\t\t\t\t\t\t\t\trel=\"noopener noreferrer nofollow noindex\"\n\t\t\t\t\t\t\t\t\t>\n\t\t\t\t\t\t\t\t\t\tiCalendar\t\t\t\t\t\t\t\t\t<\/a>\n\t\t\t\t\t\t\t\t<\/li>\n\t\t\t\t\t\t\t\t\t\t\t\t\t\t\t<li class=\"tribe-events-c-subscribe-dropdown__list-item tribe-events-c-subscribe-dropdown__list-item--outlook-365\">\n\t\t\t\t\t\t\t\t\t<a\n\t\t\t\t\t\t\t\t\t\thref=\"\"\n\t\t\t\t\t\t\t\t\t\tclass=\"tribe-events-c-subscribe-dropdown__list-item-link\"\n\t\t\t\t\t\t\t\t\t\ttarget=\"_blank\"\n\t\t\t\t\t\t\t\t\t\trel=\"noopener noreferrer nofollow noindex\"\n\t\t\t\t\t\t\t\t\t>\n\t\t\t\t\t\t\t\t\t\tOutlook 365\t\t\t\t\t\t\t\t\t<\/a>\n\t\t\t\t\t\t\t\t<\/li>\n\t\t\t\t\t\t\t\t\t\t\t\t\t\t\t<li class=\"tribe-events-c-subscribe-dropdown__list-item tribe-events-c-subscribe-dropdown__list-item--outlook-live\">\n\t\t\t\t\t\t\t\t\t<a\n\t\t\t\t\t\t\t\t\t\thref=\"\"\n\t\t\t\t\t\t\t\t\t\tclass=\"tribe-events-c-subscribe-dropdown__list-item-link\"\n\t\t\t\t\t\t\t\t\t\ttarget=\"_blank\"\n\t\t\t\t\t\t\t\t\t\trel=\"noopener noreferrer nofollow noindex\"\n\t\t\t\t\t\t\t\t\t>\n\t\t\t\t\t\t\t\t\t\tOutlook Live\t\t\t\t\t\t\t\t\t<\/a>\n\t\t\t\t\t\t\t\t<\/li>\n\t\t\t\t\t\t\t\t\t\t\t\t\t<\/ul>\n\t\t\t\t\t<\/div>\n\t\t\t\t<\/div>\n\t\t\t<\/div>\n\t\t<\/div>\n\t<\/div>\n\n","protected":false},"excerpt":{"rendered":"<p>L&rsquo;association VP DANSES Hazebrouck est fi\u00e8re de participer \u00e0 l&rsquo;\u00e9dition 2025 de \u00ab\u00a010 JOURS SANS \u00c9CRANS\u00a0\u00bb ! Nous invitons tous les enfants et leur famille \u00e0 participer \u00e0 nos ateliers de danse le mardi 13\/05\/2025 de 19h30 \u00e0 20h45, \u00e0 la salle de danse, rue du Biest \u00e0 Hazebrouck (59190).<\/p>\n","protected":false},"author":1,"featured_media":12266,"template":"","meta":{"_uag_custom_page_level_css":"","_price":"","_stock":"","_tribe_ticket_header":"","_tribe_default_ticket_provider":"","_tribe_ticket_capacity":"0","_ticket_start_date":"","_ticket_end_date":"","_tribe_ticket_show_description":"","_tribe_ticket_show_not_going":false,"_tribe_ticket_use_global_stock":"","_tribe_ticket_global_stock_level":"","_global_stock_mode":"","_global_stock_cap":"","_tribe_rsvp_for_event":"","_tribe_ticket_going_count":"","_tribe_ticket_not_going_count":"","_tribe_tickets_list":"[]","_tribe_ticket_has_attendee_info_fields":false,"_EventAllDay":false,"_EventTimezone":"Europe\/Paris","_EventStartDate":"2025-05-13 19:00:00","_EventEndDate":"2025-05-13 20:45:00","_EventStartDateUTC":"2025-05-13 17:00:00","_EventEndDateUTC":"2025-05-13 18:45:00","_EventShowMap":false,"_EventShowMapLink":false,"_EventURL":"https:\/\/vpdanses.fr\/home\/bienvenue-chez-vp-danses-hazebrouck\/10-jours-sans-ecrans-hazebrouck-2025\/","_EventCost":"","_EventCostDescription":"","_EventCurrencySymbol":"\u20ac","_EventCurrencyCode":"EUR","_EventCurrencyPosition":"suffix","_EventDateTimeSeparator":" > ","_EventTimeRangeSeparator":" - ","_EventOrganizerID":[],"_EventVenueID":[12268],"_OrganizerEmail":"","_OrganizerPhone":"","_OrganizerWebsite":"","_VenueAddress":"","_VenueCity":"","_VenueCountry":"","_VenueProvince":"","_VenueState":"","_VenueZip":"","_VenuePhone":"","_VenueURL":"","_VenueStateProvince":"","_VenueLat":"","_VenueLng":"","_VenueShowMap":false,"_VenueShowMapLink":false,"_tribe_events_status":"","_tribe_events_status_reason":"","footnotes":"","_tec_slr_enabled":"","_tec_slr_layout":""},"tags":[202,106,164],"tribe_events_cat":[123,170,169],"class_list":["post-12272","tribe_events","type-tribe_events","status-publish","has-post-thumbnail","hentry","tag-10-jours-sans-ecrans","tag-danse-sportive","tag-hazebrouck","tribe_events_cat-animation","tribe_events_cat-danse-sportive","tribe_events_cat-danses-de-salons","cat_animation","cat_danse-sportive","cat_danses-de-salons"],"yoast_head":"<!-- This site is optimized with the Yoast SEO Premium plugin v25.6 (Yoast SEO v25.6) - https:\/\/yoast.com\/wordpress\/plugins\/seo\/ -->\n<title>Atelier n\u00b0 1 de l&#039; \u00c9dition 2025 du d\u00e9fi &quot;10 jours sans \u00e9crans&quot; (Hazebrouck) - VP DANSES, cours de Danse Sportive \u00e0 Aire-sur-la-Lys et \u00e0 Saint-Jans-Cappel (Hauts-de-France)<\/title>\n<meta name=\"description\" content=\"Nous invitons tous les enfants et leur famille \u00e0 participer au d\u00e9fi de Danse Sportive \u00e0 l&#039;occasion du projet national &quot;10 JOURS SANS ECRANS&quot; le mardi 13\/05\/2025 de 19h30 \u00e0 20h45, \u00e0 la salle de danse, rue du Biest \u00e0 Hazebrouck (59190).\" \/>\n<meta name=\"robots\" content=\"index, follow, max-snippet:-1, max-image-preview:large, max-video-preview:-1\" \/>\n<link rel=\"canonical\" href=\"https:\/\/vpdanses.fr\/home\/bienvenue-chez-vp-danses-hazebrouck\/evenement\/atelier-n-1-de-l-edition-2025-du-defi-10-jours-sans-ecrans\/\" \/>\n<meta property=\"og:locale\" content=\"fr_FR\" \/>\n<meta property=\"og:type\" content=\"article\" \/>\n<meta property=\"og:title\" content=\"Atelier n\u00b0 1 de l&#039; \u00c9dition 2025 du d\u00e9fi &quot;10 jours sans \u00e9crans&quot; (Hazebrouck)\" \/>\n<meta property=\"og:description\" content=\"Nous invitons tous les enfants et leur famille \u00e0 participer au d\u00e9fi de Danse Sportive \u00e0 l&#039;occasion du projet national &quot;10 JOURS SANS ECRANS&quot; le mardi 13\/05\/2025 de 19h30 \u00e0 20h45, \u00e0 la salle de danse, rue du Biest \u00e0 Hazebrouck (59190).\" \/>\n<meta property=\"og:url\" content=\"https:\/\/vpdanses.fr\/home\/bienvenue-chez-vp-danses-hazebrouck\/evenement\/atelier-n-1-de-l-edition-2025-du-defi-10-jours-sans-ecrans\/\" \/>\n<meta property=\"og:site_name\" content=\"VP DANSES, cours de Danse Sportive \u00e0 Aire-sur-la-Lys et \u00e0 Saint-Jans-Cappel (Hauts-de-France)\" \/>\n<meta property=\"article:modified_time\" content=\"2025-05-04T19:10:03+00:00\" \/>\n<meta property=\"og:image\" content=\"https:\/\/vpdanses.fr\/wp-content\/uploads\/2025\/03\/VP-DANSES-10-JOURS-SANS-ECRANS-vWeb-1.png\" \/>\n\t<meta property=\"og:image:width\" content=\"1600\" \/>\n\t<meta property=\"og:image:height\" content=\"1200\" \/>\n\t<meta property=\"og:image:type\" content=\"image\/png\" \/>\n<meta name=\"twitter:card\" content=\"summary_large_image\" \/>\n<meta name=\"twitter:label1\" content=\"Dur\u00e9e de lecture estim\u00e9e\" \/>\n\t<meta name=\"twitter:data1\" content=\"1 minute\" \/>\n<script type=\"application\/ld+json\" class=\"yoast-schema-graph\">{\"@context\":\"https:\/\/schema.org\",\"@graph\":[{\"@type\":\"WebPage\",\"@id\":\"https:\/\/vpdanses.fr\/home\/bienvenue-chez-vp-danses-hazebrouck\/evenement\/atelier-n-1-de-l-edition-2025-du-defi-10-jours-sans-ecrans\/\",\"url\":\"https:\/\/vpdanses.fr\/home\/bienvenue-chez-vp-danses-hazebrouck\/evenement\/atelier-n-1-de-l-edition-2025-du-defi-10-jours-sans-ecrans\/\",\"name\":\"Atelier n\u00b0 1 de l' \u00c9dition 2025 du d\u00e9fi \\\"10 jours sans \u00e9crans\\\" (Hazebrouck) - VP DANSES, cours de Danse Sportive \u00e0 Aire-sur-la-Lys et \u00e0 Saint-Jans-Cappel (Hauts-de-France)\",\"isPartOf\":{\"@id\":\"https:\/\/vpdanses.fr\/home\/bienvenue-chez-vp-danses-hazebrouck\/#website\"},\"primaryImageOfPage\":{\"@id\":\"https:\/\/vpdanses.fr\/home\/bienvenue-chez-vp-danses-hazebrouck\/evenement\/atelier-n-1-de-l-edition-2025-du-defi-10-jours-sans-ecrans\/#primaryimage\"},\"image\":{\"@id\":\"https:\/\/vpdanses.fr\/home\/bienvenue-chez-vp-danses-hazebrouck\/evenement\/atelier-n-1-de-l-edition-2025-du-defi-10-jours-sans-ecrans\/#primaryimage\"},\"thumbnailUrl\":\"https:\/\/vpdanses.fr\/wp-content\/uploads\/2025\/03\/VP-DANSES-10-JOURS-SANS-ECRANS-vWeb-1.png\",\"datePublished\":\"2025-03-19T16:54:27+00:00\",\"dateModified\":\"2025-05-04T19:10:03+00:00\",\"description\":\"Nous invitons tous les enfants et leur famille \u00e0 participer au d\u00e9fi de Danse Sportive \u00e0 l'occasion du projet national \\\"10 JOURS SANS ECRANS\\\" le mardi 13\/05\/2025 de 19h30 \u00e0 20h45, \u00e0 la salle de danse, rue du Biest \u00e0 Hazebrouck (59190).\",\"breadcrumb\":{\"@id\":\"https:\/\/vpdanses.fr\/home\/bienvenue-chez-vp-danses-hazebrouck\/evenement\/atelier-n-1-de-l-edition-2025-du-defi-10-jours-sans-ecrans\/#breadcrumb\"},\"inLanguage\":\"fr-FR\",\"potentialAction\":[{\"@type\":\"ReadAction\",\"target\":[\"https:\/\/vpdanses.fr\/home\/bienvenue-chez-vp-danses-hazebrouck\/evenement\/atelier-n-1-de-l-edition-2025-du-defi-10-jours-sans-ecrans\/\"]}]},{\"@type\":\"ImageObject\",\"inLanguage\":\"fr-FR\",\"@id\":\"https:\/\/vpdanses.fr\/home\/bienvenue-chez-vp-danses-hazebrouck\/evenement\/atelier-n-1-de-l-edition-2025-du-defi-10-jours-sans-ecrans\/#primaryimage\",\"url\":\"https:\/\/vpdanses.fr\/wp-content\/uploads\/2025\/03\/VP-DANSES-10-JOURS-SANS-ECRANS-vWeb-1.png\",\"contentUrl\":\"https:\/\/vpdanses.fr\/wp-content\/uploads\/2025\/03\/VP-DANSES-10-JOURS-SANS-ECRANS-vWeb-1.png\",\"width\":1600,\"height\":1200,\"caption\":\"L'association VP DANSES est fi\u00e8re de participer \u00e0 l'\u00e9dition 2025 de \\\"10 JOURS SANS \u00c9CRANS\\\" ! Venez d\u00e9couvrir la DANSE SPORTIVE \u00e0 Hazebrouck, du 13 Mai 2025 au 22 Mai 2025\"},{\"@type\":\"BreadcrumbList\",\"@id\":\"https:\/\/vpdanses.fr\/home\/bienvenue-chez-vp-danses-hazebrouck\/evenement\/atelier-n-1-de-l-edition-2025-du-defi-10-jours-sans-ecrans\/#breadcrumb\",\"itemListElement\":[{\"@type\":\"ListItem\",\"position\":1,\"name\":\"Accueil\",\"item\":\"https:\/\/vpdanses.fr\/home\/bienvenue-chez-vp-danses-hazebrouck\/\"},{\"@type\":\"ListItem\",\"position\":2,\"name\":\"\u00c9v\u00e8nements\",\"item\":\"https:\/\/vpdanses.fr\/home\/bienvenue-chez-vp-danses-hazebrouck\/dates\/\"},{\"@type\":\"ListItem\",\"position\":3,\"name\":\"Atelier n\u00b0 1 de l&rsquo; \u00c9dition 2025 du d\u00e9fi \u00ab\u00a010 jours sans \u00e9crans\u00a0\u00bb (Hazebrouck)\"}]},{\"@type\":\"WebSite\",\"@id\":\"https:\/\/vpdanses.fr\/home\/bienvenue-chez-vp-danses-hazebrouck\/#website\",\"url\":\"https:\/\/vpdanses.fr\/home\/bienvenue-chez-vp-danses-hazebrouck\/\",\"name\":\"VP DANSES, cours de Danse Sportive \u00e0 Aire-sur-la-Lys et \u00e0 Saint-Jans-Cappel (Hauts-de-France)\",\"description\":\"Cours de Danse Sportive STANDARD (valse anglaise, tango, valse viennoise, slowfox, quickstep), danses sportives LATINES (samba, chacha, rumba, paso doble, jive), danses de bal, danses de salons, danses de loisirs, salsa, rock 4 temps, rock 6 temps, danses en ligne, disco, \u2026 Lieu : Hazebrouck, Aire-sur-la-Lys, Saint-Jans-Cappel et Isbergues (Hauts-de-France) - Cours Particuliers dans les Hauts-de-France - Ouverture de bal de Mariage\",\"publisher\":{\"@id\":\"https:\/\/vpdanses.fr\/home\/bienvenue-chez-vp-danses-hazebrouck\/#organization\"},\"potentialAction\":[{\"@type\":\"SearchAction\",\"target\":{\"@type\":\"EntryPoint\",\"urlTemplate\":\"https:\/\/vpdanses.fr\/home\/bienvenue-chez-vp-danses-hazebrouck\/?s={search_term_string}\"},\"query-input\":{\"@type\":\"PropertyValueSpecification\",\"valueRequired\":true,\"valueName\":\"search_term_string\"}}],\"inLanguage\":\"fr-FR\"},{\"@type\":\"Organization\",\"@id\":\"https:\/\/vpdanses.fr\/home\/bienvenue-chez-vp-danses-hazebrouck\/#organization\",\"name\":\"VP DANSES, cours de Danse Sportive \u00e0 Aire-sur-la-Lys et \u00e0 Saint-Jans-Cappel (Hauts-de-France)\",\"url\":\"https:\/\/vpdanses.fr\/home\/bienvenue-chez-vp-danses-hazebrouck\/\",\"logo\":{\"@type\":\"ImageObject\",\"inLanguage\":\"fr-FR\",\"@id\":\"https:\/\/vpdanses.fr\/home\/bienvenue-chez-vp-danses-hazebrouck\/#\/schema\/logo\/image\/\",\"url\":\"https:\/\/vpdanses.fr\/wp-content\/uploads\/2024\/10\/logo_cadanse_asaintjans.jpeg\",\"contentUrl\":\"https:\/\/vpdanses.fr\/wp-content\/uploads\/2024\/10\/logo_cadanse_asaintjans.jpeg\",\"width\":225,\"height\":225,\"caption\":\"VP DANSES, cours de Danse Sportive \u00e0 Aire-sur-la-Lys et \u00e0 Saint-Jans-Cappel (Hauts-de-France)\"},\"image\":{\"@id\":\"https:\/\/vpdanses.fr\/home\/bienvenue-chez-vp-danses-hazebrouck\/#\/schema\/logo\/image\/\"}}]}<\/script>\n<!-- \/ Yoast SEO Premium plugin. -->","yoast_head_json":{"title":"Atelier n\u00b0 1 de l' \u00c9dition 2025 du d\u00e9fi \"10 jours sans \u00e9crans\" (Hazebrouck) - VP DANSES, cours de Danse Sportive \u00e0 Aire-sur-la-Lys et \u00e0 Saint-Jans-Cappel (Hauts-de-France)","description":"Nous invitons tous les enfants et leur famille \u00e0 participer au d\u00e9fi de Danse Sportive \u00e0 l'occasion du projet national \"10 JOURS SANS ECRANS\" le mardi 13\/05\/2025 de 19h30 \u00e0 20h45, \u00e0 la salle de danse, rue du Biest \u00e0 Hazebrouck (59190).","robots":{"index":"index","follow":"follow","max-snippet":"max-snippet:-1","max-image-preview":"max-image-preview:large","max-video-preview":"max-video-preview:-1"},"canonical":"https:\/\/vpdanses.fr\/home\/bienvenue-chez-vp-danses-hazebrouck\/evenement\/atelier-n-1-de-l-edition-2025-du-defi-10-jours-sans-ecrans\/","og_locale":"fr_FR","og_type":"article","og_title":"Atelier n\u00b0 1 de l' \u00c9dition 2025 du d\u00e9fi \"10 jours sans \u00e9crans\" (Hazebrouck)","og_description":"Nous invitons tous les enfants et leur famille \u00e0 participer au d\u00e9fi de Danse Sportive \u00e0 l'occasion du projet national \"10 JOURS SANS ECRANS\" le mardi 13\/05\/2025 de 19h30 \u00e0 20h45, \u00e0 la salle de danse, rue du Biest \u00e0 Hazebrouck (59190).","og_url":"https:\/\/vpdanses.fr\/home\/bienvenue-chez-vp-danses-hazebrouck\/evenement\/atelier-n-1-de-l-edition-2025-du-defi-10-jours-sans-ecrans\/","og_site_name":"VP DANSES, cours de Danse Sportive \u00e0 Aire-sur-la-Lys et \u00e0 Saint-Jans-Cappel (Hauts-de-France)","article_modified_time":"2025-05-04T19:10:03+00:00","og_image":[{"width":1600,"height":1200,"url":"https:\/\/vpdanses.fr\/wp-content\/uploads\/2025\/03\/VP-DANSES-10-JOURS-SANS-ECRANS-vWeb-1.png","type":"image\/png"}],"twitter_card":"summary_large_image","twitter_misc":{"Dur\u00e9e de lecture estim\u00e9e":"1 minute"},"schema":{"@context":"https:\/\/schema.org","@graph":[{"@type":"WebPage","@id":"https:\/\/vpdanses.fr\/home\/bienvenue-chez-vp-danses-hazebrouck\/evenement\/atelier-n-1-de-l-edition-2025-du-defi-10-jours-sans-ecrans\/","url":"https:\/\/vpdanses.fr\/home\/bienvenue-chez-vp-danses-hazebrouck\/evenement\/atelier-n-1-de-l-edition-2025-du-defi-10-jours-sans-ecrans\/","name":"Atelier n\u00b0 1 de l' \u00c9dition 2025 du d\u00e9fi \"10 jours sans \u00e9crans\" (Hazebrouck) - VP DANSES, cours de Danse Sportive \u00e0 Aire-sur-la-Lys et \u00e0 Saint-Jans-Cappel (Hauts-de-France)","isPartOf":{"@id":"https:\/\/vpdanses.fr\/home\/bienvenue-chez-vp-danses-hazebrouck\/#website"},"primaryImageOfPage":{"@id":"https:\/\/vpdanses.fr\/home\/bienvenue-chez-vp-danses-hazebrouck\/evenement\/atelier-n-1-de-l-edition-2025-du-defi-10-jours-sans-ecrans\/#primaryimage"},"image":{"@id":"https:\/\/vpdanses.fr\/home\/bienvenue-chez-vp-danses-hazebrouck\/evenement\/atelier-n-1-de-l-edition-2025-du-defi-10-jours-sans-ecrans\/#primaryimage"},"thumbnailUrl":"https:\/\/vpdanses.fr\/wp-content\/uploads\/2025\/03\/VP-DANSES-10-JOURS-SANS-ECRANS-vWeb-1.png","datePublished":"2025-03-19T16:54:27+00:00","dateModified":"2025-05-04T19:10:03+00:00","description":"Nous invitons tous les enfants et leur famille \u00e0 participer au d\u00e9fi de Danse Sportive \u00e0 l'occasion du projet national \"10 JOURS SANS ECRANS\" le mardi 13\/05\/2025 de 19h30 \u00e0 20h45, \u00e0 la salle de danse, rue du Biest \u00e0 Hazebrouck (59190).","breadcrumb":{"@id":"https:\/\/vpdanses.fr\/home\/bienvenue-chez-vp-danses-hazebrouck\/evenement\/atelier-n-1-de-l-edition-2025-du-defi-10-jours-sans-ecrans\/#breadcrumb"},"inLanguage":"fr-FR","potentialAction":[{"@type":"ReadAction","target":["https:\/\/vpdanses.fr\/home\/bienvenue-chez-vp-danses-hazebrouck\/evenement\/atelier-n-1-de-l-edition-2025-du-defi-10-jours-sans-ecrans\/"]}]},{"@type":"ImageObject","inLanguage":"fr-FR","@id":"https:\/\/vpdanses.fr\/home\/bienvenue-chez-vp-danses-hazebrouck\/evenement\/atelier-n-1-de-l-edition-2025-du-defi-10-jours-sans-ecrans\/#primaryimage","url":"https:\/\/vpdanses.fr\/wp-content\/uploads\/2025\/03\/VP-DANSES-10-JOURS-SANS-ECRANS-vWeb-1.png","contentUrl":"https:\/\/vpdanses.fr\/wp-content\/uploads\/2025\/03\/VP-DANSES-10-JOURS-SANS-ECRANS-vWeb-1.png","width":1600,"height":1200,"caption":"L'association VP DANSES est fi\u00e8re de participer \u00e0 l'\u00e9dition 2025 de \"10 JOURS SANS \u00c9CRANS\" ! Venez d\u00e9couvrir la DANSE SPORTIVE \u00e0 Hazebrouck, du 13 Mai 2025 au 22 Mai 2025"},{"@type":"BreadcrumbList","@id":"https:\/\/vpdanses.fr\/home\/bienvenue-chez-vp-danses-hazebrouck\/evenement\/atelier-n-1-de-l-edition-2025-du-defi-10-jours-sans-ecrans\/#breadcrumb","itemListElement":[{"@type":"ListItem","position":1,"name":"Accueil","item":"https:\/\/vpdanses.fr\/home\/bienvenue-chez-vp-danses-hazebrouck\/"},{"@type":"ListItem","position":2,"name":"\u00c9v\u00e8nements","item":"https:\/\/vpdanses.fr\/home\/bienvenue-chez-vp-danses-hazebrouck\/dates\/"},{"@type":"ListItem","position":3,"name":"Atelier n\u00b0 1 de l&rsquo; \u00c9dition 2025 du d\u00e9fi \u00ab\u00a010 jours sans \u00e9crans\u00a0\u00bb (Hazebrouck)"}]},{"@type":"WebSite","@id":"https:\/\/vpdanses.fr\/home\/bienvenue-chez-vp-danses-hazebrouck\/#website","url":"https:\/\/vpdanses.fr\/home\/bienvenue-chez-vp-danses-hazebrouck\/","name":"VP DANSES, cours de Danse Sportive \u00e0 Aire-sur-la-Lys et \u00e0 Saint-Jans-Cappel (Hauts-de-France)","description":"Cours de Danse Sportive STANDARD (valse anglaise, tango, valse viennoise, slowfox, quickstep), danses sportives LATINES (samba, chacha, rumba, paso doble, jive), danses de bal, danses de salons, danses de loisirs, salsa, rock 4 temps, rock 6 temps, danses en ligne, disco, \u2026 Lieu : Hazebrouck, Aire-sur-la-Lys, Saint-Jans-Cappel et Isbergues (Hauts-de-France) - Cours Particuliers dans les Hauts-de-France - Ouverture de bal de Mariage","publisher":{"@id":"https:\/\/vpdanses.fr\/home\/bienvenue-chez-vp-danses-hazebrouck\/#organization"},"potentialAction":[{"@type":"SearchAction","target":{"@type":"EntryPoint","urlTemplate":"https:\/\/vpdanses.fr\/home\/bienvenue-chez-vp-danses-hazebrouck\/?s={search_term_string}"},"query-input":{"@type":"PropertyValueSpecification","valueRequired":true,"valueName":"search_term_string"}}],"inLanguage":"fr-FR"},{"@type":"Organization","@id":"https:\/\/vpdanses.fr\/home\/bienvenue-chez-vp-danses-hazebrouck\/#organization","name":"VP DANSES, cours de Danse Sportive \u00e0 Aire-sur-la-Lys et \u00e0 Saint-Jans-Cappel (Hauts-de-France)","url":"https:\/\/vpdanses.fr\/home\/bienvenue-chez-vp-danses-hazebrouck\/","logo":{"@type":"ImageObject","inLanguage":"fr-FR","@id":"https:\/\/vpdanses.fr\/home\/bienvenue-chez-vp-danses-hazebrouck\/#\/schema\/logo\/image\/","url":"https:\/\/vpdanses.fr\/wp-content\/uploads\/2024\/10\/logo_cadanse_asaintjans.jpeg","contentUrl":"https:\/\/vpdanses.fr\/wp-content\/uploads\/2024\/10\/logo_cadanse_asaintjans.jpeg","width":225,"height":225,"caption":"VP DANSES, cours de Danse Sportive \u00e0 Aire-sur-la-Lys et \u00e0 Saint-Jans-Cappel (Hauts-de-France)"},"image":{"@id":"https:\/\/vpdanses.fr\/home\/bienvenue-chez-vp-danses-hazebrouck\/#\/schema\/logo\/image\/"}}]}},"uagb_featured_image_src":{"full":["https:\/\/vpdanses.fr\/wp-content\/uploads\/2025\/03\/VP-DANSES-10-JOURS-SANS-ECRANS-vWeb-1.png",1600,1200,false],"thumbnail":["https:\/\/vpdanses.fr\/wp-content\/uploads\/2025\/03\/VP-DANSES-10-JOURS-SANS-ECRANS-vWeb-1-150x150.png",150,150,true],"medium":["https:\/\/vpdanses.fr\/wp-content\/uploads\/2025\/03\/VP-DANSES-10-JOURS-SANS-ECRANS-vWeb-1-300x225.png",300,225,true],"medium_large":["https:\/\/vpdanses.fr\/wp-content\/uploads\/2025\/03\/VP-DANSES-10-JOURS-SANS-ECRANS-vWeb-1-768x576.png",768,576,true],"large":["https:\/\/vpdanses.fr\/wp-content\/uploads\/2025\/03\/VP-DANSES-10-JOURS-SANS-ECRANS-vWeb-1-1024x768.png",1024,768,true],"1536x1536":["https:\/\/vpdanses.fr\/wp-content\/uploads\/2025\/03\/VP-DANSES-10-JOURS-SANS-ECRANS-vWeb-1-1536x1152.png",1536,1152,true],"2048x2048":["https:\/\/vpdanses.fr\/wp-content\/uploads\/2025\/03\/VP-DANSES-10-JOURS-SANS-ECRANS-vWeb-1.png",1600,1200,false],"vp_sm":["https:\/\/vpdanses.fr\/wp-content\/uploads\/2025\/03\/VP-DANSES-10-JOURS-SANS-ECRANS-vWeb-1-500x375.png",500,375,true],"vp_md":["https:\/\/vpdanses.fr\/wp-content\/uploads\/2025\/03\/VP-DANSES-10-JOURS-SANS-ECRANS-vWeb-1-800x600.png",800,600,true],"vp_lg":["https:\/\/vpdanses.fr\/wp-content\/uploads\/2025\/03\/VP-DANSES-10-JOURS-SANS-ECRANS-vWeb-1-1280x960.png",1280,960,true],"vp_xl":["https:\/\/vpdanses.fr\/wp-content\/uploads\/2025\/03\/VP-DANSES-10-JOURS-SANS-ECRANS-vWeb-1.png",1600,1200,false],"vp_sm_popup":["https:\/\/vpdanses.fr\/wp-content\/uploads\/2025\/03\/VP-DANSES-10-JOURS-SANS-ECRANS-vWeb-1-500x375.png",500,375,true],"vp_md_popup":["https:\/\/vpdanses.fr\/wp-content\/uploads\/2025\/03\/VP-DANSES-10-JOURS-SANS-ECRANS-vWeb-1-800x600.png",800,600,true],"vp_xl_popup":["https:\/\/vpdanses.fr\/wp-content\/uploads\/2025\/03\/VP-DANSES-10-JOURS-SANS-ECRANS-vWeb-1.png",1600,1200,false],"dance-blog-thumb":["https:\/\/vpdanses.fr\/wp-content\/uploads\/2025\/03\/VP-DANSES-10-JOURS-SANS-ECRANS-vWeb-1-150x120.png",150,120,true],"dance-event-list":["https:\/\/vpdanses.fr\/wp-content\/uploads\/2025\/03\/VP-DANSES-10-JOURS-SANS-ECRANS-vWeb-1-420x336.png",420,336,true],"dance-event-single-type1":["https:\/\/vpdanses.fr\/wp-content\/uploads\/2025\/03\/VP-DANSES-10-JOURS-SANS-ECRANS-vWeb-1-773x520.png",773,520,true],"dance-event-single-type4":["https:\/\/vpdanses.fr\/wp-content\/uploads\/2025\/03\/VP-DANSES-10-JOURS-SANS-ECRANS-vWeb-1-570x460.png",570,460,true],"dance-event-single-type5":["https:\/\/vpdanses.fr\/wp-content\/uploads\/2025\/03\/VP-DANSES-10-JOURS-SANS-ECRANS-vWeb-1-746x770.png",746,770,true],"dance-event-list2":["https:\/\/vpdanses.fr\/wp-content\/uploads\/2025\/03\/VP-DANSES-10-JOURS-SANS-ECRANS-vWeb-1-420x275.png",420,275,true]},"uagb_author_info":{"display_name":"VP DANSES","author_link":"https:\/\/vpdanses.fr\/home\/bienvenue-chez-vp-danses-hazebrouck\/author\/adminvp20241018\/"},"uagb_comment_info":0,"uagb_excerpt":"L'association VP DANSES Hazebrouck est fi\u00e8re de participer \u00e0 l'\u00e9dition 2025 de \"10 JOURS SANS \u00c9CRANS\" ! Nous invitons tous les enfants et leur famille \u00e0 participer \u00e0 nos ateliers de danse le mardi 13\/05\/2025 de 19h30 \u00e0 20h45, \u00e0 la salle de danse, rue du Biest \u00e0 Hazebrouck (59190).","jetpack_sharing_enabled":true,"ticketed":false,"_links":{"self":[{"href":"https:\/\/vpdanses.fr\/home\/bienvenue-chez-vp-danses-hazebrouck\/wp-json\/wp\/v2\/tribe_events\/12272","targetHints":{"allow":["GET"]}}],"collection":[{"href":"https:\/\/vpdanses.fr\/home\/bienvenue-chez-vp-danses-hazebrouck\/wp-json\/wp\/v2\/tribe_events"}],"about":[{"href":"https:\/\/vpdanses.fr\/home\/bienvenue-chez-vp-danses-hazebrouck\/wp-json\/wp\/v2\/types\/tribe_events"}],"author":[{"embeddable":true,"href":"https:\/\/vpdanses.fr\/home\/bienvenue-chez-vp-danses-hazebrouck\/wp-json\/wp\/v2\/users\/1"}],"version-history":[{"count":10,"href":"https:\/\/vpdanses.fr\/home\/bienvenue-chez-vp-danses-hazebrouck\/wp-json\/wp\/v2\/tribe_events\/12272\/revisions"}],"predecessor-version":[{"id":12917,"href":"https:\/\/vpdanses.fr\/home\/bienvenue-chez-vp-danses-hazebrouck\/wp-json\/wp\/v2\/tribe_events\/12272\/revisions\/12917"}],"wp:featuredmedia":[{"embeddable":true,"href":"https:\/\/vpdanses.fr\/home\/bienvenue-chez-vp-danses-hazebrouck\/wp-json\/wp\/v2\/media\/12266"}],"wp:attachment":[{"href":"https:\/\/vpdanses.fr\/home\/bienvenue-chez-vp-danses-hazebrouck\/wp-json\/wp\/v2\/media?parent=12272"}],"wp:term":[{"taxonomy":"post_tag","embeddable":true,"href":"https:\/\/vpdanses.fr\/home\/bienvenue-chez-vp-danses-hazebrouck\/wp-json\/wp\/v2\/tags?post=12272"},{"taxonomy":"tribe_events_cat","embeddable":true,"href":"https:\/\/vpdanses.fr\/home\/bienvenue-chez-vp-danses-hazebrouck\/wp-json\/wp\/v2\/tribe_events_cat?post=12272"}],"curies":[{"name":"wp","href":"https:\/\/api.w.org\/{rel}","templated":true}]}}