{"id":12341,"date":"2025-03-23T20:25:14","date_gmt":"2025-03-23T19:25:14","guid":{"rendered":"https:\/\/vpdanses.fr\/home\/bienvenue-chez-vp-danses-hazebrouck\/?post_type=tribe_events&#038;p=12341"},"modified":"2025-03-23T20:41:54","modified_gmt":"2025-03-23T19:41:54","slug":"coupe-france-danses-latines-standards-2025","status":"publish","type":"tribe_events","link":"https:\/\/vpdanses.fr\/home\/bienvenue-chez-vp-danses-hazebrouck\/evenement\/coupe-france-danses-latines-standards-2025\/","title":{"rendered":"FFD Coupe de France danses Latines &amp; danses Standards"},"content":{"rendered":"<div  class=\"tribe-events-schedule tribe-clearfix\" >\n\t<p class=\"tribe-events-schedule__datetime\">\n\t\t<span class=\"tribe-events-schedule__date tribe-events-schedule__date--start\">\n\t\t\t19 avril 2025\t\t<\/span>\n\n\t\t\t\t\t<span class=\"tribe-events-schedule__all-day\">Toute la journ\u00e9e<\/span>\n\t\t\n\t\t\t<\/p>\n<\/div>\n\n\n\n<p>Le 19 avril 2025, <strong>Le CDS PARIS NATION<\/strong> organisera la Coupe de France de danses latines et de danses standards sous l&rsquo;\u00e9gide de la F\u00e9d\u00e9ration Fran\u00e7aise de Danses (FFD).<\/p>\n\n\n\n<p>Virginie et Philippe participeront \u00e0 cette comp\u00e9tition via l&rsquo;association MJEP d&rsquo;Isbergues qui est affili\u00e9e \u00e0 la FFD dans les cat\u00e9gories Senior II Latines Avanc\u00e9s et Senior II Standards Interm\u00e9diaires.<\/p>\n\n\n\n<div style=\"height:39px\" aria-hidden=\"true\" class=\"wp-block-spacer\"><\/div>\n\n\n\n<h2 class=\"wp-block-heading\">Affiche de l&rsquo;\u00e9v\u00e8nement<\/h2>\n\n\n\n<div class=\"wp-block-media-text is-stacked-on-mobile\"><figure class=\"wp-block-media-text__media\"><noscript><img loading=\"lazy\" decoding=\"async\" width=\"780\" height=\"1024\" data-skip-lazy src=\"https:\/\/vpdanses.fr\/wp-content\/uploads\/2025\/03\/2025-04-19.Affiche_Coupe_de_France_CDS_Nation_Japy-paris-780x1024.jpg\" alt=\"Coupe de France de danses Latines et danses Standards, le samedi 19 avril 2025, organis\u00e9 par le CDS Paris Nation, sous l'\u00e9gide de la F\u00e9d\u00e9ration Fran\u00e7aise de Danses (FFD). VP Danses Hazebrouck participera \u00e0 cette comp\u00e9tition !\" class=\"wp-image-12343 size-full\" srcset=\"https:\/\/vpdanses.fr\/wp-content\/uploads\/2025\/03\/2025-04-19.Affiche_Coupe_de_France_CDS_Nation_Japy-paris-780x1024.jpg 780w, https:\/\/vpdanses.fr\/wp-content\/uploads\/2025\/03\/2025-04-19.Affiche_Coupe_de_France_CDS_Nation_Japy-paris-229x300.jpg 229w, https:\/\/vpdanses.fr\/wp-content\/uploads\/2025\/03\/2025-04-19.Affiche_Coupe_de_France_CDS_Nation_Japy-paris-768x1008.jpg 768w, https:\/\/vpdanses.fr\/wp-content\/uploads\/2025\/03\/2025-04-19.Affiche_Coupe_de_France_CDS_Nation_Japy-paris-500x656.jpg 500w, https:\/\/vpdanses.fr\/wp-content\/uploads\/2025\/03\/2025-04-19.Affiche_Coupe_de_France_CDS_Nation_Japy-paris-800x1050.jpg 800w, https:\/\/vpdanses.fr\/wp-content\/uploads\/2025\/03\/2025-04-19.Affiche_Coupe_de_France_CDS_Nation_Japy-paris-600x788.jpg 600w, https:\/\/vpdanses.fr\/wp-content\/uploads\/2025\/03\/2025-04-19.Affiche_Coupe_de_France_CDS_Nation_Japy-paris.jpg 1170w\" sizes=\"auto, (max-width: 780px) 100vw, 780px\" \/><\/noscript><img loading=\"eager\" decoding=\"async\" width=\"780\" height=\"1024\" src=\"https:\/\/vpdanses.fr\/wp-content\/uploads\/2025\/03\/2025-04-19.Affiche_Coupe_de_France_CDS_Nation_Japy-paris-780x1024.jpg\" alt=\"Coupe de France de danses Latines et danses Standards, le samedi 19 avril 2025, organis\u00e9 par le CDS Paris Nation, sous l&#039;\u00e9gide de la F\u00e9d\u00e9ration Fran\u00e7aise de Danses (FFD). VP Danses Hazebrouck participera \u00e0 cette comp\u00e9tition !\" class=\"wp-image-12343 size-full vp-lazyload\" srcset=\"data:image\/svg+xml;base64,PHN2ZyB3aWR0aD0iNzgwIiBoZWlnaHQ9IjEwMjQiIHZpZXdCb3g9IjAgMCA3ODAgMTAyNCIgZmlsbD0ibm9uZSIgeG1sbnM9Imh0dHA6Ly93d3cudzMub3JnLzIwMDAvc3ZnIj48L3N2Zz4=\" data-src=\"https:\/\/vpdanses.fr\/wp-content\/uploads\/2025\/03\/2025-04-19.Affiche_Coupe_de_France_CDS_Nation_Japy-paris-780x1024.jpg\" data-srcset=\"https:\/\/vpdanses.fr\/wp-content\/uploads\/2025\/03\/2025-04-19.Affiche_Coupe_de_France_CDS_Nation_Japy-paris-780x1024.jpg 780w, https:\/\/vpdanses.fr\/wp-content\/uploads\/2025\/03\/2025-04-19.Affiche_Coupe_de_France_CDS_Nation_Japy-paris-229x300.jpg 229w, https:\/\/vpdanses.fr\/wp-content\/uploads\/2025\/03\/2025-04-19.Affiche_Coupe_de_France_CDS_Nation_Japy-paris-768x1008.jpg 768w, https:\/\/vpdanses.fr\/wp-content\/uploads\/2025\/03\/2025-04-19.Affiche_Coupe_de_France_CDS_Nation_Japy-paris-500x656.jpg 500w, https:\/\/vpdanses.fr\/wp-content\/uploads\/2025\/03\/2025-04-19.Affiche_Coupe_de_France_CDS_Nation_Japy-paris-800x1050.jpg 800w, https:\/\/vpdanses.fr\/wp-content\/uploads\/2025\/03\/2025-04-19.Affiche_Coupe_de_France_CDS_Nation_Japy-paris-600x788.jpg 600w, https:\/\/vpdanses.fr\/wp-content\/uploads\/2025\/03\/2025-04-19.Affiche_Coupe_de_France_CDS_Nation_Japy-paris.jpg 1170w\" data-sizes=\"auto\"><\/figure><div class=\"wp-block-media-text__content\">\n<p>Visitez le site internet du Club de Danse Sportive Paris Nation : <\/p>\n\n\n\n<figure class=\"wp-block-image size-large is-resized\"><a href=\"https:\/\/www.inspirationdansestudio.com\/danse-sportive-paris\" target=\"_blank\" rel=\" noreferrer noopener\"><noscript><img loading=\"lazy\" decoding=\"async\" width=\"1024\" height=\"611\" data-skip-lazy src=\"https:\/\/vpdanses.fr\/wp-content\/uploads\/2025\/03\/Capture-decran-2025-03-23-a-20.12.39-1024x611.png\" alt=\"Site internet du Club de Danse Sportive Paris Nation\" class=\"wp-image-12344\" style=\"width:336px;height:auto\" srcset=\"https:\/\/vpdanses.fr\/wp-content\/uploads\/2025\/03\/Capture-decran-2025-03-23-a-20.12.39-1024x611.png 1024w, https:\/\/vpdanses.fr\/wp-content\/uploads\/2025\/03\/Capture-decran-2025-03-23-a-20.12.39-300x179.png 300w, https:\/\/vpdanses.fr\/wp-content\/uploads\/2025\/03\/Capture-decran-2025-03-23-a-20.12.39-768x458.png 768w, https:\/\/vpdanses.fr\/wp-content\/uploads\/2025\/03\/Capture-decran-2025-03-23-a-20.12.39-1536x916.png 1536w, https:\/\/vpdanses.fr\/wp-content\/uploads\/2025\/03\/Capture-decran-2025-03-23-a-20.12.39-2048x1221.png 2048w, https:\/\/vpdanses.fr\/wp-content\/uploads\/2025\/03\/Capture-decran-2025-03-23-a-20.12.39-500x298.png 500w, https:\/\/vpdanses.fr\/wp-content\/uploads\/2025\/03\/Capture-decran-2025-03-23-a-20.12.39-800x477.png 800w, https:\/\/vpdanses.fr\/wp-content\/uploads\/2025\/03\/Capture-decran-2025-03-23-a-20.12.39-1280x763.png 1280w, https:\/\/vpdanses.fr\/wp-content\/uploads\/2025\/03\/Capture-decran-2025-03-23-a-20.12.39-1920x1145.png 1920w, https:\/\/vpdanses.fr\/wp-content\/uploads\/2025\/03\/Capture-decran-2025-03-23-a-20.12.39-600x358.png 600w\" sizes=\"auto, (max-width: 1024px) 100vw, 1024px\" \/><\/noscript><img loading=\"eager\" decoding=\"async\" width=\"1024\" height=\"611\" src=\"https:\/\/vpdanses.fr\/wp-content\/uploads\/2025\/03\/Capture-decran-2025-03-23-a-20.12.39-1024x611.png\" alt=\"Site internet du Club de Danse Sportive Paris Nation\" class=\"wp-image-12344 vp-lazyload\" style=\"width:336px;height:auto\" srcset=\"data:image\/svg+xml;base64,PHN2ZyB3aWR0aD0iMTAyNCIgaGVpZ2h0PSI2MTEiIHZpZXdCb3g9IjAgMCAxMDI0IDYxMSIgZmlsbD0ibm9uZSIgeG1sbnM9Imh0dHA6Ly93d3cudzMub3JnLzIwMDAvc3ZnIj48L3N2Zz4=\" data-src=\"https:\/\/vpdanses.fr\/wp-content\/uploads\/2025\/03\/Capture-decran-2025-03-23-a-20.12.39-1024x611.png\" data-srcset=\"https:\/\/vpdanses.fr\/wp-content\/uploads\/2025\/03\/Capture-decran-2025-03-23-a-20.12.39-1024x611.png 1024w, https:\/\/vpdanses.fr\/wp-content\/uploads\/2025\/03\/Capture-decran-2025-03-23-a-20.12.39-300x179.png 300w, https:\/\/vpdanses.fr\/wp-content\/uploads\/2025\/03\/Capture-decran-2025-03-23-a-20.12.39-768x458.png 768w, https:\/\/vpdanses.fr\/wp-content\/uploads\/2025\/03\/Capture-decran-2025-03-23-a-20.12.39-1536x916.png 1536w, https:\/\/vpdanses.fr\/wp-content\/uploads\/2025\/03\/Capture-decran-2025-03-23-a-20.12.39-2048x1221.png 2048w, https:\/\/vpdanses.fr\/wp-content\/uploads\/2025\/03\/Capture-decran-2025-03-23-a-20.12.39-500x298.png 500w, https:\/\/vpdanses.fr\/wp-content\/uploads\/2025\/03\/Capture-decran-2025-03-23-a-20.12.39-800x477.png 800w, https:\/\/vpdanses.fr\/wp-content\/uploads\/2025\/03\/Capture-decran-2025-03-23-a-20.12.39-1280x763.png 1280w, https:\/\/vpdanses.fr\/wp-content\/uploads\/2025\/03\/Capture-decran-2025-03-23-a-20.12.39-1920x1145.png 1920w, https:\/\/vpdanses.fr\/wp-content\/uploads\/2025\/03\/Capture-decran-2025-03-23-a-20.12.39-600x358.png 600w\" data-sizes=\"auto\"><\/a><\/figure>\n<\/div><\/div>\n\n\n\n<div style=\"height:42px\" aria-hidden=\"true\" class=\"wp-block-spacer\"><\/div>\n\n\n\n<h2 class=\"wp-block-heading\">F\u00e9d\u00e9ration Fran\u00e7aise de Danses (FFD)<\/h2>\n\n\n\n<div class=\"wp-block-media-text is-stacked-on-mobile\"><figure class=\"wp-block-media-text__media\"><noscript><img loading=\"lazy\" decoding=\"async\" width=\"1024\" height=\"567\" data-skip-lazy src=\"https:\/\/vpdanses.fr\/wp-content\/uploads\/2025\/03\/Capture-decran-2025-03-23-a-20.19.14-1024x567.png\" alt=\"La F\u00e9d\u00e9ration Fran\u00e7aise de Danses coordonne la Coupe de France du 19 avril 2025 organis\u00e9 par le CDS Paris Nation\" class=\"wp-image-12345 size-full\" srcset=\"https:\/\/vpdanses.fr\/wp-content\/uploads\/2025\/03\/Capture-decran-2025-03-23-a-20.19.14-1024x567.png 1024w, https:\/\/vpdanses.fr\/wp-content\/uploads\/2025\/03\/Capture-decran-2025-03-23-a-20.19.14-300x166.png 300w, https:\/\/vpdanses.fr\/wp-content\/uploads\/2025\/03\/Capture-decran-2025-03-23-a-20.19.14-768x425.png 768w, https:\/\/vpdanses.fr\/wp-content\/uploads\/2025\/03\/Capture-decran-2025-03-23-a-20.19.14-1536x851.png 1536w, https:\/\/vpdanses.fr\/wp-content\/uploads\/2025\/03\/Capture-decran-2025-03-23-a-20.19.14-2048x1134.png 2048w, https:\/\/vpdanses.fr\/wp-content\/uploads\/2025\/03\/Capture-decran-2025-03-23-a-20.19.14-500x277.png 500w, https:\/\/vpdanses.fr\/wp-content\/uploads\/2025\/03\/Capture-decran-2025-03-23-a-20.19.14-800x443.png 800w, https:\/\/vpdanses.fr\/wp-content\/uploads\/2025\/03\/Capture-decran-2025-03-23-a-20.19.14-1280x709.png 1280w, https:\/\/vpdanses.fr\/wp-content\/uploads\/2025\/03\/Capture-decran-2025-03-23-a-20.19.14-1920x1063.png 1920w, https:\/\/vpdanses.fr\/wp-content\/uploads\/2025\/03\/Capture-decran-2025-03-23-a-20.19.14-600x332.png 600w\" sizes=\"auto, (max-width: 1024px) 100vw, 1024px\" \/><\/noscript><img loading=\"eager\" decoding=\"async\" width=\"1024\" height=\"567\" src=\"https:\/\/vpdanses.fr\/wp-content\/uploads\/2025\/03\/Capture-decran-2025-03-23-a-20.19.14-1024x567.png\" alt=\"La F\u00e9d\u00e9ration Fran\u00e7aise de Danses coordonne la Coupe de France du 19 avril 2025 organis\u00e9 par le CDS Paris Nation\" class=\"wp-image-12345 size-full vp-lazyload\" srcset=\"data:image\/svg+xml;base64,PHN2ZyB3aWR0aD0iMTAyNCIgaGVpZ2h0PSI1NjciIHZpZXdCb3g9IjAgMCAxMDI0IDU2NyIgZmlsbD0ibm9uZSIgeG1sbnM9Imh0dHA6Ly93d3cudzMub3JnLzIwMDAvc3ZnIj48L3N2Zz4=\" data-src=\"https:\/\/vpdanses.fr\/wp-content\/uploads\/2025\/03\/Capture-decran-2025-03-23-a-20.19.14-1024x567.png\" data-srcset=\"https:\/\/vpdanses.fr\/wp-content\/uploads\/2025\/03\/Capture-decran-2025-03-23-a-20.19.14-1024x567.png 1024w, https:\/\/vpdanses.fr\/wp-content\/uploads\/2025\/03\/Capture-decran-2025-03-23-a-20.19.14-300x166.png 300w, https:\/\/vpdanses.fr\/wp-content\/uploads\/2025\/03\/Capture-decran-2025-03-23-a-20.19.14-768x425.png 768w, https:\/\/vpdanses.fr\/wp-content\/uploads\/2025\/03\/Capture-decran-2025-03-23-a-20.19.14-1536x851.png 1536w, https:\/\/vpdanses.fr\/wp-content\/uploads\/2025\/03\/Capture-decran-2025-03-23-a-20.19.14-2048x1134.png 2048w, https:\/\/vpdanses.fr\/wp-content\/uploads\/2025\/03\/Capture-decran-2025-03-23-a-20.19.14-500x277.png 500w, https:\/\/vpdanses.fr\/wp-content\/uploads\/2025\/03\/Capture-decran-2025-03-23-a-20.19.14-800x443.png 800w, https:\/\/vpdanses.fr\/wp-content\/uploads\/2025\/03\/Capture-decran-2025-03-23-a-20.19.14-1280x709.png 1280w, https:\/\/vpdanses.fr\/wp-content\/uploads\/2025\/03\/Capture-decran-2025-03-23-a-20.19.14-1920x1063.png 1920w, https:\/\/vpdanses.fr\/wp-content\/uploads\/2025\/03\/Capture-decran-2025-03-23-a-20.19.14-600x332.png 600w\" data-sizes=\"auto\"><\/figure><div class=\"wp-block-media-text__content\">\n<p>Vous pouvez trouver toutes les informations concernant cette comp\u00e9tition de Danse Sportive sur le site de la <strong>F\u00e9d\u00e9ration Fran\u00e7aise de Danses (FFD)<\/strong> \u00e0 l&rsquo;adresse suivante : <a href=\"https:\/\/www.ffdanse.fr\/evenements\/competition-de-paris-1\">https:\/\/www.ffdanse.fr\/evenements\/competition-de-paris-1<\/a>.<\/p>\n\n\n\n<p><\/p>\n<\/div><\/div>\n\n\n\n<div style=\"height:47px\" aria-hidden=\"true\" class=\"wp-block-spacer\"><\/div>\n\n\n\n<h2 class=\"wp-block-heading\">Circulaire de la comp\u00e9tition<\/h2>\n\n\n\n<figure class=\"wp-block-image size-large\"><a href=\"https:\/\/vpdanses.fr\/wp-content\/uploads\/2025\/03\/25-026-circulaire-paris-19-avril-2025.pdf\" target=\"_blank\" rel=\" noreferrer noopener\"><noscript><img loading=\"lazy\" decoding=\"async\" width=\"1024\" height=\"592\" data-skip-lazy src=\"https:\/\/vpdanses.fr\/wp-content\/uploads\/2025\/03\/Capture-decran-2025-03-23-a-20.27.57-1024x592.png\" alt=\"Circulaire de la Coupe de France de danses Latines et de danses Standards du samedi 19 avril 2025, organis\u00e9 par le CDS Paris Nation, sous l'\u00e9gide de la FFDanses\" class=\"wp-image-12348\" srcset=\"https:\/\/vpdanses.fr\/wp-content\/uploads\/2025\/03\/Capture-decran-2025-03-23-a-20.27.57-1024x592.png 1024w, https:\/\/vpdanses.fr\/wp-content\/uploads\/2025\/03\/Capture-decran-2025-03-23-a-20.27.57-300x173.png 300w, https:\/\/vpdanses.fr\/wp-content\/uploads\/2025\/03\/Capture-decran-2025-03-23-a-20.27.57-768x444.png 768w, https:\/\/vpdanses.fr\/wp-content\/uploads\/2025\/03\/Capture-decran-2025-03-23-a-20.27.57-1536x888.png 1536w, https:\/\/vpdanses.fr\/wp-content\/uploads\/2025\/03\/Capture-decran-2025-03-23-a-20.27.57-2048x1184.png 2048w, https:\/\/vpdanses.fr\/wp-content\/uploads\/2025\/03\/Capture-decran-2025-03-23-a-20.27.57-500x289.png 500w, https:\/\/vpdanses.fr\/wp-content\/uploads\/2025\/03\/Capture-decran-2025-03-23-a-20.27.57-800x462.png 800w, https:\/\/vpdanses.fr\/wp-content\/uploads\/2025\/03\/Capture-decran-2025-03-23-a-20.27.57-1280x740.png 1280w, https:\/\/vpdanses.fr\/wp-content\/uploads\/2025\/03\/Capture-decran-2025-03-23-a-20.27.57-1920x1110.png 1920w, https:\/\/vpdanses.fr\/wp-content\/uploads\/2025\/03\/Capture-decran-2025-03-23-a-20.27.57-600x347.png 600w\" sizes=\"auto, (max-width: 1024px) 100vw, 1024px\" \/><\/noscript><img loading=\"eager\" decoding=\"async\" width=\"1024\" height=\"592\" src=\"https:\/\/vpdanses.fr\/wp-content\/uploads\/2025\/03\/Capture-decran-2025-03-23-a-20.27.57-1024x592.png\" alt=\"Circulaire de la Coupe de France de danses Latines et de danses Standards du samedi 19 avril 2025, organis\u00e9 par le CDS Paris Nation, sous l&#039;\u00e9gide de la FFDanses\" class=\"wp-image-12348 vp-lazyload\" srcset=\"data:image\/svg+xml;base64,PHN2ZyB3aWR0aD0iMTAyNCIgaGVpZ2h0PSI1OTIiIHZpZXdCb3g9IjAgMCAxMDI0IDU5MiIgZmlsbD0ibm9uZSIgeG1sbnM9Imh0dHA6Ly93d3cudzMub3JnLzIwMDAvc3ZnIj48L3N2Zz4=\" data-src=\"https:\/\/vpdanses.fr\/wp-content\/uploads\/2025\/03\/Capture-decran-2025-03-23-a-20.27.57-1024x592.png\" data-srcset=\"https:\/\/vpdanses.fr\/wp-content\/uploads\/2025\/03\/Capture-decran-2025-03-23-a-20.27.57-1024x592.png 1024w, https:\/\/vpdanses.fr\/wp-content\/uploads\/2025\/03\/Capture-decran-2025-03-23-a-20.27.57-300x173.png 300w, https:\/\/vpdanses.fr\/wp-content\/uploads\/2025\/03\/Capture-decran-2025-03-23-a-20.27.57-768x444.png 768w, https:\/\/vpdanses.fr\/wp-content\/uploads\/2025\/03\/Capture-decran-2025-03-23-a-20.27.57-1536x888.png 1536w, https:\/\/vpdanses.fr\/wp-content\/uploads\/2025\/03\/Capture-decran-2025-03-23-a-20.27.57-2048x1184.png 2048w, https:\/\/vpdanses.fr\/wp-content\/uploads\/2025\/03\/Capture-decran-2025-03-23-a-20.27.57-500x289.png 500w, https:\/\/vpdanses.fr\/wp-content\/uploads\/2025\/03\/Capture-decran-2025-03-23-a-20.27.57-800x462.png 800w, https:\/\/vpdanses.fr\/wp-content\/uploads\/2025\/03\/Capture-decran-2025-03-23-a-20.27.57-1280x740.png 1280w, https:\/\/vpdanses.fr\/wp-content\/uploads\/2025\/03\/Capture-decran-2025-03-23-a-20.27.57-1920x1110.png 1920w, https:\/\/vpdanses.fr\/wp-content\/uploads\/2025\/03\/Capture-decran-2025-03-23-a-20.27.57-600x347.png 600w\" data-sizes=\"auto\"><\/a><\/figure>\n\n\n\n<div style=\"height:35px\" aria-hidden=\"true\" class=\"wp-block-spacer\"><\/div>\n\n\n<div  class=\"tribe-block tribe-block__event-price\" >\n\t\t<\/div>\n\n\n<div  class=\"tribe-block tribe-block__organizer__details tribe-clearfix\" >\n\t<div class=\"tribe-block__organizer__title\">\n\t\t<h3><a href=\"https:\/\/vpdanses.fr\/home\/bienvenue-chez-vp-danses-hazebrouck\/organisateur\/club-de-danse-sportive-de-paris-nation\/\" title=\"Club de Danse Sportive de Paris Nation\" target=\"_self\" rel=\"\">Club de Danse Sportive de Paris Nation<\/a><\/h3>\n\t<\/div>\n\t\t\t<p class=\"tribe-block__organizer__phone\">06 60 41 93 90<\/p>\n\t\t\t\t<p class=\"tribe-block__organizer__website\"><a href=\"https:\/\/www.inspirationdansestudio.com\" target=\"_self\" rel=\"external\">Voir le site Organisateur<\/a><\/p>\n\t\t\t\t<p class=\"tribe-block__organizer__email\">&#099;d&#115;&#112;&#110;&#097;ti&#111;n&#099;o&#109;&#112;et&#105;t&#105;&#111;&#110;&#064;g&#109;&#097;&#105;l.&#099;&#111;&#109;<\/p>\n\t<\/div>\n\n\n<div  class=\"tribe-block tribe-block__venue tribe-clearfix tribe-block__venue--has-map\" >\n\t\n\t\n<div class=\"tribe-block__venue__meta\">\n\t<div class=\"tribe-block__venue__name\">\n\t\t<h3><a href=\"https:\/\/vpdanses.fr\/home\/bienvenue-chez-vp-danses-hazebrouck\/lieu\/\" title=\"Gymnase JAPY Paris 11\u00e8me\">Gymnase JAPY Paris 11\u00e8me<\/a><\/h3>\n\t<\/div>\n\n\t\n\t\t\t\t\t\t<address class=\"tribe-block__venue__address\">\n\t\t\t\t<span class=\"tribe-address\">\n\n<span class=\"tribe-street-address\">2 rue Japy<\/span>\n\t\n\t\t<br>\n\t\t<span class=\"tribe-locality\">PARIS<\/span><span class=\"tribe-delimiter\">,<\/span>\n\n\n\t<span class=\"tribe-postal-code\">75011<\/span>\n\n\t<span class=\"tribe-country-name\">France<\/span>\n\n<\/span>\n\n\t\t\t\t\t\t\t\t\t<a class=\"tribe-events-gmap\" href=\"https:\/\/maps.google.com\/maps?f=q&#038;source=s_q&#038;hl=en&#038;geocode=&#038;q=2+rue+Japy+PARIS+75011+France\" title=\"Cliquez pour voir une carte Google Map\" target=\"_blank\" rel=\"noreferrer noopener\">+ Google Map<\/a>\t\t\t\t\t\t\t<\/address>\n\t\t\n\t\t\t\t\t<span class=\"tribe-block__venue__phone\">01 43 79 04 12<\/span><br \/>\n\t\t\n\t\t\t\t\t<span class=\"tribe-block__venue__website\"><a href=\"https:\/\/www.paris.fr\/lieux\/gymnase-japy-3045\" target=\"_self\" rel=\"external\">Voir Lieu site web<\/a><\/span><br \/>\n\t\t\t\n\t<\/div>\n\t\n<div class=\"tribe-block__venue__map\">\n\t\n<iframe loading=\"lazy\"\n  title=\"L\u2018iframe Google maps affichant l\u2019adresse \u00e0 Gymnase JAPY Paris 11\u00e8me\"\n  aria-label=\"Plan des lieux\"\n  width=\"310px\"\n  height=\"256px\"\n  frameborder=\"0\" style=\"border:0\"\n  src=\"https:\/\/www.google.com\/maps\/embed\/v1\/place?key=AIzaSyDNsicAsP6-VuGtAb1O9riI3oc_NOb7IOU&#038;q=2+rue+Japy+PARIS+75011+France+&#038;zoom=11\" allowfullscreen>\n<\/iframe>\n<\/div>\n\n\t<\/div>\n\n\n\n\n\t<div  class=\"tribe-block tribe-block__events-link\" >\n\t\t<div class=\"tribe-events tribe-common\">\n\t\t\t<div class=\"tribe-events-c-subscribe-dropdown__container\">\n\t\t\t\t<div class=\"tribe-events-c-subscribe-dropdown\">\n\t\t\t\t\t<div class=\"tribe-common-c-btn-border tribe-events-c-subscribe-dropdown__button\">\n\t\t\t\t\t\t<svg\n\t class=\"tribe-common-c-svgicon tribe-common-c-svgicon--cal-export tribe-events-c-subscribe-dropdown__export-icon\" \taria-hidden=\"true\"\n\tviewBox=\"0 0 23 17\"\n\txmlns=\"http:\/\/www.w3.org\/2000\/svg\"\n>\n\t<path fill-rule=\"evenodd\" clip-rule=\"evenodd\" d=\"M.128.896V16.13c0 .211.145.383.323.383h15.354c.179 0 .323-.172.323-.383V.896c0-.212-.144-.383-.323-.383H.451C.273.513.128.684.128.896Zm16 6.742h-.901V4.679H1.009v10.729h14.218v-3.336h.901V7.638ZM1.01 1.614h14.218v2.058H1.009V1.614Z\" \/>\n\t<path d=\"M20.5 9.846H8.312M18.524 6.953l2.89 2.909-2.855 2.855\" stroke-width=\"1.2\" stroke-linecap=\"round\" stroke-linejoin=\"round\"\/>\n<\/svg>\n\t\t\t\t\t\t<button\n\t\t\t\t\t\t\tclass=\"tribe-events-c-subscribe-dropdown__button-text\"\n\t\t\t\t\t\t\taria-expanded=\"false\"\n\t\t\t\t\t\t\taria-controls=\"tribe-events-subscribe-dropdown-content\"\n\t\t\t\t\t\t\taria-label=\"Afficher les liens permettant d\u2019ajouter des \u00e9v\u00e8nements \u00e0 votre calendrier\"\n\t\t\t\t\t\t>\n\t\t\t\t\t\t\tAjouter au calendrier\t\t\t\t\t\t<\/button>\n\t\t\t\t\t\t<svg\n\t class=\"tribe-common-c-svgicon tribe-common-c-svgicon--caret-down tribe-events-c-subscribe-dropdown__button-icon\" \taria-hidden=\"true\"\n\tviewBox=\"0 0 10 7\"\n\txmlns=\"http:\/\/www.w3.org\/2000\/svg\"\n>\n\t<path fill-rule=\"evenodd\" clip-rule=\"evenodd\" d=\"M1.008.609L5 4.6 8.992.61l.958.958L5 6.517.05 1.566l.958-.958z\" class=\"tribe-common-c-svgicon__svg-fill\"\/>\n<\/svg>\n\t\t\t\t\t<\/div>\n\t\t\t\t\t<div id=\"tribe-events-subscribe-dropdown-content\" class=\"tribe-events-c-subscribe-dropdown__content\">\n\t\t\t\t\t\t<ul class=\"tribe-events-c-subscribe-dropdown__list\">\n\t\t\t\t\t\t\t\t\t\t\t\t\t\t\t<li class=\"tribe-events-c-subscribe-dropdown__list-item tribe-events-c-subscribe-dropdown__list-item--gcal\">\n\t\t\t\t\t\t\t\t\t<a\n\t\t\t\t\t\t\t\t\t\thref=\"https:\/\/www.google.com\/calendar\/event?action=TEMPLATE&#038;dates=20250419T000000\/20250419T235959&#038;text=FFD%20Coupe%20de%20France%20danses%20Latines%20%26amp%3B%20danses%20Standards&#038;details=%3Cp%3ELe+19+avril+2025%2C+%3Cstrong%3ELe+CDS+PARIS+NATION%3C%2Fstrong%3E+organisera+la+Coupe+de+France+de+danses+latines+et+de+danses+standards+sous+l%27%C3%A9gide+de+la+F%C3%A9d%C3%A9ration+Fran%C3%A7aise+de+Danses+%28FFD%29.%3C%2Fp%3E+%3Cp%3EVirginie+et+Philippe+participeront+%C3%A0+cette+comp%C3%A9tition+via+l%27association+MJEP+d%27Isbergues+qui+est+affili%C3%A9e+%C3%A0+la+FFD+dans+les+cat%C3%A9gories+Senior+II+Latines+Avanc%C3%A9s+et+Senior+II+Standards+Interm%C3%A9diaires.%3C%2Fp%3E+%3Cdiv+style%3D%22height%3A39px%22+aria-hidden%3D%22true%22+class%3D%22wp-block-spacer%22%3E%3C%2Fdiv%3E%3Ch2+class%3D%22wp-block-heading%22%3EAffiche+de+l%27%C3%A9v%C3%A8nement%3C%2Fh2%3E%3Cdiv+class%3D%22wp-block-media-text+is-stacked-on-mobile%22%3E%3Cfigure+class%3D%22wp-block-media-text__media%22%3E%3Cimg+src%3D%22https%3A%2F%2Fvpdanses.fr%2Fwp-content%2Fuploads%2F2025%2F03%2F2025-04-19.Affiche_Coupe_de_France_CDS_Nation_Japy-paris-780x1024.jpg%22+alt%3D%22Coupe+de+France+de+danses+Latines+et+danses+Standards%2C+le+samedi+19+avril+2025%2C+organis%C3%A9+par+le+CDS+Paris+Nation%2C+sous+l%27%C3%A9gide+de+la+F%C3%A9d%C3%A9ration+Fran%C3%A7aise+de+Danses+%28FFD%29.+VP+Danses+Hazebrouck+participe%3C%2Ffigure%3E%3C%2Fdiv%3E%28Voir+toute+la+description+de+%C3%A9v%C3%A8nement+ici%C2%A0%3A+https%3A%2F%2Fvpdanses.fr%2Fhome%2Fbienvenue-chez-vp-danses-hazebrouck%2Fevenement%2Fcoupe-france-danses-latines-standards-2025%2F%29&#038;location=Gymnase%20JAPY%20Paris%2011\u00e8me,%202%20rue%20Japy,%20PARIS,%2075011,%20France&#038;trp=false&#038;ctz=Europe\/Paris&#038;sprop=website:https:\/\/vpdanses.fr\/home\/bienvenue-chez-vp-danses-hazebrouck\"\n\t\t\t\t\t\t\t\t\t\tclass=\"tribe-events-c-subscribe-dropdown__list-item-link\"\n\t\t\t\t\t\t\t\t\t\ttarget=\"_blank\"\n\t\t\t\t\t\t\t\t\t\trel=\"noopener noreferrer nofollow noindex\"\n\t\t\t\t\t\t\t\t\t>\n\t\t\t\t\t\t\t\t\t\tGoogle Agenda\t\t\t\t\t\t\t\t\t<\/a>\n\t\t\t\t\t\t\t\t<\/li>\n\t\t\t\t\t\t\t\t\t\t\t\t\t\t\t<li class=\"tribe-events-c-subscribe-dropdown__list-item tribe-events-c-subscribe-dropdown__list-item--ical\">\n\t\t\t\t\t\t\t\t\t<a\n\t\t\t\t\t\t\t\t\t\thref=\"\"\n\t\t\t\t\t\t\t\t\t\tclass=\"tribe-events-c-subscribe-dropdown__list-item-link\"\n\t\t\t\t\t\t\t\t\t\ttarget=\"_blank\"\n\t\t\t\t\t\t\t\t\t\trel=\"noopener noreferrer nofollow noindex\"\n\t\t\t\t\t\t\t\t\t>\n\t\t\t\t\t\t\t\t\t\tiCalendar\t\t\t\t\t\t\t\t\t<\/a>\n\t\t\t\t\t\t\t\t<\/li>\n\t\t\t\t\t\t\t\t\t\t\t\t\t\t\t<li class=\"tribe-events-c-subscribe-dropdown__list-item tribe-events-c-subscribe-dropdown__list-item--outlook-365\">\n\t\t\t\t\t\t\t\t\t<a\n\t\t\t\t\t\t\t\t\t\thref=\"\"\n\t\t\t\t\t\t\t\t\t\tclass=\"tribe-events-c-subscribe-dropdown__list-item-link\"\n\t\t\t\t\t\t\t\t\t\ttarget=\"_blank\"\n\t\t\t\t\t\t\t\t\t\trel=\"noopener noreferrer nofollow noindex\"\n\t\t\t\t\t\t\t\t\t>\n\t\t\t\t\t\t\t\t\t\tOutlook 365\t\t\t\t\t\t\t\t\t<\/a>\n\t\t\t\t\t\t\t\t<\/li>\n\t\t\t\t\t\t\t\t\t\t\t\t\t\t\t<li class=\"tribe-events-c-subscribe-dropdown__list-item tribe-events-c-subscribe-dropdown__list-item--outlook-live\">\n\t\t\t\t\t\t\t\t\t<a\n\t\t\t\t\t\t\t\t\t\thref=\"\"\n\t\t\t\t\t\t\t\t\t\tclass=\"tribe-events-c-subscribe-dropdown__list-item-link\"\n\t\t\t\t\t\t\t\t\t\ttarget=\"_blank\"\n\t\t\t\t\t\t\t\t\t\trel=\"noopener noreferrer nofollow noindex\"\n\t\t\t\t\t\t\t\t\t>\n\t\t\t\t\t\t\t\t\t\tOutlook Live\t\t\t\t\t\t\t\t\t<\/a>\n\t\t\t\t\t\t\t\t<\/li>\n\t\t\t\t\t\t\t\t\t\t\t\t\t<\/ul>\n\t\t\t\t\t<\/div>\n\t\t\t\t<\/div>\n\t\t\t<\/div>\n\t\t<\/div>\n\t<\/div>\n\n","protected":false},"excerpt":{"rendered":"<p>Le 19 avril 2025, Le CDS PARIS NATION organisera la Coupe de France de danses latines et de danses standards sous l&rsquo;\u00e9gide de la F\u00e9d\u00e9ration Fran\u00e7aise de Danses (FFD).<\/p>\n","protected":false},"author":1,"featured_media":12343,"template":"","meta":{"_uag_custom_page_level_css":"","_price":"","_stock":"","_tribe_ticket_header":"","_tribe_default_ticket_provider":"","_tribe_ticket_capacity":"0","_ticket_start_date":"","_ticket_end_date":"","_tribe_ticket_show_description":"","_tribe_ticket_show_not_going":false,"_tribe_ticket_use_global_stock":"","_tribe_ticket_global_stock_level":"","_global_stock_mode":"","_global_stock_cap":"","_tribe_rsvp_for_event":"","_tribe_ticket_going_count":"","_tribe_ticket_not_going_count":"","_tribe_tickets_list":"[]","_tribe_ticket_has_attendee_info_fields":false,"_EventAllDay":true,"_EventTimezone":"Europe\/Paris","_EventStartDate":"2025-04-19 00:00:00","_EventEndDate":"2025-04-19 23:59:59","_EventStartDateUTC":"2025-04-18 22:00:00","_EventEndDateUTC":"2025-04-19 21:59:59","_EventShowMap":false,"_EventShowMapLink":false,"_EventURL":"","_EventCost":"","_EventCostDescription":"","_EventCurrencySymbol":"\u20ac","_EventCurrencyCode":"EUR","_EventCurrencyPosition":"suffix","_EventDateTimeSeparator":" > ","_EventTimeRangeSeparator":" - ","_EventOrganizerID":[],"_EventVenueID":[11146],"_OrganizerEmail":"","_OrganizerPhone":"","_OrganizerWebsite":"","_VenueAddress":"","_VenueCity":"","_VenueCountry":"","_VenueProvince":"","_VenueState":"","_VenueZip":"","_VenuePhone":"","_VenueURL":"","_VenueStateProvince":"","_VenueLat":"","_VenueLng":"","_VenueShowMap":false,"_VenueShowMapLink":false,"_tribe_events_status":"","_tribe_events_status_reason":"","footnotes":"","_tec_slr_enabled":"","_tec_slr_layout":""},"tags":[217],"tribe_events_cat":[206,221,170,207],"class_list":["post-12341","tribe_events","type-tribe_events","status-publish","has-post-thumbnail","hentry","tag-paris","tribe_events_cat-competition","tribe_events_cat-coupe-de-france","tribe_events_cat-danse-sportive","tribe_events_cat-ffd","cat_competition","cat_coupe-de-france","cat_danse-sportive","cat_ffd"],"yoast_head":"<!-- This site is optimized with the Yoast SEO Premium plugin v25.6 (Yoast SEO v25.6) - https:\/\/yoast.com\/wordpress\/plugins\/seo\/ -->\n<title>FFD Coupe de France danses Latines &amp; danses Standards - VP DANSES, cours de Danse Sportive \u00e0 Aire-sur-la-Lys et \u00e0 Saint-Jans-Cappel (Hauts-de-France)<\/title>\n<meta name=\"description\" content=\"Rejoignez-nous le 19 avril 2025 au CDS PARIS NATION pour la Coupe de France de danses latines et standards, organis\u00e9e sous l&#039;\u00e9gide de la F\u00e9d\u00e9ration Fran\u00e7aise de Danses (FFD). Un \u00e9v\u00e9nement incontournable pour tous les passionn\u00e9s de danse !\" \/>\n<meta name=\"robots\" content=\"index, follow, max-snippet:-1, max-image-preview:large, max-video-preview:-1\" \/>\n<link rel=\"canonical\" href=\"https:\/\/vpdanses.fr\/home\/bienvenue-chez-vp-danses-hazebrouck\/evenement\/coupe-france-danses-latines-standards-2025\/\" \/>\n<meta property=\"og:locale\" content=\"fr_FR\" \/>\n<meta property=\"og:type\" content=\"article\" \/>\n<meta property=\"og:title\" content=\"FFD Coupe de France danses Latines &amp; danses Standards\" \/>\n<meta property=\"og:description\" content=\"Rejoignez-nous le 19 avril 2025 au CDS PARIS NATION pour la Coupe de France de danses latines et standards, organis\u00e9e sous l&#039;\u00e9gide de la F\u00e9d\u00e9ration Fran\u00e7aise de Danses (FFD). Un \u00e9v\u00e9nement incontournable pour tous les passionn\u00e9s de danse !\" \/>\n<meta property=\"og:url\" content=\"https:\/\/vpdanses.fr\/home\/bienvenue-chez-vp-danses-hazebrouck\/evenement\/coupe-france-danses-latines-standards-2025\/\" \/>\n<meta property=\"og:site_name\" content=\"VP DANSES, cours de Danse Sportive \u00e0 Aire-sur-la-Lys et \u00e0 Saint-Jans-Cappel (Hauts-de-France)\" \/>\n<meta property=\"article:modified_time\" content=\"2025-03-23T19:41:54+00:00\" \/>\n<meta property=\"og:image\" content=\"https:\/\/vpdanses.fr\/wp-content\/uploads\/2025\/03\/2025-04-19.Affiche_Coupe_de_France_CDS_Nation_Japy-paris.jpg\" \/>\n\t<meta property=\"og:image:width\" content=\"1170\" \/>\n\t<meta property=\"og:image:height\" content=\"1536\" \/>\n\t<meta property=\"og:image:type\" content=\"image\/jpeg\" \/>\n<meta name=\"twitter:card\" content=\"summary_large_image\" \/>\n<meta name=\"twitter:label1\" content=\"Dur\u00e9e de lecture estim\u00e9e\" \/>\n\t<meta name=\"twitter:data1\" content=\"2 minutes\" \/>\n<script type=\"application\/ld+json\" class=\"yoast-schema-graph\">{\"@context\":\"https:\/\/schema.org\",\"@graph\":[{\"@type\":\"WebPage\",\"@id\":\"https:\/\/vpdanses.fr\/home\/bienvenue-chez-vp-danses-hazebrouck\/evenement\/coupe-france-danses-latines-standards-2025\/\",\"url\":\"https:\/\/vpdanses.fr\/home\/bienvenue-chez-vp-danses-hazebrouck\/evenement\/coupe-france-danses-latines-standards-2025\/\",\"name\":\"FFD Coupe de France danses Latines &amp; danses Standards - VP DANSES, cours de Danse Sportive \u00e0 Aire-sur-la-Lys et \u00e0 Saint-Jans-Cappel (Hauts-de-France)\",\"isPartOf\":{\"@id\":\"https:\/\/vpdanses.fr\/home\/bienvenue-chez-vp-danses-hazebrouck\/#website\"},\"primaryImageOfPage\":{\"@id\":\"https:\/\/vpdanses.fr\/home\/bienvenue-chez-vp-danses-hazebrouck\/evenement\/coupe-france-danses-latines-standards-2025\/#primaryimage\"},\"image\":{\"@id\":\"https:\/\/vpdanses.fr\/home\/bienvenue-chez-vp-danses-hazebrouck\/evenement\/coupe-france-danses-latines-standards-2025\/#primaryimage\"},\"thumbnailUrl\":\"https:\/\/vpdanses.fr\/wp-content\/uploads\/2025\/03\/2025-04-19.Affiche_Coupe_de_France_CDS_Nation_Japy-paris.jpg\",\"datePublished\":\"2025-03-23T19:25:14+00:00\",\"dateModified\":\"2025-03-23T19:41:54+00:00\",\"description\":\"Rejoignez-nous le 19 avril 2025 au CDS PARIS NATION pour la Coupe de France de danses latines et standards, organis\u00e9e sous l'\u00e9gide de la F\u00e9d\u00e9ration Fran\u00e7aise de Danses (FFD). Un \u00e9v\u00e9nement incontournable pour tous les passionn\u00e9s de danse !\",\"breadcrumb\":{\"@id\":\"https:\/\/vpdanses.fr\/home\/bienvenue-chez-vp-danses-hazebrouck\/evenement\/coupe-france-danses-latines-standards-2025\/#breadcrumb\"},\"inLanguage\":\"fr-FR\",\"potentialAction\":[{\"@type\":\"ReadAction\",\"target\":[\"https:\/\/vpdanses.fr\/home\/bienvenue-chez-vp-danses-hazebrouck\/evenement\/coupe-france-danses-latines-standards-2025\/\"]}]},{\"@type\":\"ImageObject\",\"inLanguage\":\"fr-FR\",\"@id\":\"https:\/\/vpdanses.fr\/home\/bienvenue-chez-vp-danses-hazebrouck\/evenement\/coupe-france-danses-latines-standards-2025\/#primaryimage\",\"url\":\"https:\/\/vpdanses.fr\/wp-content\/uploads\/2025\/03\/2025-04-19.Affiche_Coupe_de_France_CDS_Nation_Japy-paris.jpg\",\"contentUrl\":\"https:\/\/vpdanses.fr\/wp-content\/uploads\/2025\/03\/2025-04-19.Affiche_Coupe_de_France_CDS_Nation_Japy-paris.jpg\",\"width\":1170,\"height\":1536,\"caption\":\"Coupe de France de danses Latines et danses Standards, le samedi 19 avril 2025, organis\u00e9 par le CDS Paris Nation, sous l'\u00e9gide de la F\u00e9d\u00e9ration Fran\u00e7aise de Danses (FFD). VP Danses Hazebrouck participera \u00e0 cette comp\u00e9tition !\"},{\"@type\":\"BreadcrumbList\",\"@id\":\"https:\/\/vpdanses.fr\/home\/bienvenue-chez-vp-danses-hazebrouck\/evenement\/coupe-france-danses-latines-standards-2025\/#breadcrumb\",\"itemListElement\":[{\"@type\":\"ListItem\",\"position\":1,\"name\":\"Accueil\",\"item\":\"https:\/\/vpdanses.fr\/home\/bienvenue-chez-vp-danses-hazebrouck\/\"},{\"@type\":\"ListItem\",\"position\":2,\"name\":\"\u00c9v\u00e8nements\",\"item\":\"https:\/\/vpdanses.fr\/home\/bienvenue-chez-vp-danses-hazebrouck\/dates\/\"},{\"@type\":\"ListItem\",\"position\":3,\"name\":\"FFD Coupe de France danses Latines &amp; danses Standards\"}]},{\"@type\":\"WebSite\",\"@id\":\"https:\/\/vpdanses.fr\/home\/bienvenue-chez-vp-danses-hazebrouck\/#website\",\"url\":\"https:\/\/vpdanses.fr\/home\/bienvenue-chez-vp-danses-hazebrouck\/\",\"name\":\"VP DANSES, cours de Danse Sportive \u00e0 Aire-sur-la-Lys et \u00e0 Saint-Jans-Cappel (Hauts-de-France)\",\"description\":\"Cours de Danse Sportive STANDARD (valse anglaise, tango, valse viennoise, slowfox, quickstep), danses sportives LATINES (samba, chacha, rumba, paso doble, jive), danses de bal, danses de salons, danses de loisirs, salsa, rock 4 temps, rock 6 temps, danses en ligne, disco, \u2026 Lieu : Hazebrouck, Aire-sur-la-Lys, Saint-Jans-Cappel et Isbergues (Hauts-de-France) - Cours Particuliers dans les Hauts-de-France - Ouverture de bal de Mariage\",\"publisher\":{\"@id\":\"https:\/\/vpdanses.fr\/home\/bienvenue-chez-vp-danses-hazebrouck\/#organization\"},\"potentialAction\":[{\"@type\":\"SearchAction\",\"target\":{\"@type\":\"EntryPoint\",\"urlTemplate\":\"https:\/\/vpdanses.fr\/home\/bienvenue-chez-vp-danses-hazebrouck\/?s={search_term_string}\"},\"query-input\":{\"@type\":\"PropertyValueSpecification\",\"valueRequired\":true,\"valueName\":\"search_term_string\"}}],\"inLanguage\":\"fr-FR\"},{\"@type\":\"Organization\",\"@id\":\"https:\/\/vpdanses.fr\/home\/bienvenue-chez-vp-danses-hazebrouck\/#organization\",\"name\":\"VP DANSES, cours de Danse Sportive \u00e0 Aire-sur-la-Lys et \u00e0 Saint-Jans-Cappel (Hauts-de-France)\",\"url\":\"https:\/\/vpdanses.fr\/home\/bienvenue-chez-vp-danses-hazebrouck\/\",\"logo\":{\"@type\":\"ImageObject\",\"inLanguage\":\"fr-FR\",\"@id\":\"https:\/\/vpdanses.fr\/home\/bienvenue-chez-vp-danses-hazebrouck\/#\/schema\/logo\/image\/\",\"url\":\"https:\/\/vpdanses.fr\/wp-content\/uploads\/2024\/10\/logo_cadanse_asaintjans.jpeg\",\"contentUrl\":\"https:\/\/vpdanses.fr\/wp-content\/uploads\/2024\/10\/logo_cadanse_asaintjans.jpeg\",\"width\":225,\"height\":225,\"caption\":\"VP DANSES, cours de Danse Sportive \u00e0 Aire-sur-la-Lys et \u00e0 Saint-Jans-Cappel (Hauts-de-France)\"},\"image\":{\"@id\":\"https:\/\/vpdanses.fr\/home\/bienvenue-chez-vp-danses-hazebrouck\/#\/schema\/logo\/image\/\"}}]}<\/script>\n<!-- \/ Yoast SEO Premium plugin. -->","yoast_head_json":{"title":"FFD Coupe de France danses Latines &amp; danses Standards - VP DANSES, cours de Danse Sportive \u00e0 Aire-sur-la-Lys et \u00e0 Saint-Jans-Cappel (Hauts-de-France)","description":"Rejoignez-nous le 19 avril 2025 au CDS PARIS NATION pour la Coupe de France de danses latines et standards, organis\u00e9e sous l'\u00e9gide de la F\u00e9d\u00e9ration Fran\u00e7aise de Danses (FFD). Un \u00e9v\u00e9nement incontournable pour tous les passionn\u00e9s de danse !","robots":{"index":"index","follow":"follow","max-snippet":"max-snippet:-1","max-image-preview":"max-image-preview:large","max-video-preview":"max-video-preview:-1"},"canonical":"https:\/\/vpdanses.fr\/home\/bienvenue-chez-vp-danses-hazebrouck\/evenement\/coupe-france-danses-latines-standards-2025\/","og_locale":"fr_FR","og_type":"article","og_title":"FFD Coupe de France danses Latines &amp; danses Standards","og_description":"Rejoignez-nous le 19 avril 2025 au CDS PARIS NATION pour la Coupe de France de danses latines et standards, organis\u00e9e sous l'\u00e9gide de la F\u00e9d\u00e9ration Fran\u00e7aise de Danses (FFD). Un \u00e9v\u00e9nement incontournable pour tous les passionn\u00e9s de danse !","og_url":"https:\/\/vpdanses.fr\/home\/bienvenue-chez-vp-danses-hazebrouck\/evenement\/coupe-france-danses-latines-standards-2025\/","og_site_name":"VP DANSES, cours de Danse Sportive \u00e0 Aire-sur-la-Lys et \u00e0 Saint-Jans-Cappel (Hauts-de-France)","article_modified_time":"2025-03-23T19:41:54+00:00","og_image":[{"width":1170,"height":1536,"url":"https:\/\/vpdanses.fr\/wp-content\/uploads\/2025\/03\/2025-04-19.Affiche_Coupe_de_France_CDS_Nation_Japy-paris.jpg","type":"image\/jpeg"}],"twitter_card":"summary_large_image","twitter_misc":{"Dur\u00e9e de lecture estim\u00e9e":"2 minutes"},"schema":{"@context":"https:\/\/schema.org","@graph":[{"@type":"WebPage","@id":"https:\/\/vpdanses.fr\/home\/bienvenue-chez-vp-danses-hazebrouck\/evenement\/coupe-france-danses-latines-standards-2025\/","url":"https:\/\/vpdanses.fr\/home\/bienvenue-chez-vp-danses-hazebrouck\/evenement\/coupe-france-danses-latines-standards-2025\/","name":"FFD Coupe de France danses Latines &amp; danses Standards - VP DANSES, cours de Danse Sportive \u00e0 Aire-sur-la-Lys et \u00e0 Saint-Jans-Cappel (Hauts-de-France)","isPartOf":{"@id":"https:\/\/vpdanses.fr\/home\/bienvenue-chez-vp-danses-hazebrouck\/#website"},"primaryImageOfPage":{"@id":"https:\/\/vpdanses.fr\/home\/bienvenue-chez-vp-danses-hazebrouck\/evenement\/coupe-france-danses-latines-standards-2025\/#primaryimage"},"image":{"@id":"https:\/\/vpdanses.fr\/home\/bienvenue-chez-vp-danses-hazebrouck\/evenement\/coupe-france-danses-latines-standards-2025\/#primaryimage"},"thumbnailUrl":"https:\/\/vpdanses.fr\/wp-content\/uploads\/2025\/03\/2025-04-19.Affiche_Coupe_de_France_CDS_Nation_Japy-paris.jpg","datePublished":"2025-03-23T19:25:14+00:00","dateModified":"2025-03-23T19:41:54+00:00","description":"Rejoignez-nous le 19 avril 2025 au CDS PARIS NATION pour la Coupe de France de danses latines et standards, organis\u00e9e sous l'\u00e9gide de la F\u00e9d\u00e9ration Fran\u00e7aise de Danses (FFD). Un \u00e9v\u00e9nement incontournable pour tous les passionn\u00e9s de danse !","breadcrumb":{"@id":"https:\/\/vpdanses.fr\/home\/bienvenue-chez-vp-danses-hazebrouck\/evenement\/coupe-france-danses-latines-standards-2025\/#breadcrumb"},"inLanguage":"fr-FR","potentialAction":[{"@type":"ReadAction","target":["https:\/\/vpdanses.fr\/home\/bienvenue-chez-vp-danses-hazebrouck\/evenement\/coupe-france-danses-latines-standards-2025\/"]}]},{"@type":"ImageObject","inLanguage":"fr-FR","@id":"https:\/\/vpdanses.fr\/home\/bienvenue-chez-vp-danses-hazebrouck\/evenement\/coupe-france-danses-latines-standards-2025\/#primaryimage","url":"https:\/\/vpdanses.fr\/wp-content\/uploads\/2025\/03\/2025-04-19.Affiche_Coupe_de_France_CDS_Nation_Japy-paris.jpg","contentUrl":"https:\/\/vpdanses.fr\/wp-content\/uploads\/2025\/03\/2025-04-19.Affiche_Coupe_de_France_CDS_Nation_Japy-paris.jpg","width":1170,"height":1536,"caption":"Coupe de France de danses Latines et danses Standards, le samedi 19 avril 2025, organis\u00e9 par le CDS Paris Nation, sous l'\u00e9gide de la F\u00e9d\u00e9ration Fran\u00e7aise de Danses (FFD). VP Danses Hazebrouck participera \u00e0 cette comp\u00e9tition !"},{"@type":"BreadcrumbList","@id":"https:\/\/vpdanses.fr\/home\/bienvenue-chez-vp-danses-hazebrouck\/evenement\/coupe-france-danses-latines-standards-2025\/#breadcrumb","itemListElement":[{"@type":"ListItem","position":1,"name":"Accueil","item":"https:\/\/vpdanses.fr\/home\/bienvenue-chez-vp-danses-hazebrouck\/"},{"@type":"ListItem","position":2,"name":"\u00c9v\u00e8nements","item":"https:\/\/vpdanses.fr\/home\/bienvenue-chez-vp-danses-hazebrouck\/dates\/"},{"@type":"ListItem","position":3,"name":"FFD Coupe de France danses Latines &amp; danses Standards"}]},{"@type":"WebSite","@id":"https:\/\/vpdanses.fr\/home\/bienvenue-chez-vp-danses-hazebrouck\/#website","url":"https:\/\/vpdanses.fr\/home\/bienvenue-chez-vp-danses-hazebrouck\/","name":"VP DANSES, cours de Danse Sportive \u00e0 Aire-sur-la-Lys et \u00e0 Saint-Jans-Cappel (Hauts-de-France)","description":"Cours de Danse Sportive STANDARD (valse anglaise, tango, valse viennoise, slowfox, quickstep), danses sportives LATINES (samba, chacha, rumba, paso doble, jive), danses de bal, danses de salons, danses de loisirs, salsa, rock 4 temps, rock 6 temps, danses en ligne, disco, \u2026 Lieu : Hazebrouck, Aire-sur-la-Lys, Saint-Jans-Cappel et Isbergues (Hauts-de-France) - Cours Particuliers dans les Hauts-de-France - Ouverture de bal de Mariage","publisher":{"@id":"https:\/\/vpdanses.fr\/home\/bienvenue-chez-vp-danses-hazebrouck\/#organization"},"potentialAction":[{"@type":"SearchAction","target":{"@type":"EntryPoint","urlTemplate":"https:\/\/vpdanses.fr\/home\/bienvenue-chez-vp-danses-hazebrouck\/?s={search_term_string}"},"query-input":{"@type":"PropertyValueSpecification","valueRequired":true,"valueName":"search_term_string"}}],"inLanguage":"fr-FR"},{"@type":"Organization","@id":"https:\/\/vpdanses.fr\/home\/bienvenue-chez-vp-danses-hazebrouck\/#organization","name":"VP DANSES, cours de Danse Sportive \u00e0 Aire-sur-la-Lys et \u00e0 Saint-Jans-Cappel (Hauts-de-France)","url":"https:\/\/vpdanses.fr\/home\/bienvenue-chez-vp-danses-hazebrouck\/","logo":{"@type":"ImageObject","inLanguage":"fr-FR","@id":"https:\/\/vpdanses.fr\/home\/bienvenue-chez-vp-danses-hazebrouck\/#\/schema\/logo\/image\/","url":"https:\/\/vpdanses.fr\/wp-content\/uploads\/2024\/10\/logo_cadanse_asaintjans.jpeg","contentUrl":"https:\/\/vpdanses.fr\/wp-content\/uploads\/2024\/10\/logo_cadanse_asaintjans.jpeg","width":225,"height":225,"caption":"VP DANSES, cours de Danse Sportive \u00e0 Aire-sur-la-Lys et \u00e0 Saint-Jans-Cappel (Hauts-de-France)"},"image":{"@id":"https:\/\/vpdanses.fr\/home\/bienvenue-chez-vp-danses-hazebrouck\/#\/schema\/logo\/image\/"}}]}},"uagb_featured_image_src":{"full":["https:\/\/vpdanses.fr\/wp-content\/uploads\/2025\/03\/2025-04-19.Affiche_Coupe_de_France_CDS_Nation_Japy-paris.jpg",1170,1536,false],"thumbnail":["https:\/\/vpdanses.fr\/wp-content\/uploads\/2025\/03\/2025-04-19.Affiche_Coupe_de_France_CDS_Nation_Japy-paris-150x150.jpg",150,150,true],"medium":["https:\/\/vpdanses.fr\/wp-content\/uploads\/2025\/03\/2025-04-19.Affiche_Coupe_de_France_CDS_Nation_Japy-paris-229x300.jpg",229,300,true],"medium_large":["https:\/\/vpdanses.fr\/wp-content\/uploads\/2025\/03\/2025-04-19.Affiche_Coupe_de_France_CDS_Nation_Japy-paris-768x1008.jpg",768,1008,true],"large":["https:\/\/vpdanses.fr\/wp-content\/uploads\/2025\/03\/2025-04-19.Affiche_Coupe_de_France_CDS_Nation_Japy-paris-780x1024.jpg",780,1024,true],"1536x1536":["https:\/\/vpdanses.fr\/wp-content\/uploads\/2025\/03\/2025-04-19.Affiche_Coupe_de_France_CDS_Nation_Japy-paris.jpg",1170,1536,false],"2048x2048":["https:\/\/vpdanses.fr\/wp-content\/uploads\/2025\/03\/2025-04-19.Affiche_Coupe_de_France_CDS_Nation_Japy-paris.jpg",1170,1536,false],"vp_sm":["https:\/\/vpdanses.fr\/wp-content\/uploads\/2025\/03\/2025-04-19.Affiche_Coupe_de_France_CDS_Nation_Japy-paris-500x656.jpg",500,656,true],"vp_md":["https:\/\/vpdanses.fr\/wp-content\/uploads\/2025\/03\/2025-04-19.Affiche_Coupe_de_France_CDS_Nation_Japy-paris-800x1050.jpg",800,1050,true],"vp_lg":["https:\/\/vpdanses.fr\/wp-content\/uploads\/2025\/03\/2025-04-19.Affiche_Coupe_de_France_CDS_Nation_Japy-paris.jpg",1170,1536,false],"vp_xl":["https:\/\/vpdanses.fr\/wp-content\/uploads\/2025\/03\/2025-04-19.Affiche_Coupe_de_France_CDS_Nation_Japy-paris.jpg",1170,1536,false],"vp_sm_popup":["https:\/\/vpdanses.fr\/wp-content\/uploads\/2025\/03\/2025-04-19.Affiche_Coupe_de_France_CDS_Nation_Japy-paris-500x656.jpg",500,656,true],"vp_md_popup":["https:\/\/vpdanses.fr\/wp-content\/uploads\/2025\/03\/2025-04-19.Affiche_Coupe_de_France_CDS_Nation_Japy-paris-800x1050.jpg",800,1050,true],"vp_xl_popup":["https:\/\/vpdanses.fr\/wp-content\/uploads\/2025\/03\/2025-04-19.Affiche_Coupe_de_France_CDS_Nation_Japy-paris.jpg",1170,1536,false],"dance-blog-thumb":["https:\/\/vpdanses.fr\/wp-content\/uploads\/2025\/03\/2025-04-19.Affiche_Coupe_de_France_CDS_Nation_Japy-paris-150x120.jpg",150,120,true],"dance-event-list":["https:\/\/vpdanses.fr\/wp-content\/uploads\/2025\/03\/2025-04-19.Affiche_Coupe_de_France_CDS_Nation_Japy-paris-420x336.jpg",420,336,true],"dance-event-single-type1":["https:\/\/vpdanses.fr\/wp-content\/uploads\/2025\/03\/2025-04-19.Affiche_Coupe_de_France_CDS_Nation_Japy-paris-773x520.jpg",773,520,true],"dance-event-single-type4":["https:\/\/vpdanses.fr\/wp-content\/uploads\/2025\/03\/2025-04-19.Affiche_Coupe_de_France_CDS_Nation_Japy-paris-570x460.jpg",570,460,true],"dance-event-single-type5":["https:\/\/vpdanses.fr\/wp-content\/uploads\/2025\/03\/2025-04-19.Affiche_Coupe_de_France_CDS_Nation_Japy-paris-746x770.jpg",746,770,true],"dance-event-list2":["https:\/\/vpdanses.fr\/wp-content\/uploads\/2025\/03\/2025-04-19.Affiche_Coupe_de_France_CDS_Nation_Japy-paris-420x275.jpg",420,275,true]},"uagb_author_info":{"display_name":"VP DANSES","author_link":"https:\/\/vpdanses.fr\/home\/bienvenue-chez-vp-danses-hazebrouck\/author\/adminvp20241018\/"},"uagb_comment_info":0,"uagb_excerpt":"Le 19 avril 2025, Le CDS PARIS NATION organisera la Coupe de France de danses latines et de danses standards sous l'\u00e9gide de la F\u00e9d\u00e9ration Fran\u00e7aise de Danses (FFD).","jetpack_sharing_enabled":true,"ticketed":false,"_links":{"self":[{"href":"https:\/\/vpdanses.fr\/home\/bienvenue-chez-vp-danses-hazebrouck\/wp-json\/wp\/v2\/tribe_events\/12341","targetHints":{"allow":["GET"]}}],"collection":[{"href":"https:\/\/vpdanses.fr\/home\/bienvenue-chez-vp-danses-hazebrouck\/wp-json\/wp\/v2\/tribe_events"}],"about":[{"href":"https:\/\/vpdanses.fr\/home\/bienvenue-chez-vp-danses-hazebrouck\/wp-json\/wp\/v2\/types\/tribe_events"}],"author":[{"embeddable":true,"href":"https:\/\/vpdanses.fr\/home\/bienvenue-chez-vp-danses-hazebrouck\/wp-json\/wp\/v2\/users\/1"}],"version-history":[{"count":6,"href":"https:\/\/vpdanses.fr\/home\/bienvenue-chez-vp-danses-hazebrouck\/wp-json\/wp\/v2\/tribe_events\/12341\/revisions"}],"predecessor-version":[{"id":12353,"href":"https:\/\/vpdanses.fr\/home\/bienvenue-chez-vp-danses-hazebrouck\/wp-json\/wp\/v2\/tribe_events\/12341\/revisions\/12353"}],"wp:featuredmedia":[{"embeddable":true,"href":"https:\/\/vpdanses.fr\/home\/bienvenue-chez-vp-danses-hazebrouck\/wp-json\/wp\/v2\/media\/12343"}],"wp:attachment":[{"href":"https:\/\/vpdanses.fr\/home\/bienvenue-chez-vp-danses-hazebrouck\/wp-json\/wp\/v2\/media?parent=12341"}],"wp:term":[{"taxonomy":"post_tag","embeddable":true,"href":"https:\/\/vpdanses.fr\/home\/bienvenue-chez-vp-danses-hazebrouck\/wp-json\/wp\/v2\/tags?post=12341"},{"taxonomy":"tribe_events_cat","embeddable":true,"href":"https:\/\/vpdanses.fr\/home\/bienvenue-chez-vp-danses-hazebrouck\/wp-json\/wp\/v2\/tribe_events_cat?post=12341"}],"curies":[{"name":"wp","href":"https:\/\/api.w.org\/{rel}","templated":true}]}}