{"id":12890,"date":"2025-05-04T19:53:50","date_gmt":"2025-05-04T17:53:50","guid":{"rendered":"https:\/\/vpdanses.fr\/home\/bienvenue-chez-vp-danses-hazebrouck\/?post_type=tribe_events&#038;p=12890"},"modified":"2025-05-12T05:05:39","modified_gmt":"2025-05-12T03:05:39","slug":"stage-danses-latines-ffd-champion-europe-charles-guillaume-schmitt","status":"publish","type":"tribe_events","link":"https:\/\/vpdanses.fr\/home\/bienvenue-chez-vp-danses-hazebrouck\/evenement\/stage-danses-latines-ffd-champion-europe-charles-guillaume-schmitt\/","title":{"rendered":"Cours particuliers de danses latines avec  Charles-Guillaume SCHMITT (NEUVILLE EN FERRAIN)"},"content":{"rendered":"<div  class=\"tribe-events-schedule tribe-clearfix\" >\n\t<p class=\"tribe-events-schedule__datetime\">\n\t\t<span class=\"tribe-events-schedule__date tribe-events-schedule__date--start\">\n\t\t\t11 mai 2025\t\t<\/span>\n\n\t\t\t\t\t<span class=\"tribe-events-schedule__separator tribe-events-schedule__separator--date\">\n\t\t\t\t &gt; \t\t\t<\/span>\n\t\t\t<span class=\"tribe-events-schedule__time tribe-events-schedule__time--start\">\n\t\t\t\t11h30\t\t\t<\/span>\n\t\t\n\t\t\t\t\t\t\t\t\t<span class=\"tribe-events-schedule__separator tribe-events-schedule__separator--time\">\n\t\t\t\t\t &#8211; \t\t\t\t<\/span>\n\t\t\t\n\t\t\t\t\t\t\t<span class=\"tribe-events-schedule__time tribe-events-schedule__time--end\">\n\t\t\t\t\t13h00\t\t\t\t<\/span>\n\t\t\t\n\t\t\t\t\t\t<\/p>\n<\/div>\n\n\n\n<p>\u00c9v\u00e9nement exceptionnel avec la F\u00e9d\u00e9ration Fran\u00e7aise de Danse (FFD) !&nbsp; Pour les comp\u00e9titeurs en pr\u00e9paration du Championnat de France FFD, cours particuliers de danses latines avec Charles Guillaume SCHMITT, Champion d\u2019Europe 2025 &amp; Vainqueur de Blackpool<\/p>\n\n\n<div  class=\"tribe-block tribe-block__organizer__details tribe-clearfix\" >\n\t<div class=\"tribe-block__organizer__title\">\n\t\t<h3><a href=\"https:\/\/vpdanses.fr\/home\/bienvenue-chez-vp-danses-hazebrouck\/organisateur\/lets-dance-maubeuge\/\" title=\"Let&rsquo;s Dance Maubeuge\" target=\"_self\" rel=\"\">Let&rsquo;s Dance Maubeuge<\/a><\/h3>\n\t<\/div>\n\t\t\t\t<p class=\"tribe-block__organizer__website\"><a href=\"https:\/\/www.facebook.com\/letsdancemaubeuge\" target=\"_self\" rel=\"external\">Voir le site Organisateur<\/a><\/p>\n\t\t<\/div>\n\n\n<div  class=\"tribe-block tribe-block__venue tribe-clearfix tribe-block__venue--has-map\" >\n\t\n\t\n<div class=\"tribe-block__venue__meta\">\n\t<div class=\"tribe-block__venue__name\">\n\t\t<h3><a href=\"https:\/\/vpdanses.fr\/home\/bienvenue-chez-vp-danses-hazebrouck\/lieu\/neuville-en-ferrain\/\" title=\"Salle Municipale Jean-Marie JOUVENEZ, Neuville-en-Ferrain (59960)\">Salle Municipale Jean-Marie JOUVENEZ, Neuville-en-Ferrain (59960)<\/a><\/h3>\n\t<\/div>\n\n\t\n\t\t\t\t\t\t<address class=\"tribe-block__venue__address\">\n\t\t\t\t<span class=\"tribe-address\">\n\n<span class=\"tribe-street-address\">All\u00e9e des Sports<\/span>\n\t\n\t\t<br>\n\t\t<span class=\"tribe-locality\">NEUVILLE EN FERRAIN<\/span><span class=\"tribe-delimiter\">,<\/span>\n\n\n\t<span class=\"tribe-postal-code\">59960<\/span>\n\n\t<span class=\"tribe-country-name\">France<\/span>\n\n<\/span>\n\n\t\t\t\t\t\t\t\t\t<a class=\"tribe-events-gmap\" href=\"https:\/\/maps.google.com\/maps?f=q&#038;source=s_q&#038;hl=en&#038;geocode=&#038;q=All%C3%A9e+des+Sports+NEUVILLE+EN+FERRAIN+59960+France\" title=\"Cliquez pour voir une carte Google Map\" target=\"_blank\" rel=\"noreferrer noopener\">+ Google Map<\/a>\t\t\t\t\t\t\t<\/address>\n\t\t\n\t\t\t\t\t<span class=\"tribe-block__venue__phone\">06 76 31 63 63<\/span><br \/>\n\t\t\n\t\t\t\n\t<\/div>\n\t\n<div class=\"tribe-block__venue__map\">\n\t\n<iframe loading=\"lazy\"\n  title=\"L\u2018iframe Google maps affichant l\u2019adresse \u00e0 Salle Municipale Jean-Marie JOUVENEZ, Neuville-en-Ferrain (59960)\"\n  aria-label=\"Plan des lieux\"\n  width=\"310px\"\n  height=\"256px\"\n  frameborder=\"0\" style=\"border:0\"\n  src=\"https:\/\/www.google.com\/maps\/embed\/v1\/place?key=AIzaSyDNsicAsP6-VuGtAb1O9riI3oc_NOb7IOU&#038;q=All%C3%A9e+des+Sports+NEUVILLE+EN+FERRAIN+59960+France+&#038;zoom=11\" allowfullscreen>\n<\/iframe>\n<\/div>\n\n\t<\/div>\n\n\n<div  class=\"tribe-block tribe-block__event-website\" >\n\t<a\n\t\thref=\"https:\/\/www.facebook.com\/events\/s\/stage-de-danses-latines-avec-c\/1009923827869465\/?mibextid=wwXIfr&#038;rdid=gAtkX1NtluCGXWTo&#038;share_url=httpswww.facebook.comshare1C4entt1YQmibextidwwXIfr\"\n\t\ttarget=\"_self\"\n\t\t\t>\n\t\tSite Facebook de l&#039;\u00e9v\u00e9nement\t<\/a>\n<\/div>\n\n\n\t<div  class=\"tribe-block tribe-block__events-link\" >\n\t\t<div class=\"tribe-events tribe-common\">\n\t\t\t<div class=\"tribe-events-c-subscribe-dropdown__container\">\n\t\t\t\t<div class=\"tribe-events-c-subscribe-dropdown\">\n\t\t\t\t\t<div class=\"tribe-common-c-btn-border tribe-events-c-subscribe-dropdown__button\">\n\t\t\t\t\t\t<svg\n\t class=\"tribe-common-c-svgicon tribe-common-c-svgicon--cal-export tribe-events-c-subscribe-dropdown__export-icon\" \taria-hidden=\"true\"\n\tviewBox=\"0 0 23 17\"\n\txmlns=\"http:\/\/www.w3.org\/2000\/svg\"\n>\n\t<path fill-rule=\"evenodd\" clip-rule=\"evenodd\" d=\"M.128.896V16.13c0 .211.145.383.323.383h15.354c.179 0 .323-.172.323-.383V.896c0-.212-.144-.383-.323-.383H.451C.273.513.128.684.128.896Zm16 6.742h-.901V4.679H1.009v10.729h14.218v-3.336h.901V7.638ZM1.01 1.614h14.218v2.058H1.009V1.614Z\" \/>\n\t<path d=\"M20.5 9.846H8.312M18.524 6.953l2.89 2.909-2.855 2.855\" stroke-width=\"1.2\" stroke-linecap=\"round\" stroke-linejoin=\"round\"\/>\n<\/svg>\n\t\t\t\t\t\t<button\n\t\t\t\t\t\t\tclass=\"tribe-events-c-subscribe-dropdown__button-text\"\n\t\t\t\t\t\t\taria-expanded=\"false\"\n\t\t\t\t\t\t\taria-controls=\"tribe-events-subscribe-dropdown-content\"\n\t\t\t\t\t\t\taria-label=\"Afficher les liens permettant d\u2019ajouter des \u00e9v\u00e8nements \u00e0 votre calendrier\"\n\t\t\t\t\t\t>\n\t\t\t\t\t\t\tAjouter au calendrier\t\t\t\t\t\t<\/button>\n\t\t\t\t\t\t<svg\n\t class=\"tribe-common-c-svgicon tribe-common-c-svgicon--caret-down tribe-events-c-subscribe-dropdown__button-icon\" \taria-hidden=\"true\"\n\tviewBox=\"0 0 10 7\"\n\txmlns=\"http:\/\/www.w3.org\/2000\/svg\"\n>\n\t<path fill-rule=\"evenodd\" clip-rule=\"evenodd\" d=\"M1.008.609L5 4.6 8.992.61l.958.958L5 6.517.05 1.566l.958-.958z\" class=\"tribe-common-c-svgicon__svg-fill\"\/>\n<\/svg>\n\t\t\t\t\t<\/div>\n\t\t\t\t\t<div id=\"tribe-events-subscribe-dropdown-content\" class=\"tribe-events-c-subscribe-dropdown__content\">\n\t\t\t\t\t\t<ul class=\"tribe-events-c-subscribe-dropdown__list\">\n\t\t\t\t\t\t\t\t\t\t\t\t\t\t\t<li class=\"tribe-events-c-subscribe-dropdown__list-item tribe-events-c-subscribe-dropdown__list-item--gcal\">\n\t\t\t\t\t\t\t\t\t<a\n\t\t\t\t\t\t\t\t\t\thref=\"https:\/\/www.google.com\/calendar\/event?action=TEMPLATE&#038;dates=20250511T113000\/20250511T130000&#038;text=Cours%20particuliers%20de%20danses%20latines%20avec%20%20Charles-Guillaume%20SCHMITT%20%28NEUVILLE%20EN%20FERRAIN%29&#038;details=%3Cp%3E%C3%89v%C3%A9nement+exceptionnel+avec+la+F%C3%A9d%C3%A9ration+Fran%C3%A7aise+de+Danse+%28FFD%29+%21%26nbsp%3B+Pour+les+comp%C3%A9titeurs+en+pr%C3%A9paration+du+Championnat+de+France+FFD%2C+cours+particuliers+de+danses+latines+avec+Charles+Guillaume+SCHMITT%2C+Champion+d%E2%80%99Europe+2025+%26amp%3B+Vainqueur+de+Blackpool%3C%2Fp%3E+%3Cdiv+style%3D%22height%3A100px%22+aria-hidden%3D%22true%22+class%3D%22wp-block-spacer%22%3E%3C%2Fdiv%3E%3Ch2+class%3D%22wp-block-heading%22%3E%60salle+Municipale+Jean-Marie+JOUVENEZ%2C+Neuville-en-Ferrain+%2859960%29+%3A%3C%2Fh2%3E&#038;location=Salle%20Municipale%20Jean-Marie%20JOUVENEZ,%20Neuville-en-Ferrain%20(59960),%20All\u00e9e%20des%20Sports,%20NEUVILLE%20EN%20FERRAIN,%2059960,%20France&#038;trp=false&#038;ctz=Europe\/Paris&#038;sprop=website:https:\/\/vpdanses.fr\/home\/bienvenue-chez-vp-danses-hazebrouck\"\n\t\t\t\t\t\t\t\t\t\tclass=\"tribe-events-c-subscribe-dropdown__list-item-link\"\n\t\t\t\t\t\t\t\t\t\ttarget=\"_blank\"\n\t\t\t\t\t\t\t\t\t\trel=\"noopener noreferrer nofollow noindex\"\n\t\t\t\t\t\t\t\t\t>\n\t\t\t\t\t\t\t\t\t\tGoogle Agenda\t\t\t\t\t\t\t\t\t<\/a>\n\t\t\t\t\t\t\t\t<\/li>\n\t\t\t\t\t\t\t\t\t\t\t\t\t\t\t<li class=\"tribe-events-c-subscribe-dropdown__list-item tribe-events-c-subscribe-dropdown__list-item--ical\">\n\t\t\t\t\t\t\t\t\t<a\n\t\t\t\t\t\t\t\t\t\thref=\"\"\n\t\t\t\t\t\t\t\t\t\tclass=\"tribe-events-c-subscribe-dropdown__list-item-link\"\n\t\t\t\t\t\t\t\t\t\ttarget=\"_blank\"\n\t\t\t\t\t\t\t\t\t\trel=\"noopener noreferrer nofollow noindex\"\n\t\t\t\t\t\t\t\t\t>\n\t\t\t\t\t\t\t\t\t\tiCalendar\t\t\t\t\t\t\t\t\t<\/a>\n\t\t\t\t\t\t\t\t<\/li>\n\t\t\t\t\t\t\t\t\t\t\t\t\t\t\t<li class=\"tribe-events-c-subscribe-dropdown__list-item tribe-events-c-subscribe-dropdown__list-item--outlook-365\">\n\t\t\t\t\t\t\t\t\t<a\n\t\t\t\t\t\t\t\t\t\thref=\"\"\n\t\t\t\t\t\t\t\t\t\tclass=\"tribe-events-c-subscribe-dropdown__list-item-link\"\n\t\t\t\t\t\t\t\t\t\ttarget=\"_blank\"\n\t\t\t\t\t\t\t\t\t\trel=\"noopener noreferrer nofollow noindex\"\n\t\t\t\t\t\t\t\t\t>\n\t\t\t\t\t\t\t\t\t\tOutlook 365\t\t\t\t\t\t\t\t\t<\/a>\n\t\t\t\t\t\t\t\t<\/li>\n\t\t\t\t\t\t\t\t\t\t\t\t\t\t\t<li class=\"tribe-events-c-subscribe-dropdown__list-item tribe-events-c-subscribe-dropdown__list-item--outlook-live\">\n\t\t\t\t\t\t\t\t\t<a\n\t\t\t\t\t\t\t\t\t\thref=\"\"\n\t\t\t\t\t\t\t\t\t\tclass=\"tribe-events-c-subscribe-dropdown__list-item-link\"\n\t\t\t\t\t\t\t\t\t\ttarget=\"_blank\"\n\t\t\t\t\t\t\t\t\t\trel=\"noopener noreferrer nofollow noindex\"\n\t\t\t\t\t\t\t\t\t>\n\t\t\t\t\t\t\t\t\t\tOutlook Live\t\t\t\t\t\t\t\t\t<\/a>\n\t\t\t\t\t\t\t\t<\/li>\n\t\t\t\t\t\t\t\t\t\t\t\t\t<\/ul>\n\t\t\t\t\t<\/div>\n\t\t\t\t<\/div>\n\t\t\t<\/div>\n\t\t<\/div>\n\t<\/div>\n\n\n\n\n<div style=\"height:100px\" aria-hidden=\"true\" class=\"wp-block-spacer\"><\/div>\n\n\n\n<h2 class=\"wp-block-heading\">`salle Municipale Jean-Marie JOUVENEZ, Neuville-en-Ferrain (59960) :<\/h2>\n\n\n<figure class=\"wp-block-post-featured-image\"><noscript><img loading=\"lazy\" decoding=\"async\" width=\"2560\" height=\"1920\" data-skip-lazy src=\"https:\/\/vpdanses.fr\/wp-content\/uploads\/2025\/05\/FullSizeRender-3-scaled.jpg\" class=\"attachment-post-thumbnail size-post-thumbnail wp-post-image\" alt=\"Cours particulier de danses latines avec Charles Guillaume SCHMITT ce dimanche 11\/05\/2025 \u00e0 Neuville en Ferrain. Un \u00e9v\u00e8nement organis\u00e9 par le Comit\u00e9 R\u00e9gional FFdanse Hauts-de-France.\" style=\"object-fit:cover;\" srcset=\"https:\/\/vpdanses.fr\/wp-content\/uploads\/2025\/05\/FullSizeRender-3-scaled.jpg 2560w, https:\/\/vpdanses.fr\/wp-content\/uploads\/2025\/05\/FullSizeRender-3-300x225.jpg 300w, https:\/\/vpdanses.fr\/wp-content\/uploads\/2025\/05\/FullSizeRender-3-1024x768.jpg 1024w, https:\/\/vpdanses.fr\/wp-content\/uploads\/2025\/05\/FullSizeRender-3-768x576.jpg 768w, https:\/\/vpdanses.fr\/wp-content\/uploads\/2025\/05\/FullSizeRender-3-1536x1152.jpg 1536w, https:\/\/vpdanses.fr\/wp-content\/uploads\/2025\/05\/FullSizeRender-3-2048x1536.jpg 2048w, https:\/\/vpdanses.fr\/wp-content\/uploads\/2025\/05\/FullSizeRender-3-500x375.jpg 500w, https:\/\/vpdanses.fr\/wp-content\/uploads\/2025\/05\/FullSizeRender-3-800x600.jpg 800w, https:\/\/vpdanses.fr\/wp-content\/uploads\/2025\/05\/FullSizeRender-3-1280x960.jpg 1280w, https:\/\/vpdanses.fr\/wp-content\/uploads\/2025\/05\/FullSizeRender-3-1920x1440.jpg 1920w\" sizes=\"auto, (max-width: 2560px) 100vw, 2560px\" \/><\/noscript><img fetchpriority=\"high\" decoding=\"async\" width=\"2560\" height=\"1920\" src=\"https:\/\/vpdanses.fr\/wp-content\/uploads\/2025\/05\/FullSizeRender-3-scaled.jpg\" class=\"attachment-post-thumbnail size-post-thumbnail wp-post-image vp-lazyload\" alt=\"Cours particulier de danses latines avec Charles Guillaume SCHMITT ce dimanche 11\/05\/2025 \u00e0 Neuville en Ferrain. Un \u00e9v\u00e8nement organis\u00e9 par le Comit\u00e9 R\u00e9gional FFdanse Hauts-de-France.\" style=\"object-fit:cover;\" srcset=\"data:image\/svg+xml;base64,PHN2ZyB3aWR0aD0iMjU2MCIgaGVpZ2h0PSIxOTIwIiB2aWV3Qm94PSIwIDAgMjU2MCAxOTIwIiBmaWxsPSJub25lIiB4bWxucz0iaHR0cDovL3d3dy53My5vcmcvMjAwMC9zdmciPjwvc3ZnPg==\" data-src=\"https:\/\/vpdanses.fr\/wp-content\/uploads\/2025\/05\/FullSizeRender-3-scaled.jpg\" data-srcset=\"https:\/\/vpdanses.fr\/wp-content\/uploads\/2025\/05\/FullSizeRender-3-scaled.jpg 2560w, https:\/\/vpdanses.fr\/wp-content\/uploads\/2025\/05\/FullSizeRender-3-300x225.jpg 300w, https:\/\/vpdanses.fr\/wp-content\/uploads\/2025\/05\/FullSizeRender-3-1024x768.jpg 1024w, https:\/\/vpdanses.fr\/wp-content\/uploads\/2025\/05\/FullSizeRender-3-768x576.jpg 768w, https:\/\/vpdanses.fr\/wp-content\/uploads\/2025\/05\/FullSizeRender-3-1536x1152.jpg 1536w, https:\/\/vpdanses.fr\/wp-content\/uploads\/2025\/05\/FullSizeRender-3-2048x1536.jpg 2048w, https:\/\/vpdanses.fr\/wp-content\/uploads\/2025\/05\/FullSizeRender-3-500x375.jpg 500w, https:\/\/vpdanses.fr\/wp-content\/uploads\/2025\/05\/FullSizeRender-3-800x600.jpg 800w, https:\/\/vpdanses.fr\/wp-content\/uploads\/2025\/05\/FullSizeRender-3-1280x960.jpg 1280w, https:\/\/vpdanses.fr\/wp-content\/uploads\/2025\/05\/FullSizeRender-3-1920x1440.jpg 1920w\" data-sizes=\"auto\" loading=\"eager\"><\/figure>","protected":false},"excerpt":{"rendered":"<p>\u00c9v\u00e9nement exceptionnel avec la F\u00e9d\u00e9ration Fran\u00e7aise de Danse (FFD) !\u00a0 Pour les comp\u00e9titeurs en pr\u00e9paration du Championnat de France FFD, cours particuliers de danses latines avec Charles Guillaume SCHMITT, Champion d\u2019Europe 2025 &#038; Vainqueur de Blackpool<\/p>\n","protected":false},"author":1,"featured_media":12996,"template":"","meta":{"_uag_custom_page_level_css":"","_price":"","_stock":"","_tribe_ticket_header":"","_tribe_default_ticket_provider":"","_tribe_ticket_capacity":"0","_ticket_start_date":"","_ticket_end_date":"","_tribe_ticket_show_description":"","_tribe_ticket_show_not_going":false,"_tribe_ticket_use_global_stock":"","_tribe_ticket_global_stock_level":"","_global_stock_mode":"","_global_stock_cap":"","_tribe_rsvp_for_event":"","_tribe_ticket_going_count":"","_tribe_ticket_not_going_count":"","_tribe_tickets_list":"[]","_tribe_ticket_has_attendee_info_fields":false,"_EventAllDay":false,"_EventTimezone":"Europe\/Paris","_EventStartDate":"2025-05-11 11:30:00","_EventEndDate":"2025-05-11 13:00:00","_EventStartDateUTC":"2025-05-11 09:30:00","_EventEndDateUTC":"2025-05-11 11:00:00","_EventShowMap":false,"_EventShowMapLink":false,"_EventURL":"https:\/\/www.facebook.com\/events\/s\/stage-de-danses-latines-avec-c\/1009923827869465\/?mibextid=wwXIfr&rdid=gAtkX1NtluCGXWTo&share_url=httpswww.facebook.comshare1C4entt1YQmibextidwwXIfr","_EventCost":"","_EventCostDescription":"","_EventCurrencySymbol":"\u20ac","_EventCurrencyCode":"EUR","_EventCurrencyPosition":"suffix","_EventDateTimeSeparator":" > ","_EventTimeRangeSeparator":" - ","_EventOrganizerID":[12877],"_EventVenueID":[12879],"_OrganizerEmail":"","_OrganizerPhone":"","_OrganizerWebsite":"","_VenueAddress":"","_VenueCity":"","_VenueCountry":"","_VenueProvince":"","_VenueState":"","_VenueZip":"","_VenuePhone":"","_VenueURL":"","_VenueStateProvince":"","_VenueLat":"","_VenueLng":"","_VenueShowMap":false,"_VenueShowMapLink":false,"_tribe_events_status":"","_tribe_events_status_reason":"","footnotes":"","_tec_slr_enabled":"","_tec_slr_layout":""},"tags":[237,106,233],"tribe_events_cat":[170,207,235],"class_list":["post-12890","tribe_events","type-tribe_events","status-publish","has-post-thumbnail","hentry","tag-charles-guillaume-schmitt","tag-danse-sportive","tag-ffd","tribe_events_cat-danse-sportive","tribe_events_cat-ffd","tribe_events_cat-stage","cat_danse-sportive","cat_ffd","cat_stage"],"yoast_head":"<!-- This site is optimized with the Yoast SEO Premium plugin v25.6 (Yoast SEO v25.6) - https:\/\/yoast.com\/wordpress\/plugins\/seo\/ -->\n<title>Cours particuliers de danses latines avec Charles-Guillaume SCHMITT (NEUVILLE EN FERRAIN) - VP DANSES, cours de Danse Sportive \u00e0 Aire-sur-la-Lys et \u00e0 Saint-Jans-Cappel (Hauts-de-France)<\/title>\n<meta name=\"description\" content=\"Ce dimanche 11\/05\/2025, \u00e9v\u00e9nement exceptionnel organis\u00e9 par LET&#039;S DANCE MAUBEUGE et avec la F\u00e9d\u00e9ration Fran\u00e7aise de Danse (FFD) : Cours particuliers de danses latines avec Charles-Guillaume SCHMITT (Champion d\u2019Europe 2025 &amp; Vainqueur de Blackpool 2025)\" \/>\n<meta name=\"robots\" content=\"index, follow, max-snippet:-1, max-image-preview:large, max-video-preview:-1\" \/>\n<link rel=\"canonical\" href=\"https:\/\/vpdanses.fr\/home\/bienvenue-chez-vp-danses-hazebrouck\/evenement\/stage-danses-latines-ffd-champion-europe-charles-guillaume-schmitt\/\" \/>\n<meta property=\"og:locale\" content=\"fr_FR\" \/>\n<meta property=\"og:type\" content=\"article\" \/>\n<meta property=\"og:title\" content=\"Cours particuliers de danses latines avec le champion d&#039;Europe Charles-Guillaume SCHMITT\" \/>\n<meta property=\"og:description\" content=\"Ce dimanche 11\/05\/2025, \u00e9v\u00e9nement exceptionnel organis\u00e9 par LET&#039;S DANCE MAUBEUGE et avec la F\u00e9d\u00e9ration Fran\u00e7aise de Danse (FFD) : Cours particuliers de danses latines avec Charles-Guillaume SCHMITT (Champion d\u2019Europe 2025 &amp; Vainqueur de Blackpool 2025)\" \/>\n<meta property=\"og:url\" content=\"https:\/\/vpdanses.fr\/home\/bienvenue-chez-vp-danses-hazebrouck\/evenement\/stage-danses-latines-ffd-champion-europe-charles-guillaume-schmitt\/\" \/>\n<meta property=\"og:site_name\" content=\"VP DANSES, cours de Danse Sportive \u00e0 Aire-sur-la-Lys et \u00e0 Saint-Jans-Cappel (Hauts-de-France)\" \/>\n<meta property=\"article:modified_time\" content=\"2025-05-12T03:05:39+00:00\" \/>\n<meta property=\"og:image\" content=\"https:\/\/vpdanses.fr\/wp-content\/uploads\/2025\/05\/FullSizeRender-3-scaled.jpg\" \/>\n\t<meta property=\"og:image:width\" content=\"2560\" \/>\n\t<meta property=\"og:image:height\" content=\"1920\" \/>\n\t<meta property=\"og:image:type\" content=\"image\/jpeg\" \/>\n<meta name=\"twitter:card\" content=\"summary_large_image\" \/>\n<meta name=\"twitter:title\" content=\"Cours particuliers de danses latines avec Charles-Guillaume SCHMITT (NEUVILLE EN FERRAIN)\" \/>\n<meta name=\"twitter:label1\" content=\"Dur\u00e9e de lecture estim\u00e9e\" \/>\n\t<meta name=\"twitter:data1\" content=\"1 minute\" \/>\n<script type=\"application\/ld+json\" class=\"yoast-schema-graph\">{\"@context\":\"https:\/\/schema.org\",\"@graph\":[{\"@type\":\"WebPage\",\"@id\":\"https:\/\/vpdanses.fr\/home\/bienvenue-chez-vp-danses-hazebrouck\/evenement\/stage-danses-latines-ffd-champion-europe-charles-guillaume-schmitt\/\",\"url\":\"https:\/\/vpdanses.fr\/home\/bienvenue-chez-vp-danses-hazebrouck\/evenement\/stage-danses-latines-ffd-champion-europe-charles-guillaume-schmitt\/\",\"name\":\"Cours particuliers de danses latines avec Charles-Guillaume SCHMITT (NEUVILLE EN FERRAIN) - VP DANSES, cours de Danse Sportive \u00e0 Aire-sur-la-Lys et \u00e0 Saint-Jans-Cappel (Hauts-de-France)\",\"isPartOf\":{\"@id\":\"https:\/\/vpdanses.fr\/home\/bienvenue-chez-vp-danses-hazebrouck\/#website\"},\"primaryImageOfPage\":{\"@id\":\"https:\/\/vpdanses.fr\/home\/bienvenue-chez-vp-danses-hazebrouck\/evenement\/stage-danses-latines-ffd-champion-europe-charles-guillaume-schmitt\/#primaryimage\"},\"image\":{\"@id\":\"https:\/\/vpdanses.fr\/home\/bienvenue-chez-vp-danses-hazebrouck\/evenement\/stage-danses-latines-ffd-champion-europe-charles-guillaume-schmitt\/#primaryimage\"},\"thumbnailUrl\":\"https:\/\/vpdanses.fr\/wp-content\/uploads\/2025\/05\/FullSizeRender-3-scaled.jpg\",\"datePublished\":\"2025-05-04T17:53:50+00:00\",\"dateModified\":\"2025-05-12T03:05:39+00:00\",\"description\":\"Ce dimanche 11\/05\/2025, \u00e9v\u00e9nement exceptionnel organis\u00e9 par LET'S DANCE MAUBEUGE et avec la F\u00e9d\u00e9ration Fran\u00e7aise de Danse (FFD) : Cours particuliers de danses latines avec Charles-Guillaume SCHMITT (Champion d\u2019Europe 2025 & Vainqueur de Blackpool 2025)\",\"breadcrumb\":{\"@id\":\"https:\/\/vpdanses.fr\/home\/bienvenue-chez-vp-danses-hazebrouck\/evenement\/stage-danses-latines-ffd-champion-europe-charles-guillaume-schmitt\/#breadcrumb\"},\"inLanguage\":\"fr-FR\",\"potentialAction\":[{\"@type\":\"ReadAction\",\"target\":[\"https:\/\/vpdanses.fr\/home\/bienvenue-chez-vp-danses-hazebrouck\/evenement\/stage-danses-latines-ffd-champion-europe-charles-guillaume-schmitt\/\"]}]},{\"@type\":\"ImageObject\",\"inLanguage\":\"fr-FR\",\"@id\":\"https:\/\/vpdanses.fr\/home\/bienvenue-chez-vp-danses-hazebrouck\/evenement\/stage-danses-latines-ffd-champion-europe-charles-guillaume-schmitt\/#primaryimage\",\"url\":\"https:\/\/vpdanses.fr\/wp-content\/uploads\/2025\/05\/FullSizeRender-3-scaled.jpg\",\"contentUrl\":\"https:\/\/vpdanses.fr\/wp-content\/uploads\/2025\/05\/FullSizeRender-3-scaled.jpg\",\"width\":2560,\"height\":1920,\"caption\":\"Cours particulier de danses latines avec Charles Guillaume SCHMITT ce dimanche 11\/05\/2025 \u00e0 Neuville en Ferrain.\"},{\"@type\":\"BreadcrumbList\",\"@id\":\"https:\/\/vpdanses.fr\/home\/bienvenue-chez-vp-danses-hazebrouck\/evenement\/stage-danses-latines-ffd-champion-europe-charles-guillaume-schmitt\/#breadcrumb\",\"itemListElement\":[{\"@type\":\"ListItem\",\"position\":1,\"name\":\"Accueil\",\"item\":\"https:\/\/vpdanses.fr\/home\/bienvenue-chez-vp-danses-hazebrouck\/\"},{\"@type\":\"ListItem\",\"position\":2,\"name\":\"\u00c9v\u00e8nements\",\"item\":\"https:\/\/vpdanses.fr\/home\/bienvenue-chez-vp-danses-hazebrouck\/dates\/\"},{\"@type\":\"ListItem\",\"position\":3,\"name\":\"Cours particuliers de danses latines avec Charles-Guillaume SCHMITT (NEUVILLE EN FERRAIN)\"}]},{\"@type\":\"WebSite\",\"@id\":\"https:\/\/vpdanses.fr\/home\/bienvenue-chez-vp-danses-hazebrouck\/#website\",\"url\":\"https:\/\/vpdanses.fr\/home\/bienvenue-chez-vp-danses-hazebrouck\/\",\"name\":\"VP DANSES, cours de Danse Sportive \u00e0 Aire-sur-la-Lys et \u00e0 Saint-Jans-Cappel (Hauts-de-France)\",\"description\":\"Cours de Danse Sportive STANDARD (valse anglaise, tango, valse viennoise, slowfox, quickstep), danses sportives LATINES (samba, chacha, rumba, paso doble, jive), danses de bal, danses de salons, danses de loisirs, salsa, rock 4 temps, rock 6 temps, danses en ligne, disco, \u2026 Lieu : Hazebrouck, Aire-sur-la-Lys, Saint-Jans-Cappel et Isbergues (Hauts-de-France) - Cours Particuliers dans les Hauts-de-France - Ouverture de bal de Mariage\",\"publisher\":{\"@id\":\"https:\/\/vpdanses.fr\/home\/bienvenue-chez-vp-danses-hazebrouck\/#organization\"},\"potentialAction\":[{\"@type\":\"SearchAction\",\"target\":{\"@type\":\"EntryPoint\",\"urlTemplate\":\"https:\/\/vpdanses.fr\/home\/bienvenue-chez-vp-danses-hazebrouck\/?s={search_term_string}\"},\"query-input\":{\"@type\":\"PropertyValueSpecification\",\"valueRequired\":true,\"valueName\":\"search_term_string\"}}],\"inLanguage\":\"fr-FR\"},{\"@type\":\"Organization\",\"@id\":\"https:\/\/vpdanses.fr\/home\/bienvenue-chez-vp-danses-hazebrouck\/#organization\",\"name\":\"VP DANSES, cours de Danse Sportive \u00e0 Aire-sur-la-Lys et \u00e0 Saint-Jans-Cappel (Hauts-de-France)\",\"url\":\"https:\/\/vpdanses.fr\/home\/bienvenue-chez-vp-danses-hazebrouck\/\",\"logo\":{\"@type\":\"ImageObject\",\"inLanguage\":\"fr-FR\",\"@id\":\"https:\/\/vpdanses.fr\/home\/bienvenue-chez-vp-danses-hazebrouck\/#\/schema\/logo\/image\/\",\"url\":\"https:\/\/vpdanses.fr\/wp-content\/uploads\/2024\/10\/logo_cadanse_asaintjans.jpeg\",\"contentUrl\":\"https:\/\/vpdanses.fr\/wp-content\/uploads\/2024\/10\/logo_cadanse_asaintjans.jpeg\",\"width\":225,\"height\":225,\"caption\":\"VP DANSES, cours de Danse Sportive \u00e0 Aire-sur-la-Lys et \u00e0 Saint-Jans-Cappel (Hauts-de-France)\"},\"image\":{\"@id\":\"https:\/\/vpdanses.fr\/home\/bienvenue-chez-vp-danses-hazebrouck\/#\/schema\/logo\/image\/\"}}]}<\/script>\n<!-- \/ Yoast SEO Premium plugin. -->","yoast_head_json":{"title":"Cours particuliers de danses latines avec Charles-Guillaume SCHMITT (NEUVILLE EN FERRAIN) - VP DANSES, cours de Danse Sportive \u00e0 Aire-sur-la-Lys et \u00e0 Saint-Jans-Cappel (Hauts-de-France)","description":"Ce dimanche 11\/05\/2025, \u00e9v\u00e9nement exceptionnel organis\u00e9 par LET'S DANCE MAUBEUGE et avec la F\u00e9d\u00e9ration Fran\u00e7aise de Danse (FFD) : Cours particuliers de danses latines avec Charles-Guillaume SCHMITT (Champion d\u2019Europe 2025 & Vainqueur de Blackpool 2025)","robots":{"index":"index","follow":"follow","max-snippet":"max-snippet:-1","max-image-preview":"max-image-preview:large","max-video-preview":"max-video-preview:-1"},"canonical":"https:\/\/vpdanses.fr\/home\/bienvenue-chez-vp-danses-hazebrouck\/evenement\/stage-danses-latines-ffd-champion-europe-charles-guillaume-schmitt\/","og_locale":"fr_FR","og_type":"article","og_title":"Cours particuliers de danses latines avec le champion d'Europe Charles-Guillaume SCHMITT","og_description":"Ce dimanche 11\/05\/2025, \u00e9v\u00e9nement exceptionnel organis\u00e9 par LET'S DANCE MAUBEUGE et avec la F\u00e9d\u00e9ration Fran\u00e7aise de Danse (FFD) : Cours particuliers de danses latines avec Charles-Guillaume SCHMITT (Champion d\u2019Europe 2025 & Vainqueur de Blackpool 2025)","og_url":"https:\/\/vpdanses.fr\/home\/bienvenue-chez-vp-danses-hazebrouck\/evenement\/stage-danses-latines-ffd-champion-europe-charles-guillaume-schmitt\/","og_site_name":"VP DANSES, cours de Danse Sportive \u00e0 Aire-sur-la-Lys et \u00e0 Saint-Jans-Cappel (Hauts-de-France)","article_modified_time":"2025-05-12T03:05:39+00:00","og_image":[{"width":2560,"height":1920,"url":"https:\/\/vpdanses.fr\/wp-content\/uploads\/2025\/05\/FullSizeRender-3-scaled.jpg","type":"image\/jpeg"}],"twitter_card":"summary_large_image","twitter_title":"Cours particuliers de danses latines avec Charles-Guillaume SCHMITT (NEUVILLE EN FERRAIN)","twitter_misc":{"Dur\u00e9e de lecture estim\u00e9e":"1 minute"},"schema":{"@context":"https:\/\/schema.org","@graph":[{"@type":"WebPage","@id":"https:\/\/vpdanses.fr\/home\/bienvenue-chez-vp-danses-hazebrouck\/evenement\/stage-danses-latines-ffd-champion-europe-charles-guillaume-schmitt\/","url":"https:\/\/vpdanses.fr\/home\/bienvenue-chez-vp-danses-hazebrouck\/evenement\/stage-danses-latines-ffd-champion-europe-charles-guillaume-schmitt\/","name":"Cours particuliers de danses latines avec Charles-Guillaume SCHMITT (NEUVILLE EN FERRAIN) - VP DANSES, cours de Danse Sportive \u00e0 Aire-sur-la-Lys et \u00e0 Saint-Jans-Cappel (Hauts-de-France)","isPartOf":{"@id":"https:\/\/vpdanses.fr\/home\/bienvenue-chez-vp-danses-hazebrouck\/#website"},"primaryImageOfPage":{"@id":"https:\/\/vpdanses.fr\/home\/bienvenue-chez-vp-danses-hazebrouck\/evenement\/stage-danses-latines-ffd-champion-europe-charles-guillaume-schmitt\/#primaryimage"},"image":{"@id":"https:\/\/vpdanses.fr\/home\/bienvenue-chez-vp-danses-hazebrouck\/evenement\/stage-danses-latines-ffd-champion-europe-charles-guillaume-schmitt\/#primaryimage"},"thumbnailUrl":"https:\/\/vpdanses.fr\/wp-content\/uploads\/2025\/05\/FullSizeRender-3-scaled.jpg","datePublished":"2025-05-04T17:53:50+00:00","dateModified":"2025-05-12T03:05:39+00:00","description":"Ce dimanche 11\/05\/2025, \u00e9v\u00e9nement exceptionnel organis\u00e9 par LET'S DANCE MAUBEUGE et avec la F\u00e9d\u00e9ration Fran\u00e7aise de Danse (FFD) : Cours particuliers de danses latines avec Charles-Guillaume SCHMITT (Champion d\u2019Europe 2025 & Vainqueur de Blackpool 2025)","breadcrumb":{"@id":"https:\/\/vpdanses.fr\/home\/bienvenue-chez-vp-danses-hazebrouck\/evenement\/stage-danses-latines-ffd-champion-europe-charles-guillaume-schmitt\/#breadcrumb"},"inLanguage":"fr-FR","potentialAction":[{"@type":"ReadAction","target":["https:\/\/vpdanses.fr\/home\/bienvenue-chez-vp-danses-hazebrouck\/evenement\/stage-danses-latines-ffd-champion-europe-charles-guillaume-schmitt\/"]}]},{"@type":"ImageObject","inLanguage":"fr-FR","@id":"https:\/\/vpdanses.fr\/home\/bienvenue-chez-vp-danses-hazebrouck\/evenement\/stage-danses-latines-ffd-champion-europe-charles-guillaume-schmitt\/#primaryimage","url":"https:\/\/vpdanses.fr\/wp-content\/uploads\/2025\/05\/FullSizeRender-3-scaled.jpg","contentUrl":"https:\/\/vpdanses.fr\/wp-content\/uploads\/2025\/05\/FullSizeRender-3-scaled.jpg","width":2560,"height":1920,"caption":"Cours particulier de danses latines avec Charles Guillaume SCHMITT ce dimanche 11\/05\/2025 \u00e0 Neuville en Ferrain."},{"@type":"BreadcrumbList","@id":"https:\/\/vpdanses.fr\/home\/bienvenue-chez-vp-danses-hazebrouck\/evenement\/stage-danses-latines-ffd-champion-europe-charles-guillaume-schmitt\/#breadcrumb","itemListElement":[{"@type":"ListItem","position":1,"name":"Accueil","item":"https:\/\/vpdanses.fr\/home\/bienvenue-chez-vp-danses-hazebrouck\/"},{"@type":"ListItem","position":2,"name":"\u00c9v\u00e8nements","item":"https:\/\/vpdanses.fr\/home\/bienvenue-chez-vp-danses-hazebrouck\/dates\/"},{"@type":"ListItem","position":3,"name":"Cours particuliers de danses latines avec Charles-Guillaume SCHMITT (NEUVILLE EN FERRAIN)"}]},{"@type":"WebSite","@id":"https:\/\/vpdanses.fr\/home\/bienvenue-chez-vp-danses-hazebrouck\/#website","url":"https:\/\/vpdanses.fr\/home\/bienvenue-chez-vp-danses-hazebrouck\/","name":"VP DANSES, cours de Danse Sportive \u00e0 Aire-sur-la-Lys et \u00e0 Saint-Jans-Cappel (Hauts-de-France)","description":"Cours de Danse Sportive STANDARD (valse anglaise, tango, valse viennoise, slowfox, quickstep), danses sportives LATINES (samba, chacha, rumba, paso doble, jive), danses de bal, danses de salons, danses de loisirs, salsa, rock 4 temps, rock 6 temps, danses en ligne, disco, \u2026 Lieu : Hazebrouck, Aire-sur-la-Lys, Saint-Jans-Cappel et Isbergues (Hauts-de-France) - Cours Particuliers dans les Hauts-de-France - Ouverture de bal de Mariage","publisher":{"@id":"https:\/\/vpdanses.fr\/home\/bienvenue-chez-vp-danses-hazebrouck\/#organization"},"potentialAction":[{"@type":"SearchAction","target":{"@type":"EntryPoint","urlTemplate":"https:\/\/vpdanses.fr\/home\/bienvenue-chez-vp-danses-hazebrouck\/?s={search_term_string}"},"query-input":{"@type":"PropertyValueSpecification","valueRequired":true,"valueName":"search_term_string"}}],"inLanguage":"fr-FR"},{"@type":"Organization","@id":"https:\/\/vpdanses.fr\/home\/bienvenue-chez-vp-danses-hazebrouck\/#organization","name":"VP DANSES, cours de Danse Sportive \u00e0 Aire-sur-la-Lys et \u00e0 Saint-Jans-Cappel (Hauts-de-France)","url":"https:\/\/vpdanses.fr\/home\/bienvenue-chez-vp-danses-hazebrouck\/","logo":{"@type":"ImageObject","inLanguage":"fr-FR","@id":"https:\/\/vpdanses.fr\/home\/bienvenue-chez-vp-danses-hazebrouck\/#\/schema\/logo\/image\/","url":"https:\/\/vpdanses.fr\/wp-content\/uploads\/2024\/10\/logo_cadanse_asaintjans.jpeg","contentUrl":"https:\/\/vpdanses.fr\/wp-content\/uploads\/2024\/10\/logo_cadanse_asaintjans.jpeg","width":225,"height":225,"caption":"VP DANSES, cours de Danse Sportive \u00e0 Aire-sur-la-Lys et \u00e0 Saint-Jans-Cappel (Hauts-de-France)"},"image":{"@id":"https:\/\/vpdanses.fr\/home\/bienvenue-chez-vp-danses-hazebrouck\/#\/schema\/logo\/image\/"}}]}},"uagb_featured_image_src":{"full":["https:\/\/vpdanses.fr\/wp-content\/uploads\/2025\/05\/FullSizeRender-3-scaled.jpg",2560,1920,false],"thumbnail":["https:\/\/vpdanses.fr\/wp-content\/uploads\/2025\/05\/FullSizeRender-3-150x150.jpg",150,150,true],"medium":["https:\/\/vpdanses.fr\/wp-content\/uploads\/2025\/05\/FullSizeRender-3-300x225.jpg",300,225,true],"medium_large":["https:\/\/vpdanses.fr\/wp-content\/uploads\/2025\/05\/FullSizeRender-3-768x576.jpg",768,576,true],"large":["https:\/\/vpdanses.fr\/wp-content\/uploads\/2025\/05\/FullSizeRender-3-1024x768.jpg",1024,768,true],"1536x1536":["https:\/\/vpdanses.fr\/wp-content\/uploads\/2025\/05\/FullSizeRender-3-1536x1152.jpg",1536,1152,true],"2048x2048":["https:\/\/vpdanses.fr\/wp-content\/uploads\/2025\/05\/FullSizeRender-3-2048x1536.jpg",2048,1536,true],"vp_sm":["https:\/\/vpdanses.fr\/wp-content\/uploads\/2025\/05\/FullSizeRender-3-500x375.jpg",500,375,true],"vp_md":["https:\/\/vpdanses.fr\/wp-content\/uploads\/2025\/05\/FullSizeRender-3-800x600.jpg",800,600,true],"vp_lg":["https:\/\/vpdanses.fr\/wp-content\/uploads\/2025\/05\/FullSizeRender-3-1280x960.jpg",1280,960,true],"vp_xl":["https:\/\/vpdanses.fr\/wp-content\/uploads\/2025\/05\/FullSizeRender-3-1920x1440.jpg",1920,1440,true],"vp_sm_popup":["https:\/\/vpdanses.fr\/wp-content\/uploads\/2025\/05\/FullSizeRender-3-500x375.jpg",500,375,true],"vp_md_popup":["https:\/\/vpdanses.fr\/wp-content\/uploads\/2025\/05\/FullSizeRender-3-800x600.jpg",800,600,true],"vp_xl_popup":["https:\/\/vpdanses.fr\/wp-content\/uploads\/2025\/05\/FullSizeRender-3-1920x1440.jpg",1920,1440,true],"dance-blog-thumb":["https:\/\/vpdanses.fr\/wp-content\/uploads\/2025\/05\/FullSizeRender-3-150x120.jpg",150,120,true],"dance-event-list":["https:\/\/vpdanses.fr\/wp-content\/uploads\/2025\/05\/FullSizeRender-3-420x336.jpg",420,336,true],"dance-event-single-type1":["https:\/\/vpdanses.fr\/wp-content\/uploads\/2025\/05\/FullSizeRender-3-773x520.jpg",773,520,true],"dance-event-single-type4":["https:\/\/vpdanses.fr\/wp-content\/uploads\/2025\/05\/FullSizeRender-3-570x460.jpg",570,460,true],"dance-event-single-type5":["https:\/\/vpdanses.fr\/wp-content\/uploads\/2025\/05\/FullSizeRender-3-746x770.jpg",746,770,true],"dance-event-list2":["https:\/\/vpdanses.fr\/wp-content\/uploads\/2025\/05\/FullSizeRender-3-420x275.jpg",420,275,true]},"uagb_author_info":{"display_name":"VP DANSES","author_link":"https:\/\/vpdanses.fr\/home\/bienvenue-chez-vp-danses-hazebrouck\/author\/adminvp20241018\/"},"uagb_comment_info":0,"uagb_excerpt":"\u00c9v\u00e9nement exceptionnel avec la F\u00e9d\u00e9ration Fran\u00e7aise de Danse (FFD) !\u00a0 Pour les comp\u00e9titeurs en pr\u00e9paration du Championnat de France FFD, cours particuliers de danses latines avec Charles Guillaume SCHMITT, Champion d\u2019Europe 2025 & Vainqueur de Blackpool","jetpack_sharing_enabled":true,"ticketed":false,"_links":{"self":[{"href":"https:\/\/vpdanses.fr\/home\/bienvenue-chez-vp-danses-hazebrouck\/wp-json\/wp\/v2\/tribe_events\/12890","targetHints":{"allow":["GET"]}}],"collection":[{"href":"https:\/\/vpdanses.fr\/home\/bienvenue-chez-vp-danses-hazebrouck\/wp-json\/wp\/v2\/tribe_events"}],"about":[{"href":"https:\/\/vpdanses.fr\/home\/bienvenue-chez-vp-danses-hazebrouck\/wp-json\/wp\/v2\/types\/tribe_events"}],"author":[{"embeddable":true,"href":"https:\/\/vpdanses.fr\/home\/bienvenue-chez-vp-danses-hazebrouck\/wp-json\/wp\/v2\/users\/1"}],"version-history":[{"count":8,"href":"https:\/\/vpdanses.fr\/home\/bienvenue-chez-vp-danses-hazebrouck\/wp-json\/wp\/v2\/tribe_events\/12890\/revisions"}],"predecessor-version":[{"id":12998,"href":"https:\/\/vpdanses.fr\/home\/bienvenue-chez-vp-danses-hazebrouck\/wp-json\/wp\/v2\/tribe_events\/12890\/revisions\/12998"}],"wp:featuredmedia":[{"embeddable":true,"href":"https:\/\/vpdanses.fr\/home\/bienvenue-chez-vp-danses-hazebrouck\/wp-json\/wp\/v2\/media\/12996"}],"wp:attachment":[{"href":"https:\/\/vpdanses.fr\/home\/bienvenue-chez-vp-danses-hazebrouck\/wp-json\/wp\/v2\/media?parent=12890"}],"wp:term":[{"taxonomy":"post_tag","embeddable":true,"href":"https:\/\/vpdanses.fr\/home\/bienvenue-chez-vp-danses-hazebrouck\/wp-json\/wp\/v2\/tags?post=12890"},{"taxonomy":"tribe_events_cat","embeddable":true,"href":"https:\/\/vpdanses.fr\/home\/bienvenue-chez-vp-danses-hazebrouck\/wp-json\/wp\/v2\/tribe_events_cat?post=12890"}],"curies":[{"name":"wp","href":"https:\/\/api.w.org\/{rel}","templated":true}]}}