{"id":12901,"date":"2025-05-04T20:23:09","date_gmt":"2025-05-04T18:23:09","guid":{"rendered":"https:\/\/vpdanses.fr\/home\/bienvenue-chez-vp-danses-hazebrouck\/?post_type=tribe_events&#038;p=12901"},"modified":"2025-05-12T17:04:58","modified_gmt":"2025-05-12T15:04:58","slug":"cours-particuliers-danse-sportive-paso-doble-sven-balcerzak","status":"publish","type":"tribe_events","link":"https:\/\/vpdanses.fr\/home\/bienvenue-chez-vp-danses-hazebrouck\/evenement\/cours-particuliers-danse-sportive-paso-doble-sven-balcerzak\/","title":{"rendered":"Cours Particuliers de paso doble avec Sven BALCERZAK (Ca\u00ebstre)"},"content":{"rendered":"<div class=\"tribe-events-event-image\"><noscript><img loading=\"lazy\" decoding=\"async\" width=\"2560\" height=\"1920\" data-skip-lazy src=\"https:\/\/vpdanses.fr\/wp-content\/uploads\/2025\/05\/Cours-particulier-paso-doble-Sven-BALCERZAK-Caestre-001-scaled.jpeg\" class=\"attachment-full size-full wp-post-image\" alt=\"Cours de Danse Sportive, Salle Polyvalente, 499 Avenue du G\u00e9n\u00e9ral de Gaulle, 59190 CAESTRE, avec le professeur Sven BALCERZAK (Illustration PASO DOBLE)\" srcset=\"https:\/\/vpdanses.fr\/wp-content\/uploads\/2025\/05\/Cours-particulier-paso-doble-Sven-BALCERZAK-Caestre-001-scaled.jpeg 2560w, https:\/\/vpdanses.fr\/wp-content\/uploads\/2025\/05\/Cours-particulier-paso-doble-Sven-BALCERZAK-Caestre-001-300x225.jpeg 300w, https:\/\/vpdanses.fr\/wp-content\/uploads\/2025\/05\/Cours-particulier-paso-doble-Sven-BALCERZAK-Caestre-001-1024x768.jpeg 1024w, https:\/\/vpdanses.fr\/wp-content\/uploads\/2025\/05\/Cours-particulier-paso-doble-Sven-BALCERZAK-Caestre-001-768x576.jpeg 768w, https:\/\/vpdanses.fr\/wp-content\/uploads\/2025\/05\/Cours-particulier-paso-doble-Sven-BALCERZAK-Caestre-001-1536x1152.jpeg 1536w, https:\/\/vpdanses.fr\/wp-content\/uploads\/2025\/05\/Cours-particulier-paso-doble-Sven-BALCERZAK-Caestre-001-2048x1536.jpeg 2048w, https:\/\/vpdanses.fr\/wp-content\/uploads\/2025\/05\/Cours-particulier-paso-doble-Sven-BALCERZAK-Caestre-001-500x375.jpeg 500w, https:\/\/vpdanses.fr\/wp-content\/uploads\/2025\/05\/Cours-particulier-paso-doble-Sven-BALCERZAK-Caestre-001-800x600.jpeg 800w, https:\/\/vpdanses.fr\/wp-content\/uploads\/2025\/05\/Cours-particulier-paso-doble-Sven-BALCERZAK-Caestre-001-1280x960.jpeg 1280w, https:\/\/vpdanses.fr\/wp-content\/uploads\/2025\/05\/Cours-particulier-paso-doble-Sven-BALCERZAK-Caestre-001-1920x1440.jpeg 1920w\" sizes=\"auto, (max-width: 2560px) 100vw, 2560px\" \/><\/noscript><img fetchpriority=\"high\" decoding=\"async\" width=\"2560\" height=\"1920\" src=\"https:\/\/vpdanses.fr\/wp-content\/uploads\/2025\/05\/Cours-particulier-paso-doble-Sven-BALCERZAK-Caestre-001-scaled.jpeg\" class=\"attachment-full size-full wp-post-image vp-lazyload\" alt=\"Cours de Danse Sportive, Salle Polyvalente, 499 Avenue du G\u00e9n\u00e9ral de Gaulle, 59190 CAESTRE, avec le professeur Sven BALCERZAK (Illustration PASO DOBLE)\" srcset=\"data:image\/svg+xml;base64,PHN2ZyB3aWR0aD0iMjU2MCIgaGVpZ2h0PSIxOTIwIiB2aWV3Qm94PSIwIDAgMjU2MCAxOTIwIiBmaWxsPSJub25lIiB4bWxucz0iaHR0cDovL3d3dy53My5vcmcvMjAwMC9zdmciPjwvc3ZnPg==\" data-src=\"https:\/\/vpdanses.fr\/wp-content\/uploads\/2025\/05\/Cours-particulier-paso-doble-Sven-BALCERZAK-Caestre-001-scaled.jpeg\" data-srcset=\"https:\/\/vpdanses.fr\/wp-content\/uploads\/2025\/05\/Cours-particulier-paso-doble-Sven-BALCERZAK-Caestre-001-scaled.jpeg 2560w, https:\/\/vpdanses.fr\/wp-content\/uploads\/2025\/05\/Cours-particulier-paso-doble-Sven-BALCERZAK-Caestre-001-300x225.jpeg 300w, https:\/\/vpdanses.fr\/wp-content\/uploads\/2025\/05\/Cours-particulier-paso-doble-Sven-BALCERZAK-Caestre-001-1024x768.jpeg 1024w, https:\/\/vpdanses.fr\/wp-content\/uploads\/2025\/05\/Cours-particulier-paso-doble-Sven-BALCERZAK-Caestre-001-768x576.jpeg 768w, https:\/\/vpdanses.fr\/wp-content\/uploads\/2025\/05\/Cours-particulier-paso-doble-Sven-BALCERZAK-Caestre-001-1536x1152.jpeg 1536w, https:\/\/vpdanses.fr\/wp-content\/uploads\/2025\/05\/Cours-particulier-paso-doble-Sven-BALCERZAK-Caestre-001-2048x1536.jpeg 2048w, https:\/\/vpdanses.fr\/wp-content\/uploads\/2025\/05\/Cours-particulier-paso-doble-Sven-BALCERZAK-Caestre-001-500x375.jpeg 500w, https:\/\/vpdanses.fr\/wp-content\/uploads\/2025\/05\/Cours-particulier-paso-doble-Sven-BALCERZAK-Caestre-001-800x600.jpeg 800w, https:\/\/vpdanses.fr\/wp-content\/uploads\/2025\/05\/Cours-particulier-paso-doble-Sven-BALCERZAK-Caestre-001-1280x960.jpeg 1280w, https:\/\/vpdanses.fr\/wp-content\/uploads\/2025\/05\/Cours-particulier-paso-doble-Sven-BALCERZAK-Caestre-001-1920x1440.jpeg 1920w\" data-sizes=\"auto\" loading=\"eager\"><\/div>\n\n<div  class=\"tribe-events-schedule tribe-clearfix\" >\n\t<p class=\"tribe-events-schedule__datetime\">\n\t\t<span class=\"tribe-events-schedule__date tribe-events-schedule__date--start\">\n\t\t\t10 mai 2025\t\t<\/span>\n\n\t\t\t\t\t<span class=\"tribe-events-schedule__separator tribe-events-schedule__separator--date\">\n\t\t\t\t &gt; \t\t\t<\/span>\n\t\t\t<span class=\"tribe-events-schedule__time tribe-events-schedule__time--start\">\n\t\t\t\t9h00\t\t\t<\/span>\n\t\t\n\t\t\t\t\t\t\t\t\t<span class=\"tribe-events-schedule__separator tribe-events-schedule__separator--time\">\n\t\t\t\t\t &#8211; \t\t\t\t<\/span>\n\t\t\t\n\t\t\t\t\t\t\t<span class=\"tribe-events-schedule__time tribe-events-schedule__time--end\">\n\t\t\t\t\t11h00\t\t\t\t<\/span>\n\t\t\t\n\t\t\t\t\t\t<\/p>\n<\/div>\n\n\n\n<p>Cours particuliers de Danse Sportive Latines &amp; Standards avec Sven BALCERZAK, Hauts-de-France<\/p>\n\n\n\n\n<div  class=\"tribe-block tribe-block__venue tribe-clearfix tribe-block__venue--has-map\" >\n\t\n\t\n<div class=\"tribe-block__venue__meta\">\n\t<div class=\"tribe-block__venue__name\">\n\t\t<h3><a href=\"https:\/\/vpdanses.fr\/home\/bienvenue-chez-vp-danses-hazebrouck\/lieu\/salle-polyvalente-caestre\/\" title=\"Salle Polyvalente \u00e0 Ca\u00ebstre\">Salle Polyvalente \u00e0 Ca\u00ebstre<\/a><\/h3>\n\t<\/div>\n\n\t\n\t\t\t\t\t\t<address class=\"tribe-block__venue__address\">\n\t\t\t\t<span class=\"tribe-address\">\n\n<span class=\"tribe-street-address\">499 AVENUE DU GENERAL DE GAULLE<\/span>\n\t\n\t\t<br>\n\t\t<span class=\"tribe-locality\">CAESTRE<\/span><span class=\"tribe-delimiter\">,<\/span>\n\n\n\t<span class=\"tribe-postal-code\">59190<\/span>\n\n\t<span class=\"tribe-country-name\">France<\/span>\n\n<\/span>\n\n\t\t\t\t\t\t\t\t\t<a class=\"tribe-events-gmap\" href=\"https:\/\/maps.google.com\/maps?f=q&#038;source=s_q&#038;hl=en&#038;geocode=&#038;q=499+AVENUE+DU+GENERAL+DE+GAULLE+CAESTRE+59190+France\" title=\"Cliquez pour voir une carte Google Map\" target=\"_blank\" rel=\"noreferrer noopener\">+ Google Map<\/a>\t\t\t\t\t\t\t<\/address>\n\t\t\n\t\t\n\t\t\t\n\t<\/div>\n\t\n<div class=\"tribe-block__venue__map\">\n\t\n<iframe loading=\"lazy\"\n  title=\"L\u2018iframe Google maps affichant l\u2019adresse \u00e0 Salle Polyvalente \u00e0 Ca\u00ebstre\"\n  aria-label=\"Plan des lieux\"\n  width=\"310px\"\n  height=\"256px\"\n  frameborder=\"0\" style=\"border:0\"\n  src=\"https:\/\/www.google.com\/maps\/embed\/v1\/place?key=AIzaSyDNsicAsP6-VuGtAb1O9riI3oc_NOb7IOU&#038;q=499+AVENUE+DU+GENERAL+DE+GAULLE+CAESTRE+59190+France+&#038;zoom=11\" allowfullscreen>\n<\/iframe>\n<\/div>\n\n\t<\/div>\n\n\n\n<div style=\"height:44px\" aria-hidden=\"true\" class=\"wp-block-spacer\"><\/div>\n\n\n\n<h2 class=\"wp-block-heading\">Cours particulier de PASO DOBLE, Ca\u00ebstre<\/h2>\n\n\n<div class=\"wp-block-visual-portfolio alignwide\">\n<div class=\"vp-portfolio vp-uid-296503d1 vp-id-Z1c3mw1\"\n\tdata-vp-layout=\"masonry\" data-vp-content-source=\"images\" data-vp-items-style=\"default\" data-vp-items-click-action=\"popup_gallery\" data-vp-items-gap=\"15\" data-vp-items-gap-vertical=\"\" data-vp-pagination=\"load-more\" data-vp-next-page-url=\"\" data-vp-masonry-columns=\"3\" >\n\t<div class=\"vp-portfolio__preloader-wrap\">\n\t\t<div class=\"vp-portfolio__preloader\">\n\t\t\t<img decoding=\"async\" loading=\"eager\" src=\"https:\/\/vpdanses.fr\/wp-content\/plugins\/visual-portfolio\/assets\/images\/logo-dark.svg\" alt=\"Visual Portfolio, Posts &amp; Image Gallery for WordPress\" width=\"20\" height=\"20\" data-skip-lazy>\n\t\t<\/div>\n\t<\/div>\n\t\t<div class=\"vp-portfolio__items-wrap\">\n\t\t\t\n<div class=\"vp-portfolio__items vp-portfolio__items-style-default vp-portfolio__items-show-overlay-hover\">\n\n\t\t<div\t\tclass=\"vp-portfolio__item-wrap category-paso_doble category-cours_particulier category-danse_sportive category-caestre vp-portfolio__item-uid-baa00e89\" data-vp-filter=\"paso_doble,cours_particulier,danse_sportive,caestre\" style=\"--vp-images__object-position: 50% 50%;\" \t\t>\n\t\t\t<template class=\"vp-portfolio__item-popup\" data-vp-popup-img=\"https:\/\/vpdanses.fr\/wp-content\/uploads\/2025\/05\/Cours-particulier-paso-doble-Sven-BALCERZAK-Caestre-001-1920x1440.jpeg\" data-vp-popup-img-srcset=\"https:\/\/vpdanses.fr\/wp-content\/uploads\/2025\/05\/Cours-particulier-paso-doble-Sven-BALCERZAK-Caestre-001-1920x1440.jpeg 1920w, https:\/\/vpdanses.fr\/wp-content\/uploads\/2025\/05\/Cours-particulier-paso-doble-Sven-BALCERZAK-Caestre-001-300x225.jpeg 300w, https:\/\/vpdanses.fr\/wp-content\/uploads\/2025\/05\/Cours-particulier-paso-doble-Sven-BALCERZAK-Caestre-001-1024x768.jpeg 1024w, https:\/\/vpdanses.fr\/wp-content\/uploads\/2025\/05\/Cours-particulier-paso-doble-Sven-BALCERZAK-Caestre-001-768x576.jpeg 768w, https:\/\/vpdanses.fr\/wp-content\/uploads\/2025\/05\/Cours-particulier-paso-doble-Sven-BALCERZAK-Caestre-001-1536x1152.jpeg 1536w, https:\/\/vpdanses.fr\/wp-content\/uploads\/2025\/05\/Cours-particulier-paso-doble-Sven-BALCERZAK-Caestre-001-2048x1536.jpeg 2048w, https:\/\/vpdanses.fr\/wp-content\/uploads\/2025\/05\/Cours-particulier-paso-doble-Sven-BALCERZAK-Caestre-001-500x375.jpeg 500w, https:\/\/vpdanses.fr\/wp-content\/uploads\/2025\/05\/Cours-particulier-paso-doble-Sven-BALCERZAK-Caestre-001-800x600.jpeg 800w, https:\/\/vpdanses.fr\/wp-content\/uploads\/2025\/05\/Cours-particulier-paso-doble-Sven-BALCERZAK-Caestre-001-1280x960.jpeg 1280w\" data-vp-popup-img-size=\"1920x1440\" data-vp-popup-md-img=\"https:\/\/vpdanses.fr\/wp-content\/uploads\/2025\/05\/Cours-particulier-paso-doble-Sven-BALCERZAK-Caestre-001-800x600.jpeg\" data-vp-popup-md-img-size=\"800x600\" data-vp-popup-sm-img=\"https:\/\/vpdanses.fr\/wp-content\/uploads\/2025\/05\/Cours-particulier-paso-doble-Sven-BALCERZAK-Caestre-001-500x375.jpeg\" data-vp-popup-sm-img-size=\"500x375\">\n\t\t\t<h3 class=\"vp-portfolio__item-popup-title\">Cours de Paso Doble avec SVEN BALCERZAK \u00e0 Ca\u00ebstre (59190)<\/h3>\n\t\t\t\t<div class=\"vp-portfolio__item-popup-description\">Cours de Danse Sportive, Salle Polyvalente, 499 Avenue du G\u00e9n\u00e9ral de Gaulle, 59190 CAESTRE, avec le professeur Sven BALCERZAK (Illustration PASO DOBLE)<\/div>\n\t\t<\/template>\n\t\t\t\t\t\t<figure class=\"vp-portfolio__item\">\n\t\t\t\t\n<div class=\"vp-portfolio__item-img-wrap\">\n\t<div class=\"vp-portfolio__item-img\">\n\t\t\t<a\n\t\thref=\"https:\/\/vpdanses.fr\/wp-content\/uploads\/2025\/05\/Cours-particulier-paso-doble-Sven-BALCERZAK-Caestre-001-1920x1440.jpeg\"\n\t\t\t>\n\t\n\t\t<noscript><img loading=\"lazy\" decoding=\"async\" width=\"1920\" height=\"1440\" data-skip-lazy src=\"https:\/\/vpdanses.fr\/wp-content\/uploads\/2025\/05\/Cours-particulier-paso-doble-Sven-BALCERZAK-Caestre-001-1920x1440.jpeg\" class=\"wp-image-12984\" alt=\"Cours de Danse Sportive, Salle Polyvalente, 499 Avenue du G\u00e9n\u00e9ral de Gaulle, 59190 CAESTRE, avec le professeur Sven BALCERZAK (Illustration PASO DOBLE)\" srcset=\"https:\/\/vpdanses.fr\/wp-content\/uploads\/2025\/05\/Cours-particulier-paso-doble-Sven-BALCERZAK-Caestre-001-1920x1440.jpeg 1920w, https:\/\/vpdanses.fr\/wp-content\/uploads\/2025\/05\/Cours-particulier-paso-doble-Sven-BALCERZAK-Caestre-001-300x225.jpeg 300w, https:\/\/vpdanses.fr\/wp-content\/uploads\/2025\/05\/Cours-particulier-paso-doble-Sven-BALCERZAK-Caestre-001-1024x768.jpeg 1024w, https:\/\/vpdanses.fr\/wp-content\/uploads\/2025\/05\/Cours-particulier-paso-doble-Sven-BALCERZAK-Caestre-001-768x576.jpeg 768w, https:\/\/vpdanses.fr\/wp-content\/uploads\/2025\/05\/Cours-particulier-paso-doble-Sven-BALCERZAK-Caestre-001-1536x1152.jpeg 1536w, https:\/\/vpdanses.fr\/wp-content\/uploads\/2025\/05\/Cours-particulier-paso-doble-Sven-BALCERZAK-Caestre-001-2048x1536.jpeg 2048w, https:\/\/vpdanses.fr\/wp-content\/uploads\/2025\/05\/Cours-particulier-paso-doble-Sven-BALCERZAK-Caestre-001-500x375.jpeg 500w, https:\/\/vpdanses.fr\/wp-content\/uploads\/2025\/05\/Cours-particulier-paso-doble-Sven-BALCERZAK-Caestre-001-800x600.jpeg 800w, https:\/\/vpdanses.fr\/wp-content\/uploads\/2025\/05\/Cours-particulier-paso-doble-Sven-BALCERZAK-Caestre-001-1280x960.jpeg 1280w\" sizes=\"auto, (max-width: 1920px) 100vw, 1920px\" \/><\/noscript><img decoding=\"async\" width=\"1920\" height=\"1440\" src=\"https:\/\/vpdanses.fr\/wp-content\/uploads\/2025\/05\/Cours-particulier-paso-doble-Sven-BALCERZAK-Caestre-001-1920x1440.jpeg\" class=\"wp-image-12984 vp-lazyload\" alt=\"Cours de Danse Sportive, Salle Polyvalente, 499 Avenue du G\u00e9n\u00e9ral de Gaulle, 59190 CAESTRE, avec le professeur Sven BALCERZAK (Illustration PASO DOBLE)\" srcset=\"data:image\/svg+xml;base64,PHN2ZyB3aWR0aD0iMTkyMCIgaGVpZ2h0PSIxNDQwIiB2aWV3Qm94PSIwIDAgMTkyMCAxNDQwIiBmaWxsPSJub25lIiB4bWxucz0iaHR0cDovL3d3dy53My5vcmcvMjAwMC9zdmciPjwvc3ZnPg==\" data-src=\"https:\/\/vpdanses.fr\/wp-content\/uploads\/2025\/05\/Cours-particulier-paso-doble-Sven-BALCERZAK-Caestre-001-1920x1440.jpeg\" data-srcset=\"https:\/\/vpdanses.fr\/wp-content\/uploads\/2025\/05\/Cours-particulier-paso-doble-Sven-BALCERZAK-Caestre-001-1920x1440.jpeg 1920w, https:\/\/vpdanses.fr\/wp-content\/uploads\/2025\/05\/Cours-particulier-paso-doble-Sven-BALCERZAK-Caestre-001-300x225.jpeg 300w, https:\/\/vpdanses.fr\/wp-content\/uploads\/2025\/05\/Cours-particulier-paso-doble-Sven-BALCERZAK-Caestre-001-1024x768.jpeg 1024w, https:\/\/vpdanses.fr\/wp-content\/uploads\/2025\/05\/Cours-particulier-paso-doble-Sven-BALCERZAK-Caestre-001-768x576.jpeg 768w, https:\/\/vpdanses.fr\/wp-content\/uploads\/2025\/05\/Cours-particulier-paso-doble-Sven-BALCERZAK-Caestre-001-1536x1152.jpeg 1536w, https:\/\/vpdanses.fr\/wp-content\/uploads\/2025\/05\/Cours-particulier-paso-doble-Sven-BALCERZAK-Caestre-001-2048x1536.jpeg 2048w, https:\/\/vpdanses.fr\/wp-content\/uploads\/2025\/05\/Cours-particulier-paso-doble-Sven-BALCERZAK-Caestre-001-500x375.jpeg 500w, https:\/\/vpdanses.fr\/wp-content\/uploads\/2025\/05\/Cours-particulier-paso-doble-Sven-BALCERZAK-Caestre-001-800x600.jpeg 800w, https:\/\/vpdanses.fr\/wp-content\/uploads\/2025\/05\/Cours-particulier-paso-doble-Sven-BALCERZAK-Caestre-001-1280x960.jpeg 1280w\" data-sizes=\"auto\" loading=\"eager\">\n\t\t<div class=\"vp-portfolio__item-overlay\">\n\t\t\t\t\t<\/div>\n\n\t\t<\/a>\t<\/div>\n<\/div>\n\n\t<figcaption class=\"vp-portfolio__item-caption vp-portfolio__item-caption-text-align-center\">\n\t\t<div class=\"vp-portfolio__item-meta\">\n\t\t\t\n<div class=\"vp-portfolio__item-meta-categories\">\n\t\t\t<div class=\"vp-portfolio__item-meta-category\">\n\t\t\t\t<a\n\t\thref=\"https:\/\/vpdanses.fr\/home\/bienvenue-chez-vp-danses-hazebrouck\/wp-json\/wp\/v2\/tribe_events\/12901?vp_filter=paso_doble\"\n\t\t\t>\n\tPASO DOBLE<\/a>\t\t<\/div>\n\t\t<\/div>\n\n<h2 class=\"vp-portfolio__item-meta-title\">\n\t\t<a\n\t\thref=\"https:\/\/vpdanses.fr\/wp-content\/uploads\/2025\/05\/Cours-particulier-paso-doble-Sven-BALCERZAK-Caestre-001-1920x1440.jpeg\"\n\t\t\t>\n\tCours de Paso Doble avec SVEN BALCERZAK \u00e0 Ca\u00ebstre (59190)<\/a><\/h2>\n\t\t<\/div>\n\t<\/figcaption>\n\t\t\t<\/figure>\n\t\t\t\t\t<\/div>\n\t\t\n\t\t<div\t\tclass=\"vp-portfolio__item-wrap category-paso_doble category-cours_particulier category-danse_sportive category-caestre vp-portfolio__item-uid-9ff2bc00\" data-vp-filter=\"paso_doble,cours_particulier,danse_sportive,caestre\" \t\t>\n\t\t\t<template class=\"vp-portfolio__item-popup\" data-vp-popup-img=\"https:\/\/vpdanses.fr\/wp-content\/uploads\/2025\/05\/Cours-particulier-paso-doble-Sven-BALCERZAK-Caestre-002.jpeg-1920x1440.jpeg\" data-vp-popup-img-srcset=\"https:\/\/vpdanses.fr\/wp-content\/uploads\/2025\/05\/Cours-particulier-paso-doble-Sven-BALCERZAK-Caestre-002.jpeg-1920x1440.jpeg 1920w, https:\/\/vpdanses.fr\/wp-content\/uploads\/2025\/05\/Cours-particulier-paso-doble-Sven-BALCERZAK-Caestre-002.jpeg-300x225.jpeg 300w, https:\/\/vpdanses.fr\/wp-content\/uploads\/2025\/05\/Cours-particulier-paso-doble-Sven-BALCERZAK-Caestre-002.jpeg-1024x768.jpeg 1024w, https:\/\/vpdanses.fr\/wp-content\/uploads\/2025\/05\/Cours-particulier-paso-doble-Sven-BALCERZAK-Caestre-002.jpeg-768x576.jpeg 768w, https:\/\/vpdanses.fr\/wp-content\/uploads\/2025\/05\/Cours-particulier-paso-doble-Sven-BALCERZAK-Caestre-002.jpeg-1536x1152.jpeg 1536w, https:\/\/vpdanses.fr\/wp-content\/uploads\/2025\/05\/Cours-particulier-paso-doble-Sven-BALCERZAK-Caestre-002.jpeg-2048x1536.jpeg 2048w, https:\/\/vpdanses.fr\/wp-content\/uploads\/2025\/05\/Cours-particulier-paso-doble-Sven-BALCERZAK-Caestre-002.jpeg-500x375.jpeg 500w, https:\/\/vpdanses.fr\/wp-content\/uploads\/2025\/05\/Cours-particulier-paso-doble-Sven-BALCERZAK-Caestre-002.jpeg-800x600.jpeg 800w, https:\/\/vpdanses.fr\/wp-content\/uploads\/2025\/05\/Cours-particulier-paso-doble-Sven-BALCERZAK-Caestre-002.jpeg-1280x960.jpeg 1280w\" data-vp-popup-img-size=\"1920x1440\" data-vp-popup-md-img=\"https:\/\/vpdanses.fr\/wp-content\/uploads\/2025\/05\/Cours-particulier-paso-doble-Sven-BALCERZAK-Caestre-002.jpeg-800x600.jpeg\" data-vp-popup-md-img-size=\"800x600\" data-vp-popup-sm-img=\"https:\/\/vpdanses.fr\/wp-content\/uploads\/2025\/05\/Cours-particulier-paso-doble-Sven-BALCERZAK-Caestre-002.jpeg-500x375.jpeg\" data-vp-popup-sm-img-size=\"500x375\">\n\t\t\t<h3 class=\"vp-portfolio__item-popup-title\">Cours de Paso Doble avec SVEN BALCERZAK \u00e0 Ca\u00ebstre (59190)<\/h3>\n\t\t\t\t<div class=\"vp-portfolio__item-popup-description\">Cours de Danse Sportive, Salle Polyvalente, 499 Avenue du G\u00e9n\u00e9ral de Gaulle, 59190 CAESTRE, avec le professeur Sven BALCERZAK (Illustration PASO DOBLE)<\/div>\n\t\t<\/template>\n\t\t\t\t\t\t<figure class=\"vp-portfolio__item\">\n\t\t\t\t\n<div class=\"vp-portfolio__item-img-wrap\">\n\t<div class=\"vp-portfolio__item-img\">\n\t\t\t<a\n\t\thref=\"https:\/\/vpdanses.fr\/wp-content\/uploads\/2025\/05\/Cours-particulier-paso-doble-Sven-BALCERZAK-Caestre-002.jpeg-1920x1440.jpeg\"\n\t\t\t>\n\t\n\t\t<noscript><img loading=\"lazy\" decoding=\"async\" width=\"1920\" height=\"1440\" data-skip-lazy src=\"https:\/\/vpdanses.fr\/wp-content\/uploads\/2025\/05\/Cours-particulier-paso-doble-Sven-BALCERZAK-Caestre-002.jpeg-1920x1440.jpeg\" class=\"wp-image-12986\" alt=\"Cours de Danse Sportive, Salle Polyvalente, 499 Avenue du G\u00e9n\u00e9ral de Gaulle, 59190 CAESTRE, avec le professeur Sven BALCERZAK (Illustration PASO DOBLE)\" srcset=\"https:\/\/vpdanses.fr\/wp-content\/uploads\/2025\/05\/Cours-particulier-paso-doble-Sven-BALCERZAK-Caestre-002.jpeg-1920x1440.jpeg 1920w, https:\/\/vpdanses.fr\/wp-content\/uploads\/2025\/05\/Cours-particulier-paso-doble-Sven-BALCERZAK-Caestre-002.jpeg-300x225.jpeg 300w, https:\/\/vpdanses.fr\/wp-content\/uploads\/2025\/05\/Cours-particulier-paso-doble-Sven-BALCERZAK-Caestre-002.jpeg-1024x768.jpeg 1024w, https:\/\/vpdanses.fr\/wp-content\/uploads\/2025\/05\/Cours-particulier-paso-doble-Sven-BALCERZAK-Caestre-002.jpeg-768x576.jpeg 768w, https:\/\/vpdanses.fr\/wp-content\/uploads\/2025\/05\/Cours-particulier-paso-doble-Sven-BALCERZAK-Caestre-002.jpeg-1536x1152.jpeg 1536w, https:\/\/vpdanses.fr\/wp-content\/uploads\/2025\/05\/Cours-particulier-paso-doble-Sven-BALCERZAK-Caestre-002.jpeg-2048x1536.jpeg 2048w, https:\/\/vpdanses.fr\/wp-content\/uploads\/2025\/05\/Cours-particulier-paso-doble-Sven-BALCERZAK-Caestre-002.jpeg-500x375.jpeg 500w, https:\/\/vpdanses.fr\/wp-content\/uploads\/2025\/05\/Cours-particulier-paso-doble-Sven-BALCERZAK-Caestre-002.jpeg-800x600.jpeg 800w, https:\/\/vpdanses.fr\/wp-content\/uploads\/2025\/05\/Cours-particulier-paso-doble-Sven-BALCERZAK-Caestre-002.jpeg-1280x960.jpeg 1280w\" sizes=\"auto, (max-width: 1920px) 100vw, 1920px\" \/><\/noscript><img decoding=\"async\" width=\"1920\" height=\"1440\" src=\"https:\/\/vpdanses.fr\/wp-content\/uploads\/2025\/05\/Cours-particulier-paso-doble-Sven-BALCERZAK-Caestre-002.jpeg-1920x1440.jpeg\" class=\"wp-image-12986 vp-lazyload\" alt=\"Cours de Danse Sportive, Salle Polyvalente, 499 Avenue du G\u00e9n\u00e9ral de Gaulle, 59190 CAESTRE, avec le professeur Sven BALCERZAK (Illustration PASO DOBLE)\" srcset=\"data:image\/svg+xml;base64,PHN2ZyB3aWR0aD0iMTkyMCIgaGVpZ2h0PSIxNDQwIiB2aWV3Qm94PSIwIDAgMTkyMCAxNDQwIiBmaWxsPSJub25lIiB4bWxucz0iaHR0cDovL3d3dy53My5vcmcvMjAwMC9zdmciPjwvc3ZnPg==\" data-src=\"https:\/\/vpdanses.fr\/wp-content\/uploads\/2025\/05\/Cours-particulier-paso-doble-Sven-BALCERZAK-Caestre-002.jpeg-1920x1440.jpeg\" data-srcset=\"https:\/\/vpdanses.fr\/wp-content\/uploads\/2025\/05\/Cours-particulier-paso-doble-Sven-BALCERZAK-Caestre-002.jpeg-1920x1440.jpeg 1920w, https:\/\/vpdanses.fr\/wp-content\/uploads\/2025\/05\/Cours-particulier-paso-doble-Sven-BALCERZAK-Caestre-002.jpeg-300x225.jpeg 300w, https:\/\/vpdanses.fr\/wp-content\/uploads\/2025\/05\/Cours-particulier-paso-doble-Sven-BALCERZAK-Caestre-002.jpeg-1024x768.jpeg 1024w, https:\/\/vpdanses.fr\/wp-content\/uploads\/2025\/05\/Cours-particulier-paso-doble-Sven-BALCERZAK-Caestre-002.jpeg-768x576.jpeg 768w, https:\/\/vpdanses.fr\/wp-content\/uploads\/2025\/05\/Cours-particulier-paso-doble-Sven-BALCERZAK-Caestre-002.jpeg-1536x1152.jpeg 1536w, https:\/\/vpdanses.fr\/wp-content\/uploads\/2025\/05\/Cours-particulier-paso-doble-Sven-BALCERZAK-Caestre-002.jpeg-2048x1536.jpeg 2048w, https:\/\/vpdanses.fr\/wp-content\/uploads\/2025\/05\/Cours-particulier-paso-doble-Sven-BALCERZAK-Caestre-002.jpeg-500x375.jpeg 500w, https:\/\/vpdanses.fr\/wp-content\/uploads\/2025\/05\/Cours-particulier-paso-doble-Sven-BALCERZAK-Caestre-002.jpeg-800x600.jpeg 800w, https:\/\/vpdanses.fr\/wp-content\/uploads\/2025\/05\/Cours-particulier-paso-doble-Sven-BALCERZAK-Caestre-002.jpeg-1280x960.jpeg 1280w\" data-sizes=\"auto\" loading=\"eager\">\n\t\t<div class=\"vp-portfolio__item-overlay\">\n\t\t\t\t\t<\/div>\n\n\t\t<\/a>\t<\/div>\n<\/div>\n\n\t<figcaption class=\"vp-portfolio__item-caption vp-portfolio__item-caption-text-align-center\">\n\t\t<div class=\"vp-portfolio__item-meta\">\n\t\t\t\n<div class=\"vp-portfolio__item-meta-categories\">\n\t\t\t<div class=\"vp-portfolio__item-meta-category\">\n\t\t\t\t<a\n\t\thref=\"https:\/\/vpdanses.fr\/home\/bienvenue-chez-vp-danses-hazebrouck\/wp-json\/wp\/v2\/tribe_events\/12901?vp_filter=paso_doble\"\n\t\t\t>\n\tPASO DOBLE<\/a>\t\t<\/div>\n\t\t<\/div>\n\n<h2 class=\"vp-portfolio__item-meta-title\">\n\t\t<a\n\t\thref=\"https:\/\/vpdanses.fr\/wp-content\/uploads\/2025\/05\/Cours-particulier-paso-doble-Sven-BALCERZAK-Caestre-002.jpeg-1920x1440.jpeg\"\n\t\t\t>\n\tCours de Paso Doble avec SVEN BALCERZAK \u00e0 Ca\u00ebstre (59190)<\/a><\/h2>\n\t\t<\/div>\n\t<\/figcaption>\n\t\t\t<\/figure>\n\t\t\t\t\t<\/div>\n\t\t\n\t\t<div\t\tclass=\"vp-portfolio__item-wrap category-cours_particulier category-danse_sportive category-caestre category-paso_doble vp-portfolio__item-uid-175afeb1\" data-vp-filter=\"cours_particulier,danse_sportive,caestre,paso_doble\" \t\t>\n\t\t\t\t\t\t\t\t\t<figure class=\"vp-portfolio__item\">\n\t\t\t\t\n<div class=\"vp-portfolio__item-img-wrap\">\n\t<div class=\"vp-portfolio__item-img\">\n\t\t\t<a\n\t\thref=\"https:\/\/fr-fr.facebook.com\/sven.balcerzak\"\n\t\t\t>\n\t\n\t\t<noscript><img loading=\"lazy\" decoding=\"async\" width=\"1920\" height=\"1440\" data-skip-lazy src=\"https:\/\/vpdanses.fr\/wp-content\/uploads\/2025\/05\/Salle_polyvalente_CAESTRE_v2025-05-11-1920x1440.jpeg\" class=\"wp-image-12969\" alt=\"Cours de Danse Sportive, Salle Polyvalente, 499 Avenue du G\u00e9n\u00e9ral de Gaulle, 59190 CAESTRE, avec le professeur Sven BALCERZAK\" srcset=\"https:\/\/vpdanses.fr\/wp-content\/uploads\/2025\/05\/Salle_polyvalente_CAESTRE_v2025-05-11-1920x1440.jpeg 1920w, https:\/\/vpdanses.fr\/wp-content\/uploads\/2025\/05\/Salle_polyvalente_CAESTRE_v2025-05-11-300x225.jpeg 300w, https:\/\/vpdanses.fr\/wp-content\/uploads\/2025\/05\/Salle_polyvalente_CAESTRE_v2025-05-11-1024x768.jpeg 1024w, https:\/\/vpdanses.fr\/wp-content\/uploads\/2025\/05\/Salle_polyvalente_CAESTRE_v2025-05-11-768x576.jpeg 768w, https:\/\/vpdanses.fr\/wp-content\/uploads\/2025\/05\/Salle_polyvalente_CAESTRE_v2025-05-11-1536x1152.jpeg 1536w, https:\/\/vpdanses.fr\/wp-content\/uploads\/2025\/05\/Salle_polyvalente_CAESTRE_v2025-05-11-2048x1536.jpeg 2048w, https:\/\/vpdanses.fr\/wp-content\/uploads\/2025\/05\/Salle_polyvalente_CAESTRE_v2025-05-11-500x375.jpeg 500w, https:\/\/vpdanses.fr\/wp-content\/uploads\/2025\/05\/Salle_polyvalente_CAESTRE_v2025-05-11-800x600.jpeg 800w, https:\/\/vpdanses.fr\/wp-content\/uploads\/2025\/05\/Salle_polyvalente_CAESTRE_v2025-05-11-1280x960.jpeg 1280w\" sizes=\"auto, (max-width: 1920px) 100vw, 1920px\" \/><\/noscript><img decoding=\"async\" width=\"1920\" height=\"1440\" src=\"https:\/\/vpdanses.fr\/wp-content\/uploads\/2025\/05\/Salle_polyvalente_CAESTRE_v2025-05-11-1920x1440.jpeg\" class=\"wp-image-12969 vp-lazyload\" alt=\"Cours de Danse Sportive, Salle Polyvalente, 499 Avenue du G\u00e9n\u00e9ral de Gaulle, 59190 CAESTRE, avec le professeur Sven BALCERZAK\" srcset=\"data:image\/svg+xml;base64,PHN2ZyB3aWR0aD0iMTkyMCIgaGVpZ2h0PSIxNDQwIiB2aWV3Qm94PSIwIDAgMTkyMCAxNDQwIiBmaWxsPSJub25lIiB4bWxucz0iaHR0cDovL3d3dy53My5vcmcvMjAwMC9zdmciPjwvc3ZnPg==\" data-src=\"https:\/\/vpdanses.fr\/wp-content\/uploads\/2025\/05\/Salle_polyvalente_CAESTRE_v2025-05-11-1920x1440.jpeg\" data-srcset=\"https:\/\/vpdanses.fr\/wp-content\/uploads\/2025\/05\/Salle_polyvalente_CAESTRE_v2025-05-11-1920x1440.jpeg 1920w, https:\/\/vpdanses.fr\/wp-content\/uploads\/2025\/05\/Salle_polyvalente_CAESTRE_v2025-05-11-300x225.jpeg 300w, https:\/\/vpdanses.fr\/wp-content\/uploads\/2025\/05\/Salle_polyvalente_CAESTRE_v2025-05-11-1024x768.jpeg 1024w, https:\/\/vpdanses.fr\/wp-content\/uploads\/2025\/05\/Salle_polyvalente_CAESTRE_v2025-05-11-768x576.jpeg 768w, https:\/\/vpdanses.fr\/wp-content\/uploads\/2025\/05\/Salle_polyvalente_CAESTRE_v2025-05-11-1536x1152.jpeg 1536w, https:\/\/vpdanses.fr\/wp-content\/uploads\/2025\/05\/Salle_polyvalente_CAESTRE_v2025-05-11-2048x1536.jpeg 2048w, https:\/\/vpdanses.fr\/wp-content\/uploads\/2025\/05\/Salle_polyvalente_CAESTRE_v2025-05-11-500x375.jpeg 500w, https:\/\/vpdanses.fr\/wp-content\/uploads\/2025\/05\/Salle_polyvalente_CAESTRE_v2025-05-11-800x600.jpeg 800w, https:\/\/vpdanses.fr\/wp-content\/uploads\/2025\/05\/Salle_polyvalente_CAESTRE_v2025-05-11-1280x960.jpeg 1280w\" data-sizes=\"auto\" loading=\"eager\">\n\t\t<div class=\"vp-portfolio__item-overlay\">\n\t\t\t\t\t<\/div>\n\n\t\t<\/a>\t<\/div>\n<\/div>\n\n\t<figcaption class=\"vp-portfolio__item-caption vp-portfolio__item-caption-text-align-center\">\n\t\t<div class=\"vp-portfolio__item-meta\">\n\t\t\t\n<div class=\"vp-portfolio__item-meta-categories\">\n\t\t\t<div class=\"vp-portfolio__item-meta-category\">\n\t\t\t\t<a\n\t\thref=\"https:\/\/vpdanses.fr\/home\/bienvenue-chez-vp-danses-hazebrouck\/wp-json\/wp\/v2\/tribe_events\/12901?vp_filter=cours_particulier\"\n\t\t\t>\n\tCOURS PARTICULIER<\/a>\t\t<\/div>\n\t\t<\/div>\n\n<h2 class=\"vp-portfolio__item-meta-title\">\n\t\t<a\n\t\thref=\"https:\/\/fr-fr.facebook.com\/sven.balcerzak\"\n\t\t\t>\n\tCours de Paso Doble avec SVEN BALCERZAK \u00e0 Ca\u00ebstre (59190)<\/a><\/h2>\n\t\t<\/div>\n\t<\/figcaption>\n\t\t\t<\/figure>\n\t\t\t\t\t<\/div>\n\t\t\n<\/div>\n\t\t<\/div>\n\t\t\n<\/div>\n<\/div>\n\n\n<div style=\"height:44px\" aria-hidden=\"true\" class=\"wp-block-spacer\"><\/div>\n","protected":false},"excerpt":{"rendered":"<p>Cours particuliers de Danse Sportive Latines &#038; Standards avec Sven BALCERZAK, Hauts-de-France<\/p>\n","protected":false},"author":1,"featured_media":12984,"template":"","meta":{"_uag_custom_page_level_css":"","_price":"","_stock":"","_tribe_ticket_header":"","_tribe_default_ticket_provider":"","_tribe_ticket_capacity":"0","_ticket_start_date":"","_ticket_end_date":"","_tribe_ticket_show_description":"","_tribe_ticket_show_not_going":false,"_tribe_ticket_use_global_stock":"","_tribe_ticket_global_stock_level":"","_global_stock_mode":"","_global_stock_cap":"","_tribe_rsvp_for_event":"","_tribe_ticket_going_count":"","_tribe_ticket_not_going_count":"","_tribe_tickets_list":"[]","_tribe_ticket_has_attendee_info_fields":false,"_EventAllDay":false,"_EventTimezone":"Europe\/Paris","_EventStartDate":"2025-05-10 09:00:00","_EventEndDate":"2025-05-10 11:00:00","_EventStartDateUTC":"2025-05-10 07:00:00","_EventEndDateUTC":"2025-05-10 09:00:00","_EventShowMap":false,"_EventShowMapLink":false,"_EventURL":"","_EventCost":"","_EventCostDescription":"","_EventCurrencySymbol":"\u20ac","_EventCurrencyCode":"EUR","_EventCurrencyPosition":"suffix","_EventDateTimeSeparator":" > ","_EventTimeRangeSeparator":" - ","_EventOrganizerID":[],"_EventVenueID":[12903],"_OrganizerEmail":"","_OrganizerPhone":"","_OrganizerWebsite":"","_VenueAddress":"","_VenueCity":"","_VenueCountry":"","_VenueProvince":"","_VenueState":"","_VenueZip":"","_VenuePhone":"","_VenueURL":"","_VenueStateProvince":"","_VenueLat":"","_VenueLng":"","_VenueShowMap":false,"_VenueShowMapLink":false,"_tribe_events_status":"","_tribe_events_status_reason":"","footnotes":"","_tec_slr_enabled":"","_tec_slr_layout":""},"tags":[239,164,120,107],"tribe_events_cat":[206,170,169,207],"class_list":["post-12901","tribe_events","type-tribe_events","status-publish","has-post-thumbnail","hentry","tag-cours-particuliers","tag-hazebrouck","tag-isbergues","tag-sven-balcerzak","tribe_events_cat-competition","tribe_events_cat-danse-sportive","tribe_events_cat-danses-de-salons","tribe_events_cat-ffd","cat_competition","cat_danse-sportive","cat_danses-de-salons","cat_ffd"],"yoast_head":"<!-- This site is optimized with the Yoast SEO Premium plugin v25.6 (Yoast SEO v25.6) - https:\/\/yoast.com\/wordpress\/plugins\/seo\/ -->\n<title>Cours Particuliers de paso doble avec Sven BALCERZAK (Ca\u00ebstre) - VP DANSES, cours de Danse Sportive \u00e0 Aire-sur-la-Lys et \u00e0 Saint-Jans-Cappel (Hauts-de-France)<\/title>\n<meta name=\"description\" content=\"Samedi 10\/05\/2025, VP DANSES a suivi un cours particulier de PASO DOBLE donn\u00e9 par le professeur de danses latines Sven BALCERZAK, \u00e0 Ca\u00ebstre (59190).\" \/>\n<meta name=\"robots\" content=\"index, follow, max-snippet:-1, max-image-preview:large, max-video-preview:-1\" \/>\n<link rel=\"canonical\" href=\"https:\/\/vpdanses.fr\/home\/bienvenue-chez-vp-danses-hazebrouck\/evenement\/cours-particuliers-danse-sportive-paso-doble-sven-balcerzak\/\" \/>\n<meta property=\"og:locale\" content=\"fr_FR\" \/>\n<meta property=\"og:type\" content=\"article\" \/>\n<meta property=\"og:title\" content=\"Cours particuliers de Paso Doyle (Danse Sportive Latines) avec Sven BALCERZAK\" \/>\n<meta property=\"og:description\" content=\"Samedi 10\/05\/2025, VP DANSES a suivi un cours particulier de PASO DOBLE donn\u00e9 par le professeur de danses latines Sven BALCERZAK, \u00e0 Ca\u00ebstre (59190).\" \/>\n<meta property=\"og:url\" content=\"https:\/\/vpdanses.fr\/home\/bienvenue-chez-vp-danses-hazebrouck\/evenement\/cours-particuliers-danse-sportive-paso-doble-sven-balcerzak\/\" \/>\n<meta property=\"og:site_name\" content=\"VP DANSES, cours de Danse Sportive \u00e0 Aire-sur-la-Lys et \u00e0 Saint-Jans-Cappel (Hauts-de-France)\" \/>\n<meta property=\"article:modified_time\" content=\"2025-05-12T15:04:58+00:00\" \/>\n<meta property=\"og:image\" content=\"https:\/\/vpdanses.fr\/wp-content\/uploads\/2025\/05\/Cours-particulier-paso-doble-Sven-BALCERZAK-Caestre-002.jpeg-scaled.jpeg\" \/>\n\t<meta property=\"og:image:width\" content=\"2560\" \/>\n\t<meta property=\"og:image:height\" content=\"1920\" \/>\n\t<meta property=\"og:image:type\" content=\"image\/jpeg\" \/>\n<meta name=\"twitter:card\" content=\"summary_large_image\" \/>\n<meta name=\"twitter:title\" content=\"Cours Particuliers de paso doble avec Sven BALCERZAK (Ca\u00ebstre)\" \/>\n<meta name=\"twitter:label1\" content=\"Dur\u00e9e de lecture estim\u00e9e\" \/>\n\t<meta name=\"twitter:data1\" content=\"1 minute\" \/>\n<script type=\"application\/ld+json\" class=\"yoast-schema-graph\">{\"@context\":\"https:\/\/schema.org\",\"@graph\":[{\"@type\":\"WebPage\",\"@id\":\"https:\/\/vpdanses.fr\/home\/bienvenue-chez-vp-danses-hazebrouck\/evenement\/cours-particuliers-danse-sportive-paso-doble-sven-balcerzak\/\",\"url\":\"https:\/\/vpdanses.fr\/home\/bienvenue-chez-vp-danses-hazebrouck\/evenement\/cours-particuliers-danse-sportive-paso-doble-sven-balcerzak\/\",\"name\":\"Cours Particuliers de paso doble avec Sven BALCERZAK (Ca\u00ebstre) - VP DANSES, cours de Danse Sportive \u00e0 Aire-sur-la-Lys et \u00e0 Saint-Jans-Cappel (Hauts-de-France)\",\"isPartOf\":{\"@id\":\"https:\/\/vpdanses.fr\/home\/bienvenue-chez-vp-danses-hazebrouck\/#website\"},\"primaryImageOfPage\":{\"@id\":\"https:\/\/vpdanses.fr\/home\/bienvenue-chez-vp-danses-hazebrouck\/evenement\/cours-particuliers-danse-sportive-paso-doble-sven-balcerzak\/#primaryimage\"},\"image\":{\"@id\":\"https:\/\/vpdanses.fr\/home\/bienvenue-chez-vp-danses-hazebrouck\/evenement\/cours-particuliers-danse-sportive-paso-doble-sven-balcerzak\/#primaryimage\"},\"thumbnailUrl\":\"https:\/\/vpdanses.fr\/wp-content\/uploads\/2025\/05\/Cours-particulier-paso-doble-Sven-BALCERZAK-Caestre-001-scaled.jpeg\",\"datePublished\":\"2025-05-04T18:23:09+00:00\",\"dateModified\":\"2025-05-12T15:04:58+00:00\",\"description\":\"Samedi 10\/05\/2025, VP DANSES a suivi un cours particulier de PASO DOBLE donn\u00e9 par le professeur de danses latines Sven BALCERZAK, \u00e0 Ca\u00ebstre (59190).\",\"breadcrumb\":{\"@id\":\"https:\/\/vpdanses.fr\/home\/bienvenue-chez-vp-danses-hazebrouck\/evenement\/cours-particuliers-danse-sportive-paso-doble-sven-balcerzak\/#breadcrumb\"},\"inLanguage\":\"fr-FR\",\"potentialAction\":[{\"@type\":\"ReadAction\",\"target\":[\"https:\/\/vpdanses.fr\/home\/bienvenue-chez-vp-danses-hazebrouck\/evenement\/cours-particuliers-danse-sportive-paso-doble-sven-balcerzak\/\"]}]},{\"@type\":\"ImageObject\",\"inLanguage\":\"fr-FR\",\"@id\":\"https:\/\/vpdanses.fr\/home\/bienvenue-chez-vp-danses-hazebrouck\/evenement\/cours-particuliers-danse-sportive-paso-doble-sven-balcerzak\/#primaryimage\",\"url\":\"https:\/\/vpdanses.fr\/wp-content\/uploads\/2025\/05\/Cours-particulier-paso-doble-Sven-BALCERZAK-Caestre-001-scaled.jpeg\",\"contentUrl\":\"https:\/\/vpdanses.fr\/wp-content\/uploads\/2025\/05\/Cours-particulier-paso-doble-Sven-BALCERZAK-Caestre-001-scaled.jpeg\",\"width\":2560,\"height\":1920,\"caption\":\"Cours de Danse Sportive, Salle Polyvalente, 499 Avenue du G\u00e9n\u00e9ral de Gaulle, 59190 CAESTRE, avec le professeur Sven BALCERZAK (Illustration PASO DOBLE)\"},{\"@type\":\"BreadcrumbList\",\"@id\":\"https:\/\/vpdanses.fr\/home\/bienvenue-chez-vp-danses-hazebrouck\/evenement\/cours-particuliers-danse-sportive-paso-doble-sven-balcerzak\/#breadcrumb\",\"itemListElement\":[{\"@type\":\"ListItem\",\"position\":1,\"name\":\"Accueil\",\"item\":\"https:\/\/vpdanses.fr\/home\/bienvenue-chez-vp-danses-hazebrouck\/\"},{\"@type\":\"ListItem\",\"position\":2,\"name\":\"\u00c9v\u00e8nements\",\"item\":\"https:\/\/vpdanses.fr\/home\/bienvenue-chez-vp-danses-hazebrouck\/dates\/\"},{\"@type\":\"ListItem\",\"position\":3,\"name\":\"Cours Particuliers de paso doble avec Sven BALCERZAK (Ca\u00ebstre)\"}]},{\"@type\":\"WebSite\",\"@id\":\"https:\/\/vpdanses.fr\/home\/bienvenue-chez-vp-danses-hazebrouck\/#website\",\"url\":\"https:\/\/vpdanses.fr\/home\/bienvenue-chez-vp-danses-hazebrouck\/\",\"name\":\"VP DANSES, cours de Danse Sportive \u00e0 Aire-sur-la-Lys et \u00e0 Saint-Jans-Cappel (Hauts-de-France)\",\"description\":\"Cours de Danse Sportive STANDARD (valse anglaise, tango, valse viennoise, slowfox, quickstep), danses sportives LATINES (samba, chacha, rumba, paso doble, jive), danses de bal, danses de salons, danses de loisirs, salsa, rock 4 temps, rock 6 temps, danses en ligne, disco, \u2026 Lieu : Hazebrouck, Aire-sur-la-Lys, Saint-Jans-Cappel et Isbergues (Hauts-de-France) - Cours Particuliers dans les Hauts-de-France - Ouverture de bal de Mariage\",\"publisher\":{\"@id\":\"https:\/\/vpdanses.fr\/home\/bienvenue-chez-vp-danses-hazebrouck\/#organization\"},\"potentialAction\":[{\"@type\":\"SearchAction\",\"target\":{\"@type\":\"EntryPoint\",\"urlTemplate\":\"https:\/\/vpdanses.fr\/home\/bienvenue-chez-vp-danses-hazebrouck\/?s={search_term_string}\"},\"query-input\":{\"@type\":\"PropertyValueSpecification\",\"valueRequired\":true,\"valueName\":\"search_term_string\"}}],\"inLanguage\":\"fr-FR\"},{\"@type\":\"Organization\",\"@id\":\"https:\/\/vpdanses.fr\/home\/bienvenue-chez-vp-danses-hazebrouck\/#organization\",\"name\":\"VP DANSES, cours de Danse Sportive \u00e0 Aire-sur-la-Lys et \u00e0 Saint-Jans-Cappel (Hauts-de-France)\",\"url\":\"https:\/\/vpdanses.fr\/home\/bienvenue-chez-vp-danses-hazebrouck\/\",\"logo\":{\"@type\":\"ImageObject\",\"inLanguage\":\"fr-FR\",\"@id\":\"https:\/\/vpdanses.fr\/home\/bienvenue-chez-vp-danses-hazebrouck\/#\/schema\/logo\/image\/\",\"url\":\"https:\/\/vpdanses.fr\/wp-content\/uploads\/2024\/10\/logo_cadanse_asaintjans.jpeg\",\"contentUrl\":\"https:\/\/vpdanses.fr\/wp-content\/uploads\/2024\/10\/logo_cadanse_asaintjans.jpeg\",\"width\":225,\"height\":225,\"caption\":\"VP DANSES, cours de Danse Sportive \u00e0 Aire-sur-la-Lys et \u00e0 Saint-Jans-Cappel (Hauts-de-France)\"},\"image\":{\"@id\":\"https:\/\/vpdanses.fr\/home\/bienvenue-chez-vp-danses-hazebrouck\/#\/schema\/logo\/image\/\"}}]}<\/script>\n<!-- \/ Yoast SEO Premium plugin. -->","yoast_head_json":{"title":"Cours Particuliers de paso doble avec Sven BALCERZAK (Ca\u00ebstre) - VP DANSES, cours de Danse Sportive \u00e0 Aire-sur-la-Lys et \u00e0 Saint-Jans-Cappel (Hauts-de-France)","description":"Samedi 10\/05\/2025, VP DANSES a suivi un cours particulier de PASO DOBLE donn\u00e9 par le professeur de danses latines Sven BALCERZAK, \u00e0 Ca\u00ebstre (59190).","robots":{"index":"index","follow":"follow","max-snippet":"max-snippet:-1","max-image-preview":"max-image-preview:large","max-video-preview":"max-video-preview:-1"},"canonical":"https:\/\/vpdanses.fr\/home\/bienvenue-chez-vp-danses-hazebrouck\/evenement\/cours-particuliers-danse-sportive-paso-doble-sven-balcerzak\/","og_locale":"fr_FR","og_type":"article","og_title":"Cours particuliers de Paso Doyle (Danse Sportive Latines) avec Sven BALCERZAK","og_description":"Samedi 10\/05\/2025, VP DANSES a suivi un cours particulier de PASO DOBLE donn\u00e9 par le professeur de danses latines Sven BALCERZAK, \u00e0 Ca\u00ebstre (59190).","og_url":"https:\/\/vpdanses.fr\/home\/bienvenue-chez-vp-danses-hazebrouck\/evenement\/cours-particuliers-danse-sportive-paso-doble-sven-balcerzak\/","og_site_name":"VP DANSES, cours de Danse Sportive \u00e0 Aire-sur-la-Lys et \u00e0 Saint-Jans-Cappel (Hauts-de-France)","article_modified_time":"2025-05-12T15:04:58+00:00","og_image":[{"width":2560,"height":1920,"url":"https:\/\/vpdanses.fr\/wp-content\/uploads\/2025\/05\/Cours-particulier-paso-doble-Sven-BALCERZAK-Caestre-002.jpeg-scaled.jpeg","type":"image\/jpeg"}],"twitter_card":"summary_large_image","twitter_title":"Cours Particuliers de paso doble avec Sven BALCERZAK (Ca\u00ebstre)","twitter_misc":{"Dur\u00e9e de lecture estim\u00e9e":"1 minute"},"schema":{"@context":"https:\/\/schema.org","@graph":[{"@type":"WebPage","@id":"https:\/\/vpdanses.fr\/home\/bienvenue-chez-vp-danses-hazebrouck\/evenement\/cours-particuliers-danse-sportive-paso-doble-sven-balcerzak\/","url":"https:\/\/vpdanses.fr\/home\/bienvenue-chez-vp-danses-hazebrouck\/evenement\/cours-particuliers-danse-sportive-paso-doble-sven-balcerzak\/","name":"Cours Particuliers de paso doble avec Sven BALCERZAK (Ca\u00ebstre) - VP DANSES, cours de Danse Sportive \u00e0 Aire-sur-la-Lys et \u00e0 Saint-Jans-Cappel (Hauts-de-France)","isPartOf":{"@id":"https:\/\/vpdanses.fr\/home\/bienvenue-chez-vp-danses-hazebrouck\/#website"},"primaryImageOfPage":{"@id":"https:\/\/vpdanses.fr\/home\/bienvenue-chez-vp-danses-hazebrouck\/evenement\/cours-particuliers-danse-sportive-paso-doble-sven-balcerzak\/#primaryimage"},"image":{"@id":"https:\/\/vpdanses.fr\/home\/bienvenue-chez-vp-danses-hazebrouck\/evenement\/cours-particuliers-danse-sportive-paso-doble-sven-balcerzak\/#primaryimage"},"thumbnailUrl":"https:\/\/vpdanses.fr\/wp-content\/uploads\/2025\/05\/Cours-particulier-paso-doble-Sven-BALCERZAK-Caestre-001-scaled.jpeg","datePublished":"2025-05-04T18:23:09+00:00","dateModified":"2025-05-12T15:04:58+00:00","description":"Samedi 10\/05\/2025, VP DANSES a suivi un cours particulier de PASO DOBLE donn\u00e9 par le professeur de danses latines Sven BALCERZAK, \u00e0 Ca\u00ebstre (59190).","breadcrumb":{"@id":"https:\/\/vpdanses.fr\/home\/bienvenue-chez-vp-danses-hazebrouck\/evenement\/cours-particuliers-danse-sportive-paso-doble-sven-balcerzak\/#breadcrumb"},"inLanguage":"fr-FR","potentialAction":[{"@type":"ReadAction","target":["https:\/\/vpdanses.fr\/home\/bienvenue-chez-vp-danses-hazebrouck\/evenement\/cours-particuliers-danse-sportive-paso-doble-sven-balcerzak\/"]}]},{"@type":"ImageObject","inLanguage":"fr-FR","@id":"https:\/\/vpdanses.fr\/home\/bienvenue-chez-vp-danses-hazebrouck\/evenement\/cours-particuliers-danse-sportive-paso-doble-sven-balcerzak\/#primaryimage","url":"https:\/\/vpdanses.fr\/wp-content\/uploads\/2025\/05\/Cours-particulier-paso-doble-Sven-BALCERZAK-Caestre-001-scaled.jpeg","contentUrl":"https:\/\/vpdanses.fr\/wp-content\/uploads\/2025\/05\/Cours-particulier-paso-doble-Sven-BALCERZAK-Caestre-001-scaled.jpeg","width":2560,"height":1920,"caption":"Cours de Danse Sportive, Salle Polyvalente, 499 Avenue du G\u00e9n\u00e9ral de Gaulle, 59190 CAESTRE, avec le professeur Sven BALCERZAK (Illustration PASO DOBLE)"},{"@type":"BreadcrumbList","@id":"https:\/\/vpdanses.fr\/home\/bienvenue-chez-vp-danses-hazebrouck\/evenement\/cours-particuliers-danse-sportive-paso-doble-sven-balcerzak\/#breadcrumb","itemListElement":[{"@type":"ListItem","position":1,"name":"Accueil","item":"https:\/\/vpdanses.fr\/home\/bienvenue-chez-vp-danses-hazebrouck\/"},{"@type":"ListItem","position":2,"name":"\u00c9v\u00e8nements","item":"https:\/\/vpdanses.fr\/home\/bienvenue-chez-vp-danses-hazebrouck\/dates\/"},{"@type":"ListItem","position":3,"name":"Cours Particuliers de paso doble avec Sven BALCERZAK (Ca\u00ebstre)"}]},{"@type":"WebSite","@id":"https:\/\/vpdanses.fr\/home\/bienvenue-chez-vp-danses-hazebrouck\/#website","url":"https:\/\/vpdanses.fr\/home\/bienvenue-chez-vp-danses-hazebrouck\/","name":"VP DANSES, cours de Danse Sportive \u00e0 Aire-sur-la-Lys et \u00e0 Saint-Jans-Cappel (Hauts-de-France)","description":"Cours de Danse Sportive STANDARD (valse anglaise, tango, valse viennoise, slowfox, quickstep), danses sportives LATINES (samba, chacha, rumba, paso doble, jive), danses de bal, danses de salons, danses de loisirs, salsa, rock 4 temps, rock 6 temps, danses en ligne, disco, \u2026 Lieu : Hazebrouck, Aire-sur-la-Lys, Saint-Jans-Cappel et Isbergues (Hauts-de-France) - Cours Particuliers dans les Hauts-de-France - Ouverture de bal de Mariage","publisher":{"@id":"https:\/\/vpdanses.fr\/home\/bienvenue-chez-vp-danses-hazebrouck\/#organization"},"potentialAction":[{"@type":"SearchAction","target":{"@type":"EntryPoint","urlTemplate":"https:\/\/vpdanses.fr\/home\/bienvenue-chez-vp-danses-hazebrouck\/?s={search_term_string}"},"query-input":{"@type":"PropertyValueSpecification","valueRequired":true,"valueName":"search_term_string"}}],"inLanguage":"fr-FR"},{"@type":"Organization","@id":"https:\/\/vpdanses.fr\/home\/bienvenue-chez-vp-danses-hazebrouck\/#organization","name":"VP DANSES, cours de Danse Sportive \u00e0 Aire-sur-la-Lys et \u00e0 Saint-Jans-Cappel (Hauts-de-France)","url":"https:\/\/vpdanses.fr\/home\/bienvenue-chez-vp-danses-hazebrouck\/","logo":{"@type":"ImageObject","inLanguage":"fr-FR","@id":"https:\/\/vpdanses.fr\/home\/bienvenue-chez-vp-danses-hazebrouck\/#\/schema\/logo\/image\/","url":"https:\/\/vpdanses.fr\/wp-content\/uploads\/2024\/10\/logo_cadanse_asaintjans.jpeg","contentUrl":"https:\/\/vpdanses.fr\/wp-content\/uploads\/2024\/10\/logo_cadanse_asaintjans.jpeg","width":225,"height":225,"caption":"VP DANSES, cours de Danse Sportive \u00e0 Aire-sur-la-Lys et \u00e0 Saint-Jans-Cappel (Hauts-de-France)"},"image":{"@id":"https:\/\/vpdanses.fr\/home\/bienvenue-chez-vp-danses-hazebrouck\/#\/schema\/logo\/image\/"}}]}},"uagb_featured_image_src":{"full":["https:\/\/vpdanses.fr\/wp-content\/uploads\/2025\/05\/Cours-particulier-paso-doble-Sven-BALCERZAK-Caestre-001-scaled.jpeg",2560,1920,false],"thumbnail":["https:\/\/vpdanses.fr\/wp-content\/uploads\/2025\/05\/Cours-particulier-paso-doble-Sven-BALCERZAK-Caestre-001-150x150.jpeg",150,150,true],"medium":["https:\/\/vpdanses.fr\/wp-content\/uploads\/2025\/05\/Cours-particulier-paso-doble-Sven-BALCERZAK-Caestre-001-300x225.jpeg",300,225,true],"medium_large":["https:\/\/vpdanses.fr\/wp-content\/uploads\/2025\/05\/Cours-particulier-paso-doble-Sven-BALCERZAK-Caestre-001-768x576.jpeg",768,576,true],"large":["https:\/\/vpdanses.fr\/wp-content\/uploads\/2025\/05\/Cours-particulier-paso-doble-Sven-BALCERZAK-Caestre-001-1024x768.jpeg",1024,768,true],"1536x1536":["https:\/\/vpdanses.fr\/wp-content\/uploads\/2025\/05\/Cours-particulier-paso-doble-Sven-BALCERZAK-Caestre-001-1536x1152.jpeg",1536,1152,true],"2048x2048":["https:\/\/vpdanses.fr\/wp-content\/uploads\/2025\/05\/Cours-particulier-paso-doble-Sven-BALCERZAK-Caestre-001-2048x1536.jpeg",2048,1536,true],"vp_sm":["https:\/\/vpdanses.fr\/wp-content\/uploads\/2025\/05\/Cours-particulier-paso-doble-Sven-BALCERZAK-Caestre-001-500x375.jpeg",500,375,true],"vp_md":["https:\/\/vpdanses.fr\/wp-content\/uploads\/2025\/05\/Cours-particulier-paso-doble-Sven-BALCERZAK-Caestre-001-800x600.jpeg",800,600,true],"vp_lg":["https:\/\/vpdanses.fr\/wp-content\/uploads\/2025\/05\/Cours-particulier-paso-doble-Sven-BALCERZAK-Caestre-001-1280x960.jpeg",1280,960,true],"vp_xl":["https:\/\/vpdanses.fr\/wp-content\/uploads\/2025\/05\/Cours-particulier-paso-doble-Sven-BALCERZAK-Caestre-001-1920x1440.jpeg",1920,1440,true],"vp_sm_popup":["https:\/\/vpdanses.fr\/wp-content\/uploads\/2025\/05\/Cours-particulier-paso-doble-Sven-BALCERZAK-Caestre-001-500x375.jpeg",500,375,true],"vp_md_popup":["https:\/\/vpdanses.fr\/wp-content\/uploads\/2025\/05\/Cours-particulier-paso-doble-Sven-BALCERZAK-Caestre-001-800x600.jpeg",800,600,true],"vp_xl_popup":["https:\/\/vpdanses.fr\/wp-content\/uploads\/2025\/05\/Cours-particulier-paso-doble-Sven-BALCERZAK-Caestre-001-1920x1440.jpeg",1920,1440,true],"dance-blog-thumb":["https:\/\/vpdanses.fr\/wp-content\/uploads\/2025\/05\/Cours-particulier-paso-doble-Sven-BALCERZAK-Caestre-001-150x120.jpeg",150,120,true],"dance-event-list":["https:\/\/vpdanses.fr\/wp-content\/uploads\/2025\/05\/Cours-particulier-paso-doble-Sven-BALCERZAK-Caestre-001-420x336.jpeg",420,336,true],"dance-event-single-type1":["https:\/\/vpdanses.fr\/wp-content\/uploads\/2025\/05\/Cours-particulier-paso-doble-Sven-BALCERZAK-Caestre-001-773x520.jpeg",773,520,true],"dance-event-single-type4":["https:\/\/vpdanses.fr\/wp-content\/uploads\/2025\/05\/Cours-particulier-paso-doble-Sven-BALCERZAK-Caestre-001-570x460.jpeg",570,460,true],"dance-event-single-type5":["https:\/\/vpdanses.fr\/wp-content\/uploads\/2025\/05\/Cours-particulier-paso-doble-Sven-BALCERZAK-Caestre-001-746x770.jpeg",746,770,true],"dance-event-list2":["https:\/\/vpdanses.fr\/wp-content\/uploads\/2025\/05\/Cours-particulier-paso-doble-Sven-BALCERZAK-Caestre-001-420x275.jpeg",420,275,true]},"uagb_author_info":{"display_name":"VP DANSES","author_link":"https:\/\/vpdanses.fr\/home\/bienvenue-chez-vp-danses-hazebrouck\/author\/adminvp20241018\/"},"uagb_comment_info":0,"uagb_excerpt":"Cours particuliers de Danse Sportive Latines & Standards avec Sven BALCERZAK, Hauts-de-France","jetpack_sharing_enabled":true,"ticketed":false,"_links":{"self":[{"href":"https:\/\/vpdanses.fr\/home\/bienvenue-chez-vp-danses-hazebrouck\/wp-json\/wp\/v2\/tribe_events\/12901","targetHints":{"allow":["GET"]}}],"collection":[{"href":"https:\/\/vpdanses.fr\/home\/bienvenue-chez-vp-danses-hazebrouck\/wp-json\/wp\/v2\/tribe_events"}],"about":[{"href":"https:\/\/vpdanses.fr\/home\/bienvenue-chez-vp-danses-hazebrouck\/wp-json\/wp\/v2\/types\/tribe_events"}],"author":[{"embeddable":true,"href":"https:\/\/vpdanses.fr\/home\/bienvenue-chez-vp-danses-hazebrouck\/wp-json\/wp\/v2\/users\/1"}],"version-history":[{"count":16,"href":"https:\/\/vpdanses.fr\/home\/bienvenue-chez-vp-danses-hazebrouck\/wp-json\/wp\/v2\/tribe_events\/12901\/revisions"}],"predecessor-version":[{"id":13003,"href":"https:\/\/vpdanses.fr\/home\/bienvenue-chez-vp-danses-hazebrouck\/wp-json\/wp\/v2\/tribe_events\/12901\/revisions\/13003"}],"wp:featuredmedia":[{"embeddable":true,"href":"https:\/\/vpdanses.fr\/home\/bienvenue-chez-vp-danses-hazebrouck\/wp-json\/wp\/v2\/media\/12984"}],"wp:attachment":[{"href":"https:\/\/vpdanses.fr\/home\/bienvenue-chez-vp-danses-hazebrouck\/wp-json\/wp\/v2\/media?parent=12901"}],"wp:term":[{"taxonomy":"post_tag","embeddable":true,"href":"https:\/\/vpdanses.fr\/home\/bienvenue-chez-vp-danses-hazebrouck\/wp-json\/wp\/v2\/tags?post=12901"},{"taxonomy":"tribe_events_cat","embeddable":true,"href":"https:\/\/vpdanses.fr\/home\/bienvenue-chez-vp-danses-hazebrouck\/wp-json\/wp\/v2\/tribe_events_cat?post=12901"}],"curies":[{"name":"wp","href":"https:\/\/api.w.org\/{rel}","templated":true}]}}