{"id":13025,"date":"2025-05-12T18:30:35","date_gmt":"2025-05-12T16:30:35","guid":{"rendered":"https:\/\/vpdanses.fr\/home\/bienvenue-chez-vp-danses-hazebrouck\/?post_type=tribe_events&#038;p=13025"},"modified":"2025-05-12T18:32:21","modified_gmt":"2025-05-12T16:32:21","slug":"cours-particuliers-de-danse-sportive-latines-avec-sven-balcerzak-isbergues","status":"publish","type":"tribe_events","link":"https:\/\/vpdanses.fr\/home\/bienvenue-chez-vp-danses-hazebrouck\/evenement\/cours-particuliers-de-danse-sportive-latines-avec-sven-balcerzak-isbergues\/","title":{"rendered":"Cours Particuliers de Danses Latines avec Sven BALCERZAK (Isbergues)"},"content":{"rendered":"<div class=\"tribe-events-event-image\"><noscript><img loading=\"lazy\" decoding=\"async\" width=\"2420\" height=\"1028\" data-skip-lazy src=\"https:\/\/vpdanses.fr\/wp-content\/uploads\/2025\/05\/Capture-decran-2025-05-03-a-21.09.16.png\" class=\"attachment-full size-full wp-post-image\" alt=\"Sven BALCERZAK, professeur de Danse Sportive Latines &amp; Standards, Hauts-de-France, Hazebrouck, Ca\u00ebstre, Isbergues, Bailleul\" srcset=\"https:\/\/vpdanses.fr\/wp-content\/uploads\/2025\/05\/Capture-decran-2025-05-03-a-21.09.16.png 2420w, https:\/\/vpdanses.fr\/wp-content\/uploads\/2025\/05\/Capture-decran-2025-05-03-a-21.09.16-300x127.png 300w, https:\/\/vpdanses.fr\/wp-content\/uploads\/2025\/05\/Capture-decran-2025-05-03-a-21.09.16-1024x435.png 1024w, https:\/\/vpdanses.fr\/wp-content\/uploads\/2025\/05\/Capture-decran-2025-05-03-a-21.09.16-768x326.png 768w, https:\/\/vpdanses.fr\/wp-content\/uploads\/2025\/05\/Capture-decran-2025-05-03-a-21.09.16-1536x652.png 1536w, https:\/\/vpdanses.fr\/wp-content\/uploads\/2025\/05\/Capture-decran-2025-05-03-a-21.09.16-2048x870.png 2048w, https:\/\/vpdanses.fr\/wp-content\/uploads\/2025\/05\/Capture-decran-2025-05-03-a-21.09.16-500x212.png 500w, https:\/\/vpdanses.fr\/wp-content\/uploads\/2025\/05\/Capture-decran-2025-05-03-a-21.09.16-800x340.png 800w, https:\/\/vpdanses.fr\/wp-content\/uploads\/2025\/05\/Capture-decran-2025-05-03-a-21.09.16-1280x544.png 1280w, https:\/\/vpdanses.fr\/wp-content\/uploads\/2025\/05\/Capture-decran-2025-05-03-a-21.09.16-1920x816.png 1920w, https:\/\/vpdanses.fr\/wp-content\/uploads\/2025\/05\/Capture-decran-2025-05-03-a-21.09.16-600x255.png 600w\" sizes=\"auto, (max-width: 2420px) 100vw, 2420px\" \/><\/noscript><img fetchpriority=\"high\" decoding=\"async\" width=\"2420\" height=\"1028\" src=\"https:\/\/vpdanses.fr\/wp-content\/uploads\/2025\/05\/Capture-decran-2025-05-03-a-21.09.16.png\" class=\"attachment-full size-full wp-post-image vp-lazyload\" alt=\"Sven BALCERZAK, professeur de Danse Sportive Latines &amp; Standards, Hauts-de-France, Hazebrouck, Ca\u00ebstre, Isbergues, Bailleul\" srcset=\"data:image\/svg+xml;base64,PHN2ZyB3aWR0aD0iMjQyMCIgaGVpZ2h0PSIxMDI4IiB2aWV3Qm94PSIwIDAgMjQyMCAxMDI4IiBmaWxsPSJub25lIiB4bWxucz0iaHR0cDovL3d3dy53My5vcmcvMjAwMC9zdmciPjwvc3ZnPg==\" data-src=\"https:\/\/vpdanses.fr\/wp-content\/uploads\/2025\/05\/Capture-decran-2025-05-03-a-21.09.16.png\" data-srcset=\"https:\/\/vpdanses.fr\/wp-content\/uploads\/2025\/05\/Capture-decran-2025-05-03-a-21.09.16.png 2420w, https:\/\/vpdanses.fr\/wp-content\/uploads\/2025\/05\/Capture-decran-2025-05-03-a-21.09.16-300x127.png 300w, https:\/\/vpdanses.fr\/wp-content\/uploads\/2025\/05\/Capture-decran-2025-05-03-a-21.09.16-1024x435.png 1024w, https:\/\/vpdanses.fr\/wp-content\/uploads\/2025\/05\/Capture-decran-2025-05-03-a-21.09.16-768x326.png 768w, https:\/\/vpdanses.fr\/wp-content\/uploads\/2025\/05\/Capture-decran-2025-05-03-a-21.09.16-1536x652.png 1536w, https:\/\/vpdanses.fr\/wp-content\/uploads\/2025\/05\/Capture-decran-2025-05-03-a-21.09.16-2048x870.png 2048w, https:\/\/vpdanses.fr\/wp-content\/uploads\/2025\/05\/Capture-decran-2025-05-03-a-21.09.16-500x212.png 500w, https:\/\/vpdanses.fr\/wp-content\/uploads\/2025\/05\/Capture-decran-2025-05-03-a-21.09.16-800x340.png 800w, https:\/\/vpdanses.fr\/wp-content\/uploads\/2025\/05\/Capture-decran-2025-05-03-a-21.09.16-1280x544.png 1280w, https:\/\/vpdanses.fr\/wp-content\/uploads\/2025\/05\/Capture-decran-2025-05-03-a-21.09.16-1920x816.png 1920w, https:\/\/vpdanses.fr\/wp-content\/uploads\/2025\/05\/Capture-decran-2025-05-03-a-21.09.16-600x255.png 600w\" data-sizes=\"auto\" loading=\"eager\"><\/div>\n\n<div  class=\"tribe-events-schedule tribe-clearfix\" >\n\t<p class=\"tribe-events-schedule__datetime\">\n\t\t<span class=\"tribe-events-schedule__date tribe-events-schedule__date--start\">\n\t\t\t15 mai 2025\t\t<\/span>\n\n\t\t\t\t\t<span class=\"tribe-events-schedule__separator tribe-events-schedule__separator--date\">\n\t\t\t\t &gt; \t\t\t<\/span>\n\t\t\t<span class=\"tribe-events-schedule__time tribe-events-schedule__time--start\">\n\t\t\t\t21h00\t\t\t<\/span>\n\t\t\n\t\t\t\t\t\t\t\t\t<span class=\"tribe-events-schedule__separator tribe-events-schedule__separator--time\">\n\t\t\t\t\t &#8211; \t\t\t\t<\/span>\n\t\t\t\n\t\t\t\t\t\t\t<span class=\"tribe-events-schedule__time tribe-events-schedule__time--end\">\n\t\t\t\t\t22h00\t\t\t\t<\/span>\n\t\t\t\n\t\t\t\t\t\t<\/p>\n<\/div>\n\n\n\n<p>Cours particuliers de Danse Sportive Latines avec Sven BALCERZAK, \u00e0 <strong><a href=\"https:\/\/www.ville-isbergues.org\" target=\"_blank\" rel=\"noreferrer noopener\">Isbergues<\/a><\/strong>, Hauts-de-France<\/p>\n\n\n<div  class=\"tribe-block tribe-block__organizer__details tribe-clearfix\" >\n\t<div class=\"tribe-block__organizer__title\">\n\t\t<h3><a href=\"https:\/\/vpdanses.fr\/home\/bienvenue-chez-vp-danses-hazebrouck\/organisateur\/mjep-danses-isbergues\/\" title=\"MJEP Danses Isbergues\" target=\"_self\" rel=\"\">MJEP Danses Isbergues<\/a><\/h3>\n\t<\/div>\n\t\t\t<p class=\"tribe-block__organizer__phone\">0321577020<\/p>\n\t\t\t\t<p class=\"tribe-block__organizer__website\"><a href=\"https:\/\/www.facebook.com\/mjepdanse\/\" target=\"_self\" rel=\"external\">Voir le site Organisateur<\/a><\/p>\n\t\t\t\t<p class=\"tribe-block__organizer__email\">&#109;jep&#045;&#099;o&#109;&#112;ta&#064;&#111;&#114;an&#103;&#101;.f&#114;<\/p>\n\t<\/div>\n\n\n<div  class=\"tribe-block tribe-block__venue tribe-clearfix\" >\n\t\n\t\t\n\t<\/div>\n\n\n\n<div style=\"height:44px\" aria-hidden=\"true\" class=\"wp-block-spacer\"><\/div>\n\n\n\n<h2 class=\"wp-block-heading\">Championnats de France de danses latines \u00e0 Paris 13, le samedi 17\/05\/2025<\/h2>\n\n\n\n<p>Il s&rsquo;agira pour nous du dernier cours particulier avant les <strong><a href=\"https:\/\/vpdanses.fr\/home\/bienvenue-chez-vp-danses-hazebrouck\/evenement\/ffd-championnat-france-danses-latines-standards-solo-dance-2025\/\">Championnats de France de danses Latines Seniors<\/a><\/strong>. <\/p>\n\n\n\n<p><\/p>\n","protected":false},"excerpt":{"rendered":"<p>Cours particuliers de Danse Sportive Latines avec Sven BALCERZAK \u00e0 ISBERGUES (62330). Notre dernier cours avant les CHAMPIONNATS DE FRANCE 2025 organis\u00e9s \u00e0 Paris 13 \u00e8me, le samedi 17\/05\/2025.<\/p>\n","protected":false},"author":1,"featured_media":12823,"template":"","meta":{"_uag_custom_page_level_css":"","_price":"","_stock":"","_tribe_ticket_header":"","_tribe_default_ticket_provider":"","_tribe_ticket_capacity":"0","_ticket_start_date":"","_ticket_end_date":"","_tribe_ticket_show_description":"","_tribe_ticket_show_not_going":false,"_tribe_ticket_use_global_stock":"","_tribe_ticket_global_stock_level":"","_global_stock_mode":"","_global_stock_cap":"","_tribe_rsvp_for_event":"","_tribe_ticket_going_count":"","_tribe_ticket_not_going_count":"","_tribe_tickets_list":"[]","_tribe_ticket_has_attendee_info_fields":false,"_EventAllDay":false,"_EventTimezone":"Europe\/Paris","_EventStartDate":"2025-05-15 21:00:00","_EventEndDate":"2025-05-15 22:00:00","_EventStartDateUTC":"2025-05-15 19:00:00","_EventEndDateUTC":"2025-05-15 20:00:00","_EventShowMap":false,"_EventShowMapLink":false,"_EventURL":"","_EventCost":"","_EventCostDescription":"","_EventCurrencySymbol":"\u20ac","_EventCurrencyCode":"EUR","_EventCurrencyPosition":"suffix","_EventDateTimeSeparator":" > ","_EventTimeRangeSeparator":" - ","_EventOrganizerID":[10674],"_EventVenueID":[],"_OrganizerEmail":"","_OrganizerPhone":"","_OrganizerWebsite":"","_VenueAddress":"","_VenueCity":"","_VenueCountry":"","_VenueProvince":"","_VenueState":"","_VenueZip":"","_VenuePhone":"","_VenueURL":"","_VenueStateProvince":"","_VenueLat":"","_VenueLng":"","_VenueShowMap":false,"_VenueShowMapLink":false,"_tribe_events_status":"","_tribe_events_status_reason":"","footnotes":"","_tec_slr_enabled":"","_tec_slr_layout":""},"tags":[239,164,120,107],"tribe_events_cat":[206,170,207],"class_list":["post-13025","tribe_events","type-tribe_events","status-publish","has-post-thumbnail","hentry","tag-cours-particuliers","tag-hazebrouck","tag-isbergues","tag-sven-balcerzak","tribe_events_cat-competition","tribe_events_cat-danse-sportive","tribe_events_cat-ffd","cat_competition","cat_danse-sportive","cat_ffd"],"yoast_head":"<!-- This site is optimized with the Yoast SEO Premium plugin v25.6 (Yoast SEO v25.6) - https:\/\/yoast.com\/wordpress\/plugins\/seo\/ -->\n<title>Cours Particuliers de Danses Latines avec Sven BALCERZAK (Isbergues) - VP DANSES, cours de Danse Sportive \u00e0 Aire-sur-la-Lys et \u00e0 Saint-Jans-Cappel (Hauts-de-France)<\/title>\n<meta name=\"description\" content=\"Cours particulier de danses latines et standards dispens\u00e9s par le professeur et coach Sven BALCERZAK \u00e0 Isbergues (62330), sous l&#039;\u00e9gide de la FFdanse.\" \/>\n<meta name=\"robots\" content=\"index, follow, max-snippet:-1, max-image-preview:large, max-video-preview:-1\" \/>\n<link rel=\"canonical\" href=\"https:\/\/vpdanses.fr\/home\/bienvenue-chez-vp-danses-hazebrouck\/evenement\/cours-particuliers-de-danse-sportive-latines-avec-sven-balcerzak-isbergues\/\" \/>\n<meta property=\"og:locale\" content=\"fr_FR\" \/>\n<meta property=\"og:type\" content=\"article\" \/>\n<meta property=\"og:title\" content=\"Cours particuliers de Danse Sportive Latines &amp; Standards avec Sven BALCERZAK\" \/>\n<meta property=\"og:description\" content=\"Cours particulier de danses latines et standards dispens\u00e9s par le professeur et coach Sven BALCERZAK \u00e0 Isbergues (62330), sous l&#039;\u00e9gide de la FFdanse.\" \/>\n<meta property=\"og:url\" content=\"https:\/\/vpdanses.fr\/home\/bienvenue-chez-vp-danses-hazebrouck\/evenement\/cours-particuliers-de-danse-sportive-latines-avec-sven-balcerzak-isbergues\/\" \/>\n<meta property=\"og:site_name\" content=\"VP DANSES, cours de Danse Sportive \u00e0 Aire-sur-la-Lys et \u00e0 Saint-Jans-Cappel (Hauts-de-France)\" \/>\n<meta property=\"article:modified_time\" content=\"2025-05-12T16:32:21+00:00\" \/>\n<meta property=\"og:image\" content=\"https:\/\/vpdanses.fr\/wp-content\/uploads\/2025\/05\/Capture-decran-2025-05-03-a-21.09.16.png\" \/>\n\t<meta property=\"og:image:width\" content=\"2420\" \/>\n\t<meta property=\"og:image:height\" content=\"1028\" \/>\n\t<meta property=\"og:image:type\" content=\"image\/png\" \/>\n<meta name=\"twitter:card\" content=\"summary_large_image\" \/>\n<meta name=\"twitter:title\" content=\"Cours Particuliers de Danses Latines avec Sven BALCERZAK (Isbergues)\" \/>\n<meta name=\"twitter:label1\" content=\"Dur\u00e9e de lecture estim\u00e9e\" \/>\n\t<meta name=\"twitter:data1\" content=\"1 minute\" \/>\n<script type=\"application\/ld+json\" class=\"yoast-schema-graph\">{\"@context\":\"https:\/\/schema.org\",\"@graph\":[{\"@type\":\"WebPage\",\"@id\":\"https:\/\/vpdanses.fr\/home\/bienvenue-chez-vp-danses-hazebrouck\/evenement\/cours-particuliers-de-danse-sportive-latines-avec-sven-balcerzak-isbergues\/\",\"url\":\"https:\/\/vpdanses.fr\/home\/bienvenue-chez-vp-danses-hazebrouck\/evenement\/cours-particuliers-de-danse-sportive-latines-avec-sven-balcerzak-isbergues\/\",\"name\":\"Cours Particuliers de Danses Latines avec Sven BALCERZAK (Isbergues) - VP DANSES, cours de Danse Sportive \u00e0 Aire-sur-la-Lys et \u00e0 Saint-Jans-Cappel (Hauts-de-France)\",\"isPartOf\":{\"@id\":\"https:\/\/vpdanses.fr\/home\/bienvenue-chez-vp-danses-hazebrouck\/#website\"},\"primaryImageOfPage\":{\"@id\":\"https:\/\/vpdanses.fr\/home\/bienvenue-chez-vp-danses-hazebrouck\/evenement\/cours-particuliers-de-danse-sportive-latines-avec-sven-balcerzak-isbergues\/#primaryimage\"},\"image\":{\"@id\":\"https:\/\/vpdanses.fr\/home\/bienvenue-chez-vp-danses-hazebrouck\/evenement\/cours-particuliers-de-danse-sportive-latines-avec-sven-balcerzak-isbergues\/#primaryimage\"},\"thumbnailUrl\":\"https:\/\/vpdanses.fr\/wp-content\/uploads\/2025\/05\/Capture-decran-2025-05-03-a-21.09.16.png\",\"datePublished\":\"2025-05-12T16:30:35+00:00\",\"dateModified\":\"2025-05-12T16:32:21+00:00\",\"description\":\"Cours particulier de danses latines et standards dispens\u00e9s par le professeur et coach Sven BALCERZAK \u00e0 Isbergues (62330), sous l'\u00e9gide de la FFdanse.\",\"breadcrumb\":{\"@id\":\"https:\/\/vpdanses.fr\/home\/bienvenue-chez-vp-danses-hazebrouck\/evenement\/cours-particuliers-de-danse-sportive-latines-avec-sven-balcerzak-isbergues\/#breadcrumb\"},\"inLanguage\":\"fr-FR\",\"potentialAction\":[{\"@type\":\"ReadAction\",\"target\":[\"https:\/\/vpdanses.fr\/home\/bienvenue-chez-vp-danses-hazebrouck\/evenement\/cours-particuliers-de-danse-sportive-latines-avec-sven-balcerzak-isbergues\/\"]}]},{\"@type\":\"ImageObject\",\"inLanguage\":\"fr-FR\",\"@id\":\"https:\/\/vpdanses.fr\/home\/bienvenue-chez-vp-danses-hazebrouck\/evenement\/cours-particuliers-de-danse-sportive-latines-avec-sven-balcerzak-isbergues\/#primaryimage\",\"url\":\"https:\/\/vpdanses.fr\/wp-content\/uploads\/2025\/05\/Capture-decran-2025-05-03-a-21.09.16.png\",\"contentUrl\":\"https:\/\/vpdanses.fr\/wp-content\/uploads\/2025\/05\/Capture-decran-2025-05-03-a-21.09.16.png\",\"width\":2420,\"height\":1028,\"caption\":\"Sven BALCERZAK, professeur de Danse Sportive Latines & Standards, Hauts-de-France, Hazebrouck, Ca\u00ebstre, Isbergues, Bailleul\"},{\"@type\":\"BreadcrumbList\",\"@id\":\"https:\/\/vpdanses.fr\/home\/bienvenue-chez-vp-danses-hazebrouck\/evenement\/cours-particuliers-de-danse-sportive-latines-avec-sven-balcerzak-isbergues\/#breadcrumb\",\"itemListElement\":[{\"@type\":\"ListItem\",\"position\":1,\"name\":\"Accueil\",\"item\":\"https:\/\/vpdanses.fr\/home\/bienvenue-chez-vp-danses-hazebrouck\/\"},{\"@type\":\"ListItem\",\"position\":2,\"name\":\"\u00c9v\u00e8nements\",\"item\":\"https:\/\/vpdanses.fr\/home\/bienvenue-chez-vp-danses-hazebrouck\/dates\/\"},{\"@type\":\"ListItem\",\"position\":3,\"name\":\"Cours Particuliers de Danses Latines avec Sven BALCERZAK (Isbergues)\"}]},{\"@type\":\"WebSite\",\"@id\":\"https:\/\/vpdanses.fr\/home\/bienvenue-chez-vp-danses-hazebrouck\/#website\",\"url\":\"https:\/\/vpdanses.fr\/home\/bienvenue-chez-vp-danses-hazebrouck\/\",\"name\":\"VP DANSES, cours de Danse Sportive \u00e0 Aire-sur-la-Lys et \u00e0 Saint-Jans-Cappel (Hauts-de-France)\",\"description\":\"Cours de Danse Sportive STANDARD (valse anglaise, tango, valse viennoise, slowfox, quickstep), danses sportives LATINES (samba, chacha, rumba, paso doble, jive), danses de bal, danses de salons, danses de loisirs, salsa, rock 4 temps, rock 6 temps, danses en ligne, disco, \u2026 Lieu : Hazebrouck, Aire-sur-la-Lys, Saint-Jans-Cappel et Isbergues (Hauts-de-France) - Cours Particuliers dans les Hauts-de-France - Ouverture de bal de Mariage\",\"publisher\":{\"@id\":\"https:\/\/vpdanses.fr\/home\/bienvenue-chez-vp-danses-hazebrouck\/#organization\"},\"potentialAction\":[{\"@type\":\"SearchAction\",\"target\":{\"@type\":\"EntryPoint\",\"urlTemplate\":\"https:\/\/vpdanses.fr\/home\/bienvenue-chez-vp-danses-hazebrouck\/?s={search_term_string}\"},\"query-input\":{\"@type\":\"PropertyValueSpecification\",\"valueRequired\":true,\"valueName\":\"search_term_string\"}}],\"inLanguage\":\"fr-FR\"},{\"@type\":\"Organization\",\"@id\":\"https:\/\/vpdanses.fr\/home\/bienvenue-chez-vp-danses-hazebrouck\/#organization\",\"name\":\"VP DANSES, cours de Danse Sportive \u00e0 Aire-sur-la-Lys et \u00e0 Saint-Jans-Cappel (Hauts-de-France)\",\"url\":\"https:\/\/vpdanses.fr\/home\/bienvenue-chez-vp-danses-hazebrouck\/\",\"logo\":{\"@type\":\"ImageObject\",\"inLanguage\":\"fr-FR\",\"@id\":\"https:\/\/vpdanses.fr\/home\/bienvenue-chez-vp-danses-hazebrouck\/#\/schema\/logo\/image\/\",\"url\":\"https:\/\/vpdanses.fr\/wp-content\/uploads\/2024\/10\/logo_cadanse_asaintjans.jpeg\",\"contentUrl\":\"https:\/\/vpdanses.fr\/wp-content\/uploads\/2024\/10\/logo_cadanse_asaintjans.jpeg\",\"width\":225,\"height\":225,\"caption\":\"VP DANSES, cours de Danse Sportive \u00e0 Aire-sur-la-Lys et \u00e0 Saint-Jans-Cappel (Hauts-de-France)\"},\"image\":{\"@id\":\"https:\/\/vpdanses.fr\/home\/bienvenue-chez-vp-danses-hazebrouck\/#\/schema\/logo\/image\/\"}}]}<\/script>\n<!-- \/ Yoast SEO Premium plugin. -->","yoast_head_json":{"title":"Cours Particuliers de Danses Latines avec Sven BALCERZAK (Isbergues) - VP DANSES, cours de Danse Sportive \u00e0 Aire-sur-la-Lys et \u00e0 Saint-Jans-Cappel (Hauts-de-France)","description":"Cours particulier de danses latines et standards dispens\u00e9s par le professeur et coach Sven BALCERZAK \u00e0 Isbergues (62330), sous l'\u00e9gide de la FFdanse.","robots":{"index":"index","follow":"follow","max-snippet":"max-snippet:-1","max-image-preview":"max-image-preview:large","max-video-preview":"max-video-preview:-1"},"canonical":"https:\/\/vpdanses.fr\/home\/bienvenue-chez-vp-danses-hazebrouck\/evenement\/cours-particuliers-de-danse-sportive-latines-avec-sven-balcerzak-isbergues\/","og_locale":"fr_FR","og_type":"article","og_title":"Cours particuliers de Danse Sportive Latines & Standards avec Sven BALCERZAK","og_description":"Cours particulier de danses latines et standards dispens\u00e9s par le professeur et coach Sven BALCERZAK \u00e0 Isbergues (62330), sous l'\u00e9gide de la FFdanse.","og_url":"https:\/\/vpdanses.fr\/home\/bienvenue-chez-vp-danses-hazebrouck\/evenement\/cours-particuliers-de-danse-sportive-latines-avec-sven-balcerzak-isbergues\/","og_site_name":"VP DANSES, cours de Danse Sportive \u00e0 Aire-sur-la-Lys et \u00e0 Saint-Jans-Cappel (Hauts-de-France)","article_modified_time":"2025-05-12T16:32:21+00:00","og_image":[{"width":2420,"height":1028,"url":"https:\/\/vpdanses.fr\/wp-content\/uploads\/2025\/05\/Capture-decran-2025-05-03-a-21.09.16.png","type":"image\/png"}],"twitter_card":"summary_large_image","twitter_title":"Cours Particuliers de Danses Latines avec Sven BALCERZAK (Isbergues)","twitter_misc":{"Dur\u00e9e de lecture estim\u00e9e":"1 minute"},"schema":{"@context":"https:\/\/schema.org","@graph":[{"@type":"WebPage","@id":"https:\/\/vpdanses.fr\/home\/bienvenue-chez-vp-danses-hazebrouck\/evenement\/cours-particuliers-de-danse-sportive-latines-avec-sven-balcerzak-isbergues\/","url":"https:\/\/vpdanses.fr\/home\/bienvenue-chez-vp-danses-hazebrouck\/evenement\/cours-particuliers-de-danse-sportive-latines-avec-sven-balcerzak-isbergues\/","name":"Cours Particuliers de Danses Latines avec Sven BALCERZAK (Isbergues) - VP DANSES, cours de Danse Sportive \u00e0 Aire-sur-la-Lys et \u00e0 Saint-Jans-Cappel (Hauts-de-France)","isPartOf":{"@id":"https:\/\/vpdanses.fr\/home\/bienvenue-chez-vp-danses-hazebrouck\/#website"},"primaryImageOfPage":{"@id":"https:\/\/vpdanses.fr\/home\/bienvenue-chez-vp-danses-hazebrouck\/evenement\/cours-particuliers-de-danse-sportive-latines-avec-sven-balcerzak-isbergues\/#primaryimage"},"image":{"@id":"https:\/\/vpdanses.fr\/home\/bienvenue-chez-vp-danses-hazebrouck\/evenement\/cours-particuliers-de-danse-sportive-latines-avec-sven-balcerzak-isbergues\/#primaryimage"},"thumbnailUrl":"https:\/\/vpdanses.fr\/wp-content\/uploads\/2025\/05\/Capture-decran-2025-05-03-a-21.09.16.png","datePublished":"2025-05-12T16:30:35+00:00","dateModified":"2025-05-12T16:32:21+00:00","description":"Cours particulier de danses latines et standards dispens\u00e9s par le professeur et coach Sven BALCERZAK \u00e0 Isbergues (62330), sous l'\u00e9gide de la FFdanse.","breadcrumb":{"@id":"https:\/\/vpdanses.fr\/home\/bienvenue-chez-vp-danses-hazebrouck\/evenement\/cours-particuliers-de-danse-sportive-latines-avec-sven-balcerzak-isbergues\/#breadcrumb"},"inLanguage":"fr-FR","potentialAction":[{"@type":"ReadAction","target":["https:\/\/vpdanses.fr\/home\/bienvenue-chez-vp-danses-hazebrouck\/evenement\/cours-particuliers-de-danse-sportive-latines-avec-sven-balcerzak-isbergues\/"]}]},{"@type":"ImageObject","inLanguage":"fr-FR","@id":"https:\/\/vpdanses.fr\/home\/bienvenue-chez-vp-danses-hazebrouck\/evenement\/cours-particuliers-de-danse-sportive-latines-avec-sven-balcerzak-isbergues\/#primaryimage","url":"https:\/\/vpdanses.fr\/wp-content\/uploads\/2025\/05\/Capture-decran-2025-05-03-a-21.09.16.png","contentUrl":"https:\/\/vpdanses.fr\/wp-content\/uploads\/2025\/05\/Capture-decran-2025-05-03-a-21.09.16.png","width":2420,"height":1028,"caption":"Sven BALCERZAK, professeur de Danse Sportive Latines & Standards, Hauts-de-France, Hazebrouck, Ca\u00ebstre, Isbergues, Bailleul"},{"@type":"BreadcrumbList","@id":"https:\/\/vpdanses.fr\/home\/bienvenue-chez-vp-danses-hazebrouck\/evenement\/cours-particuliers-de-danse-sportive-latines-avec-sven-balcerzak-isbergues\/#breadcrumb","itemListElement":[{"@type":"ListItem","position":1,"name":"Accueil","item":"https:\/\/vpdanses.fr\/home\/bienvenue-chez-vp-danses-hazebrouck\/"},{"@type":"ListItem","position":2,"name":"\u00c9v\u00e8nements","item":"https:\/\/vpdanses.fr\/home\/bienvenue-chez-vp-danses-hazebrouck\/dates\/"},{"@type":"ListItem","position":3,"name":"Cours Particuliers de Danses Latines avec Sven BALCERZAK (Isbergues)"}]},{"@type":"WebSite","@id":"https:\/\/vpdanses.fr\/home\/bienvenue-chez-vp-danses-hazebrouck\/#website","url":"https:\/\/vpdanses.fr\/home\/bienvenue-chez-vp-danses-hazebrouck\/","name":"VP DANSES, cours de Danse Sportive \u00e0 Aire-sur-la-Lys et \u00e0 Saint-Jans-Cappel (Hauts-de-France)","description":"Cours de Danse Sportive STANDARD (valse anglaise, tango, valse viennoise, slowfox, quickstep), danses sportives LATINES (samba, chacha, rumba, paso doble, jive), danses de bal, danses de salons, danses de loisirs, salsa, rock 4 temps, rock 6 temps, danses en ligne, disco, \u2026 Lieu : Hazebrouck, Aire-sur-la-Lys, Saint-Jans-Cappel et Isbergues (Hauts-de-France) - Cours Particuliers dans les Hauts-de-France - Ouverture de bal de Mariage","publisher":{"@id":"https:\/\/vpdanses.fr\/home\/bienvenue-chez-vp-danses-hazebrouck\/#organization"},"potentialAction":[{"@type":"SearchAction","target":{"@type":"EntryPoint","urlTemplate":"https:\/\/vpdanses.fr\/home\/bienvenue-chez-vp-danses-hazebrouck\/?s={search_term_string}"},"query-input":{"@type":"PropertyValueSpecification","valueRequired":true,"valueName":"search_term_string"}}],"inLanguage":"fr-FR"},{"@type":"Organization","@id":"https:\/\/vpdanses.fr\/home\/bienvenue-chez-vp-danses-hazebrouck\/#organization","name":"VP DANSES, cours de Danse Sportive \u00e0 Aire-sur-la-Lys et \u00e0 Saint-Jans-Cappel (Hauts-de-France)","url":"https:\/\/vpdanses.fr\/home\/bienvenue-chez-vp-danses-hazebrouck\/","logo":{"@type":"ImageObject","inLanguage":"fr-FR","@id":"https:\/\/vpdanses.fr\/home\/bienvenue-chez-vp-danses-hazebrouck\/#\/schema\/logo\/image\/","url":"https:\/\/vpdanses.fr\/wp-content\/uploads\/2024\/10\/logo_cadanse_asaintjans.jpeg","contentUrl":"https:\/\/vpdanses.fr\/wp-content\/uploads\/2024\/10\/logo_cadanse_asaintjans.jpeg","width":225,"height":225,"caption":"VP DANSES, cours de Danse Sportive \u00e0 Aire-sur-la-Lys et \u00e0 Saint-Jans-Cappel (Hauts-de-France)"},"image":{"@id":"https:\/\/vpdanses.fr\/home\/bienvenue-chez-vp-danses-hazebrouck\/#\/schema\/logo\/image\/"}}]}},"uagb_featured_image_src":{"full":["https:\/\/vpdanses.fr\/wp-content\/uploads\/2025\/05\/Capture-decran-2025-05-03-a-21.09.16.png",2420,1028,false],"thumbnail":["https:\/\/vpdanses.fr\/wp-content\/uploads\/2025\/05\/Capture-decran-2025-05-03-a-21.09.16-150x150.png",150,150,true],"medium":["https:\/\/vpdanses.fr\/wp-content\/uploads\/2025\/05\/Capture-decran-2025-05-03-a-21.09.16-300x127.png",300,127,true],"medium_large":["https:\/\/vpdanses.fr\/wp-content\/uploads\/2025\/05\/Capture-decran-2025-05-03-a-21.09.16-768x326.png",768,326,true],"large":["https:\/\/vpdanses.fr\/wp-content\/uploads\/2025\/05\/Capture-decran-2025-05-03-a-21.09.16-1024x435.png",1024,435,true],"1536x1536":["https:\/\/vpdanses.fr\/wp-content\/uploads\/2025\/05\/Capture-decran-2025-05-03-a-21.09.16-1536x652.png",1536,652,true],"2048x2048":["https:\/\/vpdanses.fr\/wp-content\/uploads\/2025\/05\/Capture-decran-2025-05-03-a-21.09.16-2048x870.png",2048,870,true],"vp_sm":["https:\/\/vpdanses.fr\/wp-content\/uploads\/2025\/05\/Capture-decran-2025-05-03-a-21.09.16-500x212.png",500,212,true],"vp_md":["https:\/\/vpdanses.fr\/wp-content\/uploads\/2025\/05\/Capture-decran-2025-05-03-a-21.09.16-800x340.png",800,340,true],"vp_lg":["https:\/\/vpdanses.fr\/wp-content\/uploads\/2025\/05\/Capture-decran-2025-05-03-a-21.09.16-1280x544.png",1280,544,true],"vp_xl":["https:\/\/vpdanses.fr\/wp-content\/uploads\/2025\/05\/Capture-decran-2025-05-03-a-21.09.16-1920x816.png",1920,816,true],"vp_sm_popup":["https:\/\/vpdanses.fr\/wp-content\/uploads\/2025\/05\/Capture-decran-2025-05-03-a-21.09.16-500x212.png",500,212,true],"vp_md_popup":["https:\/\/vpdanses.fr\/wp-content\/uploads\/2025\/05\/Capture-decran-2025-05-03-a-21.09.16-800x340.png",800,340,true],"vp_xl_popup":["https:\/\/vpdanses.fr\/wp-content\/uploads\/2025\/05\/Capture-decran-2025-05-03-a-21.09.16-1920x816.png",1920,816,true],"dance-blog-thumb":["https:\/\/vpdanses.fr\/wp-content\/uploads\/2025\/05\/Capture-decran-2025-05-03-a-21.09.16-150x120.png",150,120,true],"dance-event-list":["https:\/\/vpdanses.fr\/wp-content\/uploads\/2025\/05\/Capture-decran-2025-05-03-a-21.09.16-420x336.png",420,336,true],"dance-event-single-type1":["https:\/\/vpdanses.fr\/wp-content\/uploads\/2025\/05\/Capture-decran-2025-05-03-a-21.09.16-773x520.png",773,520,true],"dance-event-single-type4":["https:\/\/vpdanses.fr\/wp-content\/uploads\/2025\/05\/Capture-decran-2025-05-03-a-21.09.16-570x460.png",570,460,true],"dance-event-single-type5":["https:\/\/vpdanses.fr\/wp-content\/uploads\/2025\/05\/Capture-decran-2025-05-03-a-21.09.16-746x770.png",746,770,true],"dance-event-list2":["https:\/\/vpdanses.fr\/wp-content\/uploads\/2025\/05\/Capture-decran-2025-05-03-a-21.09.16-420x275.png",420,275,true]},"uagb_author_info":{"display_name":"VP DANSES","author_link":"https:\/\/vpdanses.fr\/home\/bienvenue-chez-vp-danses-hazebrouck\/author\/adminvp20241018\/"},"uagb_comment_info":0,"uagb_excerpt":"Cours particuliers de Danse Sportive Latines avec Sven BALCERZAK \u00e0 ISBERGUES (62330). Notre dernier cours avant les CHAMPIONNATS DE FRANCE 2025 organis\u00e9s \u00e0 Paris 13 \u00e8me, le samedi 17\/05\/2025.","jetpack_sharing_enabled":true,"ticketed":false,"_links":{"self":[{"href":"https:\/\/vpdanses.fr\/home\/bienvenue-chez-vp-danses-hazebrouck\/wp-json\/wp\/v2\/tribe_events\/13025","targetHints":{"allow":["GET"]}}],"collection":[{"href":"https:\/\/vpdanses.fr\/home\/bienvenue-chez-vp-danses-hazebrouck\/wp-json\/wp\/v2\/tribe_events"}],"about":[{"href":"https:\/\/vpdanses.fr\/home\/bienvenue-chez-vp-danses-hazebrouck\/wp-json\/wp\/v2\/types\/tribe_events"}],"author":[{"embeddable":true,"href":"https:\/\/vpdanses.fr\/home\/bienvenue-chez-vp-danses-hazebrouck\/wp-json\/wp\/v2\/users\/1"}],"version-history":[{"count":3,"href":"https:\/\/vpdanses.fr\/home\/bienvenue-chez-vp-danses-hazebrouck\/wp-json\/wp\/v2\/tribe_events\/13025\/revisions"}],"predecessor-version":[{"id":13037,"href":"https:\/\/vpdanses.fr\/home\/bienvenue-chez-vp-danses-hazebrouck\/wp-json\/wp\/v2\/tribe_events\/13025\/revisions\/13037"}],"wp:featuredmedia":[{"embeddable":true,"href":"https:\/\/vpdanses.fr\/home\/bienvenue-chez-vp-danses-hazebrouck\/wp-json\/wp\/v2\/media\/12823"}],"wp:attachment":[{"href":"https:\/\/vpdanses.fr\/home\/bienvenue-chez-vp-danses-hazebrouck\/wp-json\/wp\/v2\/media?parent=13025"}],"wp:term":[{"taxonomy":"post_tag","embeddable":true,"href":"https:\/\/vpdanses.fr\/home\/bienvenue-chez-vp-danses-hazebrouck\/wp-json\/wp\/v2\/tags?post=13025"},{"taxonomy":"tribe_events_cat","embeddable":true,"href":"https:\/\/vpdanses.fr\/home\/bienvenue-chez-vp-danses-hazebrouck\/wp-json\/wp\/v2\/tribe_events_cat?post=13025"}],"curies":[{"name":"wp","href":"https:\/\/api.w.org\/{rel}","templated":true}]}}