{"id":13220,"date":"2025-05-16T21:30:57","date_gmt":"2025-05-16T19:30:57","guid":{"rendered":"https:\/\/vpdanses.fr\/home\/bienvenue-chez-vp-danses-hazebrouck\/?post_type=tribe_events&#038;p=13220"},"modified":"2025-06-11T06:22:37","modified_gmt":"2025-06-11T04:22:37","slug":"nk-wdc-dutch-al-2025-de-bonte-wever-assen-vp-danses-danse-sportive","status":"publish","type":"tribe_events","link":"https:\/\/vpdanses.fr\/home\/bienvenue-chez-vp-danses-hazebrouck\/evenement\/nk-wdc-dutch-al-2025-de-bonte-wever-assen-vp-danses-danse-sportive\/","title":{"rendered":"NK WDC Dutch Amateur League 2025, de Bonte Wever, Assen"},"content":{"rendered":"<div  class=\"tribe-events-schedule tribe-clearfix\" >\n\t<p class=\"tribe-events-schedule__datetime\">\n\t\t<span class=\"tribe-events-schedule__date tribe-events-schedule__date--start\">\n\t\t\t14 juin 2025\t\t<\/span>\n\n\t\t\t\t\t<span class=\"tribe-events-schedule__separator tribe-events-schedule__separator--date\">\n\t\t\t\t &gt; \t\t\t<\/span>\n\t\t\t<span class=\"tribe-events-schedule__time tribe-events-schedule__time--start\">\n\t\t\t\t8h00\t\t\t<\/span>\n\t\t\n\t\t\t\t\t\t\t\t\t<span class=\"tribe-events-schedule__separator tribe-events-schedule__separator--time\">\n\t\t\t\t\t &#8211; \t\t\t\t<\/span>\n\t\t\t\n\t\t\t\t\t\t\t<span class=\"tribe-events-schedule__time tribe-events-schedule__time--end\">\n\t\t\t\t\t21h00\t\t\t\t<\/span>\n\t\t\t\n\t\t\t\t\t\t\t<span class=\"tribe-events-schedule__timezone\">CEST<\/span>\n\t\t\t\t\t\t<\/p>\n<\/div>\n\n\n\n<div style=\"height:34px\" aria-hidden=\"true\" class=\"wp-block-spacer\"><\/div>\n\n\n<div class=\"tribe-events-event-image\"><noscript><img loading=\"lazy\" decoding=\"async\" width=\"1132\" height=\"1600\" data-skip-lazy src=\"https:\/\/vpdanses.fr\/wp-content\/uploads\/2025\/05\/2025-06-14.Affiche_WDC-AL_dutch_Amateur_League_Assen.jpg\" class=\"attachment-full size-full wp-post-image\" alt=\"NK WDC-AL Dutch Amateur League, Affiche ASSEN 2025\" srcset=\"https:\/\/vpdanses.fr\/wp-content\/uploads\/2025\/05\/2025-06-14.Affiche_WDC-AL_dutch_Amateur_League_Assen.jpg 1132w, https:\/\/vpdanses.fr\/wp-content\/uploads\/2025\/05\/2025-06-14.Affiche_WDC-AL_dutch_Amateur_League_Assen-212x300.jpg 212w, https:\/\/vpdanses.fr\/wp-content\/uploads\/2025\/05\/2025-06-14.Affiche_WDC-AL_dutch_Amateur_League_Assen-724x1024.jpg 724w, https:\/\/vpdanses.fr\/wp-content\/uploads\/2025\/05\/2025-06-14.Affiche_WDC-AL_dutch_Amateur_League_Assen-768x1086.jpg 768w, https:\/\/vpdanses.fr\/wp-content\/uploads\/2025\/05\/2025-06-14.Affiche_WDC-AL_dutch_Amateur_League_Assen-1087x1536.jpg 1087w, https:\/\/vpdanses.fr\/wp-content\/uploads\/2025\/05\/2025-06-14.Affiche_WDC-AL_dutch_Amateur_League_Assen-500x707.jpg 500w, https:\/\/vpdanses.fr\/wp-content\/uploads\/2025\/05\/2025-06-14.Affiche_WDC-AL_dutch_Amateur_League_Assen-800x1131.jpg 800w\" sizes=\"auto, (max-width: 1132px) 100vw, 1132px\" \/><\/noscript><img fetchpriority=\"high\" decoding=\"async\" width=\"1132\" height=\"1600\" src=\"https:\/\/vpdanses.fr\/wp-content\/uploads\/2025\/05\/2025-06-14.Affiche_WDC-AL_dutch_Amateur_League_Assen.jpg\" class=\"attachment-full size-full wp-post-image vp-lazyload\" alt=\"NK WDC-AL Dutch Amateur League, Affiche ASSEN 2025\" srcset=\"data:image\/svg+xml;base64,PHN2ZyB3aWR0aD0iMTEzMiIgaGVpZ2h0PSIxNjAwIiB2aWV3Qm94PSIwIDAgMTEzMiAxNjAwIiBmaWxsPSJub25lIiB4bWxucz0iaHR0cDovL3d3dy53My5vcmcvMjAwMC9zdmciPjwvc3ZnPg==\" data-src=\"https:\/\/vpdanses.fr\/wp-content\/uploads\/2025\/05\/2025-06-14.Affiche_WDC-AL_dutch_Amateur_League_Assen.jpg\" data-srcset=\"https:\/\/vpdanses.fr\/wp-content\/uploads\/2025\/05\/2025-06-14.Affiche_WDC-AL_dutch_Amateur_League_Assen.jpg 1132w, https:\/\/vpdanses.fr\/wp-content\/uploads\/2025\/05\/2025-06-14.Affiche_WDC-AL_dutch_Amateur_League_Assen-212x300.jpg 212w, https:\/\/vpdanses.fr\/wp-content\/uploads\/2025\/05\/2025-06-14.Affiche_WDC-AL_dutch_Amateur_League_Assen-724x1024.jpg 724w, https:\/\/vpdanses.fr\/wp-content\/uploads\/2025\/05\/2025-06-14.Affiche_WDC-AL_dutch_Amateur_League_Assen-768x1086.jpg 768w, https:\/\/vpdanses.fr\/wp-content\/uploads\/2025\/05\/2025-06-14.Affiche_WDC-AL_dutch_Amateur_League_Assen-1087x1536.jpg 1087w, https:\/\/vpdanses.fr\/wp-content\/uploads\/2025\/05\/2025-06-14.Affiche_WDC-AL_dutch_Amateur_League_Assen-500x707.jpg 500w, https:\/\/vpdanses.fr\/wp-content\/uploads\/2025\/05\/2025-06-14.Affiche_WDC-AL_dutch_Amateur_League_Assen-800x1131.jpg 800w\" data-sizes=\"auto\" loading=\"eager\"><\/div>\n\n\n<div style=\"height:34px\" aria-hidden=\"true\" class=\"wp-block-spacer\"><\/div>\n\n\n\n<div class=\"wp-block-uagb-separator uagb-block-51553dc3 wp-block-uagb-separator--text\"><div class=\"wp-block-uagb-separator__inner\" style=\"--my-background-image:\"><div class=\"wp-block-uagb-separator-element\"><h4 class=\"uagb-html-tag\">VP DANSES \u00e0 Assen, Pays-Bas<\/h4><\/div><\/div><\/div>\n\n\n\n<p>VP DANSES participera \u00e0 la comp\u00e9tition NK <strong><a href=\"https:\/\/www.wdcamateurleague.com\/wdc-al-world-super-series\/index.php?set_calendar_month=0&amp;set_calendar_year=2025&amp;set_calendar_type=0&amp;set_calendar_results=0&amp;\" target=\"_blank\" rel=\"noreferrer noopener\">WDC-AL Dutch Amateur League<\/a><\/strong> \u00e0 ASSEN le samedi 14\/06\/2025, Pays-Bas.<\/p>\n\n\n\n<div style=\"height:34px\" aria-hidden=\"true\" class=\"wp-block-spacer\"><\/div>\n\n\n\n<div class=\"wp-block-uagb-separator uagb-block-c3215bdb wp-block-uagb-separator--text\"><div class=\"wp-block-uagb-separator__inner\" style=\"--my-background-image:\"><div class=\"wp-block-uagb-separator-element\"><h4 class=\"uagb-html-tag\">Les juges<\/h4><\/div><\/div><\/div>\n\n\n\n<div class=\"wp-block-media-text is-stacked-on-mobile\"><figure class=\"wp-block-media-text__media\"><noscript><img loading=\"lazy\" decoding=\"async\" width=\"687\" height=\"1024\" data-skip-lazy src=\"https:\/\/vpdanses.fr\/wp-content\/uploads\/2025\/05\/International_judges_IMG_6858-687x1024.jpg\" alt=\"Les juges du NK WDC-AL Assen 2025, Netherlands\" class=\"wp-image-13407 size-full\" srcset=\"https:\/\/vpdanses.fr\/wp-content\/uploads\/2025\/05\/International_judges_IMG_6858-687x1024.jpg 687w, https:\/\/vpdanses.fr\/wp-content\/uploads\/2025\/05\/International_judges_IMG_6858-201x300.jpg 201w, https:\/\/vpdanses.fr\/wp-content\/uploads\/2025\/05\/International_judges_IMG_6858-768x1145.jpg 768w, https:\/\/vpdanses.fr\/wp-content\/uploads\/2025\/05\/International_judges_IMG_6858-1030x1536.jpg 1030w, https:\/\/vpdanses.fr\/wp-content\/uploads\/2025\/05\/International_judges_IMG_6858-500x745.jpg 500w, https:\/\/vpdanses.fr\/wp-content\/uploads\/2025\/05\/International_judges_IMG_6858-800x1192.jpg 800w, https:\/\/vpdanses.fr\/wp-content\/uploads\/2025\/05\/International_judges_IMG_6858.jpg 1170w\" sizes=\"auto, (max-width: 687px) 100vw, 687px\" \/><\/noscript><img loading=\"eager\" decoding=\"async\" width=\"687\" height=\"1024\" src=\"https:\/\/vpdanses.fr\/wp-content\/uploads\/2025\/05\/International_judges_IMG_6858-687x1024.jpg\" alt=\"Les juges du NK WDC-AL Assen 2025, Netherlands\" class=\"wp-image-13407 size-full vp-lazyload\" srcset=\"data:image\/svg+xml;base64,PHN2ZyB3aWR0aD0iNjg3IiBoZWlnaHQ9IjEwMjQiIHZpZXdCb3g9IjAgMCA2ODcgMTAyNCIgZmlsbD0ibm9uZSIgeG1sbnM9Imh0dHA6Ly93d3cudzMub3JnLzIwMDAvc3ZnIj48L3N2Zz4=\" data-src=\"https:\/\/vpdanses.fr\/wp-content\/uploads\/2025\/05\/International_judges_IMG_6858-687x1024.jpg\" data-srcset=\"https:\/\/vpdanses.fr\/wp-content\/uploads\/2025\/05\/International_judges_IMG_6858-687x1024.jpg 687w, https:\/\/vpdanses.fr\/wp-content\/uploads\/2025\/05\/International_judges_IMG_6858-201x300.jpg 201w, https:\/\/vpdanses.fr\/wp-content\/uploads\/2025\/05\/International_judges_IMG_6858-768x1145.jpg 768w, https:\/\/vpdanses.fr\/wp-content\/uploads\/2025\/05\/International_judges_IMG_6858-1030x1536.jpg 1030w, https:\/\/vpdanses.fr\/wp-content\/uploads\/2025\/05\/International_judges_IMG_6858-500x745.jpg 500w, https:\/\/vpdanses.fr\/wp-content\/uploads\/2025\/05\/International_judges_IMG_6858-800x1192.jpg 800w, https:\/\/vpdanses.fr\/wp-content\/uploads\/2025\/05\/International_judges_IMG_6858.jpg 1170w\" data-sizes=\"auto\"><\/figure><div class=\"wp-block-media-text__content\">\n<p><\/p>\n\n\n\n<ul class=\"wp-block-list\">\n<li><strong><a href=\"https:\/\/www.facebook.com\/valerio.colantoni\" target=\"_blank\" rel=\"noreferrer noopener\">Valerio COLANTONI<\/a><\/strong><\/li>\n\n\n\n<li><strong><a href=\"https:\/\/www.facebook.com\/diego.arias.1011\" target=\"_blank\" rel=\"noreferrer noopener\">Diego ARIAS PRADO<\/a><\/strong><\/li>\n\n\n\n<li><strong><a href=\"https:\/\/www.facebook.com\/jeanpierre.depelsmacker\" target=\"_blank\" rel=\"noreferrer noopener\">Jean-Pierre De PELSMACKER<\/a><\/strong><\/li>\n\n\n\n<li><strong><a href=\"https:\/\/www.facebook.com\/gudrun.vandurme.5\" target=\"_blank\" rel=\"noreferrer noopener\">Gundrun VAN DURME<\/a><\/strong><\/li>\n\n\n\n<li><strong><a href=\"https:\/\/www.facebook.com\/darren.hammond.90\" target=\"_blank\" rel=\"noreferrer noopener\">Darren HAMMOND<\/a><\/strong><\/li>\n\n\n\n<li><strong><a href=\"https:\/\/www.facebook.com\/oliviazhangzhen\" target=\"_blank\" rel=\"noreferrer noopener\">Olivia ZHANG<\/a><\/strong><\/li>\n\n\n\n<li><strong><a href=\"https:\/\/www.facebook.com\/marina.steshenko.39\" target=\"_blank\" rel=\"noreferrer noopener\">Marina STESHENKO<\/a><\/strong><\/li>\n\n\n\n<li><strong><a href=\"https:\/\/www.facebook.com\/nancy.bertiii\" target=\"_blank\" rel=\"noreferrer noopener\">Nancy BERTI<\/a><\/strong><\/li>\n\n\n\n<li><strong><a href=\"https:\/\/www.facebook.com\/barbara.mccoll.5\/\" target=\"_blank\" rel=\"noreferrer noopener\">Barbara Mc Coll Stopford<\/a><\/strong><\/li>\n<\/ul>\n<\/div><\/div>\n\n\n\n<div style=\"height:34px\" aria-hidden=\"true\" class=\"wp-block-spacer\"><\/div>\n\n\n<div  class=\"tribe-block tribe-block__organizer__details tribe-clearfix\" >\n\t<div class=\"tribe-block__organizer__title\">\n\t\t<h3><a href=\"https:\/\/vpdanses.fr\/home\/bienvenue-chez-vp-danses-hazebrouck\/organisateur\/dance-masters-nl\/\" title=\"Dance Masters NL\" target=\"_self\" rel=\"\">Dance Masters NL<\/a><\/h3>\n\t<\/div>\n\t\t\t\t<p class=\"tribe-block__organizer__website\"><a href=\"https:\/\/www.facebook.com\/DanceMastersnl\/\" target=\"_self\" rel=\"external\">Voir le site Organisateur<\/a><\/p>\n\t\t\t\t<p class=\"tribe-block__organizer__email\">&#115;ec&#114;et&#097;&#114;i&#097;&#097;&#116;&#064;da&#110;&#099;&#101;m&#097;s&#116;&#101;&#114;&#115;&#046;&#110;l<\/p>\n\t<\/div>\n\n\n<div  class=\"tribe-block tribe-block__venue tribe-clearfix tribe-block__venue--has-map\" >\n\t\n\t\n<div class=\"tribe-block__venue__meta\">\n\t<div class=\"tribe-block__venue__name\">\n\t\t<h3><a href=\"https:\/\/vpdanses.fr\/home\/bienvenue-chez-vp-danses-hazebrouck\/lieu\/de-bonte-wever-assen\/\" title=\"de Bonte Wever, Assen\">de Bonte Wever, Assen<\/a><\/h3>\n\t<\/div>\n\n\t\n\t\t\t\t\t\t<address class=\"tribe-block__venue__address\">\n\t\t\t\t<span class=\"tribe-address\">\n\n<span class=\"tribe-street-address\">Stadsbroek 17<\/span>\n\t\n\t\t<br>\n\t\t<span class=\"tribe-locality\">ASSEN<\/span><span class=\"tribe-delimiter\">,<\/span>\n\n\n\t<span class=\"tribe-postal-code\">9405 BK<\/span>\n\n\t<span class=\"tribe-country-name\">Netherlands<\/span>\n\n<\/span>\n\n\t\t\t\t\t\t\t\t\t<a class=\"tribe-events-gmap\" href=\"https:\/\/maps.google.com\/maps?f=q&#038;source=s_q&#038;hl=en&#038;geocode=&#038;q=Stadsbroek+17+ASSEN+9405+BK+Netherlands\" title=\"Cliquez pour voir une carte Google Map\" target=\"_blank\" rel=\"noreferrer noopener\">+ Google Map<\/a>\t\t\t\t\t\t\t<\/address>\n\t\t\n\t\t\t\t\t<span class=\"tribe-block__venue__phone\">0031-592-356 000<\/span><br \/>\n\t\t\n\t\t\t\t\t<span class=\"tribe-block__venue__website\"><a href=\"https:\/\/www.debontewever.nl\/en\/\" target=\"_self\" rel=\"external\">Voir Lieu site web<\/a><\/span><br \/>\n\t\t\t\n\t<\/div>\n\t\n<div class=\"tribe-block__venue__map\">\n\t\n<iframe loading=\"lazy\"\n  title=\"L\u2018iframe Google maps affichant l\u2019adresse \u00e0 de Bonte Wever, Assen\"\n  aria-label=\"Plan des lieux\"\n  width=\"310px\"\n  height=\"256px\"\n  frameborder=\"0\" style=\"border:0\"\n  src=\"https:\/\/www.google.com\/maps\/embed\/v1\/place?key=AIzaSyDNsicAsP6-VuGtAb1O9riI3oc_NOb7IOU&#038;q=Stadsbroek+17+ASSEN+9405+BK+Netherlands+&#038;zoom=11\" allowfullscreen>\n<\/iframe>\n<\/div>\n\n\t<\/div>\n\n\n<div  class=\"tribe-block tribe-block__event-website\" >\n\t<a\n\t\thref=\"https:\/\/www.dancemasters.nl\/algemeen-dancemasters\/dance-masters\/agenda\/277-nk-wdc-dutch-al-2025\"\n\t\ttarget=\"_self\"\n\t\t\t>\n\t\tSite internet de l&#039;Organisateur\t<\/a>\n<\/div>\n\n\n\t<div  class=\"tribe-block tribe-block__events-link\" >\n\t\t<div class=\"tribe-events tribe-common\">\n\t\t\t<div class=\"tribe-events-c-subscribe-dropdown__container\">\n\t\t\t\t<div class=\"tribe-events-c-subscribe-dropdown\">\n\t\t\t\t\t<div class=\"tribe-common-c-btn-border tribe-events-c-subscribe-dropdown__button\">\n\t\t\t\t\t\t<svg\n\t class=\"tribe-common-c-svgicon tribe-common-c-svgicon--cal-export tribe-events-c-subscribe-dropdown__export-icon\" \taria-hidden=\"true\"\n\tviewBox=\"0 0 23 17\"\n\txmlns=\"http:\/\/www.w3.org\/2000\/svg\"\n>\n\t<path fill-rule=\"evenodd\" clip-rule=\"evenodd\" d=\"M.128.896V16.13c0 .211.145.383.323.383h15.354c.179 0 .323-.172.323-.383V.896c0-.212-.144-.383-.323-.383H.451C.273.513.128.684.128.896Zm16 6.742h-.901V4.679H1.009v10.729h14.218v-3.336h.901V7.638ZM1.01 1.614h14.218v2.058H1.009V1.614Z\" \/>\n\t<path d=\"M20.5 9.846H8.312M18.524 6.953l2.89 2.909-2.855 2.855\" stroke-width=\"1.2\" stroke-linecap=\"round\" stroke-linejoin=\"round\"\/>\n<\/svg>\n\t\t\t\t\t\t<button\n\t\t\t\t\t\t\tclass=\"tribe-events-c-subscribe-dropdown__button-text\"\n\t\t\t\t\t\t\taria-expanded=\"false\"\n\t\t\t\t\t\t\taria-controls=\"tribe-events-subscribe-dropdown-content\"\n\t\t\t\t\t\t\taria-label=\"Afficher les liens permettant d\u2019ajouter des \u00e9v\u00e8nements \u00e0 votre calendrier\"\n\t\t\t\t\t\t>\n\t\t\t\t\t\t\tAjouter au calendrier\t\t\t\t\t\t<\/button>\n\t\t\t\t\t\t<svg\n\t class=\"tribe-common-c-svgicon tribe-common-c-svgicon--caret-down tribe-events-c-subscribe-dropdown__button-icon\" \taria-hidden=\"true\"\n\tviewBox=\"0 0 10 7\"\n\txmlns=\"http:\/\/www.w3.org\/2000\/svg\"\n>\n\t<path fill-rule=\"evenodd\" clip-rule=\"evenodd\" d=\"M1.008.609L5 4.6 8.992.61l.958.958L5 6.517.05 1.566l.958-.958z\" class=\"tribe-common-c-svgicon__svg-fill\"\/>\n<\/svg>\n\t\t\t\t\t<\/div>\n\t\t\t\t\t<div id=\"tribe-events-subscribe-dropdown-content\" class=\"tribe-events-c-subscribe-dropdown__content\">\n\t\t\t\t\t\t<ul class=\"tribe-events-c-subscribe-dropdown__list\">\n\t\t\t\t\t\t\t\t\t\t\t\t\t\t\t<li class=\"tribe-events-c-subscribe-dropdown__list-item tribe-events-c-subscribe-dropdown__list-item--gcal\">\n\t\t\t\t\t\t\t\t\t<a\n\t\t\t\t\t\t\t\t\t\thref=\"https:\/\/www.google.com\/calendar\/event?action=TEMPLATE&#038;dates=20250614T080000\/20250614T210000&#038;text=NK%20WDC%20Dutch%20Amateur%20League%202025%2C%20de%20Bonte%20Wever%2C%20Assen&#038;details=%3Cdiv+style%3D%22height%3A34px%22+aria-hidden%3D%22true%22+class%3D%22wp-block-spacer%22%3E%3C%2Fdiv%3E%3Cdiv+style%3D%22height%3A34px%22+aria-hidden%3D%22true%22+class%3D%22wp-block-spacer%22%3E%3C%2Fdiv%3E%3Cdiv+class%3D%22wp-block-uagb-separator+uagb-block-51553dc3+wp-block-uagb-separator--text%22%3E%3Cdiv+class%3D%22wp-block-uagb-separator__inner%22+style%3D%22--my-background-image%3A%22%3E%3Cdiv+class%3D%22wp-block-uagb-separator-element%22%3E%3Ch4+class%3D%22uagb-html-tag%22%3EVP+DANSES+%C3%A0+Assen%2C+Pays-Bas%3C%2Fh4%3E%3C%2Fdiv%3E%3C%2Fdiv%3E%3C%2Fdiv%3E%3Cp%3EVP+DANSES+participera+%C3%A0+la+comp%C3%A9tition+NK+%3Cstrong%3E%3Ca+href%3D%22https%3A%2F%2Fwww.wdcamateurleague.com%2Fwdc-al-world-super-series%2Findex.php%3Fset_calendar_month%3D0%26amp%3Bset_calendar_year%3D2025%26amp%3Bset_calendar_type%3D0%26amp%3Bset_calendar_results%3D0%26amp%3B%22+target%3D%22_blank%22+rel%3D%22noreferrer+noopener%22%3EWDC-AL+Dutch+Amateur+League%3C%2Fa%3E%3C%2Fstrong%3E+%C3%A0+ASSEN+le+samedi+14%2F06%2F2025%2C+Pays-Bas.%3C%2Fp%3E+%3Cdiv+style%3D%22height%3A34px%22+aria-hidden%3D%22true%22+class%3D%22wp-block-spacer%22%3E%3C%2Fdiv%3E%3Cdiv+class%3D%22wp-block-uagb-separator+uagb-block-c3215bdb+wp-block-uagb-separator--text%22%3E%3Cdiv+class%3D%22%3C%2Fdiv%3E%28Voir+toute+la+description+de+%C3%A9v%C3%A8nement+ici%C2%A0%3A+https%3A%2F%2Fvpdanses.fr%2Fhome%2Fbienvenue-chez-vp-danses-hazebrouck%2Fevenement%2Fnk-wdc-dutch-al-2025-de-bonte-wever-assen-vp-danses-danse-sportive%2F%29&#038;location=de%20Bonte%20Wever,%20Assen,%20Stadsbroek%2017,%20ASSEN,%209405%20BK,%20Netherlands&#038;trp=false&#038;ctz=Europe\/Paris&#038;sprop=website:https:\/\/vpdanses.fr\/home\/bienvenue-chez-vp-danses-hazebrouck\"\n\t\t\t\t\t\t\t\t\t\tclass=\"tribe-events-c-subscribe-dropdown__list-item-link\"\n\t\t\t\t\t\t\t\t\t\ttarget=\"_blank\"\n\t\t\t\t\t\t\t\t\t\trel=\"noopener noreferrer nofollow noindex\"\n\t\t\t\t\t\t\t\t\t>\n\t\t\t\t\t\t\t\t\t\tGoogle Agenda\t\t\t\t\t\t\t\t\t<\/a>\n\t\t\t\t\t\t\t\t<\/li>\n\t\t\t\t\t\t\t\t\t\t\t\t\t\t\t<li class=\"tribe-events-c-subscribe-dropdown__list-item tribe-events-c-subscribe-dropdown__list-item--ical\">\n\t\t\t\t\t\t\t\t\t<a\n\t\t\t\t\t\t\t\t\t\thref=\"\"\n\t\t\t\t\t\t\t\t\t\tclass=\"tribe-events-c-subscribe-dropdown__list-item-link\"\n\t\t\t\t\t\t\t\t\t\ttarget=\"_blank\"\n\t\t\t\t\t\t\t\t\t\trel=\"noopener noreferrer nofollow noindex\"\n\t\t\t\t\t\t\t\t\t>\n\t\t\t\t\t\t\t\t\t\tiCalendar\t\t\t\t\t\t\t\t\t<\/a>\n\t\t\t\t\t\t\t\t<\/li>\n\t\t\t\t\t\t\t\t\t\t\t\t\t\t\t<li class=\"tribe-events-c-subscribe-dropdown__list-item tribe-events-c-subscribe-dropdown__list-item--outlook-365\">\n\t\t\t\t\t\t\t\t\t<a\n\t\t\t\t\t\t\t\t\t\thref=\"\"\n\t\t\t\t\t\t\t\t\t\tclass=\"tribe-events-c-subscribe-dropdown__list-item-link\"\n\t\t\t\t\t\t\t\t\t\ttarget=\"_blank\"\n\t\t\t\t\t\t\t\t\t\trel=\"noopener noreferrer nofollow noindex\"\n\t\t\t\t\t\t\t\t\t>\n\t\t\t\t\t\t\t\t\t\tOutlook 365\t\t\t\t\t\t\t\t\t<\/a>\n\t\t\t\t\t\t\t\t<\/li>\n\t\t\t\t\t\t\t\t\t\t\t\t\t\t\t<li class=\"tribe-events-c-subscribe-dropdown__list-item tribe-events-c-subscribe-dropdown__list-item--outlook-live\">\n\t\t\t\t\t\t\t\t\t<a\n\t\t\t\t\t\t\t\t\t\thref=\"\"\n\t\t\t\t\t\t\t\t\t\tclass=\"tribe-events-c-subscribe-dropdown__list-item-link\"\n\t\t\t\t\t\t\t\t\t\ttarget=\"_blank\"\n\t\t\t\t\t\t\t\t\t\trel=\"noopener noreferrer nofollow noindex\"\n\t\t\t\t\t\t\t\t\t>\n\t\t\t\t\t\t\t\t\t\tOutlook Live\t\t\t\t\t\t\t\t\t<\/a>\n\t\t\t\t\t\t\t\t<\/li>\n\t\t\t\t\t\t\t\t\t\t\t\t\t<\/ul>\n\t\t\t\t\t<\/div>\n\t\t\t\t<\/div>\n\t\t\t<\/div>\n\t\t<\/div>\n\t<\/div>\n\n\n\n\n<div class=\"wp-block-uagb-separator uagb-block-3373e21c wp-block-uagb-separator--text\"><div class=\"wp-block-uagb-separator__inner\" style=\"--my-background-image:\"><div class=\"wp-block-uagb-separator-element\"><h4 class=\"uagb-html-tag\">Planning du samedi 14\/06\/2025<\/h4><\/div><\/div><\/div>\n\n\n\n<div class=\"wp-block-media-text is-stacked-on-mobile\" style=\"grid-template-columns:69% auto\"><figure class=\"wp-block-media-text__media\"><noscript><img loading=\"lazy\" decoding=\"async\" width=\"451\" height=\"638\" data-skip-lazy src=\"https:\/\/vpdanses.fr\/wp-content\/uploads\/2025\/05\/2025-06-14.WDC-AL.Planning_saturday_Assen.png\" alt=\"Ce samedi 14\/06\/2025 et dimanche 15\/06\/2025 auront lieu les Championnats n\u00e9erlandais organis\u00e9s par la WDC Dutch Amateur League et la WDC Dutch Professional League, \u00e0 ASSEN. VP DANSES y participera dans la cat\u00e9gorie &quot;Open Masterclass Senior Latin&quot;.\" class=\"wp-image-13528 size-full\" srcset=\"https:\/\/vpdanses.fr\/wp-content\/uploads\/2025\/05\/2025-06-14.WDC-AL.Planning_saturday_Assen.png 451w, https:\/\/vpdanses.fr\/wp-content\/uploads\/2025\/05\/2025-06-14.WDC-AL.Planning_saturday_Assen-212x300.png 212w\" sizes=\"auto, (max-width: 451px) 100vw, 451px\" \/><\/noscript><img loading=\"eager\" decoding=\"async\" width=\"451\" height=\"638\" src=\"https:\/\/vpdanses.fr\/wp-content\/uploads\/2025\/05\/2025-06-14.WDC-AL.Planning_saturday_Assen.png\" alt=\"Ce samedi 14\/06\/2025 et dimanche 15\/06\/2025 auront lieu les Championnats n\u00e9erlandais organis\u00e9s par la WDC Dutch Amateur League et la WDC Dutch Professional League, \u00e0 ASSEN. VP DANSES y participera dans la cat\u00e9gorie &quot;Open Masterclass Senior Latin&quot;.\" class=\"wp-image-13528 size-full vp-lazyload\" srcset=\"data:image\/svg+xml;base64,PHN2ZyB3aWR0aD0iNDUxIiBoZWlnaHQ9IjYzOCIgdmlld0JveD0iMCAwIDQ1MSA2MzgiIGZpbGw9Im5vbmUiIHhtbG5zPSJodHRwOi8vd3d3LnczLm9yZy8yMDAwL3N2ZyI+PC9zdmc+\" data-src=\"https:\/\/vpdanses.fr\/wp-content\/uploads\/2025\/05\/2025-06-14.WDC-AL.Planning_saturday_Assen.png\" data-srcset=\"https:\/\/vpdanses.fr\/wp-content\/uploads\/2025\/05\/2025-06-14.WDC-AL.Planning_saturday_Assen.png 451w, https:\/\/vpdanses.fr\/wp-content\/uploads\/2025\/05\/2025-06-14.WDC-AL.Planning_saturday_Assen-212x300.png 212w\" data-sizes=\"auto\"><\/figure><div class=\"wp-block-media-text__content\">\n<p>Planning du Samedi 14\/06\/2025. Il comportent 3 blocs. <\/p>\n\n\n\n<p>Une c\u00e9r\u00e9monie de remise des prix aura lieu \u00e0 l&rsquo;issue de chaque bloc.<\/p>\n\n\n\n<p>VP DANSES sera comp\u00e9titeur dans la cat\u00e9gorie \u00ab\u00a0<strong>Open Masterclass Senior Latin<\/strong>\u00ab\u00a0.<\/p>\n<\/div><\/div>\n\n\n\n<div style=\"height:34px\" aria-hidden=\"true\" class=\"wp-block-spacer\"><\/div>\n\n\n\n<div class=\"wp-block-uagb-separator uagb-block-eb4ac443 wp-block-uagb-separator--text\"><div class=\"wp-block-uagb-separator__inner\" style=\"--my-background-image:\"><div class=\"wp-block-uagb-separator-element\"><h4 class=\"uagb-html-tag\">Situation g\u00e9ographie des Pays-Bas<\/h4><\/div><\/div><\/div>\n\n\n\n<p>Les Pays-Bas sont une\u00a0<a href=\"https:\/\/fr.wikipedia.org\/wiki\/Monarchie_constitutionnelle\" target=\"_blank\" rel=\"noreferrer noopener\">monarchie constitutionnelle<\/a>\u00a0comptant 17,8\u00a0millions d&rsquo;habitants en 2023. La ville\u00a0d&rsquo;<a href=\"https:\/\/fr.wikipedia.org\/wiki\/Amsterdam\" target=\"_blank\" rel=\"noreferrer noopener\">Amsterdam<\/a>\u00a0est la capitale du royaume (plus pr\u00e9cis\u00e9ment la\u00a0<a href=\"https:\/\/fr.wikipedia.org\/wiki\/Capitale\" target=\"_blank\" rel=\"noreferrer noopener\">capitale<\/a>\u00a0<a href=\"https:\/\/fr.wikipedia.org\/wiki\/Constitution_du_royaume_des_Pays-Bas\" target=\"_blank\" rel=\"noreferrer noopener\">constitutionnelle<\/a>), bien que les institutions gouvernementales \u2014\u00a0<a href=\"https:\/\/fr.wikipedia.org\/wiki\/Liste_des_gouvernements_des_Pays-Bas_depuis_1945\" target=\"_blank\" rel=\"noreferrer noopener\">ex\u00e9cutives<\/a>,\u00a0<a href=\"https:\/\/fr.wikipedia.org\/wiki\/%C3%89tats_g%C3%A9n%C3%A9raux_du_royaume_des_Pays-Bas\" target=\"_blank\" rel=\"noreferrer noopener\">l\u00e9gislatives<\/a>\u00a0et\u00a0<a href=\"https:\/\/fr.wikipedia.org\/wiki\/Cour_supr%C3%AAme_des_Pays-Bas\" target=\"_blank\" rel=\"noreferrer noopener\">judiciaires<\/a>\u00a0\u2014 si\u00e8gent \u00e0\u00a0<a href=\"https:\/\/fr.wikipedia.org\/wiki\/La_Haye\" target=\"_blank\" rel=\"noreferrer noopener\">La Haye<\/a>, sur la c\u00f4te de la\u00a0<a href=\"https:\/\/fr.wikipedia.org\/wiki\/Mer_du_Nord\" target=\"_blank\" rel=\"noreferrer noopener\">mer du Nord<\/a> <em>(Source : <strong><a href=\"https:\/\/fr.wikipedia.org\/wiki\/Pays-Bas\" target=\"_blank\" rel=\"noreferrer noopener\">Wikipedia<\/a><\/strong>)<\/em><\/p>\n\n\n<div class=\"wp-block-visual-portfolio alignwide\">\n<div class=\"vp-portfolio vp-uid-4da8bfa8 vp-id-jOaQs\"\n\tdata-vp-layout=\"masonry\" data-vp-content-source=\"images\" data-vp-items-style=\"fade\" data-vp-items-click-action=\"popup_gallery\" data-vp-items-gap=\"15\" data-vp-items-gap-vertical=\"\" data-vp-pagination=\"load-more\" data-vp-next-page-url=\"\" data-vp-masonry-columns=\"3\" >\n\t<div class=\"vp-portfolio__preloader-wrap\">\n\t\t<div class=\"vp-portfolio__preloader\">\n\t\t\t<img decoding=\"async\" loading=\"eager\" src=\"https:\/\/vpdanses.fr\/wp-content\/plugins\/visual-portfolio\/assets\/images\/logo-dark.svg\" alt=\"Visual Portfolio, Posts &amp; Image Gallery for WordPress\" width=\"20\" height=\"20\" data-skip-lazy>\n\t\t<\/div>\n\t<\/div>\n\t\t<div class=\"vp-portfolio__items-wrap\">\n\t\t\t\n<div class=\"vp-portfolio__items vp-portfolio__items-style-fade vp-portfolio__items-show-overlay-hover\">\n\n\t\t<div\t\tclass=\"vp-portfolio__item-wrap category-assen category-pays_bas category-wdc_al_championnats_danse_sportive vp-portfolio__item-uid-0191ec76\" data-vp-filter=\"assen,pays_bas,wdc_al_championnats_danse_sportive\" \t\t>\n\t\t\t<template class=\"vp-portfolio__item-popup\" data-vp-popup-img=\"https:\/\/vpdanses.fr\/wp-content\/uploads\/2025\/05\/carte_pays_bas_villes_provinces_rivieres.jpg\" data-vp-popup-img-srcset=\"https:\/\/vpdanses.fr\/wp-content\/uploads\/2025\/05\/carte_pays_bas_villes_provinces_rivieres.jpg 800w, https:\/\/vpdanses.fr\/wp-content\/uploads\/2025\/05\/carte_pays_bas_villes_provinces_rivieres-253x300.jpg 253w, https:\/\/vpdanses.fr\/wp-content\/uploads\/2025\/05\/carte_pays_bas_villes_provinces_rivieres-768x910.jpg 768w, https:\/\/vpdanses.fr\/wp-content\/uploads\/2025\/05\/carte_pays_bas_villes_provinces_rivieres-500x593.jpg 500w\" data-vp-popup-img-size=\"800x948\" data-vp-popup-md-img=\"https:\/\/vpdanses.fr\/wp-content\/uploads\/2025\/05\/carte_pays_bas_villes_provinces_rivieres.jpg\" data-vp-popup-md-img-size=\"800x948\" data-vp-popup-sm-img=\"https:\/\/vpdanses.fr\/wp-content\/uploads\/2025\/05\/carte_pays_bas_villes_provinces_rivieres-500x593.jpg\" data-vp-popup-sm-img-size=\"500x593\">\n\t\t\t<h3 class=\"vp-portfolio__item-popup-title\">Assen est la capitale de la Drenthe, une province situ\u00e9e dans le nord-est des Pays-Bas.<\/h3>\n\t\t\t\t<div class=\"vp-portfolio__item-popup-description\">Assen est la capitale de la Drenthe, une province situ\u00e9e dans le nord-est des Pays-Bas.<\/div>\n\t\t<\/template>\n\t\t\t\t\t\t<figure class=\"vp-portfolio__item\">\n\t\t\t\t\n<div class=\"vp-portfolio__item-img-wrap\">\n\t<div class=\"vp-portfolio__item-img\">\n\t\t\t<a\n\t\thref=\"https:\/\/vpdanses.fr\/wp-content\/uploads\/2025\/05\/carte_pays_bas_villes_provinces_rivieres.jpg\"\n\t\t\t>\n\t\n\t\t<noscript><img loading=\"lazy\" decoding=\"async\" width=\"800\" height=\"948\" data-skip-lazy src=\"https:\/\/vpdanses.fr\/wp-content\/uploads\/2025\/05\/carte_pays_bas_villes_provinces_rivieres.jpg\" class=\"wp-image-13532\" alt=\"Assen est la capitale de la Drenthe, une province situ\u00e9e dans le nord-est des Pays-Bas.\" srcset=\"https:\/\/vpdanses.fr\/wp-content\/uploads\/2025\/05\/carte_pays_bas_villes_provinces_rivieres.jpg 800w, https:\/\/vpdanses.fr\/wp-content\/uploads\/2025\/05\/carte_pays_bas_villes_provinces_rivieres-253x300.jpg 253w, https:\/\/vpdanses.fr\/wp-content\/uploads\/2025\/05\/carte_pays_bas_villes_provinces_rivieres-768x910.jpg 768w, https:\/\/vpdanses.fr\/wp-content\/uploads\/2025\/05\/carte_pays_bas_villes_provinces_rivieres-500x593.jpg 500w\" sizes=\"auto, (max-width: 800px) 100vw, 800px\" \/><\/noscript><img decoding=\"async\" width=\"800\" height=\"948\" src=\"https:\/\/vpdanses.fr\/wp-content\/uploads\/2025\/05\/carte_pays_bas_villes_provinces_rivieres.jpg\" class=\"wp-image-13532 vp-lazyload\" alt=\"Assen est la capitale de la Drenthe, une province situ\u00e9e dans le nord-est des Pays-Bas.\" srcset=\"data:image\/svg+xml;base64,PHN2ZyB3aWR0aD0iODAwIiBoZWlnaHQ9Ijk0OCIgdmlld0JveD0iMCAwIDgwMCA5NDgiIGZpbGw9Im5vbmUiIHhtbG5zPSJodHRwOi8vd3d3LnczLm9yZy8yMDAwL3N2ZyI+PC9zdmc+\" data-src=\"https:\/\/vpdanses.fr\/wp-content\/uploads\/2025\/05\/carte_pays_bas_villes_provinces_rivieres.jpg\" data-srcset=\"https:\/\/vpdanses.fr\/wp-content\/uploads\/2025\/05\/carte_pays_bas_villes_provinces_rivieres.jpg 800w, https:\/\/vpdanses.fr\/wp-content\/uploads\/2025\/05\/carte_pays_bas_villes_provinces_rivieres-253x300.jpg 253w, https:\/\/vpdanses.fr\/wp-content\/uploads\/2025\/05\/carte_pays_bas_villes_provinces_rivieres-768x910.jpg 768w, https:\/\/vpdanses.fr\/wp-content\/uploads\/2025\/05\/carte_pays_bas_villes_provinces_rivieres-500x593.jpg 500w\" data-sizes=\"auto\" loading=\"eager\">\n\t\t<\/a>\t<\/div>\n<\/div>\n\t<figcaption class=\"vp-portfolio__item-overlay vp-portfolio__item-overlay-text-align-center\">\n\t\t<div class=\"vp-portfolio__item-meta-wrap vp-portfolio__custom-scrollbar\">\n\t\t\t\t<a\n\t\thref=\"https:\/\/vpdanses.fr\/wp-content\/uploads\/2025\/05\/carte_pays_bas_villes_provinces_rivieres.jpg\"\n\t\ttabindex=\"-1\" class=\"vp-portfolio__item-meta\" \t>\n\t\n<div class=\"vp-portfolio__item-meta-categories\">\n\t\t\t<div class=\"vp-portfolio__item-meta-category\">\n\t\t\t\t<span\t\t\t>\n\tAssen<\/span>\t\t<\/div>\n\t\t<\/div>\n\n<h2 class=\"vp-portfolio__item-meta-title\">\n\tAssen est la capitale de la Drenthe, une province situ\u00e9e dans le nord-est des Pays-Bas.<\/h2>\n<\/a>\t\t<\/div>\n\t<\/figcaption>\n\t\t\t<\/figure>\n\t\t\t\t\t<\/div>\n\t\t\n\t\t<div\t\tclass=\"vp-portfolio__item-wrap category-assen category-pays_bas category-wdc_al_championnats_danse_sportive vp-portfolio__item-uid-bdca0f45\" data-vp-filter=\"assen,pays_bas,wdc_al_championnats_danse_sportive\" \t\t>\n\t\t\t<template class=\"vp-portfolio__item-popup\" data-vp-popup-img=\"https:\/\/vpdanses.fr\/wp-content\/uploads\/2025\/05\/carte-des-capitales-pays-membres.png\" data-vp-popup-img-srcset=\"https:\/\/vpdanses.fr\/wp-content\/uploads\/2025\/05\/carte-des-capitales-pays-membres.png 1713w, https:\/\/vpdanses.fr\/wp-content\/uploads\/2025\/05\/carte-des-capitales-pays-membres-300x300.png 300w, https:\/\/vpdanses.fr\/wp-content\/uploads\/2025\/05\/carte-des-capitales-pays-membres-1024x1024.png 1024w, https:\/\/vpdanses.fr\/wp-content\/uploads\/2025\/05\/carte-des-capitales-pays-membres-150x150.png 150w, https:\/\/vpdanses.fr\/wp-content\/uploads\/2025\/05\/carte-des-capitales-pays-membres-768x768.png 768w, https:\/\/vpdanses.fr\/wp-content\/uploads\/2025\/05\/carte-des-capitales-pays-membres-1536x1536.png 1536w, https:\/\/vpdanses.fr\/wp-content\/uploads\/2025\/05\/carte-des-capitales-pays-membres-500x500.png 500w, https:\/\/vpdanses.fr\/wp-content\/uploads\/2025\/05\/carte-des-capitales-pays-membres-800x800.png 800w, https:\/\/vpdanses.fr\/wp-content\/uploads\/2025\/05\/carte-des-capitales-pays-membres-1280x1280.png 1280w\" data-vp-popup-img-size=\"1713x1713\" data-vp-popup-md-img=\"https:\/\/vpdanses.fr\/wp-content\/uploads\/2025\/05\/carte-des-capitales-pays-membres-800x800.png\" data-vp-popup-md-img-size=\"800x800\" data-vp-popup-sm-img=\"https:\/\/vpdanses.fr\/wp-content\/uploads\/2025\/05\/carte-des-capitales-pays-membres-500x500.png\" data-vp-popup-sm-img-size=\"500x500\">\n\t\t\t<h3 class=\"vp-portfolio__item-popup-title\">Situation g\u00e9ographique des Pays-Bas dans le monde.<\/h3>\n\t\t\t\t<div class=\"vp-portfolio__item-popup-description\">Situation g\u00e9ographique des Pays-Bas dans le monde.<\/div>\n\t\t<\/template>\n\t\t\t\t\t\t<figure class=\"vp-portfolio__item\">\n\t\t\t\t\n<div class=\"vp-portfolio__item-img-wrap\">\n\t<div class=\"vp-portfolio__item-img\">\n\t\t\t<a\n\t\thref=\"https:\/\/vpdanses.fr\/wp-content\/uploads\/2025\/05\/carte-des-capitales-pays-membres.png\"\n\t\t\t>\n\t\n\t\t<noscript><img loading=\"lazy\" decoding=\"async\" width=\"1713\" height=\"1713\" data-skip-lazy src=\"https:\/\/vpdanses.fr\/wp-content\/uploads\/2025\/05\/carte-des-capitales-pays-membres.png\" class=\"wp-image-13533\" alt=\"Situation g\u00e9ographique des Pays-Bas dans le monde.\" srcset=\"https:\/\/vpdanses.fr\/wp-content\/uploads\/2025\/05\/carte-des-capitales-pays-membres.png 1713w, https:\/\/vpdanses.fr\/wp-content\/uploads\/2025\/05\/carte-des-capitales-pays-membres-300x300.png 300w, https:\/\/vpdanses.fr\/wp-content\/uploads\/2025\/05\/carte-des-capitales-pays-membres-1024x1024.png 1024w, https:\/\/vpdanses.fr\/wp-content\/uploads\/2025\/05\/carte-des-capitales-pays-membres-150x150.png 150w, https:\/\/vpdanses.fr\/wp-content\/uploads\/2025\/05\/carte-des-capitales-pays-membres-768x768.png 768w, https:\/\/vpdanses.fr\/wp-content\/uploads\/2025\/05\/carte-des-capitales-pays-membres-1536x1536.png 1536w, https:\/\/vpdanses.fr\/wp-content\/uploads\/2025\/05\/carte-des-capitales-pays-membres-500x500.png 500w, https:\/\/vpdanses.fr\/wp-content\/uploads\/2025\/05\/carte-des-capitales-pays-membres-800x800.png 800w, https:\/\/vpdanses.fr\/wp-content\/uploads\/2025\/05\/carte-des-capitales-pays-membres-1280x1280.png 1280w\" sizes=\"auto, (max-width: 1713px) 100vw, 1713px\" \/><\/noscript><img decoding=\"async\" width=\"1713\" height=\"1713\" src=\"https:\/\/vpdanses.fr\/wp-content\/uploads\/2025\/05\/carte-des-capitales-pays-membres.png\" class=\"wp-image-13533 vp-lazyload\" alt=\"Situation g\u00e9ographique des Pays-Bas dans le monde.\" srcset=\"data:image\/svg+xml;base64,PHN2ZyB3aWR0aD0iMTcxMyIgaGVpZ2h0PSIxNzEzIiB2aWV3Qm94PSIwIDAgMTcxMyAxNzEzIiBmaWxsPSJub25lIiB4bWxucz0iaHR0cDovL3d3dy53My5vcmcvMjAwMC9zdmciPjwvc3ZnPg==\" data-src=\"https:\/\/vpdanses.fr\/wp-content\/uploads\/2025\/05\/carte-des-capitales-pays-membres.png\" data-srcset=\"https:\/\/vpdanses.fr\/wp-content\/uploads\/2025\/05\/carte-des-capitales-pays-membres.png 1713w, https:\/\/vpdanses.fr\/wp-content\/uploads\/2025\/05\/carte-des-capitales-pays-membres-300x300.png 300w, https:\/\/vpdanses.fr\/wp-content\/uploads\/2025\/05\/carte-des-capitales-pays-membres-1024x1024.png 1024w, https:\/\/vpdanses.fr\/wp-content\/uploads\/2025\/05\/carte-des-capitales-pays-membres-150x150.png 150w, https:\/\/vpdanses.fr\/wp-content\/uploads\/2025\/05\/carte-des-capitales-pays-membres-768x768.png 768w, https:\/\/vpdanses.fr\/wp-content\/uploads\/2025\/05\/carte-des-capitales-pays-membres-1536x1536.png 1536w, https:\/\/vpdanses.fr\/wp-content\/uploads\/2025\/05\/carte-des-capitales-pays-membres-500x500.png 500w, https:\/\/vpdanses.fr\/wp-content\/uploads\/2025\/05\/carte-des-capitales-pays-membres-800x800.png 800w, https:\/\/vpdanses.fr\/wp-content\/uploads\/2025\/05\/carte-des-capitales-pays-membres-1280x1280.png 1280w\" data-sizes=\"auto\" loading=\"eager\">\n\t\t<\/a>\t<\/div>\n<\/div>\n\t<figcaption class=\"vp-portfolio__item-overlay vp-portfolio__item-overlay-text-align-center\">\n\t\t<div class=\"vp-portfolio__item-meta-wrap vp-portfolio__custom-scrollbar\">\n\t\t\t\t<a\n\t\thref=\"https:\/\/vpdanses.fr\/wp-content\/uploads\/2025\/05\/carte-des-capitales-pays-membres.png\"\n\t\ttabindex=\"-1\" class=\"vp-portfolio__item-meta\" \t>\n\t\n<div class=\"vp-portfolio__item-meta-categories\">\n\t\t\t<div class=\"vp-portfolio__item-meta-category\">\n\t\t\t\t<span\t\t\t>\n\tAssen<\/span>\t\t<\/div>\n\t\t<\/div>\n\n<h2 class=\"vp-portfolio__item-meta-title\">\n\tSituation g\u00e9ographique des Pays-Bas dans le monde.<\/h2>\n<\/a>\t\t<\/div>\n\t<\/figcaption>\n\t\t\t<\/figure>\n\t\t\t\t\t<\/div>\n\t\t\n<\/div>\n\t\t<\/div>\n\t\t\n<\/div>\n<\/div>","protected":false},"excerpt":{"rendered":"<p>NK WDC Dutch-AL 2025, de Bonte Wever, Assen<\/p>\n","protected":false},"author":1,"featured_media":13404,"template":"","meta":{"_uag_custom_page_level_css":"","_price":"","_stock":"","_tribe_ticket_header":"","_tribe_default_ticket_provider":"","_tribe_ticket_capacity":"0","_ticket_start_date":"","_ticket_end_date":"","_tribe_ticket_show_description":"","_tribe_ticket_show_not_going":false,"_tribe_ticket_use_global_stock":"","_tribe_ticket_global_stock_level":"","_global_stock_mode":"","_global_stock_cap":"","_tribe_rsvp_for_event":"","_tribe_ticket_going_count":"","_tribe_ticket_not_going_count":"","_tribe_tickets_list":"[]","_tribe_ticket_has_attendee_info_fields":false,"_EventAllDay":false,"_EventTimezone":"Europe\/Paris","_EventStartDate":"2025-06-14 08:00:00","_EventEndDate":"2025-06-14 21:00:00","_EventStartDateUTC":"2025-06-14 06:00:00","_EventEndDateUTC":"2025-06-14 19:00:00","_EventShowMap":false,"_EventShowMapLink":false,"_EventURL":"https:\/\/www.dancemasters.nl\/algemeen-dancemasters\/dance-masters\/agenda\/277-nk-wdc-dutch-al-2025","_EventCost":"","_EventCostDescription":"","_EventCurrencySymbol":"\u20ac","_EventCurrencyCode":"EUR","_EventCurrencyPosition":"suffix","_EventDateTimeSeparator":" > ","_EventTimeRangeSeparator":" - ","_EventOrganizerID":[13400],"_EventVenueID":[13396],"_OrganizerEmail":"","_OrganizerPhone":"","_OrganizerWebsite":"","_VenueAddress":"","_VenueCity":"","_VenueCountry":"","_VenueProvince":"","_VenueState":"","_VenueZip":"","_VenuePhone":"","_VenueURL":"","_VenueStateProvince":"","_VenueLat":"","_VenueLng":"","_VenueShowMap":false,"_VenueShowMapLink":false,"_tribe_events_status":"","_tribe_events_status_reason":"","footnotes":"","_tec_slr_enabled":"","_tec_slr_layout":""},"tags":[272,274,278,273,281,279,280,276,275,277,282],"tribe_events_cat":[206,170,271],"class_list":["post-13220","tribe_events","type-tribe_events","status-publish","has-post-thumbnail","hentry","tag-assen","tag-barbara-mc-coll-stopford","tag-darren-hammond","tag-de-bonte-wever-assen","tag-diego-arias-prado","tag-gundrun-van-durme","tag-jean-pierre-de-pelsmacker","tag-marina-steshenko","tag-nancy-berti","tag-olivia-zhang","tag-valerio-colantoni","tribe_events_cat-competition","tribe_events_cat-danse-sportive","tribe_events_cat-wdc-dutch-al","cat_competition","cat_danse-sportive","cat_wdc-dutch-al"],"yoast_head":"<!-- This site is optimized with the Yoast SEO Premium plugin v25.6 (Yoast SEO v25.6) - https:\/\/yoast.com\/wordpress\/plugins\/seo\/ -->\n<title>NK WDC Dutch Amateur League 2025, de Bonte Wever, Assen - VP DANSES, cours de Danse Sportive \u00e0 Aire-sur-la-Lys et \u00e0 Saint-Jans-Cappel (Hauts-de-France)<\/title>\n<meta name=\"description\" content=\"VP DANSES participera le 14\/06\/2025 \u00e0 la comp\u00e9tition internationale de danse sportive &quot;NK WDC Dutch-AL 2025&quot; organis\u00e9 par DanceMasters NL \u00e0 ASSEN Bonte, Pays-Bas\" \/>\n<meta name=\"robots\" content=\"index, follow, max-snippet:-1, max-image-preview:large, max-video-preview:-1\" \/>\n<link rel=\"canonical\" href=\"https:\/\/vpdanses.fr\/home\/bienvenue-chez-vp-danses-hazebrouck\/evenement\/nk-wdc-dutch-al-2025-de-bonte-wever-assen-vp-danses-danse-sportive\/\" \/>\n<meta property=\"og:locale\" content=\"fr_FR\" \/>\n<meta property=\"og:type\" content=\"article\" \/>\n<meta property=\"og:title\" content=\"VP DANSES danse sportive NK WDC Dutch-AL 2025, de Bonte Wever, Assen\" \/>\n<meta property=\"og:description\" content=\"VP DANSES participera le 14\/06\/2025 \u00e0 la comp\u00e9tition internationale de danse sportive &quot;NK WDC Dutch-AL 2025&quot; organis\u00e9 par DanceMasters NL \u00e0 ASSEN Bonte, Pays-Bas\" \/>\n<meta property=\"og:url\" content=\"https:\/\/vpdanses.fr\/home\/bienvenue-chez-vp-danses-hazebrouck\/evenement\/nk-wdc-dutch-al-2025-de-bonte-wever-assen-vp-danses-danse-sportive\/\" \/>\n<meta property=\"og:site_name\" content=\"VP DANSES, cours de Danse Sportive \u00e0 Aire-sur-la-Lys et \u00e0 Saint-Jans-Cappel (Hauts-de-France)\" \/>\n<meta property=\"article:modified_time\" content=\"2025-06-11T04:22:37+00:00\" \/>\n<meta property=\"og:image\" content=\"https:\/\/vpdanses.fr\/wp-content\/uploads\/2025\/05\/2025-06-14.Affiche_WDC-AL_dutch_Amateur_League_Assen.jpg\" \/>\n\t<meta property=\"og:image:width\" content=\"1132\" \/>\n\t<meta property=\"og:image:height\" content=\"1600\" \/>\n\t<meta property=\"og:image:type\" content=\"image\/jpeg\" \/>\n<meta name=\"twitter:card\" content=\"summary_large_image\" \/>\n<meta name=\"twitter:title\" content=\"NK WDC Dutch Amateur League 2025, de Bonte Wever, Assen\" \/>\n<meta name=\"twitter:label1\" content=\"Dur\u00e9e de lecture estim\u00e9e\" \/>\n\t<meta name=\"twitter:data1\" content=\"2 minutes\" \/>\n<script type=\"application\/ld+json\" class=\"yoast-schema-graph\">{\"@context\":\"https:\/\/schema.org\",\"@graph\":[{\"@type\":\"WebPage\",\"@id\":\"https:\/\/vpdanses.fr\/home\/bienvenue-chez-vp-danses-hazebrouck\/evenement\/nk-wdc-dutch-al-2025-de-bonte-wever-assen-vp-danses-danse-sportive\/\",\"url\":\"https:\/\/vpdanses.fr\/home\/bienvenue-chez-vp-danses-hazebrouck\/evenement\/nk-wdc-dutch-al-2025-de-bonte-wever-assen-vp-danses-danse-sportive\/\",\"name\":\"NK WDC Dutch Amateur League 2025, de Bonte Wever, Assen - VP DANSES, cours de Danse Sportive \u00e0 Aire-sur-la-Lys et \u00e0 Saint-Jans-Cappel (Hauts-de-France)\",\"isPartOf\":{\"@id\":\"https:\/\/vpdanses.fr\/home\/bienvenue-chez-vp-danses-hazebrouck\/#website\"},\"primaryImageOfPage\":{\"@id\":\"https:\/\/vpdanses.fr\/home\/bienvenue-chez-vp-danses-hazebrouck\/evenement\/nk-wdc-dutch-al-2025-de-bonte-wever-assen-vp-danses-danse-sportive\/#primaryimage\"},\"image\":{\"@id\":\"https:\/\/vpdanses.fr\/home\/bienvenue-chez-vp-danses-hazebrouck\/evenement\/nk-wdc-dutch-al-2025-de-bonte-wever-assen-vp-danses-danse-sportive\/#primaryimage\"},\"thumbnailUrl\":\"https:\/\/vpdanses.fr\/wp-content\/uploads\/2025\/05\/2025-06-14.Affiche_WDC-AL_dutch_Amateur_League_Assen.jpg\",\"datePublished\":\"2025-05-16T19:30:57+00:00\",\"dateModified\":\"2025-06-11T04:22:37+00:00\",\"description\":\"VP DANSES participera le 14\/06\/2025 \u00e0 la comp\u00e9tition internationale de danse sportive \\\"NK WDC Dutch-AL 2025\\\" organis\u00e9 par DanceMasters NL \u00e0 ASSEN Bonte, Pays-Bas\",\"breadcrumb\":{\"@id\":\"https:\/\/vpdanses.fr\/home\/bienvenue-chez-vp-danses-hazebrouck\/evenement\/nk-wdc-dutch-al-2025-de-bonte-wever-assen-vp-danses-danse-sportive\/#breadcrumb\"},\"inLanguage\":\"fr-FR\",\"potentialAction\":[{\"@type\":\"ReadAction\",\"target\":[\"https:\/\/vpdanses.fr\/home\/bienvenue-chez-vp-danses-hazebrouck\/evenement\/nk-wdc-dutch-al-2025-de-bonte-wever-assen-vp-danses-danse-sportive\/\"]}]},{\"@type\":\"ImageObject\",\"inLanguage\":\"fr-FR\",\"@id\":\"https:\/\/vpdanses.fr\/home\/bienvenue-chez-vp-danses-hazebrouck\/evenement\/nk-wdc-dutch-al-2025-de-bonte-wever-assen-vp-danses-danse-sportive\/#primaryimage\",\"url\":\"https:\/\/vpdanses.fr\/wp-content\/uploads\/2025\/05\/2025-06-14.Affiche_WDC-AL_dutch_Amateur_League_Assen.jpg\",\"contentUrl\":\"https:\/\/vpdanses.fr\/wp-content\/uploads\/2025\/05\/2025-06-14.Affiche_WDC-AL_dutch_Amateur_League_Assen.jpg\",\"width\":1132,\"height\":1600,\"caption\":\"NK WDC-AL Dutch Amateur League, Affiche ASSEN 2025\"},{\"@type\":\"BreadcrumbList\",\"@id\":\"https:\/\/vpdanses.fr\/home\/bienvenue-chez-vp-danses-hazebrouck\/evenement\/nk-wdc-dutch-al-2025-de-bonte-wever-assen-vp-danses-danse-sportive\/#breadcrumb\",\"itemListElement\":[{\"@type\":\"ListItem\",\"position\":1,\"name\":\"Accueil\",\"item\":\"https:\/\/vpdanses.fr\/home\/bienvenue-chez-vp-danses-hazebrouck\/\"},{\"@type\":\"ListItem\",\"position\":2,\"name\":\"\u00c9v\u00e8nements\",\"item\":\"https:\/\/vpdanses.fr\/home\/bienvenue-chez-vp-danses-hazebrouck\/dates\/\"},{\"@type\":\"ListItem\",\"position\":3,\"name\":\"NK WDC Dutch Amateur League 2025, de Bonte Wever, Assen\"}]},{\"@type\":\"WebSite\",\"@id\":\"https:\/\/vpdanses.fr\/home\/bienvenue-chez-vp-danses-hazebrouck\/#website\",\"url\":\"https:\/\/vpdanses.fr\/home\/bienvenue-chez-vp-danses-hazebrouck\/\",\"name\":\"VP DANSES, cours de Danse Sportive \u00e0 Aire-sur-la-Lys et \u00e0 Saint-Jans-Cappel (Hauts-de-France)\",\"description\":\"Cours de Danse Sportive STANDARD (valse anglaise, tango, valse viennoise, slowfox, quickstep), danses sportives LATINES (samba, chacha, rumba, paso doble, jive), danses de bal, danses de salons, danses de loisirs, salsa, rock 4 temps, rock 6 temps, danses en ligne, disco, \u2026 Lieu : Hazebrouck, Aire-sur-la-Lys, Saint-Jans-Cappel et Isbergues (Hauts-de-France) - Cours Particuliers dans les Hauts-de-France - Ouverture de bal de Mariage\",\"publisher\":{\"@id\":\"https:\/\/vpdanses.fr\/home\/bienvenue-chez-vp-danses-hazebrouck\/#organization\"},\"potentialAction\":[{\"@type\":\"SearchAction\",\"target\":{\"@type\":\"EntryPoint\",\"urlTemplate\":\"https:\/\/vpdanses.fr\/home\/bienvenue-chez-vp-danses-hazebrouck\/?s={search_term_string}\"},\"query-input\":{\"@type\":\"PropertyValueSpecification\",\"valueRequired\":true,\"valueName\":\"search_term_string\"}}],\"inLanguage\":\"fr-FR\"},{\"@type\":\"Organization\",\"@id\":\"https:\/\/vpdanses.fr\/home\/bienvenue-chez-vp-danses-hazebrouck\/#organization\",\"name\":\"VP DANSES, cours de Danse Sportive \u00e0 Aire-sur-la-Lys et \u00e0 Saint-Jans-Cappel (Hauts-de-France)\",\"url\":\"https:\/\/vpdanses.fr\/home\/bienvenue-chez-vp-danses-hazebrouck\/\",\"logo\":{\"@type\":\"ImageObject\",\"inLanguage\":\"fr-FR\",\"@id\":\"https:\/\/vpdanses.fr\/home\/bienvenue-chez-vp-danses-hazebrouck\/#\/schema\/logo\/image\/\",\"url\":\"https:\/\/vpdanses.fr\/wp-content\/uploads\/2024\/10\/logo_cadanse_asaintjans.jpeg\",\"contentUrl\":\"https:\/\/vpdanses.fr\/wp-content\/uploads\/2024\/10\/logo_cadanse_asaintjans.jpeg\",\"width\":225,\"height\":225,\"caption\":\"VP DANSES, cours de Danse Sportive \u00e0 Aire-sur-la-Lys et \u00e0 Saint-Jans-Cappel (Hauts-de-France)\"},\"image\":{\"@id\":\"https:\/\/vpdanses.fr\/home\/bienvenue-chez-vp-danses-hazebrouck\/#\/schema\/logo\/image\/\"}}]}<\/script>\n<!-- \/ Yoast SEO Premium plugin. -->","yoast_head_json":{"title":"NK WDC Dutch Amateur League 2025, de Bonte Wever, Assen - VP DANSES, cours de Danse Sportive \u00e0 Aire-sur-la-Lys et \u00e0 Saint-Jans-Cappel (Hauts-de-France)","description":"VP DANSES participera le 14\/06\/2025 \u00e0 la comp\u00e9tition internationale de danse sportive \"NK WDC Dutch-AL 2025\" organis\u00e9 par DanceMasters NL \u00e0 ASSEN Bonte, Pays-Bas","robots":{"index":"index","follow":"follow","max-snippet":"max-snippet:-1","max-image-preview":"max-image-preview:large","max-video-preview":"max-video-preview:-1"},"canonical":"https:\/\/vpdanses.fr\/home\/bienvenue-chez-vp-danses-hazebrouck\/evenement\/nk-wdc-dutch-al-2025-de-bonte-wever-assen-vp-danses-danse-sportive\/","og_locale":"fr_FR","og_type":"article","og_title":"VP DANSES danse sportive NK WDC Dutch-AL 2025, de Bonte Wever, Assen","og_description":"VP DANSES participera le 14\/06\/2025 \u00e0 la comp\u00e9tition internationale de danse sportive \"NK WDC Dutch-AL 2025\" organis\u00e9 par DanceMasters NL \u00e0 ASSEN Bonte, Pays-Bas","og_url":"https:\/\/vpdanses.fr\/home\/bienvenue-chez-vp-danses-hazebrouck\/evenement\/nk-wdc-dutch-al-2025-de-bonte-wever-assen-vp-danses-danse-sportive\/","og_site_name":"VP DANSES, cours de Danse Sportive \u00e0 Aire-sur-la-Lys et \u00e0 Saint-Jans-Cappel (Hauts-de-France)","article_modified_time":"2025-06-11T04:22:37+00:00","og_image":[{"width":1132,"height":1600,"url":"https:\/\/vpdanses.fr\/wp-content\/uploads\/2025\/05\/2025-06-14.Affiche_WDC-AL_dutch_Amateur_League_Assen.jpg","type":"image\/jpeg"}],"twitter_card":"summary_large_image","twitter_title":"NK WDC Dutch Amateur League 2025, de Bonte Wever, Assen","twitter_misc":{"Dur\u00e9e de lecture estim\u00e9e":"2 minutes"},"schema":{"@context":"https:\/\/schema.org","@graph":[{"@type":"WebPage","@id":"https:\/\/vpdanses.fr\/home\/bienvenue-chez-vp-danses-hazebrouck\/evenement\/nk-wdc-dutch-al-2025-de-bonte-wever-assen-vp-danses-danse-sportive\/","url":"https:\/\/vpdanses.fr\/home\/bienvenue-chez-vp-danses-hazebrouck\/evenement\/nk-wdc-dutch-al-2025-de-bonte-wever-assen-vp-danses-danse-sportive\/","name":"NK WDC Dutch Amateur League 2025, de Bonte Wever, Assen - VP DANSES, cours de Danse Sportive \u00e0 Aire-sur-la-Lys et \u00e0 Saint-Jans-Cappel (Hauts-de-France)","isPartOf":{"@id":"https:\/\/vpdanses.fr\/home\/bienvenue-chez-vp-danses-hazebrouck\/#website"},"primaryImageOfPage":{"@id":"https:\/\/vpdanses.fr\/home\/bienvenue-chez-vp-danses-hazebrouck\/evenement\/nk-wdc-dutch-al-2025-de-bonte-wever-assen-vp-danses-danse-sportive\/#primaryimage"},"image":{"@id":"https:\/\/vpdanses.fr\/home\/bienvenue-chez-vp-danses-hazebrouck\/evenement\/nk-wdc-dutch-al-2025-de-bonte-wever-assen-vp-danses-danse-sportive\/#primaryimage"},"thumbnailUrl":"https:\/\/vpdanses.fr\/wp-content\/uploads\/2025\/05\/2025-06-14.Affiche_WDC-AL_dutch_Amateur_League_Assen.jpg","datePublished":"2025-05-16T19:30:57+00:00","dateModified":"2025-06-11T04:22:37+00:00","description":"VP DANSES participera le 14\/06\/2025 \u00e0 la comp\u00e9tition internationale de danse sportive \"NK WDC Dutch-AL 2025\" organis\u00e9 par DanceMasters NL \u00e0 ASSEN Bonte, Pays-Bas","breadcrumb":{"@id":"https:\/\/vpdanses.fr\/home\/bienvenue-chez-vp-danses-hazebrouck\/evenement\/nk-wdc-dutch-al-2025-de-bonte-wever-assen-vp-danses-danse-sportive\/#breadcrumb"},"inLanguage":"fr-FR","potentialAction":[{"@type":"ReadAction","target":["https:\/\/vpdanses.fr\/home\/bienvenue-chez-vp-danses-hazebrouck\/evenement\/nk-wdc-dutch-al-2025-de-bonte-wever-assen-vp-danses-danse-sportive\/"]}]},{"@type":"ImageObject","inLanguage":"fr-FR","@id":"https:\/\/vpdanses.fr\/home\/bienvenue-chez-vp-danses-hazebrouck\/evenement\/nk-wdc-dutch-al-2025-de-bonte-wever-assen-vp-danses-danse-sportive\/#primaryimage","url":"https:\/\/vpdanses.fr\/wp-content\/uploads\/2025\/05\/2025-06-14.Affiche_WDC-AL_dutch_Amateur_League_Assen.jpg","contentUrl":"https:\/\/vpdanses.fr\/wp-content\/uploads\/2025\/05\/2025-06-14.Affiche_WDC-AL_dutch_Amateur_League_Assen.jpg","width":1132,"height":1600,"caption":"NK WDC-AL Dutch Amateur League, Affiche ASSEN 2025"},{"@type":"BreadcrumbList","@id":"https:\/\/vpdanses.fr\/home\/bienvenue-chez-vp-danses-hazebrouck\/evenement\/nk-wdc-dutch-al-2025-de-bonte-wever-assen-vp-danses-danse-sportive\/#breadcrumb","itemListElement":[{"@type":"ListItem","position":1,"name":"Accueil","item":"https:\/\/vpdanses.fr\/home\/bienvenue-chez-vp-danses-hazebrouck\/"},{"@type":"ListItem","position":2,"name":"\u00c9v\u00e8nements","item":"https:\/\/vpdanses.fr\/home\/bienvenue-chez-vp-danses-hazebrouck\/dates\/"},{"@type":"ListItem","position":3,"name":"NK WDC Dutch Amateur League 2025, de Bonte Wever, Assen"}]},{"@type":"WebSite","@id":"https:\/\/vpdanses.fr\/home\/bienvenue-chez-vp-danses-hazebrouck\/#website","url":"https:\/\/vpdanses.fr\/home\/bienvenue-chez-vp-danses-hazebrouck\/","name":"VP DANSES, cours de Danse Sportive \u00e0 Aire-sur-la-Lys et \u00e0 Saint-Jans-Cappel (Hauts-de-France)","description":"Cours de Danse Sportive STANDARD (valse anglaise, tango, valse viennoise, slowfox, quickstep), danses sportives LATINES (samba, chacha, rumba, paso doble, jive), danses de bal, danses de salons, danses de loisirs, salsa, rock 4 temps, rock 6 temps, danses en ligne, disco, \u2026 Lieu : Hazebrouck, Aire-sur-la-Lys, Saint-Jans-Cappel et Isbergues (Hauts-de-France) - Cours Particuliers dans les Hauts-de-France - Ouverture de bal de Mariage","publisher":{"@id":"https:\/\/vpdanses.fr\/home\/bienvenue-chez-vp-danses-hazebrouck\/#organization"},"potentialAction":[{"@type":"SearchAction","target":{"@type":"EntryPoint","urlTemplate":"https:\/\/vpdanses.fr\/home\/bienvenue-chez-vp-danses-hazebrouck\/?s={search_term_string}"},"query-input":{"@type":"PropertyValueSpecification","valueRequired":true,"valueName":"search_term_string"}}],"inLanguage":"fr-FR"},{"@type":"Organization","@id":"https:\/\/vpdanses.fr\/home\/bienvenue-chez-vp-danses-hazebrouck\/#organization","name":"VP DANSES, cours de Danse Sportive \u00e0 Aire-sur-la-Lys et \u00e0 Saint-Jans-Cappel (Hauts-de-France)","url":"https:\/\/vpdanses.fr\/home\/bienvenue-chez-vp-danses-hazebrouck\/","logo":{"@type":"ImageObject","inLanguage":"fr-FR","@id":"https:\/\/vpdanses.fr\/home\/bienvenue-chez-vp-danses-hazebrouck\/#\/schema\/logo\/image\/","url":"https:\/\/vpdanses.fr\/wp-content\/uploads\/2024\/10\/logo_cadanse_asaintjans.jpeg","contentUrl":"https:\/\/vpdanses.fr\/wp-content\/uploads\/2024\/10\/logo_cadanse_asaintjans.jpeg","width":225,"height":225,"caption":"VP DANSES, cours de Danse Sportive \u00e0 Aire-sur-la-Lys et \u00e0 Saint-Jans-Cappel (Hauts-de-France)"},"image":{"@id":"https:\/\/vpdanses.fr\/home\/bienvenue-chez-vp-danses-hazebrouck\/#\/schema\/logo\/image\/"}}]}},"uagb_featured_image_src":{"full":["https:\/\/vpdanses.fr\/wp-content\/uploads\/2025\/05\/2025-06-14.Affiche_WDC-AL_dutch_Amateur_League_Assen.jpg",1132,1600,false],"thumbnail":["https:\/\/vpdanses.fr\/wp-content\/uploads\/2025\/05\/2025-06-14.Affiche_WDC-AL_dutch_Amateur_League_Assen-150x150.jpg",150,150,true],"medium":["https:\/\/vpdanses.fr\/wp-content\/uploads\/2025\/05\/2025-06-14.Affiche_WDC-AL_dutch_Amateur_League_Assen-212x300.jpg",212,300,true],"medium_large":["https:\/\/vpdanses.fr\/wp-content\/uploads\/2025\/05\/2025-06-14.Affiche_WDC-AL_dutch_Amateur_League_Assen-768x1086.jpg",768,1086,true],"large":["https:\/\/vpdanses.fr\/wp-content\/uploads\/2025\/05\/2025-06-14.Affiche_WDC-AL_dutch_Amateur_League_Assen-724x1024.jpg",724,1024,true],"1536x1536":["https:\/\/vpdanses.fr\/wp-content\/uploads\/2025\/05\/2025-06-14.Affiche_WDC-AL_dutch_Amateur_League_Assen-1087x1536.jpg",1087,1536,true],"2048x2048":["https:\/\/vpdanses.fr\/wp-content\/uploads\/2025\/05\/2025-06-14.Affiche_WDC-AL_dutch_Amateur_League_Assen.jpg",1132,1600,false],"vp_sm":["https:\/\/vpdanses.fr\/wp-content\/uploads\/2025\/05\/2025-06-14.Affiche_WDC-AL_dutch_Amateur_League_Assen-500x707.jpg",500,707,true],"vp_md":["https:\/\/vpdanses.fr\/wp-content\/uploads\/2025\/05\/2025-06-14.Affiche_WDC-AL_dutch_Amateur_League_Assen-800x1131.jpg",800,1131,true],"vp_lg":["https:\/\/vpdanses.fr\/wp-content\/uploads\/2025\/05\/2025-06-14.Affiche_WDC-AL_dutch_Amateur_League_Assen.jpg",1132,1600,false],"vp_xl":["https:\/\/vpdanses.fr\/wp-content\/uploads\/2025\/05\/2025-06-14.Affiche_WDC-AL_dutch_Amateur_League_Assen.jpg",1132,1600,false],"vp_sm_popup":["https:\/\/vpdanses.fr\/wp-content\/uploads\/2025\/05\/2025-06-14.Affiche_WDC-AL_dutch_Amateur_League_Assen-500x707.jpg",500,707,true],"vp_md_popup":["https:\/\/vpdanses.fr\/wp-content\/uploads\/2025\/05\/2025-06-14.Affiche_WDC-AL_dutch_Amateur_League_Assen-800x1131.jpg",800,1131,true],"vp_xl_popup":["https:\/\/vpdanses.fr\/wp-content\/uploads\/2025\/05\/2025-06-14.Affiche_WDC-AL_dutch_Amateur_League_Assen.jpg",1132,1600,false],"dance-blog-thumb":["https:\/\/vpdanses.fr\/wp-content\/uploads\/2025\/05\/2025-06-14.Affiche_WDC-AL_dutch_Amateur_League_Assen-150x120.jpg",150,120,true],"dance-event-list":["https:\/\/vpdanses.fr\/wp-content\/uploads\/2025\/05\/2025-06-14.Affiche_WDC-AL_dutch_Amateur_League_Assen-420x336.jpg",420,336,true],"dance-event-single-type1":["https:\/\/vpdanses.fr\/wp-content\/uploads\/2025\/05\/2025-06-14.Affiche_WDC-AL_dutch_Amateur_League_Assen-773x520.jpg",773,520,true],"dance-event-single-type4":["https:\/\/vpdanses.fr\/wp-content\/uploads\/2025\/05\/2025-06-14.Affiche_WDC-AL_dutch_Amateur_League_Assen-570x460.jpg",570,460,true],"dance-event-single-type5":["https:\/\/vpdanses.fr\/wp-content\/uploads\/2025\/05\/2025-06-14.Affiche_WDC-AL_dutch_Amateur_League_Assen-746x770.jpg",746,770,true],"dance-event-list2":["https:\/\/vpdanses.fr\/wp-content\/uploads\/2025\/05\/2025-06-14.Affiche_WDC-AL_dutch_Amateur_League_Assen-420x275.jpg",420,275,true]},"uagb_author_info":{"display_name":"VP DANSES","author_link":"https:\/\/vpdanses.fr\/home\/bienvenue-chez-vp-danses-hazebrouck\/author\/adminvp20241018\/"},"uagb_comment_info":0,"uagb_excerpt":"NK WDC Dutch-AL 2025, de Bonte Wever, Assen","jetpack_sharing_enabled":true,"ticketed":false,"_links":{"self":[{"href":"https:\/\/vpdanses.fr\/home\/bienvenue-chez-vp-danses-hazebrouck\/wp-json\/wp\/v2\/tribe_events\/13220","targetHints":{"allow":["GET"]}}],"collection":[{"href":"https:\/\/vpdanses.fr\/home\/bienvenue-chez-vp-danses-hazebrouck\/wp-json\/wp\/v2\/tribe_events"}],"about":[{"href":"https:\/\/vpdanses.fr\/home\/bienvenue-chez-vp-danses-hazebrouck\/wp-json\/wp\/v2\/types\/tribe_events"}],"author":[{"embeddable":true,"href":"https:\/\/vpdanses.fr\/home\/bienvenue-chez-vp-danses-hazebrouck\/wp-json\/wp\/v2\/users\/1"}],"version-history":[{"count":9,"href":"https:\/\/vpdanses.fr\/home\/bienvenue-chez-vp-danses-hazebrouck\/wp-json\/wp\/v2\/tribe_events\/13220\/revisions"}],"predecessor-version":[{"id":13536,"href":"https:\/\/vpdanses.fr\/home\/bienvenue-chez-vp-danses-hazebrouck\/wp-json\/wp\/v2\/tribe_events\/13220\/revisions\/13536"}],"wp:featuredmedia":[{"embeddable":true,"href":"https:\/\/vpdanses.fr\/home\/bienvenue-chez-vp-danses-hazebrouck\/wp-json\/wp\/v2\/media\/13404"}],"wp:attachment":[{"href":"https:\/\/vpdanses.fr\/home\/bienvenue-chez-vp-danses-hazebrouck\/wp-json\/wp\/v2\/media?parent=13220"}],"wp:term":[{"taxonomy":"post_tag","embeddable":true,"href":"https:\/\/vpdanses.fr\/home\/bienvenue-chez-vp-danses-hazebrouck\/wp-json\/wp\/v2\/tags?post=13220"},{"taxonomy":"tribe_events_cat","embeddable":true,"href":"https:\/\/vpdanses.fr\/home\/bienvenue-chez-vp-danses-hazebrouck\/wp-json\/wp\/v2\/tribe_events_cat?post=13220"}],"curies":[{"name":"wp","href":"https:\/\/api.w.org\/{rel}","templated":true}]}}