{"id":13339,"date":"2025-05-27T05:52:59","date_gmt":"2025-05-27T03:52:59","guid":{"rendered":"https:\/\/vpdanses.fr\/home\/bienvenue-chez-vp-danses-hazebrouck\/?post_type=tribe_events&#038;p=13339"},"modified":"2025-05-27T05:59:04","modified_gmt":"2025-05-27T03:59:04","slug":"gaelle-soiree-star-fun-seclin-salsa-cubaine-saint-jans-cappel-59","status":"publish","type":"tribe_events","link":"https:\/\/vpdanses.fr\/home\/bienvenue-chez-vp-danses-hazebrouck\/evenement\/gaelle-soiree-star-fun-seclin-salsa-cubaine-saint-jans-cappel-59\/","title":{"rendered":"Ga\u00eblle : Soir\u00e9e salsa cubaine au STAR-FUN SECLIN (59)"},"content":{"rendered":"<div  class=\"tribe-events-schedule tribe-clearfix\" >\n\t<p class=\"tribe-events-schedule__datetime\">\n\t\t<span class=\"tribe-events-schedule__date tribe-events-schedule__date--start\">\n\t\t\t6 juin 2025\t\t<\/span>\n\n\t\t\t\t\t<span class=\"tribe-events-schedule__separator tribe-events-schedule__separator--date\">\n\t\t\t\t &gt; \t\t\t<\/span>\n\t\t\t<span class=\"tribe-events-schedule__time tribe-events-schedule__time--start\">\n\t\t\t\t21h00\t\t\t<\/span>\n\t\t\n\t\t\t\t\t\t\t\t\t<span class=\"tribe-events-schedule__separator tribe-events-schedule__separator--time\">\n\t\t\t\t\t &#8211; \t\t\t\t<\/span>\n\t\t\t\n\t\t\t\t\t\t\t<span class=\"tribe-events-schedule__time tribe-events-schedule__time--end\">\n\t\t\t\t\t23h00\t\t\t\t<\/span>\n\t\t\t\n\t\t\t\t\t\t<\/p>\n<\/div>\n\n\n\n<p><strong><strong><em>Ga\u00eblle<\/em><\/strong><\/strong> : Cl\u00f4ture d&rsquo;une session de 8 cours de salsa cubaine d\u00e9butants \u00e0 <strong><a href=\"http:\/\/www.saint-jans-cappel.fr\" target=\"_blank\" rel=\"noreferrer noopener\">SAINT-JANS-CAPPEL (59270)<\/a><\/strong> (<em>La Chapelle de Saint Jean<\/em>) dans le d\u00e9partement du <strong><a href=\"https:\/\/lenord.fr\" target=\"_blank\" rel=\"noreferrer noopener\">Nord<\/a><\/strong>, en r\u00e9gion <strong><a href=\"https:\/\/www.hautsdefrance.fr\">Hauts-de-France<\/a><\/strong>.<\/p>\n\n\n\n<p><strong>VP DANSES accompagne Ga\u00eblle au <a href=\"https:\/\/www.facebook.com\/salsapicante.lille\/\" target=\"_blank\" rel=\"noreferrer noopener\">Star-Fun Seclin<\/a> ce vendredi 6 juin 2025 ! <\/strong><\/p>\n\n\n\n<p>L&rsquo;occasion de mettre en pratique les bases apprises pendant ces cours particuliers \u00e0 domicile de Salsa Cubaine !<\/p>\n\n\n<div  class=\"tribe-block tribe-block__organizer__details tribe-clearfix\" >\n\t<div class=\"tribe-block__organizer__title\">\n\t\t<h3><a href=\"https:\/\/vpdanses.fr\/home\/bienvenue-chez-vp-danses-hazebrouck\/organisateur\/cyrille-calinkski-salsa-picante-lille\/\" title=\"Cyrille CALINKSKI, Salsa Picante Lille\" target=\"_self\" rel=\"\">Cyrille CALINKSKI, Salsa Picante Lille<\/a><\/h3>\n\t<\/div>\n\t\t\t<p class=\"tribe-block__organizer__phone\">06 16 59 37 38<\/p>\n\t\t\t\t<p class=\"tribe-block__organizer__website\"><a href=\"https:\/\/www.facebook.com\/profile.php?id=100009680768664\" target=\"_self\" rel=\"external\">Voir le site Organisateur<\/a><\/p>\n\t\t<\/div>\n\n\n<div  class=\"tribe-block tribe-block__venue tribe-clearfix tribe-block__venue--has-map\" >\n\t\n\t\n<div class=\"tribe-block__venue__meta\">\n\t<div class=\"tribe-block__venue__name\">\n\t\t<h3><a href=\"https:\/\/vpdanses.fr\/home\/bienvenue-chez-vp-danses-hazebrouck\/lieu\/star-fun-seclin\/\" title=\"Star-Fun Seclin\">Star-Fun Seclin<\/a><\/h3>\n\t<\/div>\n\n\t\n\t\t\t\t\t\t<address class=\"tribe-block__venue__address\">\n\t\t\t\t<span class=\"tribe-address\">\n\n<span class=\"tribe-street-address\">137 Rue des Pav\u00e9s &#8211; Zone Unexpo<\/span>\n\t\n\t\t<br>\n\t\t<span class=\"tribe-locality\">SECLIN<\/span><span class=\"tribe-delimiter\">,<\/span>\n\n\n\t<span class=\"tribe-postal-code\">59113<\/span>\n\n\t<span class=\"tribe-country-name\">France<\/span>\n\n<\/span>\n\n\t\t\t\t\t\t\t\t\t<a class=\"tribe-events-gmap\" href=\"https:\/\/maps.google.com\/maps?f=q&#038;source=s_q&#038;hl=en&#038;geocode=&#038;q=137+Rue+des+Pav%C3%A9s+-+Zone+Unexpo+SECLIN+59113+France\" title=\"Cliquez pour voir une carte Google Map\" target=\"_blank\" rel=\"noreferrer noopener\">+ Google Map<\/a>\t\t\t\t\t\t\t<\/address>\n\t\t\n\t\t\t\t\t<span class=\"tribe-block__venue__phone\">06 44 64 24 25<\/span><br \/>\n\t\t\n\t\t\t\t\t<span class=\"tribe-block__venue__website\"><a href=\"https:\/\/www.star-fun.fr\" target=\"_self\" rel=\"external\">Voir Lieu site web<\/a><\/span><br \/>\n\t\t\t\n\t<\/div>\n\t\n<div class=\"tribe-block__venue__map\">\n\t\n<iframe loading=\"lazy\"\n  title=\"L\u2018iframe Google maps affichant l\u2019adresse \u00e0 Star-Fun Seclin\"\n  aria-label=\"Plan des lieux\"\n  width=\"310px\"\n  height=\"256px\"\n  frameborder=\"0\" style=\"border:0\"\n  src=\"https:\/\/www.google.com\/maps\/embed\/v1\/place?key=AIzaSyDNsicAsP6-VuGtAb1O9riI3oc_NOb7IOU&#038;q=137+Rue+des+Pav%C3%A9s+-+Zone+Unexpo+SECLIN+59113+France+&#038;zoom=11\" allowfullscreen>\n<\/iframe>\n<\/div>\n\n\t<\/div>\n\n\n\n<div style=\"height:105px\" aria-hidden=\"true\" class=\"wp-block-spacer\"><\/div>\n\n\n\n<div class=\"wp-block-uagb-separator uagb-block-599f230b wp-block-uagb-separator--text\"><div class=\"wp-block-uagb-separator__inner\" style=\"--my-background-image:\"><div class=\"wp-block-uagb-separator-element\"><h2 class=\"uagb-html-tag\">Agenda de Ga\u00eblle<\/h2><\/div><\/div><\/div>\n\n\n<!=========Events Timeline Template 3.2.1=========><script type=\"application\/ld+json\">\r\n[{\"@context\":\"http:\/\/schema.org\",\"@type\":\"Event\",\"name\":\"Ga\\u00eblle : Cours de salsa cubaine #7 \\u00e0 SAINT-JANS-CAPPEL (59)\",\"description\":\"&lt;p&gt;VP DANSES dispense des cours particuliers \\u00e0 domicile de salsa cubaine \\u00e0 Ga\\u00eblle \\u00e0 Saint-Jans-Cappel, situ\\u00e9 dans le Nord en r\\u00e9gion Hauts-de-France. Merci Ga\\u00eblle de ta confiance !&lt;\/p&gt;\\\\n\",\"image\":\"https:\/\/vpdanses.fr\/wp-content\/uploads\/2025\/05\/2025-05-26.Gaelle_salsa_cubaine_9EE9_w800.jpg\",\"url\":\"https:\/\/vpdanses.fr\/home\/bienvenue-chez-vp-danses-hazebrouck\/evenement\/gaelle-cours-de-salsa-cubaine-debutant-7-a-saint-jans-cappel-59\/\",\"eventAttendanceMode\":\"https:\/\/schema.org\/OfflineEventAttendanceMode\",\"eventStatus\":\"https:\/\/schema.org\/EventScheduled\",\"startDate\":\"2025-05-26T19:00:00+02:00\",\"endDate\":\"2025-05-26T20:00:00+02:00\",\"location\":{\"@type\":\"Place\",\"name\":\"SAINT-JANS-CAPPEL (59270), Nord, Hauts-de-France\",\"description\":\"&lt;p&gt;Ville de Saint-Jans-Cappel (59270) situ\\u00e9 dans le Nord de la France, en r\\u00e9gion Hauts-de-France&lt;\/p&gt;\\\\n\",\"image\":\"https:\/\/vpdanses.fr\/wp-content\/uploads\/2025\/05\/logo-ville-Saint-Jans-Cappel.jpg\",\"url\":\"https:\/\/vpdanses.fr\/home\/bienvenue-chez-vp-danses-hazebrouck\/lieu\/saint-jans-cappel-59270-nord-hauts-de-france\/\",\"address\":{\"@type\":\"PostalAddress\",\"addressLocality\":\"SAINT-JANS-CAPPEL\",\"postalCode\":\"59270\",\"addressCountry\":\"France\"},\"telephone\":\"\",\"sameAs\":\"https:\/\/www.facebook.com\/p\/Saint-Jans-Cappel-100064740304356\/\"},\"organizer\":{\"@type\":\"Person\",\"name\":\"VP DANSES, association de danses Hazebrouck, Saint-Jans-Cappel, Aire-sur-la-Lys\",\"description\":\"\",\"image\":\"https:\/\/vpdanses.fr\/wp-content\/uploads\/2025\/02\/2025-02-14.logo_VPdanses_FSD_WDO.png\",\"url\":\"https:\/\/vpdanses.fr\",\"telephone\":\"0769899751\",\"email\":\"&#99;&#111;&#110;ta&#99;&#116;&#64;vp&#100;ans&#101;&#115;&#46;f&#114;\",\"sameAs\":\"https:\/\/vpdanses.fr\"},\"performer\":\"Organization\"},{\"@context\":\"http:\/\/schema.org\",\"@type\":\"Event\",\"name\":\"Ga\\u00eblle : Cours de salsa cubaine #8 \\u00e0 SAINT-JANS-CAPPEL (59)\",\"description\":\"&lt;p&gt;VP DANSES dispense des cours particuliers \\u00e0 domicile de salsa cubaine \\u00e0 Ga\\u00eblle \\u00e0 Saint-Jans-Cappel, situ\\u00e9 dans le Nord en r\\u00e9gion Hauts-de-France. Merci Ga\\u00eblle de ta confiance !&lt;\/p&gt;\\\\n\",\"image\":\"https:\/\/vpdanses.fr\/wp-content\/uploads\/2025\/05\/2025-05-26.Gaelle_salsa_cubaine_9EE9_w800.jpg\",\"url\":\"https:\/\/vpdanses.fr\/home\/bienvenue-chez-vp-danses-hazebrouck\/evenement\/gaelle-cours-de-salsa-cubaine-8-a-saint-jans-cappel-59\/\",\"eventAttendanceMode\":\"https:\/\/schema.org\/OfflineEventAttendanceMode\",\"eventStatus\":\"https:\/\/schema.org\/EventScheduled\",\"startDate\":\"2025-06-06T17:00:00+02:00\",\"endDate\":\"2025-06-06T18:00:00+02:00\",\"location\":{\"@type\":\"Place\",\"name\":\"SAINT-JANS-CAPPEL (59270), Nord, Hauts-de-France\",\"description\":\"&lt;p&gt;Ville de Saint-Jans-Cappel (59270) situ\\u00e9 dans le Nord de la France, en r\\u00e9gion Hauts-de-France&lt;\/p&gt;\\\\n\",\"image\":\"https:\/\/vpdanses.fr\/wp-content\/uploads\/2025\/05\/logo-ville-Saint-Jans-Cappel.jpg\",\"url\":\"https:\/\/vpdanses.fr\/home\/bienvenue-chez-vp-danses-hazebrouck\/lieu\/saint-jans-cappel-59270-nord-hauts-de-france\/\",\"address\":{\"@type\":\"PostalAddress\",\"addressLocality\":\"SAINT-JANS-CAPPEL\",\"postalCode\":\"59270\",\"addressCountry\":\"France\"},\"telephone\":\"\",\"sameAs\":\"https:\/\/www.facebook.com\/p\/Saint-Jans-Cappel-100064740304356\/\"},\"organizer\":{\"@type\":\"Person\",\"name\":\"VP DANSES, association de danses Hazebrouck, Saint-Jans-Cappel, Aire-sur-la-Lys\",\"description\":\"\",\"image\":\"https:\/\/vpdanses.fr\/wp-content\/uploads\/2025\/02\/2025-02-14.logo_VPdanses_FSD_WDO.png\",\"url\":\"https:\/\/vpdanses.fr\",\"telephone\":\"0769899751\",\"email\":\"&#99;o&#110;t&#97;&#99;&#116;&#64;&#118;&#112;d&#97;n&#115;&#101;s.f&#114;\",\"sameAs\":\"https:\/\/vpdanses.fr\"},\"performer\":\"Organization\"},{\"@context\":\"http:\/\/schema.org\",\"@type\":\"Event\",\"name\":\"Ga\\u00eblle : Soir\\u00e9e salsa cubaine au STAR-FUN SECLIN (59)\",\"description\":\"&lt;p&gt;VP DANSES dispense des cours particuliers \\u00e0 domicile de salsa cubaine \\u00e0 Ga\\u00eblle \\u00e0 Saint-Jans-Cappel, situ\\u00e9 dans le Nord en r\\u00e9gion Hauts-de-France. Merci Ga\\u00eblle de ta confiance !&lt;\/p&gt;\\\\n\",\"image\":\"https:\/\/vpdanses.fr\/wp-content\/uploads\/2025\/05\/Capture-decran-2025-05-27-a-05.38.34.png\",\"url\":\"https:\/\/vpdanses.fr\/home\/bienvenue-chez-vp-danses-hazebrouck\/evenement\/gaelle-soiree-star-fun-seclin-salsa-cubaine-saint-jans-cappel-59\/\",\"eventAttendanceMode\":\"https:\/\/schema.org\/OfflineEventAttendanceMode\",\"eventStatus\":\"https:\/\/schema.org\/EventScheduled\",\"startDate\":\"2025-06-06T21:00:00+02:00\",\"endDate\":\"2025-06-06T23:00:00+02:00\",\"location\":{\"@type\":\"Place\",\"name\":\"Star-Fun Seclin\",\"description\":\"&lt;p&gt; Star-Fun Seclin, Parc d\\u2019attractions et parc \\u00e0 th\\u00e8me.&lt;\/p&gt;\\\\n\",\"image\":\"https:\/\/vpdanses.fr\/wp-content\/uploads\/2025\/05\/Capture-decran-2025-05-27-a-05.29.08.png\",\"url\":\"https:\/\/vpdanses.fr\/home\/bienvenue-chez-vp-danses-hazebrouck\/lieu\/star-fun-seclin\/\",\"address\":{\"@type\":\"PostalAddress\",\"streetAddress\":\"137 Rue des Pav\\u00e9s - Zone Unexpo\",\"addressLocality\":\"SECLIN\",\"postalCode\":\"59113\",\"addressCountry\":\"France\"},\"telephone\":\"06 44 64 24 25\",\"sameAs\":\"https:\/\/www.star-fun.fr\"},\"organizer\":{\"@type\":\"Person\",\"name\":\"Cyrille CALINKSKI, Salsa Picante Lille\",\"description\":\"&lt;p&gt;Salsa Picante fut cr\\u00e9\\u00e9e en 2001 dans le but de faire partager la passion de ses fondateurs pour la salsa. D\\u2019abord sp\\u00e9cialis\\u00e9e en salsa cubaine, l\\u2019\\u00e9cole se tourna ensuite vers la salsa portoricaine, LA style et New york style.&lt;br \/&gt;\\\\nCyrille CALINKSKI, votre instructeur a \\u00e9t\\u00e9 form\\u00e9s par des professionnels de la sc\\u00e8ne salsa internationale aupr\\u00e8s desquels il a d\\u00e9velopp\\u00e9 le style et le savoir faire qui fait sa r\\u00e9putation dans la r\\u00e9gion ( nord et Belgique)&lt;\/p&gt;\\\\n\",\"image\":\"https:\/\/vpdanses.fr\/wp-content\/uploads\/2025\/05\/Capture-decran-2025-05-27-a-05.38.34.png\",\"url\":\"https:\/\/www.facebook.com\/profile.php?id=100009680768664\",\"telephone\":\"06 16 59 37 38\",\"email\":\"\",\"sameAs\":\"https:\/\/www.facebook.com\/profile.php?id=100009680768664\"},\"performer\":\"Organization\"},{\"@context\":\"http:\/\/schema.org\",\"@type\":\"Event\",\"name\":\"Ga\\u00eblle : Cours Particulier \\u00e0 domicile de Salsa Cubaine \\u00e0 SAINT-JANS-CAPPEL (59)\",\"description\":\"&lt;p&gt;VP DANSES dispense des cours particuliers \\u00e0 domicile de salsa cubaine \\u00e0 Ga\\u00eblle \\u00e0 Saint-Jans-Cappel, situ\\u00e9 dans le Nord en r\\u00e9gion Hauts-de-France. Merci Ga\\u00eblle de ta confiance !&lt;\/p&gt;\\\\n\",\"image\":\"https:\/\/vpdanses.fr\/wp-content\/uploads\/2025\/06\/2025-06-06_Cours_salsa_Gaelle__MG_1248.jpg\",\"url\":\"https:\/\/vpdanses.fr\/home\/bienvenue-chez-vp-danses-hazebrouck\/evenement\/gaelle-cours-de-salsa-cubaine-9-a-saint-jans-cappel-59\/\",\"eventAttendanceMode\":\"https:\/\/schema.org\/OfflineEventAttendanceMode\",\"eventStatus\":\"https:\/\/schema.org\/EventScheduled\",\"startDate\":\"2025-06-24T21:15:00+02:00\",\"endDate\":\"2025-06-24T22:30:00+02:00\",\"location\":{\"@type\":\"Place\",\"name\":\"SAINT-JANS-CAPPEL (59270), Nord, Hauts-de-France\",\"description\":\"&lt;p&gt;Ville de Saint-Jans-Cappel (59270) situ\\u00e9 dans le Nord de la France, en r\\u00e9gion Hauts-de-France&lt;\/p&gt;\\\\n\",\"image\":\"https:\/\/vpdanses.fr\/wp-content\/uploads\/2025\/05\/logo-ville-Saint-Jans-Cappel.jpg\",\"url\":\"https:\/\/vpdanses.fr\/home\/bienvenue-chez-vp-danses-hazebrouck\/lieu\/saint-jans-cappel-59270-nord-hauts-de-france\/\",\"address\":{\"@type\":\"PostalAddress\",\"addressLocality\":\"SAINT-JANS-CAPPEL\",\"postalCode\":\"59270\",\"addressCountry\":\"France\"},\"telephone\":\"\",\"sameAs\":\"https:\/\/www.facebook.com\/p\/Saint-Jans-Cappel-100064740304356\/\"},\"organizer\":{\"@type\":\"Person\",\"name\":\"VP DANSES, association de danses Hazebrouck, Saint-Jans-Cappel, Aire-sur-la-Lys\",\"description\":\"\",\"image\":\"https:\/\/vpdanses.fr\/wp-content\/uploads\/2025\/02\/2025-02-14.logo_VPdanses_FSD_WDO.png\",\"url\":\"https:\/\/vpdanses.fr\",\"telephone\":\"0769899751\",\"email\":\"c&#111;ntact&#64;&#118;p&#100;&#97;&#110;ses.&#102;&#114;\",\"sameAs\":\"https:\/\/vpdanses.fr\"},\"performer\":\"Organization\"},{\"@context\":\"http:\/\/schema.org\",\"@type\":\"Event\",\"name\":\"Ga\\u00eblle : Cours Particulier \\u00e0 domicile de Salsa Cubaine \\u00e0 SAINT-JANS-CAPPEL (59)\",\"description\":\"&lt;p&gt;VP DANSES dispense des cours particuliers \\u00e0 domicile de salsa cubaine \\u00e0 Ga\\u00eblle \\u00e0 Saint-Jans-Cappel, situ\\u00e9 dans le Nord en r\\u00e9gion Hauts-de-France. Merci Ga\\u00eblle de ta confiance !&lt;\/p&gt;\\\\n\",\"image\":\"https:\/\/vpdanses.fr\/wp-content\/uploads\/2025\/07\/2025-06-24.Gaelle_salsa_IMG_8565_H1240.jpg\",\"url\":\"https:\/\/vpdanses.fr\/home\/bienvenue-chez-vp-danses-hazebrouck\/evenement\/gaelle-cours-particulier-11-domicile-salsa-cubaine-saint-jans-cappel-59\/\",\"eventAttendanceMode\":\"https:\/\/schema.org\/OfflineEventAttendanceMode\",\"eventStatus\":\"https:\/\/schema.org\/EventScheduled\",\"startDate\":\"2025-07-07T17:30:00+02:00\",\"endDate\":\"2025-07-07T18:45:00+02:00\",\"location\":{\"@type\":\"Place\",\"name\":\"SAINT-JANS-CAPPEL (59270), Nord, Hauts-de-France\",\"description\":\"&lt;p&gt;Ville de Saint-Jans-Cappel (59270) situ\\u00e9 dans le Nord de la France, en r\\u00e9gion Hauts-de-France&lt;\/p&gt;\\\\n\",\"image\":\"https:\/\/vpdanses.fr\/wp-content\/uploads\/2025\/05\/logo-ville-Saint-Jans-Cappel.jpg\",\"url\":\"https:\/\/vpdanses.fr\/home\/bienvenue-chez-vp-danses-hazebrouck\/lieu\/saint-jans-cappel-59270-nord-hauts-de-france\/\",\"address\":{\"@type\":\"PostalAddress\",\"addressLocality\":\"SAINT-JANS-CAPPEL\",\"postalCode\":\"59270\",\"addressCountry\":\"France\"},\"telephone\":\"\",\"sameAs\":\"https:\/\/www.facebook.com\/p\/Saint-Jans-Cappel-100064740304356\/\"},\"organizer\":{\"@type\":\"Person\",\"name\":\"VP DANSES, association de danses Hazebrouck, Saint-Jans-Cappel, Aire-sur-la-Lys\",\"description\":\"\",\"image\":\"https:\/\/vpdanses.fr\/wp-content\/uploads\/2025\/02\/2025-02-14.logo_VPdanses_FSD_WDO.png\",\"url\":\"https:\/\/vpdanses.fr\",\"telephone\":\"0769899751\",\"email\":\"c&#111;&#110;&#116;a&#99;&#116;&#64;v&#112;d&#97;&#110;ses.fr\",\"sameAs\":\"https:\/\/vpdanses.fr\"},\"performer\":\"Organization\"},{\"@context\":\"http:\/\/schema.org\",\"@type\":\"Event\",\"name\":\"Ga\\u00eblle : Cours Particulier \\u00e0 domicile de Salsa Cubaine \\u00e0 SAINT-JANS-CAPPEL (59)\",\"description\":\"&lt;p&gt;VP DANSES dispense des cours particuliers \\u00e0 domicile de salsa cubaine \\u00e0 Ga\\u00eblle \\u00e0 Saint-Jans-Cappel, situ\\u00e9 dans le Nord en r\\u00e9gion Hauts-de-France. Merci Ga\\u00eblle de ta confiance !&lt;\/p&gt;\\\\n\",\"image\":\"https:\/\/vpdanses.fr\/wp-content\/uploads\/2025\/07\/2025-06-24.Gaelle_salsa_IMG_8565_H1240.jpg\",\"url\":\"https:\/\/vpdanses.fr\/home\/bienvenue-chez-vp-danses-hazebrouck\/evenement\/gaelle-cours-particulier-a-domicile-de-salsa-cubaine-a-saint-jans-cappel-59\/\",\"eventAttendanceMode\":\"https:\/\/schema.org\/OfflineEventAttendanceMode\",\"eventStatus\":\"https:\/\/schema.org\/EventScheduled\",\"startDate\":\"2025-09-02T18:30:00+02:00\",\"endDate\":\"2025-09-02T19:30:00+02:00\",\"location\":{\"@type\":\"Place\",\"name\":\"SAINT-JANS-CAPPEL (59270), Nord, Hauts-de-France\",\"description\":\"&lt;p&gt;Ville de Saint-Jans-Cappel (59270) situ\\u00e9 dans le Nord de la France, en r\\u00e9gion Hauts-de-France&lt;\/p&gt;\\\\n\",\"image\":\"https:\/\/vpdanses.fr\/wp-content\/uploads\/2025\/05\/logo-ville-Saint-Jans-Cappel.jpg\",\"url\":\"https:\/\/vpdanses.fr\/home\/bienvenue-chez-vp-danses-hazebrouck\/lieu\/saint-jans-cappel-59270-nord-hauts-de-france\/\",\"address\":{\"@type\":\"PostalAddress\",\"addressLocality\":\"SAINT-JANS-CAPPEL\",\"postalCode\":\"59270\",\"addressCountry\":\"France\"},\"telephone\":\"\",\"sameAs\":\"https:\/\/www.facebook.com\/p\/Saint-Jans-Cappel-100064740304356\/\"},\"organizer\":{\"@type\":\"Person\",\"name\":\"VP DANSES, association de danses Hazebrouck, Saint-Jans-Cappel, Aire-sur-la-Lys\",\"description\":\"\",\"image\":\"https:\/\/vpdanses.fr\/wp-content\/uploads\/2025\/02\/2025-02-14.logo_VPdanses_FSD_WDO.png\",\"url\":\"https:\/\/vpdanses.fr\",\"telephone\":\"0769899751\",\"email\":\"&#99;o&#110;&#116;ac&#116;&#64;&#118;p&#100;a&#110;&#115;e&#115;&#46;f&#114;\",\"sameAs\":\"https:\/\/vpdanses.fr\"},\"performer\":\"Organization\"}]\r\n<\/script><div id=\"event-timeline-wrapper\" class=\"cours-particulier-salsa-cubaine-debutant-gaelle style-3\"><div class=\"cool-event-timeline\"><div class=\"ect-timeline-year\">\r\n                        <div class=\"year-placeholder\"><!-- Month \/ Year Headers --><span class='month-year-box'><span>Mai 2025<\/span><\/span><\/div>\r\n                        <\/div><div id=\"event-13259\" class=\"ect-timeline-post even ect-featured-event style-3\"><div class=\"timeline-dots\"><\/div><div class=\"timeline-content even\"><div class=\"ect-timeline-header\"><a class=\"timeline-ev-img\" href=\"https:\/\/vpdanses.fr\/home\/bienvenue-chez-vp-danses-hazebrouck\/evenement\/gaelle-cours-de-salsa-cubaine-debutant-7-a-saint-jans-cappel-59\/\"><noscript><img decoding=\"async\" data-skip-lazy src=\"https:\/\/vpdanses.fr\/wp-content\/uploads\/2025\/05\/2025-05-26.Gaelle_salsa_cubaine_9EE9_w800-683x1024.jpg\" alt=\"Ga\u00eblle : Cours de salsa cubaine #7 \u00e0 SAINT-JANS-CAPPEL (59)\"\/><\/noscript><img decoding=\"async\" src=\"data:image\/svg+xml;base64,PHN2ZyB3aWR0aD0iODAwIiBoZWlnaHQ9IjEyMDAiIHZpZXdCb3g9IjAgMCA4MDAgMTIwMCIgZmlsbD0ibm9uZSIgeG1sbnM9Imh0dHA6Ly93d3cudzMub3JnLzIwMDAvc3ZnIj48L3N2Zz4=\" alt=\"Ga\u00eblle : Cours de salsa cubaine #7 \u00e0 SAINT-JANS-CAPPEL (59)\" data-src=\"https:\/\/vpdanses.fr\/wp-content\/uploads\/2025\/05\/2025-05-26.Gaelle_salsa_cubaine_9EE9_w800-683x1024.jpg\" data-sizes=\"auto\" loading=\"eager\" class=\"vp-lazyload\"><\/a><div class=\"ect-date-area timeline-view-schedule\">\r\n\t\t\t\t\t\t\t\t<span class=\"ev-day\">26<\/span>\r\n\t\t\t\t\t\t\t\t<span class=\"ev-mo\">mai<\/span>\r\n\t\t\t\t\t\t\t\t<span class=\"ev-yr\">2025<\/span>\r\n\t\t\t\t\t\t\t\t<\/div><\/div><div class=\"ect-timeline-main-content\"><h2 class=\"content-title\"><a class=\"ect-event-url\" href=\"https:\/\/vpdanses.fr\/home\/bienvenue-chez-vp-danses-hazebrouck\/evenement\/gaelle-cours-de-salsa-cubaine-debutant-7-a-saint-jans-cappel-59\/\" rel=\"bookmark\">Ga\u00eblle : Cours de salsa cubaine #7 \u00e0 SAINT-JANS-CAPPEL (59)<\/a><\/h2><!-- Event Content --><div class=\"ect-event-content\"><p>VP DANSES dispense des cours particuliers \u00e0 domicile de salsa cubaine \u00e0 Ga\u00eblle \u00e0 Saint-Jans-Cappel, situ\u00e9 dans le Nord en r\u00e9gion Hauts-de-France. Merci Ga\u00eblle de ta confiance !<\/p><\/div><div class=\"timeline-view-venue\"><span class=\"ect-icon\"><i class=\"ect-icon-location\" aria-hidden=\"true\"><\/i><\/span><!-- Venue Display Info -->\r\n                        <span class=\"ect-venue-details ect-address\">\r\n                       \r\n                        <div><a href=\"https:\/\/vpdanses.fr\/home\/bienvenue-chez-vp-danses-hazebrouck\/lieu\/saint-jans-cappel-59270-nord-hauts-de-france\/\" title=\"SAINT-JANS-CAPPEL (59270), Nord, Hauts-de-France\">SAINT-JANS-CAPPEL (59270), Nord, Hauts-de-France<\/a>,<span class=\"tribe-address\">\n\n\n\t<span class=\"tribe-locality\">SAINT-JANS-CAPPEL<\/span><span class=\"tribe-delimiter\">,<\/span>\n\n\n\t<span class=\"tribe-postal-code\">59270<\/span>\n\n\t<span class=\"tribe-country-name\">France<\/span>\n\n<\/span>\n<\/div><span class=\"ect-google\"><a class=\"tribe-events-gmap\" href=\"https:\/\/maps.google.com\/maps?f=q&#038;source=s_q&#038;hl=en&#038;geocode=&#038;q=SAINT-JANS-CAPPEL+59270+France\" title=\"Cliquez pour voir une carte Google Map\" target=\"_blank\" rel=\"noreferrer noopener\">+ Google Map<\/a><\/span><\/span><\/div><div class=\"ect-timeline-footer\"><div class=\"ect-lslist-event-detail full-view\">\r\n        <a href=\"https:\/\/vpdanses.fr\/home\/bienvenue-chez-vp-danses-hazebrouck\/evenement\/gaelle-cours-de-salsa-cubaine-debutant-7-a-saint-jans-cappel-59\/\" title=\"Ga\u00eblle : Cours de salsa cubaine #7 \u00e0 SAINT-JANS-CAPPEL (59)\" rel=\"bookmark\">En savoir plus<\/a>\r\n        <\/div><\/div><\/div><\/div><\/div><div class=\"ect-timeline-year\">\r\n                        <div class=\"year-placeholder\"><!-- Month \/ Year Headers --><span class='month-year-box'><span>Juin 2025<\/span><\/span><\/div>\r\n                        <\/div><div id=\"event-13240\" class=\"ect-timeline-post even ect-featured-event style-3\"><div class=\"timeline-dots\"><\/div><div class=\"timeline-content even\"><div class=\"ect-timeline-header\"><a class=\"timeline-ev-img\" href=\"https:\/\/vpdanses.fr\/home\/bienvenue-chez-vp-danses-hazebrouck\/evenement\/gaelle-cours-de-salsa-cubaine-8-a-saint-jans-cappel-59\/\"><noscript><img decoding=\"async\" data-skip-lazy src=\"https:\/\/vpdanses.fr\/wp-content\/uploads\/2025\/05\/2025-05-26.Gaelle_salsa_cubaine_9EE9_w800-683x1024.jpg\" alt=\"Ga\u00eblle : Cours de salsa cubaine #8 \u00e0 SAINT-JANS-CAPPEL (59)\"\/><\/noscript><img decoding=\"async\" src=\"data:image\/svg+xml;base64,PHN2ZyB3aWR0aD0iODAwIiBoZWlnaHQ9IjEyMDAiIHZpZXdCb3g9IjAgMCA4MDAgMTIwMCIgZmlsbD0ibm9uZSIgeG1sbnM9Imh0dHA6Ly93d3cudzMub3JnLzIwMDAvc3ZnIj48L3N2Zz4=\" alt=\"Ga\u00eblle : Cours de salsa cubaine #8 \u00e0 SAINT-JANS-CAPPEL (59)\" data-src=\"https:\/\/vpdanses.fr\/wp-content\/uploads\/2025\/05\/2025-05-26.Gaelle_salsa_cubaine_9EE9_w800-683x1024.jpg\" data-sizes=\"auto\" loading=\"eager\" class=\"vp-lazyload\"><\/a><div class=\"ect-date-area timeline-view-schedule\">\r\n\t\t\t\t\t\t\t\t<span class=\"ev-day\">06<\/span>\r\n\t\t\t\t\t\t\t\t<span class=\"ev-mo\">juin<\/span>\r\n\t\t\t\t\t\t\t\t<span class=\"ev-yr\">2025<\/span>\r\n\t\t\t\t\t\t\t\t<\/div><\/div><div class=\"ect-timeline-main-content\"><h2 class=\"content-title\"><a class=\"ect-event-url\" href=\"https:\/\/vpdanses.fr\/home\/bienvenue-chez-vp-danses-hazebrouck\/evenement\/gaelle-cours-de-salsa-cubaine-8-a-saint-jans-cappel-59\/\" rel=\"bookmark\">Ga\u00eblle : Cours de salsa cubaine #8 \u00e0 SAINT-JANS-CAPPEL (59)<\/a><\/h2><!-- Event Content --><div class=\"ect-event-content\"><p>VP DANSES dispense des cours particuliers \u00e0 domicile de salsa cubaine \u00e0 Ga\u00eblle \u00e0 Saint-Jans-Cappel, situ\u00e9 dans le Nord en r\u00e9gion Hauts-de-France. Merci Ga\u00eblle de ta confiance !<\/p><\/div><div class=\"timeline-view-venue\"><span class=\"ect-icon\"><i class=\"ect-icon-location\" aria-hidden=\"true\"><\/i><\/span><!-- Venue Display Info -->\r\n                        <span class=\"ect-venue-details ect-address\">\r\n                       \r\n                        <div><a href=\"https:\/\/vpdanses.fr\/home\/bienvenue-chez-vp-danses-hazebrouck\/lieu\/saint-jans-cappel-59270-nord-hauts-de-france\/\" title=\"SAINT-JANS-CAPPEL (59270), Nord, Hauts-de-France\">SAINT-JANS-CAPPEL (59270), Nord, Hauts-de-France<\/a>,<span class=\"tribe-address\">\n\n\n\t<span class=\"tribe-locality\">SAINT-JANS-CAPPEL<\/span><span class=\"tribe-delimiter\">,<\/span>\n\n\n\t<span class=\"tribe-postal-code\">59270<\/span>\n\n\t<span class=\"tribe-country-name\">France<\/span>\n\n<\/span>\n<\/div><span class=\"ect-google\"><a class=\"tribe-events-gmap\" href=\"https:\/\/maps.google.com\/maps?f=q&#038;source=s_q&#038;hl=en&#038;geocode=&#038;q=SAINT-JANS-CAPPEL+59270+France\" title=\"Cliquez pour voir une carte Google Map\" target=\"_blank\" rel=\"noreferrer noopener\">+ Google Map<\/a><\/span><\/span><\/div><div class=\"ect-timeline-footer\"><div class=\"ect-lslist-event-detail full-view\">\r\n        <a href=\"https:\/\/vpdanses.fr\/home\/bienvenue-chez-vp-danses-hazebrouck\/evenement\/gaelle-cours-de-salsa-cubaine-8-a-saint-jans-cappel-59\/\" title=\"Ga\u00eblle : Cours de salsa cubaine #8 \u00e0 SAINT-JANS-CAPPEL (59)\" rel=\"bookmark\">En savoir plus<\/a>\r\n        <\/div><\/div><\/div><\/div><\/div><div id=\"event-13339\" class=\"ect-timeline-post even ect-featured-event style-3\"><div class=\"timeline-dots\"><\/div><div class=\"timeline-content even\"><div class=\"ect-timeline-header\"><a class=\"timeline-ev-img\" href=\"https:\/\/vpdanses.fr\/home\/bienvenue-chez-vp-danses-hazebrouck\/evenement\/gaelle-soiree-star-fun-seclin-salsa-cubaine-saint-jans-cappel-59\/\"><noscript><img decoding=\"async\" data-skip-lazy src=\"https:\/\/vpdanses.fr\/wp-content\/uploads\/2025\/05\/Capture-decran-2025-05-27-a-05.38.34-1024x491.png\" alt=\"Ga\u00eblle : Soir\u00e9e salsa cubaine au STAR-FUN SECLIN (59)\"\/><\/noscript><img decoding=\"async\" src=\"data:image\/svg+xml;base64,PHN2ZyB3aWR0aD0iMjQwNiIgaGVpZ2h0PSIxMTU0IiB2aWV3Qm94PSIwIDAgMjQwNiAxMTU0IiBmaWxsPSJub25lIiB4bWxucz0iaHR0cDovL3d3dy53My5vcmcvMjAwMC9zdmciPjwvc3ZnPg==\" alt=\"Ga\u00eblle : Soir\u00e9e salsa cubaine au STAR-FUN SECLIN (59)\" data-src=\"https:\/\/vpdanses.fr\/wp-content\/uploads\/2025\/05\/Capture-decran-2025-05-27-a-05.38.34-1024x491.png\" data-sizes=\"auto\" loading=\"eager\" class=\"vp-lazyload\"><\/a><div class=\"ect-date-area timeline-view-schedule\">\r\n\t\t\t\t\t\t\t\t<span class=\"ev-day\">06<\/span>\r\n\t\t\t\t\t\t\t\t<span class=\"ev-mo\">juin<\/span>\r\n\t\t\t\t\t\t\t\t<span class=\"ev-yr\">2025<\/span>\r\n\t\t\t\t\t\t\t\t<\/div><\/div><div class=\"ect-timeline-main-content\"><h2 class=\"content-title\"><a class=\"ect-event-url\" href=\"https:\/\/vpdanses.fr\/home\/bienvenue-chez-vp-danses-hazebrouck\/evenement\/gaelle-soiree-star-fun-seclin-salsa-cubaine-saint-jans-cappel-59\/\" rel=\"bookmark\">Ga\u00eblle : Soir\u00e9e salsa cubaine au STAR-FUN SECLIN (59)<\/a><\/h2><!-- Event Content --><div class=\"ect-event-content\"><p>VP DANSES dispense des cours particuliers \u00e0 domicile de salsa cubaine \u00e0 Ga\u00eblle \u00e0 Saint-Jans-Cappel, situ\u00e9 dans le Nord en r\u00e9gion Hauts-de-France. Merci Ga\u00eblle de ta confiance !<\/p><\/div><div class=\"timeline-view-venue\"><span class=\"ect-icon\"><i class=\"ect-icon-location\" aria-hidden=\"true\"><\/i><\/span><!-- Venue Display Info -->\r\n                        <span class=\"ect-venue-details ect-address\">\r\n                       \r\n                        <div><a href=\"https:\/\/vpdanses.fr\/home\/bienvenue-chez-vp-danses-hazebrouck\/lieu\/star-fun-seclin\/\" title=\"Star-Fun Seclin\">Star-Fun Seclin<\/a>,<span class=\"tribe-address\">\n\n<span class=\"tribe-street-address\">137 Rue des Pav\u00e9s - Zone Unexpo<\/span>\n\t\n\t\t<br>\n\t\t<span class=\"tribe-locality\">SECLIN<\/span><span class=\"tribe-delimiter\">,<\/span>\n\n\n\t<span class=\"tribe-postal-code\">59113<\/span>\n\n\t<span class=\"tribe-country-name\">France<\/span>\n\n<\/span>\n<\/div><span class=\"ect-google\"><a class=\"tribe-events-gmap\" href=\"https:\/\/maps.google.com\/maps?f=q&#038;source=s_q&#038;hl=en&#038;geocode=&#038;q=137+Rue+des+Pav%C3%A9s+-+Zone+Unexpo+SECLIN+59113+France\" title=\"Cliquez pour voir une carte Google Map\" target=\"_blank\" rel=\"noreferrer noopener\">+ Google Map<\/a><\/span><\/span><\/div><div class=\"ect-timeline-footer\"><div class=\"ect-lslist-event-detail full-view\">\r\n        <a href=\"https:\/\/vpdanses.fr\/home\/bienvenue-chez-vp-danses-hazebrouck\/evenement\/gaelle-soiree-star-fun-seclin-salsa-cubaine-saint-jans-cappel-59\/\" title=\"Ga\u00eblle : Soir\u00e9e salsa cubaine au STAR-FUN SECLIN (59)\" rel=\"bookmark\">En savoir plus<\/a>\r\n        <\/div><\/div><\/div><\/div><\/div><div id=\"event-13609\" class=\"ect-timeline-post even ect-featured-event style-3\"><div class=\"timeline-dots\"><\/div><div class=\"timeline-content even\"><div class=\"ect-timeline-header\"><a class=\"timeline-ev-img\" href=\"https:\/\/vpdanses.fr\/home\/bienvenue-chez-vp-danses-hazebrouck\/evenement\/gaelle-cours-de-salsa-cubaine-9-a-saint-jans-cappel-59\/\"><noscript><img decoding=\"async\" data-skip-lazy src=\"https:\/\/vpdanses.fr\/wp-content\/uploads\/2025\/06\/2025-06-06_Cours_salsa_Gaelle__MG_1248-683x1024.jpg\" alt=\"Ga\u00eblle : Cours Particulier \u00e0 domicile de Salsa Cubaine \u00e0 SAINT-JANS-CAPPEL (59)\"\/><\/noscript><img decoding=\"async\" src=\"data:image\/svg+xml;base64,PHN2ZyB3aWR0aD0iODI3IiBoZWlnaHQ9IjEyNDAiIHZpZXdCb3g9IjAgMCA4MjcgMTI0MCIgZmlsbD0ibm9uZSIgeG1sbnM9Imh0dHA6Ly93d3cudzMub3JnLzIwMDAvc3ZnIj48L3N2Zz4=\" alt=\"Ga\u00eblle : Cours Particulier \u00e0 domicile de Salsa Cubaine \u00e0 SAINT-JANS-CAPPEL (59)\" data-src=\"https:\/\/vpdanses.fr\/wp-content\/uploads\/2025\/06\/2025-06-06_Cours_salsa_Gaelle__MG_1248-683x1024.jpg\" data-sizes=\"auto\" loading=\"eager\" class=\"vp-lazyload\"><\/a><div class=\"ect-date-area timeline-view-schedule\">\r\n\t\t\t\t\t\t\t\t<span class=\"ev-day\">24<\/span>\r\n\t\t\t\t\t\t\t\t<span class=\"ev-mo\">juin<\/span>\r\n\t\t\t\t\t\t\t\t<span class=\"ev-yr\">2025<\/span>\r\n\t\t\t\t\t\t\t\t<\/div><\/div><div class=\"ect-timeline-main-content\"><h2 class=\"content-title\"><a class=\"ect-event-url\" href=\"https:\/\/vpdanses.fr\/home\/bienvenue-chez-vp-danses-hazebrouck\/evenement\/gaelle-cours-de-salsa-cubaine-9-a-saint-jans-cappel-59\/\" rel=\"bookmark\">Ga\u00eblle : Cours Particulier \u00e0 domicile de Salsa Cubaine \u00e0 SAINT-JANS-CAPPEL (59)<\/a><\/h2><!-- Event Content --><div class=\"ect-event-content\"><p>VP DANSES dispense des cours particuliers \u00e0 domicile de salsa cubaine \u00e0 Ga\u00eblle \u00e0 Saint-Jans-Cappel, situ\u00e9 dans le Nord en r\u00e9gion Hauts-de-France. Merci Ga\u00eblle de ta confiance !<\/p><\/div><div class=\"timeline-view-venue\"><span class=\"ect-icon\"><i class=\"ect-icon-location\" aria-hidden=\"true\"><\/i><\/span><!-- Venue Display Info -->\r\n                        <span class=\"ect-venue-details ect-address\">\r\n                       \r\n                        <div><a href=\"https:\/\/vpdanses.fr\/home\/bienvenue-chez-vp-danses-hazebrouck\/lieu\/saint-jans-cappel-59270-nord-hauts-de-france\/\" title=\"SAINT-JANS-CAPPEL (59270), Nord, Hauts-de-France\">SAINT-JANS-CAPPEL (59270), Nord, Hauts-de-France<\/a>,<span class=\"tribe-address\">\n\n\n\t<span class=\"tribe-locality\">SAINT-JANS-CAPPEL<\/span><span class=\"tribe-delimiter\">,<\/span>\n\n\n\t<span class=\"tribe-postal-code\">59270<\/span>\n\n\t<span class=\"tribe-country-name\">France<\/span>\n\n<\/span>\n<\/div><span class=\"ect-google\"><a class=\"tribe-events-gmap\" href=\"https:\/\/maps.google.com\/maps?f=q&#038;source=s_q&#038;hl=en&#038;geocode=&#038;q=SAINT-JANS-CAPPEL+59270+France\" title=\"Cliquez pour voir une carte Google Map\" target=\"_blank\" rel=\"noreferrer noopener\">+ Google Map<\/a><\/span><\/span><\/div><div class=\"ect-timeline-footer\"><div class=\"ect-lslist-event-detail full-view\">\r\n        <a href=\"https:\/\/vpdanses.fr\/home\/bienvenue-chez-vp-danses-hazebrouck\/evenement\/gaelle-cours-de-salsa-cubaine-9-a-saint-jans-cappel-59\/\" title=\"Ga\u00eblle : Cours Particulier \u00e0 domicile de Salsa Cubaine \u00e0 SAINT-JANS-CAPPEL (59)\" rel=\"bookmark\">En savoir plus<\/a>\r\n        <\/div><\/div><\/div><\/div><\/div><div class=\"ect-timeline-year\">\r\n                        <div class=\"year-placeholder\"><!-- Month \/ Year Headers --><span class='month-year-box'><span>Juil 2025<\/span><\/span><\/div>\r\n                        <\/div><div id=\"event-13655\" class=\"ect-timeline-post even ect-featured-event style-3\"><div class=\"timeline-dots\"><\/div><div class=\"timeline-content even\"><div class=\"ect-timeline-header\"><a class=\"timeline-ev-img\" href=\"https:\/\/vpdanses.fr\/home\/bienvenue-chez-vp-danses-hazebrouck\/evenement\/gaelle-cours-particulier-11-domicile-salsa-cubaine-saint-jans-cappel-59\/\"><noscript><img decoding=\"async\" data-skip-lazy src=\"https:\/\/vpdanses.fr\/wp-content\/uploads\/2025\/07\/2025-06-24.Gaelle_salsa_IMG_8565_H1240-768x1024.jpg\" alt=\"Ga\u00eblle : Cours Particulier \u00e0 domicile de Salsa Cubaine \u00e0 SAINT-JANS-CAPPEL (59)\"\/><\/noscript><img decoding=\"async\" src=\"data:image\/svg+xml;base64,PHN2ZyB3aWR0aD0iOTMwIiBoZWlnaHQ9IjEyNDAiIHZpZXdCb3g9IjAgMCA5MzAgMTI0MCIgZmlsbD0ibm9uZSIgeG1sbnM9Imh0dHA6Ly93d3cudzMub3JnLzIwMDAvc3ZnIj48L3N2Zz4=\" alt=\"Ga\u00eblle : Cours Particulier \u00e0 domicile de Salsa Cubaine \u00e0 SAINT-JANS-CAPPEL (59)\" data-src=\"https:\/\/vpdanses.fr\/wp-content\/uploads\/2025\/07\/2025-06-24.Gaelle_salsa_IMG_8565_H1240-768x1024.jpg\" data-sizes=\"auto\" loading=\"eager\" class=\"vp-lazyload\"><\/a><div class=\"ect-date-area timeline-view-schedule\">\r\n\t\t\t\t\t\t\t\t<span class=\"ev-day\">07<\/span>\r\n\t\t\t\t\t\t\t\t<span class=\"ev-mo\">juillet<\/span>\r\n\t\t\t\t\t\t\t\t<span class=\"ev-yr\">2025<\/span>\r\n\t\t\t\t\t\t\t\t<\/div><\/div><div class=\"ect-timeline-main-content\"><h2 class=\"content-title\"><a class=\"ect-event-url\" href=\"https:\/\/vpdanses.fr\/home\/bienvenue-chez-vp-danses-hazebrouck\/evenement\/gaelle-cours-particulier-11-domicile-salsa-cubaine-saint-jans-cappel-59\/\" rel=\"bookmark\">Ga\u00eblle : Cours Particulier \u00e0 domicile de Salsa Cubaine \u00e0 SAINT-JANS-CAPPEL (59)<\/a><\/h2><!-- Event Content --><div class=\"ect-event-content\"><p>VP DANSES dispense des cours particuliers \u00e0 domicile de salsa cubaine \u00e0 Ga\u00eblle \u00e0 Saint-Jans-Cappel, situ\u00e9 dans le Nord en r\u00e9gion Hauts-de-France. Merci Ga\u00eblle de ta confiance !<\/p><\/div><div class=\"timeline-view-venue\"><span class=\"ect-icon\"><i class=\"ect-icon-location\" aria-hidden=\"true\"><\/i><\/span><!-- Venue Display Info -->\r\n                        <span class=\"ect-venue-details ect-address\">\r\n                       \r\n                        <div><a href=\"https:\/\/vpdanses.fr\/home\/bienvenue-chez-vp-danses-hazebrouck\/lieu\/saint-jans-cappel-59270-nord-hauts-de-france\/\" title=\"SAINT-JANS-CAPPEL (59270), Nord, Hauts-de-France\">SAINT-JANS-CAPPEL (59270), Nord, Hauts-de-France<\/a>,<span class=\"tribe-address\">\n\n\n\t<span class=\"tribe-locality\">SAINT-JANS-CAPPEL<\/span><span class=\"tribe-delimiter\">,<\/span>\n\n\n\t<span class=\"tribe-postal-code\">59270<\/span>\n\n\t<span class=\"tribe-country-name\">France<\/span>\n\n<\/span>\n<\/div><span class=\"ect-google\"><a class=\"tribe-events-gmap\" href=\"https:\/\/maps.google.com\/maps?f=q&#038;source=s_q&#038;hl=en&#038;geocode=&#038;q=SAINT-JANS-CAPPEL+59270+France\" title=\"Cliquez pour voir une carte Google Map\" target=\"_blank\" rel=\"noreferrer noopener\">+ Google Map<\/a><\/span><\/span><\/div><div class=\"ect-timeline-footer\"><div class=\"ect-lslist-event-detail full-view\">\r\n        <a href=\"https:\/\/vpdanses.fr\/home\/bienvenue-chez-vp-danses-hazebrouck\/evenement\/gaelle-cours-particulier-11-domicile-salsa-cubaine-saint-jans-cappel-59\/\" title=\"Ga\u00eblle : Cours Particulier \u00e0 domicile de Salsa Cubaine \u00e0 SAINT-JANS-CAPPEL (59)\" rel=\"bookmark\">En savoir plus<\/a>\r\n        <\/div><\/div><\/div><\/div><\/div><div class=\"ect-timeline-year\">\r\n                        <div class=\"year-placeholder\"><!-- Month \/ Year Headers --><span class='month-year-box'><span>Sep 2025<\/span><\/span><\/div>\r\n                        <\/div><div id=\"event-13804\" class=\"ect-timeline-post even ect-featured-event style-3\"><div class=\"timeline-dots\"><\/div><div class=\"timeline-content even\"><div class=\"ect-timeline-header\"><a class=\"timeline-ev-img\" href=\"https:\/\/vpdanses.fr\/home\/bienvenue-chez-vp-danses-hazebrouck\/evenement\/gaelle-cours-particulier-a-domicile-de-salsa-cubaine-a-saint-jans-cappel-59\/\"><noscript><img decoding=\"async\" data-skip-lazy src=\"https:\/\/vpdanses.fr\/wp-content\/uploads\/2025\/07\/2025-06-24.Gaelle_salsa_IMG_8565_H1240-768x1024.jpg\" alt=\"Ga\u00eblle : Cours Particulier \u00e0 domicile de Salsa Cubaine \u00e0 SAINT-JANS-CAPPEL (59)\"\/><\/noscript><img decoding=\"async\" src=\"data:image\/svg+xml;base64,PHN2ZyB3aWR0aD0iOTMwIiBoZWlnaHQ9IjEyNDAiIHZpZXdCb3g9IjAgMCA5MzAgMTI0MCIgZmlsbD0ibm9uZSIgeG1sbnM9Imh0dHA6Ly93d3cudzMub3JnLzIwMDAvc3ZnIj48L3N2Zz4=\" alt=\"Ga\u00eblle : Cours Particulier \u00e0 domicile de Salsa Cubaine \u00e0 SAINT-JANS-CAPPEL (59)\" data-src=\"https:\/\/vpdanses.fr\/wp-content\/uploads\/2025\/07\/2025-06-24.Gaelle_salsa_IMG_8565_H1240-768x1024.jpg\" data-sizes=\"auto\" loading=\"eager\" class=\"vp-lazyload\"><\/a><div class=\"ect-date-area timeline-view-schedule\">\r\n\t\t\t\t\t\t\t\t<span class=\"ev-day\">02<\/span>\r\n\t\t\t\t\t\t\t\t<span class=\"ev-mo\">septembre<\/span>\r\n\t\t\t\t\t\t\t\t<span class=\"ev-yr\">2025<\/span>\r\n\t\t\t\t\t\t\t\t<\/div><\/div><div class=\"ect-timeline-main-content\"><h2 class=\"content-title\"><a class=\"ect-event-url\" href=\"https:\/\/vpdanses.fr\/home\/bienvenue-chez-vp-danses-hazebrouck\/evenement\/gaelle-cours-particulier-a-domicile-de-salsa-cubaine-a-saint-jans-cappel-59\/\" rel=\"bookmark\">Ga\u00eblle : Cours Particulier \u00e0 domicile de Salsa Cubaine \u00e0 SAINT-JANS-CAPPEL (59)<\/a><\/h2><!-- Event Content --><div class=\"ect-event-content\"><p>VP DANSES dispense des cours particuliers \u00e0 domicile de salsa cubaine \u00e0 Ga\u00eblle \u00e0 Saint-Jans-Cappel, situ\u00e9 dans le Nord en r\u00e9gion Hauts-de-France. Merci Ga\u00eblle de ta confiance !<\/p><\/div><div class=\"timeline-view-venue\"><span class=\"ect-icon\"><i class=\"ect-icon-location\" aria-hidden=\"true\"><\/i><\/span><!-- Venue Display Info -->\r\n                        <span class=\"ect-venue-details ect-address\">\r\n                       \r\n                        <div><a href=\"https:\/\/vpdanses.fr\/home\/bienvenue-chez-vp-danses-hazebrouck\/lieu\/saint-jans-cappel-59270-nord-hauts-de-france\/\" title=\"SAINT-JANS-CAPPEL (59270), Nord, Hauts-de-France\">SAINT-JANS-CAPPEL (59270), Nord, Hauts-de-France<\/a>,<span class=\"tribe-address\">\n\n\n\t<span class=\"tribe-locality\">SAINT-JANS-CAPPEL<\/span><span class=\"tribe-delimiter\">,<\/span>\n\n\n\t<span class=\"tribe-postal-code\">59270<\/span>\n\n\t<span class=\"tribe-country-name\">France<\/span>\n\n<\/span>\n<\/div><span class=\"ect-google\"><a class=\"tribe-events-gmap\" href=\"https:\/\/maps.google.com\/maps?f=q&#038;source=s_q&#038;hl=en&#038;geocode=&#038;q=SAINT-JANS-CAPPEL+59270+France\" title=\"Cliquez pour voir une carte Google Map\" target=\"_blank\" rel=\"noreferrer noopener\">+ Google Map<\/a><\/span><\/span><\/div><div class=\"ect-timeline-footer\"><div class=\"ect-lslist-event-detail full-view\">\r\n        <a href=\"https:\/\/vpdanses.fr\/home\/bienvenue-chez-vp-danses-hazebrouck\/evenement\/gaelle-cours-particulier-a-domicile-de-salsa-cubaine-a-saint-jans-cappel-59\/\" title=\"Ga\u00eblle : Cours Particulier \u00e0 domicile de Salsa Cubaine \u00e0 SAINT-JANS-CAPPEL (59)\" rel=\"bookmark\">En savoir plus<\/a>\r\n        <\/div><\/div><\/div><\/div><\/div><\/div><\/div>\n\n\n<div style=\"height:100px\" aria-hidden=\"true\" class=\"wp-block-spacer\"><\/div>\n\n\n<div class=\"tribe-events-event-image\"><noscript><img loading=\"lazy\" decoding=\"async\" width=\"2406\" height=\"1154\" data-skip-lazy src=\"https:\/\/vpdanses.fr\/wp-content\/uploads\/2025\/05\/Capture-decran-2025-05-27-a-05.38.34.png\" class=\"attachment-full size-full wp-post-image\" alt=\"Cyrille CALINSKI, Salsa Picante Lille\" srcset=\"https:\/\/vpdanses.fr\/wp-content\/uploads\/2025\/05\/Capture-decran-2025-05-27-a-05.38.34.png 2406w, https:\/\/vpdanses.fr\/wp-content\/uploads\/2025\/05\/Capture-decran-2025-05-27-a-05.38.34-300x144.png 300w, https:\/\/vpdanses.fr\/wp-content\/uploads\/2025\/05\/Capture-decran-2025-05-27-a-05.38.34-1024x491.png 1024w, https:\/\/vpdanses.fr\/wp-content\/uploads\/2025\/05\/Capture-decran-2025-05-27-a-05.38.34-768x368.png 768w, https:\/\/vpdanses.fr\/wp-content\/uploads\/2025\/05\/Capture-decran-2025-05-27-a-05.38.34-1536x737.png 1536w, https:\/\/vpdanses.fr\/wp-content\/uploads\/2025\/05\/Capture-decran-2025-05-27-a-05.38.34-2048x982.png 2048w, https:\/\/vpdanses.fr\/wp-content\/uploads\/2025\/05\/Capture-decran-2025-05-27-a-05.38.34-500x240.png 500w, https:\/\/vpdanses.fr\/wp-content\/uploads\/2025\/05\/Capture-decran-2025-05-27-a-05.38.34-800x384.png 800w, https:\/\/vpdanses.fr\/wp-content\/uploads\/2025\/05\/Capture-decran-2025-05-27-a-05.38.34-1280x614.png 1280w, https:\/\/vpdanses.fr\/wp-content\/uploads\/2025\/05\/Capture-decran-2025-05-27-a-05.38.34-1920x921.png 1920w\" sizes=\"auto, (max-width: 2406px) 100vw, 2406px\" \/><\/noscript><img fetchpriority=\"high\" decoding=\"async\" width=\"2406\" height=\"1154\" src=\"https:\/\/vpdanses.fr\/wp-content\/uploads\/2025\/05\/Capture-decran-2025-05-27-a-05.38.34.png\" class=\"attachment-full size-full wp-post-image vp-lazyload\" alt=\"Cyrille CALINSKI, Salsa Picante Lille\" srcset=\"data:image\/svg+xml;base64,PHN2ZyB3aWR0aD0iMjQwNiIgaGVpZ2h0PSIxMTU0IiB2aWV3Qm94PSIwIDAgMjQwNiAxMTU0IiBmaWxsPSJub25lIiB4bWxucz0iaHR0cDovL3d3dy53My5vcmcvMjAwMC9zdmciPjwvc3ZnPg==\" data-src=\"https:\/\/vpdanses.fr\/wp-content\/uploads\/2025\/05\/Capture-decran-2025-05-27-a-05.38.34.png\" data-srcset=\"https:\/\/vpdanses.fr\/wp-content\/uploads\/2025\/05\/Capture-decran-2025-05-27-a-05.38.34.png 2406w, https:\/\/vpdanses.fr\/wp-content\/uploads\/2025\/05\/Capture-decran-2025-05-27-a-05.38.34-300x144.png 300w, https:\/\/vpdanses.fr\/wp-content\/uploads\/2025\/05\/Capture-decran-2025-05-27-a-05.38.34-1024x491.png 1024w, https:\/\/vpdanses.fr\/wp-content\/uploads\/2025\/05\/Capture-decran-2025-05-27-a-05.38.34-768x368.png 768w, https:\/\/vpdanses.fr\/wp-content\/uploads\/2025\/05\/Capture-decran-2025-05-27-a-05.38.34-1536x737.png 1536w, https:\/\/vpdanses.fr\/wp-content\/uploads\/2025\/05\/Capture-decran-2025-05-27-a-05.38.34-2048x982.png 2048w, https:\/\/vpdanses.fr\/wp-content\/uploads\/2025\/05\/Capture-decran-2025-05-27-a-05.38.34-500x240.png 500w, https:\/\/vpdanses.fr\/wp-content\/uploads\/2025\/05\/Capture-decran-2025-05-27-a-05.38.34-800x384.png 800w, https:\/\/vpdanses.fr\/wp-content\/uploads\/2025\/05\/Capture-decran-2025-05-27-a-05.38.34-1280x614.png 1280w, https:\/\/vpdanses.fr\/wp-content\/uploads\/2025\/05\/Capture-decran-2025-05-27-a-05.38.34-1920x921.png 1920w\" data-sizes=\"auto\" loading=\"eager\"><\/div>","protected":false},"excerpt":{"rendered":"<p>VP DANSES dispense des cours particuliers \u00e0 domicile de salsa cubaine \u00e0 Ga\u00eblle \u00e0 Saint-Jans-Cappel, situ\u00e9 dans le Nord en r\u00e9gion Hauts-de-France. Merci Ga\u00eblle de ta confiance !<\/p>\n","protected":false},"author":1,"featured_media":13337,"template":"","meta":{"_uag_custom_page_level_css":"","_price":"","_stock":"","_tribe_ticket_header":"","_tribe_default_ticket_provider":"","_tribe_ticket_capacity":"0","_ticket_start_date":"","_ticket_end_date":"","_tribe_ticket_show_description":"","_tribe_ticket_show_not_going":false,"_tribe_ticket_use_global_stock":"","_tribe_ticket_global_stock_level":"","_global_stock_mode":"","_global_stock_cap":"","_tribe_rsvp_for_event":"","_tribe_ticket_going_count":"","_tribe_ticket_not_going_count":"","_tribe_tickets_list":"[]","_tribe_ticket_has_attendee_info_fields":false,"_EventAllDay":false,"_EventTimezone":"Europe\/Paris","_EventStartDate":"2025-06-06 21:00:00","_EventEndDate":"2025-06-06 23:00:00","_EventStartDateUTC":"2025-06-06 19:00:00","_EventEndDateUTC":"2025-06-06 21:00:00","_EventShowMap":false,"_EventShowMapLink":false,"_EventURL":"","_EventCost":"","_EventCostDescription":"","_EventCurrencySymbol":"\u20ac","_EventCurrencyCode":"EUR","_EventCurrencyPosition":"suffix","_EventDateTimeSeparator":" > ","_EventTimeRangeSeparator":" - ","_EventOrganizerID":[13336],"_EventVenueID":[13333],"_OrganizerEmail":"","_OrganizerPhone":"","_OrganizerWebsite":"","_VenueAddress":"","_VenueCity":"","_VenueCountry":"","_VenueProvince":"","_VenueState":"","_VenueZip":"","_VenuePhone":"","_VenueURL":"","_VenueStateProvince":"","_VenueLat":"","_VenueLng":"","_VenueShowMap":false,"_VenueShowMapLink":false,"_tribe_events_status":"","_tribe_events_status_reason":"","footnotes":"","_tec_slr_enabled":"","_tec_slr_layout":""},"tags":[125,257],"tribe_events_cat":[256,114],"class_list":["post-13339","tribe_events","type-tribe_events","status-publish","has-post-thumbnail","hentry","tag-saint-jans-cappel","tag-salsa-cubaine-debutant","tribe_events_cat-cours-particulier-salsa-cubaine-debutant-gaelle","tribe_events_cat-salsa","cat_cours-particulier-salsa-cubaine-debutant-gaelle","cat_salsa"],"yoast_head":"<!-- This site is optimized with the Yoast SEO Premium plugin v25.6 (Yoast SEO v25.6) - https:\/\/yoast.com\/wordpress\/plugins\/seo\/ -->\n<title>Ga\u00eblle : Soir\u00e9e salsa cubaine au STAR-FUN SECLIN (59) - VP DANSES, cours de Danse Sportive \u00e0 Aire-sur-la-Lys et \u00e0 Saint-Jans-Cappel (Hauts-de-France)<\/title>\n<meta name=\"description\" content=\"Cl\u00f4ture d&#039;une session de 8 cours particuliers de salsa cubaine d\u00e9butants \u00e0 domicile \u00e0 SAINT-JANS-CAPPEL avec une soir\u00e9e au Star-Fun Seclin !\" \/>\n<meta name=\"robots\" content=\"index, follow, max-snippet:-1, max-image-preview:large, max-video-preview:-1\" \/>\n<link rel=\"canonical\" href=\"https:\/\/vpdanses.fr\/home\/bienvenue-chez-vp-danses-hazebrouck\/evenement\/gaelle-soiree-star-fun-seclin-salsa-cubaine-saint-jans-cappel-59\/\" \/>\n<meta property=\"og:locale\" content=\"fr_FR\" \/>\n<meta property=\"og:type\" content=\"article\" \/>\n<meta property=\"og:title\" content=\"SOIREE SALSA CUBAINE STAR-FUN SECLIN SAINT-JANS-CAPPEL NORD HAUTS-DE-FRANCE\" \/>\n<meta property=\"og:description\" content=\"Cl\u00f4ture d&#039;une session de 8 cours particuliers de salsa cubaine d\u00e9butants \u00e0 domicile \u00e0 SAINT-JANS-CAPPEL avec une soir\u00e9e au Star-Fun Seclin !\" \/>\n<meta property=\"og:url\" content=\"https:\/\/vpdanses.fr\/home\/bienvenue-chez-vp-danses-hazebrouck\/evenement\/gaelle-soiree-star-fun-seclin-salsa-cubaine-saint-jans-cappel-59\/\" \/>\n<meta property=\"og:site_name\" content=\"VP DANSES, cours de Danse Sportive \u00e0 Aire-sur-la-Lys et \u00e0 Saint-Jans-Cappel (Hauts-de-France)\" \/>\n<meta property=\"article:modified_time\" content=\"2025-05-27T03:59:04+00:00\" \/>\n<meta property=\"og:image\" content=\"https:\/\/vpdanses.fr\/wp-content\/uploads\/2025\/05\/2025-05-26.Gaelle_salsa_cubaine_9EE9_w800.jpg\" \/>\n\t<meta property=\"og:image:width\" content=\"800\" \/>\n\t<meta property=\"og:image:height\" content=\"1200\" \/>\n\t<meta property=\"og:image:type\" content=\"image\/jpeg\" \/>\n<meta name=\"twitter:card\" content=\"summary_large_image\" \/>\n<meta name=\"twitter:title\" content=\"Ga\u00eblle : Soir\u00e9e salsa cubaine au STAR-FUN SECLIN (59)\" \/>\n<meta name=\"twitter:label1\" content=\"Dur\u00e9e de lecture estim\u00e9e\" \/>\n\t<meta name=\"twitter:data1\" content=\"1 minute\" \/>\n<script type=\"application\/ld+json\" class=\"yoast-schema-graph\">{\"@context\":\"https:\/\/schema.org\",\"@graph\":[{\"@type\":\"WebPage\",\"@id\":\"https:\/\/vpdanses.fr\/home\/bienvenue-chez-vp-danses-hazebrouck\/evenement\/gaelle-soiree-star-fun-seclin-salsa-cubaine-saint-jans-cappel-59\/\",\"url\":\"https:\/\/vpdanses.fr\/home\/bienvenue-chez-vp-danses-hazebrouck\/evenement\/gaelle-soiree-star-fun-seclin-salsa-cubaine-saint-jans-cappel-59\/\",\"name\":\"Ga\u00eblle : Soir\u00e9e salsa cubaine au STAR-FUN SECLIN (59) - VP DANSES, cours de Danse Sportive \u00e0 Aire-sur-la-Lys et \u00e0 Saint-Jans-Cappel (Hauts-de-France)\",\"isPartOf\":{\"@id\":\"https:\/\/vpdanses.fr\/home\/bienvenue-chez-vp-danses-hazebrouck\/#website\"},\"primaryImageOfPage\":{\"@id\":\"https:\/\/vpdanses.fr\/home\/bienvenue-chez-vp-danses-hazebrouck\/evenement\/gaelle-soiree-star-fun-seclin-salsa-cubaine-saint-jans-cappel-59\/#primaryimage\"},\"image\":{\"@id\":\"https:\/\/vpdanses.fr\/home\/bienvenue-chez-vp-danses-hazebrouck\/evenement\/gaelle-soiree-star-fun-seclin-salsa-cubaine-saint-jans-cappel-59\/#primaryimage\"},\"thumbnailUrl\":\"https:\/\/vpdanses.fr\/wp-content\/uploads\/2025\/05\/Capture-decran-2025-05-27-a-05.38.34.png\",\"datePublished\":\"2025-05-27T03:52:59+00:00\",\"dateModified\":\"2025-05-27T03:59:04+00:00\",\"description\":\"Cl\u00f4ture d'une session de 8 cours particuliers de salsa cubaine d\u00e9butants \u00e0 domicile \u00e0 SAINT-JANS-CAPPEL avec une soir\u00e9e au Star-Fun Seclin !\",\"breadcrumb\":{\"@id\":\"https:\/\/vpdanses.fr\/home\/bienvenue-chez-vp-danses-hazebrouck\/evenement\/gaelle-soiree-star-fun-seclin-salsa-cubaine-saint-jans-cappel-59\/#breadcrumb\"},\"inLanguage\":\"fr-FR\",\"potentialAction\":[{\"@type\":\"ReadAction\",\"target\":[\"https:\/\/vpdanses.fr\/home\/bienvenue-chez-vp-danses-hazebrouck\/evenement\/gaelle-soiree-star-fun-seclin-salsa-cubaine-saint-jans-cappel-59\/\"]}]},{\"@type\":\"ImageObject\",\"inLanguage\":\"fr-FR\",\"@id\":\"https:\/\/vpdanses.fr\/home\/bienvenue-chez-vp-danses-hazebrouck\/evenement\/gaelle-soiree-star-fun-seclin-salsa-cubaine-saint-jans-cappel-59\/#primaryimage\",\"url\":\"https:\/\/vpdanses.fr\/wp-content\/uploads\/2025\/05\/Capture-decran-2025-05-27-a-05.38.34.png\",\"contentUrl\":\"https:\/\/vpdanses.fr\/wp-content\/uploads\/2025\/05\/Capture-decran-2025-05-27-a-05.38.34.png\",\"width\":2406,\"height\":1154,\"caption\":\"Cyrille CALINSKI, Salsa Picante Lille\"},{\"@type\":\"BreadcrumbList\",\"@id\":\"https:\/\/vpdanses.fr\/home\/bienvenue-chez-vp-danses-hazebrouck\/evenement\/gaelle-soiree-star-fun-seclin-salsa-cubaine-saint-jans-cappel-59\/#breadcrumb\",\"itemListElement\":[{\"@type\":\"ListItem\",\"position\":1,\"name\":\"Accueil\",\"item\":\"https:\/\/vpdanses.fr\/home\/bienvenue-chez-vp-danses-hazebrouck\/\"},{\"@type\":\"ListItem\",\"position\":2,\"name\":\"\u00c9v\u00e8nements\",\"item\":\"https:\/\/vpdanses.fr\/home\/bienvenue-chez-vp-danses-hazebrouck\/dates\/\"},{\"@type\":\"ListItem\",\"position\":3,\"name\":\"Ga\u00eblle : Soir\u00e9e salsa cubaine au STAR-FUN SECLIN (59)\"}]},{\"@type\":\"WebSite\",\"@id\":\"https:\/\/vpdanses.fr\/home\/bienvenue-chez-vp-danses-hazebrouck\/#website\",\"url\":\"https:\/\/vpdanses.fr\/home\/bienvenue-chez-vp-danses-hazebrouck\/\",\"name\":\"VP DANSES, cours de Danse Sportive \u00e0 Aire-sur-la-Lys et \u00e0 Saint-Jans-Cappel (Hauts-de-France)\",\"description\":\"Cours de Danse Sportive STANDARD (valse anglaise, tango, valse viennoise, slowfox, quickstep), danses sportives LATINES (samba, chacha, rumba, paso doble, jive), danses de bal, danses de salons, danses de loisirs, salsa, rock 4 temps, rock 6 temps, danses en ligne, disco, \u2026 Lieu : Hazebrouck, Aire-sur-la-Lys, Saint-Jans-Cappel et Isbergues (Hauts-de-France) - Cours Particuliers dans les Hauts-de-France - Ouverture de bal de Mariage\",\"publisher\":{\"@id\":\"https:\/\/vpdanses.fr\/home\/bienvenue-chez-vp-danses-hazebrouck\/#organization\"},\"potentialAction\":[{\"@type\":\"SearchAction\",\"target\":{\"@type\":\"EntryPoint\",\"urlTemplate\":\"https:\/\/vpdanses.fr\/home\/bienvenue-chez-vp-danses-hazebrouck\/?s={search_term_string}\"},\"query-input\":{\"@type\":\"PropertyValueSpecification\",\"valueRequired\":true,\"valueName\":\"search_term_string\"}}],\"inLanguage\":\"fr-FR\"},{\"@type\":\"Organization\",\"@id\":\"https:\/\/vpdanses.fr\/home\/bienvenue-chez-vp-danses-hazebrouck\/#organization\",\"name\":\"VP DANSES, cours de Danse Sportive \u00e0 Aire-sur-la-Lys et \u00e0 Saint-Jans-Cappel (Hauts-de-France)\",\"url\":\"https:\/\/vpdanses.fr\/home\/bienvenue-chez-vp-danses-hazebrouck\/\",\"logo\":{\"@type\":\"ImageObject\",\"inLanguage\":\"fr-FR\",\"@id\":\"https:\/\/vpdanses.fr\/home\/bienvenue-chez-vp-danses-hazebrouck\/#\/schema\/logo\/image\/\",\"url\":\"https:\/\/vpdanses.fr\/wp-content\/uploads\/2024\/10\/logo_cadanse_asaintjans.jpeg\",\"contentUrl\":\"https:\/\/vpdanses.fr\/wp-content\/uploads\/2024\/10\/logo_cadanse_asaintjans.jpeg\",\"width\":225,\"height\":225,\"caption\":\"VP DANSES, cours de Danse Sportive \u00e0 Aire-sur-la-Lys et \u00e0 Saint-Jans-Cappel (Hauts-de-France)\"},\"image\":{\"@id\":\"https:\/\/vpdanses.fr\/home\/bienvenue-chez-vp-danses-hazebrouck\/#\/schema\/logo\/image\/\"}}]}<\/script>\n<!-- \/ Yoast SEO Premium plugin. -->","yoast_head_json":{"title":"Ga\u00eblle : Soir\u00e9e salsa cubaine au STAR-FUN SECLIN (59) - VP DANSES, cours de Danse Sportive \u00e0 Aire-sur-la-Lys et \u00e0 Saint-Jans-Cappel (Hauts-de-France)","description":"Cl\u00f4ture d'une session de 8 cours particuliers de salsa cubaine d\u00e9butants \u00e0 domicile \u00e0 SAINT-JANS-CAPPEL avec une soir\u00e9e au Star-Fun Seclin !","robots":{"index":"index","follow":"follow","max-snippet":"max-snippet:-1","max-image-preview":"max-image-preview:large","max-video-preview":"max-video-preview:-1"},"canonical":"https:\/\/vpdanses.fr\/home\/bienvenue-chez-vp-danses-hazebrouck\/evenement\/gaelle-soiree-star-fun-seclin-salsa-cubaine-saint-jans-cappel-59\/","og_locale":"fr_FR","og_type":"article","og_title":"SOIREE SALSA CUBAINE STAR-FUN SECLIN SAINT-JANS-CAPPEL NORD HAUTS-DE-FRANCE","og_description":"Cl\u00f4ture d'une session de 8 cours particuliers de salsa cubaine d\u00e9butants \u00e0 domicile \u00e0 SAINT-JANS-CAPPEL avec une soir\u00e9e au Star-Fun Seclin !","og_url":"https:\/\/vpdanses.fr\/home\/bienvenue-chez-vp-danses-hazebrouck\/evenement\/gaelle-soiree-star-fun-seclin-salsa-cubaine-saint-jans-cappel-59\/","og_site_name":"VP DANSES, cours de Danse Sportive \u00e0 Aire-sur-la-Lys et \u00e0 Saint-Jans-Cappel (Hauts-de-France)","article_modified_time":"2025-05-27T03:59:04+00:00","og_image":[{"width":800,"height":1200,"url":"https:\/\/vpdanses.fr\/wp-content\/uploads\/2025\/05\/2025-05-26.Gaelle_salsa_cubaine_9EE9_w800.jpg","type":"image\/jpeg"}],"twitter_card":"summary_large_image","twitter_title":"Ga\u00eblle : Soir\u00e9e salsa cubaine au STAR-FUN SECLIN (59)","twitter_misc":{"Dur\u00e9e de lecture estim\u00e9e":"1 minute"},"schema":{"@context":"https:\/\/schema.org","@graph":[{"@type":"WebPage","@id":"https:\/\/vpdanses.fr\/home\/bienvenue-chez-vp-danses-hazebrouck\/evenement\/gaelle-soiree-star-fun-seclin-salsa-cubaine-saint-jans-cappel-59\/","url":"https:\/\/vpdanses.fr\/home\/bienvenue-chez-vp-danses-hazebrouck\/evenement\/gaelle-soiree-star-fun-seclin-salsa-cubaine-saint-jans-cappel-59\/","name":"Ga\u00eblle : Soir\u00e9e salsa cubaine au STAR-FUN SECLIN (59) - VP DANSES, cours de Danse Sportive \u00e0 Aire-sur-la-Lys et \u00e0 Saint-Jans-Cappel (Hauts-de-France)","isPartOf":{"@id":"https:\/\/vpdanses.fr\/home\/bienvenue-chez-vp-danses-hazebrouck\/#website"},"primaryImageOfPage":{"@id":"https:\/\/vpdanses.fr\/home\/bienvenue-chez-vp-danses-hazebrouck\/evenement\/gaelle-soiree-star-fun-seclin-salsa-cubaine-saint-jans-cappel-59\/#primaryimage"},"image":{"@id":"https:\/\/vpdanses.fr\/home\/bienvenue-chez-vp-danses-hazebrouck\/evenement\/gaelle-soiree-star-fun-seclin-salsa-cubaine-saint-jans-cappel-59\/#primaryimage"},"thumbnailUrl":"https:\/\/vpdanses.fr\/wp-content\/uploads\/2025\/05\/Capture-decran-2025-05-27-a-05.38.34.png","datePublished":"2025-05-27T03:52:59+00:00","dateModified":"2025-05-27T03:59:04+00:00","description":"Cl\u00f4ture d'une session de 8 cours particuliers de salsa cubaine d\u00e9butants \u00e0 domicile \u00e0 SAINT-JANS-CAPPEL avec une soir\u00e9e au Star-Fun Seclin !","breadcrumb":{"@id":"https:\/\/vpdanses.fr\/home\/bienvenue-chez-vp-danses-hazebrouck\/evenement\/gaelle-soiree-star-fun-seclin-salsa-cubaine-saint-jans-cappel-59\/#breadcrumb"},"inLanguage":"fr-FR","potentialAction":[{"@type":"ReadAction","target":["https:\/\/vpdanses.fr\/home\/bienvenue-chez-vp-danses-hazebrouck\/evenement\/gaelle-soiree-star-fun-seclin-salsa-cubaine-saint-jans-cappel-59\/"]}]},{"@type":"ImageObject","inLanguage":"fr-FR","@id":"https:\/\/vpdanses.fr\/home\/bienvenue-chez-vp-danses-hazebrouck\/evenement\/gaelle-soiree-star-fun-seclin-salsa-cubaine-saint-jans-cappel-59\/#primaryimage","url":"https:\/\/vpdanses.fr\/wp-content\/uploads\/2025\/05\/Capture-decran-2025-05-27-a-05.38.34.png","contentUrl":"https:\/\/vpdanses.fr\/wp-content\/uploads\/2025\/05\/Capture-decran-2025-05-27-a-05.38.34.png","width":2406,"height":1154,"caption":"Cyrille CALINSKI, Salsa Picante Lille"},{"@type":"BreadcrumbList","@id":"https:\/\/vpdanses.fr\/home\/bienvenue-chez-vp-danses-hazebrouck\/evenement\/gaelle-soiree-star-fun-seclin-salsa-cubaine-saint-jans-cappel-59\/#breadcrumb","itemListElement":[{"@type":"ListItem","position":1,"name":"Accueil","item":"https:\/\/vpdanses.fr\/home\/bienvenue-chez-vp-danses-hazebrouck\/"},{"@type":"ListItem","position":2,"name":"\u00c9v\u00e8nements","item":"https:\/\/vpdanses.fr\/home\/bienvenue-chez-vp-danses-hazebrouck\/dates\/"},{"@type":"ListItem","position":3,"name":"Ga\u00eblle : Soir\u00e9e salsa cubaine au STAR-FUN SECLIN (59)"}]},{"@type":"WebSite","@id":"https:\/\/vpdanses.fr\/home\/bienvenue-chez-vp-danses-hazebrouck\/#website","url":"https:\/\/vpdanses.fr\/home\/bienvenue-chez-vp-danses-hazebrouck\/","name":"VP DANSES, cours de Danse Sportive \u00e0 Aire-sur-la-Lys et \u00e0 Saint-Jans-Cappel (Hauts-de-France)","description":"Cours de Danse Sportive STANDARD (valse anglaise, tango, valse viennoise, slowfox, quickstep), danses sportives LATINES (samba, chacha, rumba, paso doble, jive), danses de bal, danses de salons, danses de loisirs, salsa, rock 4 temps, rock 6 temps, danses en ligne, disco, \u2026 Lieu : Hazebrouck, Aire-sur-la-Lys, Saint-Jans-Cappel et Isbergues (Hauts-de-France) - Cours Particuliers dans les Hauts-de-France - Ouverture de bal de Mariage","publisher":{"@id":"https:\/\/vpdanses.fr\/home\/bienvenue-chez-vp-danses-hazebrouck\/#organization"},"potentialAction":[{"@type":"SearchAction","target":{"@type":"EntryPoint","urlTemplate":"https:\/\/vpdanses.fr\/home\/bienvenue-chez-vp-danses-hazebrouck\/?s={search_term_string}"},"query-input":{"@type":"PropertyValueSpecification","valueRequired":true,"valueName":"search_term_string"}}],"inLanguage":"fr-FR"},{"@type":"Organization","@id":"https:\/\/vpdanses.fr\/home\/bienvenue-chez-vp-danses-hazebrouck\/#organization","name":"VP DANSES, cours de Danse Sportive \u00e0 Aire-sur-la-Lys et \u00e0 Saint-Jans-Cappel (Hauts-de-France)","url":"https:\/\/vpdanses.fr\/home\/bienvenue-chez-vp-danses-hazebrouck\/","logo":{"@type":"ImageObject","inLanguage":"fr-FR","@id":"https:\/\/vpdanses.fr\/home\/bienvenue-chez-vp-danses-hazebrouck\/#\/schema\/logo\/image\/","url":"https:\/\/vpdanses.fr\/wp-content\/uploads\/2024\/10\/logo_cadanse_asaintjans.jpeg","contentUrl":"https:\/\/vpdanses.fr\/wp-content\/uploads\/2024\/10\/logo_cadanse_asaintjans.jpeg","width":225,"height":225,"caption":"VP DANSES, cours de Danse Sportive \u00e0 Aire-sur-la-Lys et \u00e0 Saint-Jans-Cappel (Hauts-de-France)"},"image":{"@id":"https:\/\/vpdanses.fr\/home\/bienvenue-chez-vp-danses-hazebrouck\/#\/schema\/logo\/image\/"}}]}},"uagb_featured_image_src":{"full":["https:\/\/vpdanses.fr\/wp-content\/uploads\/2025\/05\/Capture-decran-2025-05-27-a-05.38.34.png",2406,1154,false],"thumbnail":["https:\/\/vpdanses.fr\/wp-content\/uploads\/2025\/05\/Capture-decran-2025-05-27-a-05.38.34-150x150.png",150,150,true],"medium":["https:\/\/vpdanses.fr\/wp-content\/uploads\/2025\/05\/Capture-decran-2025-05-27-a-05.38.34-300x144.png",300,144,true],"medium_large":["https:\/\/vpdanses.fr\/wp-content\/uploads\/2025\/05\/Capture-decran-2025-05-27-a-05.38.34-768x368.png",768,368,true],"large":["https:\/\/vpdanses.fr\/wp-content\/uploads\/2025\/05\/Capture-decran-2025-05-27-a-05.38.34-1024x491.png",1024,491,true],"1536x1536":["https:\/\/vpdanses.fr\/wp-content\/uploads\/2025\/05\/Capture-decran-2025-05-27-a-05.38.34-1536x737.png",1536,737,true],"2048x2048":["https:\/\/vpdanses.fr\/wp-content\/uploads\/2025\/05\/Capture-decran-2025-05-27-a-05.38.34-2048x982.png",2048,982,true],"vp_sm":["https:\/\/vpdanses.fr\/wp-content\/uploads\/2025\/05\/Capture-decran-2025-05-27-a-05.38.34-500x240.png",500,240,true],"vp_md":["https:\/\/vpdanses.fr\/wp-content\/uploads\/2025\/05\/Capture-decran-2025-05-27-a-05.38.34-800x384.png",800,384,true],"vp_lg":["https:\/\/vpdanses.fr\/wp-content\/uploads\/2025\/05\/Capture-decran-2025-05-27-a-05.38.34-1280x614.png",1280,614,true],"vp_xl":["https:\/\/vpdanses.fr\/wp-content\/uploads\/2025\/05\/Capture-decran-2025-05-27-a-05.38.34-1920x921.png",1920,921,true],"vp_sm_popup":["https:\/\/vpdanses.fr\/wp-content\/uploads\/2025\/05\/Capture-decran-2025-05-27-a-05.38.34-500x240.png",500,240,true],"vp_md_popup":["https:\/\/vpdanses.fr\/wp-content\/uploads\/2025\/05\/Capture-decran-2025-05-27-a-05.38.34-800x384.png",800,384,true],"vp_xl_popup":["https:\/\/vpdanses.fr\/wp-content\/uploads\/2025\/05\/Capture-decran-2025-05-27-a-05.38.34-1920x921.png",1920,921,true],"dance-blog-thumb":["https:\/\/vpdanses.fr\/wp-content\/uploads\/2025\/05\/Capture-decran-2025-05-27-a-05.38.34-150x120.png",150,120,true],"dance-event-list":["https:\/\/vpdanses.fr\/wp-content\/uploads\/2025\/05\/Capture-decran-2025-05-27-a-05.38.34-420x336.png",420,336,true],"dance-event-single-type1":["https:\/\/vpdanses.fr\/wp-content\/uploads\/2025\/05\/Capture-decran-2025-05-27-a-05.38.34-773x520.png",773,520,true],"dance-event-single-type4":["https:\/\/vpdanses.fr\/wp-content\/uploads\/2025\/05\/Capture-decran-2025-05-27-a-05.38.34-570x460.png",570,460,true],"dance-event-single-type5":["https:\/\/vpdanses.fr\/wp-content\/uploads\/2025\/05\/Capture-decran-2025-05-27-a-05.38.34-746x770.png",746,770,true],"dance-event-list2":["https:\/\/vpdanses.fr\/wp-content\/uploads\/2025\/05\/Capture-decran-2025-05-27-a-05.38.34-420x275.png",420,275,true]},"uagb_author_info":{"display_name":"VP DANSES","author_link":"https:\/\/vpdanses.fr\/home\/bienvenue-chez-vp-danses-hazebrouck\/author\/adminvp20241018\/"},"uagb_comment_info":0,"uagb_excerpt":"VP DANSES dispense des cours particuliers \u00e0 domicile de salsa cubaine \u00e0 Ga\u00eblle \u00e0 Saint-Jans-Cappel, situ\u00e9 dans le Nord en r\u00e9gion Hauts-de-France. Merci Ga\u00eblle de ta confiance !","jetpack_sharing_enabled":true,"ticketed":false,"_links":{"self":[{"href":"https:\/\/vpdanses.fr\/home\/bienvenue-chez-vp-danses-hazebrouck\/wp-json\/wp\/v2\/tribe_events\/13339","targetHints":{"allow":["GET"]}}],"collection":[{"href":"https:\/\/vpdanses.fr\/home\/bienvenue-chez-vp-danses-hazebrouck\/wp-json\/wp\/v2\/tribe_events"}],"about":[{"href":"https:\/\/vpdanses.fr\/home\/bienvenue-chez-vp-danses-hazebrouck\/wp-json\/wp\/v2\/types\/tribe_events"}],"author":[{"embeddable":true,"href":"https:\/\/vpdanses.fr\/home\/bienvenue-chez-vp-danses-hazebrouck\/wp-json\/wp\/v2\/users\/1"}],"version-history":[{"count":6,"href":"https:\/\/vpdanses.fr\/home\/bienvenue-chez-vp-danses-hazebrouck\/wp-json\/wp\/v2\/tribe_events\/13339\/revisions"}],"predecessor-version":[{"id":13347,"href":"https:\/\/vpdanses.fr\/home\/bienvenue-chez-vp-danses-hazebrouck\/wp-json\/wp\/v2\/tribe_events\/13339\/revisions\/13347"}],"wp:featuredmedia":[{"embeddable":true,"href":"https:\/\/vpdanses.fr\/home\/bienvenue-chez-vp-danses-hazebrouck\/wp-json\/wp\/v2\/media\/13337"}],"wp:attachment":[{"href":"https:\/\/vpdanses.fr\/home\/bienvenue-chez-vp-danses-hazebrouck\/wp-json\/wp\/v2\/media?parent=13339"}],"wp:term":[{"taxonomy":"post_tag","embeddable":true,"href":"https:\/\/vpdanses.fr\/home\/bienvenue-chez-vp-danses-hazebrouck\/wp-json\/wp\/v2\/tags?post=13339"},{"taxonomy":"tribe_events_cat","embeddable":true,"href":"https:\/\/vpdanses.fr\/home\/bienvenue-chez-vp-danses-hazebrouck\/wp-json\/wp\/v2\/tribe_events_cat?post=13339"}],"curies":[{"name":"wp","href":"https:\/\/api.w.org\/{rel}","templated":true}]}}