{"id":13549,"date":"2025-06-15T21:57:27","date_gmt":"2025-06-15T19:57:27","guid":{"rendered":"https:\/\/vpdanses.fr\/home\/bienvenue-chez-vp-danses-hazebrouck\/?post_type=tribe_events&#038;p=13549"},"modified":"2025-06-15T21:57:30","modified_gmt":"2025-06-15T19:57:30","slug":"ludivine-nicolas-cours-particulier-de-danse-a-domicile-8-ouverture-de-bal-de-mariage-a-eecke-59","status":"publish","type":"tribe_events","link":"https:\/\/vpdanses.fr\/home\/bienvenue-chez-vp-danses-hazebrouck\/evenement\/ludivine-nicolas-cours-particulier-de-danse-a-domicile-8-ouverture-de-bal-de-mariage-a-eecke-59\/","title":{"rendered":"Ludivine &amp; Nicolas : Cours particulier de danse \u00e0 domicile #8 Ouverture de Bal de Mariage \u00e0 EECKE (59)"},"content":{"rendered":"<div  class=\"tribe-events-schedule tribe-clearfix\" >\n\t<p class=\"tribe-events-schedule__datetime\">\n\t\t<span class=\"tribe-events-schedule__date tribe-events-schedule__date--start\">\n\t\t\t23 juin 2025\t\t<\/span>\n\n\t\t\t\t\t<span class=\"tribe-events-schedule__separator tribe-events-schedule__separator--date\">\n\t\t\t\t &gt; \t\t\t<\/span>\n\t\t\t<span class=\"tribe-events-schedule__time tribe-events-schedule__time--start\">\n\t\t\t\t20h15\t\t\t<\/span>\n\t\t\n\t\t\t\t\t\t\t\t\t<span class=\"tribe-events-schedule__separator tribe-events-schedule__separator--time\">\n\t\t\t\t\t &#8211; \t\t\t\t<\/span>\n\t\t\t\n\t\t\t\t\t\t\t<span class=\"tribe-events-schedule__time tribe-events-schedule__time--end\">\n\t\t\t\t\t21h15\t\t\t\t<\/span>\n\t\t\t\n\t\t\t\t\t\t<\/p>\n<\/div>\n\n\n\n<h2 class=\"wp-block-heading\">Rock \u00e0 4 temps<\/h2>\n\n\n\n<p>Durant les cours pr\u00e9c\u00e9dents, Ludivine et Nicolas ont appris une chor\u00e9graphie de <strong>Valse Lente<\/strong> pour l&rsquo;ouverture de leur bal de Mariage.<\/p>\n\n\n\n<p>Ce cours N\u00b0 8 sera d\u00e9di\u00e9 au pas de base du <strong>rock \u00e0 4 temps<\/strong>.<\/p>\n\n\n<div class=\"tribe-events-event-image\"><noscript><img loading=\"lazy\" decoding=\"async\" width=\"2560\" height=\"2018\" data-skip-lazy src=\"https:\/\/vpdanses.fr\/wp-content\/uploads\/2025\/06\/2025-06-11.Ludivine_Nicolas_B69E-scaled.jpeg\" class=\"attachment-full size-full wp-post-image\" alt=\"Cours particuliers pour l&#039;Ouverture \u00e0 au Bal de Mariage de Ludivine et Nicolas, \u00e0 Eecke, le 12\/07\/2025\" srcset=\"https:\/\/vpdanses.fr\/wp-content\/uploads\/2025\/06\/2025-06-11.Ludivine_Nicolas_B69E-scaled.jpeg 2560w, https:\/\/vpdanses.fr\/wp-content\/uploads\/2025\/06\/2025-06-11.Ludivine_Nicolas_B69E-300x236.jpeg 300w, https:\/\/vpdanses.fr\/wp-content\/uploads\/2025\/06\/2025-06-11.Ludivine_Nicolas_B69E-1024x807.jpeg 1024w, https:\/\/vpdanses.fr\/wp-content\/uploads\/2025\/06\/2025-06-11.Ludivine_Nicolas_B69E-768x605.jpeg 768w, https:\/\/vpdanses.fr\/wp-content\/uploads\/2025\/06\/2025-06-11.Ludivine_Nicolas_B69E-1536x1211.jpeg 1536w, https:\/\/vpdanses.fr\/wp-content\/uploads\/2025\/06\/2025-06-11.Ludivine_Nicolas_B69E-2048x1614.jpeg 2048w, https:\/\/vpdanses.fr\/wp-content\/uploads\/2025\/06\/2025-06-11.Ludivine_Nicolas_B69E-500x394.jpeg 500w, https:\/\/vpdanses.fr\/wp-content\/uploads\/2025\/06\/2025-06-11.Ludivine_Nicolas_B69E-800x631.jpeg 800w, https:\/\/vpdanses.fr\/wp-content\/uploads\/2025\/06\/2025-06-11.Ludivine_Nicolas_B69E-1280x1009.jpeg 1280w, https:\/\/vpdanses.fr\/wp-content\/uploads\/2025\/06\/2025-06-11.Ludivine_Nicolas_B69E-1920x1513.jpeg 1920w\" sizes=\"auto, (max-width: 2560px) 100vw, 2560px\" \/><\/noscript><img fetchpriority=\"high\" decoding=\"async\" width=\"2560\" height=\"2018\" src=\"https:\/\/vpdanses.fr\/wp-content\/uploads\/2025\/06\/2025-06-11.Ludivine_Nicolas_B69E-scaled.jpeg\" class=\"attachment-full size-full wp-post-image vp-lazyload\" alt=\"Cours particuliers pour l&#039;Ouverture \u00e0 au Bal de Mariage de Ludivine et Nicolas, \u00e0 Eecke, le 12\/07\/2025\" srcset=\"data:image\/svg+xml;base64,PHN2ZyB3aWR0aD0iMjU2MCIgaGVpZ2h0PSIyMDE4IiB2aWV3Qm94PSIwIDAgMjU2MCAyMDE4IiBmaWxsPSJub25lIiB4bWxucz0iaHR0cDovL3d3dy53My5vcmcvMjAwMC9zdmciPjwvc3ZnPg==\" data-src=\"https:\/\/vpdanses.fr\/wp-content\/uploads\/2025\/06\/2025-06-11.Ludivine_Nicolas_B69E-scaled.jpeg\" data-srcset=\"https:\/\/vpdanses.fr\/wp-content\/uploads\/2025\/06\/2025-06-11.Ludivine_Nicolas_B69E-scaled.jpeg 2560w, https:\/\/vpdanses.fr\/wp-content\/uploads\/2025\/06\/2025-06-11.Ludivine_Nicolas_B69E-300x236.jpeg 300w, https:\/\/vpdanses.fr\/wp-content\/uploads\/2025\/06\/2025-06-11.Ludivine_Nicolas_B69E-1024x807.jpeg 1024w, https:\/\/vpdanses.fr\/wp-content\/uploads\/2025\/06\/2025-06-11.Ludivine_Nicolas_B69E-768x605.jpeg 768w, https:\/\/vpdanses.fr\/wp-content\/uploads\/2025\/06\/2025-06-11.Ludivine_Nicolas_B69E-1536x1211.jpeg 1536w, https:\/\/vpdanses.fr\/wp-content\/uploads\/2025\/06\/2025-06-11.Ludivine_Nicolas_B69E-2048x1614.jpeg 2048w, https:\/\/vpdanses.fr\/wp-content\/uploads\/2025\/06\/2025-06-11.Ludivine_Nicolas_B69E-500x394.jpeg 500w, https:\/\/vpdanses.fr\/wp-content\/uploads\/2025\/06\/2025-06-11.Ludivine_Nicolas_B69E-800x631.jpeg 800w, https:\/\/vpdanses.fr\/wp-content\/uploads\/2025\/06\/2025-06-11.Ludivine_Nicolas_B69E-1280x1009.jpeg 1280w, https:\/\/vpdanses.fr\/wp-content\/uploads\/2025\/06\/2025-06-11.Ludivine_Nicolas_B69E-1920x1513.jpeg 1920w\" data-sizes=\"auto\" loading=\"eager\"><\/div>\n\n\n<p><strong>Cours particulier N\u00b0 8 \u00e0 domicile ou dans une salle de danse<\/strong> pour <strong><em>Ludivine &amp; Nicolas<\/em><\/strong> \u00e0 <a href=\"https:\/\/www.eecke.fr\" target=\"_blank\" rel=\"noreferrer noopener\">Eecke (59114)<\/a> dans le Nord de la France.<\/p>\n\n\n\n<p><\/p>\n\n\n<div  class=\"tribe-block tribe-block__organizer__details tribe-clearfix\" >\n\t<div class=\"tribe-block__organizer__title\">\n\t\t<h3><a href=\"https:\/\/vpdanses.fr\/home\/bienvenue-chez-vp-danses-hazebrouck\/organisateur\/vp-danses-association-de-danses-hazebrouck-saint-jans-cappel-aire-sur-la-lys\/\" title=\"VP DANSES, association de danses Hazebrouck, Saint-Jans-Cappel, Aire-sur-la-Lys\" target=\"_self\" rel=\"\">VP DANSES, association de danses Hazebrouck, Saint-Jans-Cappel, Aire-sur-la-Lys<\/a><\/h3>\n\t<\/div>\n\t\t\t<p class=\"tribe-block__organizer__phone\">0769899751<\/p>\n\t\t\t\t<p class=\"tribe-block__organizer__website\"><a href=\"https:\/\/vpdanses.fr\" target=\"_self\" rel=\"external\">Voir le site Organisateur<\/a><\/p>\n\t\t\t\t<p class=\"tribe-block__organizer__email\">&#099;&#111;&#110;ta&#099;t&#064;v&#112;da&#110;&#115;&#101;&#115;&#046;f&#114;<\/p>\n\t<\/div>\n\n\n<div  class=\"tribe-block tribe-block__venue tribe-clearfix tribe-block__venue--has-map\" >\n\t\n\t\n<div class=\"tribe-block__venue__meta\">\n\t<div class=\"tribe-block__venue__name\">\n\t\t<h3><a href=\"https:\/\/vpdanses.fr\/home\/bienvenue-chez-vp-danses-hazebrouck\/lieu\/salle-jean-mace-isbergues-62330\/\" title=\"Salle Jean Mac\u00e9, Isbergues (62330)\">Salle Jean Mac\u00e9, Isbergues (62330)<\/a><\/h3>\n\t<\/div>\n\n\t\n\t\t\t\t\t\t<address class=\"tribe-block__venue__address\">\n\t\t\t\t<span class=\"tribe-address\">\n\n<span class=\"tribe-street-address\">5 rue Albert Camus<\/span>\n\t\n\t\t<br>\n\t\t<span class=\"tribe-locality\">ISBERGUES<\/span><span class=\"tribe-delimiter\">,<\/span>\n\n\n\t<span class=\"tribe-postal-code\">62330<\/span>\n\n\n<\/span>\n\n\t\t\t\t\t\t\t\t\t<a class=\"tribe-events-gmap\" href=\"https:\/\/maps.google.com\/maps?f=q&#038;source=s_q&#038;hl=en&#038;geocode=&#038;q=5+rue+Albert+Camus+ISBERGUES+62330\" title=\"Cliquez pour voir une carte Google Map\" target=\"_blank\" rel=\"noreferrer noopener\">+ Google Map<\/a>\t\t\t\t\t\t\t<\/address>\n\t\t\n\t\t\n\t\t\t\n\t<\/div>\n\t\n<div class=\"tribe-block__venue__map\">\n\t\n<iframe loading=\"lazy\"\n  title=\"L\u2018iframe Google maps affichant l\u2019adresse \u00e0 Salle Jean Mac\u00e9, Isbergues (62330)\"\n  aria-label=\"Plan des lieux\"\n  width=\"310px\"\n  height=\"256px\"\n  frameborder=\"0\" style=\"border:0\"\n  src=\"https:\/\/www.google.com\/maps\/embed\/v1\/place?key=AIzaSyDNsicAsP6-VuGtAb1O9riI3oc_NOb7IOU&#038;q=5+rue+Albert+Camus+ISBERGUES+62330+&#038;zoom=11\" allowfullscreen>\n<\/iframe>\n<\/div>\n\n\t<\/div>\n\n\n\n<p><\/p>\n","protected":false},"excerpt":{"rendered":"<p>Cours particulier \u00e0 domicile de danse dispens\u00e9s par VP DANSES pour l&rsquo;ouverture au bal de mariage de Ludivine et de Nicolas \u00e0 EECKE (59) dans le Nord de la France.<\/p>\n","protected":false},"author":1,"featured_media":13550,"template":"","meta":{"_uag_custom_page_level_css":"","_price":"","_stock":"","_tribe_ticket_header":"","_tribe_default_ticket_provider":"","_tribe_ticket_capacity":"0","_ticket_start_date":"","_ticket_end_date":"","_tribe_ticket_show_description":"","_tribe_ticket_show_not_going":false,"_tribe_ticket_use_global_stock":"","_tribe_ticket_global_stock_level":"","_global_stock_mode":"","_global_stock_cap":"","_tribe_rsvp_for_event":"","_tribe_ticket_going_count":"","_tribe_ticket_not_going_count":"","_tribe_tickets_list":"[]","_tribe_ticket_has_attendee_info_fields":false,"_EventAllDay":false,"_EventTimezone":"Europe\/Paris","_EventStartDate":"2025-06-23 20:15:00","_EventEndDate":"2025-06-23 21:15:00","_EventStartDateUTC":"2025-06-23 18:15:00","_EventEndDateUTC":"2025-06-23 19:15:00","_EventShowMap":false,"_EventShowMapLink":false,"_EventURL":"","_EventCost":"","_EventCostDescription":"","_EventCurrencySymbol":"\u20ac","_EventCurrencyCode":"EUR","_EventCurrencyPosition":"suffix","_EventDateTimeSeparator":" > ","_EventTimeRangeSeparator":" - ","_EventOrganizerID":[13043],"_EventVenueID":[13032],"_OrganizerEmail":"","_OrganizerPhone":"","_OrganizerWebsite":"","_VenueAddress":"","_VenueCity":"","_VenueCountry":"","_VenueProvince":"","_VenueState":"","_VenueZip":"","_VenuePhone":"","_VenueURL":"","_VenueStateProvince":"","_VenueLat":"","_VenueLng":"","_VenueShowMap":false,"_VenueShowMapLink":false,"_tribe_events_status":"","_tribe_events_status_reason":"","footnotes":"","_tec_slr_enabled":"","_tec_slr_layout":""},"tags":[266],"tribe_events_cat":[245,265],"class_list":["post-13549","tribe_events","type-tribe_events","status-publish","has-post-thumbnail","hentry","tag-bal-de-mariage-eecke","tribe_events_cat-bal-de-mariage","tribe_events_cat-bal-de-mariage-eecke-ludivine-et-nicolas","cat_bal-de-mariage","cat_bal-de-mariage-eecke-ludivine-et-nicolas"],"yoast_head":"<!-- This site is optimized with the Yoast SEO Premium plugin v25.6 (Yoast SEO v25.6) - https:\/\/yoast.com\/wordpress\/plugins\/seo\/ -->\n<title>Ludivine &amp; Nicolas : Cours particulier de danse \u00e0 domicile #8 Ouverture de Bal de Mariage \u00e0 EECKE (59) - VP DANSES, cours de Danse Sportive \u00e0 Aire-sur-la-Lys et \u00e0 Saint-Jans-Cappel (Hauts-de-France)<\/title>\n<meta name=\"description\" content=\"Ouverture de bal de mariage \u00e0 EECKE (59114) : Cours de danse pour Ludivine &amp; Nicolas \u00e0 Eecke (59114) dans le Nord de la France, dispens\u00e9 par VP DANSES. Merci pour votre confiance !\" \/>\n<meta name=\"robots\" content=\"index, follow, max-snippet:-1, max-image-preview:large, max-video-preview:-1\" \/>\n<link rel=\"canonical\" href=\"https:\/\/vpdanses.fr\/home\/bienvenue-chez-vp-danses-hazebrouck\/evenement\/ludivine-nicolas-cours-particulier-de-danse-a-domicile-8-ouverture-de-bal-de-mariage-a-eecke-59\/\" \/>\n<meta property=\"og:locale\" content=\"fr_FR\" \/>\n<meta property=\"og:type\" content=\"article\" \/>\n<meta property=\"og:title\" content=\"Cours particulier \u00e0 domicile de danse dispens\u00e9s par VP DANSES pour l&#039;ouverture du bal de mariage de Ludivine et de Nicolas \u00e0 EECKE (59)\" \/>\n<meta property=\"og:description\" content=\"Pr\u00e9paration de bal de mariage \u00e0 EECKE (59114) : Cours de danse pour Ludivine &amp; Nicolas \u00e0 Eecke (59114) dans le Nord de la France, dispens\u00e9 par VP DANSES. Merci pour votre confiance !\" \/>\n<meta property=\"og:url\" content=\"https:\/\/vpdanses.fr\/home\/bienvenue-chez-vp-danses-hazebrouck\/evenement\/ludivine-nicolas-cours-particulier-de-danse-a-domicile-8-ouverture-de-bal-de-mariage-a-eecke-59\/\" \/>\n<meta property=\"og:site_name\" content=\"VP DANSES, cours de Danse Sportive \u00e0 Aire-sur-la-Lys et \u00e0 Saint-Jans-Cappel (Hauts-de-France)\" \/>\n<meta property=\"article:modified_time\" content=\"2025-06-15T19:57:30+00:00\" \/>\n<meta property=\"og:image\" content=\"https:\/\/vpdanses.fr\/wp-content\/uploads\/2025\/06\/2025-06-11.Ludivine_Nicolas_B69E-scaled.jpeg\" \/>\n\t<meta property=\"og:image:width\" content=\"2560\" \/>\n\t<meta property=\"og:image:height\" content=\"2018\" \/>\n\t<meta property=\"og:image:type\" content=\"image\/jpeg\" \/>\n<meta name=\"twitter:card\" content=\"summary_large_image\" \/>\n<meta name=\"twitter:title\" content=\"Ludivine &amp; Nicolas : Cours particulier de danse \u00e0 domicile #8 Ouverture de Bal de Mariage \u00e0 EECKE (59)\" \/>\n<meta name=\"twitter:label1\" content=\"Dur\u00e9e de lecture estim\u00e9e\" \/>\n\t<meta name=\"twitter:data1\" content=\"1 minute\" \/>\n<script type=\"application\/ld+json\" class=\"yoast-schema-graph\">{\"@context\":\"https:\/\/schema.org\",\"@graph\":[{\"@type\":\"WebPage\",\"@id\":\"https:\/\/vpdanses.fr\/home\/bienvenue-chez-vp-danses-hazebrouck\/evenement\/ludivine-nicolas-cours-particulier-de-danse-a-domicile-8-ouverture-de-bal-de-mariage-a-eecke-59\/\",\"url\":\"https:\/\/vpdanses.fr\/home\/bienvenue-chez-vp-danses-hazebrouck\/evenement\/ludivine-nicolas-cours-particulier-de-danse-a-domicile-8-ouverture-de-bal-de-mariage-a-eecke-59\/\",\"name\":\"Ludivine &amp; Nicolas : Cours particulier de danse \u00e0 domicile #8 Ouverture de Bal de Mariage \u00e0 EECKE (59) - VP DANSES, cours de Danse Sportive \u00e0 Aire-sur-la-Lys et \u00e0 Saint-Jans-Cappel (Hauts-de-France)\",\"isPartOf\":{\"@id\":\"https:\/\/vpdanses.fr\/home\/bienvenue-chez-vp-danses-hazebrouck\/#website\"},\"primaryImageOfPage\":{\"@id\":\"https:\/\/vpdanses.fr\/home\/bienvenue-chez-vp-danses-hazebrouck\/evenement\/ludivine-nicolas-cours-particulier-de-danse-a-domicile-8-ouverture-de-bal-de-mariage-a-eecke-59\/#primaryimage\"},\"image\":{\"@id\":\"https:\/\/vpdanses.fr\/home\/bienvenue-chez-vp-danses-hazebrouck\/evenement\/ludivine-nicolas-cours-particulier-de-danse-a-domicile-8-ouverture-de-bal-de-mariage-a-eecke-59\/#primaryimage\"},\"thumbnailUrl\":\"https:\/\/vpdanses.fr\/wp-content\/uploads\/2025\/06\/2025-06-11.Ludivine_Nicolas_B69E-scaled.jpeg\",\"datePublished\":\"2025-06-15T19:57:27+00:00\",\"dateModified\":\"2025-06-15T19:57:30+00:00\",\"description\":\"Ouverture de bal de mariage \u00e0 EECKE (59114) : Cours de danse pour Ludivine & Nicolas \u00e0 Eecke (59114) dans le Nord de la France, dispens\u00e9 par VP DANSES. Merci pour votre confiance !\",\"breadcrumb\":{\"@id\":\"https:\/\/vpdanses.fr\/home\/bienvenue-chez-vp-danses-hazebrouck\/evenement\/ludivine-nicolas-cours-particulier-de-danse-a-domicile-8-ouverture-de-bal-de-mariage-a-eecke-59\/#breadcrumb\"},\"inLanguage\":\"fr-FR\",\"potentialAction\":[{\"@type\":\"ReadAction\",\"target\":[\"https:\/\/vpdanses.fr\/home\/bienvenue-chez-vp-danses-hazebrouck\/evenement\/ludivine-nicolas-cours-particulier-de-danse-a-domicile-8-ouverture-de-bal-de-mariage-a-eecke-59\/\"]}]},{\"@type\":\"ImageObject\",\"inLanguage\":\"fr-FR\",\"@id\":\"https:\/\/vpdanses.fr\/home\/bienvenue-chez-vp-danses-hazebrouck\/evenement\/ludivine-nicolas-cours-particulier-de-danse-a-domicile-8-ouverture-de-bal-de-mariage-a-eecke-59\/#primaryimage\",\"url\":\"https:\/\/vpdanses.fr\/wp-content\/uploads\/2025\/06\/2025-06-11.Ludivine_Nicolas_B69E-scaled.jpeg\",\"contentUrl\":\"https:\/\/vpdanses.fr\/wp-content\/uploads\/2025\/06\/2025-06-11.Ludivine_Nicolas_B69E-scaled.jpeg\",\"width\":2560,\"height\":2018,\"caption\":\"Cours particuliers pour l'Ouverture \u00e0 au Bal de Mariage de Ludivine et Nicolas, \u00e0 Eecke, le 12\/07\/2025\"},{\"@type\":\"BreadcrumbList\",\"@id\":\"https:\/\/vpdanses.fr\/home\/bienvenue-chez-vp-danses-hazebrouck\/evenement\/ludivine-nicolas-cours-particulier-de-danse-a-domicile-8-ouverture-de-bal-de-mariage-a-eecke-59\/#breadcrumb\",\"itemListElement\":[{\"@type\":\"ListItem\",\"position\":1,\"name\":\"Accueil\",\"item\":\"https:\/\/vpdanses.fr\/home\/bienvenue-chez-vp-danses-hazebrouck\/\"},{\"@type\":\"ListItem\",\"position\":2,\"name\":\"\u00c9v\u00e8nements\",\"item\":\"https:\/\/vpdanses.fr\/home\/bienvenue-chez-vp-danses-hazebrouck\/dates\/\"},{\"@type\":\"ListItem\",\"position\":3,\"name\":\"Ludivine &amp; Nicolas : Cours particulier de danse \u00e0 domicile #8 Ouverture de Bal de Mariage \u00e0 EECKE (59)\"}]},{\"@type\":\"WebSite\",\"@id\":\"https:\/\/vpdanses.fr\/home\/bienvenue-chez-vp-danses-hazebrouck\/#website\",\"url\":\"https:\/\/vpdanses.fr\/home\/bienvenue-chez-vp-danses-hazebrouck\/\",\"name\":\"VP DANSES, cours de Danse Sportive \u00e0 Aire-sur-la-Lys et \u00e0 Saint-Jans-Cappel (Hauts-de-France)\",\"description\":\"Cours de Danse Sportive STANDARD (valse anglaise, tango, valse viennoise, slowfox, quickstep), danses sportives LATINES (samba, chacha, rumba, paso doble, jive), danses de bal, danses de salons, danses de loisirs, salsa, rock 4 temps, rock 6 temps, danses en ligne, disco, \u2026 Lieu : Hazebrouck, Aire-sur-la-Lys, Saint-Jans-Cappel et Isbergues (Hauts-de-France) - Cours Particuliers dans les Hauts-de-France - Ouverture de bal de Mariage\",\"publisher\":{\"@id\":\"https:\/\/vpdanses.fr\/home\/bienvenue-chez-vp-danses-hazebrouck\/#organization\"},\"potentialAction\":[{\"@type\":\"SearchAction\",\"target\":{\"@type\":\"EntryPoint\",\"urlTemplate\":\"https:\/\/vpdanses.fr\/home\/bienvenue-chez-vp-danses-hazebrouck\/?s={search_term_string}\"},\"query-input\":{\"@type\":\"PropertyValueSpecification\",\"valueRequired\":true,\"valueName\":\"search_term_string\"}}],\"inLanguage\":\"fr-FR\"},{\"@type\":\"Organization\",\"@id\":\"https:\/\/vpdanses.fr\/home\/bienvenue-chez-vp-danses-hazebrouck\/#organization\",\"name\":\"VP DANSES, cours de Danse Sportive \u00e0 Aire-sur-la-Lys et \u00e0 Saint-Jans-Cappel (Hauts-de-France)\",\"url\":\"https:\/\/vpdanses.fr\/home\/bienvenue-chez-vp-danses-hazebrouck\/\",\"logo\":{\"@type\":\"ImageObject\",\"inLanguage\":\"fr-FR\",\"@id\":\"https:\/\/vpdanses.fr\/home\/bienvenue-chez-vp-danses-hazebrouck\/#\/schema\/logo\/image\/\",\"url\":\"https:\/\/vpdanses.fr\/wp-content\/uploads\/2024\/10\/logo_cadanse_asaintjans.jpeg\",\"contentUrl\":\"https:\/\/vpdanses.fr\/wp-content\/uploads\/2024\/10\/logo_cadanse_asaintjans.jpeg\",\"width\":225,\"height\":225,\"caption\":\"VP DANSES, cours de Danse Sportive \u00e0 Aire-sur-la-Lys et \u00e0 Saint-Jans-Cappel (Hauts-de-France)\"},\"image\":{\"@id\":\"https:\/\/vpdanses.fr\/home\/bienvenue-chez-vp-danses-hazebrouck\/#\/schema\/logo\/image\/\"}}]}<\/script>\n<!-- \/ Yoast SEO Premium plugin. -->","yoast_head_json":{"title":"Ludivine &amp; Nicolas : Cours particulier de danse \u00e0 domicile #8 Ouverture de Bal de Mariage \u00e0 EECKE (59) - VP DANSES, cours de Danse Sportive \u00e0 Aire-sur-la-Lys et \u00e0 Saint-Jans-Cappel (Hauts-de-France)","description":"Ouverture de bal de mariage \u00e0 EECKE (59114) : Cours de danse pour Ludivine & Nicolas \u00e0 Eecke (59114) dans le Nord de la France, dispens\u00e9 par VP DANSES. Merci pour votre confiance !","robots":{"index":"index","follow":"follow","max-snippet":"max-snippet:-1","max-image-preview":"max-image-preview:large","max-video-preview":"max-video-preview:-1"},"canonical":"https:\/\/vpdanses.fr\/home\/bienvenue-chez-vp-danses-hazebrouck\/evenement\/ludivine-nicolas-cours-particulier-de-danse-a-domicile-8-ouverture-de-bal-de-mariage-a-eecke-59\/","og_locale":"fr_FR","og_type":"article","og_title":"Cours particulier \u00e0 domicile de danse dispens\u00e9s par VP DANSES pour l'ouverture du bal de mariage de Ludivine et de Nicolas \u00e0 EECKE (59)","og_description":"Pr\u00e9paration de bal de mariage \u00e0 EECKE (59114) : Cours de danse pour Ludivine & Nicolas \u00e0 Eecke (59114) dans le Nord de la France, dispens\u00e9 par VP DANSES. Merci pour votre confiance !","og_url":"https:\/\/vpdanses.fr\/home\/bienvenue-chez-vp-danses-hazebrouck\/evenement\/ludivine-nicolas-cours-particulier-de-danse-a-domicile-8-ouverture-de-bal-de-mariage-a-eecke-59\/","og_site_name":"VP DANSES, cours de Danse Sportive \u00e0 Aire-sur-la-Lys et \u00e0 Saint-Jans-Cappel (Hauts-de-France)","article_modified_time":"2025-06-15T19:57:30+00:00","og_image":[{"width":2560,"height":2018,"url":"https:\/\/vpdanses.fr\/wp-content\/uploads\/2025\/06\/2025-06-11.Ludivine_Nicolas_B69E-scaled.jpeg","type":"image\/jpeg"}],"twitter_card":"summary_large_image","twitter_title":"Ludivine &amp; Nicolas : Cours particulier de danse \u00e0 domicile #8 Ouverture de Bal de Mariage \u00e0 EECKE (59)","twitter_misc":{"Dur\u00e9e de lecture estim\u00e9e":"1 minute"},"schema":{"@context":"https:\/\/schema.org","@graph":[{"@type":"WebPage","@id":"https:\/\/vpdanses.fr\/home\/bienvenue-chez-vp-danses-hazebrouck\/evenement\/ludivine-nicolas-cours-particulier-de-danse-a-domicile-8-ouverture-de-bal-de-mariage-a-eecke-59\/","url":"https:\/\/vpdanses.fr\/home\/bienvenue-chez-vp-danses-hazebrouck\/evenement\/ludivine-nicolas-cours-particulier-de-danse-a-domicile-8-ouverture-de-bal-de-mariage-a-eecke-59\/","name":"Ludivine &amp; Nicolas : Cours particulier de danse \u00e0 domicile #8 Ouverture de Bal de Mariage \u00e0 EECKE (59) - VP DANSES, cours de Danse Sportive \u00e0 Aire-sur-la-Lys et \u00e0 Saint-Jans-Cappel (Hauts-de-France)","isPartOf":{"@id":"https:\/\/vpdanses.fr\/home\/bienvenue-chez-vp-danses-hazebrouck\/#website"},"primaryImageOfPage":{"@id":"https:\/\/vpdanses.fr\/home\/bienvenue-chez-vp-danses-hazebrouck\/evenement\/ludivine-nicolas-cours-particulier-de-danse-a-domicile-8-ouverture-de-bal-de-mariage-a-eecke-59\/#primaryimage"},"image":{"@id":"https:\/\/vpdanses.fr\/home\/bienvenue-chez-vp-danses-hazebrouck\/evenement\/ludivine-nicolas-cours-particulier-de-danse-a-domicile-8-ouverture-de-bal-de-mariage-a-eecke-59\/#primaryimage"},"thumbnailUrl":"https:\/\/vpdanses.fr\/wp-content\/uploads\/2025\/06\/2025-06-11.Ludivine_Nicolas_B69E-scaled.jpeg","datePublished":"2025-06-15T19:57:27+00:00","dateModified":"2025-06-15T19:57:30+00:00","description":"Ouverture de bal de mariage \u00e0 EECKE (59114) : Cours de danse pour Ludivine & Nicolas \u00e0 Eecke (59114) dans le Nord de la France, dispens\u00e9 par VP DANSES. Merci pour votre confiance !","breadcrumb":{"@id":"https:\/\/vpdanses.fr\/home\/bienvenue-chez-vp-danses-hazebrouck\/evenement\/ludivine-nicolas-cours-particulier-de-danse-a-domicile-8-ouverture-de-bal-de-mariage-a-eecke-59\/#breadcrumb"},"inLanguage":"fr-FR","potentialAction":[{"@type":"ReadAction","target":["https:\/\/vpdanses.fr\/home\/bienvenue-chez-vp-danses-hazebrouck\/evenement\/ludivine-nicolas-cours-particulier-de-danse-a-domicile-8-ouverture-de-bal-de-mariage-a-eecke-59\/"]}]},{"@type":"ImageObject","inLanguage":"fr-FR","@id":"https:\/\/vpdanses.fr\/home\/bienvenue-chez-vp-danses-hazebrouck\/evenement\/ludivine-nicolas-cours-particulier-de-danse-a-domicile-8-ouverture-de-bal-de-mariage-a-eecke-59\/#primaryimage","url":"https:\/\/vpdanses.fr\/wp-content\/uploads\/2025\/06\/2025-06-11.Ludivine_Nicolas_B69E-scaled.jpeg","contentUrl":"https:\/\/vpdanses.fr\/wp-content\/uploads\/2025\/06\/2025-06-11.Ludivine_Nicolas_B69E-scaled.jpeg","width":2560,"height":2018,"caption":"Cours particuliers pour l'Ouverture \u00e0 au Bal de Mariage de Ludivine et Nicolas, \u00e0 Eecke, le 12\/07\/2025"},{"@type":"BreadcrumbList","@id":"https:\/\/vpdanses.fr\/home\/bienvenue-chez-vp-danses-hazebrouck\/evenement\/ludivine-nicolas-cours-particulier-de-danse-a-domicile-8-ouverture-de-bal-de-mariage-a-eecke-59\/#breadcrumb","itemListElement":[{"@type":"ListItem","position":1,"name":"Accueil","item":"https:\/\/vpdanses.fr\/home\/bienvenue-chez-vp-danses-hazebrouck\/"},{"@type":"ListItem","position":2,"name":"\u00c9v\u00e8nements","item":"https:\/\/vpdanses.fr\/home\/bienvenue-chez-vp-danses-hazebrouck\/dates\/"},{"@type":"ListItem","position":3,"name":"Ludivine &amp; Nicolas : Cours particulier de danse \u00e0 domicile #8 Ouverture de Bal de Mariage \u00e0 EECKE (59)"}]},{"@type":"WebSite","@id":"https:\/\/vpdanses.fr\/home\/bienvenue-chez-vp-danses-hazebrouck\/#website","url":"https:\/\/vpdanses.fr\/home\/bienvenue-chez-vp-danses-hazebrouck\/","name":"VP DANSES, cours de Danse Sportive \u00e0 Aire-sur-la-Lys et \u00e0 Saint-Jans-Cappel (Hauts-de-France)","description":"Cours de Danse Sportive STANDARD (valse anglaise, tango, valse viennoise, slowfox, quickstep), danses sportives LATINES (samba, chacha, rumba, paso doble, jive), danses de bal, danses de salons, danses de loisirs, salsa, rock 4 temps, rock 6 temps, danses en ligne, disco, \u2026 Lieu : Hazebrouck, Aire-sur-la-Lys, Saint-Jans-Cappel et Isbergues (Hauts-de-France) - Cours Particuliers dans les Hauts-de-France - Ouverture de bal de Mariage","publisher":{"@id":"https:\/\/vpdanses.fr\/home\/bienvenue-chez-vp-danses-hazebrouck\/#organization"},"potentialAction":[{"@type":"SearchAction","target":{"@type":"EntryPoint","urlTemplate":"https:\/\/vpdanses.fr\/home\/bienvenue-chez-vp-danses-hazebrouck\/?s={search_term_string}"},"query-input":{"@type":"PropertyValueSpecification","valueRequired":true,"valueName":"search_term_string"}}],"inLanguage":"fr-FR"},{"@type":"Organization","@id":"https:\/\/vpdanses.fr\/home\/bienvenue-chez-vp-danses-hazebrouck\/#organization","name":"VP DANSES, cours de Danse Sportive \u00e0 Aire-sur-la-Lys et \u00e0 Saint-Jans-Cappel (Hauts-de-France)","url":"https:\/\/vpdanses.fr\/home\/bienvenue-chez-vp-danses-hazebrouck\/","logo":{"@type":"ImageObject","inLanguage":"fr-FR","@id":"https:\/\/vpdanses.fr\/home\/bienvenue-chez-vp-danses-hazebrouck\/#\/schema\/logo\/image\/","url":"https:\/\/vpdanses.fr\/wp-content\/uploads\/2024\/10\/logo_cadanse_asaintjans.jpeg","contentUrl":"https:\/\/vpdanses.fr\/wp-content\/uploads\/2024\/10\/logo_cadanse_asaintjans.jpeg","width":225,"height":225,"caption":"VP DANSES, cours de Danse Sportive \u00e0 Aire-sur-la-Lys et \u00e0 Saint-Jans-Cappel (Hauts-de-France)"},"image":{"@id":"https:\/\/vpdanses.fr\/home\/bienvenue-chez-vp-danses-hazebrouck\/#\/schema\/logo\/image\/"}}]}},"uagb_featured_image_src":{"full":["https:\/\/vpdanses.fr\/wp-content\/uploads\/2025\/06\/2025-06-11.Ludivine_Nicolas_B69E-scaled.jpeg",2560,2018,false],"thumbnail":["https:\/\/vpdanses.fr\/wp-content\/uploads\/2025\/06\/2025-06-11.Ludivine_Nicolas_B69E-150x150.jpeg",150,150,true],"medium":["https:\/\/vpdanses.fr\/wp-content\/uploads\/2025\/06\/2025-06-11.Ludivine_Nicolas_B69E-300x236.jpeg",300,236,true],"medium_large":["https:\/\/vpdanses.fr\/wp-content\/uploads\/2025\/06\/2025-06-11.Ludivine_Nicolas_B69E-768x605.jpeg",768,605,true],"large":["https:\/\/vpdanses.fr\/wp-content\/uploads\/2025\/06\/2025-06-11.Ludivine_Nicolas_B69E-1024x807.jpeg",1024,807,true],"1536x1536":["https:\/\/vpdanses.fr\/wp-content\/uploads\/2025\/06\/2025-06-11.Ludivine_Nicolas_B69E-1536x1211.jpeg",1536,1211,true],"2048x2048":["https:\/\/vpdanses.fr\/wp-content\/uploads\/2025\/06\/2025-06-11.Ludivine_Nicolas_B69E-2048x1614.jpeg",2048,1614,true],"vp_sm":["https:\/\/vpdanses.fr\/wp-content\/uploads\/2025\/06\/2025-06-11.Ludivine_Nicolas_B69E-500x394.jpeg",500,394,true],"vp_md":["https:\/\/vpdanses.fr\/wp-content\/uploads\/2025\/06\/2025-06-11.Ludivine_Nicolas_B69E-800x631.jpeg",800,631,true],"vp_lg":["https:\/\/vpdanses.fr\/wp-content\/uploads\/2025\/06\/2025-06-11.Ludivine_Nicolas_B69E-1280x1009.jpeg",1280,1009,true],"vp_xl":["https:\/\/vpdanses.fr\/wp-content\/uploads\/2025\/06\/2025-06-11.Ludivine_Nicolas_B69E-1920x1513.jpeg",1920,1513,true],"vp_sm_popup":["https:\/\/vpdanses.fr\/wp-content\/uploads\/2025\/06\/2025-06-11.Ludivine_Nicolas_B69E-500x394.jpeg",500,394,true],"vp_md_popup":["https:\/\/vpdanses.fr\/wp-content\/uploads\/2025\/06\/2025-06-11.Ludivine_Nicolas_B69E-800x631.jpeg",800,631,true],"vp_xl_popup":["https:\/\/vpdanses.fr\/wp-content\/uploads\/2025\/06\/2025-06-11.Ludivine_Nicolas_B69E-1920x1513.jpeg",1920,1513,true],"dance-blog-thumb":["https:\/\/vpdanses.fr\/wp-content\/uploads\/2025\/06\/2025-06-11.Ludivine_Nicolas_B69E-150x120.jpeg",150,120,true],"dance-event-list":["https:\/\/vpdanses.fr\/wp-content\/uploads\/2025\/06\/2025-06-11.Ludivine_Nicolas_B69E-420x336.jpeg",420,336,true],"dance-event-single-type1":["https:\/\/vpdanses.fr\/wp-content\/uploads\/2025\/06\/2025-06-11.Ludivine_Nicolas_B69E-773x520.jpeg",773,520,true],"dance-event-single-type4":["https:\/\/vpdanses.fr\/wp-content\/uploads\/2025\/06\/2025-06-11.Ludivine_Nicolas_B69E-570x460.jpeg",570,460,true],"dance-event-single-type5":["https:\/\/vpdanses.fr\/wp-content\/uploads\/2025\/06\/2025-06-11.Ludivine_Nicolas_B69E-746x770.jpeg",746,770,true],"dance-event-list2":["https:\/\/vpdanses.fr\/wp-content\/uploads\/2025\/06\/2025-06-11.Ludivine_Nicolas_B69E-420x275.jpeg",420,275,true]},"uagb_author_info":{"display_name":"VP DANSES","author_link":"https:\/\/vpdanses.fr\/home\/bienvenue-chez-vp-danses-hazebrouck\/author\/adminvp20241018\/"},"uagb_comment_info":0,"uagb_excerpt":"Cours particulier \u00e0 domicile de danse dispens\u00e9s par VP DANSES pour l'ouverture au bal de mariage de Ludivine et de Nicolas \u00e0 EECKE (59) dans le Nord de la France.","jetpack_sharing_enabled":true,"ticketed":false,"_links":{"self":[{"href":"https:\/\/vpdanses.fr\/home\/bienvenue-chez-vp-danses-hazebrouck\/wp-json\/wp\/v2\/tribe_events\/13549","targetHints":{"allow":["GET"]}}],"collection":[{"href":"https:\/\/vpdanses.fr\/home\/bienvenue-chez-vp-danses-hazebrouck\/wp-json\/wp\/v2\/tribe_events"}],"about":[{"href":"https:\/\/vpdanses.fr\/home\/bienvenue-chez-vp-danses-hazebrouck\/wp-json\/wp\/v2\/types\/tribe_events"}],"author":[{"embeddable":true,"href":"https:\/\/vpdanses.fr\/home\/bienvenue-chez-vp-danses-hazebrouck\/wp-json\/wp\/v2\/users\/1"}],"version-history":[{"count":1,"href":"https:\/\/vpdanses.fr\/home\/bienvenue-chez-vp-danses-hazebrouck\/wp-json\/wp\/v2\/tribe_events\/13549\/revisions"}],"predecessor-version":[{"id":13551,"href":"https:\/\/vpdanses.fr\/home\/bienvenue-chez-vp-danses-hazebrouck\/wp-json\/wp\/v2\/tribe_events\/13549\/revisions\/13551"}],"wp:featuredmedia":[{"embeddable":true,"href":"https:\/\/vpdanses.fr\/home\/bienvenue-chez-vp-danses-hazebrouck\/wp-json\/wp\/v2\/media\/13550"}],"wp:attachment":[{"href":"https:\/\/vpdanses.fr\/home\/bienvenue-chez-vp-danses-hazebrouck\/wp-json\/wp\/v2\/media?parent=13549"}],"wp:term":[{"taxonomy":"post_tag","embeddable":true,"href":"https:\/\/vpdanses.fr\/home\/bienvenue-chez-vp-danses-hazebrouck\/wp-json\/wp\/v2\/tags?post=13549"},{"taxonomy":"tribe_events_cat","embeddable":true,"href":"https:\/\/vpdanses.fr\/home\/bienvenue-chez-vp-danses-hazebrouck\/wp-json\/wp\/v2\/tribe_events_cat?post=13549"}],"curies":[{"name":"wp","href":"https:\/\/api.w.org\/{rel}","templated":true}]}}