{"id":13552,"date":"2025-06-15T22:00:19","date_gmt":"2025-06-15T20:00:19","guid":{"rendered":"https:\/\/vpdanses.fr\/home\/bienvenue-chez-vp-danses-hazebrouck\/?post_type=tribe_events&#038;p=13552"},"modified":"2025-06-15T22:00:22","modified_gmt":"2025-06-15T20:00:22","slug":"wdsf-luxembourg-open-championships-2025","status":"publish","type":"tribe_events","link":"https:\/\/vpdanses.fr\/home\/bienvenue-chez-vp-danses-hazebrouck\/evenement\/wdsf-luxembourg-open-championships-2025\/","title":{"rendered":"WDSF Luxembourg Open Championships 2025"},"content":{"rendered":"<div  class=\"tribe-events-schedule tribe-clearfix\" >\n\t<p class=\"tribe-events-schedule__datetime\">\n\t\t<span class=\"tribe-events-schedule__date tribe-events-schedule__date--start\">\n\t\t\t28 juin 2025\t\t<\/span>\n\n\t\t\t\t\t<span class=\"tribe-events-schedule__separator tribe-events-schedule__separator--date\">\n\t\t\t\t &gt; \t\t\t<\/span>\n\t\t\t<span class=\"tribe-events-schedule__time tribe-events-schedule__time--start\">\n\t\t\t\t8h00\t\t\t<\/span>\n\t\t\n\t\t\t\t\t\t\t\t\t<span class=\"tribe-events-schedule__separator tribe-events-schedule__separator--time\">\n\t\t\t\t\t &#8211; \t\t\t\t<\/span>\n\t\t\t\n\t\t\t\t\t\t\t<span class=\"tribe-events-schedule__time tribe-events-schedule__time--end\">\n\t\t\t\t\t21h00\t\t\t\t<\/span>\n\t\t\t\n\t\t\t\t\t\t<\/p>\n<\/div>\n\n\n\n<p>VP DANSES participera \u00e0 la comp\u00e9tition de danse sportive WDSF Luxembourg Open Championships 2025, au coeur du Luxembourg, Sports Center \u00ab\u00a0Coque\u00a0\u00bb.<\/p>\n\n\n<div class=\"tribe-events-event-image\"><noscript><img loading=\"lazy\" decoding=\"async\" width=\"2238\" height=\"1400\" data-skip-lazy src=\"https:\/\/vpdanses.fr\/wp-content\/uploads\/2025\/05\/DanceSport_Luxembourg_Capture-decran-2025-05-28-a-05.51.08.png\" class=\"attachment-full size-full wp-post-image\" alt=\"WDSF Luxembourg Open Championships 2026\" srcset=\"https:\/\/vpdanses.fr\/wp-content\/uploads\/2025\/05\/DanceSport_Luxembourg_Capture-decran-2025-05-28-a-05.51.08.png 2238w, https:\/\/vpdanses.fr\/wp-content\/uploads\/2025\/05\/DanceSport_Luxembourg_Capture-decran-2025-05-28-a-05.51.08-300x188.png 300w, https:\/\/vpdanses.fr\/wp-content\/uploads\/2025\/05\/DanceSport_Luxembourg_Capture-decran-2025-05-28-a-05.51.08-1024x641.png 1024w, https:\/\/vpdanses.fr\/wp-content\/uploads\/2025\/05\/DanceSport_Luxembourg_Capture-decran-2025-05-28-a-05.51.08-768x480.png 768w, https:\/\/vpdanses.fr\/wp-content\/uploads\/2025\/05\/DanceSport_Luxembourg_Capture-decran-2025-05-28-a-05.51.08-1536x961.png 1536w, https:\/\/vpdanses.fr\/wp-content\/uploads\/2025\/05\/DanceSport_Luxembourg_Capture-decran-2025-05-28-a-05.51.08-2048x1281.png 2048w, https:\/\/vpdanses.fr\/wp-content\/uploads\/2025\/05\/DanceSport_Luxembourg_Capture-decran-2025-05-28-a-05.51.08-500x313.png 500w, https:\/\/vpdanses.fr\/wp-content\/uploads\/2025\/05\/DanceSport_Luxembourg_Capture-decran-2025-05-28-a-05.51.08-800x500.png 800w, https:\/\/vpdanses.fr\/wp-content\/uploads\/2025\/05\/DanceSport_Luxembourg_Capture-decran-2025-05-28-a-05.51.08-1280x801.png 1280w, https:\/\/vpdanses.fr\/wp-content\/uploads\/2025\/05\/DanceSport_Luxembourg_Capture-decran-2025-05-28-a-05.51.08-1920x1201.png 1920w\" sizes=\"auto, (max-width: 2238px) 100vw, 2238px\" \/><\/noscript><img fetchpriority=\"high\" decoding=\"async\" width=\"2238\" height=\"1400\" src=\"https:\/\/vpdanses.fr\/wp-content\/uploads\/2025\/05\/DanceSport_Luxembourg_Capture-decran-2025-05-28-a-05.51.08.png\" class=\"attachment-full size-full wp-post-image vp-lazyload\" alt=\"WDSF Luxembourg Open Championships 2026\" srcset=\"data:image\/svg+xml;base64,PHN2ZyB3aWR0aD0iMjIzOCIgaGVpZ2h0PSIxNDAwIiB2aWV3Qm94PSIwIDAgMjIzOCAxNDAwIiBmaWxsPSJub25lIiB4bWxucz0iaHR0cDovL3d3dy53My5vcmcvMjAwMC9zdmciPjwvc3ZnPg==\" data-src=\"https:\/\/vpdanses.fr\/wp-content\/uploads\/2025\/05\/DanceSport_Luxembourg_Capture-decran-2025-05-28-a-05.51.08.png\" data-srcset=\"https:\/\/vpdanses.fr\/wp-content\/uploads\/2025\/05\/DanceSport_Luxembourg_Capture-decran-2025-05-28-a-05.51.08.png 2238w, https:\/\/vpdanses.fr\/wp-content\/uploads\/2025\/05\/DanceSport_Luxembourg_Capture-decran-2025-05-28-a-05.51.08-300x188.png 300w, https:\/\/vpdanses.fr\/wp-content\/uploads\/2025\/05\/DanceSport_Luxembourg_Capture-decran-2025-05-28-a-05.51.08-1024x641.png 1024w, https:\/\/vpdanses.fr\/wp-content\/uploads\/2025\/05\/DanceSport_Luxembourg_Capture-decran-2025-05-28-a-05.51.08-768x480.png 768w, https:\/\/vpdanses.fr\/wp-content\/uploads\/2025\/05\/DanceSport_Luxembourg_Capture-decran-2025-05-28-a-05.51.08-1536x961.png 1536w, https:\/\/vpdanses.fr\/wp-content\/uploads\/2025\/05\/DanceSport_Luxembourg_Capture-decran-2025-05-28-a-05.51.08-2048x1281.png 2048w, https:\/\/vpdanses.fr\/wp-content\/uploads\/2025\/05\/DanceSport_Luxembourg_Capture-decran-2025-05-28-a-05.51.08-500x313.png 500w, https:\/\/vpdanses.fr\/wp-content\/uploads\/2025\/05\/DanceSport_Luxembourg_Capture-decran-2025-05-28-a-05.51.08-800x500.png 800w, https:\/\/vpdanses.fr\/wp-content\/uploads\/2025\/05\/DanceSport_Luxembourg_Capture-decran-2025-05-28-a-05.51.08-1280x801.png 1280w, https:\/\/vpdanses.fr\/wp-content\/uploads\/2025\/05\/DanceSport_Luxembourg_Capture-decran-2025-05-28-a-05.51.08-1920x1201.png 1920w\" data-sizes=\"auto\" loading=\"eager\"><\/div>\n\n\n<p><\/p>\n\n\n\n<div style=\"height:24px\" aria-hidden=\"true\" class=\"wp-block-spacer\"><\/div>\n\n\n\n<hr class=\"wp-block-separator has-alpha-channel-opacity is-style-default\"\/>\n\n\n<div  class=\"tribe-block tribe-block__organizer__details tribe-clearfix\" >\n\t<div class=\"tribe-block__organizer__title\">\n\t\t<h3><a href=\"https:\/\/vpdanses.fr\/home\/bienvenue-chez-vp-danses-hazebrouck\/organisateur\/dancesport-federation-luxembourg-dsfl\/\" title=\"DanceSport Federation Luxembourg (DSFL)\" target=\"_self\" rel=\"\">DanceSport Federation Luxembourg (DSFL)<\/a><\/h3>\n\t<\/div>\n\t\t\t<p class=\"tribe-block__organizer__phone\">(+352) 621 610 610<\/p>\n\t\t\t\t<p class=\"tribe-block__organizer__website\"><a href=\"https:\/\/www.dsfl.lu\" target=\"_self\" rel=\"external\">Voir le site Organisateur<\/a><\/p>\n\t\t\t\t<p class=\"tribe-block__organizer__email\">ros&#101;n&#046;de&#109;y&#064;gma&#105;&#108;&#046;&#099;o&#109;<\/p>\n\t<\/div>\n\n\n<div  class=\"tribe-block tribe-block__venue tribe-clearfix tribe-block__venue--has-map\" >\n\t\n\t\n<div class=\"tribe-block__venue__meta\">\n\t<div class=\"tribe-block__venue__name\">\n\t\t<h3><a href=\"https:\/\/vpdanses.fr\/home\/bienvenue-chez-vp-danses-hazebrouck\/lieu\/sports-center-coque-luxembourg\/\" title=\"Sports Center Coque, Luxembourg\">Sports Center Coque, Luxembourg<\/a><\/h3>\n\t<\/div>\n\n\t\n\t\t\t\t\t\t<address class=\"tribe-block__venue__address\">\n\t\t\t\t<span class=\"tribe-address\">\n\n<span class=\"tribe-street-address\">2, rue L\u00e9on Hengen<\/span>\n\t\n\t\t<br>\n\t\t<span class=\"tribe-locality\">LUXEMBOURG<\/span><span class=\"tribe-delimiter\">,<\/span>\n\n\n\t<span class=\"tribe-postal-code\">L-1745<\/span>\n\n\t<span class=\"tribe-country-name\">Luxembourg<\/span>\n\n<\/span>\n\n\t\t\t\t\t\t\t\t\t<a class=\"tribe-events-gmap\" href=\"https:\/\/maps.google.com\/maps?f=q&#038;source=s_q&#038;hl=en&#038;geocode=&#038;q=2%2C+rue+L%C3%A9on+Hengen+LUXEMBOURG+L-1745+Luxembourg\" title=\"Cliquez pour voir une carte Google Map\" target=\"_blank\" rel=\"noreferrer noopener\">+ Google Map<\/a>\t\t\t\t\t\t\t<\/address>\n\t\t\n\t\t\t\t\t<span class=\"tribe-block__venue__phone\">+352 43 60 60 1<\/span><br \/>\n\t\t\n\t\t\t\t\t<span class=\"tribe-block__venue__website\"><a href=\"https:\/\/www.coque.lu\" target=\"_self\" rel=\"external\">Voir Lieu site web<\/a><\/span><br \/>\n\t\t\t\n\t<\/div>\n\t\n<div class=\"tribe-block__venue__map\">\n\t\n<iframe loading=\"lazy\"\n  title=\"L\u2018iframe Google maps affichant l\u2019adresse \u00e0 Sports Center Coque, Luxembourg\"\n  aria-label=\"Plan des lieux\"\n  width=\"310px\"\n  height=\"256px\"\n  frameborder=\"0\" style=\"border:0\"\n  src=\"https:\/\/www.google.com\/maps\/embed\/v1\/place?key=AIzaSyDNsicAsP6-VuGtAb1O9riI3oc_NOb7IOU&#038;q=2%2C+rue+L%C3%A9on+Hengen+LUXEMBOURG+L-1745+Luxembourg+&#038;zoom=11\" allowfullscreen>\n<\/iframe>\n<\/div>\n\n\t<\/div>\n\n\n\n\n\t<div  class=\"tribe-block tribe-block__events-link\" >\n\t\t<div class=\"tribe-events tribe-common\">\n\t\t\t<div class=\"tribe-events-c-subscribe-dropdown__container\">\n\t\t\t\t<div class=\"tribe-events-c-subscribe-dropdown\">\n\t\t\t\t\t<div class=\"tribe-common-c-btn-border tribe-events-c-subscribe-dropdown__button\">\n\t\t\t\t\t\t<svg\n\t class=\"tribe-common-c-svgicon tribe-common-c-svgicon--cal-export tribe-events-c-subscribe-dropdown__export-icon\" \taria-hidden=\"true\"\n\tviewBox=\"0 0 23 17\"\n\txmlns=\"http:\/\/www.w3.org\/2000\/svg\"\n>\n\t<path fill-rule=\"evenodd\" clip-rule=\"evenodd\" d=\"M.128.896V16.13c0 .211.145.383.323.383h15.354c.179 0 .323-.172.323-.383V.896c0-.212-.144-.383-.323-.383H.451C.273.513.128.684.128.896Zm16 6.742h-.901V4.679H1.009v10.729h14.218v-3.336h.901V7.638ZM1.01 1.614h14.218v2.058H1.009V1.614Z\" \/>\n\t<path d=\"M20.5 9.846H8.312M18.524 6.953l2.89 2.909-2.855 2.855\" stroke-width=\"1.2\" stroke-linecap=\"round\" stroke-linejoin=\"round\"\/>\n<\/svg>\n\t\t\t\t\t\t<button\n\t\t\t\t\t\t\tclass=\"tribe-events-c-subscribe-dropdown__button-text\"\n\t\t\t\t\t\t\taria-expanded=\"false\"\n\t\t\t\t\t\t\taria-controls=\"tribe-events-subscribe-dropdown-content\"\n\t\t\t\t\t\t\taria-label=\"Afficher les liens permettant d\u2019ajouter des \u00e9v\u00e8nements \u00e0 votre calendrier\"\n\t\t\t\t\t\t>\n\t\t\t\t\t\t\tAjouter au calendrier\t\t\t\t\t\t<\/button>\n\t\t\t\t\t\t<svg\n\t class=\"tribe-common-c-svgicon tribe-common-c-svgicon--caret-down tribe-events-c-subscribe-dropdown__button-icon\" \taria-hidden=\"true\"\n\tviewBox=\"0 0 10 7\"\n\txmlns=\"http:\/\/www.w3.org\/2000\/svg\"\n>\n\t<path fill-rule=\"evenodd\" clip-rule=\"evenodd\" d=\"M1.008.609L5 4.6 8.992.61l.958.958L5 6.517.05 1.566l.958-.958z\" class=\"tribe-common-c-svgicon__svg-fill\"\/>\n<\/svg>\n\t\t\t\t\t<\/div>\n\t\t\t\t\t<div id=\"tribe-events-subscribe-dropdown-content\" class=\"tribe-events-c-subscribe-dropdown__content\">\n\t\t\t\t\t\t<ul class=\"tribe-events-c-subscribe-dropdown__list\">\n\t\t\t\t\t\t\t\t\t\t\t\t\t\t\t<li class=\"tribe-events-c-subscribe-dropdown__list-item tribe-events-c-subscribe-dropdown__list-item--gcal\">\n\t\t\t\t\t\t\t\t\t<a\n\t\t\t\t\t\t\t\t\t\thref=\"https:\/\/www.google.com\/calendar\/event?action=TEMPLATE&#038;dates=20250628T080000\/20250628T210000&#038;text=WDSF%20Luxembourg%20Open%20Championships%202025&#038;details=%3Cp%3EVP+DANSES+participera+%C3%A0+la+comp%C3%A9tition+de+danse+sportive+WDSF+Luxembourg+Open+Championships+2025%2C+au+coeur+du+Luxembourg%2C+Sports+Center+%22Coque%22.%3C%2Fp%3E+%3Cp%3E%3C%2Fp%3E+%3Cdiv+style%3D%22height%3A24px%22+aria-hidden%3D%22true%22+class%3D%22wp-block-spacer%22%3E%3C%2Fdiv%3E%3Chr+class%3D%22wp-block-separator+has-alpha-channel-opacity+is-style-default%22%2F%3E&#038;location=Sports%20Center%20Coque,%20Luxembourg,%202,%20rue%20L\u00e9on%20Hengen,%20LUXEMBOURG,%20L-1745,%20Luxembourg&#038;trp=false&#038;ctz=Europe\/Paris&#038;sprop=website:https:\/\/vpdanses.fr\/home\/bienvenue-chez-vp-danses-hazebrouck\"\n\t\t\t\t\t\t\t\t\t\tclass=\"tribe-events-c-subscribe-dropdown__list-item-link\"\n\t\t\t\t\t\t\t\t\t\ttarget=\"_blank\"\n\t\t\t\t\t\t\t\t\t\trel=\"noopener noreferrer nofollow noindex\"\n\t\t\t\t\t\t\t\t\t>\n\t\t\t\t\t\t\t\t\t\tGoogle Agenda\t\t\t\t\t\t\t\t\t<\/a>\n\t\t\t\t\t\t\t\t<\/li>\n\t\t\t\t\t\t\t\t\t\t\t\t\t\t\t<li class=\"tribe-events-c-subscribe-dropdown__list-item tribe-events-c-subscribe-dropdown__list-item--ical\">\n\t\t\t\t\t\t\t\t\t<a\n\t\t\t\t\t\t\t\t\t\thref=\"\"\n\t\t\t\t\t\t\t\t\t\tclass=\"tribe-events-c-subscribe-dropdown__list-item-link\"\n\t\t\t\t\t\t\t\t\t\ttarget=\"_blank\"\n\t\t\t\t\t\t\t\t\t\trel=\"noopener noreferrer nofollow noindex\"\n\t\t\t\t\t\t\t\t\t>\n\t\t\t\t\t\t\t\t\t\tiCalendar\t\t\t\t\t\t\t\t\t<\/a>\n\t\t\t\t\t\t\t\t<\/li>\n\t\t\t\t\t\t\t\t\t\t\t\t\t\t\t<li class=\"tribe-events-c-subscribe-dropdown__list-item tribe-events-c-subscribe-dropdown__list-item--outlook-365\">\n\t\t\t\t\t\t\t\t\t<a\n\t\t\t\t\t\t\t\t\t\thref=\"\"\n\t\t\t\t\t\t\t\t\t\tclass=\"tribe-events-c-subscribe-dropdown__list-item-link\"\n\t\t\t\t\t\t\t\t\t\ttarget=\"_blank\"\n\t\t\t\t\t\t\t\t\t\trel=\"noopener noreferrer nofollow noindex\"\n\t\t\t\t\t\t\t\t\t>\n\t\t\t\t\t\t\t\t\t\tOutlook 365\t\t\t\t\t\t\t\t\t<\/a>\n\t\t\t\t\t\t\t\t<\/li>\n\t\t\t\t\t\t\t\t\t\t\t\t\t\t\t<li class=\"tribe-events-c-subscribe-dropdown__list-item tribe-events-c-subscribe-dropdown__list-item--outlook-live\">\n\t\t\t\t\t\t\t\t\t<a\n\t\t\t\t\t\t\t\t\t\thref=\"\"\n\t\t\t\t\t\t\t\t\t\tclass=\"tribe-events-c-subscribe-dropdown__list-item-link\"\n\t\t\t\t\t\t\t\t\t\ttarget=\"_blank\"\n\t\t\t\t\t\t\t\t\t\trel=\"noopener noreferrer nofollow noindex\"\n\t\t\t\t\t\t\t\t\t>\n\t\t\t\t\t\t\t\t\t\tOutlook Live\t\t\t\t\t\t\t\t\t<\/a>\n\t\t\t\t\t\t\t\t<\/li>\n\t\t\t\t\t\t\t\t\t\t\t\t\t<\/ul>\n\t\t\t\t\t<\/div>\n\t\t\t\t<\/div>\n\t\t\t<\/div>\n\t\t<\/div>\n\t<\/div>\n\n","protected":false},"excerpt":{"rendered":"<p>VP DANSES participera \u00e0 la comp\u00e9tition de danse sportive WDSF Luxembourg Open Championships 2026<\/p>\n","protected":false},"author":1,"featured_media":13355,"template":"","meta":{"_uag_custom_page_level_css":"","_price":"","_stock":"","_tribe_ticket_header":"","_tribe_default_ticket_provider":"","_tribe_ticket_capacity":"0","_ticket_start_date":"","_ticket_end_date":"","_tribe_ticket_show_description":"","_tribe_ticket_show_not_going":false,"_tribe_ticket_use_global_stock":"","_tribe_ticket_global_stock_level":"","_global_stock_mode":"","_global_stock_cap":"","_tribe_rsvp_for_event":"","_tribe_ticket_going_count":"","_tribe_ticket_not_going_count":"","_tribe_tickets_list":"[]","_tribe_ticket_has_attendee_info_fields":false,"_EventAllDay":false,"_EventTimezone":"Europe\/Paris","_EventStartDate":"2025-06-28 08:00:00","_EventEndDate":"2025-06-28 21:00:00","_EventStartDateUTC":"2025-06-28 06:00:00","_EventEndDateUTC":"2025-06-28 19:00:00","_EventShowMap":false,"_EventShowMapLink":false,"_EventURL":"","_EventCost":"","_EventCostDescription":"","_EventCurrencySymbol":"\u20ac","_EventCurrencyCode":"EUR","_EventCurrencyPosition":"suffix","_EventDateTimeSeparator":" > ","_EventTimeRangeSeparator":" - ","_EventOrganizerID":[13351],"_EventVenueID":[13348],"_OrganizerEmail":"","_OrganizerPhone":"","_OrganizerWebsite":"","_VenueAddress":"","_VenueCity":"","_VenueCountry":"","_VenueProvince":"","_VenueState":"","_VenueZip":"","_VenuePhone":"","_VenueURL":"","_VenueStateProvince":"","_VenueLat":"","_VenueLng":"","_VenueShowMap":false,"_VenueShowMapLink":false,"_tribe_events_status":"","_tribe_events_status_reason":"","footnotes":"","_tec_slr_enabled":"","_tec_slr_layout":""},"tags":[267],"tribe_events_cat":[206,170,209,268],"class_list":["post-13552","tribe_events","type-tribe_events","status-publish","has-post-thumbnail","hentry","tag-luxembourg","tribe_events_cat-competition","tribe_events_cat-danse-sportive","tribe_events_cat-wdsf","tribe_events_cat-wdsf-luxembourg-open-championships","cat_competition","cat_danse-sportive","cat_wdsf","cat_wdsf-luxembourg-open-championships"],"yoast_head":"<!-- This site is optimized with the Yoast SEO Premium plugin v25.6 (Yoast SEO v25.6) - https:\/\/yoast.com\/wordpress\/plugins\/seo\/ -->\n<title>WDSF Luxembourg Open Championships 2025 - VP DANSES, cours de Danse Sportive \u00e0 Aire-sur-la-Lys et \u00e0 Saint-Jans-Cappel (Hauts-de-France)<\/title>\n<meta name=\"description\" content=\"VP DANSES participera \u00e0 la comp\u00e9tition de danse sportive WDSF Luxembourg Open Championships 2025, au coeur du Luxembourg, Sports Center &quot;Coque&quot;.\" \/>\n<meta name=\"robots\" content=\"index, follow, max-snippet:-1, max-image-preview:large, max-video-preview:-1\" \/>\n<link rel=\"canonical\" href=\"https:\/\/vpdanses.fr\/home\/bienvenue-chez-vp-danses-hazebrouck\/evenement\/wdsf-luxembourg-open-championships-2025\/\" \/>\n<meta property=\"og:locale\" content=\"fr_FR\" \/>\n<meta property=\"og:type\" content=\"article\" \/>\n<meta property=\"og:title\" content=\"VP DANSES comp\u00e9titeur du WDSF Luxembourg Open Championships 2026\" \/>\n<meta property=\"og:description\" content=\"VP DANSES participera \u00e0 la comp\u00e9tition de danse sportive WDSF Luxembourg Open Championships 2025, au coeur du Luxembourg, Sports Center &quot;Coque&quot;.\" \/>\n<meta property=\"og:url\" content=\"https:\/\/vpdanses.fr\/home\/bienvenue-chez-vp-danses-hazebrouck\/evenement\/wdsf-luxembourg-open-championships-2025\/\" \/>\n<meta property=\"og:site_name\" content=\"VP DANSES, cours de Danse Sportive \u00e0 Aire-sur-la-Lys et \u00e0 Saint-Jans-Cappel (Hauts-de-France)\" \/>\n<meta property=\"article:modified_time\" content=\"2025-06-15T20:00:22+00:00\" \/>\n<meta property=\"og:image\" content=\"https:\/\/vpdanses.fr\/wp-content\/uploads\/2025\/05\/DanceSport_Luxembourg_Capture-decran-2025-05-28-a-05.51.08.png\" \/>\n\t<meta property=\"og:image:width\" content=\"2238\" \/>\n\t<meta property=\"og:image:height\" content=\"1400\" \/>\n\t<meta property=\"og:image:type\" content=\"image\/png\" \/>\n<meta name=\"twitter:card\" content=\"summary_large_image\" \/>\n<meta name=\"twitter:title\" content=\"WDSF Luxembourg Open Championships 2025\" \/>\n<meta name=\"twitter:label1\" content=\"Dur\u00e9e de lecture estim\u00e9e\" \/>\n\t<meta name=\"twitter:data1\" content=\"1 minute\" \/>\n<script type=\"application\/ld+json\" class=\"yoast-schema-graph\">{\"@context\":\"https:\/\/schema.org\",\"@graph\":[{\"@type\":\"WebPage\",\"@id\":\"https:\/\/vpdanses.fr\/home\/bienvenue-chez-vp-danses-hazebrouck\/evenement\/wdsf-luxembourg-open-championships-2025\/\",\"url\":\"https:\/\/vpdanses.fr\/home\/bienvenue-chez-vp-danses-hazebrouck\/evenement\/wdsf-luxembourg-open-championships-2025\/\",\"name\":\"WDSF Luxembourg Open Championships 2025 - VP DANSES, cours de Danse Sportive \u00e0 Aire-sur-la-Lys et \u00e0 Saint-Jans-Cappel (Hauts-de-France)\",\"isPartOf\":{\"@id\":\"https:\/\/vpdanses.fr\/home\/bienvenue-chez-vp-danses-hazebrouck\/#website\"},\"primaryImageOfPage\":{\"@id\":\"https:\/\/vpdanses.fr\/home\/bienvenue-chez-vp-danses-hazebrouck\/evenement\/wdsf-luxembourg-open-championships-2025\/#primaryimage\"},\"image\":{\"@id\":\"https:\/\/vpdanses.fr\/home\/bienvenue-chez-vp-danses-hazebrouck\/evenement\/wdsf-luxembourg-open-championships-2025\/#primaryimage\"},\"thumbnailUrl\":\"https:\/\/vpdanses.fr\/wp-content\/uploads\/2025\/05\/DanceSport_Luxembourg_Capture-decran-2025-05-28-a-05.51.08.png\",\"datePublished\":\"2025-06-15T20:00:19+00:00\",\"dateModified\":\"2025-06-15T20:00:22+00:00\",\"description\":\"VP DANSES participera \u00e0 la comp\u00e9tition de danse sportive WDSF Luxembourg Open Championships 2025, au coeur du Luxembourg, Sports Center \\\"Coque\\\".\",\"breadcrumb\":{\"@id\":\"https:\/\/vpdanses.fr\/home\/bienvenue-chez-vp-danses-hazebrouck\/evenement\/wdsf-luxembourg-open-championships-2025\/#breadcrumb\"},\"inLanguage\":\"fr-FR\",\"potentialAction\":[{\"@type\":\"ReadAction\",\"target\":[\"https:\/\/vpdanses.fr\/home\/bienvenue-chez-vp-danses-hazebrouck\/evenement\/wdsf-luxembourg-open-championships-2025\/\"]}]},{\"@type\":\"ImageObject\",\"inLanguage\":\"fr-FR\",\"@id\":\"https:\/\/vpdanses.fr\/home\/bienvenue-chez-vp-danses-hazebrouck\/evenement\/wdsf-luxembourg-open-championships-2025\/#primaryimage\",\"url\":\"https:\/\/vpdanses.fr\/wp-content\/uploads\/2025\/05\/DanceSport_Luxembourg_Capture-decran-2025-05-28-a-05.51.08.png\",\"contentUrl\":\"https:\/\/vpdanses.fr\/wp-content\/uploads\/2025\/05\/DanceSport_Luxembourg_Capture-decran-2025-05-28-a-05.51.08.png\",\"width\":2238,\"height\":1400,\"caption\":\"WDSF Luxembourg Open Championships 2026\"},{\"@type\":\"BreadcrumbList\",\"@id\":\"https:\/\/vpdanses.fr\/home\/bienvenue-chez-vp-danses-hazebrouck\/evenement\/wdsf-luxembourg-open-championships-2025\/#breadcrumb\",\"itemListElement\":[{\"@type\":\"ListItem\",\"position\":1,\"name\":\"Accueil\",\"item\":\"https:\/\/vpdanses.fr\/home\/bienvenue-chez-vp-danses-hazebrouck\/\"},{\"@type\":\"ListItem\",\"position\":2,\"name\":\"\u00c9v\u00e8nements\",\"item\":\"https:\/\/vpdanses.fr\/home\/bienvenue-chez-vp-danses-hazebrouck\/dates\/\"},{\"@type\":\"ListItem\",\"position\":3,\"name\":\"WDSF Luxembourg Open Championships 2025\"}]},{\"@type\":\"WebSite\",\"@id\":\"https:\/\/vpdanses.fr\/home\/bienvenue-chez-vp-danses-hazebrouck\/#website\",\"url\":\"https:\/\/vpdanses.fr\/home\/bienvenue-chez-vp-danses-hazebrouck\/\",\"name\":\"VP DANSES, cours de Danse Sportive \u00e0 Aire-sur-la-Lys et \u00e0 Saint-Jans-Cappel (Hauts-de-France)\",\"description\":\"Cours de Danse Sportive STANDARD (valse anglaise, tango, valse viennoise, slowfox, quickstep), danses sportives LATINES (samba, chacha, rumba, paso doble, jive), danses de bal, danses de salons, danses de loisirs, salsa, rock 4 temps, rock 6 temps, danses en ligne, disco, \u2026 Lieu : Hazebrouck, Aire-sur-la-Lys, Saint-Jans-Cappel et Isbergues (Hauts-de-France) - Cours Particuliers dans les Hauts-de-France - Ouverture de bal de Mariage\",\"publisher\":{\"@id\":\"https:\/\/vpdanses.fr\/home\/bienvenue-chez-vp-danses-hazebrouck\/#organization\"},\"potentialAction\":[{\"@type\":\"SearchAction\",\"target\":{\"@type\":\"EntryPoint\",\"urlTemplate\":\"https:\/\/vpdanses.fr\/home\/bienvenue-chez-vp-danses-hazebrouck\/?s={search_term_string}\"},\"query-input\":{\"@type\":\"PropertyValueSpecification\",\"valueRequired\":true,\"valueName\":\"search_term_string\"}}],\"inLanguage\":\"fr-FR\"},{\"@type\":\"Organization\",\"@id\":\"https:\/\/vpdanses.fr\/home\/bienvenue-chez-vp-danses-hazebrouck\/#organization\",\"name\":\"VP DANSES, cours de Danse Sportive \u00e0 Aire-sur-la-Lys et \u00e0 Saint-Jans-Cappel (Hauts-de-France)\",\"url\":\"https:\/\/vpdanses.fr\/home\/bienvenue-chez-vp-danses-hazebrouck\/\",\"logo\":{\"@type\":\"ImageObject\",\"inLanguage\":\"fr-FR\",\"@id\":\"https:\/\/vpdanses.fr\/home\/bienvenue-chez-vp-danses-hazebrouck\/#\/schema\/logo\/image\/\",\"url\":\"https:\/\/vpdanses.fr\/wp-content\/uploads\/2024\/10\/logo_cadanse_asaintjans.jpeg\",\"contentUrl\":\"https:\/\/vpdanses.fr\/wp-content\/uploads\/2024\/10\/logo_cadanse_asaintjans.jpeg\",\"width\":225,\"height\":225,\"caption\":\"VP DANSES, cours de Danse Sportive \u00e0 Aire-sur-la-Lys et \u00e0 Saint-Jans-Cappel (Hauts-de-France)\"},\"image\":{\"@id\":\"https:\/\/vpdanses.fr\/home\/bienvenue-chez-vp-danses-hazebrouck\/#\/schema\/logo\/image\/\"}}]}<\/script>\n<!-- \/ Yoast SEO Premium plugin. -->","yoast_head_json":{"title":"WDSF Luxembourg Open Championships 2025 - VP DANSES, cours de Danse Sportive \u00e0 Aire-sur-la-Lys et \u00e0 Saint-Jans-Cappel (Hauts-de-France)","description":"VP DANSES participera \u00e0 la comp\u00e9tition de danse sportive WDSF Luxembourg Open Championships 2025, au coeur du Luxembourg, Sports Center \"Coque\".","robots":{"index":"index","follow":"follow","max-snippet":"max-snippet:-1","max-image-preview":"max-image-preview:large","max-video-preview":"max-video-preview:-1"},"canonical":"https:\/\/vpdanses.fr\/home\/bienvenue-chez-vp-danses-hazebrouck\/evenement\/wdsf-luxembourg-open-championships-2025\/","og_locale":"fr_FR","og_type":"article","og_title":"VP DANSES comp\u00e9titeur du WDSF Luxembourg Open Championships 2026","og_description":"VP DANSES participera \u00e0 la comp\u00e9tition de danse sportive WDSF Luxembourg Open Championships 2025, au coeur du Luxembourg, Sports Center \"Coque\".","og_url":"https:\/\/vpdanses.fr\/home\/bienvenue-chez-vp-danses-hazebrouck\/evenement\/wdsf-luxembourg-open-championships-2025\/","og_site_name":"VP DANSES, cours de Danse Sportive \u00e0 Aire-sur-la-Lys et \u00e0 Saint-Jans-Cappel (Hauts-de-France)","article_modified_time":"2025-06-15T20:00:22+00:00","og_image":[{"width":2238,"height":1400,"url":"https:\/\/vpdanses.fr\/wp-content\/uploads\/2025\/05\/DanceSport_Luxembourg_Capture-decran-2025-05-28-a-05.51.08.png","type":"image\/png"}],"twitter_card":"summary_large_image","twitter_title":"WDSF Luxembourg Open Championships 2025","twitter_misc":{"Dur\u00e9e de lecture estim\u00e9e":"1 minute"},"schema":{"@context":"https:\/\/schema.org","@graph":[{"@type":"WebPage","@id":"https:\/\/vpdanses.fr\/home\/bienvenue-chez-vp-danses-hazebrouck\/evenement\/wdsf-luxembourg-open-championships-2025\/","url":"https:\/\/vpdanses.fr\/home\/bienvenue-chez-vp-danses-hazebrouck\/evenement\/wdsf-luxembourg-open-championships-2025\/","name":"WDSF Luxembourg Open Championships 2025 - VP DANSES, cours de Danse Sportive \u00e0 Aire-sur-la-Lys et \u00e0 Saint-Jans-Cappel (Hauts-de-France)","isPartOf":{"@id":"https:\/\/vpdanses.fr\/home\/bienvenue-chez-vp-danses-hazebrouck\/#website"},"primaryImageOfPage":{"@id":"https:\/\/vpdanses.fr\/home\/bienvenue-chez-vp-danses-hazebrouck\/evenement\/wdsf-luxembourg-open-championships-2025\/#primaryimage"},"image":{"@id":"https:\/\/vpdanses.fr\/home\/bienvenue-chez-vp-danses-hazebrouck\/evenement\/wdsf-luxembourg-open-championships-2025\/#primaryimage"},"thumbnailUrl":"https:\/\/vpdanses.fr\/wp-content\/uploads\/2025\/05\/DanceSport_Luxembourg_Capture-decran-2025-05-28-a-05.51.08.png","datePublished":"2025-06-15T20:00:19+00:00","dateModified":"2025-06-15T20:00:22+00:00","description":"VP DANSES participera \u00e0 la comp\u00e9tition de danse sportive WDSF Luxembourg Open Championships 2025, au coeur du Luxembourg, Sports Center \"Coque\".","breadcrumb":{"@id":"https:\/\/vpdanses.fr\/home\/bienvenue-chez-vp-danses-hazebrouck\/evenement\/wdsf-luxembourg-open-championships-2025\/#breadcrumb"},"inLanguage":"fr-FR","potentialAction":[{"@type":"ReadAction","target":["https:\/\/vpdanses.fr\/home\/bienvenue-chez-vp-danses-hazebrouck\/evenement\/wdsf-luxembourg-open-championships-2025\/"]}]},{"@type":"ImageObject","inLanguage":"fr-FR","@id":"https:\/\/vpdanses.fr\/home\/bienvenue-chez-vp-danses-hazebrouck\/evenement\/wdsf-luxembourg-open-championships-2025\/#primaryimage","url":"https:\/\/vpdanses.fr\/wp-content\/uploads\/2025\/05\/DanceSport_Luxembourg_Capture-decran-2025-05-28-a-05.51.08.png","contentUrl":"https:\/\/vpdanses.fr\/wp-content\/uploads\/2025\/05\/DanceSport_Luxembourg_Capture-decran-2025-05-28-a-05.51.08.png","width":2238,"height":1400,"caption":"WDSF Luxembourg Open Championships 2026"},{"@type":"BreadcrumbList","@id":"https:\/\/vpdanses.fr\/home\/bienvenue-chez-vp-danses-hazebrouck\/evenement\/wdsf-luxembourg-open-championships-2025\/#breadcrumb","itemListElement":[{"@type":"ListItem","position":1,"name":"Accueil","item":"https:\/\/vpdanses.fr\/home\/bienvenue-chez-vp-danses-hazebrouck\/"},{"@type":"ListItem","position":2,"name":"\u00c9v\u00e8nements","item":"https:\/\/vpdanses.fr\/home\/bienvenue-chez-vp-danses-hazebrouck\/dates\/"},{"@type":"ListItem","position":3,"name":"WDSF Luxembourg Open Championships 2025"}]},{"@type":"WebSite","@id":"https:\/\/vpdanses.fr\/home\/bienvenue-chez-vp-danses-hazebrouck\/#website","url":"https:\/\/vpdanses.fr\/home\/bienvenue-chez-vp-danses-hazebrouck\/","name":"VP DANSES, cours de Danse Sportive \u00e0 Aire-sur-la-Lys et \u00e0 Saint-Jans-Cappel (Hauts-de-France)","description":"Cours de Danse Sportive STANDARD (valse anglaise, tango, valse viennoise, slowfox, quickstep), danses sportives LATINES (samba, chacha, rumba, paso doble, jive), danses de bal, danses de salons, danses de loisirs, salsa, rock 4 temps, rock 6 temps, danses en ligne, disco, \u2026 Lieu : Hazebrouck, Aire-sur-la-Lys, Saint-Jans-Cappel et Isbergues (Hauts-de-France) - Cours Particuliers dans les Hauts-de-France - Ouverture de bal de Mariage","publisher":{"@id":"https:\/\/vpdanses.fr\/home\/bienvenue-chez-vp-danses-hazebrouck\/#organization"},"potentialAction":[{"@type":"SearchAction","target":{"@type":"EntryPoint","urlTemplate":"https:\/\/vpdanses.fr\/home\/bienvenue-chez-vp-danses-hazebrouck\/?s={search_term_string}"},"query-input":{"@type":"PropertyValueSpecification","valueRequired":true,"valueName":"search_term_string"}}],"inLanguage":"fr-FR"},{"@type":"Organization","@id":"https:\/\/vpdanses.fr\/home\/bienvenue-chez-vp-danses-hazebrouck\/#organization","name":"VP DANSES, cours de Danse Sportive \u00e0 Aire-sur-la-Lys et \u00e0 Saint-Jans-Cappel (Hauts-de-France)","url":"https:\/\/vpdanses.fr\/home\/bienvenue-chez-vp-danses-hazebrouck\/","logo":{"@type":"ImageObject","inLanguage":"fr-FR","@id":"https:\/\/vpdanses.fr\/home\/bienvenue-chez-vp-danses-hazebrouck\/#\/schema\/logo\/image\/","url":"https:\/\/vpdanses.fr\/wp-content\/uploads\/2024\/10\/logo_cadanse_asaintjans.jpeg","contentUrl":"https:\/\/vpdanses.fr\/wp-content\/uploads\/2024\/10\/logo_cadanse_asaintjans.jpeg","width":225,"height":225,"caption":"VP DANSES, cours de Danse Sportive \u00e0 Aire-sur-la-Lys et \u00e0 Saint-Jans-Cappel (Hauts-de-France)"},"image":{"@id":"https:\/\/vpdanses.fr\/home\/bienvenue-chez-vp-danses-hazebrouck\/#\/schema\/logo\/image\/"}}]}},"uagb_featured_image_src":{"full":["https:\/\/vpdanses.fr\/wp-content\/uploads\/2025\/05\/DanceSport_Luxembourg_Capture-decran-2025-05-28-a-05.51.08.png",2238,1400,false],"thumbnail":["https:\/\/vpdanses.fr\/wp-content\/uploads\/2025\/05\/DanceSport_Luxembourg_Capture-decran-2025-05-28-a-05.51.08-150x150.png",150,150,true],"medium":["https:\/\/vpdanses.fr\/wp-content\/uploads\/2025\/05\/DanceSport_Luxembourg_Capture-decran-2025-05-28-a-05.51.08-300x188.png",300,188,true],"medium_large":["https:\/\/vpdanses.fr\/wp-content\/uploads\/2025\/05\/DanceSport_Luxembourg_Capture-decran-2025-05-28-a-05.51.08-768x480.png",768,480,true],"large":["https:\/\/vpdanses.fr\/wp-content\/uploads\/2025\/05\/DanceSport_Luxembourg_Capture-decran-2025-05-28-a-05.51.08-1024x641.png",1024,641,true],"1536x1536":["https:\/\/vpdanses.fr\/wp-content\/uploads\/2025\/05\/DanceSport_Luxembourg_Capture-decran-2025-05-28-a-05.51.08-1536x961.png",1536,961,true],"2048x2048":["https:\/\/vpdanses.fr\/wp-content\/uploads\/2025\/05\/DanceSport_Luxembourg_Capture-decran-2025-05-28-a-05.51.08-2048x1281.png",2048,1281,true],"vp_sm":["https:\/\/vpdanses.fr\/wp-content\/uploads\/2025\/05\/DanceSport_Luxembourg_Capture-decran-2025-05-28-a-05.51.08-500x313.png",500,313,true],"vp_md":["https:\/\/vpdanses.fr\/wp-content\/uploads\/2025\/05\/DanceSport_Luxembourg_Capture-decran-2025-05-28-a-05.51.08-800x500.png",800,500,true],"vp_lg":["https:\/\/vpdanses.fr\/wp-content\/uploads\/2025\/05\/DanceSport_Luxembourg_Capture-decran-2025-05-28-a-05.51.08-1280x801.png",1280,801,true],"vp_xl":["https:\/\/vpdanses.fr\/wp-content\/uploads\/2025\/05\/DanceSport_Luxembourg_Capture-decran-2025-05-28-a-05.51.08-1920x1201.png",1920,1201,true],"vp_sm_popup":["https:\/\/vpdanses.fr\/wp-content\/uploads\/2025\/05\/DanceSport_Luxembourg_Capture-decran-2025-05-28-a-05.51.08-500x313.png",500,313,true],"vp_md_popup":["https:\/\/vpdanses.fr\/wp-content\/uploads\/2025\/05\/DanceSport_Luxembourg_Capture-decran-2025-05-28-a-05.51.08-800x500.png",800,500,true],"vp_xl_popup":["https:\/\/vpdanses.fr\/wp-content\/uploads\/2025\/05\/DanceSport_Luxembourg_Capture-decran-2025-05-28-a-05.51.08-1920x1201.png",1920,1201,true],"dance-blog-thumb":["https:\/\/vpdanses.fr\/wp-content\/uploads\/2025\/05\/DanceSport_Luxembourg_Capture-decran-2025-05-28-a-05.51.08-150x120.png",150,120,true],"dance-event-list":["https:\/\/vpdanses.fr\/wp-content\/uploads\/2025\/05\/DanceSport_Luxembourg_Capture-decran-2025-05-28-a-05.51.08-420x336.png",420,336,true],"dance-event-single-type1":["https:\/\/vpdanses.fr\/wp-content\/uploads\/2025\/05\/DanceSport_Luxembourg_Capture-decran-2025-05-28-a-05.51.08-773x520.png",773,520,true],"dance-event-single-type4":["https:\/\/vpdanses.fr\/wp-content\/uploads\/2025\/05\/DanceSport_Luxembourg_Capture-decran-2025-05-28-a-05.51.08-570x460.png",570,460,true],"dance-event-single-type5":["https:\/\/vpdanses.fr\/wp-content\/uploads\/2025\/05\/DanceSport_Luxembourg_Capture-decran-2025-05-28-a-05.51.08-746x770.png",746,770,true],"dance-event-list2":["https:\/\/vpdanses.fr\/wp-content\/uploads\/2025\/05\/DanceSport_Luxembourg_Capture-decran-2025-05-28-a-05.51.08-420x275.png",420,275,true]},"uagb_author_info":{"display_name":"VP DANSES","author_link":"https:\/\/vpdanses.fr\/home\/bienvenue-chez-vp-danses-hazebrouck\/author\/adminvp20241018\/"},"uagb_comment_info":0,"uagb_excerpt":"VP DANSES participera \u00e0 la comp\u00e9tition de danse sportive WDSF Luxembourg Open Championships 2026","jetpack_sharing_enabled":true,"ticketed":false,"_links":{"self":[{"href":"https:\/\/vpdanses.fr\/home\/bienvenue-chez-vp-danses-hazebrouck\/wp-json\/wp\/v2\/tribe_events\/13552","targetHints":{"allow":["GET"]}}],"collection":[{"href":"https:\/\/vpdanses.fr\/home\/bienvenue-chez-vp-danses-hazebrouck\/wp-json\/wp\/v2\/tribe_events"}],"about":[{"href":"https:\/\/vpdanses.fr\/home\/bienvenue-chez-vp-danses-hazebrouck\/wp-json\/wp\/v2\/types\/tribe_events"}],"author":[{"embeddable":true,"href":"https:\/\/vpdanses.fr\/home\/bienvenue-chez-vp-danses-hazebrouck\/wp-json\/wp\/v2\/users\/1"}],"version-history":[{"count":1,"href":"https:\/\/vpdanses.fr\/home\/bienvenue-chez-vp-danses-hazebrouck\/wp-json\/wp\/v2\/tribe_events\/13552\/revisions"}],"predecessor-version":[{"id":13553,"href":"https:\/\/vpdanses.fr\/home\/bienvenue-chez-vp-danses-hazebrouck\/wp-json\/wp\/v2\/tribe_events\/13552\/revisions\/13553"}],"wp:featuredmedia":[{"embeddable":true,"href":"https:\/\/vpdanses.fr\/home\/bienvenue-chez-vp-danses-hazebrouck\/wp-json\/wp\/v2\/media\/13355"}],"wp:attachment":[{"href":"https:\/\/vpdanses.fr\/home\/bienvenue-chez-vp-danses-hazebrouck\/wp-json\/wp\/v2\/media?parent=13552"}],"wp:term":[{"taxonomy":"post_tag","embeddable":true,"href":"https:\/\/vpdanses.fr\/home\/bienvenue-chez-vp-danses-hazebrouck\/wp-json\/wp\/v2\/tags?post=13552"},{"taxonomy":"tribe_events_cat","embeddable":true,"href":"https:\/\/vpdanses.fr\/home\/bienvenue-chez-vp-danses-hazebrouck\/wp-json\/wp\/v2\/tribe_events_cat?post=13552"}],"curies":[{"name":"wp","href":"https:\/\/api.w.org\/{rel}","templated":true}]}}