{"id":13811,"date":"2025-07-11T07:28:53","date_gmt":"2025-07-11T05:28:53","guid":{"rendered":"https:\/\/vpdanses.fr\/home\/bienvenue-chez-vp-danses-hazebrouck\/?post_type=tribe_events&#038;p=13811"},"modified":"2025-08-03T16:30:49","modified_gmt":"2025-08-03T14:30:49","slug":"stage-de-danse-sportive-valse-viennoise-et-paso-doble-pour-debutants-et-intermediaires-2","status":"publish","type":"tribe_events","link":"https:\/\/vpdanses.fr\/home\/bienvenue-chez-vp-danses-hazebrouck\/evenement\/stage-de-danse-sportive-valse-viennoise-et-paso-doble-pour-debutants-et-intermediaires-2\/","title":{"rendered":"Stage de Danse Sportive (Valse Viennoise et Paso Doble) pour d\u00e9butants et interm\u00e9diaires"},"content":{"rendered":"<div  class=\"tribe-events-schedule tribe-clearfix\" >\n\t<p class=\"tribe-events-schedule__datetime\">\n\t\t<span class=\"tribe-events-schedule__date tribe-events-schedule__date--start\">\n\t\t\t10 ao\u00fbt 2025\t\t<\/span>\n\n\t\t\t\t\t<span class=\"tribe-events-schedule__separator tribe-events-schedule__separator--date\">\n\t\t\t\t &gt; \t\t\t<\/span>\n\t\t\t<span class=\"tribe-events-schedule__time tribe-events-schedule__time--start\">\n\t\t\t\t10h00\t\t\t<\/span>\n\t\t\n\t\t\t\t\t\t\t\t\t<span class=\"tribe-events-schedule__separator tribe-events-schedule__separator--time\">\n\t\t\t\t\t &#8211; \t\t\t\t<\/span>\n\t\t\t\n\t\t\t\t\t\t\t<span class=\"tribe-events-schedule__time tribe-events-schedule__time--end\">\n\t\t\t\t\t12h00\t\t\t\t<\/span>\n\t\t\t\n\t\t\t\t\t\t<\/p>\n<\/div>\n\n\n\n<h2 class=\"wp-block-heading\" id=\"h-stage-n-3-de-valse-viennoise-et-de-paso-doble-a-planet-aire-a-aire-sur-la-lys\">Stage N\u00b0 3 de valse viennoise et de paso doble \u00e0 Planet&rsquo;Aire \u00e0 Aire-sur-la-Lys<\/h2>\n\n\n\n<p><strong>VP DANSES<\/strong> est ravie de vous proposer <strong>un stage de 2h de Danse Sportive<\/strong>, ouvert \u00e0 tous. Ce sera un \u00e9v\u00e9nement \u00e0 Planet&rsquo;Aire dans le cadre de \u00ab\u00a0VP DANSES SPORTIVES STANDARDS LATINES DEBUTANTS INTERMEDIAIRES VALSE VIENNOISE ET PASO DOBLE PLANET&rsquo;AIRE\u00a0\u00bb.<\/p>\n\n\n\n<p>Cette session N\u00b0 3 aura lieu sur votre piste de danse \u00e0 <strong><a href=\"https:\/\/planetaire.fr\" target=\"_blank\" rel=\"noreferrer noopener\">PLANET&rsquo;AIRE<\/a><\/strong> \u00e0 <strong><a href=\"https:\/\/www.ville-airesurlalys.fr\" target=\"_blank\" rel=\"noreferrer noopener\">Aire-sur-la-Lys<\/a><\/strong> et sera d\u00e9di\u00e9e \u00e0 la <strong>Valse Viennoise<\/strong> et au <strong>Paso Doble<\/strong>.&nbsp;Cet atelier fait partie du programme \u00ab\u00a0VP DANSES SPORTIVES STANDARDS LATINES DEBUTANTS INTERMEDIAIRES VALSE VIENNOISE ET PASO DOBLE PLANET&rsquo;AIRE\u00a0\u00bb.<\/p>\n\n\n\n<p>Cet atelier s&rsquo;adresse \u00e0 tous les amoureux des danses de salon qui souhaitent s&rsquo;initier ou s&rsquo;am\u00e9liorer aux techniques des danses Standards et Latines tout en passant un agr\u00e9able moment sur la piste de danse ! C&rsquo;est parfait pour ceux qui suivent le programme \u00ab\u00a0VP DANSES SPORTIVES STANDARDS LATINES DEBUTANTS INTERMEDIAIRES VALSE VIENNOISE ET PASO DOBLE PLANET&rsquo;AIRE\u00a0\u00bb.<\/p>\n\n\n\n<ul class=\"wp-block-list\">\n<li class=\"has-medium-font-size\" style=\"letter-spacing:3px\">Adresse du stage : Planet&rsquo;Aire, Aire-sur-la-Lys<\/li>\n\n\n\n<li class=\"has-medium-font-size\" style=\"letter-spacing:3px\">Programme : 10h &#8211; 11h : Valse Viennoise \/ 11h &#8211; 12h : Paso Doble, en lien avec VP DANSES SPORTIVES STANDARDS LATINES.<\/li>\n\n\n\n<li class=\"has-medium-font-size\" style=\"letter-spacing:3px\">Niveaux d\u00e9butants et interm\u00e9diaires, partie int\u00e9grante du programme \u00ab\u00a0VP DANSES SPORTIVES STANDARDS LATINES DEBUTANTS INTERMEDIAIRES VALSE VIENNOISE ET PASO DOBLE PLANET&rsquo;AIRE\u00a0\u00bb.<\/li>\n\n\n\n<li class=\"has-medium-font-size\" style=\"letter-spacing:1px\"><strong>Niveaux avanc\u00e9s ou internationales<\/strong> : Veuillez prendre contact avec l&rsquo;un des meilleurs professeur de danse sportive renomm\u00e9 dans <strong><a href=\"https:\/\/www.hautsdefrance.fr\">la r\u00e9gion des Hauts-de-France<\/a><\/strong> : <strong><a href=\"https:\/\/www.facebook.com\/sven.balcerzak\/\" target=\"_blank\" rel=\"noreferrer noopener\">Sven BALCERZAK<\/a><\/strong> ! <\/li>\n\n\n\n<li class=\"has-medium-font-size\" style=\"letter-spacing:3px\">Du plus jeune au plus sage !<\/li>\n\n\n\n<li class=\"has-medium-font-size\" style=\"letter-spacing:3px\">Pr\u00e9voir des chaussures de danse ou des chaussures \u00e0 semelles souples. Cela \u00e9vitera d&rsquo;endommager le parquet et vous permettra de glisser plus facilement.<\/li>\n\n\n\n<li class=\"has-medium-font-size\" style=\"letter-spacing:3px\">Optez pour des v\u00eatements confortables qui vous permettent de bouger librement.<\/li>\n\n\n\n<li class=\"has-medium-font-size\" style=\"font-style:normal;font-weight:800;letter-spacing:3px\">Pour les personnes qui viennent seules, nous formerons les couples sur la piste de danse, en lien avec le programme VP DANSES SPORTIVES STANDARDS LATINES DEBUTANTS.<\/li>\n\n\n\n<li class=\"has-medium-font-size\" style=\"font-style:normal;font-weight:600;letter-spacing:1px\">N&rsquo;oubliez pas d&rsquo; apporter une bouteille d&rsquo;eau pour vous d\u00e9salt\u00e9rer ! <\/li>\n<\/ul>\n\n\n\n<div style=\"height:40px\" aria-hidden=\"true\" class=\"wp-block-spacer\"><\/div>\n\n\n\n<div class=\"wp-block-uagb-separator uagb-block-6cedc078 wp-block-uagb-separator--text\"><div class=\"wp-block-uagb-separator__inner\" style=\"--my-background-image:\"><div class=\"wp-block-uagb-separator-element\"><h4 class=\"uagb-html-tag\">Prix du stage<\/h4><\/div><\/div><\/div>\n\n\n<div  class=\"tribe-block tribe-block__event-price\" >\n\t\t\t<span class=\"tribe-block__event-price__cost\"> 8,00\u20ac <\/span>\n\t\t\t\t<span class=\"tribe-block__event-price__description\">Prix par Personne<\/span>\n\t<\/div>\n\n\n\n<p>Il n&rsquo;est pas n\u00e9cessaire de r\u00e9server votre place. Vous pourrez payer sur place <strong>en esp\u00e8ces<\/strong> ou bien <strong>par ch\u00e8que<\/strong>.<\/p>\n\n\n\n<div style=\"height:40px\" aria-hidden=\"true\" class=\"wp-block-spacer\"><\/div>\n\n\n\n<div class=\"wp-block-uagb-separator uagb-block-b6cd5636 wp-block-uagb-separator--text\"><div class=\"wp-block-uagb-separator__inner\" style=\"--my-background-image:\"><div class=\"wp-block-uagb-separator-element\"><h4 class=\"uagb-html-tag\">Stage de Danse Sportive<\/h4><\/div><\/div><\/div>\n\n\n<div class=\"tribe-events-event-image\"><noscript><img loading=\"lazy\" decoding=\"async\" width=\"1080\" height=\"1620\" data-skip-lazy src=\"https:\/\/vpdanses.fr\/wp-content\/uploads\/2025\/07\/2025-08-10.Affiche_planet-aire_stage_valse_viennoise_Paso_doble_v2_vWeb.jpg\" class=\"attachment-full size-full wp-post-image\" alt=\"Affiche du stage de Danse Sportive d\u00e9di\u00e9e \u00e0 la Valse Viennoise et au Paso Doble, le 10 ao\u00fbt 2025 de 10h \u00e0 12h \u00e0 la salle de Danse de Planet&#039;Aire, Aire-sur-la-Lys. Un stage dispens\u00e9 par Virginie et Philippe de VP DANSES.\" srcset=\"https:\/\/vpdanses.fr\/wp-content\/uploads\/2025\/07\/2025-08-10.Affiche_planet-aire_stage_valse_viennoise_Paso_doble_v2_vWeb.jpg 1080w, https:\/\/vpdanses.fr\/wp-content\/uploads\/2025\/07\/2025-08-10.Affiche_planet-aire_stage_valse_viennoise_Paso_doble_v2_vWeb-200x300.jpg 200w, https:\/\/vpdanses.fr\/wp-content\/uploads\/2025\/07\/2025-08-10.Affiche_planet-aire_stage_valse_viennoise_Paso_doble_v2_vWeb-683x1024.jpg 683w, https:\/\/vpdanses.fr\/wp-content\/uploads\/2025\/07\/2025-08-10.Affiche_planet-aire_stage_valse_viennoise_Paso_doble_v2_vWeb-768x1152.jpg 768w, https:\/\/vpdanses.fr\/wp-content\/uploads\/2025\/07\/2025-08-10.Affiche_planet-aire_stage_valse_viennoise_Paso_doble_v2_vWeb-1024x1536.jpg 1024w, https:\/\/vpdanses.fr\/wp-content\/uploads\/2025\/07\/2025-08-10.Affiche_planet-aire_stage_valse_viennoise_Paso_doble_v2_vWeb-500x750.jpg 500w, https:\/\/vpdanses.fr\/wp-content\/uploads\/2025\/07\/2025-08-10.Affiche_planet-aire_stage_valse_viennoise_Paso_doble_v2_vWeb-800x1200.jpg 800w\" sizes=\"auto, (max-width: 1080px) 100vw, 1080px\" \/><\/noscript><img fetchpriority=\"high\" decoding=\"async\" width=\"1080\" height=\"1620\" src=\"https:\/\/vpdanses.fr\/wp-content\/uploads\/2025\/07\/2025-08-10.Affiche_planet-aire_stage_valse_viennoise_Paso_doble_v2_vWeb.jpg\" class=\"attachment-full size-full wp-post-image vp-lazyload\" alt=\"Affiche du stage de Danse Sportive d\u00e9di\u00e9e \u00e0 la Valse Viennoise et au Paso Doble, le 10 ao\u00fbt 2025 de 10h \u00e0 12h \u00e0 la salle de Danse de Planet&#039;Aire, Aire-sur-la-Lys. Un stage dispens\u00e9 par Virginie et Philippe de VP DANSES.\" srcset=\"data:image\/svg+xml;base64,PHN2ZyB3aWR0aD0iMTA4MCIgaGVpZ2h0PSIxNjIwIiB2aWV3Qm94PSIwIDAgMTA4MCAxNjIwIiBmaWxsPSJub25lIiB4bWxucz0iaHR0cDovL3d3dy53My5vcmcvMjAwMC9zdmciPjwvc3ZnPg==\" data-src=\"https:\/\/vpdanses.fr\/wp-content\/uploads\/2025\/07\/2025-08-10.Affiche_planet-aire_stage_valse_viennoise_Paso_doble_v2_vWeb.jpg\" data-srcset=\"https:\/\/vpdanses.fr\/wp-content\/uploads\/2025\/07\/2025-08-10.Affiche_planet-aire_stage_valse_viennoise_Paso_doble_v2_vWeb.jpg 1080w, https:\/\/vpdanses.fr\/wp-content\/uploads\/2025\/07\/2025-08-10.Affiche_planet-aire_stage_valse_viennoise_Paso_doble_v2_vWeb-200x300.jpg 200w, https:\/\/vpdanses.fr\/wp-content\/uploads\/2025\/07\/2025-08-10.Affiche_planet-aire_stage_valse_viennoise_Paso_doble_v2_vWeb-683x1024.jpg 683w, https:\/\/vpdanses.fr\/wp-content\/uploads\/2025\/07\/2025-08-10.Affiche_planet-aire_stage_valse_viennoise_Paso_doble_v2_vWeb-768x1152.jpg 768w, https:\/\/vpdanses.fr\/wp-content\/uploads\/2025\/07\/2025-08-10.Affiche_planet-aire_stage_valse_viennoise_Paso_doble_v2_vWeb-1024x1536.jpg 1024w, https:\/\/vpdanses.fr\/wp-content\/uploads\/2025\/07\/2025-08-10.Affiche_planet-aire_stage_valse_viennoise_Paso_doble_v2_vWeb-500x750.jpg 500w, https:\/\/vpdanses.fr\/wp-content\/uploads\/2025\/07\/2025-08-10.Affiche_planet-aire_stage_valse_viennoise_Paso_doble_v2_vWeb-800x1200.jpg 800w\" data-sizes=\"auto\" loading=\"eager\"><\/div>\n\n\n<div style=\"height:40px\" aria-hidden=\"true\" class=\"wp-block-spacer\"><\/div>\n\n\n\n<div class=\"wp-block-uagb-separator uagb-block-2929937c wp-block-uagb-separator--text\"><div class=\"wp-block-uagb-separator__inner\" style=\"--my-background-image:\"><div class=\"wp-block-uagb-separator-element\"><h4 class=\"uagb-html-tag\">Lieu du stage<\/h4><\/div><\/div><\/div>\n\n\n<div  class=\"tribe-block tribe-block__organizer__details tribe-clearfix\" >\n\t<div class=\"tribe-block__organizer__title\">\n\t\t<h3><a href=\"https:\/\/vpdanses.fr\/home\/bienvenue-chez-vp-danses-hazebrouck\/organisateur\/planetaire\/\" title=\"Planet&rsquo;Aire\" target=\"_self\" rel=\"\">Planet&rsquo;Aire<\/a><\/h3>\n\t<\/div>\n\t\t\t<p class=\"tribe-block__organizer__phone\">03 76 15 00 43<\/p>\n\t\t\t\t<p class=\"tribe-block__organizer__website\"><a href=\"https:\/\/www.facebook.com\/p\/PlanetAire-61553786996231\/\" target=\"_self\" rel=\"external\">Voir le site Organisateur<\/a><\/p>\n\t\t\t\t<p class=\"tribe-block__organizer__email\">&#104;el&#108;o&#064;p&#108;a&#110;et&#097;i&#114;&#101;&#046;&#102;&#114;<\/p>\n\t<\/div>\n\n\n<div  class=\"tribe-block tribe-block__venue tribe-clearfix tribe-block__venue--has-map\" >\n\t\n\t\n<div class=\"tribe-block__venue__meta\">\n\t<div class=\"tribe-block__venue__name\">\n\t\t<h3><a href=\"https:\/\/vpdanses.fr\/home\/bienvenue-chez-vp-danses-hazebrouck\/lieu\/parc-loisirs-planet-aire\/\" title=\"Parc de Loisirs plan\u00e9taire\">Parc de Loisirs plan\u00e9taire<\/a><\/h3>\n\t<\/div>\n\n\t\n\t\t\t\t\t\t<address class=\"tribe-block__venue__address\">\n\t\t\t\t<span class=\"tribe-address\">\n\n<span class=\"tribe-street-address\">1 rue de Constantinople<\/span>\n\t\n\t\t<br>\n\t\t<span class=\"tribe-locality\">Aire-sur-la-Lys<\/span><span class=\"tribe-delimiter\">,<\/span>\n\n\t<abbr class=\"tribe-region tribe-events-abbr\" title=\"Nord\">Nord<\/abbr>\n\n\t<span class=\"tribe-postal-code\">62120<\/span>\n\n\t<span class=\"tribe-country-name\">France<\/span>\n\n<\/span>\n\n\t\t\t\t\t\t\t\t\t<a class=\"tribe-events-gmap\" href=\"https:\/\/maps.google.com\/maps?f=q&#038;source=s_q&#038;hl=en&#038;geocode=&#038;q=1+rue+de+Constantinople+Aire-sur-la-Lys+Nord+62120+France\" title=\"Cliquez pour voir une carte Google Map\" target=\"_blank\" rel=\"noreferrer noopener\">+ Google Map<\/a>\t\t\t\t\t\t\t<\/address>\n\t\t\n\t\t\t\t\t<span class=\"tribe-block__venue__phone\">03 76 15 00 43<\/span><br \/>\n\t\t\n\t\t\t\t\t<span class=\"tribe-block__venue__website\"><a href=\"https:\/\/planetaire.fr\" target=\"_self\" rel=\"external\">Voir Lieu site web<\/a><\/span><br \/>\n\t\t\t\n\t<\/div>\n\t\n<div class=\"tribe-block__venue__map\">\n\t\n<iframe loading=\"lazy\"\n  title=\"L\u2018iframe Google maps affichant l\u2019adresse \u00e0 Parc de Loisirs plan\u00e9taire\"\n  aria-label=\"Plan des lieux\"\n  width=\"310px\"\n  height=\"256px\"\n  frameborder=\"0\" style=\"border:0\"\n  src=\"https:\/\/www.google.com\/maps\/embed\/v1\/place?key=AIzaSyDNsicAsP6-VuGtAb1O9riI3oc_NOb7IOU&#038;q=1+rue+de+Constantinople+Aire-sur-la-Lys+Nord+62120+France+&#038;zoom=11\" allowfullscreen>\n<\/iframe>\n<\/div>\n\n\t<\/div>\n\n\n\t<div  class=\"tribe-block tribe-block__events-link\" >\n\t\t<div class=\"tribe-events tribe-common\">\n\t\t\t<div class=\"tribe-events-c-subscribe-dropdown__container\">\n\t\t\t\t<div class=\"tribe-events-c-subscribe-dropdown\">\n\t\t\t\t\t<div class=\"tribe-common-c-btn-border tribe-events-c-subscribe-dropdown__button\">\n\t\t\t\t\t\t<svg\n\t class=\"tribe-common-c-svgicon tribe-common-c-svgicon--cal-export tribe-events-c-subscribe-dropdown__export-icon\" \taria-hidden=\"true\"\n\tviewBox=\"0 0 23 17\"\n\txmlns=\"http:\/\/www.w3.org\/2000\/svg\"\n>\n\t<path fill-rule=\"evenodd\" clip-rule=\"evenodd\" d=\"M.128.896V16.13c0 .211.145.383.323.383h15.354c.179 0 .323-.172.323-.383V.896c0-.212-.144-.383-.323-.383H.451C.273.513.128.684.128.896Zm16 6.742h-.901V4.679H1.009v10.729h14.218v-3.336h.901V7.638ZM1.01 1.614h14.218v2.058H1.009V1.614Z\" \/>\n\t<path d=\"M20.5 9.846H8.312M18.524 6.953l2.89 2.909-2.855 2.855\" stroke-width=\"1.2\" stroke-linecap=\"round\" stroke-linejoin=\"round\"\/>\n<\/svg>\n\t\t\t\t\t\t<button\n\t\t\t\t\t\t\tclass=\"tribe-events-c-subscribe-dropdown__button-text\"\n\t\t\t\t\t\t\taria-expanded=\"false\"\n\t\t\t\t\t\t\taria-controls=\"tribe-events-subscribe-dropdown-content\"\n\t\t\t\t\t\t\taria-label=\"Afficher les liens permettant d\u2019ajouter des \u00e9v\u00e8nements \u00e0 votre calendrier\"\n\t\t\t\t\t\t>\n\t\t\t\t\t\t\tAjouter au calendrier\t\t\t\t\t\t<\/button>\n\t\t\t\t\t\t<svg\n\t class=\"tribe-common-c-svgicon tribe-common-c-svgicon--caret-down tribe-events-c-subscribe-dropdown__button-icon\" \taria-hidden=\"true\"\n\tviewBox=\"0 0 10 7\"\n\txmlns=\"http:\/\/www.w3.org\/2000\/svg\"\n>\n\t<path fill-rule=\"evenodd\" clip-rule=\"evenodd\" d=\"M1.008.609L5 4.6 8.992.61l.958.958L5 6.517.05 1.566l.958-.958z\" class=\"tribe-common-c-svgicon__svg-fill\"\/>\n<\/svg>\n\t\t\t\t\t<\/div>\n\t\t\t\t\t<div id=\"tribe-events-subscribe-dropdown-content\" class=\"tribe-events-c-subscribe-dropdown__content\">\n\t\t\t\t\t\t<ul class=\"tribe-events-c-subscribe-dropdown__list\">\n\t\t\t\t\t\t\t\t\t\t\t\t\t\t\t<li class=\"tribe-events-c-subscribe-dropdown__list-item tribe-events-c-subscribe-dropdown__list-item--gcal\">\n\t\t\t\t\t\t\t\t\t<a\n\t\t\t\t\t\t\t\t\t\thref=\"https:\/\/www.google.com\/calendar\/event?action=TEMPLATE&#038;dates=20250810T100000\/20250810T120000&#038;text=Stage%20de%20Danse%20Sportive%20%28Valse%20Viennoise%20et%20Paso%20Doble%29%20pour%20d%C3%A9butants%20et%20interm%C3%A9diaires&#038;details=%3Ch2+class%3D%22wp-block-heading%22+id%3D%22h-stage-n-3-de-valse-viennoise-et-de-paso-doble-a-planet-aire-a-aire-sur-la-lys%22%3EStage+N%C2%B0+3+de+valse+viennoise+et+de+paso+doble+%C3%A0+Planet%27Aire+%C3%A0+Aire-sur-la-Lys%3C%2Fh2%3E%3Cp%3E%3Cstrong%3EVP+DANSES%3C%2Fstrong%3E+est+ravie+de+vous+proposer+%3Cstrong%3Eun+stage+de+2h+de+Danse+Sportive%3C%2Fstrong%3E%2C+ouvert+%C3%A0+tous.+Ce+sera+un+%C3%A9v%C3%A9nement+%C3%A0+Planet%27Aire+dans+le+cadre+de+%22VP+DANSES+SPORTIVES+STANDARDS+LATINES+DEBUTANTS+INTERMEDIAIRES+VALSE+VIENNOISE+ET+PASO+DOBLE+PLANET%27AIRE%22.%3C%2Fp%3E+%3Cp%3ECette+session+N%C2%B0+3+aura+lieu+sur+votre+piste+de+danse+%C3%A0+%3Cstrong%3E%3Ca+href%3D%22https%3A%2F%2Fplanetaire.fr%22+target%3D%22_blank%22+rel%3D%22noreferrer+noopener%22%3EPLANET%27AIRE%3C%2Fa%3E%3C%2Fstrong%3E+%C3%A0+%3Cstrong%3E%3Ca+href%3D%22https%3A%2F%2Fwww.ville-airesurlalys.fr%22+target%3D%22_blank%22+rel%3D%22noreferrer+noopener%22%3EAire-sur-la-Lys%3C%2Fa%3E%3C%2Fstrong%3E+et+sera+d%C3%A9di%C3%A9e+%C3%A0+la+%3Cstrong%3EValse+Viennoise%3C%2Fstrong%3E+et+au+%3Cstrong%3EPaso+Doble%3C%2Fstrong%3E.%26nbsp%3BCet+atelier+fait+partie+du+programme+%22VP+DANSES+SPORTIVES+STANDARDS+LATINES+DEBUTANTS+INTERMEDIAIRES+VAL%3C%2Fp%3E%28Voir+toute+la+description+de+%C3%A9v%C3%A8nement+ici%C2%A0%3A+https%3A%2F%2Fvpdanses.fr%2Fhome%2Fbienvenue-chez-vp-danses-hazebrouck%2Fevenement%2Fstage-de-danse-sportive-valse-viennoise-et-paso-doble-pour-debutants-et-intermediaires-2%2F%29&#038;location=Parc%20de%20Loisirs%20plan\u00e9taire,%201%20rue%20de%20Constantinople,%20Aire-sur-la-Lys,%20Nord,%2062120,%20France&#038;trp=false&#038;ctz=Europe\/Paris&#038;sprop=website:https:\/\/vpdanses.fr\/home\/bienvenue-chez-vp-danses-hazebrouck\"\n\t\t\t\t\t\t\t\t\t\tclass=\"tribe-events-c-subscribe-dropdown__list-item-link\"\n\t\t\t\t\t\t\t\t\t\ttarget=\"_blank\"\n\t\t\t\t\t\t\t\t\t\trel=\"noopener noreferrer nofollow noindex\"\n\t\t\t\t\t\t\t\t\t>\n\t\t\t\t\t\t\t\t\t\tGoogle Agenda\t\t\t\t\t\t\t\t\t<\/a>\n\t\t\t\t\t\t\t\t<\/li>\n\t\t\t\t\t\t\t\t\t\t\t\t\t\t\t<li class=\"tribe-events-c-subscribe-dropdown__list-item tribe-events-c-subscribe-dropdown__list-item--ical\">\n\t\t\t\t\t\t\t\t\t<a\n\t\t\t\t\t\t\t\t\t\thref=\"\"\n\t\t\t\t\t\t\t\t\t\tclass=\"tribe-events-c-subscribe-dropdown__list-item-link\"\n\t\t\t\t\t\t\t\t\t\ttarget=\"_blank\"\n\t\t\t\t\t\t\t\t\t\trel=\"noopener noreferrer nofollow noindex\"\n\t\t\t\t\t\t\t\t\t>\n\t\t\t\t\t\t\t\t\t\tiCalendar\t\t\t\t\t\t\t\t\t<\/a>\n\t\t\t\t\t\t\t\t<\/li>\n\t\t\t\t\t\t\t\t\t\t\t\t\t\t\t<li class=\"tribe-events-c-subscribe-dropdown__list-item tribe-events-c-subscribe-dropdown__list-item--outlook-365\">\n\t\t\t\t\t\t\t\t\t<a\n\t\t\t\t\t\t\t\t\t\thref=\"\"\n\t\t\t\t\t\t\t\t\t\tclass=\"tribe-events-c-subscribe-dropdown__list-item-link\"\n\t\t\t\t\t\t\t\t\t\ttarget=\"_blank\"\n\t\t\t\t\t\t\t\t\t\trel=\"noopener noreferrer nofollow noindex\"\n\t\t\t\t\t\t\t\t\t>\n\t\t\t\t\t\t\t\t\t\tOutlook 365\t\t\t\t\t\t\t\t\t<\/a>\n\t\t\t\t\t\t\t\t<\/li>\n\t\t\t\t\t\t\t\t\t\t\t\t\t\t\t<li class=\"tribe-events-c-subscribe-dropdown__list-item tribe-events-c-subscribe-dropdown__list-item--outlook-live\">\n\t\t\t\t\t\t\t\t\t<a\n\t\t\t\t\t\t\t\t\t\thref=\"\"\n\t\t\t\t\t\t\t\t\t\tclass=\"tribe-events-c-subscribe-dropdown__list-item-link\"\n\t\t\t\t\t\t\t\t\t\ttarget=\"_blank\"\n\t\t\t\t\t\t\t\t\t\trel=\"noopener noreferrer nofollow noindex\"\n\t\t\t\t\t\t\t\t\t>\n\t\t\t\t\t\t\t\t\t\tOutlook Live\t\t\t\t\t\t\t\t\t<\/a>\n\t\t\t\t\t\t\t\t<\/li>\n\t\t\t\t\t\t\t\t\t\t\t\t\t<\/ul>\n\t\t\t\t\t<\/div>\n\t\t\t\t<\/div>\n\t\t\t<\/div>\n\t\t<\/div>\n\t<\/div>\n\n","protected":false},"excerpt":{"rendered":"<p>VP DANSES est ravie de vous proposer un stage de 2h de Danse Sportive, le dimanche 10\/08\/2025 de 10h \u00e0 12h. Cette session N\u00b0 3  aura lieu sur votre piste de danse \u00e0 PLANET&rsquo;AIRE \u00e0 Aire-sur-la-Lys et sera d\u00e9di\u00e9e \u00e0 la Valse Viennoise et au Paso Doble ! <\/p>\n","protected":false},"author":1,"featured_media":14091,"template":"","meta":{"_uag_custom_page_level_css":"","_price":"","_stock":"","_tribe_ticket_header":"","_tribe_default_ticket_provider":"","_tribe_ticket_capacity":"0","_ticket_start_date":"","_ticket_end_date":"","_tribe_ticket_show_description":"","_tribe_ticket_show_not_going":false,"_tribe_ticket_use_global_stock":"","_tribe_ticket_global_stock_level":"","_global_stock_mode":"","_global_stock_cap":"","_tribe_rsvp_for_event":"","_tribe_ticket_going_count":"","_tribe_ticket_not_going_count":"","_tribe_tickets_list":"[]","_tribe_ticket_has_attendee_info_fields":false,"_EventAllDay":false,"_EventTimezone":"Europe\/Paris","_EventStartDate":"2025-08-10 10:00:00","_EventEndDate":"2025-08-10 12:00:00","_EventStartDateUTC":"2025-08-10 08:00:00","_EventEndDateUTC":"2025-08-10 10:00:00","_EventShowMap":false,"_EventShowMapLink":false,"_EventURL":"","_EventCost":"8,00","_EventCostDescription":"","_EventCurrencySymbol":"\u20ac","_EventCurrencyCode":"EUR","_EventCurrencyPosition":"suffix","_EventDateTimeSeparator":" > ","_EventTimeRangeSeparator":" - ","_EventOrganizerID":[13503],"_EventVenueID":[13500],"_OrganizerEmail":"","_OrganizerPhone":"","_OrganizerWebsite":"","_VenueAddress":"","_VenueCity":"","_VenueCountry":"","_VenueProvince":"","_VenueState":"","_VenueZip":"","_VenuePhone":"","_VenueURL":"","_VenueStateProvince":"","_VenueLat":"","_VenueLng":"","_VenueShowMap":false,"_VenueShowMapLink":false,"_tribe_events_status":"","_tribe_events_status_reason":"","footnotes":"","_tec_slr_enabled":"","_tec_slr_layout":""},"tags":[285,201,284,300,105],"tribe_events_cat":[115,283],"class_list":["post-13811","tribe_events","type-tribe_events","status-publish","has-post-thumbnail","hentry","tag-aire-sur-la-lys","tag-ascendance","tag-planetaire","tag-rumba","tag-sven-balcerzac","tribe_events_cat-ateliers_vp_danses","tribe_events_cat-stages-danses-planet-aire","cat_ateliers_vp_danses","cat_stages-danses-planet-aire"],"yoast_head":"<!-- This site is optimized with the Yoast SEO Premium plugin v25.6 (Yoast SEO v25.6) - https:\/\/yoast.com\/wordpress\/plugins\/seo\/ -->\n<title>Stage de Danse Sportive (Valse Viennoise et Paso Doble) pour d\u00e9butants et interm\u00e9diaires - VP DANSES, cours de Danse Sportive \u00e0 Aire-sur-la-Lys et \u00e0 Saint-Jans-Cappel (Hauts-de-France)<\/title>\n<meta name=\"description\" content=\"VP DANSES vous propose un stage de Danse Sportive d\u00e9di\u00e9e \u00e0 la Valse Viennoise et au Paso Doble. RDV \u00e0 PLANET&#039;AIRE, Aire-sur-la-Lys, le dimanche 10\/08\/2025 !\" \/>\n<meta name=\"robots\" content=\"index, follow, max-snippet:-1, max-image-preview:large, max-video-preview:-1\" \/>\n<link rel=\"canonical\" href=\"https:\/\/vpdanses.fr\/home\/bienvenue-chez-vp-danses-hazebrouck\/evenement\/stage-de-danse-sportive-valse-viennoise-et-paso-doble-pour-debutants-et-intermediaires-2\/\" \/>\n<meta property=\"og:locale\" content=\"fr_FR\" \/>\n<meta property=\"og:type\" content=\"article\" \/>\n<meta property=\"og:title\" content=\"Venez participer \u00e0 un stage de Valse Viennoise et de Paso Doble organis\u00e9 par VP DANSES \u00e0 Planet&#039;Aire ce dimanche 10\/08\/2025 !\" \/>\n<meta property=\"og:description\" content=\"VP DANSES est ravie de vous proposer un stage de 2h de Danse Sportive d\u00e9di\u00e9e \u00e0 la Valse Viennoise et au Paso Doble. Cet atelier aura lieu sur votre piste de danse \u00e0 PLANET&#039;AIRE \u00e0 Aire-sur-la-Lys (62120) le dimanche 10\/08\/2025 de 10h \u00e0 12h !\" \/>\n<meta property=\"og:url\" content=\"https:\/\/vpdanses.fr\/home\/bienvenue-chez-vp-danses-hazebrouck\/evenement\/stage-de-danse-sportive-valse-viennoise-et-paso-doble-pour-debutants-et-intermediaires-2\/\" \/>\n<meta property=\"og:site_name\" content=\"VP DANSES, cours de Danse Sportive \u00e0 Aire-sur-la-Lys et \u00e0 Saint-Jans-Cappel (Hauts-de-France)\" \/>\n<meta property=\"article:modified_time\" content=\"2025-08-03T14:30:49+00:00\" \/>\n<meta property=\"og:image\" content=\"https:\/\/vpdanses.fr\/wp-content\/uploads\/2025\/07\/2025-08-10.Affiche_planet-aire_stage_valse_viennoise_Paso_doble_v2_vWeb.jpg\" \/>\n\t<meta property=\"og:image:width\" content=\"1080\" \/>\n\t<meta property=\"og:image:height\" content=\"1620\" \/>\n\t<meta property=\"og:image:type\" content=\"image\/jpeg\" \/>\n<meta name=\"twitter:card\" content=\"summary_large_image\" \/>\n<meta name=\"twitter:title\" content=\"Stage de Danse Sportive (Valse Viennoise et Paso Doble) pour d\u00e9butants et interm\u00e9diaires\" \/>\n<meta name=\"twitter:label1\" content=\"Dur\u00e9e de lecture estim\u00e9e\" \/>\n\t<meta name=\"twitter:data1\" content=\"2 minutes\" \/>\n<script type=\"application\/ld+json\" class=\"yoast-schema-graph\">{\"@context\":\"https:\/\/schema.org\",\"@graph\":[{\"@type\":\"WebPage\",\"@id\":\"https:\/\/vpdanses.fr\/home\/bienvenue-chez-vp-danses-hazebrouck\/evenement\/stage-de-danse-sportive-valse-viennoise-et-paso-doble-pour-debutants-et-intermediaires-2\/\",\"url\":\"https:\/\/vpdanses.fr\/home\/bienvenue-chez-vp-danses-hazebrouck\/evenement\/stage-de-danse-sportive-valse-viennoise-et-paso-doble-pour-debutants-et-intermediaires-2\/\",\"name\":\"Stage de Danse Sportive (Valse Viennoise et Paso Doble) pour d\u00e9butants et interm\u00e9diaires - VP DANSES, cours de Danse Sportive \u00e0 Aire-sur-la-Lys et \u00e0 Saint-Jans-Cappel (Hauts-de-France)\",\"isPartOf\":{\"@id\":\"https:\/\/vpdanses.fr\/home\/bienvenue-chez-vp-danses-hazebrouck\/#website\"},\"primaryImageOfPage\":{\"@id\":\"https:\/\/vpdanses.fr\/home\/bienvenue-chez-vp-danses-hazebrouck\/evenement\/stage-de-danse-sportive-valse-viennoise-et-paso-doble-pour-debutants-et-intermediaires-2\/#primaryimage\"},\"image\":{\"@id\":\"https:\/\/vpdanses.fr\/home\/bienvenue-chez-vp-danses-hazebrouck\/evenement\/stage-de-danse-sportive-valse-viennoise-et-paso-doble-pour-debutants-et-intermediaires-2\/#primaryimage\"},\"thumbnailUrl\":\"https:\/\/vpdanses.fr\/wp-content\/uploads\/2025\/07\/2025-08-10.Affiche_planet-aire_stage_valse_viennoise_Paso_doble_v2_vWeb.jpg\",\"datePublished\":\"2025-07-11T05:28:53+00:00\",\"dateModified\":\"2025-08-03T14:30:49+00:00\",\"description\":\"VP DANSES vous propose un stage de Danse Sportive d\u00e9di\u00e9e \u00e0 la Valse Viennoise et au Paso Doble. RDV \u00e0 PLANET'AIRE, Aire-sur-la-Lys, le dimanche 10\/08\/2025 !\",\"breadcrumb\":{\"@id\":\"https:\/\/vpdanses.fr\/home\/bienvenue-chez-vp-danses-hazebrouck\/evenement\/stage-de-danse-sportive-valse-viennoise-et-paso-doble-pour-debutants-et-intermediaires-2\/#breadcrumb\"},\"inLanguage\":\"fr-FR\",\"potentialAction\":[{\"@type\":\"ReadAction\",\"target\":[\"https:\/\/vpdanses.fr\/home\/bienvenue-chez-vp-danses-hazebrouck\/evenement\/stage-de-danse-sportive-valse-viennoise-et-paso-doble-pour-debutants-et-intermediaires-2\/\"]}]},{\"@type\":\"ImageObject\",\"inLanguage\":\"fr-FR\",\"@id\":\"https:\/\/vpdanses.fr\/home\/bienvenue-chez-vp-danses-hazebrouck\/evenement\/stage-de-danse-sportive-valse-viennoise-et-paso-doble-pour-debutants-et-intermediaires-2\/#primaryimage\",\"url\":\"https:\/\/vpdanses.fr\/wp-content\/uploads\/2025\/07\/2025-08-10.Affiche_planet-aire_stage_valse_viennoise_Paso_doble_v2_vWeb.jpg\",\"contentUrl\":\"https:\/\/vpdanses.fr\/wp-content\/uploads\/2025\/07\/2025-08-10.Affiche_planet-aire_stage_valse_viennoise_Paso_doble_v2_vWeb.jpg\",\"width\":1080,\"height\":1620,\"caption\":\"Affiche du stage de Danse Sportive d\u00e9di\u00e9e \u00e0 la Valse Viennoise et au Paso Doble, le 10 ao\u00fbt 2025 de 10h \u00e0 12h \u00e0 la salle de Danse de Planet'Aire, Aire-sur-la-Lys. Un stage dispens\u00e9 par Virginie et Philippe de VP DANSES.\"},{\"@type\":\"BreadcrumbList\",\"@id\":\"https:\/\/vpdanses.fr\/home\/bienvenue-chez-vp-danses-hazebrouck\/evenement\/stage-de-danse-sportive-valse-viennoise-et-paso-doble-pour-debutants-et-intermediaires-2\/#breadcrumb\",\"itemListElement\":[{\"@type\":\"ListItem\",\"position\":1,\"name\":\"Accueil\",\"item\":\"https:\/\/vpdanses.fr\/home\/bienvenue-chez-vp-danses-hazebrouck\/\"},{\"@type\":\"ListItem\",\"position\":2,\"name\":\"\u00c9v\u00e8nements\",\"item\":\"https:\/\/vpdanses.fr\/home\/bienvenue-chez-vp-danses-hazebrouck\/dates\/\"},{\"@type\":\"ListItem\",\"position\":3,\"name\":\"Stage de Danse Sportive (Valse Viennoise et Paso Doble) pour d\u00e9butants et interm\u00e9diaires\"}]},{\"@type\":\"WebSite\",\"@id\":\"https:\/\/vpdanses.fr\/home\/bienvenue-chez-vp-danses-hazebrouck\/#website\",\"url\":\"https:\/\/vpdanses.fr\/home\/bienvenue-chez-vp-danses-hazebrouck\/\",\"name\":\"VP DANSES, cours de Danse Sportive \u00e0 Aire-sur-la-Lys et \u00e0 Saint-Jans-Cappel (Hauts-de-France)\",\"description\":\"Cours de Danse Sportive STANDARD (valse anglaise, tango, valse viennoise, slowfox, quickstep), danses sportives LATINES (samba, chacha, rumba, paso doble, jive), danses de bal, danses de salons, danses de loisirs, salsa, rock 4 temps, rock 6 temps, danses en ligne, disco, \u2026 Lieu : Hazebrouck, Aire-sur-la-Lys, Saint-Jans-Cappel et Isbergues (Hauts-de-France) - Cours Particuliers dans les Hauts-de-France - Ouverture de bal de Mariage\",\"publisher\":{\"@id\":\"https:\/\/vpdanses.fr\/home\/bienvenue-chez-vp-danses-hazebrouck\/#organization\"},\"potentialAction\":[{\"@type\":\"SearchAction\",\"target\":{\"@type\":\"EntryPoint\",\"urlTemplate\":\"https:\/\/vpdanses.fr\/home\/bienvenue-chez-vp-danses-hazebrouck\/?s={search_term_string}\"},\"query-input\":{\"@type\":\"PropertyValueSpecification\",\"valueRequired\":true,\"valueName\":\"search_term_string\"}}],\"inLanguage\":\"fr-FR\"},{\"@type\":\"Organization\",\"@id\":\"https:\/\/vpdanses.fr\/home\/bienvenue-chez-vp-danses-hazebrouck\/#organization\",\"name\":\"VP DANSES, cours de Danse Sportive \u00e0 Aire-sur-la-Lys et \u00e0 Saint-Jans-Cappel (Hauts-de-France)\",\"url\":\"https:\/\/vpdanses.fr\/home\/bienvenue-chez-vp-danses-hazebrouck\/\",\"logo\":{\"@type\":\"ImageObject\",\"inLanguage\":\"fr-FR\",\"@id\":\"https:\/\/vpdanses.fr\/home\/bienvenue-chez-vp-danses-hazebrouck\/#\/schema\/logo\/image\/\",\"url\":\"https:\/\/vpdanses.fr\/wp-content\/uploads\/2024\/10\/logo_cadanse_asaintjans.jpeg\",\"contentUrl\":\"https:\/\/vpdanses.fr\/wp-content\/uploads\/2024\/10\/logo_cadanse_asaintjans.jpeg\",\"width\":225,\"height\":225,\"caption\":\"VP DANSES, cours de Danse Sportive \u00e0 Aire-sur-la-Lys et \u00e0 Saint-Jans-Cappel (Hauts-de-France)\"},\"image\":{\"@id\":\"https:\/\/vpdanses.fr\/home\/bienvenue-chez-vp-danses-hazebrouck\/#\/schema\/logo\/image\/\"}}]}<\/script>\n<!-- \/ Yoast SEO Premium plugin. -->","yoast_head_json":{"title":"Stage de Danse Sportive (Valse Viennoise et Paso Doble) pour d\u00e9butants et interm\u00e9diaires - VP DANSES, cours de Danse Sportive \u00e0 Aire-sur-la-Lys et \u00e0 Saint-Jans-Cappel (Hauts-de-France)","description":"VP DANSES vous propose un stage de Danse Sportive d\u00e9di\u00e9e \u00e0 la Valse Viennoise et au Paso Doble. RDV \u00e0 PLANET'AIRE, Aire-sur-la-Lys, le dimanche 10\/08\/2025 !","robots":{"index":"index","follow":"follow","max-snippet":"max-snippet:-1","max-image-preview":"max-image-preview:large","max-video-preview":"max-video-preview:-1"},"canonical":"https:\/\/vpdanses.fr\/home\/bienvenue-chez-vp-danses-hazebrouck\/evenement\/stage-de-danse-sportive-valse-viennoise-et-paso-doble-pour-debutants-et-intermediaires-2\/","og_locale":"fr_FR","og_type":"article","og_title":"Venez participer \u00e0 un stage de Valse Viennoise et de Paso Doble organis\u00e9 par VP DANSES \u00e0 Planet'Aire ce dimanche 10\/08\/2025 !","og_description":"VP DANSES est ravie de vous proposer un stage de 2h de Danse Sportive d\u00e9di\u00e9e \u00e0 la Valse Viennoise et au Paso Doble. Cet atelier aura lieu sur votre piste de danse \u00e0 PLANET'AIRE \u00e0 Aire-sur-la-Lys (62120) le dimanche 10\/08\/2025 de 10h \u00e0 12h !","og_url":"https:\/\/vpdanses.fr\/home\/bienvenue-chez-vp-danses-hazebrouck\/evenement\/stage-de-danse-sportive-valse-viennoise-et-paso-doble-pour-debutants-et-intermediaires-2\/","og_site_name":"VP DANSES, cours de Danse Sportive \u00e0 Aire-sur-la-Lys et \u00e0 Saint-Jans-Cappel (Hauts-de-France)","article_modified_time":"2025-08-03T14:30:49+00:00","og_image":[{"width":1080,"height":1620,"url":"https:\/\/vpdanses.fr\/wp-content\/uploads\/2025\/07\/2025-08-10.Affiche_planet-aire_stage_valse_viennoise_Paso_doble_v2_vWeb.jpg","type":"image\/jpeg"}],"twitter_card":"summary_large_image","twitter_title":"Stage de Danse Sportive (Valse Viennoise et Paso Doble) pour d\u00e9butants et interm\u00e9diaires","twitter_misc":{"Dur\u00e9e de lecture estim\u00e9e":"2 minutes"},"schema":{"@context":"https:\/\/schema.org","@graph":[{"@type":"WebPage","@id":"https:\/\/vpdanses.fr\/home\/bienvenue-chez-vp-danses-hazebrouck\/evenement\/stage-de-danse-sportive-valse-viennoise-et-paso-doble-pour-debutants-et-intermediaires-2\/","url":"https:\/\/vpdanses.fr\/home\/bienvenue-chez-vp-danses-hazebrouck\/evenement\/stage-de-danse-sportive-valse-viennoise-et-paso-doble-pour-debutants-et-intermediaires-2\/","name":"Stage de Danse Sportive (Valse Viennoise et Paso Doble) pour d\u00e9butants et interm\u00e9diaires - VP DANSES, cours de Danse Sportive \u00e0 Aire-sur-la-Lys et \u00e0 Saint-Jans-Cappel (Hauts-de-France)","isPartOf":{"@id":"https:\/\/vpdanses.fr\/home\/bienvenue-chez-vp-danses-hazebrouck\/#website"},"primaryImageOfPage":{"@id":"https:\/\/vpdanses.fr\/home\/bienvenue-chez-vp-danses-hazebrouck\/evenement\/stage-de-danse-sportive-valse-viennoise-et-paso-doble-pour-debutants-et-intermediaires-2\/#primaryimage"},"image":{"@id":"https:\/\/vpdanses.fr\/home\/bienvenue-chez-vp-danses-hazebrouck\/evenement\/stage-de-danse-sportive-valse-viennoise-et-paso-doble-pour-debutants-et-intermediaires-2\/#primaryimage"},"thumbnailUrl":"https:\/\/vpdanses.fr\/wp-content\/uploads\/2025\/07\/2025-08-10.Affiche_planet-aire_stage_valse_viennoise_Paso_doble_v2_vWeb.jpg","datePublished":"2025-07-11T05:28:53+00:00","dateModified":"2025-08-03T14:30:49+00:00","description":"VP DANSES vous propose un stage de Danse Sportive d\u00e9di\u00e9e \u00e0 la Valse Viennoise et au Paso Doble. RDV \u00e0 PLANET'AIRE, Aire-sur-la-Lys, le dimanche 10\/08\/2025 !","breadcrumb":{"@id":"https:\/\/vpdanses.fr\/home\/bienvenue-chez-vp-danses-hazebrouck\/evenement\/stage-de-danse-sportive-valse-viennoise-et-paso-doble-pour-debutants-et-intermediaires-2\/#breadcrumb"},"inLanguage":"fr-FR","potentialAction":[{"@type":"ReadAction","target":["https:\/\/vpdanses.fr\/home\/bienvenue-chez-vp-danses-hazebrouck\/evenement\/stage-de-danse-sportive-valse-viennoise-et-paso-doble-pour-debutants-et-intermediaires-2\/"]}]},{"@type":"ImageObject","inLanguage":"fr-FR","@id":"https:\/\/vpdanses.fr\/home\/bienvenue-chez-vp-danses-hazebrouck\/evenement\/stage-de-danse-sportive-valse-viennoise-et-paso-doble-pour-debutants-et-intermediaires-2\/#primaryimage","url":"https:\/\/vpdanses.fr\/wp-content\/uploads\/2025\/07\/2025-08-10.Affiche_planet-aire_stage_valse_viennoise_Paso_doble_v2_vWeb.jpg","contentUrl":"https:\/\/vpdanses.fr\/wp-content\/uploads\/2025\/07\/2025-08-10.Affiche_planet-aire_stage_valse_viennoise_Paso_doble_v2_vWeb.jpg","width":1080,"height":1620,"caption":"Affiche du stage de Danse Sportive d\u00e9di\u00e9e \u00e0 la Valse Viennoise et au Paso Doble, le 10 ao\u00fbt 2025 de 10h \u00e0 12h \u00e0 la salle de Danse de Planet'Aire, Aire-sur-la-Lys. Un stage dispens\u00e9 par Virginie et Philippe de VP DANSES."},{"@type":"BreadcrumbList","@id":"https:\/\/vpdanses.fr\/home\/bienvenue-chez-vp-danses-hazebrouck\/evenement\/stage-de-danse-sportive-valse-viennoise-et-paso-doble-pour-debutants-et-intermediaires-2\/#breadcrumb","itemListElement":[{"@type":"ListItem","position":1,"name":"Accueil","item":"https:\/\/vpdanses.fr\/home\/bienvenue-chez-vp-danses-hazebrouck\/"},{"@type":"ListItem","position":2,"name":"\u00c9v\u00e8nements","item":"https:\/\/vpdanses.fr\/home\/bienvenue-chez-vp-danses-hazebrouck\/dates\/"},{"@type":"ListItem","position":3,"name":"Stage de Danse Sportive (Valse Viennoise et Paso Doble) pour d\u00e9butants et interm\u00e9diaires"}]},{"@type":"WebSite","@id":"https:\/\/vpdanses.fr\/home\/bienvenue-chez-vp-danses-hazebrouck\/#website","url":"https:\/\/vpdanses.fr\/home\/bienvenue-chez-vp-danses-hazebrouck\/","name":"VP DANSES, cours de Danse Sportive \u00e0 Aire-sur-la-Lys et \u00e0 Saint-Jans-Cappel (Hauts-de-France)","description":"Cours de Danse Sportive STANDARD (valse anglaise, tango, valse viennoise, slowfox, quickstep), danses sportives LATINES (samba, chacha, rumba, paso doble, jive), danses de bal, danses de salons, danses de loisirs, salsa, rock 4 temps, rock 6 temps, danses en ligne, disco, \u2026 Lieu : Hazebrouck, Aire-sur-la-Lys, Saint-Jans-Cappel et Isbergues (Hauts-de-France) - Cours Particuliers dans les Hauts-de-France - Ouverture de bal de Mariage","publisher":{"@id":"https:\/\/vpdanses.fr\/home\/bienvenue-chez-vp-danses-hazebrouck\/#organization"},"potentialAction":[{"@type":"SearchAction","target":{"@type":"EntryPoint","urlTemplate":"https:\/\/vpdanses.fr\/home\/bienvenue-chez-vp-danses-hazebrouck\/?s={search_term_string}"},"query-input":{"@type":"PropertyValueSpecification","valueRequired":true,"valueName":"search_term_string"}}],"inLanguage":"fr-FR"},{"@type":"Organization","@id":"https:\/\/vpdanses.fr\/home\/bienvenue-chez-vp-danses-hazebrouck\/#organization","name":"VP DANSES, cours de Danse Sportive \u00e0 Aire-sur-la-Lys et \u00e0 Saint-Jans-Cappel (Hauts-de-France)","url":"https:\/\/vpdanses.fr\/home\/bienvenue-chez-vp-danses-hazebrouck\/","logo":{"@type":"ImageObject","inLanguage":"fr-FR","@id":"https:\/\/vpdanses.fr\/home\/bienvenue-chez-vp-danses-hazebrouck\/#\/schema\/logo\/image\/","url":"https:\/\/vpdanses.fr\/wp-content\/uploads\/2024\/10\/logo_cadanse_asaintjans.jpeg","contentUrl":"https:\/\/vpdanses.fr\/wp-content\/uploads\/2024\/10\/logo_cadanse_asaintjans.jpeg","width":225,"height":225,"caption":"VP DANSES, cours de Danse Sportive \u00e0 Aire-sur-la-Lys et \u00e0 Saint-Jans-Cappel (Hauts-de-France)"},"image":{"@id":"https:\/\/vpdanses.fr\/home\/bienvenue-chez-vp-danses-hazebrouck\/#\/schema\/logo\/image\/"}}]}},"uagb_featured_image_src":{"full":["https:\/\/vpdanses.fr\/wp-content\/uploads\/2025\/07\/2025-08-10.Affiche_planet-aire_stage_valse_viennoise_Paso_doble_v2_vWeb.jpg",1080,1620,false],"thumbnail":["https:\/\/vpdanses.fr\/wp-content\/uploads\/2025\/07\/2025-08-10.Affiche_planet-aire_stage_valse_viennoise_Paso_doble_v2_vWeb-150x150.jpg",150,150,true],"medium":["https:\/\/vpdanses.fr\/wp-content\/uploads\/2025\/07\/2025-08-10.Affiche_planet-aire_stage_valse_viennoise_Paso_doble_v2_vWeb-200x300.jpg",200,300,true],"medium_large":["https:\/\/vpdanses.fr\/wp-content\/uploads\/2025\/07\/2025-08-10.Affiche_planet-aire_stage_valse_viennoise_Paso_doble_v2_vWeb-768x1152.jpg",768,1152,true],"large":["https:\/\/vpdanses.fr\/wp-content\/uploads\/2025\/07\/2025-08-10.Affiche_planet-aire_stage_valse_viennoise_Paso_doble_v2_vWeb-683x1024.jpg",683,1024,true],"1536x1536":["https:\/\/vpdanses.fr\/wp-content\/uploads\/2025\/07\/2025-08-10.Affiche_planet-aire_stage_valse_viennoise_Paso_doble_v2_vWeb-1024x1536.jpg",1024,1536,true],"2048x2048":["https:\/\/vpdanses.fr\/wp-content\/uploads\/2025\/07\/2025-08-10.Affiche_planet-aire_stage_valse_viennoise_Paso_doble_v2_vWeb.jpg",1080,1620,false],"vp_sm":["https:\/\/vpdanses.fr\/wp-content\/uploads\/2025\/07\/2025-08-10.Affiche_planet-aire_stage_valse_viennoise_Paso_doble_v2_vWeb-500x750.jpg",500,750,true],"vp_md":["https:\/\/vpdanses.fr\/wp-content\/uploads\/2025\/07\/2025-08-10.Affiche_planet-aire_stage_valse_viennoise_Paso_doble_v2_vWeb-800x1200.jpg",800,1200,true],"vp_lg":["https:\/\/vpdanses.fr\/wp-content\/uploads\/2025\/07\/2025-08-10.Affiche_planet-aire_stage_valse_viennoise_Paso_doble_v2_vWeb.jpg",1080,1620,false],"vp_xl":["https:\/\/vpdanses.fr\/wp-content\/uploads\/2025\/07\/2025-08-10.Affiche_planet-aire_stage_valse_viennoise_Paso_doble_v2_vWeb.jpg",1080,1620,false],"vp_sm_popup":["https:\/\/vpdanses.fr\/wp-content\/uploads\/2025\/07\/2025-08-10.Affiche_planet-aire_stage_valse_viennoise_Paso_doble_v2_vWeb-500x750.jpg",500,750,true],"vp_md_popup":["https:\/\/vpdanses.fr\/wp-content\/uploads\/2025\/07\/2025-08-10.Affiche_planet-aire_stage_valse_viennoise_Paso_doble_v2_vWeb-800x1200.jpg",800,1200,true],"vp_xl_popup":["https:\/\/vpdanses.fr\/wp-content\/uploads\/2025\/07\/2025-08-10.Affiche_planet-aire_stage_valse_viennoise_Paso_doble_v2_vWeb.jpg",1080,1620,false],"dance-blog-thumb":["https:\/\/vpdanses.fr\/wp-content\/uploads\/2025\/07\/2025-08-10.Affiche_planet-aire_stage_valse_viennoise_Paso_doble_v2_vWeb-150x120.jpg",150,120,true],"dance-event-list":["https:\/\/vpdanses.fr\/wp-content\/uploads\/2025\/07\/2025-08-10.Affiche_planet-aire_stage_valse_viennoise_Paso_doble_v2_vWeb-420x336.jpg",420,336,true],"dance-event-single-type1":["https:\/\/vpdanses.fr\/wp-content\/uploads\/2025\/07\/2025-08-10.Affiche_planet-aire_stage_valse_viennoise_Paso_doble_v2_vWeb-773x520.jpg",773,520,true],"dance-event-single-type4":["https:\/\/vpdanses.fr\/wp-content\/uploads\/2025\/07\/2025-08-10.Affiche_planet-aire_stage_valse_viennoise_Paso_doble_v2_vWeb-570x460.jpg",570,460,true],"dance-event-single-type5":["https:\/\/vpdanses.fr\/wp-content\/uploads\/2025\/07\/2025-08-10.Affiche_planet-aire_stage_valse_viennoise_Paso_doble_v2_vWeb-746x770.jpg",746,770,true],"dance-event-list2":["https:\/\/vpdanses.fr\/wp-content\/uploads\/2025\/07\/2025-08-10.Affiche_planet-aire_stage_valse_viennoise_Paso_doble_v2_vWeb-420x275.jpg",420,275,true]},"uagb_author_info":{"display_name":"VP DANSES","author_link":"https:\/\/vpdanses.fr\/home\/bienvenue-chez-vp-danses-hazebrouck\/author\/adminvp20241018\/"},"uagb_comment_info":0,"uagb_excerpt":"VP DANSES est ravie de vous proposer un stage de 2h de Danse Sportive, le dimanche 10\/08\/2025 de 10h \u00e0 12h. Cette session N\u00b0 3 aura lieu sur votre piste de danse \u00e0 PLANET'AIRE \u00e0 Aire-sur-la-Lys et sera d\u00e9di\u00e9e \u00e0 la Valse Viennoise et au Paso Doble !","jetpack_sharing_enabled":true,"ticketed":false,"_links":{"self":[{"href":"https:\/\/vpdanses.fr\/home\/bienvenue-chez-vp-danses-hazebrouck\/wp-json\/wp\/v2\/tribe_events\/13811","targetHints":{"allow":["GET"]}}],"collection":[{"href":"https:\/\/vpdanses.fr\/home\/bienvenue-chez-vp-danses-hazebrouck\/wp-json\/wp\/v2\/tribe_events"}],"about":[{"href":"https:\/\/vpdanses.fr\/home\/bienvenue-chez-vp-danses-hazebrouck\/wp-json\/wp\/v2\/types\/tribe_events"}],"author":[{"embeddable":true,"href":"https:\/\/vpdanses.fr\/home\/bienvenue-chez-vp-danses-hazebrouck\/wp-json\/wp\/v2\/users\/1"}],"version-history":[{"count":3,"href":"https:\/\/vpdanses.fr\/home\/bienvenue-chez-vp-danses-hazebrouck\/wp-json\/wp\/v2\/tribe_events\/13811\/revisions"}],"predecessor-version":[{"id":14096,"href":"https:\/\/vpdanses.fr\/home\/bienvenue-chez-vp-danses-hazebrouck\/wp-json\/wp\/v2\/tribe_events\/13811\/revisions\/14096"}],"wp:featuredmedia":[{"embeddable":true,"href":"https:\/\/vpdanses.fr\/home\/bienvenue-chez-vp-danses-hazebrouck\/wp-json\/wp\/v2\/media\/14091"}],"wp:attachment":[{"href":"https:\/\/vpdanses.fr\/home\/bienvenue-chez-vp-danses-hazebrouck\/wp-json\/wp\/v2\/media?parent=13811"}],"wp:term":[{"taxonomy":"post_tag","embeddable":true,"href":"https:\/\/vpdanses.fr\/home\/bienvenue-chez-vp-danses-hazebrouck\/wp-json\/wp\/v2\/tags?post=13811"},{"taxonomy":"tribe_events_cat","embeddable":true,"href":"https:\/\/vpdanses.fr\/home\/bienvenue-chez-vp-danses-hazebrouck\/wp-json\/wp\/v2\/tribe_events_cat?post=13811"}],"curies":[{"name":"wp","href":"https:\/\/api.w.org\/{rel}","templated":true}]}}