{"id":13887,"date":"2025-07-21T11:46:16","date_gmt":"2025-07-21T09:46:16","guid":{"rendered":"https:\/\/vpdanses.fr\/home\/bienvenue-chez-vp-danses-hazebrouck\/?post_type=tribe_events&#038;p=13887"},"modified":"2025-07-21T15:16:08","modified_gmt":"2025-07-21T13:16:08","slug":"mariage-ludivine-nicolas-watten-eecke","status":"publish","type":"tribe_events","link":"https:\/\/vpdanses.fr\/home\/bienvenue-chez-vp-danses-hazebrouck\/evenement\/mariage-ludivine-nicolas-watten-eecke\/","title":{"rendered":"Mariage de Ludivine et de Nicolas \u00e0 WATTEN, Hauts-de-France"},"content":{"rendered":"<div  class=\"tribe-events-schedule tribe-clearfix\" >\n\t<p class=\"tribe-events-schedule__datetime\">\n\t\t<span class=\"tribe-events-schedule__date tribe-events-schedule__date--start\">\n\t\t\t12 juillet 2025\t\t<\/span>\n\n\t\t\t\t\t<span class=\"tribe-events-schedule__separator tribe-events-schedule__separator--date\">\n\t\t\t\t &gt; \t\t\t<\/span>\n\t\t\t<span class=\"tribe-events-schedule__time tribe-events-schedule__time--start\">\n\t\t\t\t17h00\t\t\t<\/span>\n\t\t\n\t\t\t\t\t\t\t\t\t<span class=\"tribe-events-schedule__separator tribe-events-schedule__separator--time\">\n\t\t\t\t\t &#8211; \t\t\t\t<\/span>\n\t\t\t\n\t\t\t\t\t\t\t<span class=\"tribe-events-schedule__time tribe-events-schedule__time--end\">\n\t\t\t\t\t23h30\t\t\t\t<\/span>\n\t\t\t\n\t\t\t\t\t\t<\/p>\n<\/div>\n\n\n<div class=\"tribe-events-event-image\"><noscript><img loading=\"lazy\" decoding=\"async\" width=\"1240\" height=\"698\" data-skip-lazy src=\"https:\/\/vpdanses.fr\/wp-content\/uploads\/2025\/07\/2025-07-12.Ludivine_Nicolas_MG_2887-1.jpg\" class=\"attachment-full size-full wp-post-image\" alt=\"Ouverture de Bal de Mariage de Ludivine et de Nicolas (habitants de la commune de EECKE) au Domaine &quot;Le Fil de l&#039;Eau&quot; \u00e0 WATTEN, Hauts-de-France\" srcset=\"https:\/\/vpdanses.fr\/wp-content\/uploads\/2025\/07\/2025-07-12.Ludivine_Nicolas_MG_2887-1.jpg 1240w, https:\/\/vpdanses.fr\/wp-content\/uploads\/2025\/07\/2025-07-12.Ludivine_Nicolas_MG_2887-1-300x169.jpg 300w, https:\/\/vpdanses.fr\/wp-content\/uploads\/2025\/07\/2025-07-12.Ludivine_Nicolas_MG_2887-1-1024x576.jpg 1024w, https:\/\/vpdanses.fr\/wp-content\/uploads\/2025\/07\/2025-07-12.Ludivine_Nicolas_MG_2887-1-768x432.jpg 768w, https:\/\/vpdanses.fr\/wp-content\/uploads\/2025\/07\/2025-07-12.Ludivine_Nicolas_MG_2887-1-500x281.jpg 500w, https:\/\/vpdanses.fr\/wp-content\/uploads\/2025\/07\/2025-07-12.Ludivine_Nicolas_MG_2887-1-800x450.jpg 800w\" sizes=\"auto, (max-width: 1240px) 100vw, 1240px\" \/><\/noscript><img fetchpriority=\"high\" decoding=\"async\" width=\"1240\" height=\"698\" src=\"https:\/\/vpdanses.fr\/wp-content\/uploads\/2025\/07\/2025-07-12.Ludivine_Nicolas_MG_2887-1.jpg\" class=\"attachment-full size-full wp-post-image vp-lazyload\" alt=\"Ouverture de Bal de Mariage de Ludivine et de Nicolas (habitants de la commune de EECKE) au Domaine &quot;Le Fil de l&#039;Eau&quot; \u00e0 WATTEN, Hauts-de-France\" srcset=\"data:image\/svg+xml;base64,PHN2ZyB3aWR0aD0iMTI0MCIgaGVpZ2h0PSI2OTgiIHZpZXdCb3g9IjAgMCAxMjQwIDY5OCIgZmlsbD0ibm9uZSIgeG1sbnM9Imh0dHA6Ly93d3cudzMub3JnLzIwMDAvc3ZnIj48L3N2Zz4=\" data-src=\"https:\/\/vpdanses.fr\/wp-content\/uploads\/2025\/07\/2025-07-12.Ludivine_Nicolas_MG_2887-1.jpg\" data-srcset=\"https:\/\/vpdanses.fr\/wp-content\/uploads\/2025\/07\/2025-07-12.Ludivine_Nicolas_MG_2887-1.jpg 1240w, https:\/\/vpdanses.fr\/wp-content\/uploads\/2025\/07\/2025-07-12.Ludivine_Nicolas_MG_2887-1-300x169.jpg 300w, https:\/\/vpdanses.fr\/wp-content\/uploads\/2025\/07\/2025-07-12.Ludivine_Nicolas_MG_2887-1-1024x576.jpg 1024w, https:\/\/vpdanses.fr\/wp-content\/uploads\/2025\/07\/2025-07-12.Ludivine_Nicolas_MG_2887-1-768x432.jpg 768w, https:\/\/vpdanses.fr\/wp-content\/uploads\/2025\/07\/2025-07-12.Ludivine_Nicolas_MG_2887-1-500x281.jpg 500w, https:\/\/vpdanses.fr\/wp-content\/uploads\/2025\/07\/2025-07-12.Ludivine_Nicolas_MG_2887-1-800x450.jpg 800w\" data-sizes=\"auto\" loading=\"eager\"><\/div>\n\n\n<div class=\"wp-block-media-text is-stacked-on-mobile\"><figure class=\"wp-block-media-text__media\"><noscript><img loading=\"lazy\" decoding=\"async\" width=\"1024\" height=\"575\" data-skip-lazy src=\"https:\/\/vpdanses.fr\/wp-content\/uploads\/2025\/07\/2025-07-10.Repetition_Ludivine_Nicolas_182-1024x575.jpg\" alt=\"'Au fil de l'Eau', un domaine d'exception pour vos \u00e9v\u00e9nements priv\u00e9s et professionnels\" class=\"wp-image-13891 size-full\" srcset=\"https:\/\/vpdanses.fr\/wp-content\/uploads\/2025\/07\/2025-07-10.Repetition_Ludivine_Nicolas_182-1024x575.jpg 1024w, https:\/\/vpdanses.fr\/wp-content\/uploads\/2025\/07\/2025-07-10.Repetition_Ludivine_Nicolas_182-300x168.jpg 300w, https:\/\/vpdanses.fr\/wp-content\/uploads\/2025\/07\/2025-07-10.Repetition_Ludivine_Nicolas_182-768x431.jpg 768w, https:\/\/vpdanses.fr\/wp-content\/uploads\/2025\/07\/2025-07-10.Repetition_Ludivine_Nicolas_182-500x281.jpg 500w, https:\/\/vpdanses.fr\/wp-content\/uploads\/2025\/07\/2025-07-10.Repetition_Ludivine_Nicolas_182-800x449.jpg 800w, https:\/\/vpdanses.fr\/wp-content\/uploads\/2025\/07\/2025-07-10.Repetition_Ludivine_Nicolas_182.jpg 1240w\" sizes=\"auto, (max-width: 1024px) 100vw, 1024px\" \/><\/noscript><img loading=\"eager\" decoding=\"async\" width=\"1024\" height=\"575\" src=\"https:\/\/vpdanses.fr\/wp-content\/uploads\/2025\/07\/2025-07-10.Repetition_Ludivine_Nicolas_182-1024x575.jpg\" alt=\"&#039;Au fil de l&#039;Eau&#039;, un domaine d&#039;exception pour vos \u00e9v\u00e9nements priv\u00e9s et professionnels\" class=\"wp-image-13891 size-full vp-lazyload\" srcset=\"data:image\/svg+xml;base64,PHN2ZyB3aWR0aD0iMTAyNCIgaGVpZ2h0PSI1NzUiIHZpZXdCb3g9IjAgMCAxMDI0IDU3NSIgZmlsbD0ibm9uZSIgeG1sbnM9Imh0dHA6Ly93d3cudzMub3JnLzIwMDAvc3ZnIj48L3N2Zz4=\" data-src=\"https:\/\/vpdanses.fr\/wp-content\/uploads\/2025\/07\/2025-07-10.Repetition_Ludivine_Nicolas_182-1024x575.jpg\" data-srcset=\"https:\/\/vpdanses.fr\/wp-content\/uploads\/2025\/07\/2025-07-10.Repetition_Ludivine_Nicolas_182-1024x575.jpg 1024w, https:\/\/vpdanses.fr\/wp-content\/uploads\/2025\/07\/2025-07-10.Repetition_Ludivine_Nicolas_182-300x168.jpg 300w, https:\/\/vpdanses.fr\/wp-content\/uploads\/2025\/07\/2025-07-10.Repetition_Ludivine_Nicolas_182-768x431.jpg 768w, https:\/\/vpdanses.fr\/wp-content\/uploads\/2025\/07\/2025-07-10.Repetition_Ludivine_Nicolas_182-500x281.jpg 500w, https:\/\/vpdanses.fr\/wp-content\/uploads\/2025\/07\/2025-07-10.Repetition_Ludivine_Nicolas_182-800x449.jpg 800w, https:\/\/vpdanses.fr\/wp-content\/uploads\/2025\/07\/2025-07-10.Repetition_Ludivine_Nicolas_182.jpg 1240w\" data-sizes=\"auto\"><\/figure><div class=\"wp-block-media-text__content\">\n<p>Le Domaine \u00ab\u00a0au Fil de l&rsquo;Eau\u00a0\u00bb \u00e0 WATTEN, Hauts-de-France : Un domaine d&rsquo;exception<br>pour vos \u00e9v\u00e9nements priv\u00e9s<br>et professionnels<\/p>\n\n\n\n<p><\/p>\n<\/div><\/div>\n\n\n\n<p>Ce samedi 12 juillet 2025 restera grav\u00e9 dans la m\u00e9moire de Ludivine et Nicolas. Apr\u00e8s douze s\u00e9ances intensives de pr\u00e9paration, notre  couple s\u2019appr\u00eate \u00e0 vivre l\u2019un des moments attendus de leur union : l\u2019ouverture de bal. <\/p>\n\n\n\n<p>Sur la piste, ils d\u00e9voileront \u00e0 leurs proches une chor\u00e9graphie soigneusement travaill\u00e9e, m\u00ealant l\u2019\u00e9l\u00e9gance d\u2019une Valse Lente \u00e0 l\u2019\u00e9nergie d\u2019un Rock 4 temps. <\/p>\n\n\n\n<p>Un instant unique, fruit de semaines d\u2019entra\u00eenement, qui marquera le d\u00e9but des festivit\u00e9s de leur mariage et symbolisera l\u2019harmonie et la complicit\u00e9 qui les unissent.<\/p>\n\n\n\n<ul class=\"wp-block-list\">\n<li>Animation de Rock 4 Temps apr\u00e8s les s\u00e9ances photos<\/li>\n\n\n\n<li>Ouverture du Bal de Mariage<\/li>\n<\/ul>\n\n\n\n<div style=\"height:36px\" aria-hidden=\"true\" class=\"wp-block-spacer\"><\/div>\n\n\n<div  class=\"tribe-block tribe-block__venue tribe-clearfix tribe-block__venue--has-map\" >\n\t\n\t\n<div class=\"tribe-block__venue__meta\">\n\t<div class=\"tribe-block__venue__name\">\n\t\t<h3><a href=\"https:\/\/vpdanses.fr\/home\/bienvenue-chez-vp-danses-hazebrouck\/lieu\/domaine-au-fil-de-leau\/\" title=\"Le Domaine au Fil de l&rsquo;Eau\">Le Domaine au Fil de l&rsquo;Eau<\/a><\/h3>\n\t<\/div>\n\n\t\n\t\t\t\t\t\t<address class=\"tribe-block__venue__address\">\n\t\t\t\t<span class=\"tribe-address\">\n\n<span class=\"tribe-street-address\">1 rue Paul Mortier<\/span>\n\t\n\t\t<br>\n\t\t<span class=\"tribe-locality\">WATTEN<\/span><span class=\"tribe-delimiter\">,<\/span>\n\n\t<abbr class=\"tribe-region tribe-events-abbr\" title=\"Haut-de-France\">Haut-de-France<\/abbr>\n\n\t<span class=\"tribe-postal-code\">59143<\/span>\n\n\t<span class=\"tribe-country-name\">France<\/span>\n\n<\/span>\n\n\t\t\t\t\t\t\t\t\t<a class=\"tribe-events-gmap\" href=\"https:\/\/maps.google.com\/maps?f=q&#038;source=s_q&#038;hl=en&#038;geocode=&#038;q=1+rue+Paul+Mortier+WATTEN+Haut-de-France+59143+France\" title=\"Cliquez pour voir une carte Google Map\" target=\"_blank\" rel=\"noreferrer noopener\">+ Google Map<\/a>\t\t\t\t\t\t\t<\/address>\n\t\t\n\t\t\t\t\t<span class=\"tribe-block__venue__phone\">03 21 12 00 28<\/span><br \/>\n\t\t\n\t\t\t\t\t<span class=\"tribe-block__venue__website\"><a href=\"https:\/\/www.domaineaufildeleau.com\" target=\"_self\" rel=\"external\">Voir Lieu site web<\/a><\/span><br \/>\n\t\t\t\n\t<\/div>\n\t\n<div class=\"tribe-block__venue__map\">\n\t\n<iframe loading=\"lazy\"\n  title=\"L\u2018iframe Google maps affichant l\u2019adresse \u00e0 Le Domaine au Fil de l&rsquo;Eau\"\n  aria-label=\"Plan des lieux\"\n  width=\"310px\"\n  height=\"256px\"\n  frameborder=\"0\" style=\"border:0\"\n  src=\"https:\/\/www.google.com\/maps\/embed\/v1\/place?key=AIzaSyDNsicAsP6-VuGtAb1O9riI3oc_NOb7IOU&#038;q=1+rue+Paul+Mortier+WATTEN+Haut-de-France+59143+France+&#038;zoom=11\" allowfullscreen>\n<\/iframe>\n<\/div>\n\n\t<\/div>\n\n\n<div  class=\"tribe-block tribe-block__event-website\" >\n\t<a\n\t\thref=\"https:\/\/www.domaineaufildeleau.com\"\n\t\ttarget=\"_self\"\n\t\t\t>\n\t\tSite internet du domaine : \t<\/a>\n<\/div>\n","protected":false},"excerpt":{"rendered":"<p>Mariage de Ludivine et de Nicolas \u00e0 WATTEN, Hauts-de-France<\/p>\n","protected":false},"author":1,"featured_media":13889,"template":"","meta":{"_uag_custom_page_level_css":"","_price":"","_stock":"","_tribe_ticket_header":"","_tribe_default_ticket_provider":"","_tribe_ticket_capacity":"0","_ticket_start_date":"","_ticket_end_date":"","_tribe_ticket_show_description":"","_tribe_ticket_show_not_going":false,"_tribe_ticket_use_global_stock":"","_tribe_ticket_global_stock_level":"","_global_stock_mode":"","_global_stock_cap":"","_tribe_rsvp_for_event":"","_tribe_ticket_going_count":"","_tribe_ticket_not_going_count":"","_tribe_tickets_list":"[]","_tribe_ticket_has_attendee_info_fields":false,"_EventAllDay":false,"_EventTimezone":"Europe\/Paris","_EventStartDate":"2025-07-12 17:00:00","_EventEndDate":"2025-07-12 23:30:00","_EventStartDateUTC":"2025-07-12 15:00:00","_EventEndDateUTC":"2025-07-12 21:30:00","_EventShowMap":false,"_EventShowMapLink":false,"_EventURL":"https:\/\/www.domaineaufildeleau.com","_EventCost":"","_EventCostDescription":"","_EventCurrencySymbol":"\u20ac","_EventCurrencyCode":"EUR","_EventCurrencyPosition":"suffix","_EventDateTimeSeparator":" > ","_EventTimeRangeSeparator":" - ","_EventOrganizerID":[],"_EventVenueID":[13890],"_OrganizerEmail":"","_OrganizerPhone":"","_OrganizerWebsite":"","_VenueAddress":"","_VenueCity":"","_VenueCountry":"","_VenueProvince":"","_VenueState":"","_VenueZip":"","_VenuePhone":"","_VenueURL":"","_VenueStateProvince":"","_VenueLat":"","_VenueLng":"","_VenueShowMap":false,"_VenueShowMapLink":false,"_tribe_events_status":"","_tribe_events_status_reason":"","footnotes":"","_tec_slr_enabled":"","_tec_slr_layout":""},"tags":[],"tribe_events_cat":[123,245,265],"class_list":["post-13887","tribe_events","type-tribe_events","status-publish","has-post-thumbnail","hentry","tribe_events_cat-animation","tribe_events_cat-bal-de-mariage","tribe_events_cat-bal-de-mariage-eecke-ludivine-et-nicolas","cat_animation","cat_bal-de-mariage","cat_bal-de-mariage-eecke-ludivine-et-nicolas"],"yoast_head":"<!-- This site is optimized with the Yoast SEO Premium plugin v25.6 (Yoast SEO v25.6) - https:\/\/yoast.com\/wordpress\/plugins\/seo\/ -->\n<title>Mariage de Ludivine et de Nicolas \u00e0 WATTEN, Hauts-de-France - VP DANSES, cours de Danse Sportive \u00e0 Aire-sur-la-Lys et \u00e0 Saint-Jans-Cappel (Hauts-de-France)<\/title>\n<meta name=\"description\" content=\"Mariage de Ludivine et de Nicolas \u00e0 WATTEN, Hauts-de-France\" \/>\n<meta name=\"robots\" content=\"index, follow, max-snippet:-1, max-image-preview:large, max-video-preview:-1\" \/>\n<link rel=\"canonical\" href=\"https:\/\/vpdanses.fr\/home\/bienvenue-chez-vp-danses-hazebrouck\/evenement\/mariage-ludivine-nicolas-watten-eecke\/\" \/>\n<meta property=\"og:locale\" content=\"fr_FR\" \/>\n<meta property=\"og:type\" content=\"article\" \/>\n<meta property=\"og:title\" content=\"Mariage de Ludivine et de Nicolas \u00e0 WATTEN, Hauts-de-France\" \/>\n<meta property=\"og:description\" content=\"Mariage de Ludivine et de Nicolas \u00e0 WATTEN, Hauts-de-France\" \/>\n<meta property=\"og:url\" content=\"https:\/\/vpdanses.fr\/home\/bienvenue-chez-vp-danses-hazebrouck\/evenement\/mariage-ludivine-nicolas-watten-eecke\/\" \/>\n<meta property=\"og:site_name\" content=\"VP DANSES, cours de Danse Sportive \u00e0 Aire-sur-la-Lys et \u00e0 Saint-Jans-Cappel (Hauts-de-France)\" \/>\n<meta property=\"article:modified_time\" content=\"2025-07-21T13:16:08+00:00\" \/>\n<meta property=\"og:image\" content=\"https:\/\/vpdanses.fr\/wp-content\/uploads\/2025\/07\/2025-07-12.Ludivine_Nicolas_MG_2887-1.jpg\" \/>\n\t<meta property=\"og:image:width\" content=\"1240\" \/>\n\t<meta property=\"og:image:height\" content=\"698\" \/>\n\t<meta property=\"og:image:type\" content=\"image\/jpeg\" \/>\n<meta name=\"twitter:card\" content=\"summary_large_image\" \/>\n<meta name=\"twitter:title\" content=\"Mariage de Ludivine et de Nicolas \u00e0 WATTEN, Hauts-de-France\" \/>\n<meta name=\"twitter:label1\" content=\"Dur\u00e9e de lecture estim\u00e9e\" \/>\n\t<meta name=\"twitter:data1\" content=\"1 minute\" \/>\n<script type=\"application\/ld+json\" class=\"yoast-schema-graph\">{\"@context\":\"https:\/\/schema.org\",\"@graph\":[{\"@type\":\"WebPage\",\"@id\":\"https:\/\/vpdanses.fr\/home\/bienvenue-chez-vp-danses-hazebrouck\/evenement\/mariage-ludivine-nicolas-watten-eecke\/\",\"url\":\"https:\/\/vpdanses.fr\/home\/bienvenue-chez-vp-danses-hazebrouck\/evenement\/mariage-ludivine-nicolas-watten-eecke\/\",\"name\":\"Mariage de Ludivine et de Nicolas \u00e0 WATTEN, Hauts-de-France - VP DANSES, cours de Danse Sportive \u00e0 Aire-sur-la-Lys et \u00e0 Saint-Jans-Cappel (Hauts-de-France)\",\"isPartOf\":{\"@id\":\"https:\/\/vpdanses.fr\/home\/bienvenue-chez-vp-danses-hazebrouck\/#website\"},\"primaryImageOfPage\":{\"@id\":\"https:\/\/vpdanses.fr\/home\/bienvenue-chez-vp-danses-hazebrouck\/evenement\/mariage-ludivine-nicolas-watten-eecke\/#primaryimage\"},\"image\":{\"@id\":\"https:\/\/vpdanses.fr\/home\/bienvenue-chez-vp-danses-hazebrouck\/evenement\/mariage-ludivine-nicolas-watten-eecke\/#primaryimage\"},\"thumbnailUrl\":\"https:\/\/vpdanses.fr\/wp-content\/uploads\/2025\/07\/2025-07-12.Ludivine_Nicolas_MG_2887-1.jpg\",\"datePublished\":\"2025-07-21T09:46:16+00:00\",\"dateModified\":\"2025-07-21T13:16:08+00:00\",\"description\":\"Mariage de Ludivine et de Nicolas \u00e0 WATTEN, Hauts-de-France\",\"breadcrumb\":{\"@id\":\"https:\/\/vpdanses.fr\/home\/bienvenue-chez-vp-danses-hazebrouck\/evenement\/mariage-ludivine-nicolas-watten-eecke\/#breadcrumb\"},\"inLanguage\":\"fr-FR\",\"potentialAction\":[{\"@type\":\"ReadAction\",\"target\":[\"https:\/\/vpdanses.fr\/home\/bienvenue-chez-vp-danses-hazebrouck\/evenement\/mariage-ludivine-nicolas-watten-eecke\/\"]}]},{\"@type\":\"ImageObject\",\"inLanguage\":\"fr-FR\",\"@id\":\"https:\/\/vpdanses.fr\/home\/bienvenue-chez-vp-danses-hazebrouck\/evenement\/mariage-ludivine-nicolas-watten-eecke\/#primaryimage\",\"url\":\"https:\/\/vpdanses.fr\/wp-content\/uploads\/2025\/07\/2025-07-12.Ludivine_Nicolas_MG_2887-1.jpg\",\"contentUrl\":\"https:\/\/vpdanses.fr\/wp-content\/uploads\/2025\/07\/2025-07-12.Ludivine_Nicolas_MG_2887-1.jpg\",\"width\":1240,\"height\":698,\"caption\":\"Ouverture de Bal de Mariage de Ludivine et de Nicolas (habitants de la commune de EECKE) au Domaine \\\"Le Fil de l'Eau\\\" \u00e0 WATTEN, Hauts-de-France\"},{\"@type\":\"BreadcrumbList\",\"@id\":\"https:\/\/vpdanses.fr\/home\/bienvenue-chez-vp-danses-hazebrouck\/evenement\/mariage-ludivine-nicolas-watten-eecke\/#breadcrumb\",\"itemListElement\":[{\"@type\":\"ListItem\",\"position\":1,\"name\":\"Accueil\",\"item\":\"https:\/\/vpdanses.fr\/home\/bienvenue-chez-vp-danses-hazebrouck\/\"},{\"@type\":\"ListItem\",\"position\":2,\"name\":\"\u00c9v\u00e8nements\",\"item\":\"https:\/\/vpdanses.fr\/home\/bienvenue-chez-vp-danses-hazebrouck\/dates\/\"},{\"@type\":\"ListItem\",\"position\":3,\"name\":\"Mariage de Ludivine et de Nicolas \u00e0 WATTEN, Hauts-de-France\"}]},{\"@type\":\"WebSite\",\"@id\":\"https:\/\/vpdanses.fr\/home\/bienvenue-chez-vp-danses-hazebrouck\/#website\",\"url\":\"https:\/\/vpdanses.fr\/home\/bienvenue-chez-vp-danses-hazebrouck\/\",\"name\":\"VP DANSES, cours de Danse Sportive \u00e0 Aire-sur-la-Lys et \u00e0 Saint-Jans-Cappel (Hauts-de-France)\",\"description\":\"Cours de Danse Sportive STANDARD (valse anglaise, tango, valse viennoise, slowfox, quickstep), danses sportives LATINES (samba, chacha, rumba, paso doble, jive), danses de bal, danses de salons, danses de loisirs, salsa, rock 4 temps, rock 6 temps, danses en ligne, disco, \u2026 Lieu : Hazebrouck, Aire-sur-la-Lys, Saint-Jans-Cappel et Isbergues (Hauts-de-France) - Cours Particuliers dans les Hauts-de-France - Ouverture de bal de Mariage\",\"publisher\":{\"@id\":\"https:\/\/vpdanses.fr\/home\/bienvenue-chez-vp-danses-hazebrouck\/#organization\"},\"potentialAction\":[{\"@type\":\"SearchAction\",\"target\":{\"@type\":\"EntryPoint\",\"urlTemplate\":\"https:\/\/vpdanses.fr\/home\/bienvenue-chez-vp-danses-hazebrouck\/?s={search_term_string}\"},\"query-input\":{\"@type\":\"PropertyValueSpecification\",\"valueRequired\":true,\"valueName\":\"search_term_string\"}}],\"inLanguage\":\"fr-FR\"},{\"@type\":\"Organization\",\"@id\":\"https:\/\/vpdanses.fr\/home\/bienvenue-chez-vp-danses-hazebrouck\/#organization\",\"name\":\"VP DANSES, cours de Danse Sportive \u00e0 Aire-sur-la-Lys et \u00e0 Saint-Jans-Cappel (Hauts-de-France)\",\"url\":\"https:\/\/vpdanses.fr\/home\/bienvenue-chez-vp-danses-hazebrouck\/\",\"logo\":{\"@type\":\"ImageObject\",\"inLanguage\":\"fr-FR\",\"@id\":\"https:\/\/vpdanses.fr\/home\/bienvenue-chez-vp-danses-hazebrouck\/#\/schema\/logo\/image\/\",\"url\":\"https:\/\/vpdanses.fr\/wp-content\/uploads\/2024\/10\/logo_cadanse_asaintjans.jpeg\",\"contentUrl\":\"https:\/\/vpdanses.fr\/wp-content\/uploads\/2024\/10\/logo_cadanse_asaintjans.jpeg\",\"width\":225,\"height\":225,\"caption\":\"VP DANSES, cours de Danse Sportive \u00e0 Aire-sur-la-Lys et \u00e0 Saint-Jans-Cappel (Hauts-de-France)\"},\"image\":{\"@id\":\"https:\/\/vpdanses.fr\/home\/bienvenue-chez-vp-danses-hazebrouck\/#\/schema\/logo\/image\/\"}}]}<\/script>\n<!-- \/ Yoast SEO Premium plugin. -->","yoast_head_json":{"title":"Mariage de Ludivine et de Nicolas \u00e0 WATTEN, Hauts-de-France - VP DANSES, cours de Danse Sportive \u00e0 Aire-sur-la-Lys et \u00e0 Saint-Jans-Cappel (Hauts-de-France)","description":"Mariage de Ludivine et de Nicolas \u00e0 WATTEN, Hauts-de-France","robots":{"index":"index","follow":"follow","max-snippet":"max-snippet:-1","max-image-preview":"max-image-preview:large","max-video-preview":"max-video-preview:-1"},"canonical":"https:\/\/vpdanses.fr\/home\/bienvenue-chez-vp-danses-hazebrouck\/evenement\/mariage-ludivine-nicolas-watten-eecke\/","og_locale":"fr_FR","og_type":"article","og_title":"Mariage de Ludivine et de Nicolas \u00e0 WATTEN, Hauts-de-France","og_description":"Mariage de Ludivine et de Nicolas \u00e0 WATTEN, Hauts-de-France","og_url":"https:\/\/vpdanses.fr\/home\/bienvenue-chez-vp-danses-hazebrouck\/evenement\/mariage-ludivine-nicolas-watten-eecke\/","og_site_name":"VP DANSES, cours de Danse Sportive \u00e0 Aire-sur-la-Lys et \u00e0 Saint-Jans-Cappel (Hauts-de-France)","article_modified_time":"2025-07-21T13:16:08+00:00","og_image":[{"width":1240,"height":698,"url":"https:\/\/vpdanses.fr\/wp-content\/uploads\/2025\/07\/2025-07-12.Ludivine_Nicolas_MG_2887-1.jpg","type":"image\/jpeg"}],"twitter_card":"summary_large_image","twitter_title":"Mariage de Ludivine et de Nicolas \u00e0 WATTEN, Hauts-de-France","twitter_misc":{"Dur\u00e9e de lecture estim\u00e9e":"1 minute"},"schema":{"@context":"https:\/\/schema.org","@graph":[{"@type":"WebPage","@id":"https:\/\/vpdanses.fr\/home\/bienvenue-chez-vp-danses-hazebrouck\/evenement\/mariage-ludivine-nicolas-watten-eecke\/","url":"https:\/\/vpdanses.fr\/home\/bienvenue-chez-vp-danses-hazebrouck\/evenement\/mariage-ludivine-nicolas-watten-eecke\/","name":"Mariage de Ludivine et de Nicolas \u00e0 WATTEN, Hauts-de-France - VP DANSES, cours de Danse Sportive \u00e0 Aire-sur-la-Lys et \u00e0 Saint-Jans-Cappel (Hauts-de-France)","isPartOf":{"@id":"https:\/\/vpdanses.fr\/home\/bienvenue-chez-vp-danses-hazebrouck\/#website"},"primaryImageOfPage":{"@id":"https:\/\/vpdanses.fr\/home\/bienvenue-chez-vp-danses-hazebrouck\/evenement\/mariage-ludivine-nicolas-watten-eecke\/#primaryimage"},"image":{"@id":"https:\/\/vpdanses.fr\/home\/bienvenue-chez-vp-danses-hazebrouck\/evenement\/mariage-ludivine-nicolas-watten-eecke\/#primaryimage"},"thumbnailUrl":"https:\/\/vpdanses.fr\/wp-content\/uploads\/2025\/07\/2025-07-12.Ludivine_Nicolas_MG_2887-1.jpg","datePublished":"2025-07-21T09:46:16+00:00","dateModified":"2025-07-21T13:16:08+00:00","description":"Mariage de Ludivine et de Nicolas \u00e0 WATTEN, Hauts-de-France","breadcrumb":{"@id":"https:\/\/vpdanses.fr\/home\/bienvenue-chez-vp-danses-hazebrouck\/evenement\/mariage-ludivine-nicolas-watten-eecke\/#breadcrumb"},"inLanguage":"fr-FR","potentialAction":[{"@type":"ReadAction","target":["https:\/\/vpdanses.fr\/home\/bienvenue-chez-vp-danses-hazebrouck\/evenement\/mariage-ludivine-nicolas-watten-eecke\/"]}]},{"@type":"ImageObject","inLanguage":"fr-FR","@id":"https:\/\/vpdanses.fr\/home\/bienvenue-chez-vp-danses-hazebrouck\/evenement\/mariage-ludivine-nicolas-watten-eecke\/#primaryimage","url":"https:\/\/vpdanses.fr\/wp-content\/uploads\/2025\/07\/2025-07-12.Ludivine_Nicolas_MG_2887-1.jpg","contentUrl":"https:\/\/vpdanses.fr\/wp-content\/uploads\/2025\/07\/2025-07-12.Ludivine_Nicolas_MG_2887-1.jpg","width":1240,"height":698,"caption":"Ouverture de Bal de Mariage de Ludivine et de Nicolas (habitants de la commune de EECKE) au Domaine \"Le Fil de l'Eau\" \u00e0 WATTEN, Hauts-de-France"},{"@type":"BreadcrumbList","@id":"https:\/\/vpdanses.fr\/home\/bienvenue-chez-vp-danses-hazebrouck\/evenement\/mariage-ludivine-nicolas-watten-eecke\/#breadcrumb","itemListElement":[{"@type":"ListItem","position":1,"name":"Accueil","item":"https:\/\/vpdanses.fr\/home\/bienvenue-chez-vp-danses-hazebrouck\/"},{"@type":"ListItem","position":2,"name":"\u00c9v\u00e8nements","item":"https:\/\/vpdanses.fr\/home\/bienvenue-chez-vp-danses-hazebrouck\/dates\/"},{"@type":"ListItem","position":3,"name":"Mariage de Ludivine et de Nicolas \u00e0 WATTEN, Hauts-de-France"}]},{"@type":"WebSite","@id":"https:\/\/vpdanses.fr\/home\/bienvenue-chez-vp-danses-hazebrouck\/#website","url":"https:\/\/vpdanses.fr\/home\/bienvenue-chez-vp-danses-hazebrouck\/","name":"VP DANSES, cours de Danse Sportive \u00e0 Aire-sur-la-Lys et \u00e0 Saint-Jans-Cappel (Hauts-de-France)","description":"Cours de Danse Sportive STANDARD (valse anglaise, tango, valse viennoise, slowfox, quickstep), danses sportives LATINES (samba, chacha, rumba, paso doble, jive), danses de bal, danses de salons, danses de loisirs, salsa, rock 4 temps, rock 6 temps, danses en ligne, disco, \u2026 Lieu : Hazebrouck, Aire-sur-la-Lys, Saint-Jans-Cappel et Isbergues (Hauts-de-France) - Cours Particuliers dans les Hauts-de-France - Ouverture de bal de Mariage","publisher":{"@id":"https:\/\/vpdanses.fr\/home\/bienvenue-chez-vp-danses-hazebrouck\/#organization"},"potentialAction":[{"@type":"SearchAction","target":{"@type":"EntryPoint","urlTemplate":"https:\/\/vpdanses.fr\/home\/bienvenue-chez-vp-danses-hazebrouck\/?s={search_term_string}"},"query-input":{"@type":"PropertyValueSpecification","valueRequired":true,"valueName":"search_term_string"}}],"inLanguage":"fr-FR"},{"@type":"Organization","@id":"https:\/\/vpdanses.fr\/home\/bienvenue-chez-vp-danses-hazebrouck\/#organization","name":"VP DANSES, cours de Danse Sportive \u00e0 Aire-sur-la-Lys et \u00e0 Saint-Jans-Cappel (Hauts-de-France)","url":"https:\/\/vpdanses.fr\/home\/bienvenue-chez-vp-danses-hazebrouck\/","logo":{"@type":"ImageObject","inLanguage":"fr-FR","@id":"https:\/\/vpdanses.fr\/home\/bienvenue-chez-vp-danses-hazebrouck\/#\/schema\/logo\/image\/","url":"https:\/\/vpdanses.fr\/wp-content\/uploads\/2024\/10\/logo_cadanse_asaintjans.jpeg","contentUrl":"https:\/\/vpdanses.fr\/wp-content\/uploads\/2024\/10\/logo_cadanse_asaintjans.jpeg","width":225,"height":225,"caption":"VP DANSES, cours de Danse Sportive \u00e0 Aire-sur-la-Lys et \u00e0 Saint-Jans-Cappel (Hauts-de-France)"},"image":{"@id":"https:\/\/vpdanses.fr\/home\/bienvenue-chez-vp-danses-hazebrouck\/#\/schema\/logo\/image\/"}}]}},"uagb_featured_image_src":{"full":["https:\/\/vpdanses.fr\/wp-content\/uploads\/2025\/07\/2025-07-12.Ludivine_Nicolas_MG_2887-1.jpg",1240,698,false],"thumbnail":["https:\/\/vpdanses.fr\/wp-content\/uploads\/2025\/07\/2025-07-12.Ludivine_Nicolas_MG_2887-1-150x150.jpg",150,150,true],"medium":["https:\/\/vpdanses.fr\/wp-content\/uploads\/2025\/07\/2025-07-12.Ludivine_Nicolas_MG_2887-1-300x169.jpg",300,169,true],"medium_large":["https:\/\/vpdanses.fr\/wp-content\/uploads\/2025\/07\/2025-07-12.Ludivine_Nicolas_MG_2887-1-768x432.jpg",768,432,true],"large":["https:\/\/vpdanses.fr\/wp-content\/uploads\/2025\/07\/2025-07-12.Ludivine_Nicolas_MG_2887-1-1024x576.jpg",1024,576,true],"1536x1536":["https:\/\/vpdanses.fr\/wp-content\/uploads\/2025\/07\/2025-07-12.Ludivine_Nicolas_MG_2887-1.jpg",1240,698,false],"2048x2048":["https:\/\/vpdanses.fr\/wp-content\/uploads\/2025\/07\/2025-07-12.Ludivine_Nicolas_MG_2887-1.jpg",1240,698,false],"vp_sm":["https:\/\/vpdanses.fr\/wp-content\/uploads\/2025\/07\/2025-07-12.Ludivine_Nicolas_MG_2887-1-500x281.jpg",500,281,true],"vp_md":["https:\/\/vpdanses.fr\/wp-content\/uploads\/2025\/07\/2025-07-12.Ludivine_Nicolas_MG_2887-1-800x450.jpg",800,450,true],"vp_lg":["https:\/\/vpdanses.fr\/wp-content\/uploads\/2025\/07\/2025-07-12.Ludivine_Nicolas_MG_2887-1.jpg",1240,698,false],"vp_xl":["https:\/\/vpdanses.fr\/wp-content\/uploads\/2025\/07\/2025-07-12.Ludivine_Nicolas_MG_2887-1.jpg",1240,698,false],"vp_sm_popup":["https:\/\/vpdanses.fr\/wp-content\/uploads\/2025\/07\/2025-07-12.Ludivine_Nicolas_MG_2887-1-500x281.jpg",500,281,true],"vp_md_popup":["https:\/\/vpdanses.fr\/wp-content\/uploads\/2025\/07\/2025-07-12.Ludivine_Nicolas_MG_2887-1-800x450.jpg",800,450,true],"vp_xl_popup":["https:\/\/vpdanses.fr\/wp-content\/uploads\/2025\/07\/2025-07-12.Ludivine_Nicolas_MG_2887-1.jpg",1240,698,false],"dance-blog-thumb":["https:\/\/vpdanses.fr\/wp-content\/uploads\/2025\/07\/2025-07-12.Ludivine_Nicolas_MG_2887-1-150x120.jpg",150,120,true],"dance-event-list":["https:\/\/vpdanses.fr\/wp-content\/uploads\/2025\/07\/2025-07-12.Ludivine_Nicolas_MG_2887-1-420x336.jpg",420,336,true],"dance-event-single-type1":["https:\/\/vpdanses.fr\/wp-content\/uploads\/2025\/07\/2025-07-12.Ludivine_Nicolas_MG_2887-1-773x520.jpg",773,520,true],"dance-event-single-type4":["https:\/\/vpdanses.fr\/wp-content\/uploads\/2025\/07\/2025-07-12.Ludivine_Nicolas_MG_2887-1-570x460.jpg",570,460,true],"dance-event-single-type5":["https:\/\/vpdanses.fr\/wp-content\/uploads\/2025\/07\/2025-07-12.Ludivine_Nicolas_MG_2887-1-746x698.jpg",746,698,true],"dance-event-list2":["https:\/\/vpdanses.fr\/wp-content\/uploads\/2025\/07\/2025-07-12.Ludivine_Nicolas_MG_2887-1-420x275.jpg",420,275,true]},"uagb_author_info":{"display_name":"VP DANSES","author_link":"https:\/\/vpdanses.fr\/home\/bienvenue-chez-vp-danses-hazebrouck\/author\/adminvp20241018\/"},"uagb_comment_info":0,"uagb_excerpt":"Mariage de Ludivine et de Nicolas \u00e0 WATTEN, Hauts-de-France","jetpack_sharing_enabled":true,"ticketed":false,"_links":{"self":[{"href":"https:\/\/vpdanses.fr\/home\/bienvenue-chez-vp-danses-hazebrouck\/wp-json\/wp\/v2\/tribe_events\/13887","targetHints":{"allow":["GET"]}}],"collection":[{"href":"https:\/\/vpdanses.fr\/home\/bienvenue-chez-vp-danses-hazebrouck\/wp-json\/wp\/v2\/tribe_events"}],"about":[{"href":"https:\/\/vpdanses.fr\/home\/bienvenue-chez-vp-danses-hazebrouck\/wp-json\/wp\/v2\/types\/tribe_events"}],"author":[{"embeddable":true,"href":"https:\/\/vpdanses.fr\/home\/bienvenue-chez-vp-danses-hazebrouck\/wp-json\/wp\/v2\/users\/1"}],"version-history":[{"count":4,"href":"https:\/\/vpdanses.fr\/home\/bienvenue-chez-vp-danses-hazebrouck\/wp-json\/wp\/v2\/tribe_events\/13887\/revisions"}],"predecessor-version":[{"id":13898,"href":"https:\/\/vpdanses.fr\/home\/bienvenue-chez-vp-danses-hazebrouck\/wp-json\/wp\/v2\/tribe_events\/13887\/revisions\/13898"}],"wp:featuredmedia":[{"embeddable":true,"href":"https:\/\/vpdanses.fr\/home\/bienvenue-chez-vp-danses-hazebrouck\/wp-json\/wp\/v2\/media\/13889"}],"wp:attachment":[{"href":"https:\/\/vpdanses.fr\/home\/bienvenue-chez-vp-danses-hazebrouck\/wp-json\/wp\/v2\/media?parent=13887"}],"wp:term":[{"taxonomy":"post_tag","embeddable":true,"href":"https:\/\/vpdanses.fr\/home\/bienvenue-chez-vp-danses-hazebrouck\/wp-json\/wp\/v2\/tags?post=13887"},{"taxonomy":"tribe_events_cat","embeddable":true,"href":"https:\/\/vpdanses.fr\/home\/bienvenue-chez-vp-danses-hazebrouck\/wp-json\/wp\/v2\/tribe_events_cat?post=13887"}],"curies":[{"name":"wp","href":"https:\/\/api.w.org\/{rel}","templated":true}]}}