{"id":14125,"date":"2025-08-08T06:36:10","date_gmt":"2025-08-08T04:36:10","guid":{"rendered":"https:\/\/vpdanses.fr\/home\/bienvenue-chez-vp-danses-hazebrouck\/?post_type=tribe_events&#038;p=14125"},"modified":"2025-08-19T06:53:10","modified_gmt":"2025-08-19T04:53:10","slug":"cours-particuliers-danse-mariage-marion-baptiste-sercus-rock-moderne","status":"publish","type":"tribe_events","link":"https:\/\/vpdanses.fr\/home\/bienvenue-chez-vp-danses-hazebrouck\/evenement\/cours-particuliers-danse-mariage-marion-baptiste-sercus-rock-moderne\/","title":{"rendered":"M. &amp; B. de Sercus pr\u00e9parent leur ouverture de bal ! Rock moderne avec VP DANSES"},"content":{"rendered":"<div  class=\"tribe-events-schedule tribe-clearfix\" >\n\t<p class=\"tribe-events-schedule__datetime\">\n\t\t<span class=\"tribe-events-schedule__date tribe-events-schedule__date--start\">\n\t\t\t11 ao\u00fbt 2025\t\t<\/span>\n\n\t\t\t\t\t<span class=\"tribe-events-schedule__separator tribe-events-schedule__separator--date\">\n\t\t\t\t &gt; \t\t\t<\/span>\n\t\t\t<span class=\"tribe-events-schedule__time tribe-events-schedule__time--start\">\n\t\t\t\t21h00\t\t\t<\/span>\n\t\t\n\t\t\t\t\t\t\t\t\t<span class=\"tribe-events-schedule__separator tribe-events-schedule__separator--time\">\n\t\t\t\t\t &#8211; \t\t\t\t<\/span>\n\t\t\t\n\t\t\t\t\t\t\t<span class=\"tribe-events-schedule__time tribe-events-schedule__time--end\">\n\t\t\t\t\t22h00\t\t\t\t<\/span>\n\t\t\t\n\t\t\t\t\t\t<\/p>\n<\/div>\n\n\n\n<hr class=\"wp-block-separator has-alpha-channel-opacity\"\/>\n\n\n\n<h2 class=\"wp-block-heading\" id=\"h-m-amp-b-une-preparation-sur-mesure-pour-leur-grand-jour\">M. &amp; B. : Une Pr\u00e9paration Sur-Mesure pour leur Grand Jour<\/h2>\n\n\n\n<p>M. &amp; B., jeune couple habitant \u00e0 Sercus dans le Nord, ont fait appel \u00e0 VP DANSES pour pr\u00e9parer l&rsquo;un des moments les plus m\u00e9morables de leur mariage : leur ouverture de bal. C&rsquo;est Baptiste, totalement d\u00e9butant et qui n&rsquo;avait jamais dans\u00e9 auparavant, qui a pris l&rsquo;initiative de ces cours particuliers. Son objectif ? Offrir \u00e0 Marion et \u00e0 leurs invit\u00e9s une surprise m\u00e9morable avec un rock \u00e0 4 temps moderne et \u00e9l\u00e9gant.<\/p>\n\n\n<div class=\"tribe-events-event-image\"><noscript><img loading=\"lazy\" decoding=\"async\" width=\"1920\" height=\"1115\" data-skip-lazy src=\"https:\/\/vpdanses.fr\/wp-content\/uploads\/2025\/08\/marion-baptiste-rock-moderne-mariage-vp-danses-morbecque-vp-danses.jpg\" class=\"attachment-full size-full wp-post-image\" alt=\"Marion et Baptiste apprennent leur chor\u00e9graphie rock moderne avec VP DANSES pour ouverture bal mariage Ch\u00e2teau Morbecque\" srcset=\"https:\/\/vpdanses.fr\/wp-content\/uploads\/2025\/08\/marion-baptiste-rock-moderne-mariage-vp-danses-morbecque-vp-danses.jpg 1920w, https:\/\/vpdanses.fr\/wp-content\/uploads\/2025\/08\/marion-baptiste-rock-moderne-mariage-vp-danses-morbecque-vp-danses-300x174.jpg 300w, https:\/\/vpdanses.fr\/wp-content\/uploads\/2025\/08\/marion-baptiste-rock-moderne-mariage-vp-danses-morbecque-vp-danses-1024x595.jpg 1024w, https:\/\/vpdanses.fr\/wp-content\/uploads\/2025\/08\/marion-baptiste-rock-moderne-mariage-vp-danses-morbecque-vp-danses-768x446.jpg 768w, https:\/\/vpdanses.fr\/wp-content\/uploads\/2025\/08\/marion-baptiste-rock-moderne-mariage-vp-danses-morbecque-vp-danses-1536x892.jpg 1536w, https:\/\/vpdanses.fr\/wp-content\/uploads\/2025\/08\/marion-baptiste-rock-moderne-mariage-vp-danses-morbecque-vp-danses-500x290.jpg 500w, https:\/\/vpdanses.fr\/wp-content\/uploads\/2025\/08\/marion-baptiste-rock-moderne-mariage-vp-danses-morbecque-vp-danses-800x465.jpg 800w, https:\/\/vpdanses.fr\/wp-content\/uploads\/2025\/08\/marion-baptiste-rock-moderne-mariage-vp-danses-morbecque-vp-danses-1280x743.jpg 1280w\" sizes=\"auto, (max-width: 1920px) 100vw, 1920px\" \/><\/noscript><img fetchpriority=\"high\" decoding=\"async\" width=\"1920\" height=\"1115\" src=\"https:\/\/vpdanses.fr\/wp-content\/uploads\/2025\/08\/marion-baptiste-rock-moderne-mariage-vp-danses-morbecque-vp-danses.jpg\" class=\"attachment-full size-full wp-post-image vp-lazyload\" alt=\"Marion et Baptiste apprennent leur chor\u00e9graphie rock moderne avec VP DANSES pour ouverture bal mariage Ch\u00e2teau Morbecque\" srcset=\"data:image\/svg+xml;base64,PHN2ZyB3aWR0aD0iMTkyMCIgaGVpZ2h0PSIxMTE1IiB2aWV3Qm94PSIwIDAgMTkyMCAxMTE1IiBmaWxsPSJub25lIiB4bWxucz0iaHR0cDovL3d3dy53My5vcmcvMjAwMC9zdmciPjwvc3ZnPg==\" data-src=\"https:\/\/vpdanses.fr\/wp-content\/uploads\/2025\/08\/marion-baptiste-rock-moderne-mariage-vp-danses-morbecque-vp-danses.jpg\" data-srcset=\"https:\/\/vpdanses.fr\/wp-content\/uploads\/2025\/08\/marion-baptiste-rock-moderne-mariage-vp-danses-morbecque-vp-danses.jpg 1920w, https:\/\/vpdanses.fr\/wp-content\/uploads\/2025\/08\/marion-baptiste-rock-moderne-mariage-vp-danses-morbecque-vp-danses-300x174.jpg 300w, https:\/\/vpdanses.fr\/wp-content\/uploads\/2025\/08\/marion-baptiste-rock-moderne-mariage-vp-danses-morbecque-vp-danses-1024x595.jpg 1024w, https:\/\/vpdanses.fr\/wp-content\/uploads\/2025\/08\/marion-baptiste-rock-moderne-mariage-vp-danses-morbecque-vp-danses-768x446.jpg 768w, https:\/\/vpdanses.fr\/wp-content\/uploads\/2025\/08\/marion-baptiste-rock-moderne-mariage-vp-danses-morbecque-vp-danses-1536x892.jpg 1536w, https:\/\/vpdanses.fr\/wp-content\/uploads\/2025\/08\/marion-baptiste-rock-moderne-mariage-vp-danses-morbecque-vp-danses-500x290.jpg 500w, https:\/\/vpdanses.fr\/wp-content\/uploads\/2025\/08\/marion-baptiste-rock-moderne-mariage-vp-danses-morbecque-vp-danses-800x465.jpg 800w, https:\/\/vpdanses.fr\/wp-content\/uploads\/2025\/08\/marion-baptiste-rock-moderne-mariage-vp-danses-morbecque-vp-danses-1280x743.jpg 1280w\" data-sizes=\"auto\" loading=\"eager\"><\/div>\n\n\n<div style=\"height:48px\" aria-hidden=\"true\" class=\"wp-block-spacer\"><\/div>\n\n\n\n<h2 class=\"wp-block-heading\" id=\"h-un-defi-a-relever-avec-brio\">Un D\u00e9fi \u00e0 Relever avec Brio<\/h2>\n\n\n\n<p>Le d\u00e9fi est de taille : partir de z\u00e9ro et cr\u00e9er une chor\u00e9graphie digne de ce moment unique. Le rock moderne, version contemporaine du rock traditionnel, se r\u00e9v\u00e8le le choix parfait pour B.. Cette danse offre la parfaite alliance entre technique accessible et spectacle impressionnant, id\u00e9ale pour un danseur d\u00e9butant motiv\u00e9.<\/p>\n\n\n\n<h2 class=\"wp-block-heading\" id=\"h-des-cours-particuliers-adaptes-aux-grands-debutants\">Des Cours Particuliers Adapt\u00e9s aux Grands D\u00e9butants<\/h2>\n\n\n\n<p>Nos professeurs Virginie et Philippe con\u00e7oivent une p\u00e9dagogie sp\u00e9cialement adapt\u00e9e au profil de B.. Chaque s\u00e9ance commence par les bases fondamentales avant d&rsquo;\u00e9voluer progressivement vers une chor\u00e9graphie personnalis\u00e9e. Cette approche sur-mesure permet \u00e0 B. de gagner en confiance tout en d\u00e9veloppant sa complicit\u00e9 dans\u00e9e avec M..<\/p>\n\n\n\n<h2 class=\"wp-block-heading\" id=\"h-l-excellence-de-la-danse-sportive-au-service-de-votre-mariage\">L&rsquo;Excellence de la Danse Sportive au Service de votre Mariage<\/h2>\n\n\n\n<p>VP DANSES apporte toute son expertise en Danse Sportive pour accompagner m\u00eame les plus grands d\u00e9butants. La preuve qu&rsquo;avec de la motivation et un encadrement professionnel, chacun peut transformer ce moment privil\u00e9gi\u00e9 en souvenir inoubliable et marquer le d\u00e9but de sa vie \u00e0 deux sur une note spectaculaire.<\/p>\n\n\n\n<div style=\"height:75px\" aria-hidden=\"true\" class=\"wp-block-spacer\"><\/div>\n\n\n\n<hr class=\"wp-block-separator has-alpha-channel-opacity\"\/>\n\n\n<div  class=\"tribe-block tribe-block__venue tribe-clearfix tribe-block__venue--has-map\" >\n\t\n\t\n<div class=\"tribe-block__venue__meta\">\n\t<div class=\"tribe-block__venue__name\">\n\t\t<h3><a href=\"https:\/\/vpdanses.fr\/home\/bienvenue-chez-vp-danses-hazebrouck\/lieu\/sercus-nord-hauts-de-france\/\" title=\"Sercus (59173), Nord, Hauts-de-France\">Sercus (59173), Nord, Hauts-de-France<\/a><\/h3>\n\t<\/div>\n\n\t\n\t\t\t\t\t\t<address class=\"tribe-block__venue__address\">\n\t\t\t\t<span class=\"tribe-address\">\n\n\n\t<span class=\"tribe-locality\">sercus<\/span><span class=\"tribe-delimiter\">,<\/span>\n\n\t<abbr class=\"tribe-region tribe-events-abbr\" title=\"Nord\">Nord<\/abbr>\n\n\t<span class=\"tribe-postal-code\">59173<\/span>\n\n\t<span class=\"tribe-country-name\">France<\/span>\n\n<\/span>\n\n\t\t\t\t\t\t\t\t\t<a class=\"tribe-events-gmap\" href=\"https:\/\/maps.google.com\/maps?f=q&#038;source=s_q&#038;hl=en&#038;geocode=&#038;q=sercus+Nord+59173+France\" title=\"Cliquez pour voir une carte Google Map\" target=\"_blank\" rel=\"noreferrer noopener\">+ Google Map<\/a>\t\t\t\t\t\t\t<\/address>\n\t\t\n\t\t\n\t\t\t\n\t<\/div>\n\t\n<div class=\"tribe-block__venue__map\">\n\t\n<iframe loading=\"lazy\"\n  title=\"L\u2018iframe Google maps affichant l\u2019adresse \u00e0 Sercus (59173), Nord, Hauts-de-France\"\n  aria-label=\"Plan des lieux\"\n  width=\"310px\"\n  height=\"256px\"\n  frameborder=\"0\" style=\"border:0\"\n  src=\"https:\/\/www.google.com\/maps\/embed\/v1\/place?key=AIzaSyDNsicAsP6-VuGtAb1O9riI3oc_NOb7IOU&#038;q=sercus+Nord+59173+France+&#038;zoom=11\" allowfullscreen>\n<\/iframe>\n<\/div>\n\n\t<\/div>\n\n\n<div  class=\"tribe-block tribe-block__organizer__details tribe-clearfix\" >\n\t<div class=\"tribe-block__organizer__title\">\n\t\t<h3><a href=\"https:\/\/vpdanses.fr\/home\/bienvenue-chez-vp-danses-hazebrouck\/organisateur\/vp-danses-association-de-danses-hazebrouck-saint-jans-cappel-aire-sur-la-lys\/\" title=\"VP DANSES, association de danses Hazebrouck, Saint-Jans-Cappel, Aire-sur-la-Lys\" target=\"_self\" rel=\"\">VP DANSES, association de danses Hazebrouck, Saint-Jans-Cappel, Aire-sur-la-Lys<\/a><\/h3>\n\t<\/div>\n\t\t\t<p class=\"tribe-block__organizer__phone\">0769899751<\/p>\n\t\t\t\t<p class=\"tribe-block__organizer__website\"><a href=\"https:\/\/vpdanses.fr\" target=\"_self\" rel=\"external\">Voir le site Organisateur<\/a><\/p>\n\t\t\t\t<p class=\"tribe-block__organizer__email\">c&#111;n&#116;a&#099;&#116;&#064;&#118;pda&#110;se&#115;&#046;&#102;r<\/p>\n\t<\/div>\n","protected":false},"excerpt":{"rendered":"<p>Marion &#038; Baptiste de Sercus pr\u00e9parent leur ouverture de bal avec VP DANSES. Cours particuliers de rock moderne personnalis\u00e9s dans le Nord.<\/p>\n","protected":false},"author":1,"featured_media":14200,"template":"","meta":{"_uag_custom_page_level_css":"","_price":"","_stock":"","_tribe_ticket_header":"","_tribe_default_ticket_provider":"","_tribe_ticket_capacity":"","_ticket_start_date":"","_ticket_end_date":"","_tribe_ticket_show_description":"","_tribe_ticket_show_not_going":false,"_tribe_ticket_use_global_stock":"","_tribe_ticket_global_stock_level":"","_global_stock_mode":"","_global_stock_cap":"","_tribe_rsvp_for_event":"","_tribe_ticket_going_count":"","_tribe_ticket_not_going_count":"","_tribe_tickets_list":"[]","_tribe_ticket_has_attendee_info_fields":false,"_EventAllDay":false,"_EventTimezone":"Europe\/Paris","_EventStartDate":"2025-08-11 21:00:00","_EventEndDate":"2025-08-11 22:00:00","_EventStartDateUTC":"2025-08-11 19:00:00","_EventEndDateUTC":"2025-08-11 20:00:00","_EventShowMap":false,"_EventShowMapLink":false,"_EventURL":"","_EventCost":"","_EventCostDescription":"","_EventCurrencySymbol":"\u20ac","_EventCurrencyCode":"EUR","_EventCurrencyPosition":"suffix","_EventDateTimeSeparator":" > ","_EventTimeRangeSeparator":" - ","_EventOrganizerID":[13043],"_EventVenueID":[14074],"_OrganizerEmail":"","_OrganizerPhone":"","_OrganizerWebsite":"","_VenueAddress":"","_VenueCity":"","_VenueCountry":"","_VenueProvince":"","_VenueState":"","_VenueZip":"","_VenuePhone":"","_VenueURL":"","_VenueStateProvince":"","_VenueLat":"","_VenueLng":"","_VenueShowMap":false,"_VenueShowMapLink":false,"_tribe_events_status":"","_tribe_events_status_reason":"","footnotes":"","_tec_slr_enabled":"","_tec_slr_layout":""},"tags":[316,312,315,320,318,164,321,317,311,314,296,319,313],"tribe_events_cat":[245,310],"class_list":["post-14125","tribe_events","type-tribe_events","status-publish","has-post-thumbnail","hentry","tag-bases-techniques","tag-coaching-personnalise","tag-conseils-danse","tag-debutant","tag-hauts-de-france","tag-hazebrouck","tag-mariage","tag-nord","tag-preparation-mariage","tag-reussites-eleves","tag-rock-moderne","tag-sercus","tag-temoignages-clients","tribe_events_cat-bal-de-mariage","tribe_events_cat-ouverture-de-bal-de-mariage-sercus-marion-baptiste","cat_bal-de-mariage","cat_ouverture-de-bal-de-mariage-sercus-marion-baptiste"],"yoast_head":"<!-- This site is optimized with the Yoast SEO Premium plugin v25.6 (Yoast SEO v25.6) - https:\/\/yoast.com\/wordpress\/plugins\/seo\/ -->\n<title>M. &amp; B. de Sercus pr\u00e9parent leur ouverture de bal ! Rock moderne avec VP DANSES - VP DANSES, cours de Danse Sportive \u00e0 Aire-sur-la-Lys et \u00e0 Saint-Jans-Cappel (Hauts-de-France)<\/title>\n<meta name=\"description\" content=\"Marion &amp; Baptiste de Sercus pr\u00e9parent leur ouverture de bal avec VP DANSES. Cours particuliers de rock moderne personnalis\u00e9s dans le Nord.\" \/>\n<meta name=\"robots\" content=\"index, follow, max-snippet:-1, max-image-preview:large, max-video-preview:-1\" \/>\n<link rel=\"canonical\" href=\"https:\/\/vpdanses.fr\/home\/bienvenue-chez-vp-danses-hazebrouck\/evenement\/cours-particuliers-danse-mariage-marion-baptiste-sercus-rock-moderne\/2025-08-11\/\" \/>\n<meta property=\"og:locale\" content=\"fr_FR\" \/>\n<meta property=\"og:type\" content=\"article\" \/>\n<meta property=\"og:title\" content=\"M. &amp; B. de Sercus pr\u00e9parent leur ouverture de bal ! Rock moderne avec VP DANSES Marion &amp; Baptiste de Sercus pr\u00e9parent leur ouverture de bal ! Rock moderne avec VP DANSES\" \/>\n<meta property=\"og:description\" content=\"Marion &amp; Baptiste de Sercus pr\u00e9parent leur ouverture de bal avec VP DANSES. Cours particuliers de rock moderne personnalis\u00e9s dans le Nord.\" \/>\n<meta property=\"og:url\" content=\"https:\/\/vpdanses.fr\/home\/bienvenue-chez-vp-danses-hazebrouck\/evenement\/cours-particuliers-danse-mariage-marion-baptiste-sercus-rock-moderne\/2025-08-11\/\" \/>\n<meta property=\"og:site_name\" content=\"VP DANSES, cours de Danse Sportive \u00e0 Aire-sur-la-Lys et \u00e0 Saint-Jans-Cappel (Hauts-de-France)\" \/>\n<meta property=\"article:modified_time\" content=\"2025-08-19T04:53:10+00:00\" \/>\n<meta property=\"og:image\" content=\"https:\/\/vpdanses.fr\/wp-content\/uploads\/2025\/08\/marion-baptiste-rock-moderne-mariage-vp-danses-morbecque-vp-danses.jpg\" \/>\n\t<meta property=\"og:image:width\" content=\"1920\" \/>\n\t<meta property=\"og:image:height\" content=\"1115\" \/>\n\t<meta property=\"og:image:type\" content=\"image\/jpeg\" \/>\n<meta name=\"twitter:card\" content=\"summary_large_image\" \/>\n<meta name=\"twitter:title\" content=\"M. &amp; B. de Sercus pr\u00e9parent leur ouverture de bal ! Rock moderne avec VP DANSES\" \/>\n<meta name=\"twitter:label1\" content=\"Dur\u00e9e de lecture estim\u00e9e\" \/>\n\t<meta name=\"twitter:data1\" content=\"2 minutes\" \/>\n<script type=\"application\/ld+json\" class=\"yoast-schema-graph\">{\"@context\":\"https:\/\/schema.org\",\"@graph\":[{\"@type\":\"WebPage\",\"@id\":\"https:\/\/vpdanses.fr\/home\/bienvenue-chez-vp-danses-hazebrouck\/evenement\/cours-particuliers-danse-mariage-marion-baptiste-sercus-rock-moderne\/2025-08-11\/\",\"url\":\"https:\/\/vpdanses.fr\/home\/bienvenue-chez-vp-danses-hazebrouck\/evenement\/cours-particuliers-danse-mariage-marion-baptiste-sercus-rock-moderne\/2025-08-11\/\",\"name\":\"M. &amp; B. de Sercus pr\u00e9parent leur ouverture de bal ! Rock moderne avec VP DANSES - VP DANSES, cours de Danse Sportive \u00e0 Aire-sur-la-Lys et \u00e0 Saint-Jans-Cappel (Hauts-de-France)\",\"isPartOf\":{\"@id\":\"https:\/\/vpdanses.fr\/home\/bienvenue-chez-vp-danses-hazebrouck\/#website\"},\"primaryImageOfPage\":{\"@id\":\"https:\/\/vpdanses.fr\/home\/bienvenue-chez-vp-danses-hazebrouck\/evenement\/cours-particuliers-danse-mariage-marion-baptiste-sercus-rock-moderne\/2025-08-11\/#primaryimage\"},\"image\":{\"@id\":\"https:\/\/vpdanses.fr\/home\/bienvenue-chez-vp-danses-hazebrouck\/evenement\/cours-particuliers-danse-mariage-marion-baptiste-sercus-rock-moderne\/2025-08-11\/#primaryimage\"},\"thumbnailUrl\":\"https:\/\/vpdanses.fr\/wp-content\/uploads\/2025\/08\/marion-baptiste-rock-moderne-mariage-vp-danses-morbecque-vp-danses.jpg\",\"datePublished\":\"2025-08-08T04:36:10+00:00\",\"dateModified\":\"2025-08-19T04:53:10+00:00\",\"description\":\"Marion & Baptiste de Sercus pr\u00e9parent leur ouverture de bal avec VP DANSES. Cours particuliers de rock moderne personnalis\u00e9s dans le Nord.\",\"breadcrumb\":{\"@id\":\"https:\/\/vpdanses.fr\/home\/bienvenue-chez-vp-danses-hazebrouck\/evenement\/cours-particuliers-danse-mariage-marion-baptiste-sercus-rock-moderne\/2025-08-11\/#breadcrumb\"},\"inLanguage\":\"fr-FR\",\"potentialAction\":[{\"@type\":\"ReadAction\",\"target\":[\"https:\/\/vpdanses.fr\/home\/bienvenue-chez-vp-danses-hazebrouck\/evenement\/cours-particuliers-danse-mariage-marion-baptiste-sercus-rock-moderne\/2025-08-11\/\"]}]},{\"@type\":\"ImageObject\",\"inLanguage\":\"fr-FR\",\"@id\":\"https:\/\/vpdanses.fr\/home\/bienvenue-chez-vp-danses-hazebrouck\/evenement\/cours-particuliers-danse-mariage-marion-baptiste-sercus-rock-moderne\/2025-08-11\/#primaryimage\",\"url\":\"https:\/\/vpdanses.fr\/wp-content\/uploads\/2025\/08\/marion-baptiste-rock-moderne-mariage-vp-danses-morbecque-vp-danses.jpg\",\"contentUrl\":\"https:\/\/vpdanses.fr\/wp-content\/uploads\/2025\/08\/marion-baptiste-rock-moderne-mariage-vp-danses-morbecque-vp-danses.jpg\",\"width\":1920,\"height\":1115,\"caption\":\"Marion et Baptiste apprennent leur chor\u00e9graphie rock moderne avec VP DANSES pour ouverture bal mariage Ch\u00e2teau Morbecque\"},{\"@type\":\"BreadcrumbList\",\"@id\":\"https:\/\/vpdanses.fr\/home\/bienvenue-chez-vp-danses-hazebrouck\/evenement\/cours-particuliers-danse-mariage-marion-baptiste-sercus-rock-moderne\/2025-08-11\/#breadcrumb\",\"itemListElement\":[{\"@type\":\"ListItem\",\"position\":1,\"name\":\"Accueil\",\"item\":\"https:\/\/vpdanses.fr\/home\/bienvenue-chez-vp-danses-hazebrouck\/\"},{\"@type\":\"ListItem\",\"position\":2,\"name\":\"\u00c9v\u00e8nements\",\"item\":\"https:\/\/vpdanses.fr\/home\/bienvenue-chez-vp-danses-hazebrouck\/dates\/\"},{\"@type\":\"ListItem\",\"position\":3,\"name\":\"M. &amp; B. de Sercus pr\u00e9parent leur ouverture de bal ! Rock moderne avec VP DANSES\"}]},{\"@type\":\"WebSite\",\"@id\":\"https:\/\/vpdanses.fr\/home\/bienvenue-chez-vp-danses-hazebrouck\/#website\",\"url\":\"https:\/\/vpdanses.fr\/home\/bienvenue-chez-vp-danses-hazebrouck\/\",\"name\":\"VP DANSES, cours de Danse Sportive \u00e0 Aire-sur-la-Lys et \u00e0 Saint-Jans-Cappel (Hauts-de-France)\",\"description\":\"Cours de Danse Sportive STANDARD (valse anglaise, tango, valse viennoise, slowfox, quickstep), danses sportives LATINES (samba, chacha, rumba, paso doble, jive), danses de bal, danses de salons, danses de loisirs, salsa, rock 4 temps, rock 6 temps, danses en ligne, disco, \u2026 Lieu : Hazebrouck, Aire-sur-la-Lys, Saint-Jans-Cappel et Isbergues (Hauts-de-France) - Cours Particuliers dans les Hauts-de-France - Ouverture de bal de Mariage\",\"publisher\":{\"@id\":\"https:\/\/vpdanses.fr\/home\/bienvenue-chez-vp-danses-hazebrouck\/#organization\"},\"potentialAction\":[{\"@type\":\"SearchAction\",\"target\":{\"@type\":\"EntryPoint\",\"urlTemplate\":\"https:\/\/vpdanses.fr\/home\/bienvenue-chez-vp-danses-hazebrouck\/?s={search_term_string}\"},\"query-input\":{\"@type\":\"PropertyValueSpecification\",\"valueRequired\":true,\"valueName\":\"search_term_string\"}}],\"inLanguage\":\"fr-FR\"},{\"@type\":\"Organization\",\"@id\":\"https:\/\/vpdanses.fr\/home\/bienvenue-chez-vp-danses-hazebrouck\/#organization\",\"name\":\"VP DANSES, cours de Danse Sportive \u00e0 Aire-sur-la-Lys et \u00e0 Saint-Jans-Cappel (Hauts-de-France)\",\"url\":\"https:\/\/vpdanses.fr\/home\/bienvenue-chez-vp-danses-hazebrouck\/\",\"logo\":{\"@type\":\"ImageObject\",\"inLanguage\":\"fr-FR\",\"@id\":\"https:\/\/vpdanses.fr\/home\/bienvenue-chez-vp-danses-hazebrouck\/#\/schema\/logo\/image\/\",\"url\":\"https:\/\/vpdanses.fr\/wp-content\/uploads\/2024\/10\/logo_cadanse_asaintjans.jpeg\",\"contentUrl\":\"https:\/\/vpdanses.fr\/wp-content\/uploads\/2024\/10\/logo_cadanse_asaintjans.jpeg\",\"width\":225,\"height\":225,\"caption\":\"VP DANSES, cours de Danse Sportive \u00e0 Aire-sur-la-Lys et \u00e0 Saint-Jans-Cappel (Hauts-de-France)\"},\"image\":{\"@id\":\"https:\/\/vpdanses.fr\/home\/bienvenue-chez-vp-danses-hazebrouck\/#\/schema\/logo\/image\/\"}}]}<\/script>\n<!-- \/ Yoast SEO Premium plugin. -->","yoast_head_json":{"title":"M. &amp; B. de Sercus pr\u00e9parent leur ouverture de bal ! Rock moderne avec VP DANSES - VP DANSES, cours de Danse Sportive \u00e0 Aire-sur-la-Lys et \u00e0 Saint-Jans-Cappel (Hauts-de-France)","description":"Marion & Baptiste de Sercus pr\u00e9parent leur ouverture de bal avec VP DANSES. Cours particuliers de rock moderne personnalis\u00e9s dans le Nord.","robots":{"index":"index","follow":"follow","max-snippet":"max-snippet:-1","max-image-preview":"max-image-preview:large","max-video-preview":"max-video-preview:-1"},"canonical":"https:\/\/vpdanses.fr\/home\/bienvenue-chez-vp-danses-hazebrouck\/evenement\/cours-particuliers-danse-mariage-marion-baptiste-sercus-rock-moderne\/2025-08-11\/","og_locale":"fr_FR","og_type":"article","og_title":"M. &amp; B. de Sercus pr\u00e9parent leur ouverture de bal ! Rock moderne avec VP DANSES Marion & Baptiste de Sercus pr\u00e9parent leur ouverture de bal ! Rock moderne avec VP DANSES","og_description":"Marion & Baptiste de Sercus pr\u00e9parent leur ouverture de bal avec VP DANSES. Cours particuliers de rock moderne personnalis\u00e9s dans le Nord.","og_url":"https:\/\/vpdanses.fr\/home\/bienvenue-chez-vp-danses-hazebrouck\/evenement\/cours-particuliers-danse-mariage-marion-baptiste-sercus-rock-moderne\/2025-08-11\/","og_site_name":"VP DANSES, cours de Danse Sportive \u00e0 Aire-sur-la-Lys et \u00e0 Saint-Jans-Cappel (Hauts-de-France)","article_modified_time":"2025-08-19T04:53:10+00:00","og_image":[{"width":1920,"height":1115,"url":"https:\/\/vpdanses.fr\/wp-content\/uploads\/2025\/08\/marion-baptiste-rock-moderne-mariage-vp-danses-morbecque-vp-danses.jpg","type":"image\/jpeg"}],"twitter_card":"summary_large_image","twitter_title":"M. &amp; B. de Sercus pr\u00e9parent leur ouverture de bal ! Rock moderne avec VP DANSES","twitter_misc":{"Dur\u00e9e de lecture estim\u00e9e":"2 minutes"},"schema":{"@context":"https:\/\/schema.org","@graph":[{"@type":"WebPage","@id":"https:\/\/vpdanses.fr\/home\/bienvenue-chez-vp-danses-hazebrouck\/evenement\/cours-particuliers-danse-mariage-marion-baptiste-sercus-rock-moderne\/2025-08-11\/","url":"https:\/\/vpdanses.fr\/home\/bienvenue-chez-vp-danses-hazebrouck\/evenement\/cours-particuliers-danse-mariage-marion-baptiste-sercus-rock-moderne\/2025-08-11\/","name":"M. &amp; B. de Sercus pr\u00e9parent leur ouverture de bal ! Rock moderne avec VP DANSES - VP DANSES, cours de Danse Sportive \u00e0 Aire-sur-la-Lys et \u00e0 Saint-Jans-Cappel (Hauts-de-France)","isPartOf":{"@id":"https:\/\/vpdanses.fr\/home\/bienvenue-chez-vp-danses-hazebrouck\/#website"},"primaryImageOfPage":{"@id":"https:\/\/vpdanses.fr\/home\/bienvenue-chez-vp-danses-hazebrouck\/evenement\/cours-particuliers-danse-mariage-marion-baptiste-sercus-rock-moderne\/2025-08-11\/#primaryimage"},"image":{"@id":"https:\/\/vpdanses.fr\/home\/bienvenue-chez-vp-danses-hazebrouck\/evenement\/cours-particuliers-danse-mariage-marion-baptiste-sercus-rock-moderne\/2025-08-11\/#primaryimage"},"thumbnailUrl":"https:\/\/vpdanses.fr\/wp-content\/uploads\/2025\/08\/marion-baptiste-rock-moderne-mariage-vp-danses-morbecque-vp-danses.jpg","datePublished":"2025-08-08T04:36:10+00:00","dateModified":"2025-08-19T04:53:10+00:00","description":"Marion & Baptiste de Sercus pr\u00e9parent leur ouverture de bal avec VP DANSES. Cours particuliers de rock moderne personnalis\u00e9s dans le Nord.","breadcrumb":{"@id":"https:\/\/vpdanses.fr\/home\/bienvenue-chez-vp-danses-hazebrouck\/evenement\/cours-particuliers-danse-mariage-marion-baptiste-sercus-rock-moderne\/2025-08-11\/#breadcrumb"},"inLanguage":"fr-FR","potentialAction":[{"@type":"ReadAction","target":["https:\/\/vpdanses.fr\/home\/bienvenue-chez-vp-danses-hazebrouck\/evenement\/cours-particuliers-danse-mariage-marion-baptiste-sercus-rock-moderne\/2025-08-11\/"]}]},{"@type":"ImageObject","inLanguage":"fr-FR","@id":"https:\/\/vpdanses.fr\/home\/bienvenue-chez-vp-danses-hazebrouck\/evenement\/cours-particuliers-danse-mariage-marion-baptiste-sercus-rock-moderne\/2025-08-11\/#primaryimage","url":"https:\/\/vpdanses.fr\/wp-content\/uploads\/2025\/08\/marion-baptiste-rock-moderne-mariage-vp-danses-morbecque-vp-danses.jpg","contentUrl":"https:\/\/vpdanses.fr\/wp-content\/uploads\/2025\/08\/marion-baptiste-rock-moderne-mariage-vp-danses-morbecque-vp-danses.jpg","width":1920,"height":1115,"caption":"Marion et Baptiste apprennent leur chor\u00e9graphie rock moderne avec VP DANSES pour ouverture bal mariage Ch\u00e2teau Morbecque"},{"@type":"BreadcrumbList","@id":"https:\/\/vpdanses.fr\/home\/bienvenue-chez-vp-danses-hazebrouck\/evenement\/cours-particuliers-danse-mariage-marion-baptiste-sercus-rock-moderne\/2025-08-11\/#breadcrumb","itemListElement":[{"@type":"ListItem","position":1,"name":"Accueil","item":"https:\/\/vpdanses.fr\/home\/bienvenue-chez-vp-danses-hazebrouck\/"},{"@type":"ListItem","position":2,"name":"\u00c9v\u00e8nements","item":"https:\/\/vpdanses.fr\/home\/bienvenue-chez-vp-danses-hazebrouck\/dates\/"},{"@type":"ListItem","position":3,"name":"M. &amp; B. de Sercus pr\u00e9parent leur ouverture de bal ! Rock moderne avec VP DANSES"}]},{"@type":"WebSite","@id":"https:\/\/vpdanses.fr\/home\/bienvenue-chez-vp-danses-hazebrouck\/#website","url":"https:\/\/vpdanses.fr\/home\/bienvenue-chez-vp-danses-hazebrouck\/","name":"VP DANSES, cours de Danse Sportive \u00e0 Aire-sur-la-Lys et \u00e0 Saint-Jans-Cappel (Hauts-de-France)","description":"Cours de Danse Sportive STANDARD (valse anglaise, tango, valse viennoise, slowfox, quickstep), danses sportives LATINES (samba, chacha, rumba, paso doble, jive), danses de bal, danses de salons, danses de loisirs, salsa, rock 4 temps, rock 6 temps, danses en ligne, disco, \u2026 Lieu : Hazebrouck, Aire-sur-la-Lys, Saint-Jans-Cappel et Isbergues (Hauts-de-France) - Cours Particuliers dans les Hauts-de-France - Ouverture de bal de Mariage","publisher":{"@id":"https:\/\/vpdanses.fr\/home\/bienvenue-chez-vp-danses-hazebrouck\/#organization"},"potentialAction":[{"@type":"SearchAction","target":{"@type":"EntryPoint","urlTemplate":"https:\/\/vpdanses.fr\/home\/bienvenue-chez-vp-danses-hazebrouck\/?s={search_term_string}"},"query-input":{"@type":"PropertyValueSpecification","valueRequired":true,"valueName":"search_term_string"}}],"inLanguage":"fr-FR"},{"@type":"Organization","@id":"https:\/\/vpdanses.fr\/home\/bienvenue-chez-vp-danses-hazebrouck\/#organization","name":"VP DANSES, cours de Danse Sportive \u00e0 Aire-sur-la-Lys et \u00e0 Saint-Jans-Cappel (Hauts-de-France)","url":"https:\/\/vpdanses.fr\/home\/bienvenue-chez-vp-danses-hazebrouck\/","logo":{"@type":"ImageObject","inLanguage":"fr-FR","@id":"https:\/\/vpdanses.fr\/home\/bienvenue-chez-vp-danses-hazebrouck\/#\/schema\/logo\/image\/","url":"https:\/\/vpdanses.fr\/wp-content\/uploads\/2024\/10\/logo_cadanse_asaintjans.jpeg","contentUrl":"https:\/\/vpdanses.fr\/wp-content\/uploads\/2024\/10\/logo_cadanse_asaintjans.jpeg","width":225,"height":225,"caption":"VP DANSES, cours de Danse Sportive \u00e0 Aire-sur-la-Lys et \u00e0 Saint-Jans-Cappel (Hauts-de-France)"},"image":{"@id":"https:\/\/vpdanses.fr\/home\/bienvenue-chez-vp-danses-hazebrouck\/#\/schema\/logo\/image\/"}}]}},"uagb_featured_image_src":{"full":["https:\/\/vpdanses.fr\/wp-content\/uploads\/2025\/08\/marion-baptiste-rock-moderne-mariage-vp-danses-morbecque-vp-danses.jpg",1920,1115,false],"thumbnail":["https:\/\/vpdanses.fr\/wp-content\/uploads\/2025\/08\/marion-baptiste-rock-moderne-mariage-vp-danses-morbecque-vp-danses-150x150.jpg",150,150,true],"medium":["https:\/\/vpdanses.fr\/wp-content\/uploads\/2025\/08\/marion-baptiste-rock-moderne-mariage-vp-danses-morbecque-vp-danses-300x174.jpg",300,174,true],"medium_large":["https:\/\/vpdanses.fr\/wp-content\/uploads\/2025\/08\/marion-baptiste-rock-moderne-mariage-vp-danses-morbecque-vp-danses-768x446.jpg",768,446,true],"large":["https:\/\/vpdanses.fr\/wp-content\/uploads\/2025\/08\/marion-baptiste-rock-moderne-mariage-vp-danses-morbecque-vp-danses-1024x595.jpg",1024,595,true],"1536x1536":["https:\/\/vpdanses.fr\/wp-content\/uploads\/2025\/08\/marion-baptiste-rock-moderne-mariage-vp-danses-morbecque-vp-danses-1536x892.jpg",1536,892,true],"2048x2048":["https:\/\/vpdanses.fr\/wp-content\/uploads\/2025\/08\/marion-baptiste-rock-moderne-mariage-vp-danses-morbecque-vp-danses.jpg",1920,1115,false],"vp_sm":["https:\/\/vpdanses.fr\/wp-content\/uploads\/2025\/08\/marion-baptiste-rock-moderne-mariage-vp-danses-morbecque-vp-danses-500x290.jpg",500,290,true],"vp_md":["https:\/\/vpdanses.fr\/wp-content\/uploads\/2025\/08\/marion-baptiste-rock-moderne-mariage-vp-danses-morbecque-vp-danses-800x465.jpg",800,465,true],"vp_lg":["https:\/\/vpdanses.fr\/wp-content\/uploads\/2025\/08\/marion-baptiste-rock-moderne-mariage-vp-danses-morbecque-vp-danses-1280x743.jpg",1280,743,true],"vp_xl":["https:\/\/vpdanses.fr\/wp-content\/uploads\/2025\/08\/marion-baptiste-rock-moderne-mariage-vp-danses-morbecque-vp-danses.jpg",1920,1115,false],"vp_sm_popup":["https:\/\/vpdanses.fr\/wp-content\/uploads\/2025\/08\/marion-baptiste-rock-moderne-mariage-vp-danses-morbecque-vp-danses-500x290.jpg",500,290,true],"vp_md_popup":["https:\/\/vpdanses.fr\/wp-content\/uploads\/2025\/08\/marion-baptiste-rock-moderne-mariage-vp-danses-morbecque-vp-danses-800x465.jpg",800,465,true],"vp_xl_popup":["https:\/\/vpdanses.fr\/wp-content\/uploads\/2025\/08\/marion-baptiste-rock-moderne-mariage-vp-danses-morbecque-vp-danses.jpg",1920,1115,false],"dance-blog-thumb":["https:\/\/vpdanses.fr\/wp-content\/uploads\/2025\/08\/marion-baptiste-rock-moderne-mariage-vp-danses-morbecque-vp-danses-150x120.jpg",150,120,true],"dance-event-list":["https:\/\/vpdanses.fr\/wp-content\/uploads\/2025\/08\/marion-baptiste-rock-moderne-mariage-vp-danses-morbecque-vp-danses-420x336.jpg",420,336,true],"dance-event-single-type1":["https:\/\/vpdanses.fr\/wp-content\/uploads\/2025\/08\/marion-baptiste-rock-moderne-mariage-vp-danses-morbecque-vp-danses-773x520.jpg",773,520,true],"dance-event-single-type4":["https:\/\/vpdanses.fr\/wp-content\/uploads\/2025\/08\/marion-baptiste-rock-moderne-mariage-vp-danses-morbecque-vp-danses-570x460.jpg",570,460,true],"dance-event-single-type5":["https:\/\/vpdanses.fr\/wp-content\/uploads\/2025\/08\/marion-baptiste-rock-moderne-mariage-vp-danses-morbecque-vp-danses-746x770.jpg",746,770,true],"dance-event-list2":["https:\/\/vpdanses.fr\/wp-content\/uploads\/2025\/08\/marion-baptiste-rock-moderne-mariage-vp-danses-morbecque-vp-danses-420x275.jpg",420,275,true]},"uagb_author_info":{"display_name":"VP DANSES","author_link":"https:\/\/vpdanses.fr\/home\/bienvenue-chez-vp-danses-hazebrouck\/author\/adminvp20241018\/"},"uagb_comment_info":0,"uagb_excerpt":"Marion & Baptiste de Sercus pr\u00e9parent leur ouverture de bal avec VP DANSES. Cours particuliers de rock moderne personnalis\u00e9s dans le Nord.","jetpack_sharing_enabled":true,"ticketed":false,"_links":{"self":[{"href":"https:\/\/vpdanses.fr\/home\/bienvenue-chez-vp-danses-hazebrouck\/wp-json\/wp\/v2\/tribe_events\/14125","targetHints":{"allow":["GET"]}}],"collection":[{"href":"https:\/\/vpdanses.fr\/home\/bienvenue-chez-vp-danses-hazebrouck\/wp-json\/wp\/v2\/tribe_events"}],"about":[{"href":"https:\/\/vpdanses.fr\/home\/bienvenue-chez-vp-danses-hazebrouck\/wp-json\/wp\/v2\/types\/tribe_events"}],"author":[{"embeddable":true,"href":"https:\/\/vpdanses.fr\/home\/bienvenue-chez-vp-danses-hazebrouck\/wp-json\/wp\/v2\/users\/1"}],"version-history":[{"count":5,"href":"https:\/\/vpdanses.fr\/home\/bienvenue-chez-vp-danses-hazebrouck\/wp-json\/wp\/v2\/tribe_events\/14125\/revisions"}],"predecessor-version":[{"id":14202,"href":"https:\/\/vpdanses.fr\/home\/bienvenue-chez-vp-danses-hazebrouck\/wp-json\/wp\/v2\/tribe_events\/14125\/revisions\/14202"}],"wp:featuredmedia":[{"embeddable":true,"href":"https:\/\/vpdanses.fr\/home\/bienvenue-chez-vp-danses-hazebrouck\/wp-json\/wp\/v2\/media\/14200"}],"wp:attachment":[{"href":"https:\/\/vpdanses.fr\/home\/bienvenue-chez-vp-danses-hazebrouck\/wp-json\/wp\/v2\/media?parent=14125"}],"wp:term":[{"taxonomy":"post_tag","embeddable":true,"href":"https:\/\/vpdanses.fr\/home\/bienvenue-chez-vp-danses-hazebrouck\/wp-json\/wp\/v2\/tags?post=14125"},{"taxonomy":"tribe_events_cat","embeddable":true,"href":"https:\/\/vpdanses.fr\/home\/bienvenue-chez-vp-danses-hazebrouck\/wp-json\/wp\/v2\/tribe_events_cat?post=14125"}],"curies":[{"name":"wp","href":"https:\/\/api.w.org\/{rel}","templated":true}]}}