{"id":14167,"date":"2025-08-18T05:34:27","date_gmt":"2025-08-18T03:34:27","guid":{"rendered":"https:\/\/vpdanses.fr\/home\/bienvenue-chez-vp-danses-hazebrouck\/?post_type=tribe_events&#038;p=14167"},"modified":"2025-08-18T19:04:42","modified_gmt":"2025-08-18T17:04:42","slug":"cours-collectifs-danse-sportive-adultes-seniors-planetaire-aire-sur-la-lys-2025-2026","status":"publish","type":"tribe_events","link":"https:\/\/vpdanses.fr\/home\/bienvenue-chez-vp-danses-hazebrouck\/evenement\/cours-collectifs-danse-sportive-adultes-seniors-planetaire-aire-sur-la-lys-2025-2026\/","title":{"rendered":"Cours Collectifs de Danse Sportive Adultes &amp; Seniors &#8211; Planet&rsquo;Aire Aire-sur-la-Lys"},"content":{"rendered":"<div  class=\"tribe-events-schedule tribe-clearfix\" >\n\t<p class=\"tribe-events-schedule__datetime\">\n\t\t<span class=\"tribe-events-schedule__date tribe-events-schedule__date--start\">\n\t\t\t12 septembre 2025\t\t<\/span>\n\n\t\t\t\t\t<span class=\"tribe-events-schedule__separator tribe-events-schedule__separator--date\">\n\t\t\t\t &gt; \t\t\t<\/span>\n\t\t\t<span class=\"tribe-events-schedule__time tribe-events-schedule__time--start\">\n\t\t\t\t19h45\t\t\t<\/span>\n\t\t\n\t\t\t\t\t\t\t\t\t<span class=\"tribe-events-schedule__separator tribe-events-schedule__separator--time\">\n\t\t\t\t\t &#8211; \t\t\t\t<\/span>\n\t\t\t\n\t\t\t\t\t\t\t<span class=\"tribe-events-schedule__time tribe-events-schedule__time--end\">\n\t\t\t\t\t20h45\t\t\t\t<\/span>\n\t\t\t\n\t\t\t\t\t\t<\/p>\n<\/div>\n\n\n\n<div style=\"height:100px\" aria-hidden=\"true\" class=\"wp-block-spacer\"><\/div>\n\n\n\n<h2 class=\"wp-block-heading\" id=\"h-infos-pratiques-et-modalites-de-reglements\">INFOS PRATIQUES ET MODALIT\u00c9S DE R\u00c8GLEMENTS : <\/h2>\n\n\n\n<p>INFOS PRATIQUES ET MODALIT\u00c9S DE R\u00c8GLEMENTS :&nbsp;<\/p>\n\n\n\n<p>Toutes les informations pratiques ainsi que les modalit\u00e9s de r\u00e8glement sont disponibles dans la page \u2018<a href=\"https:\/\/vpdanses.fr\/home\/bienvenue-chez-vp-danses-hazebrouck\/cours-collectifs-danses-aire-sur-la-lys-et-saint-jans-cappel\/?preview_id=12715&amp;preview_nonce=c737eb1ef0&amp;_thumbnail_id=-1&amp;preview=true\" target=\"_blank\" rel=\"noreferrer noopener\">Cours Collectifs<\/a>\u2018 de notre site internet.&nbsp;<\/p>\n\n\n\n<p>Voici le lien :&nbsp;<a href=\"https:\/\/vpdanses.fr\/home\/bienvenue-chez-vp-danses-hazebrouck\/cours-collectifs-danses-aire-sur-la-lys-et-saint-jans-cappel\/\" target=\"_blank\" rel=\"noreferrer noopener\">https:\/\/vpdanses.fr\/home\/bienvenue-chez-vp-danses-hazebrouck\/cours-collectifs-danses-aire-sur-la-lys-et-saint-jans-cappel\/<\/a><\/p>\n\n\n\n<div style=\"height:100px\" aria-hidden=\"true\" class=\"wp-block-spacer\"><\/div>\n\n\n<div  class=\"tribe-block tribe-block__organizer__details tribe-clearfix\" >\n\t<div class=\"tribe-block__organizer__title\">\n\t\t<h3><a href=\"https:\/\/vpdanses.fr\/home\/bienvenue-chez-vp-danses-hazebrouck\/organisateur\/vp-danses-association-de-danses-hazebrouck-saint-jans-cappel-aire-sur-la-lys\/\" title=\"VP DANSES, association de danses Hazebrouck, Saint-Jans-Cappel, Aire-sur-la-Lys\" target=\"_self\" rel=\"\">VP DANSES, association de danses Hazebrouck, Saint-Jans-Cappel, Aire-sur-la-Lys<\/a><\/h3>\n\t<\/div>\n\t\t\t<p class=\"tribe-block__organizer__phone\">0769899751<\/p>\n\t\t\t\t<p class=\"tribe-block__organizer__website\"><a href=\"https:\/\/vpdanses.fr\" target=\"_self\" rel=\"external\">Voir le site Organisateur<\/a><\/p>\n\t\t\t\t<p class=\"tribe-block__organizer__email\">&#099;on&#116;&#097;&#099;t&#064;v&#112;&#100;a&#110;s&#101;s&#046;&#102;&#114;<\/p>\n\t<\/div>\n\n\n<div  class=\"tribe-block tribe-block__venue tribe-clearfix tribe-block__venue--has-map\" >\n\t\n\t\n<div class=\"tribe-block__venue__meta\">\n\t<div class=\"tribe-block__venue__name\">\n\t\t<h3><a href=\"https:\/\/vpdanses.fr\/home\/bienvenue-chez-vp-danses-hazebrouck\/lieu\/parc-loisirs-planet-aire\/\" title=\"Parc de Loisirs plan\u00e9taire\">Parc de Loisirs plan\u00e9taire<\/a><\/h3>\n\t<\/div>\n\n\t\n\t\t\t\t\t\t<address class=\"tribe-block__venue__address\">\n\t\t\t\t<span class=\"tribe-address\">\n\n<span class=\"tribe-street-address\">1 rue de Constantinople<\/span>\n\t\n\t\t<br>\n\t\t<span class=\"tribe-locality\">Aire-sur-la-Lys<\/span><span class=\"tribe-delimiter\">,<\/span>\n\n\t<abbr class=\"tribe-region tribe-events-abbr\" title=\"Nord\">Nord<\/abbr>\n\n\t<span class=\"tribe-postal-code\">62120<\/span>\n\n\t<span class=\"tribe-country-name\">France<\/span>\n\n<\/span>\n\n\t\t\t\t\t\t\t\t\t<a class=\"tribe-events-gmap\" href=\"https:\/\/maps.google.com\/maps?f=q&#038;source=s_q&#038;hl=en&#038;geocode=&#038;q=1+rue+de+Constantinople+Aire-sur-la-Lys+Nord+62120+France\" title=\"Cliquez pour voir une carte Google Map\" target=\"_blank\" rel=\"noreferrer noopener\">+ Google Map<\/a>\t\t\t\t\t\t\t<\/address>\n\t\t\n\t\t\t\t\t<span class=\"tribe-block__venue__phone\">03 76 15 00 43<\/span><br \/>\n\t\t\n\t\t\t\t\t<span class=\"tribe-block__venue__website\"><a href=\"https:\/\/planetaire.fr\" target=\"_self\" rel=\"external\">Voir Lieu site web<\/a><\/span><br \/>\n\t\t\t\n\t<\/div>\n\t\n<div class=\"tribe-block__venue__map\">\n\t\n<iframe loading=\"lazy\"\n  title=\"L\u2018iframe Google maps affichant l\u2019adresse \u00e0 Parc de Loisirs plan\u00e9taire\"\n  aria-label=\"Plan des lieux\"\n  width=\"310px\"\n  height=\"256px\"\n  frameborder=\"0\" style=\"border:0\"\n  src=\"https:\/\/www.google.com\/maps\/embed\/v1\/place?key=AIzaSyDNsicAsP6-VuGtAb1O9riI3oc_NOb7IOU&#038;q=1+rue+de+Constantinople+Aire-sur-la-Lys+Nord+62120+France+&#038;zoom=11\" allowfullscreen>\n<\/iframe>\n<\/div>\n\n\t<\/div>\n","protected":false},"excerpt":{"rendered":"<p>Cours collectifs de  danse sportive Adultes &#038; Seniors chaque vendredis de  19h45-20h45 \u00e0 Planet&rsquo;Aire, Aire-sur-la-Lys. Niveaux D\u00e9butants et Grands D\u00e9butants. Inscriptions VP DANSES saison 2025\/2026.<\/p>\n","protected":false},"author":1,"featured_media":14143,"template":"","meta":{"_uag_custom_page_level_css":"","_price":"","_stock":"","_tribe_ticket_header":"","_tribe_default_ticket_provider":"","_tribe_ticket_capacity":"","_ticket_start_date":"","_ticket_end_date":"","_tribe_ticket_show_description":"","_tribe_ticket_show_not_going":false,"_tribe_ticket_use_global_stock":"","_tribe_ticket_global_stock_level":"","_global_stock_mode":"","_global_stock_cap":"","_tribe_rsvp_for_event":"","_tribe_ticket_going_count":"","_tribe_ticket_not_going_count":"","_tribe_tickets_list":"[]","_tribe_ticket_has_attendee_info_fields":false,"_EventAllDay":false,"_EventTimezone":"Europe\/Paris","_EventStartDate":"2025-09-12 19:45:00","_EventEndDate":"2025-09-12 20:45:00","_EventStartDateUTC":"2025-09-12 17:45:00","_EventEndDateUTC":"2025-09-12 18:45:00","_EventShowMap":false,"_EventShowMapLink":false,"_EventURL":"","_EventCost":"","_EventCostDescription":"","_EventCurrencySymbol":"\u20ac","_EventCurrencyCode":"EUR","_EventCurrencyPosition":"suffix","_EventDateTimeSeparator":" > ","_EventTimeRangeSeparator":" - ","_EventOrganizerID":[13043],"_EventVenueID":[13500],"_OrganizerEmail":"","_OrganizerPhone":"","_OrganizerWebsite":"","_VenueAddress":"","_VenueCity":"","_VenueCountry":"","_VenueProvince":"","_VenueState":"","_VenueZip":"","_VenuePhone":"","_VenueURL":"","_VenueStateProvince":"","_VenueLat":"","_VenueLng":"","_VenueShowMap":false,"_VenueShowMapLink":false,"_tribe_events_status":"","_tribe_events_status_reason":"","footnotes":"","_tec_slr_enabled":"","_tec_slr_layout":""},"tags":[332,285,327,334,328,333,331,330,329,335],"tribe_events_cat":[322,323,170],"class_list":["post-14167","tribe_events","type-tribe_events","status-publish","has-post-thumbnail","hentry","tag-adultes-debutants","tag-aire-sur-la-lys","tag-cours-adultes","tag-danse-loisir","tag-danse-sportive-adultes","tag-pas-de-calais","tag-planet-aire","tag-seniors","tag-vendredi-soir","tag-vp-danses-2","tribe_events_cat-cours-collectifs-danse-sportive-latines-standards","tribe_events_cat-cours-collectifs-aire-sur-la-lys-danse-sportive-latines-standards","tribe_events_cat-danse-sportive","cat_cours-collectifs-danse-sportive-latines-standards","cat_cours-collectifs-aire-sur-la-lys-danse-sportive-latines-standards","cat_danse-sportive"],"yoast_head":"<!-- This site is optimized with the Yoast SEO Premium plugin v25.6 (Yoast SEO v25.6) - https:\/\/yoast.com\/wordpress\/plugins\/seo\/ -->\n<title>Cours Collectifs de Danse Sportive Adultes &amp; Seniors - Planet&#039;Aire Aire-sur-la-Lys - VP DANSES, cours de Danse Sportive \u00e0 Aire-sur-la-Lys et \u00e0 Saint-Jans-Cappel (Hauts-de-France)<\/title>\n<meta name=\"description\" content=\"Cours collectifs 2025\/2026 danse sportive Adultes &amp; Seniors vendredis 19h45-20h45 \u00e0 Planet&#039;Aire, Aire-sur-la-Lys. D\u00e9butants et Grands D\u00e9butants. Inscriptions VP DANSES.\" \/>\n<meta name=\"robots\" content=\"index, follow, max-snippet:-1, max-image-preview:large, max-video-preview:-1\" \/>\n<link rel=\"canonical\" href=\"https:\/\/vpdanses.fr\/home\/bienvenue-chez-vp-danses-hazebrouck\/evenement\/cours-collectifs-danse-sportive-adultes-seniors-planetaire-aire-sur-la-lys-2025-2026\/2025-09-12\/\" \/>\n<meta property=\"og:locale\" content=\"fr_FR\" \/>\n<meta property=\"og:type\" content=\"article\" \/>\n<meta property=\"og:title\" content=\"Cours Collectifs de Danse Sportive Adultes &amp; Seniors - Planet&#039;Aire Aire-sur-la-Lys\" \/>\n<meta property=\"og:description\" content=\"Cours collectifs 2025\/2026 danse sportive Adultes &amp; Seniors vendredis 19h45-20h45 \u00e0 Planet&#039;Aire, Aire-sur-la-Lys. D\u00e9butants et Grands D\u00e9butants. Inscriptions VP DANSES.\" \/>\n<meta property=\"og:url\" content=\"https:\/\/vpdanses.fr\/home\/bienvenue-chez-vp-danses-hazebrouck\/evenement\/cours-collectifs-danse-sportive-adultes-seniors-planetaire-aire-sur-la-lys-2025-2026\/2025-09-12\/\" \/>\n<meta property=\"og:site_name\" content=\"VP DANSES, cours de Danse Sportive \u00e0 Aire-sur-la-Lys et \u00e0 Saint-Jans-Cappel (Hauts-de-France)\" \/>\n<meta property=\"article:modified_time\" content=\"2025-08-18T17:04:42+00:00\" \/>\n<meta property=\"og:image\" content=\"https:\/\/vpdanses.fr\/wp-content\/uploads\/2025\/08\/Template_Flyer_A3_VP_DANSES.jpg\" \/>\n\t<meta property=\"og:image:width\" content=\"1024\" \/>\n\t<meta property=\"og:image:height\" content=\"1445\" \/>\n\t<meta property=\"og:image:type\" content=\"image\/jpeg\" \/>\n<meta name=\"twitter:card\" content=\"summary_large_image\" \/>\n<meta name=\"twitter:label1\" content=\"Dur\u00e9e de lecture estim\u00e9e\" \/>\n\t<meta name=\"twitter:data1\" content=\"1 minute\" \/>\n<script type=\"application\/ld+json\" class=\"yoast-schema-graph\">{\"@context\":\"https:\/\/schema.org\",\"@graph\":[{\"@type\":\"WebPage\",\"@id\":\"https:\/\/vpdanses.fr\/home\/bienvenue-chez-vp-danses-hazebrouck\/evenement\/cours-collectifs-danse-sportive-adultes-seniors-planetaire-aire-sur-la-lys-2025-2026\/2025-09-12\/\",\"url\":\"https:\/\/vpdanses.fr\/home\/bienvenue-chez-vp-danses-hazebrouck\/evenement\/cours-collectifs-danse-sportive-adultes-seniors-planetaire-aire-sur-la-lys-2025-2026\/2025-09-12\/\",\"name\":\"Cours Collectifs de Danse Sportive Adultes &amp; Seniors - Planet'Aire Aire-sur-la-Lys - VP DANSES, cours de Danse Sportive \u00e0 Aire-sur-la-Lys et \u00e0 Saint-Jans-Cappel (Hauts-de-France)\",\"isPartOf\":{\"@id\":\"https:\/\/vpdanses.fr\/home\/bienvenue-chez-vp-danses-hazebrouck\/#website\"},\"primaryImageOfPage\":{\"@id\":\"https:\/\/vpdanses.fr\/home\/bienvenue-chez-vp-danses-hazebrouck\/evenement\/cours-collectifs-danse-sportive-adultes-seniors-planetaire-aire-sur-la-lys-2025-2026\/2025-09-12\/#primaryimage\"},\"image\":{\"@id\":\"https:\/\/vpdanses.fr\/home\/bienvenue-chez-vp-danses-hazebrouck\/evenement\/cours-collectifs-danse-sportive-adultes-seniors-planetaire-aire-sur-la-lys-2025-2026\/2025-09-12\/#primaryimage\"},\"thumbnailUrl\":\"https:\/\/vpdanses.fr\/wp-content\/uploads\/2025\/08\/Template_Flyer_A3_VP_DANSES.jpg\",\"datePublished\":\"2025-08-18T03:34:27+00:00\",\"dateModified\":\"2025-08-18T17:04:42+00:00\",\"description\":\"Cours collectifs 2025\/2026 danse sportive Adultes & Seniors vendredis 19h45-20h45 \u00e0 Planet'Aire, Aire-sur-la-Lys. D\u00e9butants et Grands D\u00e9butants. Inscriptions VP DANSES.\",\"breadcrumb\":{\"@id\":\"https:\/\/vpdanses.fr\/home\/bienvenue-chez-vp-danses-hazebrouck\/evenement\/cours-collectifs-danse-sportive-adultes-seniors-planetaire-aire-sur-la-lys-2025-2026\/2025-09-12\/#breadcrumb\"},\"inLanguage\":\"fr-FR\",\"potentialAction\":[{\"@type\":\"ReadAction\",\"target\":[\"https:\/\/vpdanses.fr\/home\/bienvenue-chez-vp-danses-hazebrouck\/evenement\/cours-collectifs-danse-sportive-adultes-seniors-planetaire-aire-sur-la-lys-2025-2026\/2025-09-12\/\"]}]},{\"@type\":\"ImageObject\",\"inLanguage\":\"fr-FR\",\"@id\":\"https:\/\/vpdanses.fr\/home\/bienvenue-chez-vp-danses-hazebrouck\/evenement\/cours-collectifs-danse-sportive-adultes-seniors-planetaire-aire-sur-la-lys-2025-2026\/2025-09-12\/#primaryimage\",\"url\":\"https:\/\/vpdanses.fr\/wp-content\/uploads\/2025\/08\/Template_Flyer_A3_VP_DANSES.jpg\",\"contentUrl\":\"https:\/\/vpdanses.fr\/wp-content\/uploads\/2025\/08\/Template_Flyer_A3_VP_DANSES.jpg\",\"width\":1024,\"height\":1445,\"caption\":\"Cours collectifs danse sportive enfants vendredis 18h30-19h30 \u00e0 Planet'Aire, Aire-sur-la-Lys. Initiation ludique danse. Inscriptions VP DANSES.\"},{\"@type\":\"BreadcrumbList\",\"@id\":\"https:\/\/vpdanses.fr\/home\/bienvenue-chez-vp-danses-hazebrouck\/evenement\/cours-collectifs-danse-sportive-adultes-seniors-planetaire-aire-sur-la-lys-2025-2026\/2025-09-12\/#breadcrumb\",\"itemListElement\":[{\"@type\":\"ListItem\",\"position\":1,\"name\":\"Accueil\",\"item\":\"https:\/\/vpdanses.fr\/home\/bienvenue-chez-vp-danses-hazebrouck\/\"},{\"@type\":\"ListItem\",\"position\":2,\"name\":\"\u00c9v\u00e8nements\",\"item\":\"https:\/\/vpdanses.fr\/home\/bienvenue-chez-vp-danses-hazebrouck\/dates\/\"},{\"@type\":\"ListItem\",\"position\":3,\"name\":\"Cours Collectifs de Danse Sportive Adultes &amp; Seniors &#8211; Planet&rsquo;Aire Aire-sur-la-Lys\"}]},{\"@type\":\"WebSite\",\"@id\":\"https:\/\/vpdanses.fr\/home\/bienvenue-chez-vp-danses-hazebrouck\/#website\",\"url\":\"https:\/\/vpdanses.fr\/home\/bienvenue-chez-vp-danses-hazebrouck\/\",\"name\":\"VP DANSES, cours de Danse Sportive \u00e0 Aire-sur-la-Lys et \u00e0 Saint-Jans-Cappel (Hauts-de-France)\",\"description\":\"Cours de Danse Sportive STANDARD (valse anglaise, tango, valse viennoise, slowfox, quickstep), danses sportives LATINES (samba, chacha, rumba, paso doble, jive), danses de bal, danses de salons, danses de loisirs, salsa, rock 4 temps, rock 6 temps, danses en ligne, disco, \u2026 Lieu : Hazebrouck, Aire-sur-la-Lys, Saint-Jans-Cappel et Isbergues (Hauts-de-France) - Cours Particuliers dans les Hauts-de-France - Ouverture de bal de Mariage\",\"publisher\":{\"@id\":\"https:\/\/vpdanses.fr\/home\/bienvenue-chez-vp-danses-hazebrouck\/#organization\"},\"potentialAction\":[{\"@type\":\"SearchAction\",\"target\":{\"@type\":\"EntryPoint\",\"urlTemplate\":\"https:\/\/vpdanses.fr\/home\/bienvenue-chez-vp-danses-hazebrouck\/?s={search_term_string}\"},\"query-input\":{\"@type\":\"PropertyValueSpecification\",\"valueRequired\":true,\"valueName\":\"search_term_string\"}}],\"inLanguage\":\"fr-FR\"},{\"@type\":\"Organization\",\"@id\":\"https:\/\/vpdanses.fr\/home\/bienvenue-chez-vp-danses-hazebrouck\/#organization\",\"name\":\"VP DANSES, cours de Danse Sportive \u00e0 Aire-sur-la-Lys et \u00e0 Saint-Jans-Cappel (Hauts-de-France)\",\"url\":\"https:\/\/vpdanses.fr\/home\/bienvenue-chez-vp-danses-hazebrouck\/\",\"logo\":{\"@type\":\"ImageObject\",\"inLanguage\":\"fr-FR\",\"@id\":\"https:\/\/vpdanses.fr\/home\/bienvenue-chez-vp-danses-hazebrouck\/#\/schema\/logo\/image\/\",\"url\":\"https:\/\/vpdanses.fr\/wp-content\/uploads\/2024\/10\/logo_cadanse_asaintjans.jpeg\",\"contentUrl\":\"https:\/\/vpdanses.fr\/wp-content\/uploads\/2024\/10\/logo_cadanse_asaintjans.jpeg\",\"width\":225,\"height\":225,\"caption\":\"VP DANSES, cours de Danse Sportive \u00e0 Aire-sur-la-Lys et \u00e0 Saint-Jans-Cappel (Hauts-de-France)\"},\"image\":{\"@id\":\"https:\/\/vpdanses.fr\/home\/bienvenue-chez-vp-danses-hazebrouck\/#\/schema\/logo\/image\/\"}}]}<\/script>\n<!-- \/ Yoast SEO Premium plugin. -->","yoast_head_json":{"title":"Cours Collectifs de Danse Sportive Adultes &amp; Seniors - Planet'Aire Aire-sur-la-Lys - VP DANSES, cours de Danse Sportive \u00e0 Aire-sur-la-Lys et \u00e0 Saint-Jans-Cappel (Hauts-de-France)","description":"Cours collectifs 2025\/2026 danse sportive Adultes & Seniors vendredis 19h45-20h45 \u00e0 Planet'Aire, Aire-sur-la-Lys. D\u00e9butants et Grands D\u00e9butants. Inscriptions VP DANSES.","robots":{"index":"index","follow":"follow","max-snippet":"max-snippet:-1","max-image-preview":"max-image-preview:large","max-video-preview":"max-video-preview:-1"},"canonical":"https:\/\/vpdanses.fr\/home\/bienvenue-chez-vp-danses-hazebrouck\/evenement\/cours-collectifs-danse-sportive-adultes-seniors-planetaire-aire-sur-la-lys-2025-2026\/2025-09-12\/","og_locale":"fr_FR","og_type":"article","og_title":"Cours Collectifs de Danse Sportive Adultes &amp; Seniors - Planet'Aire Aire-sur-la-Lys","og_description":"Cours collectifs 2025\/2026 danse sportive Adultes & Seniors vendredis 19h45-20h45 \u00e0 Planet'Aire, Aire-sur-la-Lys. D\u00e9butants et Grands D\u00e9butants. Inscriptions VP DANSES.","og_url":"https:\/\/vpdanses.fr\/home\/bienvenue-chez-vp-danses-hazebrouck\/evenement\/cours-collectifs-danse-sportive-adultes-seniors-planetaire-aire-sur-la-lys-2025-2026\/2025-09-12\/","og_site_name":"VP DANSES, cours de Danse Sportive \u00e0 Aire-sur-la-Lys et \u00e0 Saint-Jans-Cappel (Hauts-de-France)","article_modified_time":"2025-08-18T17:04:42+00:00","og_image":[{"width":1024,"height":1445,"url":"https:\/\/vpdanses.fr\/wp-content\/uploads\/2025\/08\/Template_Flyer_A3_VP_DANSES.jpg","type":"image\/jpeg"}],"twitter_card":"summary_large_image","twitter_misc":{"Dur\u00e9e de lecture estim\u00e9e":"1 minute"},"schema":{"@context":"https:\/\/schema.org","@graph":[{"@type":"WebPage","@id":"https:\/\/vpdanses.fr\/home\/bienvenue-chez-vp-danses-hazebrouck\/evenement\/cours-collectifs-danse-sportive-adultes-seniors-planetaire-aire-sur-la-lys-2025-2026\/2025-09-12\/","url":"https:\/\/vpdanses.fr\/home\/bienvenue-chez-vp-danses-hazebrouck\/evenement\/cours-collectifs-danse-sportive-adultes-seniors-planetaire-aire-sur-la-lys-2025-2026\/2025-09-12\/","name":"Cours Collectifs de Danse Sportive Adultes &amp; Seniors - Planet'Aire Aire-sur-la-Lys - VP DANSES, cours de Danse Sportive \u00e0 Aire-sur-la-Lys et \u00e0 Saint-Jans-Cappel (Hauts-de-France)","isPartOf":{"@id":"https:\/\/vpdanses.fr\/home\/bienvenue-chez-vp-danses-hazebrouck\/#website"},"primaryImageOfPage":{"@id":"https:\/\/vpdanses.fr\/home\/bienvenue-chez-vp-danses-hazebrouck\/evenement\/cours-collectifs-danse-sportive-adultes-seniors-planetaire-aire-sur-la-lys-2025-2026\/2025-09-12\/#primaryimage"},"image":{"@id":"https:\/\/vpdanses.fr\/home\/bienvenue-chez-vp-danses-hazebrouck\/evenement\/cours-collectifs-danse-sportive-adultes-seniors-planetaire-aire-sur-la-lys-2025-2026\/2025-09-12\/#primaryimage"},"thumbnailUrl":"https:\/\/vpdanses.fr\/wp-content\/uploads\/2025\/08\/Template_Flyer_A3_VP_DANSES.jpg","datePublished":"2025-08-18T03:34:27+00:00","dateModified":"2025-08-18T17:04:42+00:00","description":"Cours collectifs 2025\/2026 danse sportive Adultes & Seniors vendredis 19h45-20h45 \u00e0 Planet'Aire, Aire-sur-la-Lys. D\u00e9butants et Grands D\u00e9butants. Inscriptions VP DANSES.","breadcrumb":{"@id":"https:\/\/vpdanses.fr\/home\/bienvenue-chez-vp-danses-hazebrouck\/evenement\/cours-collectifs-danse-sportive-adultes-seniors-planetaire-aire-sur-la-lys-2025-2026\/2025-09-12\/#breadcrumb"},"inLanguage":"fr-FR","potentialAction":[{"@type":"ReadAction","target":["https:\/\/vpdanses.fr\/home\/bienvenue-chez-vp-danses-hazebrouck\/evenement\/cours-collectifs-danse-sportive-adultes-seniors-planetaire-aire-sur-la-lys-2025-2026\/2025-09-12\/"]}]},{"@type":"ImageObject","inLanguage":"fr-FR","@id":"https:\/\/vpdanses.fr\/home\/bienvenue-chez-vp-danses-hazebrouck\/evenement\/cours-collectifs-danse-sportive-adultes-seniors-planetaire-aire-sur-la-lys-2025-2026\/2025-09-12\/#primaryimage","url":"https:\/\/vpdanses.fr\/wp-content\/uploads\/2025\/08\/Template_Flyer_A3_VP_DANSES.jpg","contentUrl":"https:\/\/vpdanses.fr\/wp-content\/uploads\/2025\/08\/Template_Flyer_A3_VP_DANSES.jpg","width":1024,"height":1445,"caption":"Cours collectifs danse sportive enfants vendredis 18h30-19h30 \u00e0 Planet'Aire, Aire-sur-la-Lys. Initiation ludique danse. Inscriptions VP DANSES."},{"@type":"BreadcrumbList","@id":"https:\/\/vpdanses.fr\/home\/bienvenue-chez-vp-danses-hazebrouck\/evenement\/cours-collectifs-danse-sportive-adultes-seniors-planetaire-aire-sur-la-lys-2025-2026\/2025-09-12\/#breadcrumb","itemListElement":[{"@type":"ListItem","position":1,"name":"Accueil","item":"https:\/\/vpdanses.fr\/home\/bienvenue-chez-vp-danses-hazebrouck\/"},{"@type":"ListItem","position":2,"name":"\u00c9v\u00e8nements","item":"https:\/\/vpdanses.fr\/home\/bienvenue-chez-vp-danses-hazebrouck\/dates\/"},{"@type":"ListItem","position":3,"name":"Cours Collectifs de Danse Sportive Adultes &amp; Seniors &#8211; Planet&rsquo;Aire Aire-sur-la-Lys"}]},{"@type":"WebSite","@id":"https:\/\/vpdanses.fr\/home\/bienvenue-chez-vp-danses-hazebrouck\/#website","url":"https:\/\/vpdanses.fr\/home\/bienvenue-chez-vp-danses-hazebrouck\/","name":"VP DANSES, cours de Danse Sportive \u00e0 Aire-sur-la-Lys et \u00e0 Saint-Jans-Cappel (Hauts-de-France)","description":"Cours de Danse Sportive STANDARD (valse anglaise, tango, valse viennoise, slowfox, quickstep), danses sportives LATINES (samba, chacha, rumba, paso doble, jive), danses de bal, danses de salons, danses de loisirs, salsa, rock 4 temps, rock 6 temps, danses en ligne, disco, \u2026 Lieu : Hazebrouck, Aire-sur-la-Lys, Saint-Jans-Cappel et Isbergues (Hauts-de-France) - Cours Particuliers dans les Hauts-de-France - Ouverture de bal de Mariage","publisher":{"@id":"https:\/\/vpdanses.fr\/home\/bienvenue-chez-vp-danses-hazebrouck\/#organization"},"potentialAction":[{"@type":"SearchAction","target":{"@type":"EntryPoint","urlTemplate":"https:\/\/vpdanses.fr\/home\/bienvenue-chez-vp-danses-hazebrouck\/?s={search_term_string}"},"query-input":{"@type":"PropertyValueSpecification","valueRequired":true,"valueName":"search_term_string"}}],"inLanguage":"fr-FR"},{"@type":"Organization","@id":"https:\/\/vpdanses.fr\/home\/bienvenue-chez-vp-danses-hazebrouck\/#organization","name":"VP DANSES, cours de Danse Sportive \u00e0 Aire-sur-la-Lys et \u00e0 Saint-Jans-Cappel (Hauts-de-France)","url":"https:\/\/vpdanses.fr\/home\/bienvenue-chez-vp-danses-hazebrouck\/","logo":{"@type":"ImageObject","inLanguage":"fr-FR","@id":"https:\/\/vpdanses.fr\/home\/bienvenue-chez-vp-danses-hazebrouck\/#\/schema\/logo\/image\/","url":"https:\/\/vpdanses.fr\/wp-content\/uploads\/2024\/10\/logo_cadanse_asaintjans.jpeg","contentUrl":"https:\/\/vpdanses.fr\/wp-content\/uploads\/2024\/10\/logo_cadanse_asaintjans.jpeg","width":225,"height":225,"caption":"VP DANSES, cours de Danse Sportive \u00e0 Aire-sur-la-Lys et \u00e0 Saint-Jans-Cappel (Hauts-de-France)"},"image":{"@id":"https:\/\/vpdanses.fr\/home\/bienvenue-chez-vp-danses-hazebrouck\/#\/schema\/logo\/image\/"}}]}},"uagb_featured_image_src":{"full":["https:\/\/vpdanses.fr\/wp-content\/uploads\/2025\/08\/Template_Flyer_A3_VP_DANSES.jpg",1024,1445,false],"thumbnail":["https:\/\/vpdanses.fr\/wp-content\/uploads\/2025\/08\/Template_Flyer_A3_VP_DANSES-150x150.jpg",150,150,true],"medium":["https:\/\/vpdanses.fr\/wp-content\/uploads\/2025\/08\/Template_Flyer_A3_VP_DANSES-213x300.jpg",213,300,true],"medium_large":["https:\/\/vpdanses.fr\/wp-content\/uploads\/2025\/08\/Template_Flyer_A3_VP_DANSES-768x1084.jpg",768,1084,true],"large":["https:\/\/vpdanses.fr\/wp-content\/uploads\/2025\/08\/Template_Flyer_A3_VP_DANSES-726x1024.jpg",726,1024,true],"1536x1536":["https:\/\/vpdanses.fr\/wp-content\/uploads\/2025\/08\/Template_Flyer_A3_VP_DANSES.jpg",1024,1445,false],"2048x2048":["https:\/\/vpdanses.fr\/wp-content\/uploads\/2025\/08\/Template_Flyer_A3_VP_DANSES.jpg",1024,1445,false],"vp_sm":["https:\/\/vpdanses.fr\/wp-content\/uploads\/2025\/08\/Template_Flyer_A3_VP_DANSES-500x706.jpg",500,706,true],"vp_md":["https:\/\/vpdanses.fr\/wp-content\/uploads\/2025\/08\/Template_Flyer_A3_VP_DANSES-800x1129.jpg",800,1129,true],"vp_lg":["https:\/\/vpdanses.fr\/wp-content\/uploads\/2025\/08\/Template_Flyer_A3_VP_DANSES.jpg",1024,1445,false],"vp_xl":["https:\/\/vpdanses.fr\/wp-content\/uploads\/2025\/08\/Template_Flyer_A3_VP_DANSES.jpg",1024,1445,false],"vp_sm_popup":["https:\/\/vpdanses.fr\/wp-content\/uploads\/2025\/08\/Template_Flyer_A3_VP_DANSES-500x706.jpg",500,706,true],"vp_md_popup":["https:\/\/vpdanses.fr\/wp-content\/uploads\/2025\/08\/Template_Flyer_A3_VP_DANSES-800x1129.jpg",800,1129,true],"vp_xl_popup":["https:\/\/vpdanses.fr\/wp-content\/uploads\/2025\/08\/Template_Flyer_A3_VP_DANSES.jpg",1024,1445,false],"dance-blog-thumb":["https:\/\/vpdanses.fr\/wp-content\/uploads\/2025\/08\/Template_Flyer_A3_VP_DANSES-150x120.jpg",150,120,true],"dance-event-list":["https:\/\/vpdanses.fr\/wp-content\/uploads\/2025\/08\/Template_Flyer_A3_VP_DANSES-420x336.jpg",420,336,true],"dance-event-single-type1":["https:\/\/vpdanses.fr\/wp-content\/uploads\/2025\/08\/Template_Flyer_A3_VP_DANSES-773x520.jpg",773,520,true],"dance-event-single-type4":["https:\/\/vpdanses.fr\/wp-content\/uploads\/2025\/08\/Template_Flyer_A3_VP_DANSES-570x460.jpg",570,460,true],"dance-event-single-type5":["https:\/\/vpdanses.fr\/wp-content\/uploads\/2025\/08\/Template_Flyer_A3_VP_DANSES-746x770.jpg",746,770,true],"dance-event-list2":["https:\/\/vpdanses.fr\/wp-content\/uploads\/2025\/08\/Template_Flyer_A3_VP_DANSES-420x275.jpg",420,275,true]},"uagb_author_info":{"display_name":"VP DANSES","author_link":"https:\/\/vpdanses.fr\/home\/bienvenue-chez-vp-danses-hazebrouck\/author\/adminvp20241018\/"},"uagb_comment_info":0,"uagb_excerpt":"Cours collectifs de danse sportive Adultes & Seniors chaque vendredis de 19h45-20h45 \u00e0 Planet'Aire, Aire-sur-la-Lys. Niveaux D\u00e9butants et Grands D\u00e9butants. Inscriptions VP DANSES saison 2025\/2026.","jetpack_sharing_enabled":true,"ticketed":false,"_links":{"self":[{"href":"https:\/\/vpdanses.fr\/home\/bienvenue-chez-vp-danses-hazebrouck\/wp-json\/wp\/v2\/tribe_events\/14167","targetHints":{"allow":["GET"]}}],"collection":[{"href":"https:\/\/vpdanses.fr\/home\/bienvenue-chez-vp-danses-hazebrouck\/wp-json\/wp\/v2\/tribe_events"}],"about":[{"href":"https:\/\/vpdanses.fr\/home\/bienvenue-chez-vp-danses-hazebrouck\/wp-json\/wp\/v2\/types\/tribe_events"}],"author":[{"embeddable":true,"href":"https:\/\/vpdanses.fr\/home\/bienvenue-chez-vp-danses-hazebrouck\/wp-json\/wp\/v2\/users\/1"}],"version-history":[{"count":2,"href":"https:\/\/vpdanses.fr\/home\/bienvenue-chez-vp-danses-hazebrouck\/wp-json\/wp\/v2\/tribe_events\/14167\/revisions"}],"predecessor-version":[{"id":14198,"href":"https:\/\/vpdanses.fr\/home\/bienvenue-chez-vp-danses-hazebrouck\/wp-json\/wp\/v2\/tribe_events\/14167\/revisions\/14198"}],"wp:featuredmedia":[{"embeddable":true,"href":"https:\/\/vpdanses.fr\/home\/bienvenue-chez-vp-danses-hazebrouck\/wp-json\/wp\/v2\/media\/14143"}],"wp:attachment":[{"href":"https:\/\/vpdanses.fr\/home\/bienvenue-chez-vp-danses-hazebrouck\/wp-json\/wp\/v2\/media?parent=14167"}],"wp:term":[{"taxonomy":"post_tag","embeddable":true,"href":"https:\/\/vpdanses.fr\/home\/bienvenue-chez-vp-danses-hazebrouck\/wp-json\/wp\/v2\/tags?post=14167"},{"taxonomy":"tribe_events_cat","embeddable":true,"href":"https:\/\/vpdanses.fr\/home\/bienvenue-chez-vp-danses-hazebrouck\/wp-json\/wp\/v2\/tribe_events_cat?post=14167"}],"curies":[{"name":"wp","href":"https:\/\/api.w.org\/{rel}","templated":true}]}}