{"id":14629,"date":"2025-10-23T05:39:36","date_gmt":"2025-10-23T03:39:36","guid":{"rendered":"https:\/\/vpdanses.fr\/home\/bienvenue-chez-vp-danses-hazebrouck\/?post_type=tribe_events&#038;p=14629"},"modified":"2025-10-23T05:56:12","modified_gmt":"2025-10-23T03:56:12","slug":"cours-particulier-danse-sportive-sven-balcerzak-isbergues-23-octobre-2025","status":"publish","type":"tribe_events","link":"https:\/\/vpdanses.fr\/home\/bienvenue-chez-vp-danses-hazebrouck\/evenement\/cours-particulier-danse-sportive-sven-balcerzak-isbergues-23-octobre-2025\/","title":{"rendered":"Cours particulier de Danse Sportive avec Sven BALCERZAK \u2013 Jeudi 23 octobre 2025"},"content":{"rendered":"<div  class=\"tribe-events-schedule tribe-clearfix\" >\n\t<p class=\"tribe-events-schedule__datetime\">\n\t\t<span class=\"tribe-events-schedule__date tribe-events-schedule__date--start\">\n\t\t\t23 octobre 2025\t\t<\/span>\n\n\t\t\t\t\t<span class=\"tribe-events-schedule__separator tribe-events-schedule__separator--date\">\n\t\t\t\t &gt; \t\t\t<\/span>\n\t\t\t<span class=\"tribe-events-schedule__time tribe-events-schedule__time--start\">\n\t\t\t\t21h00\t\t\t<\/span>\n\t\t\n\t\t\t\t\t\t\t\t\t<span class=\"tribe-events-schedule__separator tribe-events-schedule__separator--time\">\n\t\t\t\t\t &#8211; \t\t\t\t<\/span>\n\t\t\t\n\t\t\t\t\t\t\t<span class=\"tribe-events-schedule__time tribe-events-schedule__time--end\">\n\t\t\t\t\t22h00\t\t\t\t<\/span>\n\t\t\t\n\t\t\t\t\t\t<\/p>\n<\/div>\n\n\n\n<p>Ce jeudi 23 octobre 2025,\u00a0<strong>Virginie et Philippe (VP DANSES)<\/strong>\u00a0suivent un\u00a0<strong>cours particulier de Danse Sportive<\/strong>\u00a0anim\u00e9 par\u00a0<strong>Sven BALCERZAK<\/strong>, professeur international reconnu pour sa p\u00e9dagogie et sa pr\u00e9cision technique.<\/p>\n\n\n\n<p><br>Le cours se d\u00e9roule \u00e0 la\u00a0<strong>MJEP DANSE d\u2019Isbergues<\/strong>, dans une salle \u00e9quip\u00e9e de miroirs et d\u2019un parquet en bois id\u00e9al pour le travail de la posture, du rythme et de la connexion en couple.<br><\/p>\n\n\n\n<p>Une occasion unique pour les danseurs de perfectionner leur coordination, leur musicalit\u00e9 et leurs mouvements de hanche sous les conseils attentifs de Sven.<\/p>\n\n\n<div  class=\"tribe-block tribe-block__venue tribe-clearfix\" >\n\t\n\t\t\n\t<\/div>\n\n\n\t<div  class=\"tribe-block tribe-block__events-link\" >\n\t\t<div class=\"tribe-events tribe-common\">\n\t\t\t<div class=\"tribe-events-c-subscribe-dropdown__container\">\n\t\t\t\t<div class=\"tribe-events-c-subscribe-dropdown\">\n\t\t\t\t\t<div class=\"tribe-common-c-btn-border tribe-events-c-subscribe-dropdown__button\">\n\t\t\t\t\t\t<svg\n\t class=\"tribe-common-c-svgicon tribe-common-c-svgicon--cal-export tribe-events-c-subscribe-dropdown__export-icon\" \taria-hidden=\"true\"\n\tviewBox=\"0 0 23 17\"\n\txmlns=\"http:\/\/www.w3.org\/2000\/svg\"\n>\n\t<path fill-rule=\"evenodd\" clip-rule=\"evenodd\" d=\"M.128.896V16.13c0 .211.145.383.323.383h15.354c.179 0 .323-.172.323-.383V.896c0-.212-.144-.383-.323-.383H.451C.273.513.128.684.128.896Zm16 6.742h-.901V4.679H1.009v10.729h14.218v-3.336h.901V7.638ZM1.01 1.614h14.218v2.058H1.009V1.614Z\" \/>\n\t<path d=\"M20.5 9.846H8.312M18.524 6.953l2.89 2.909-2.855 2.855\" stroke-width=\"1.2\" stroke-linecap=\"round\" stroke-linejoin=\"round\"\/>\n<\/svg>\n\t\t\t\t\t\t<button\n\t\t\t\t\t\t\tclass=\"tribe-events-c-subscribe-dropdown__button-text\"\n\t\t\t\t\t\t\taria-expanded=\"false\"\n\t\t\t\t\t\t\taria-controls=\"tribe-events-subscribe-dropdown-content\"\n\t\t\t\t\t\t\taria-label=\"Afficher les liens permettant d\u2019ajouter des \u00e9v\u00e8nements \u00e0 votre calendrier\"\n\t\t\t\t\t\t>\n\t\t\t\t\t\t\tAjouter au calendrier\t\t\t\t\t\t<\/button>\n\t\t\t\t\t\t<svg\n\t class=\"tribe-common-c-svgicon tribe-common-c-svgicon--caret-down tribe-events-c-subscribe-dropdown__button-icon\" \taria-hidden=\"true\"\n\tviewBox=\"0 0 10 7\"\n\txmlns=\"http:\/\/www.w3.org\/2000\/svg\"\n>\n\t<path fill-rule=\"evenodd\" clip-rule=\"evenodd\" d=\"M1.008.609L5 4.6 8.992.61l.958.958L5 6.517.05 1.566l.958-.958z\" class=\"tribe-common-c-svgicon__svg-fill\"\/>\n<\/svg>\n\t\t\t\t\t<\/div>\n\t\t\t\t\t<div id=\"tribe-events-subscribe-dropdown-content\" class=\"tribe-events-c-subscribe-dropdown__content\">\n\t\t\t\t\t\t<ul class=\"tribe-events-c-subscribe-dropdown__list\">\n\t\t\t\t\t\t\t\t\t\t\t\t\t\t\t<li class=\"tribe-events-c-subscribe-dropdown__list-item tribe-events-c-subscribe-dropdown__list-item--gcal\">\n\t\t\t\t\t\t\t\t\t<a\n\t\t\t\t\t\t\t\t\t\thref=\"https:\/\/www.google.com\/calendar\/event?action=TEMPLATE&#038;dates=20251023T210000\/20251023T220000&#038;text=Cours%20particulier%20de%20Danse%20Sportive%20avec%20Sven%20BALCERZAK%20%E2%80%93%20Jeudi%2023%20octobre%202025&#038;details=%3Cp%3ECe+jeudi+23+octobre+2025%2C%C2%A0%3Cstrong%3EVirginie+et+Philippe+%28VP+DANSES%29%3C%2Fstrong%3E%C2%A0suivent+un%C2%A0%3Cstrong%3Ecours+particulier+de+Danse+Sportive%3C%2Fstrong%3E%C2%A0anim%C3%A9+par%C2%A0%3Cstrong%3ESven+BALCERZAK%3C%2Fstrong%3E%2C+professeur+international+reconnu+pour+sa+p%C3%A9dagogie+et+sa+pr%C3%A9cision+technique.%3C%2Fp%3E+%3Cp%3E%3Cbr+%2F%3ELe+cours+se+d%C3%A9roule+%C3%A0+la%C2%A0%3Cstrong%3EMJEP+DANSE+d%E2%80%99Isbergues%3C%2Fstrong%3E%2C+dans+une+salle+%C3%A9quip%C3%A9e+de+miroirs+et+d%E2%80%99un+parquet+en+bois+id%C3%A9al+pour+le+travail+de+la+posture%2C+du+rythme+et+de+la+connexion+en+couple.%3Cbr+%2F%3E%3C%2Fp%3E+%3Cp%3EUne+occasion+unique+pour+les+danseurs+de+perfectionner+leur+coordination%2C+leur+musicalit%C3%A9+et+leurs+mouvements+de+hanche+sous+les+conseils+attentifs+de+Sven.%3C%2Fp%3E+%3Cdiv+style%3D%22height%3A100px%22+aria-hidden%3D%22true%22+class%3D%22wp-block-spacer%22%3E%3C%2Fdiv%3E%3Cdiv+class%3D%22wp-block-uagb-separator+uagb-block-1126946a+wp-block-uagb-separator--icon%22%3E%3Cdiv+class%3D%22wp-block-uagb-separator__inner%22+style%3D%22--my-background-image%3A%22%3E%3Cdiv+class%3D%22wp-block-uagb-separator-element%22%3E%3Csvg+xmlns%3D%22https%3A%2F%2Fwww.%3C%2Fdiv%3E%3C%2Fdiv%3E%3C%2Fdiv%3E%28Voir+toute+la+description+de+%C3%A9v%C3%A8nement+ici%C2%A0%3A+https%3A%2F%2Fvpdanses.fr%2Fhome%2Fbienvenue-chez-vp-danses-hazebrouck%2Fevenement%2Fcours-particulier-danse-sportive-sven-balcerzak-isbergues-23-octobre-2025%2F%29&#038;trp=false&#038;ctz=Europe\/Paris&#038;sprop=website:https:\/\/vpdanses.fr\/home\/bienvenue-chez-vp-danses-hazebrouck\"\n\t\t\t\t\t\t\t\t\t\tclass=\"tribe-events-c-subscribe-dropdown__list-item-link\"\n\t\t\t\t\t\t\t\t\t\ttarget=\"_blank\"\n\t\t\t\t\t\t\t\t\t\trel=\"noopener noreferrer nofollow noindex\"\n\t\t\t\t\t\t\t\t\t>\n\t\t\t\t\t\t\t\t\t\tGoogle Agenda\t\t\t\t\t\t\t\t\t<\/a>\n\t\t\t\t\t\t\t\t<\/li>\n\t\t\t\t\t\t\t\t\t\t\t\t\t\t\t<li class=\"tribe-events-c-subscribe-dropdown__list-item tribe-events-c-subscribe-dropdown__list-item--ical\">\n\t\t\t\t\t\t\t\t\t<a\n\t\t\t\t\t\t\t\t\t\thref=\"\"\n\t\t\t\t\t\t\t\t\t\tclass=\"tribe-events-c-subscribe-dropdown__list-item-link\"\n\t\t\t\t\t\t\t\t\t\ttarget=\"_blank\"\n\t\t\t\t\t\t\t\t\t\trel=\"noopener noreferrer nofollow noindex\"\n\t\t\t\t\t\t\t\t\t>\n\t\t\t\t\t\t\t\t\t\tiCalendar\t\t\t\t\t\t\t\t\t<\/a>\n\t\t\t\t\t\t\t\t<\/li>\n\t\t\t\t\t\t\t\t\t\t\t\t\t\t\t<li class=\"tribe-events-c-subscribe-dropdown__list-item tribe-events-c-subscribe-dropdown__list-item--outlook-365\">\n\t\t\t\t\t\t\t\t\t<a\n\t\t\t\t\t\t\t\t\t\thref=\"\"\n\t\t\t\t\t\t\t\t\t\tclass=\"tribe-events-c-subscribe-dropdown__list-item-link\"\n\t\t\t\t\t\t\t\t\t\ttarget=\"_blank\"\n\t\t\t\t\t\t\t\t\t\trel=\"noopener noreferrer nofollow noindex\"\n\t\t\t\t\t\t\t\t\t>\n\t\t\t\t\t\t\t\t\t\tOutlook 365\t\t\t\t\t\t\t\t\t<\/a>\n\t\t\t\t\t\t\t\t<\/li>\n\t\t\t\t\t\t\t\t\t\t\t\t\t\t\t<li class=\"tribe-events-c-subscribe-dropdown__list-item tribe-events-c-subscribe-dropdown__list-item--outlook-live\">\n\t\t\t\t\t\t\t\t\t<a\n\t\t\t\t\t\t\t\t\t\thref=\"\"\n\t\t\t\t\t\t\t\t\t\tclass=\"tribe-events-c-subscribe-dropdown__list-item-link\"\n\t\t\t\t\t\t\t\t\t\ttarget=\"_blank\"\n\t\t\t\t\t\t\t\t\t\trel=\"noopener noreferrer nofollow noindex\"\n\t\t\t\t\t\t\t\t\t>\n\t\t\t\t\t\t\t\t\t\tOutlook Live\t\t\t\t\t\t\t\t\t<\/a>\n\t\t\t\t\t\t\t\t<\/li>\n\t\t\t\t\t\t\t\t\t\t\t\t\t<\/ul>\n\t\t\t\t\t<\/div>\n\t\t\t\t<\/div>\n\t\t\t<\/div>\n\t\t<\/div>\n\t<\/div>\n\n\n\n\n<div style=\"height:100px\" aria-hidden=\"true\" class=\"wp-block-spacer\"><\/div>\n\n\n\n<div class=\"wp-block-uagb-separator uagb-block-1126946a wp-block-uagb-separator--icon\"><div class=\"wp-block-uagb-separator__inner\" style=\"--my-background-image:\"><div class=\"wp-block-uagb-separator-element\"><svg xmlns=\"https:\/\/www.w3.org\/2000\/svg\" viewBox=\"0 0 512 512\"><path d=\"M378.7 32H133.3L256 182.7L378.7 32zM512 192l-107.4-141.3L289.6 192H512zM107.4 50.67L0 192h222.4L107.4 50.67zM244.3 474.9C247.3 478.2 251.6 480 256 480s8.653-1.828 11.67-5.062L510.6 224H1.365L244.3 474.9z\"><\/path><\/svg><\/div><\/div><\/div>\n\n\n<div class=\"wp-block-visual-portfolio alignwide\">\n<div class=\"vp-portfolio vp-uid-d3bdbbf4 vp-id-Z20zO9K\"\n\tdata-vp-layout=\"tiles\" data-vp-content-source=\"images\" data-vp-items-style=\"fly\" data-vp-items-click-action=\"popup_gallery\" data-vp-items-gap=\"15\" data-vp-items-gap-vertical=\"\" data-vp-pagination=\"load-more\" data-vp-next-page-url=\"\" data-vp-tiles-type=\"3|1,1|\" >\n\t<div class=\"vp-portfolio__preloader-wrap\">\n\t\t<div class=\"vp-portfolio__preloader\">\n\t\t\t<img decoding=\"async\" loading=\"eager\" src=\"https:\/\/vpdanses.fr\/wp-content\/plugins\/visual-portfolio\/assets\/images\/logo-dark.svg\" alt=\"Visual Portfolio, Posts &amp; Image Gallery for WordPress\" width=\"20\" height=\"20\" data-skip-lazy>\n\t\t<\/div>\n\t<\/div>\n\t\t<div class=\"vp-portfolio__items-wrap\">\n\t\t\t\n<div class=\"vp-portfolio__items vp-portfolio__items-style-fly vp-portfolio__items-show-overlay-hover\">\n\n\t\t<div\t\tclass=\"vp-portfolio__item-wrap vp-portfolio__item-uid-9e006a96\" data-vp-filter=\"\" \t\t>\n\t\t\t<template class=\"vp-portfolio__item-popup\" data-vp-popup-img=\"https:\/\/vpdanses.fr\/wp-content\/uploads\/2025\/10\/2025-09-25-cours-particulier-samba-sven-balcerzak-ascendance_2532.jpg\" data-vp-popup-img-srcset=\"https:\/\/vpdanses.fr\/wp-content\/uploads\/2025\/10\/2025-09-25-cours-particulier-samba-sven-balcerzak-ascendance_2532.jpg 1200w, https:\/\/vpdanses.fr\/wp-content\/uploads\/2025\/10\/2025-09-25-cours-particulier-samba-sven-balcerzak-ascendance_2532-300x225.jpg 300w, https:\/\/vpdanses.fr\/wp-content\/uploads\/2025\/10\/2025-09-25-cours-particulier-samba-sven-balcerzak-ascendance_2532-1024x768.jpg 1024w, https:\/\/vpdanses.fr\/wp-content\/uploads\/2025\/10\/2025-09-25-cours-particulier-samba-sven-balcerzak-ascendance_2532-768x576.jpg 768w, https:\/\/vpdanses.fr\/wp-content\/uploads\/2025\/10\/2025-09-25-cours-particulier-samba-sven-balcerzak-ascendance_2532-500x375.jpg 500w, https:\/\/vpdanses.fr\/wp-content\/uploads\/2025\/10\/2025-09-25-cours-particulier-samba-sven-balcerzak-ascendance_2532-800x600.jpg 800w\" data-vp-popup-img-size=\"1200x900\" data-vp-popup-md-img=\"https:\/\/vpdanses.fr\/wp-content\/uploads\/2025\/10\/2025-09-25-cours-particulier-samba-sven-balcerzak-ascendance_2532-800x600.jpg\" data-vp-popup-md-img-size=\"800x600\" data-vp-popup-sm-img=\"https:\/\/vpdanses.fr\/wp-content\/uploads\/2025\/10\/2025-09-25-cours-particulier-samba-sven-balcerzak-ascendance_2532-500x375.jpg\" data-vp-popup-sm-img-size=\"500x375\">\n\t\t\t<h3 class=\"vp-portfolio__item-popup-title\">Cours particulier de Danse Sportive avec Sven BALCERZAK (ASCENDANCE) \u2013 VP DANSES Isbergues<\/h3>\n\t\t\t\t<div class=\"vp-portfolio__item-popup-description\">Photographie prise dans la salle de danse de la MJEP DANSE d\u2019Isbergues, montrant le professeur Sven BALCERZAK en train de corriger Virginie sur une figure de Samba.\nLe parquet en bois et les miroirs sur les murs refl\u00e8tent la qualit\u00e9 de l\u2019enseignement et l\u2019ambiance professionnelle des cours propos\u00e9s par Sven BALCERZAK (ASCENDANCE).<\/div>\n\t\t<\/template>\n\t\t\t\t\t\t<figure class=\"vp-portfolio__item\">\n\t\t\t\t\n<div class=\"vp-portfolio__item-img-wrap\">\n\t<div class=\"vp-portfolio__item-img\">\n\t\t\t<a\n\t\thref=\"https:\/\/vpdanses.fr\/wp-content\/uploads\/2025\/10\/2025-09-25-cours-particulier-samba-sven-balcerzak-ascendance_2532.jpg\"\n\t\t\t>\n\t\n\t\t<noscript><img loading=\"lazy\" decoding=\"async\" width=\"1200\" height=\"900\" data-skip-lazy src=\"https:\/\/vpdanses.fr\/wp-content\/uploads\/2025\/10\/2025-09-25-cours-particulier-samba-sven-balcerzak-ascendance_2532.jpg\" class=\"wp-image-14632\" alt=\"Sven BALCERZAK corrige Virginie dans une figure de Samba \u00e0 la MJEP DANSE d\u2019Isbergues, sur parquet en bois avec miroirs muraux.\" srcset=\"https:\/\/vpdanses.fr\/wp-content\/uploads\/2025\/10\/2025-09-25-cours-particulier-samba-sven-balcerzak-ascendance_2532.jpg 1200w, https:\/\/vpdanses.fr\/wp-content\/uploads\/2025\/10\/2025-09-25-cours-particulier-samba-sven-balcerzak-ascendance_2532-300x225.jpg 300w, https:\/\/vpdanses.fr\/wp-content\/uploads\/2025\/10\/2025-09-25-cours-particulier-samba-sven-balcerzak-ascendance_2532-1024x768.jpg 1024w, https:\/\/vpdanses.fr\/wp-content\/uploads\/2025\/10\/2025-09-25-cours-particulier-samba-sven-balcerzak-ascendance_2532-768x576.jpg 768w, https:\/\/vpdanses.fr\/wp-content\/uploads\/2025\/10\/2025-09-25-cours-particulier-samba-sven-balcerzak-ascendance_2532-500x375.jpg 500w, https:\/\/vpdanses.fr\/wp-content\/uploads\/2025\/10\/2025-09-25-cours-particulier-samba-sven-balcerzak-ascendance_2532-800x600.jpg 800w\" sizes=\"auto, (max-width: 1200px) 100vw, 1200px\" \/><\/noscript><img fetchpriority=\"high\" decoding=\"async\" width=\"1200\" height=\"900\" src=\"https:\/\/vpdanses.fr\/wp-content\/uploads\/2025\/10\/2025-09-25-cours-particulier-samba-sven-balcerzak-ascendance_2532.jpg\" class=\"wp-image-14632 vp-lazyload\" alt=\"Sven BALCERZAK corrige Virginie dans une figure de Samba \u00e0 la MJEP DANSE d\u2019Isbergues, sur parquet en bois avec miroirs muraux.\" srcset=\"data:image\/svg+xml;base64,PHN2ZyB3aWR0aD0iMTIwMCIgaGVpZ2h0PSI5MDAiIHZpZXdCb3g9IjAgMCAxMjAwIDkwMCIgZmlsbD0ibm9uZSIgeG1sbnM9Imh0dHA6Ly93d3cudzMub3JnLzIwMDAvc3ZnIj48L3N2Zz4=\" data-src=\"https:\/\/vpdanses.fr\/wp-content\/uploads\/2025\/10\/2025-09-25-cours-particulier-samba-sven-balcerzak-ascendance_2532.jpg\" data-srcset=\"https:\/\/vpdanses.fr\/wp-content\/uploads\/2025\/10\/2025-09-25-cours-particulier-samba-sven-balcerzak-ascendance_2532.jpg 1200w, https:\/\/vpdanses.fr\/wp-content\/uploads\/2025\/10\/2025-09-25-cours-particulier-samba-sven-balcerzak-ascendance_2532-300x225.jpg 300w, https:\/\/vpdanses.fr\/wp-content\/uploads\/2025\/10\/2025-09-25-cours-particulier-samba-sven-balcerzak-ascendance_2532-1024x768.jpg 1024w, https:\/\/vpdanses.fr\/wp-content\/uploads\/2025\/10\/2025-09-25-cours-particulier-samba-sven-balcerzak-ascendance_2532-768x576.jpg 768w, https:\/\/vpdanses.fr\/wp-content\/uploads\/2025\/10\/2025-09-25-cours-particulier-samba-sven-balcerzak-ascendance_2532-500x375.jpg 500w, https:\/\/vpdanses.fr\/wp-content\/uploads\/2025\/10\/2025-09-25-cours-particulier-samba-sven-balcerzak-ascendance_2532-800x600.jpg 800w\" data-sizes=\"auto\" loading=\"eager\">\n\t\t<\/a>\t<\/div>\n<\/div>\n\t<figcaption class=\"vp-portfolio__item-overlay vp-portfolio__item-overlay-text-align-center\">\n\t\t<div class=\"vp-portfolio__item-meta-wrap vp-portfolio__custom-scrollbar\">\n\t\t\t\t<a\n\t\thref=\"https:\/\/vpdanses.fr\/wp-content\/uploads\/2025\/10\/2025-09-25-cours-particulier-samba-sven-balcerzak-ascendance_2532.jpg\"\n\t\ttabindex=\"-1\" class=\"vp-portfolio__item-meta\" \t>\n\t\n<h2 class=\"vp-portfolio__item-meta-title\">\n\tCours particulier de Danse Sportive avec Sven BALCERZAK (ASCENDANCE) \u2013 VP DANSES Isbergues<\/h2>\n<\/a>\t\t<\/div>\n\t<\/figcaption>\n\t\t\t<\/figure>\n\t\t\t\t\t<\/div>\n\t\t\n<\/div>\n\t\t<\/div>\n\t\t\n<\/div>\n<\/div>","protected":false},"excerpt":{"rendered":"<p>Ce jeudi 23 octobre 2025, Virginie et Philippe suivent un cours particulier de Danse Sportive dispens\u00e9 par Sven BALCERZAK, professeur international reconnu pour sa p\u00e9dagogie et sa pr\u00e9cision technique.<br \/>\nLe cours se d\u00e9roule \u00e0 la MJEP DANSE d\u2019Isbergues, dans une salle \u00e9quip\u00e9e de miroirs et d\u2019un parquet en bois id\u00e9al pour le travail de la posture, du rythme et de la connexion en couple.<br \/>\nCette s\u00e9ance personnalis\u00e9e mettra notamment l\u2019accent sur la Samba, une danse latine dynamique et expressive.<br \/>\nUne occasion unique pour les danseurs de perfectionner leur coordination, leur musicalit\u00e9 et leurs mouvements de hanche sous les conseils attentifs de Sven.<\/p>\n","protected":false},"author":1,"featured_media":14632,"template":"","meta":{"_uag_custom_page_level_css":"","_price":"","_stock":"","_tribe_ticket_header":"","_tribe_default_ticket_provider":"","_tribe_ticket_capacity":"","_ticket_start_date":"","_ticket_end_date":"","_tribe_ticket_show_description":"","_tribe_ticket_show_not_going":false,"_tribe_ticket_use_global_stock":"","_tribe_ticket_global_stock_level":"","_global_stock_mode":"","_global_stock_cap":"","_tribe_rsvp_for_event":"","_tribe_ticket_going_count":"","_tribe_ticket_not_going_count":"","_tribe_tickets_list":"[]","_tribe_ticket_has_attendee_info_fields":false,"_EventAllDay":false,"_EventTimezone":"Europe\/Paris","_EventStartDate":"2025-10-23 21:00:00","_EventEndDate":"2025-10-23 22:00:00","_EventStartDateUTC":"2025-10-23 19:00:00","_EventEndDateUTC":"2025-10-23 20:00:00","_EventShowMap":false,"_EventShowMapLink":false,"_EventURL":"","_EventCost":"","_EventCostDescription":"","_EventCurrencySymbol":"\u20ac","_EventCurrencyCode":"EUR","_EventCurrencyPosition":"suffix","_EventDateTimeSeparator":" > ","_EventTimeRangeSeparator":" - ","_EventOrganizerID":[],"_EventVenueID":[],"_OrganizerEmail":"","_OrganizerPhone":"","_OrganizerWebsite":"","_VenueAddress":"","_VenueCity":"","_VenueCountry":"","_VenueProvince":"","_VenueState":"","_VenueZip":"","_VenuePhone":"","_VenueURL":"","_VenueStateProvince":"","_VenueLat":"","_VenueLng":"","_VenueShowMap":false,"_VenueShowMapLink":false,"_tribe_events_status":"","_tribe_events_status_reason":"","footnotes":"","_tec_slr_enabled":"","_tec_slr_layout":""},"tags":[395,488,106,120,487,286,435,96],"tribe_events_cat":[238,170,172,171],"class_list":["post-14629","tribe_events","type-tribe_events","status-publish","has-post-thumbnail","hentry","tag-cours-de-danse","tag-cours-particulier","tag-danse-sportive","tag-isbergues","tag-professeur-sven-balcerzak","tag-samba","tag-technique-danse","tag-vp-danses","tribe_events_cat-cours-particulier-danse-sportive","tribe_events_cat-danse-sportive","tribe_events_cat-mjep-danses-isbergues","tribe_events_cat-sven-balcezac","cat_cours-particulier-danse-sportive","cat_danse-sportive","cat_mjep-danses-isbergues","cat_sven-balcezac"],"yoast_head":"<!-- This site is optimized with the Yoast SEO Premium plugin v25.6 (Yoast SEO v25.6) - https:\/\/yoast.com\/wordpress\/plugins\/seo\/ -->\n<title>Cours particulier de Danse Sportive \u2013 VP DANSES Isbergues<\/title>\n<meta name=\"description\" content=\"Cours particulier de Danse Sportive avec Sven BALCERZAK, ce jeudi 23 octobre 2025 \u00e0 Isbergues. Am\u00e9liorez votre technique et votre connexion sur la piste.\" \/>\n<meta name=\"robots\" content=\"index, follow, max-snippet:-1, max-image-preview:large, max-video-preview:-1\" \/>\n<link rel=\"canonical\" href=\"https:\/\/vpdanses.fr\/home\/bienvenue-chez-vp-danses-hazebrouck\/evenement\/cours-particulier-danse-sportive-sven-balcerzak-isbergues-23-octobre-2025\/\" \/>\n<meta property=\"og:locale\" content=\"fr_FR\" \/>\n<meta property=\"og:type\" content=\"article\" \/>\n<meta property=\"og:title\" content=\"Cours particulier de Danse Sportive avec Sven BALCERZAK \u2013 Jeudi 23 octobre 2025\" \/>\n<meta property=\"og:description\" content=\"Cours particulier de Danse Sportive avec Sven BALCERZAK, ce jeudi 23 octobre 2025 \u00e0 Isbergues. Am\u00e9liorez votre technique et votre connexion sur la piste.\" \/>\n<meta property=\"og:url\" content=\"https:\/\/vpdanses.fr\/home\/bienvenue-chez-vp-danses-hazebrouck\/evenement\/cours-particulier-danse-sportive-sven-balcerzak-isbergues-23-octobre-2025\/\" \/>\n<meta property=\"og:site_name\" content=\"VP DANSES, cours de Danse Sportive \u00e0 Aire-sur-la-Lys et \u00e0 Saint-Jans-Cappel (Hauts-de-France)\" \/>\n<meta property=\"article:modified_time\" content=\"2025-10-23T03:56:12+00:00\" \/>\n<meta property=\"og:image\" content=\"https:\/\/vpdanses.fr\/wp-content\/uploads\/2025\/10\/2025-09-25-cours-particulier-samba-sven-balcerzak-ascendance_2532.jpg\" \/>\n\t<meta property=\"og:image:width\" content=\"1200\" \/>\n\t<meta property=\"og:image:height\" content=\"900\" \/>\n\t<meta property=\"og:image:type\" content=\"image\/jpeg\" \/>\n<meta name=\"twitter:card\" content=\"summary_large_image\" \/>\n<meta name=\"twitter:label1\" content=\"Dur\u00e9e de lecture estim\u00e9e\" \/>\n\t<meta name=\"twitter:data1\" content=\"1 minute\" \/>\n<script type=\"application\/ld+json\" class=\"yoast-schema-graph\">{\"@context\":\"https:\/\/schema.org\",\"@graph\":[{\"@type\":\"WebPage\",\"@id\":\"https:\/\/vpdanses.fr\/home\/bienvenue-chez-vp-danses-hazebrouck\/evenement\/cours-particulier-danse-sportive-sven-balcerzak-isbergues-23-octobre-2025\/\",\"url\":\"https:\/\/vpdanses.fr\/home\/bienvenue-chez-vp-danses-hazebrouck\/evenement\/cours-particulier-danse-sportive-sven-balcerzak-isbergues-23-octobre-2025\/\",\"name\":\"Cours particulier de Danse Sportive \u2013 VP DANSES Isbergues\",\"isPartOf\":{\"@id\":\"https:\/\/vpdanses.fr\/home\/bienvenue-chez-vp-danses-hazebrouck\/#website\"},\"primaryImageOfPage\":{\"@id\":\"https:\/\/vpdanses.fr\/home\/bienvenue-chez-vp-danses-hazebrouck\/evenement\/cours-particulier-danse-sportive-sven-balcerzak-isbergues-23-octobre-2025\/#primaryimage\"},\"image\":{\"@id\":\"https:\/\/vpdanses.fr\/home\/bienvenue-chez-vp-danses-hazebrouck\/evenement\/cours-particulier-danse-sportive-sven-balcerzak-isbergues-23-octobre-2025\/#primaryimage\"},\"thumbnailUrl\":\"https:\/\/vpdanses.fr\/wp-content\/uploads\/2025\/10\/2025-09-25-cours-particulier-samba-sven-balcerzak-ascendance_2532.jpg\",\"datePublished\":\"2025-10-23T03:39:36+00:00\",\"dateModified\":\"2025-10-23T03:56:12+00:00\",\"description\":\"Cours particulier de Danse Sportive avec Sven BALCERZAK, ce jeudi 23 octobre 2025 \u00e0 Isbergues. Am\u00e9liorez votre technique et votre connexion sur la piste.\",\"breadcrumb\":{\"@id\":\"https:\/\/vpdanses.fr\/home\/bienvenue-chez-vp-danses-hazebrouck\/evenement\/cours-particulier-danse-sportive-sven-balcerzak-isbergues-23-octobre-2025\/#breadcrumb\"},\"inLanguage\":\"fr-FR\",\"potentialAction\":[{\"@type\":\"ReadAction\",\"target\":[\"https:\/\/vpdanses.fr\/home\/bienvenue-chez-vp-danses-hazebrouck\/evenement\/cours-particulier-danse-sportive-sven-balcerzak-isbergues-23-octobre-2025\/\"]}]},{\"@type\":\"ImageObject\",\"inLanguage\":\"fr-FR\",\"@id\":\"https:\/\/vpdanses.fr\/home\/bienvenue-chez-vp-danses-hazebrouck\/evenement\/cours-particulier-danse-sportive-sven-balcerzak-isbergues-23-octobre-2025\/#primaryimage\",\"url\":\"https:\/\/vpdanses.fr\/wp-content\/uploads\/2025\/10\/2025-09-25-cours-particulier-samba-sven-balcerzak-ascendance_2532.jpg\",\"contentUrl\":\"https:\/\/vpdanses.fr\/wp-content\/uploads\/2025\/10\/2025-09-25-cours-particulier-samba-sven-balcerzak-ascendance_2532.jpg\",\"width\":1200,\"height\":900,\"caption\":\"Sven BALCERZAK corrige Virginie lors d\u2019un cours particulier de Samba \u00e0 la MJEP DANSE d\u2019Isbergues.\"},{\"@type\":\"BreadcrumbList\",\"@id\":\"https:\/\/vpdanses.fr\/home\/bienvenue-chez-vp-danses-hazebrouck\/evenement\/cours-particulier-danse-sportive-sven-balcerzak-isbergues-23-octobre-2025\/#breadcrumb\",\"itemListElement\":[{\"@type\":\"ListItem\",\"position\":1,\"name\":\"Accueil\",\"item\":\"https:\/\/vpdanses.fr\/home\/bienvenue-chez-vp-danses-hazebrouck\/\"},{\"@type\":\"ListItem\",\"position\":2,\"name\":\"\u00c9v\u00e8nements\",\"item\":\"https:\/\/vpdanses.fr\/home\/bienvenue-chez-vp-danses-hazebrouck\/dates\/\"},{\"@type\":\"ListItem\",\"position\":3,\"name\":\"Cours particulier de Danse Sportive avec Sven BALCERZAK \u2013 Jeudi 23 octobre 2025\"}]},{\"@type\":\"WebSite\",\"@id\":\"https:\/\/vpdanses.fr\/home\/bienvenue-chez-vp-danses-hazebrouck\/#website\",\"url\":\"https:\/\/vpdanses.fr\/home\/bienvenue-chez-vp-danses-hazebrouck\/\",\"name\":\"VP DANSES, cours de Danse Sportive \u00e0 Aire-sur-la-Lys et \u00e0 Saint-Jans-Cappel (Hauts-de-France)\",\"description\":\"Cours de Danse Sportive STANDARD (valse anglaise, tango, valse viennoise, slowfox, quickstep), danses sportives LATINES (samba, chacha, rumba, paso doble, jive), danses de bal, danses de salons, danses de loisirs, salsa, rock 4 temps, rock 6 temps, danses en ligne, disco, \u2026 Lieu : Hazebrouck, Aire-sur-la-Lys, Saint-Jans-Cappel et Isbergues (Hauts-de-France) - Cours Particuliers dans les Hauts-de-France - Ouverture de bal de Mariage\",\"publisher\":{\"@id\":\"https:\/\/vpdanses.fr\/home\/bienvenue-chez-vp-danses-hazebrouck\/#organization\"},\"potentialAction\":[{\"@type\":\"SearchAction\",\"target\":{\"@type\":\"EntryPoint\",\"urlTemplate\":\"https:\/\/vpdanses.fr\/home\/bienvenue-chez-vp-danses-hazebrouck\/?s={search_term_string}\"},\"query-input\":{\"@type\":\"PropertyValueSpecification\",\"valueRequired\":true,\"valueName\":\"search_term_string\"}}],\"inLanguage\":\"fr-FR\"},{\"@type\":\"Organization\",\"@id\":\"https:\/\/vpdanses.fr\/home\/bienvenue-chez-vp-danses-hazebrouck\/#organization\",\"name\":\"VP DANSES, cours de Danse Sportive \u00e0 Aire-sur-la-Lys et \u00e0 Saint-Jans-Cappel (Hauts-de-France)\",\"url\":\"https:\/\/vpdanses.fr\/home\/bienvenue-chez-vp-danses-hazebrouck\/\",\"logo\":{\"@type\":\"ImageObject\",\"inLanguage\":\"fr-FR\",\"@id\":\"https:\/\/vpdanses.fr\/home\/bienvenue-chez-vp-danses-hazebrouck\/#\/schema\/logo\/image\/\",\"url\":\"https:\/\/vpdanses.fr\/wp-content\/uploads\/2024\/10\/logo_cadanse_asaintjans.jpeg\",\"contentUrl\":\"https:\/\/vpdanses.fr\/wp-content\/uploads\/2024\/10\/logo_cadanse_asaintjans.jpeg\",\"width\":225,\"height\":225,\"caption\":\"VP DANSES, cours de Danse Sportive \u00e0 Aire-sur-la-Lys et \u00e0 Saint-Jans-Cappel (Hauts-de-France)\"},\"image\":{\"@id\":\"https:\/\/vpdanses.fr\/home\/bienvenue-chez-vp-danses-hazebrouck\/#\/schema\/logo\/image\/\"}}]}<\/script>\n<!-- \/ Yoast SEO Premium plugin. -->","yoast_head_json":{"title":"Cours particulier de Danse Sportive \u2013 VP DANSES Isbergues","description":"Cours particulier de Danse Sportive avec Sven BALCERZAK, ce jeudi 23 octobre 2025 \u00e0 Isbergues. Am\u00e9liorez votre technique et votre connexion sur la piste.","robots":{"index":"index","follow":"follow","max-snippet":"max-snippet:-1","max-image-preview":"max-image-preview:large","max-video-preview":"max-video-preview:-1"},"canonical":"https:\/\/vpdanses.fr\/home\/bienvenue-chez-vp-danses-hazebrouck\/evenement\/cours-particulier-danse-sportive-sven-balcerzak-isbergues-23-octobre-2025\/","og_locale":"fr_FR","og_type":"article","og_title":"Cours particulier de Danse Sportive avec Sven BALCERZAK \u2013 Jeudi 23 octobre 2025","og_description":"Cours particulier de Danse Sportive avec Sven BALCERZAK, ce jeudi 23 octobre 2025 \u00e0 Isbergues. Am\u00e9liorez votre technique et votre connexion sur la piste.","og_url":"https:\/\/vpdanses.fr\/home\/bienvenue-chez-vp-danses-hazebrouck\/evenement\/cours-particulier-danse-sportive-sven-balcerzak-isbergues-23-octobre-2025\/","og_site_name":"VP DANSES, cours de Danse Sportive \u00e0 Aire-sur-la-Lys et \u00e0 Saint-Jans-Cappel (Hauts-de-France)","article_modified_time":"2025-10-23T03:56:12+00:00","og_image":[{"width":1200,"height":900,"url":"https:\/\/vpdanses.fr\/wp-content\/uploads\/2025\/10\/2025-09-25-cours-particulier-samba-sven-balcerzak-ascendance_2532.jpg","type":"image\/jpeg"}],"twitter_card":"summary_large_image","twitter_misc":{"Dur\u00e9e de lecture estim\u00e9e":"1 minute"},"schema":{"@context":"https:\/\/schema.org","@graph":[{"@type":"WebPage","@id":"https:\/\/vpdanses.fr\/home\/bienvenue-chez-vp-danses-hazebrouck\/evenement\/cours-particulier-danse-sportive-sven-balcerzak-isbergues-23-octobre-2025\/","url":"https:\/\/vpdanses.fr\/home\/bienvenue-chez-vp-danses-hazebrouck\/evenement\/cours-particulier-danse-sportive-sven-balcerzak-isbergues-23-octobre-2025\/","name":"Cours particulier de Danse Sportive \u2013 VP DANSES Isbergues","isPartOf":{"@id":"https:\/\/vpdanses.fr\/home\/bienvenue-chez-vp-danses-hazebrouck\/#website"},"primaryImageOfPage":{"@id":"https:\/\/vpdanses.fr\/home\/bienvenue-chez-vp-danses-hazebrouck\/evenement\/cours-particulier-danse-sportive-sven-balcerzak-isbergues-23-octobre-2025\/#primaryimage"},"image":{"@id":"https:\/\/vpdanses.fr\/home\/bienvenue-chez-vp-danses-hazebrouck\/evenement\/cours-particulier-danse-sportive-sven-balcerzak-isbergues-23-octobre-2025\/#primaryimage"},"thumbnailUrl":"https:\/\/vpdanses.fr\/wp-content\/uploads\/2025\/10\/2025-09-25-cours-particulier-samba-sven-balcerzak-ascendance_2532.jpg","datePublished":"2025-10-23T03:39:36+00:00","dateModified":"2025-10-23T03:56:12+00:00","description":"Cours particulier de Danse Sportive avec Sven BALCERZAK, ce jeudi 23 octobre 2025 \u00e0 Isbergues. Am\u00e9liorez votre technique et votre connexion sur la piste.","breadcrumb":{"@id":"https:\/\/vpdanses.fr\/home\/bienvenue-chez-vp-danses-hazebrouck\/evenement\/cours-particulier-danse-sportive-sven-balcerzak-isbergues-23-octobre-2025\/#breadcrumb"},"inLanguage":"fr-FR","potentialAction":[{"@type":"ReadAction","target":["https:\/\/vpdanses.fr\/home\/bienvenue-chez-vp-danses-hazebrouck\/evenement\/cours-particulier-danse-sportive-sven-balcerzak-isbergues-23-octobre-2025\/"]}]},{"@type":"ImageObject","inLanguage":"fr-FR","@id":"https:\/\/vpdanses.fr\/home\/bienvenue-chez-vp-danses-hazebrouck\/evenement\/cours-particulier-danse-sportive-sven-balcerzak-isbergues-23-octobre-2025\/#primaryimage","url":"https:\/\/vpdanses.fr\/wp-content\/uploads\/2025\/10\/2025-09-25-cours-particulier-samba-sven-balcerzak-ascendance_2532.jpg","contentUrl":"https:\/\/vpdanses.fr\/wp-content\/uploads\/2025\/10\/2025-09-25-cours-particulier-samba-sven-balcerzak-ascendance_2532.jpg","width":1200,"height":900,"caption":"Sven BALCERZAK corrige Virginie lors d\u2019un cours particulier de Samba \u00e0 la MJEP DANSE d\u2019Isbergues."},{"@type":"BreadcrumbList","@id":"https:\/\/vpdanses.fr\/home\/bienvenue-chez-vp-danses-hazebrouck\/evenement\/cours-particulier-danse-sportive-sven-balcerzak-isbergues-23-octobre-2025\/#breadcrumb","itemListElement":[{"@type":"ListItem","position":1,"name":"Accueil","item":"https:\/\/vpdanses.fr\/home\/bienvenue-chez-vp-danses-hazebrouck\/"},{"@type":"ListItem","position":2,"name":"\u00c9v\u00e8nements","item":"https:\/\/vpdanses.fr\/home\/bienvenue-chez-vp-danses-hazebrouck\/dates\/"},{"@type":"ListItem","position":3,"name":"Cours particulier de Danse Sportive avec Sven BALCERZAK \u2013 Jeudi 23 octobre 2025"}]},{"@type":"WebSite","@id":"https:\/\/vpdanses.fr\/home\/bienvenue-chez-vp-danses-hazebrouck\/#website","url":"https:\/\/vpdanses.fr\/home\/bienvenue-chez-vp-danses-hazebrouck\/","name":"VP DANSES, cours de Danse Sportive \u00e0 Aire-sur-la-Lys et \u00e0 Saint-Jans-Cappel (Hauts-de-France)","description":"Cours de Danse Sportive STANDARD (valse anglaise, tango, valse viennoise, slowfox, quickstep), danses sportives LATINES (samba, chacha, rumba, paso doble, jive), danses de bal, danses de salons, danses de loisirs, salsa, rock 4 temps, rock 6 temps, danses en ligne, disco, \u2026 Lieu : Hazebrouck, Aire-sur-la-Lys, Saint-Jans-Cappel et Isbergues (Hauts-de-France) - Cours Particuliers dans les Hauts-de-France - Ouverture de bal de Mariage","publisher":{"@id":"https:\/\/vpdanses.fr\/home\/bienvenue-chez-vp-danses-hazebrouck\/#organization"},"potentialAction":[{"@type":"SearchAction","target":{"@type":"EntryPoint","urlTemplate":"https:\/\/vpdanses.fr\/home\/bienvenue-chez-vp-danses-hazebrouck\/?s={search_term_string}"},"query-input":{"@type":"PropertyValueSpecification","valueRequired":true,"valueName":"search_term_string"}}],"inLanguage":"fr-FR"},{"@type":"Organization","@id":"https:\/\/vpdanses.fr\/home\/bienvenue-chez-vp-danses-hazebrouck\/#organization","name":"VP DANSES, cours de Danse Sportive \u00e0 Aire-sur-la-Lys et \u00e0 Saint-Jans-Cappel (Hauts-de-France)","url":"https:\/\/vpdanses.fr\/home\/bienvenue-chez-vp-danses-hazebrouck\/","logo":{"@type":"ImageObject","inLanguage":"fr-FR","@id":"https:\/\/vpdanses.fr\/home\/bienvenue-chez-vp-danses-hazebrouck\/#\/schema\/logo\/image\/","url":"https:\/\/vpdanses.fr\/wp-content\/uploads\/2024\/10\/logo_cadanse_asaintjans.jpeg","contentUrl":"https:\/\/vpdanses.fr\/wp-content\/uploads\/2024\/10\/logo_cadanse_asaintjans.jpeg","width":225,"height":225,"caption":"VP DANSES, cours de Danse Sportive \u00e0 Aire-sur-la-Lys et \u00e0 Saint-Jans-Cappel (Hauts-de-France)"},"image":{"@id":"https:\/\/vpdanses.fr\/home\/bienvenue-chez-vp-danses-hazebrouck\/#\/schema\/logo\/image\/"}}]}},"uagb_featured_image_src":{"full":["https:\/\/vpdanses.fr\/wp-content\/uploads\/2025\/10\/2025-09-25-cours-particulier-samba-sven-balcerzak-ascendance_2532.jpg",1200,900,false],"thumbnail":["https:\/\/vpdanses.fr\/wp-content\/uploads\/2025\/10\/2025-09-25-cours-particulier-samba-sven-balcerzak-ascendance_2532-150x150.jpg",150,150,true],"medium":["https:\/\/vpdanses.fr\/wp-content\/uploads\/2025\/10\/2025-09-25-cours-particulier-samba-sven-balcerzak-ascendance_2532-300x225.jpg",300,225,true],"medium_large":["https:\/\/vpdanses.fr\/wp-content\/uploads\/2025\/10\/2025-09-25-cours-particulier-samba-sven-balcerzak-ascendance_2532-768x576.jpg",768,576,true],"large":["https:\/\/vpdanses.fr\/wp-content\/uploads\/2025\/10\/2025-09-25-cours-particulier-samba-sven-balcerzak-ascendance_2532-1024x768.jpg",1024,768,true],"1536x1536":["https:\/\/vpdanses.fr\/wp-content\/uploads\/2025\/10\/2025-09-25-cours-particulier-samba-sven-balcerzak-ascendance_2532.jpg",1200,900,false],"2048x2048":["https:\/\/vpdanses.fr\/wp-content\/uploads\/2025\/10\/2025-09-25-cours-particulier-samba-sven-balcerzak-ascendance_2532.jpg",1200,900,false],"vp_sm":["https:\/\/vpdanses.fr\/wp-content\/uploads\/2025\/10\/2025-09-25-cours-particulier-samba-sven-balcerzak-ascendance_2532-500x375.jpg",500,375,true],"vp_md":["https:\/\/vpdanses.fr\/wp-content\/uploads\/2025\/10\/2025-09-25-cours-particulier-samba-sven-balcerzak-ascendance_2532-800x600.jpg",800,600,true],"vp_lg":["https:\/\/vpdanses.fr\/wp-content\/uploads\/2025\/10\/2025-09-25-cours-particulier-samba-sven-balcerzak-ascendance_2532.jpg",1200,900,false],"vp_xl":["https:\/\/vpdanses.fr\/wp-content\/uploads\/2025\/10\/2025-09-25-cours-particulier-samba-sven-balcerzak-ascendance_2532.jpg",1200,900,false],"vp_sm_popup":["https:\/\/vpdanses.fr\/wp-content\/uploads\/2025\/10\/2025-09-25-cours-particulier-samba-sven-balcerzak-ascendance_2532-500x375.jpg",500,375,true],"vp_md_popup":["https:\/\/vpdanses.fr\/wp-content\/uploads\/2025\/10\/2025-09-25-cours-particulier-samba-sven-balcerzak-ascendance_2532-800x600.jpg",800,600,true],"vp_xl_popup":["https:\/\/vpdanses.fr\/wp-content\/uploads\/2025\/10\/2025-09-25-cours-particulier-samba-sven-balcerzak-ascendance_2532.jpg",1200,900,false],"dance-blog-thumb":["https:\/\/vpdanses.fr\/wp-content\/uploads\/2025\/10\/2025-09-25-cours-particulier-samba-sven-balcerzak-ascendance_2532-150x120.jpg",150,120,true],"dance-event-list":["https:\/\/vpdanses.fr\/wp-content\/uploads\/2025\/10\/2025-09-25-cours-particulier-samba-sven-balcerzak-ascendance_2532-420x336.jpg",420,336,true],"dance-event-single-type1":["https:\/\/vpdanses.fr\/wp-content\/uploads\/2025\/10\/2025-09-25-cours-particulier-samba-sven-balcerzak-ascendance_2532-773x520.jpg",773,520,true],"dance-event-single-type4":["https:\/\/vpdanses.fr\/wp-content\/uploads\/2025\/10\/2025-09-25-cours-particulier-samba-sven-balcerzak-ascendance_2532-570x460.jpg",570,460,true],"dance-event-single-type5":["https:\/\/vpdanses.fr\/wp-content\/uploads\/2025\/10\/2025-09-25-cours-particulier-samba-sven-balcerzak-ascendance_2532-746x770.jpg",746,770,true],"dance-event-list2":["https:\/\/vpdanses.fr\/wp-content\/uploads\/2025\/10\/2025-09-25-cours-particulier-samba-sven-balcerzak-ascendance_2532-420x275.jpg",420,275,true]},"uagb_author_info":{"display_name":"VP DANSES","author_link":"https:\/\/vpdanses.fr\/home\/bienvenue-chez-vp-danses-hazebrouck\/author\/adminvp20241018\/"},"uagb_comment_info":0,"uagb_excerpt":"Ce jeudi 23 octobre 2025, Virginie et Philippe suivent un cours particulier de Danse Sportive dispens\u00e9 par Sven BALCERZAK, professeur international reconnu pour sa p\u00e9dagogie et sa pr\u00e9cision technique. Le cours se d\u00e9roule \u00e0 la MJEP DANSE d\u2019Isbergues, dans une salle \u00e9quip\u00e9e de miroirs et d\u2019un parquet en bois id\u00e9al pour le travail de la\u2026","jetpack_sharing_enabled":true,"ticketed":false,"_links":{"self":[{"href":"https:\/\/vpdanses.fr\/home\/bienvenue-chez-vp-danses-hazebrouck\/wp-json\/wp\/v2\/tribe_events\/14629","targetHints":{"allow":["GET"]}}],"collection":[{"href":"https:\/\/vpdanses.fr\/home\/bienvenue-chez-vp-danses-hazebrouck\/wp-json\/wp\/v2\/tribe_events"}],"about":[{"href":"https:\/\/vpdanses.fr\/home\/bienvenue-chez-vp-danses-hazebrouck\/wp-json\/wp\/v2\/types\/tribe_events"}],"author":[{"embeddable":true,"href":"https:\/\/vpdanses.fr\/home\/bienvenue-chez-vp-danses-hazebrouck\/wp-json\/wp\/v2\/users\/1"}],"version-history":[{"count":2,"href":"https:\/\/vpdanses.fr\/home\/bienvenue-chez-vp-danses-hazebrouck\/wp-json\/wp\/v2\/tribe_events\/14629\/revisions"}],"predecessor-version":[{"id":14634,"href":"https:\/\/vpdanses.fr\/home\/bienvenue-chez-vp-danses-hazebrouck\/wp-json\/wp\/v2\/tribe_events\/14629\/revisions\/14634"}],"wp:featuredmedia":[{"embeddable":true,"href":"https:\/\/vpdanses.fr\/home\/bienvenue-chez-vp-danses-hazebrouck\/wp-json\/wp\/v2\/media\/14632"}],"wp:attachment":[{"href":"https:\/\/vpdanses.fr\/home\/bienvenue-chez-vp-danses-hazebrouck\/wp-json\/wp\/v2\/media?parent=14629"}],"wp:term":[{"taxonomy":"post_tag","embeddable":true,"href":"https:\/\/vpdanses.fr\/home\/bienvenue-chez-vp-danses-hazebrouck\/wp-json\/wp\/v2\/tags?post=14629"},{"taxonomy":"tribe_events_cat","embeddable":true,"href":"https:\/\/vpdanses.fr\/home\/bienvenue-chez-vp-danses-hazebrouck\/wp-json\/wp\/v2\/tribe_events_cat?post=14629"}],"curies":[{"name":"wp","href":"https:\/\/api.w.org\/{rel}","templated":true}]}}