{"id":14635,"date":"2025-10-23T06:20:58","date_gmt":"2025-10-23T04:20:58","guid":{"rendered":"https:\/\/vpdanses.fr\/home\/bienvenue-chez-vp-danses-hazebrouck\/?post_type=tribe_events&#038;p=14635"},"modified":"2025-10-23T06:21:02","modified_gmt":"2025-10-23T04:21:02","slug":"cours-particulier-valse-viennoise-mariage-oudezeele-1-novembre-2025","status":"publish","type":"tribe_events","link":"https:\/\/vpdanses.fr\/home\/bienvenue-chez-vp-danses-hazebrouck\/evenement\/cours-particulier-valse-viennoise-mariage-oudezeele-1-novembre-2025\/","title":{"rendered":"Cours particulier \u2013 Pr\u00e9paration Valse Viennoise de mariage \u00e0 Oudezeele"},"content":{"rendered":"<div  class=\"tribe-events-schedule tribe-clearfix\" >\n\t<p class=\"tribe-events-schedule__datetime\">\n\t\t<span class=\"tribe-events-schedule__date tribe-events-schedule__date--start\">\n\t\t\t1 novembre 2025\t\t<\/span>\n\n\t\t\t\t\t<span class=\"tribe-events-schedule__separator tribe-events-schedule__separator--date\">\n\t\t\t\t &gt; \t\t\t<\/span>\n\t\t\t<span class=\"tribe-events-schedule__time tribe-events-schedule__time--start\">\n\t\t\t\t10h00\t\t\t<\/span>\n\t\t\n\t\t\t\t\t\t\t\t\t<span class=\"tribe-events-schedule__separator tribe-events-schedule__separator--time\">\n\t\t\t\t\t &#8211; \t\t\t\t<\/span>\n\t\t\t\n\t\t\t\t\t\t\t<span class=\"tribe-events-schedule__time tribe-events-schedule__time--end\">\n\t\t\t\t\t11h30\t\t\t\t<\/span>\n\t\t\t\n\t\t\t\t\t\t<\/p>\n<\/div>\n\n\n\n<p>Ce samedi&nbsp;<strong>1er novembre 2025<\/strong>,&nbsp;<strong>VP DANSES<\/strong>&nbsp;animera un&nbsp;<strong>cours particulier de Danse de Salon<\/strong>&nbsp;\u00e0&nbsp;<strong>Oudezeele<\/strong>, dans le Nord de la France.<br>Ce cours s\u2019inscrit dans un&nbsp;<strong>cycle personnalis\u00e9 de pr\u00e9paration de mariage<\/strong>, destin\u00e9 \u00e0 un couple qui souhaite danser une&nbsp;<strong>Valse Viennoise<\/strong>&nbsp;lors de leur&nbsp;<strong>ouverture de bal en mars 2026<\/strong>.<\/p>\n\n\n\n<p>Sous la direction bienveillante et technique de l\u2019\u00e9quipe&nbsp;<strong>VP DANSES<\/strong>, les futurs mari\u00e9s apprennent \u00e0 ma\u00eetriser les pas, les tours et la musicalit\u00e9 de cette danse \u00e9l\u00e9gante et romantique.<br>Chaque s\u00e9ance est adapt\u00e9e \u00e0 leur rythme, avec un travail sur la&nbsp;<strong>posture<\/strong>, la&nbsp;<strong>connexion<\/strong>, et l\u2019<strong>aisance sur la piste<\/strong>, afin que leur ouverture de bal soit un moment inoubliable.<\/p>\n\n\n\n<p>VP DANSES propose ce type de cours particuliers \u00e0 domicile ou en salle, pour tous les couples souhaitant une&nbsp;<strong>chor\u00e9graphie sur mesure<\/strong>&nbsp;pour leur mariage.<\/p>\n\n\n<div  class=\"tribe-block tribe-block__venue tribe-clearfix\" >\n\t\n\t\t\n\t<\/div>\n\n\n<div  class=\"tribe-block tribe-block__event-website\" >\n\t<a\n\t\thref=\"https:\/\/vpdanses.fr\/home\/bienvenue-chez-vp-danses-hazebrouck\/\"\n\t\ttarget=\"_self\"\n\t\t\t>\n\t\tEn savoir plus sur VP DANSES : \t<\/a>\n<\/div>\n\n\n\t<div  class=\"tribe-block tribe-block__events-link\" >\n\t\t<div class=\"tribe-events tribe-common\">\n\t\t\t<div class=\"tribe-events-c-subscribe-dropdown__container\">\n\t\t\t\t<div class=\"tribe-events-c-subscribe-dropdown\">\n\t\t\t\t\t<div class=\"tribe-common-c-btn-border tribe-events-c-subscribe-dropdown__button\">\n\t\t\t\t\t\t<svg\n\t class=\"tribe-common-c-svgicon tribe-common-c-svgicon--cal-export tribe-events-c-subscribe-dropdown__export-icon\" \taria-hidden=\"true\"\n\tviewBox=\"0 0 23 17\"\n\txmlns=\"http:\/\/www.w3.org\/2000\/svg\"\n>\n\t<path fill-rule=\"evenodd\" clip-rule=\"evenodd\" d=\"M.128.896V16.13c0 .211.145.383.323.383h15.354c.179 0 .323-.172.323-.383V.896c0-.212-.144-.383-.323-.383H.451C.273.513.128.684.128.896Zm16 6.742h-.901V4.679H1.009v10.729h14.218v-3.336h.901V7.638ZM1.01 1.614h14.218v2.058H1.009V1.614Z\" \/>\n\t<path d=\"M20.5 9.846H8.312M18.524 6.953l2.89 2.909-2.855 2.855\" stroke-width=\"1.2\" stroke-linecap=\"round\" stroke-linejoin=\"round\"\/>\n<\/svg>\n\t\t\t\t\t\t<button\n\t\t\t\t\t\t\tclass=\"tribe-events-c-subscribe-dropdown__button-text\"\n\t\t\t\t\t\t\taria-expanded=\"false\"\n\t\t\t\t\t\t\taria-controls=\"tribe-events-subscribe-dropdown-content\"\n\t\t\t\t\t\t\taria-label=\"Afficher les liens permettant d\u2019ajouter des \u00e9v\u00e8nements \u00e0 votre calendrier\"\n\t\t\t\t\t\t>\n\t\t\t\t\t\t\tAjouter au calendrier\t\t\t\t\t\t<\/button>\n\t\t\t\t\t\t<svg\n\t class=\"tribe-common-c-svgicon tribe-common-c-svgicon--caret-down tribe-events-c-subscribe-dropdown__button-icon\" \taria-hidden=\"true\"\n\tviewBox=\"0 0 10 7\"\n\txmlns=\"http:\/\/www.w3.org\/2000\/svg\"\n>\n\t<path fill-rule=\"evenodd\" clip-rule=\"evenodd\" d=\"M1.008.609L5 4.6 8.992.61l.958.958L5 6.517.05 1.566l.958-.958z\" class=\"tribe-common-c-svgicon__svg-fill\"\/>\n<\/svg>\n\t\t\t\t\t<\/div>\n\t\t\t\t\t<div id=\"tribe-events-subscribe-dropdown-content\" class=\"tribe-events-c-subscribe-dropdown__content\">\n\t\t\t\t\t\t<ul class=\"tribe-events-c-subscribe-dropdown__list\">\n\t\t\t\t\t\t\t\t\t\t\t\t\t\t\t<li class=\"tribe-events-c-subscribe-dropdown__list-item tribe-events-c-subscribe-dropdown__list-item--gcal\">\n\t\t\t\t\t\t\t\t\t<a\n\t\t\t\t\t\t\t\t\t\thref=\"https:\/\/www.google.com\/calendar\/event?action=TEMPLATE&#038;dates=20251101T100000\/20251101T113000&#038;text=Cours%20particulier%20%E2%80%93%20Pr%C3%A9paration%20Valse%20Viennoise%20de%20mariage%20%C3%A0%20Oudezeele&#038;details=%3Cp%3ECe+samedi%26nbsp%3B%3Cstrong%3E1er+novembre+2025%3C%2Fstrong%3E%2C%26nbsp%3B%3Cstrong%3EVP+DANSES%3C%2Fstrong%3E%26nbsp%3Banimera+un%26nbsp%3B%3Cstrong%3Ecours+particulier+de+Danse+de+Salon%3C%2Fstrong%3E%26nbsp%3B%C3%A0%26nbsp%3B%3Cstrong%3EOudezeele%3C%2Fstrong%3E%2C+dans+le+Nord+de+la+France.%3Cbr+%2F%3ECe+cours+s%E2%80%99inscrit+dans+un%26nbsp%3B%3Cstrong%3Ecycle+personnalis%C3%A9+de+pr%C3%A9paration+de+mariage%3C%2Fstrong%3E%2C+destin%C3%A9+%C3%A0+un+couple+qui+souhaite+danser+une%26nbsp%3B%3Cstrong%3EValse+Viennoise%3C%2Fstrong%3E%26nbsp%3Blors+de+leur%26nbsp%3B%3Cstrong%3Eouverture+de+bal+en+mars+2026%3C%2Fstrong%3E.%3C%2Fp%3E+%3Cp%3ESous+la+direction+bienveillante+et+technique+de+l%E2%80%99%C3%A9quipe%26nbsp%3B%3Cstrong%3EVP+DANSES%3C%2Fstrong%3E%2C+les+futurs+mari%C3%A9s+apprennent+%C3%A0+ma%C3%AEtriser+les+pas%2C+les+tours+et+la+musicalit%C3%A9+de+cette+danse+%C3%A9l%C3%A9gante+et+romantique.%3Cbr+%2F%3EChaque+s%C3%A9ance+est+adapt%C3%A9e+%C3%A0+leur+rythme%2C+avec+un+travail+sur+la%26nbsp%3B%3Cstrong%3Eposture%3C%2Fstrong%3E%2C+la%26nbsp%3B%3Cstrong%3Econnexion%3C%2Fstrong%3E%2C+et+l%E2%80%99%3Cstrong%3Eaisance+sur+la+piste%3C%2Fstrong%3E%2C+afin+que+leur+ouverture+de+bal+soit+un+moment+inoubliable.%3C%2Fp%3E+%3Cp%3EVP+DANSES+propose+ce+type+de+%3C%2Fp%3E%28Voir+toute+la+description+de+%C3%A9v%C3%A8nement+ici%C2%A0%3A+https%3A%2F%2Fvpdanses.fr%2Fhome%2Fbienvenue-chez-vp-danses-hazebrouck%2Fevenement%2Fcours-particulier-valse-viennoise-mariage-oudezeele-1-novembre-2025%2F%29&#038;trp=false&#038;ctz=Europe\/Paris&#038;sprop=website:https:\/\/vpdanses.fr\/home\/bienvenue-chez-vp-danses-hazebrouck\"\n\t\t\t\t\t\t\t\t\t\tclass=\"tribe-events-c-subscribe-dropdown__list-item-link\"\n\t\t\t\t\t\t\t\t\t\ttarget=\"_blank\"\n\t\t\t\t\t\t\t\t\t\trel=\"noopener noreferrer nofollow noindex\"\n\t\t\t\t\t\t\t\t\t>\n\t\t\t\t\t\t\t\t\t\tGoogle Agenda\t\t\t\t\t\t\t\t\t<\/a>\n\t\t\t\t\t\t\t\t<\/li>\n\t\t\t\t\t\t\t\t\t\t\t\t\t\t\t<li class=\"tribe-events-c-subscribe-dropdown__list-item tribe-events-c-subscribe-dropdown__list-item--ical\">\n\t\t\t\t\t\t\t\t\t<a\n\t\t\t\t\t\t\t\t\t\thref=\"\"\n\t\t\t\t\t\t\t\t\t\tclass=\"tribe-events-c-subscribe-dropdown__list-item-link\"\n\t\t\t\t\t\t\t\t\t\ttarget=\"_blank\"\n\t\t\t\t\t\t\t\t\t\trel=\"noopener noreferrer nofollow noindex\"\n\t\t\t\t\t\t\t\t\t>\n\t\t\t\t\t\t\t\t\t\tiCalendar\t\t\t\t\t\t\t\t\t<\/a>\n\t\t\t\t\t\t\t\t<\/li>\n\t\t\t\t\t\t\t\t\t\t\t\t\t\t\t<li class=\"tribe-events-c-subscribe-dropdown__list-item tribe-events-c-subscribe-dropdown__list-item--outlook-365\">\n\t\t\t\t\t\t\t\t\t<a\n\t\t\t\t\t\t\t\t\t\thref=\"\"\n\t\t\t\t\t\t\t\t\t\tclass=\"tribe-events-c-subscribe-dropdown__list-item-link\"\n\t\t\t\t\t\t\t\t\t\ttarget=\"_blank\"\n\t\t\t\t\t\t\t\t\t\trel=\"noopener noreferrer nofollow noindex\"\n\t\t\t\t\t\t\t\t\t>\n\t\t\t\t\t\t\t\t\t\tOutlook 365\t\t\t\t\t\t\t\t\t<\/a>\n\t\t\t\t\t\t\t\t<\/li>\n\t\t\t\t\t\t\t\t\t\t\t\t\t\t\t<li class=\"tribe-events-c-subscribe-dropdown__list-item tribe-events-c-subscribe-dropdown__list-item--outlook-live\">\n\t\t\t\t\t\t\t\t\t<a\n\t\t\t\t\t\t\t\t\t\thref=\"\"\n\t\t\t\t\t\t\t\t\t\tclass=\"tribe-events-c-subscribe-dropdown__list-item-link\"\n\t\t\t\t\t\t\t\t\t\ttarget=\"_blank\"\n\t\t\t\t\t\t\t\t\t\trel=\"noopener noreferrer nofollow noindex\"\n\t\t\t\t\t\t\t\t\t>\n\t\t\t\t\t\t\t\t\t\tOutlook Live\t\t\t\t\t\t\t\t\t<\/a>\n\t\t\t\t\t\t\t\t<\/li>\n\t\t\t\t\t\t\t\t\t\t\t\t\t<\/ul>\n\t\t\t\t\t<\/div>\n\t\t\t\t<\/div>\n\t\t\t<\/div>\n\t\t<\/div>\n\t<\/div>\n\n","protected":false},"excerpt":{"rendered":"<p>Ce samedi 1er novembre 2025, VP DANSES accompagne un couple d\u2019Oudezeele dans la pr\u00e9paration de leur ouverture de bal en Valse Viennoise pour leur mariage de mars 2026.<\/p>\n","protected":false},"author":1,"featured_media":0,"template":"","meta":{"_uag_custom_page_level_css":"","_price":"","_stock":"","_tribe_ticket_header":"","_tribe_default_ticket_provider":"","_tribe_ticket_capacity":"","_ticket_start_date":"","_ticket_end_date":"","_tribe_ticket_show_description":"","_tribe_ticket_show_not_going":false,"_tribe_ticket_use_global_stock":"","_tribe_ticket_global_stock_level":"","_global_stock_mode":"","_global_stock_cap":"","_tribe_rsvp_for_event":"","_tribe_ticket_going_count":"","_tribe_ticket_not_going_count":"","_tribe_tickets_list":"[]","_tribe_ticket_has_attendee_info_fields":false,"_EventAllDay":false,"_EventTimezone":"Europe\/Paris","_EventStartDate":"2025-11-01 10:00:00","_EventEndDate":"2025-11-01 11:30:00","_EventStartDateUTC":"2025-11-01 09:00:00","_EventEndDateUTC":"2025-11-01 10:30:00","_EventShowMap":false,"_EventShowMapLink":false,"_EventURL":"https:\/\/vpdanses.fr\/home\/bienvenue-chez-vp-danses-hazebrouck\/","_EventCost":"","_EventCostDescription":"","_EventCurrencySymbol":"\u20ac","_EventCurrencyCode":"EUR","_EventCurrencyPosition":"suffix","_EventDateTimeSeparator":" > ","_EventTimeRangeSeparator":" - ","_EventOrganizerID":[],"_EventVenueID":[],"_OrganizerEmail":"","_OrganizerPhone":"","_OrganizerWebsite":"","_VenueAddress":"","_VenueCity":"","_VenueCountry":"","_VenueProvince":"","_VenueState":"","_VenueZip":"","_VenuePhone":"","_VenueURL":"","_VenueStateProvince":"","_VenueLat":"","_VenueLng":"","_VenueShowMap":false,"_VenueShowMapLink":false,"_tribe_events_status":"","_tribe_events_status_reason":"","footnotes":"","_tec_slr_enabled":"","_tec_slr_layout":""},"tags":[501,494,488,394,497,496,499,311,500,498,495,96],"tribe_events_cat":[492,245,490,493,491],"class_list":["post-14635","tribe_events","type-tribe_events","status-publish","hentry","tag-cours-couple","tag-cours-de-danse-mariage","tag-cours-particulier","tag-danse-de-salon","tag-nord-de-la-france","tag-oudezeele","tag-ouverture-de-bal","tag-preparation-mariage","tag-professeur-danse","tag-valse-mariage","tag-valse-viennoise","tag-vp-danses","tribe_events_cat-autour-de-hazebrouck-59190","tribe_events_cat-bal-de-mariage","tribe_events_cat-mariage","tribe_events_cat-oudezeele-nord","tribe_events_cat-ouverture-bal-de-mariage-oudezeele-59670-alice-et-henri","cat_autour-de-hazebrouck-59190","cat_bal-de-mariage","cat_mariage","cat_oudezeele-nord","cat_ouverture-bal-de-mariage-oudezeele-59670-alice-et-henri"],"yoast_head":"<!-- This site is optimized with the Yoast SEO Premium plugin v25.6 (Yoast SEO v25.6) - https:\/\/yoast.com\/wordpress\/plugins\/seo\/ -->\n<title>Cours particulier Valse Viennoise mariage \u2013 VP DANSES Oudezeele<\/title>\n<meta name=\"description\" content=\"Pr\u00e9parez votre ouverture de bal avec VP DANSES ! Ce 1er novembre 2025 \u00e0 Oudezeele, cours particulier de Valse Viennoise pour un couple en vue de leur mariage.\" \/>\n<meta name=\"robots\" content=\"index, follow, max-snippet:-1, max-image-preview:large, max-video-preview:-1\" \/>\n<link rel=\"canonical\" href=\"https:\/\/vpdanses.fr\/home\/bienvenue-chez-vp-danses-hazebrouck\/evenement\/cours-particulier-valse-viennoise-mariage-oudezeele-1-novembre-2025\/\" \/>\n<meta property=\"og:locale\" content=\"fr_FR\" \/>\n<meta property=\"og:type\" content=\"article\" \/>\n<meta property=\"og:title\" content=\"Cours particulier \u2013 Pr\u00e9paration Valse Viennoise de mariage \u00e0 Oudezeele\" \/>\n<meta property=\"og:description\" content=\"Un moment magique en pr\u00e9paration ! VP DANSES accompagne un couple d\u2019Oudezeele dans l\u2019apprentissage de la Valse Viennoise pour leur mariage de mars 2026.\" \/>\n<meta property=\"og:url\" content=\"https:\/\/vpdanses.fr\/home\/bienvenue-chez-vp-danses-hazebrouck\/evenement\/cours-particulier-valse-viennoise-mariage-oudezeele-1-novembre-2025\/\" \/>\n<meta property=\"og:site_name\" content=\"VP DANSES, cours de Danse Sportive \u00e0 Aire-sur-la-Lys et \u00e0 Saint-Jans-Cappel (Hauts-de-France)\" \/>\n<meta property=\"article:modified_time\" content=\"2025-10-23T04:21:02+00:00\" \/>\n<meta name=\"twitter:card\" content=\"summary_large_image\" \/>\n<meta name=\"twitter:label1\" content=\"Dur\u00e9e de lecture estim\u00e9e\" \/>\n\t<meta name=\"twitter:data1\" content=\"1 minute\" \/>\n<script type=\"application\/ld+json\" class=\"yoast-schema-graph\">{\"@context\":\"https:\/\/schema.org\",\"@graph\":[{\"@type\":\"WebPage\",\"@id\":\"https:\/\/vpdanses.fr\/home\/bienvenue-chez-vp-danses-hazebrouck\/evenement\/cours-particulier-valse-viennoise-mariage-oudezeele-1-novembre-2025\/\",\"url\":\"https:\/\/vpdanses.fr\/home\/bienvenue-chez-vp-danses-hazebrouck\/evenement\/cours-particulier-valse-viennoise-mariage-oudezeele-1-novembre-2025\/\",\"name\":\"Cours particulier Valse Viennoise mariage \u2013 VP DANSES Oudezeele\",\"isPartOf\":{\"@id\":\"https:\/\/vpdanses.fr\/home\/bienvenue-chez-vp-danses-hazebrouck\/#website\"},\"datePublished\":\"2025-10-23T04:20:58+00:00\",\"dateModified\":\"2025-10-23T04:21:02+00:00\",\"description\":\"Pr\u00e9parez votre ouverture de bal avec VP DANSES ! Ce 1er novembre 2025 \u00e0 Oudezeele, cours particulier de Valse Viennoise pour un couple en vue de leur mariage.\",\"breadcrumb\":{\"@id\":\"https:\/\/vpdanses.fr\/home\/bienvenue-chez-vp-danses-hazebrouck\/evenement\/cours-particulier-valse-viennoise-mariage-oudezeele-1-novembre-2025\/#breadcrumb\"},\"inLanguage\":\"fr-FR\",\"potentialAction\":[{\"@type\":\"ReadAction\",\"target\":[\"https:\/\/vpdanses.fr\/home\/bienvenue-chez-vp-danses-hazebrouck\/evenement\/cours-particulier-valse-viennoise-mariage-oudezeele-1-novembre-2025\/\"]}]},{\"@type\":\"BreadcrumbList\",\"@id\":\"https:\/\/vpdanses.fr\/home\/bienvenue-chez-vp-danses-hazebrouck\/evenement\/cours-particulier-valse-viennoise-mariage-oudezeele-1-novembre-2025\/#breadcrumb\",\"itemListElement\":[{\"@type\":\"ListItem\",\"position\":1,\"name\":\"Accueil\",\"item\":\"https:\/\/vpdanses.fr\/home\/bienvenue-chez-vp-danses-hazebrouck\/\"},{\"@type\":\"ListItem\",\"position\":2,\"name\":\"\u00c9v\u00e8nements\",\"item\":\"https:\/\/vpdanses.fr\/home\/bienvenue-chez-vp-danses-hazebrouck\/dates\/\"},{\"@type\":\"ListItem\",\"position\":3,\"name\":\"Cours particulier \u2013 Pr\u00e9paration Valse Viennoise de mariage \u00e0 Oudezeele\"}]},{\"@type\":\"WebSite\",\"@id\":\"https:\/\/vpdanses.fr\/home\/bienvenue-chez-vp-danses-hazebrouck\/#website\",\"url\":\"https:\/\/vpdanses.fr\/home\/bienvenue-chez-vp-danses-hazebrouck\/\",\"name\":\"VP DANSES, cours de Danse Sportive \u00e0 Aire-sur-la-Lys et \u00e0 Saint-Jans-Cappel (Hauts-de-France)\",\"description\":\"Cours de Danse Sportive STANDARD (valse anglaise, tango, valse viennoise, slowfox, quickstep), danses sportives LATINES (samba, chacha, rumba, paso doble, jive), danses de bal, danses de salons, danses de loisirs, salsa, rock 4 temps, rock 6 temps, danses en ligne, disco, \u2026 Lieu : Hazebrouck, Aire-sur-la-Lys, Saint-Jans-Cappel et Isbergues (Hauts-de-France) - Cours Particuliers dans les Hauts-de-France - Ouverture de bal de Mariage\",\"publisher\":{\"@id\":\"https:\/\/vpdanses.fr\/home\/bienvenue-chez-vp-danses-hazebrouck\/#organization\"},\"potentialAction\":[{\"@type\":\"SearchAction\",\"target\":{\"@type\":\"EntryPoint\",\"urlTemplate\":\"https:\/\/vpdanses.fr\/home\/bienvenue-chez-vp-danses-hazebrouck\/?s={search_term_string}\"},\"query-input\":{\"@type\":\"PropertyValueSpecification\",\"valueRequired\":true,\"valueName\":\"search_term_string\"}}],\"inLanguage\":\"fr-FR\"},{\"@type\":\"Organization\",\"@id\":\"https:\/\/vpdanses.fr\/home\/bienvenue-chez-vp-danses-hazebrouck\/#organization\",\"name\":\"VP DANSES, cours de Danse Sportive \u00e0 Aire-sur-la-Lys et \u00e0 Saint-Jans-Cappel (Hauts-de-France)\",\"url\":\"https:\/\/vpdanses.fr\/home\/bienvenue-chez-vp-danses-hazebrouck\/\",\"logo\":{\"@type\":\"ImageObject\",\"inLanguage\":\"fr-FR\",\"@id\":\"https:\/\/vpdanses.fr\/home\/bienvenue-chez-vp-danses-hazebrouck\/#\/schema\/logo\/image\/\",\"url\":\"https:\/\/vpdanses.fr\/wp-content\/uploads\/2024\/10\/logo_cadanse_asaintjans.jpeg\",\"contentUrl\":\"https:\/\/vpdanses.fr\/wp-content\/uploads\/2024\/10\/logo_cadanse_asaintjans.jpeg\",\"width\":225,\"height\":225,\"caption\":\"VP DANSES, cours de Danse Sportive \u00e0 Aire-sur-la-Lys et \u00e0 Saint-Jans-Cappel (Hauts-de-France)\"},\"image\":{\"@id\":\"https:\/\/vpdanses.fr\/home\/bienvenue-chez-vp-danses-hazebrouck\/#\/schema\/logo\/image\/\"}}]}<\/script>\n<!-- \/ Yoast SEO Premium plugin. -->","yoast_head_json":{"title":"Cours particulier Valse Viennoise mariage \u2013 VP DANSES Oudezeele","description":"Pr\u00e9parez votre ouverture de bal avec VP DANSES ! Ce 1er novembre 2025 \u00e0 Oudezeele, cours particulier de Valse Viennoise pour un couple en vue de leur mariage.","robots":{"index":"index","follow":"follow","max-snippet":"max-snippet:-1","max-image-preview":"max-image-preview:large","max-video-preview":"max-video-preview:-1"},"canonical":"https:\/\/vpdanses.fr\/home\/bienvenue-chez-vp-danses-hazebrouck\/evenement\/cours-particulier-valse-viennoise-mariage-oudezeele-1-novembre-2025\/","og_locale":"fr_FR","og_type":"article","og_title":"Cours particulier \u2013 Pr\u00e9paration Valse Viennoise de mariage \u00e0 Oudezeele","og_description":"Un moment magique en pr\u00e9paration ! VP DANSES accompagne un couple d\u2019Oudezeele dans l\u2019apprentissage de la Valse Viennoise pour leur mariage de mars 2026.","og_url":"https:\/\/vpdanses.fr\/home\/bienvenue-chez-vp-danses-hazebrouck\/evenement\/cours-particulier-valse-viennoise-mariage-oudezeele-1-novembre-2025\/","og_site_name":"VP DANSES, cours de Danse Sportive \u00e0 Aire-sur-la-Lys et \u00e0 Saint-Jans-Cappel (Hauts-de-France)","article_modified_time":"2025-10-23T04:21:02+00:00","twitter_card":"summary_large_image","twitter_misc":{"Dur\u00e9e de lecture estim\u00e9e":"1 minute"},"schema":{"@context":"https:\/\/schema.org","@graph":[{"@type":"WebPage","@id":"https:\/\/vpdanses.fr\/home\/bienvenue-chez-vp-danses-hazebrouck\/evenement\/cours-particulier-valse-viennoise-mariage-oudezeele-1-novembre-2025\/","url":"https:\/\/vpdanses.fr\/home\/bienvenue-chez-vp-danses-hazebrouck\/evenement\/cours-particulier-valse-viennoise-mariage-oudezeele-1-novembre-2025\/","name":"Cours particulier Valse Viennoise mariage \u2013 VP DANSES Oudezeele","isPartOf":{"@id":"https:\/\/vpdanses.fr\/home\/bienvenue-chez-vp-danses-hazebrouck\/#website"},"datePublished":"2025-10-23T04:20:58+00:00","dateModified":"2025-10-23T04:21:02+00:00","description":"Pr\u00e9parez votre ouverture de bal avec VP DANSES ! Ce 1er novembre 2025 \u00e0 Oudezeele, cours particulier de Valse Viennoise pour un couple en vue de leur mariage.","breadcrumb":{"@id":"https:\/\/vpdanses.fr\/home\/bienvenue-chez-vp-danses-hazebrouck\/evenement\/cours-particulier-valse-viennoise-mariage-oudezeele-1-novembre-2025\/#breadcrumb"},"inLanguage":"fr-FR","potentialAction":[{"@type":"ReadAction","target":["https:\/\/vpdanses.fr\/home\/bienvenue-chez-vp-danses-hazebrouck\/evenement\/cours-particulier-valse-viennoise-mariage-oudezeele-1-novembre-2025\/"]}]},{"@type":"BreadcrumbList","@id":"https:\/\/vpdanses.fr\/home\/bienvenue-chez-vp-danses-hazebrouck\/evenement\/cours-particulier-valse-viennoise-mariage-oudezeele-1-novembre-2025\/#breadcrumb","itemListElement":[{"@type":"ListItem","position":1,"name":"Accueil","item":"https:\/\/vpdanses.fr\/home\/bienvenue-chez-vp-danses-hazebrouck\/"},{"@type":"ListItem","position":2,"name":"\u00c9v\u00e8nements","item":"https:\/\/vpdanses.fr\/home\/bienvenue-chez-vp-danses-hazebrouck\/dates\/"},{"@type":"ListItem","position":3,"name":"Cours particulier \u2013 Pr\u00e9paration Valse Viennoise de mariage \u00e0 Oudezeele"}]},{"@type":"WebSite","@id":"https:\/\/vpdanses.fr\/home\/bienvenue-chez-vp-danses-hazebrouck\/#website","url":"https:\/\/vpdanses.fr\/home\/bienvenue-chez-vp-danses-hazebrouck\/","name":"VP DANSES, cours de Danse Sportive \u00e0 Aire-sur-la-Lys et \u00e0 Saint-Jans-Cappel (Hauts-de-France)","description":"Cours de Danse Sportive STANDARD (valse anglaise, tango, valse viennoise, slowfox, quickstep), danses sportives LATINES (samba, chacha, rumba, paso doble, jive), danses de bal, danses de salons, danses de loisirs, salsa, rock 4 temps, rock 6 temps, danses en ligne, disco, \u2026 Lieu : Hazebrouck, Aire-sur-la-Lys, Saint-Jans-Cappel et Isbergues (Hauts-de-France) - Cours Particuliers dans les Hauts-de-France - Ouverture de bal de Mariage","publisher":{"@id":"https:\/\/vpdanses.fr\/home\/bienvenue-chez-vp-danses-hazebrouck\/#organization"},"potentialAction":[{"@type":"SearchAction","target":{"@type":"EntryPoint","urlTemplate":"https:\/\/vpdanses.fr\/home\/bienvenue-chez-vp-danses-hazebrouck\/?s={search_term_string}"},"query-input":{"@type":"PropertyValueSpecification","valueRequired":true,"valueName":"search_term_string"}}],"inLanguage":"fr-FR"},{"@type":"Organization","@id":"https:\/\/vpdanses.fr\/home\/bienvenue-chez-vp-danses-hazebrouck\/#organization","name":"VP DANSES, cours de Danse Sportive \u00e0 Aire-sur-la-Lys et \u00e0 Saint-Jans-Cappel (Hauts-de-France)","url":"https:\/\/vpdanses.fr\/home\/bienvenue-chez-vp-danses-hazebrouck\/","logo":{"@type":"ImageObject","inLanguage":"fr-FR","@id":"https:\/\/vpdanses.fr\/home\/bienvenue-chez-vp-danses-hazebrouck\/#\/schema\/logo\/image\/","url":"https:\/\/vpdanses.fr\/wp-content\/uploads\/2024\/10\/logo_cadanse_asaintjans.jpeg","contentUrl":"https:\/\/vpdanses.fr\/wp-content\/uploads\/2024\/10\/logo_cadanse_asaintjans.jpeg","width":225,"height":225,"caption":"VP DANSES, cours de Danse Sportive \u00e0 Aire-sur-la-Lys et \u00e0 Saint-Jans-Cappel (Hauts-de-France)"},"image":{"@id":"https:\/\/vpdanses.fr\/home\/bienvenue-chez-vp-danses-hazebrouck\/#\/schema\/logo\/image\/"}}]}},"uagb_featured_image_src":{"full":false,"thumbnail":false,"medium":false,"medium_large":false,"large":false,"1536x1536":false,"2048x2048":false,"vp_sm":false,"vp_md":false,"vp_lg":false,"vp_xl":false,"vp_sm_popup":false,"vp_md_popup":false,"vp_xl_popup":false,"dance-blog-thumb":false,"dance-event-list":false,"dance-event-single-type1":false,"dance-event-single-type4":false,"dance-event-single-type5":false,"dance-event-list2":false},"uagb_author_info":{"display_name":"VP DANSES","author_link":"https:\/\/vpdanses.fr\/home\/bienvenue-chez-vp-danses-hazebrouck\/author\/adminvp20241018\/"},"uagb_comment_info":0,"uagb_excerpt":"Ce samedi 1er novembre 2025, VP DANSES accompagne un couple d\u2019Oudezeele dans la pr\u00e9paration de leur ouverture de bal en Valse Viennoise pour leur mariage de mars 2026.","jetpack_sharing_enabled":true,"ticketed":false,"_links":{"self":[{"href":"https:\/\/vpdanses.fr\/home\/bienvenue-chez-vp-danses-hazebrouck\/wp-json\/wp\/v2\/tribe_events\/14635","targetHints":{"allow":["GET"]}}],"collection":[{"href":"https:\/\/vpdanses.fr\/home\/bienvenue-chez-vp-danses-hazebrouck\/wp-json\/wp\/v2\/tribe_events"}],"about":[{"href":"https:\/\/vpdanses.fr\/home\/bienvenue-chez-vp-danses-hazebrouck\/wp-json\/wp\/v2\/types\/tribe_events"}],"author":[{"embeddable":true,"href":"https:\/\/vpdanses.fr\/home\/bienvenue-chez-vp-danses-hazebrouck\/wp-json\/wp\/v2\/users\/1"}],"version-history":[{"count":1,"href":"https:\/\/vpdanses.fr\/home\/bienvenue-chez-vp-danses-hazebrouck\/wp-json\/wp\/v2\/tribe_events\/14635\/revisions"}],"predecessor-version":[{"id":14637,"href":"https:\/\/vpdanses.fr\/home\/bienvenue-chez-vp-danses-hazebrouck\/wp-json\/wp\/v2\/tribe_events\/14635\/revisions\/14637"}],"wp:attachment":[{"href":"https:\/\/vpdanses.fr\/home\/bienvenue-chez-vp-danses-hazebrouck\/wp-json\/wp\/v2\/media?parent=14635"}],"wp:term":[{"taxonomy":"post_tag","embeddable":true,"href":"https:\/\/vpdanses.fr\/home\/bienvenue-chez-vp-danses-hazebrouck\/wp-json\/wp\/v2\/tags?post=14635"},{"taxonomy":"tribe_events_cat","embeddable":true,"href":"https:\/\/vpdanses.fr\/home\/bienvenue-chez-vp-danses-hazebrouck\/wp-json\/wp\/v2\/tribe_events_cat?post=14635"}],"curies":[{"name":"wp","href":"https:\/\/api.w.org\/{rel}","templated":true}]}}