{"id":9214,"date":"2024-10-22T23:30:47","date_gmt":"2024-10-22T21:30:47","guid":{"rendered":"https:\/\/vpdanses.fr\/?post_type=tribe_events&#038;p=9214"},"modified":"2024-12-02T18:28:21","modified_gmt":"2024-12-02T17:28:21","slug":"atelier-de-salsa-a-la-8eme-edition-de-stages-sur-st-jans-cappel","status":"publish","type":"tribe_events","link":"https:\/\/vpdanses.fr\/home\/bienvenue-chez-vp-danses-hazebrouck\/evenement\/atelier-de-salsa-a-la-8eme-edition-de-stages-sur-st-jans-cappel\/","title":{"rendered":"8\u00e8me edition stages a Saint-Jans-Cappel"},"content":{"rendered":"\n<hr class=\"wp-block-separator has-alpha-channel-opacity\"\/>\n\n\n\n<figure class=\"wp-block-image size-large\"><noscript><img loading=\"lazy\" decoding=\"async\" width=\"1024\" height=\"577\" data-skip-lazy src=\"https:\/\/vpdanses.fr\/wp-content\/uploads\/2024\/10\/bandeau-003-atelier-salsa-20241130-1024x577.jpg\" alt=\"Salle des Sports de SAINT-JANS-CAPPEL - Atelier de SALSA organis\u00e9 par CA DANSE A SAINT JANS et anim\u00e9 par VP DANSES Hazebrouck - 30\/ 11\/2024 - Entr\u00e9e 15\u20ac - Saint-Jans-Cappel\" class=\"wp-image-9483\" srcset=\"https:\/\/vpdanses.fr\/wp-content\/uploads\/2024\/10\/bandeau-003-atelier-salsa-20241130-1024x577.jpg 1024w, https:\/\/vpdanses.fr\/wp-content\/uploads\/2024\/10\/bandeau-003-atelier-salsa-20241130-300x169.jpg 300w, https:\/\/vpdanses.fr\/wp-content\/uploads\/2024\/10\/bandeau-003-atelier-salsa-20241130-768x433.jpg 768w, https:\/\/vpdanses.fr\/wp-content\/uploads\/2024\/10\/bandeau-003-atelier-salsa-20241130-600x338.jpg 600w, https:\/\/vpdanses.fr\/wp-content\/uploads\/2024\/10\/bandeau-003-atelier-salsa-20241130.jpg 1419w\" sizes=\"auto, (max-width: 1024px) 100vw, 1024px\" \/><\/noscript><img loading=\"eager\" decoding=\"async\" width=\"1024\" height=\"577\" src=\"https:\/\/vpdanses.fr\/wp-content\/uploads\/2024\/10\/bandeau-003-atelier-salsa-20241130-1024x577.jpg\" alt=\"Salle des Sports de SAINT-JANS-CAPPEL - Atelier de SALSA organis\u00e9 par CA DANSE A SAINT JANS et anim\u00e9 par VP DANSES Hazebrouck - 30\/ 11\/2024 - Entr\u00e9e 15\u20ac - Saint-Jans-Cappel\" class=\"wp-image-9483 vp-lazyload\" srcset=\"data:image\/svg+xml;base64,PHN2ZyB3aWR0aD0iMTAyNCIgaGVpZ2h0PSI1NzciIHZpZXdCb3g9IjAgMCAxMDI0IDU3NyIgZmlsbD0ibm9uZSIgeG1sbnM9Imh0dHA6Ly93d3cudzMub3JnLzIwMDAvc3ZnIj48L3N2Zz4=\" data-src=\"https:\/\/vpdanses.fr\/wp-content\/uploads\/2024\/10\/bandeau-003-atelier-salsa-20241130-1024x577.jpg\" data-srcset=\"https:\/\/vpdanses.fr\/wp-content\/uploads\/2024\/10\/bandeau-003-atelier-salsa-20241130-1024x577.jpg 1024w, https:\/\/vpdanses.fr\/wp-content\/uploads\/2024\/10\/bandeau-003-atelier-salsa-20241130-300x169.jpg 300w, https:\/\/vpdanses.fr\/wp-content\/uploads\/2024\/10\/bandeau-003-atelier-salsa-20241130-768x433.jpg 768w, https:\/\/vpdanses.fr\/wp-content\/uploads\/2024\/10\/bandeau-003-atelier-salsa-20241130-600x338.jpg 600w, https:\/\/vpdanses.fr\/wp-content\/uploads\/2024\/10\/bandeau-003-atelier-salsa-20241130.jpg 1419w\" data-sizes=\"auto\"><figcaption class=\"wp-element-caption\">Salle des Sports de SAINT-JANS-CAPPEL &#8211; Atelier de SALSA organis\u00e9 par CA DANSE A SAINT JANS et anim\u00e9 par VP DANSES Hazebrouck &#8211; 30\/ 11\/2024 &#8211; Entr\u00e9e 15\u20ac &#8211; Saint-Jans-Cappel<\/figcaption><\/figure>\n\n\n<div  class=\"tribe-events-single-section tribe-events-event-meta primary tribe-clearfix\" >\n\t\n\t\n<div class=\"tribe-events-meta-group tribe-events-meta-group-details\">\n\t<h3 class=\"tribe-events-single-section-title\">\n\t\t\t\t\tD\u00e9tails\t\t\n\t<\/h3>\n\t<ul class=\"tribe-events-meta-list\">\n\n\t\t\n\t\t\t<li class=\"tribe-events-meta-item\">\n\t\t\t\t<span class=\"tribe-events-meta-label\">Date :<\/span>\n\t\t\t\t<span class=\"tribe-events-meta-value\">\n\t\t\t\t\t<abbr class=\"tribe-events-abbr tribe-events-start-date published dtstart\" title=\"2024-11-30\"> 30 novembre 2024 <\/abbr>\n\t\t\t\t<\/span>\n\t\t\t<\/li>\n\n\t\t\t<li class=\"tribe-events-meta-item\">\n\t\t\t\t<span class=\"tribe-events-meta-label\">Heure\u00a0:<\/span>\n\t\t\t\t<span class=\"tribe-events-meta-value\">\n\t\t\t\t\t<div class=\"tribe-events-abbr tribe-events-start-time published dtstart\" title=\"2024-11-30\">\n\t\t\t\t\t\t17h30 &#8211; 19h00\t\t\t\t\t\t\t\t\t\t\t<\/div>\n\t\t\t\t<\/span>\n\t\t\t<\/li>\n\n\t\t\n\t\t\t\t\t<li class=\"tribe-events-meta-item\">\n\t\t\t\t<span class=\"tribe-events-meta-label\">Prix\u00a0:<\/span>\n\t\t\t\t<span class=\"tribe-events-event-cost tribe-events-meta-value\"> &#x24;15.00 <\/span>\n\t\t\t<\/li>\n\t\t\n\t\t\n\t\t<li class=\"tribe-events-meta-item\"><span class=\"tribe-events-event-categories-label tribe-events-meta-label\">Cat\u00e9gories d\u2019\u00c9v\u00e8nement:<\/span> <span class=\"tribe-events-event-categories tribe-events-meta-value\"><a href=\"https:\/\/vpdanses.fr\/home\/bienvenue-chez-vp-danses-hazebrouck\/dates\/categorie\/animation\/\" rel=\"tag\">Animation<\/a>, <a href=\"https:\/\/vpdanses.fr\/home\/bienvenue-chez-vp-danses-hazebrouck\/dates\/categorie\/salsa\/atelier-salsa\/\" rel=\"tag\">Atelier de salsa<\/a>, <a href=\"https:\/\/vpdanses.fr\/home\/bienvenue-chez-vp-danses-hazebrouck\/dates\/categorie\/ateliers_vp_danses\/\" rel=\"tag\">Ateliers_VP_danses<\/a><\/span><\/li>\n\t\t<li class=\"tribe-events-meta-item\"><span class=\"tribe-event-tags-label tribe-events-meta-label\">\u00c9v\u00e8nement Tags:<\/span><span class=\"tribe-event-tags tribe-events-meta-value\"><a href=\"https:\/\/vpdanses.fr\/home\/bienvenue-chez-vp-danses-hazebrouck\/dates\/etiquette\/ca-danse-a-saint-jans\/\" rel=\"tag\">CA DANSE A SAINT JANS<\/a>, <a href=\"https:\/\/vpdanses.fr\/home\/bienvenue-chez-vp-danses-hazebrouck\/dates\/etiquette\/saint-jans-cappel\/\" rel=\"tag\">SAINT-JANS-CAPPEL<\/a>, <a href=\"https:\/\/vpdanses.fr\/home\/bienvenue-chez-vp-danses-hazebrouck\/dates\/etiquette\/salsa\/\" rel=\"tag\">SALSA<\/a>, <a href=\"https:\/\/vpdanses.fr\/home\/bienvenue-chez-vp-danses-hazebrouck\/dates\/etiquette\/vp-danses\/\" rel=\"tag\">VP DANSES<\/a><\/span><\/li>\n\t\t\n\t\t\t<li class=\"tribe-events-meta-item\">\n\t\t\t\t<span class=\"tribe-events-meta-label\">Site\u00a0:<\/span>\n\t\t\t\t<span class=\"tribe-events-event-url tribe-events-meta-value\"> <a href=\"https:\/\/www.facebook.com\/profile.php?id=100009426981409\" target=\"_self\" rel=\"external\">https:\/\/www.facebook.com\/profile.php?id=100009426981409<\/a> <\/span>\n\t\t\t<\/li>\n\t\t\n\t\t\t<\/ul>\n<\/div>\n\t\n<div class=\"tribe-events-meta-group tribe-events-meta-group-organizer\">\n\t<h3 class=\"tribe-events-single-section-title\">\n\t\t\t\t\tOrganisateur\t\t\t<\/h3>\n\t<ul class=\"tribe-events-meta-list tribe-events-meta-list-organizer\">\n\t\t\t\t\t<li class=\"tribe-events-meta-item\">\n\t\t\t\t<span class=\"tribe-organizer tribe-events-meta-value\">\n\t\t\t\t\t<a href=\"https:\/\/vpdanses.fr\/home\/bienvenue-chez-vp-danses-hazebrouck\/organisateur\/cadanse-a-st-jans-cappel\/\" title=\"\u00c7adanse Asaintjans\" target=\"_self\" rel=\"\">\u00c7adanse Asaintjans<\/a>\t\t\t\t<\/span>\n\t\t\t<\/li>\n\t\t\t\t\t\t\t<li class=\"tribe-events-meta-item\">\n\t\t\t\t\t<span class=\"tribe-organizer-tel-label tribe-events-meta-label\">\n\t\t\t\t\t\tT\u00e9l\u00e9phone\t\t\t\t\t<\/span>\n\t\t\t\t\t<span class=\"tribe-organizer-tel tribe-events-meta-value\">\n\t\t\t\t\t\t+33 6 13 59 56 86\t\t\t\t\t<\/span>\n\t\t\t\t<\/li>\n\t\t\t\t\t\t\t\t<li class=\"tribe-events-meta-item\">\n\t\t\t\t\t<span class=\"tribe-organizer-email-label tribe-events-meta-label\">\n\t\t\t\t\t\tE-mail\t\t\t\t\t<\/span>\n\t\t\t\t\t<span class=\"tribe-organizer-email tribe-events-meta-value\">\n\t\t\t\t\t\t&#099;o&#110;t&#097;&#099;&#116;ca&#100;&#097;n&#115;ea&#115;ai&#110;&#116;&#106;a&#110;&#115;&#064;gma&#105;&#108;.&#099;&#111;m\t\t\t\t\t<\/span>\n\t\t\t\t<\/li>\n\t\t\t\t\t\t\t\t<li class=\"tribe-events-meta-item\">\n\t\t\t\t\t<span class=\"tribe-organizer-url-label tribe-events-meta-label\">\n\t\t\t\t\t\tSite\t\t\t\t\t<\/span>\n\t\t\t\t\t<span class=\"tribe-organizer-url tribe-events-meta-value\">\n\t\t\t\t\t\t<a href=\"https:\/\/www.facebook.com\/profile.php?id=100009426981409\" target=\"_self\" rel=\"external\">Voir le site Organisateur<\/a>\t\t\t\t\t<\/span>\n\t\t\t\t<\/li>\n\t\t\t\t\t<\/ul>\n<\/div>\n\n\t<\/div>\n\n\n\n<hr class=\"wp-block-separator has-alpha-channel-opacity\"\/>\n\n\n\n<figure class=\"wp-block-image size-full\"><a href=\"https:\/\/www.helloasso.com\/associations\/association-ca-danse-a-st-jans\/evenements\/stages-de-danse-et-de-detente\" target=\"_blank\" rel=\"noreferrer noopener\"><noscript><img loading=\"lazy\" decoding=\"async\" width=\"482\" height=\"104\" data-skip-lazy src=\"https:\/\/vpdanses.fr\/wp-content\/uploads\/2024\/10\/logo_helloasso.jpeg\" alt=\"Logo Helloasso, VP danses, Hazebrouck\" class=\"wp-image-9579\" srcset=\"https:\/\/vpdanses.fr\/wp-content\/uploads\/2024\/10\/logo_helloasso.jpeg 482w, https:\/\/vpdanses.fr\/wp-content\/uploads\/2024\/10\/logo_helloasso-300x65.jpeg 300w\" sizes=\"auto, (max-width: 482px) 100vw, 482px\" \/><\/noscript><img loading=\"eager\" decoding=\"async\" width=\"482\" height=\"104\" src=\"https:\/\/vpdanses.fr\/wp-content\/uploads\/2024\/10\/logo_helloasso.jpeg\" alt=\"Logo Helloasso, VP danses, Hazebrouck\" class=\"wp-image-9579 vp-lazyload\" srcset=\"data:image\/svg+xml;base64,PHN2ZyB3aWR0aD0iNDgyIiBoZWlnaHQ9IjEwNCIgdmlld0JveD0iMCAwIDQ4MiAxMDQiIGZpbGw9Im5vbmUiIHhtbG5zPSJodHRwOi8vd3d3LnczLm9yZy8yMDAwL3N2ZyI+PC9zdmc+\" data-src=\"https:\/\/vpdanses.fr\/wp-content\/uploads\/2024\/10\/logo_helloasso.jpeg\" data-srcset=\"https:\/\/vpdanses.fr\/wp-content\/uploads\/2024\/10\/logo_helloasso.jpeg 482w, https:\/\/vpdanses.fr\/wp-content\/uploads\/2024\/10\/logo_helloasso-300x65.jpeg 300w\" data-sizes=\"auto\"><\/a><figcaption class=\"wp-element-caption\">Venez danser avec nous ! <\/figcaption><\/figure>\n\n\n\n<p><a href=\"https:\/\/www.helloasso.com\/associations\/association-ca-danse-a-st-jans\/evenements\/stages-de-danse-et-de-detente\" data-type=\"link\" data-id=\"https:\/\/www.helloasso.com\/associations\/association-ca-danse-a-st-jans\/evenements\/stages-de-danse-et-de-detente\" target=\"_blank\" rel=\"noreferrer noopener\">Cliquez ici<\/a> pour vous inscrire via Helloasso !<\/p>\n\n\n\n<hr class=\"wp-block-separator has-alpha-channel-opacity\"\/>\n\n\n\n<div style=\"height:36px\" aria-hidden=\"true\" class=\"wp-block-spacer\"><\/div>\n\n\n<div  class=\"tribe-block tribe-block__venue tribe-clearfix tribe-block__venue--has-map\" >\n\t\n\t\n<div class=\"tribe-block__venue__meta\">\n\t<div class=\"tribe-block__venue__name\">\n\t\t<h3><a href=\"https:\/\/vpdanses.fr\/home\/bienvenue-chez-vp-danses-hazebrouck\/lieu\/salle-des-fetes-st-jans-cappel\/\" title=\"Salle Maurice Flauw\">Salle Maurice Flauw<\/a><\/h3>\n\t<\/div>\n\n\t\n\t\t\t\t\t\t<address class=\"tribe-block__venue__address\">\n\t\t\t\t<span class=\"tribe-address\">\n\n<span class=\"tribe-street-address\">Chemin Haut<\/span>\n\t\n\t\t<br>\n\t\t<span class=\"tribe-locality\">SAINT-JANS-CAPPEL<\/span><span class=\"tribe-delimiter\">,<\/span>\n\n\n\t<span class=\"tribe-postal-code\">59270<\/span>\n\n\t<span class=\"tribe-country-name\">France<\/span>\n\n<\/span>\n\n\t\t\t\t\t\t\t\t\t<a class=\"tribe-events-gmap\" href=\"https:\/\/maps.google.com\/maps?f=q&#038;source=s_q&#038;hl=en&#038;geocode=&#038;q=Chemin+Haut+SAINT-JANS-CAPPEL+59270+France\" title=\"Cliquez pour voir une carte Google Map\" target=\"_blank\" rel=\"noreferrer noopener\">+ Google Map<\/a>\t\t\t\t\t\t\t<\/address>\n\t\t\n\t\t\n\t\t\t\n\t<\/div>\n\t\n<div class=\"tribe-block__venue__map\">\n\t\n<iframe loading=\"lazy\"\n  title=\"L\u2018iframe Google maps affichant l\u2019adresse \u00e0 Salle Maurice Flauw\"\n  aria-label=\"Plan des lieux\"\n  width=\"310px\"\n  height=\"256px\"\n  frameborder=\"0\" style=\"border:0\"\n  src=\"https:\/\/www.google.com\/maps\/embed\/v1\/place?key=AIzaSyDNsicAsP6-VuGtAb1O9riI3oc_NOb7IOU&#038;q=Chemin+Haut+SAINT-JANS-CAPPEL+59270+France+&#038;zoom=11\" allowfullscreen>\n<\/iframe>\n<\/div>\n\n\t<\/div>\n\n\n\n<div style=\"height:36px\" aria-hidden=\"true\" class=\"wp-block-spacer\"><\/div>\n\n\n\t<div  class=\"tribe-block tribe-block__events-link\" >\n\t\t<div class=\"tribe-events tribe-common\">\n\t\t\t<div class=\"tribe-events-c-subscribe-dropdown__container\">\n\t\t\t\t<div class=\"tribe-events-c-subscribe-dropdown\">\n\t\t\t\t\t<div class=\"tribe-common-c-btn-border tribe-events-c-subscribe-dropdown__button\">\n\t\t\t\t\t\t<svg\n\t class=\"tribe-common-c-svgicon tribe-common-c-svgicon--cal-export tribe-events-c-subscribe-dropdown__export-icon\" \taria-hidden=\"true\"\n\tviewBox=\"0 0 23 17\"\n\txmlns=\"http:\/\/www.w3.org\/2000\/svg\"\n>\n\t<path fill-rule=\"evenodd\" clip-rule=\"evenodd\" d=\"M.128.896V16.13c0 .211.145.383.323.383h15.354c.179 0 .323-.172.323-.383V.896c0-.212-.144-.383-.323-.383H.451C.273.513.128.684.128.896Zm16 6.742h-.901V4.679H1.009v10.729h14.218v-3.336h.901V7.638ZM1.01 1.614h14.218v2.058H1.009V1.614Z\" \/>\n\t<path d=\"M20.5 9.846H8.312M18.524 6.953l2.89 2.909-2.855 2.855\" stroke-width=\"1.2\" stroke-linecap=\"round\" stroke-linejoin=\"round\"\/>\n<\/svg>\n\t\t\t\t\t\t<button\n\t\t\t\t\t\t\tclass=\"tribe-events-c-subscribe-dropdown__button-text\"\n\t\t\t\t\t\t\taria-expanded=\"false\"\n\t\t\t\t\t\t\taria-controls=\"tribe-events-subscribe-dropdown-content\"\n\t\t\t\t\t\t\taria-label=\"Afficher les liens permettant d\u2019ajouter des \u00e9v\u00e8nements \u00e0 votre calendrier\"\n\t\t\t\t\t\t>\n\t\t\t\t\t\t\tAjouter au calendrier\t\t\t\t\t\t<\/button>\n\t\t\t\t\t\t<svg\n\t class=\"tribe-common-c-svgicon tribe-common-c-svgicon--caret-down tribe-events-c-subscribe-dropdown__button-icon\" \taria-hidden=\"true\"\n\tviewBox=\"0 0 10 7\"\n\txmlns=\"http:\/\/www.w3.org\/2000\/svg\"\n>\n\t<path fill-rule=\"evenodd\" clip-rule=\"evenodd\" d=\"M1.008.609L5 4.6 8.992.61l.958.958L5 6.517.05 1.566l.958-.958z\" class=\"tribe-common-c-svgicon__svg-fill\"\/>\n<\/svg>\n\t\t\t\t\t<\/div>\n\t\t\t\t\t<div id=\"tribe-events-subscribe-dropdown-content\" class=\"tribe-events-c-subscribe-dropdown__content\">\n\t\t\t\t\t\t<ul class=\"tribe-events-c-subscribe-dropdown__list\">\n\t\t\t\t\t\t\t\t\t\t\t\t\t\t\t<li class=\"tribe-events-c-subscribe-dropdown__list-item tribe-events-c-subscribe-dropdown__list-item--gcal\">\n\t\t\t\t\t\t\t\t\t<a\n\t\t\t\t\t\t\t\t\t\thref=\"https:\/\/www.google.com\/calendar\/event?action=TEMPLATE&#038;dates=20241130T173000\/20241130T190000&#038;text=8%C3%A8me%20edition%20stages%20a%20Saint-Jans-Cappel&#038;details=%3Chr+class%3D%22wp-block-separator+has-alpha-channel-opacity%22%2F%3E%3Cfigure+class%3D%22wp-block-image+size-large%22%3E%3Cimg+src%3D%22https%3A%2F%2Fvpdanses.fr%2Fwp-content%2Fuploads%2F2024%2F10%2Fbandeau-003-atelier-salsa-20241130-1024x577.jpg%22+alt%3D%22Salle+des+Sports+de+SAINT-JANS-CAPPEL+-+Atelier+de+SALSA+organis%C3%A9+par+CA+DANSE+A+SAINT+JANS+et+anim%C3%A9+par+VP+DANSES+Hazebrouck+-+30%2F+11%2F2024+-+Entr%C3%A9e+15%E2%82%AC+-+Saint-Jans-Cappel%22+class%3D%22wp-image-9483%22%2F%3E%3Cfigcaption+class%3D%22wp-element-caption%22%3ESalle+des+Sports+de+SAINT-JANS-CAPPEL+-+Atelier+de+SALSA+organis%C3%A9+par+CA+DANSE+A+SAINT+JANS+et+anim%C3%A9+par+VP+DANSES+Hazebrouck+-+30%2F+11%2F2024+-+Entr%C3%A9e+15%E2%82%AC+-+Saint-Jans-Cappel%3C%2Ffigcaption%3E%3C%2Ffigure%3E%3Chr+class%3D%22wp-block-separator+has-alpha-channel-opacity%22%2F%3E%3Cfigure+class%3D%22wp-block-image+size-full%22%3E%3Ca+href%3D%22https%3A%2F%2Fwww.helloasso.com%2Fassociations%2Fassociation-ca-danse-a-st-jans%2Fevenements%2Fstages-de-danse-et-de-detente%22+target%3D%22_blank%22+rel%3D%22noreferrer+noopener%22%3E%3Cimg+src%3D%22https%3A%2F%2Fvpdanses.fr%2Fwp-content%2Fuploads%2F2024%2F10%2Flogo_helloa%3C%2Fa%3E%3C%2Ffigure%3E%28Voir+toute+la+description+de+%C3%A9v%C3%A8nement+ici%C2%A0%3A+https%3A%2F%2Fvpdanses.fr%2Fhome%2Fbienvenue-chez-vp-danses-hazebrouck%2Fevenement%2Fatelier-de-salsa-a-la-8eme-edition-de-stages-sur-st-jans-cappel%2F%29&#038;location=Salle%20Maurice%20Flauw,%20Chemin%20Haut,%20SAINT-JANS-CAPPEL,%2059270,%20France&#038;trp=false&#038;ctz=Europe\/Paris&#038;sprop=website:https:\/\/vpdanses.fr\/home\/bienvenue-chez-vp-danses-hazebrouck\"\n\t\t\t\t\t\t\t\t\t\tclass=\"tribe-events-c-subscribe-dropdown__list-item-link\"\n\t\t\t\t\t\t\t\t\t\ttarget=\"_blank\"\n\t\t\t\t\t\t\t\t\t\trel=\"noopener noreferrer nofollow noindex\"\n\t\t\t\t\t\t\t\t\t>\n\t\t\t\t\t\t\t\t\t\tGoogle Agenda\t\t\t\t\t\t\t\t\t<\/a>\n\t\t\t\t\t\t\t\t<\/li>\n\t\t\t\t\t\t\t\t\t\t\t\t\t\t\t<li class=\"tribe-events-c-subscribe-dropdown__list-item tribe-events-c-subscribe-dropdown__list-item--ical\">\n\t\t\t\t\t\t\t\t\t<a\n\t\t\t\t\t\t\t\t\t\thref=\"\"\n\t\t\t\t\t\t\t\t\t\tclass=\"tribe-events-c-subscribe-dropdown__list-item-link\"\n\t\t\t\t\t\t\t\t\t\ttarget=\"_blank\"\n\t\t\t\t\t\t\t\t\t\trel=\"noopener noreferrer nofollow noindex\"\n\t\t\t\t\t\t\t\t\t>\n\t\t\t\t\t\t\t\t\t\tiCalendar\t\t\t\t\t\t\t\t\t<\/a>\n\t\t\t\t\t\t\t\t<\/li>\n\t\t\t\t\t\t\t\t\t\t\t\t\t\t\t<li class=\"tribe-events-c-subscribe-dropdown__list-item tribe-events-c-subscribe-dropdown__list-item--outlook-365\">\n\t\t\t\t\t\t\t\t\t<a\n\t\t\t\t\t\t\t\t\t\thref=\"\"\n\t\t\t\t\t\t\t\t\t\tclass=\"tribe-events-c-subscribe-dropdown__list-item-link\"\n\t\t\t\t\t\t\t\t\t\ttarget=\"_blank\"\n\t\t\t\t\t\t\t\t\t\trel=\"noopener noreferrer nofollow noindex\"\n\t\t\t\t\t\t\t\t\t>\n\t\t\t\t\t\t\t\t\t\tOutlook 365\t\t\t\t\t\t\t\t\t<\/a>\n\t\t\t\t\t\t\t\t<\/li>\n\t\t\t\t\t\t\t\t\t\t\t\t\t\t\t<li class=\"tribe-events-c-subscribe-dropdown__list-item tribe-events-c-subscribe-dropdown__list-item--outlook-live\">\n\t\t\t\t\t\t\t\t\t<a\n\t\t\t\t\t\t\t\t\t\thref=\"\"\n\t\t\t\t\t\t\t\t\t\tclass=\"tribe-events-c-subscribe-dropdown__list-item-link\"\n\t\t\t\t\t\t\t\t\t\ttarget=\"_blank\"\n\t\t\t\t\t\t\t\t\t\trel=\"noopener noreferrer nofollow noindex\"\n\t\t\t\t\t\t\t\t\t>\n\t\t\t\t\t\t\t\t\t\tOutlook Live\t\t\t\t\t\t\t\t\t<\/a>\n\t\t\t\t\t\t\t\t<\/li>\n\t\t\t\t\t\t\t\t\t\t\t\t\t<\/ul>\n\t\t\t\t\t<\/div>\n\t\t\t\t<\/div>\n\t\t\t<\/div>\n\t\t<\/div>\n\t<\/div>\n\n\n\n\n<p><\/p>\n\n\n\n<figure class=\"wp-block-gallery has-nested-images columns-default is-cropped wp-block-gallery-1 is-layout-flex wp-block-gallery-is-layout-flex\">\n<figure class=\"wp-block-image size-large\"><noscript><img loading=\"lazy\" decoding=\"async\" width=\"1024\" height=\"575\" data-id=\"9488\" data-skip-lazy src=\"https:\/\/vpdanses.fr\/wp-content\/uploads\/2024\/10\/Salle_sport_ST-JANS-CAPPEL_20241026_0010-1-1024x575.jpg\" alt=\"Virginie GATOUX, Pr\u00e9sidente de VP DANSES Hazebrouck, devant la salle de sport de ST-JANS-CAPPEL\" class=\"wp-image-9488\" srcset=\"https:\/\/vpdanses.fr\/wp-content\/uploads\/2024\/10\/Salle_sport_ST-JANS-CAPPEL_20241026_0010-1-1024x575.jpg 1024w, https:\/\/vpdanses.fr\/wp-content\/uploads\/2024\/10\/Salle_sport_ST-JANS-CAPPEL_20241026_0010-1-300x168.jpg 300w, https:\/\/vpdanses.fr\/wp-content\/uploads\/2024\/10\/Salle_sport_ST-JANS-CAPPEL_20241026_0010-1-768x431.jpg 768w, https:\/\/vpdanses.fr\/wp-content\/uploads\/2024\/10\/Salle_sport_ST-JANS-CAPPEL_20241026_0010-1-1536x863.jpg 1536w, https:\/\/vpdanses.fr\/wp-content\/uploads\/2024\/10\/Salle_sport_ST-JANS-CAPPEL_20241026_0010-1-2048x1150.jpg 2048w, https:\/\/vpdanses.fr\/wp-content\/uploads\/2024\/10\/Salle_sport_ST-JANS-CAPPEL_20241026_0010-1-600x337.jpg 600w\" sizes=\"auto, (max-width: 1024px) 100vw, 1024px\" \/><\/noscript><img loading=\"eager\" decoding=\"async\" width=\"1024\" height=\"575\" data-id=\"9488\" src=\"https:\/\/vpdanses.fr\/wp-content\/uploads\/2024\/10\/Salle_sport_ST-JANS-CAPPEL_20241026_0010-1-1024x575.jpg\" alt=\"Virginie GATOUX, Pr\u00e9sidente de VP DANSES Hazebrouck, devant la salle de sport de ST-JANS-CAPPEL\" class=\"wp-image-9488 vp-lazyload\" srcset=\"data:image\/svg+xml;base64,PHN2ZyB3aWR0aD0iMTAyNCIgaGVpZ2h0PSI1NzUiIHZpZXdCb3g9IjAgMCAxMDI0IDU3NSIgZmlsbD0ibm9uZSIgeG1sbnM9Imh0dHA6Ly93d3cudzMub3JnLzIwMDAvc3ZnIj48L3N2Zz4=\" data-src=\"https:\/\/vpdanses.fr\/wp-content\/uploads\/2024\/10\/Salle_sport_ST-JANS-CAPPEL_20241026_0010-1-1024x575.jpg\" data-srcset=\"https:\/\/vpdanses.fr\/wp-content\/uploads\/2024\/10\/Salle_sport_ST-JANS-CAPPEL_20241026_0010-1-1024x575.jpg 1024w, https:\/\/vpdanses.fr\/wp-content\/uploads\/2024\/10\/Salle_sport_ST-JANS-CAPPEL_20241026_0010-1-300x168.jpg 300w, https:\/\/vpdanses.fr\/wp-content\/uploads\/2024\/10\/Salle_sport_ST-JANS-CAPPEL_20241026_0010-1-768x431.jpg 768w, https:\/\/vpdanses.fr\/wp-content\/uploads\/2024\/10\/Salle_sport_ST-JANS-CAPPEL_20241026_0010-1-1536x863.jpg 1536w, https:\/\/vpdanses.fr\/wp-content\/uploads\/2024\/10\/Salle_sport_ST-JANS-CAPPEL_20241026_0010-1-2048x1150.jpg 2048w, https:\/\/vpdanses.fr\/wp-content\/uploads\/2024\/10\/Salle_sport_ST-JANS-CAPPEL_20241026_0010-1-600x337.jpg 600w\" data-sizes=\"auto\"><figcaption class=\"wp-element-caption\">Virginie GATOUX, devant la salle de sport de Saint-Jans-Cappel<\/figcaption><\/figure>\n\n\n\n<figure class=\"wp-block-image size-large\"><noscript><img loading=\"lazy\" decoding=\"async\" width=\"575\" height=\"1024\" data-id=\"9672\" data-skip-lazy src=\"https:\/\/vpdanses.fr\/wp-content\/uploads\/2024\/11\/Hasna_Dumez_Virginie_Gatoux20241031_0021_H1900px-575x1024.jpg\" alt=\"En compagnie de Hasna DUMEZ, pr\u00e9sidente de l'association \u00c7A DANSE A SAINT JANS\" class=\"wp-image-9672\" srcset=\"https:\/\/vpdanses.fr\/wp-content\/uploads\/2024\/11\/Hasna_Dumez_Virginie_Gatoux20241031_0021_H1900px-575x1024.jpg 575w, https:\/\/vpdanses.fr\/wp-content\/uploads\/2024\/11\/Hasna_Dumez_Virginie_Gatoux20241031_0021_H1900px-168x300.jpg 168w, https:\/\/vpdanses.fr\/wp-content\/uploads\/2024\/11\/Hasna_Dumez_Virginie_Gatoux20241031_0021_H1900px-768x1368.jpg 768w, https:\/\/vpdanses.fr\/wp-content\/uploads\/2024\/11\/Hasna_Dumez_Virginie_Gatoux20241031_0021_H1900px-863x1536.jpg 863w, https:\/\/vpdanses.fr\/wp-content\/uploads\/2024\/11\/Hasna_Dumez_Virginie_Gatoux20241031_0021_H1900px-600x1068.jpg 600w, https:\/\/vpdanses.fr\/wp-content\/uploads\/2024\/11\/Hasna_Dumez_Virginie_Gatoux20241031_0021_H1900px.jpg 1067w\" sizes=\"auto, (max-width: 575px) 100vw, 575px\" \/><\/noscript><img loading=\"eager\" decoding=\"async\" width=\"575\" height=\"1024\" data-id=\"9672\" src=\"https:\/\/vpdanses.fr\/wp-content\/uploads\/2024\/11\/Hasna_Dumez_Virginie_Gatoux20241031_0021_H1900px-575x1024.jpg\" alt=\"En compagnie de Hasna DUMEZ, pr\u00e9sidente de l&#039;association \u00c7A DANSE A SAINT JANS\" class=\"wp-image-9672 vp-lazyload\" srcset=\"data:image\/svg+xml;base64,PHN2ZyB3aWR0aD0iNTc1IiBoZWlnaHQ9IjEwMjQiIHZpZXdCb3g9IjAgMCA1NzUgMTAyNCIgZmlsbD0ibm9uZSIgeG1sbnM9Imh0dHA6Ly93d3cudzMub3JnLzIwMDAvc3ZnIj48L3N2Zz4=\" data-src=\"https:\/\/vpdanses.fr\/wp-content\/uploads\/2024\/11\/Hasna_Dumez_Virginie_Gatoux20241031_0021_H1900px-575x1024.jpg\" data-srcset=\"https:\/\/vpdanses.fr\/wp-content\/uploads\/2024\/11\/Hasna_Dumez_Virginie_Gatoux20241031_0021_H1900px-575x1024.jpg 575w, https:\/\/vpdanses.fr\/wp-content\/uploads\/2024\/11\/Hasna_Dumez_Virginie_Gatoux20241031_0021_H1900px-168x300.jpg 168w, https:\/\/vpdanses.fr\/wp-content\/uploads\/2024\/11\/Hasna_Dumez_Virginie_Gatoux20241031_0021_H1900px-768x1368.jpg 768w, https:\/\/vpdanses.fr\/wp-content\/uploads\/2024\/11\/Hasna_Dumez_Virginie_Gatoux20241031_0021_H1900px-863x1536.jpg 863w, https:\/\/vpdanses.fr\/wp-content\/uploads\/2024\/11\/Hasna_Dumez_Virginie_Gatoux20241031_0021_H1900px-600x1068.jpg 600w, https:\/\/vpdanses.fr\/wp-content\/uploads\/2024\/11\/Hasna_Dumez_Virginie_Gatoux20241031_0021_H1900px.jpg 1067w\" data-sizes=\"auto\"><figcaption class=\"wp-element-caption\">En compagnie de Hasna DUMEZ, pr\u00e9sidente de l&rsquo;association \u00c7A DANSE A SAINT JANS<\/figcaption><\/figure>\n\n\n\n<figure class=\"wp-block-image size-large\"><noscript><img loading=\"lazy\" decoding=\"async\" width=\"1024\" height=\"577\" data-id=\"9483\" data-skip-lazy src=\"https:\/\/vpdanses.fr\/wp-content\/uploads\/2024\/10\/bandeau-003-atelier-salsa-20241130-1024x577.jpg\" alt=\"Salle des Sports de SAINT-JANS-CAPPEL - Atelier de SALSA organis\u00e9 par CA DANSE A SAINT JANS et anim\u00e9 par VP DANSES Hazebrouck - 30\/ 11\/2024 - Entr\u00e9e 15\u20ac - Saint-Jans-Cappel\" class=\"wp-image-9483\" srcset=\"https:\/\/vpdanses.fr\/wp-content\/uploads\/2024\/10\/bandeau-003-atelier-salsa-20241130-1024x577.jpg 1024w, https:\/\/vpdanses.fr\/wp-content\/uploads\/2024\/10\/bandeau-003-atelier-salsa-20241130-300x169.jpg 300w, https:\/\/vpdanses.fr\/wp-content\/uploads\/2024\/10\/bandeau-003-atelier-salsa-20241130-768x433.jpg 768w, https:\/\/vpdanses.fr\/wp-content\/uploads\/2024\/10\/bandeau-003-atelier-salsa-20241130-600x338.jpg 600w, https:\/\/vpdanses.fr\/wp-content\/uploads\/2024\/10\/bandeau-003-atelier-salsa-20241130.jpg 1419w\" sizes=\"auto, (max-width: 1024px) 100vw, 1024px\" \/><\/noscript><img loading=\"eager\" decoding=\"async\" width=\"1024\" height=\"577\" data-id=\"9483\" src=\"https:\/\/vpdanses.fr\/wp-content\/uploads\/2024\/10\/bandeau-003-atelier-salsa-20241130-1024x577.jpg\" alt=\"Salle des Sports de SAINT-JANS-CAPPEL - Atelier de SALSA organis\u00e9 par CA DANSE A SAINT JANS et anim\u00e9 par VP DANSES Hazebrouck - 30\/ 11\/2024 - Entr\u00e9e 15\u20ac - Saint-Jans-Cappel\" class=\"wp-image-9483 vp-lazyload\" srcset=\"data:image\/svg+xml;base64,PHN2ZyB3aWR0aD0iMTAyNCIgaGVpZ2h0PSI1NzciIHZpZXdCb3g9IjAgMCAxMDI0IDU3NyIgZmlsbD0ibm9uZSIgeG1sbnM9Imh0dHA6Ly93d3cudzMub3JnLzIwMDAvc3ZnIj48L3N2Zz4=\" data-src=\"https:\/\/vpdanses.fr\/wp-content\/uploads\/2024\/10\/bandeau-003-atelier-salsa-20241130-1024x577.jpg\" data-srcset=\"https:\/\/vpdanses.fr\/wp-content\/uploads\/2024\/10\/bandeau-003-atelier-salsa-20241130-1024x577.jpg 1024w, https:\/\/vpdanses.fr\/wp-content\/uploads\/2024\/10\/bandeau-003-atelier-salsa-20241130-300x169.jpg 300w, https:\/\/vpdanses.fr\/wp-content\/uploads\/2024\/10\/bandeau-003-atelier-salsa-20241130-768x433.jpg 768w, https:\/\/vpdanses.fr\/wp-content\/uploads\/2024\/10\/bandeau-003-atelier-salsa-20241130-600x338.jpg 600w, https:\/\/vpdanses.fr\/wp-content\/uploads\/2024\/10\/bandeau-003-atelier-salsa-20241130.jpg 1419w\" data-sizes=\"auto\"><figcaption class=\"wp-element-caption\">8\u00e8me \u00e9dition stages de Saint-Jans-Cappel, organis\u00e9 par \u00c7A DANSE A SAINT JANS !<\/figcaption><\/figure>\n<\/figure>\n\n\n\n<div style=\"height:4px\" aria-hidden=\"true\" class=\"wp-block-spacer\"><\/div>\n\n\n\n<figure class=\"wp-block-gallery has-nested-images columns-1 is-cropped wp-block-gallery-2 is-layout-flex wp-block-gallery-is-layout-flex\">\n<figure class=\"wp-block-image size-large\"><noscript><img loading=\"lazy\" decoding=\"async\" width=\"1024\" height=\"634\" data-id=\"10271\" data-skip-lazy src=\"https:\/\/vpdanses.fr\/wp-content\/uploads\/2024\/10\/Capture-decran-2024-12-02-a-18.24.41-1024x634.png\" alt=\"Atelier de salsa \u00e0 Saint-Jans-Cappel, organis\u00e9 par CA DANSE A SAINT JANS, 30\/11\/2024 - Anim\u00e9 par VP DANSES Hazebrouck\" class=\"wp-image-10271\" srcset=\"https:\/\/vpdanses.fr\/wp-content\/uploads\/2024\/10\/Capture-decran-2024-12-02-a-18.24.41-1024x634.png 1024w, https:\/\/vpdanses.fr\/wp-content\/uploads\/2024\/10\/Capture-decran-2024-12-02-a-18.24.41-300x186.png 300w, https:\/\/vpdanses.fr\/wp-content\/uploads\/2024\/10\/Capture-decran-2024-12-02-a-18.24.41-768x475.png 768w, https:\/\/vpdanses.fr\/wp-content\/uploads\/2024\/10\/Capture-decran-2024-12-02-a-18.24.41-1536x951.png 1536w, https:\/\/vpdanses.fr\/wp-content\/uploads\/2024\/10\/Capture-decran-2024-12-02-a-18.24.41-2048x1268.png 2048w\" sizes=\"auto, (max-width: 1024px) 100vw, 1024px\" \/><\/noscript><img loading=\"eager\" decoding=\"async\" width=\"1024\" height=\"634\" data-id=\"10271\" src=\"https:\/\/vpdanses.fr\/wp-content\/uploads\/2024\/10\/Capture-decran-2024-12-02-a-18.24.41-1024x634.png\" alt=\"Atelier de salsa \u00e0 Saint-Jans-Cappel, organis\u00e9 par CA DANSE A SAINT JANS, 30\/11\/2024 - Anim\u00e9 par VP DANSES Hazebrouck\" class=\"wp-image-10271 vp-lazyload\" srcset=\"data:image\/svg+xml;base64,PHN2ZyB3aWR0aD0iMTAyNCIgaGVpZ2h0PSI2MzQiIHZpZXdCb3g9IjAgMCAxMDI0IDYzNCIgZmlsbD0ibm9uZSIgeG1sbnM9Imh0dHA6Ly93d3cudzMub3JnLzIwMDAvc3ZnIj48L3N2Zz4=\" data-src=\"https:\/\/vpdanses.fr\/wp-content\/uploads\/2024\/10\/Capture-decran-2024-12-02-a-18.24.41-1024x634.png\" data-srcset=\"https:\/\/vpdanses.fr\/wp-content\/uploads\/2024\/10\/Capture-decran-2024-12-02-a-18.24.41-1024x634.png 1024w, https:\/\/vpdanses.fr\/wp-content\/uploads\/2024\/10\/Capture-decran-2024-12-02-a-18.24.41-300x186.png 300w, https:\/\/vpdanses.fr\/wp-content\/uploads\/2024\/10\/Capture-decran-2024-12-02-a-18.24.41-768x475.png 768w, https:\/\/vpdanses.fr\/wp-content\/uploads\/2024\/10\/Capture-decran-2024-12-02-a-18.24.41-1536x951.png 1536w, https:\/\/vpdanses.fr\/wp-content\/uploads\/2024\/10\/Capture-decran-2024-12-02-a-18.24.41-2048x1268.png 2048w\" data-sizes=\"auto\"><figcaption class=\"wp-element-caption\">Atelier de salsa \u00e0 Saint-Jans-Cappel, organis\u00e9 par CA DANSE A SAINT JANS, 30\/11\/2024 &#8211; Anim\u00e9 par VP DANSES Hazebrouck<\/figcaption><\/figure>\n\n\n\n<figure class=\"wp-block-image size-large\"><noscript><img loading=\"lazy\" decoding=\"async\" width=\"1024\" height=\"575\" data-id=\"10203\" data-skip-lazy src=\"https:\/\/vpdanses.fr\/wp-content\/uploads\/2024\/12\/2024-11-30.Atelier_Salsa_CaDanseASaintJans_VPdanses_001_W1425_H800-1024x575.jpg\" alt=\"Atelier de salsa \u00e0 Saint-Jans-Cappel, organis\u00e9 par CA DANSE A SAINT JANS, 30\/11\/2024\" class=\"wp-image-10203\" srcset=\"https:\/\/vpdanses.fr\/wp-content\/uploads\/2024\/12\/2024-11-30.Atelier_Salsa_CaDanseASaintJans_VPdanses_001_W1425_H800-1024x575.jpg 1024w, https:\/\/vpdanses.fr\/wp-content\/uploads\/2024\/12\/2024-11-30.Atelier_Salsa_CaDanseASaintJans_VPdanses_001_W1425_H800-300x168.jpg 300w, https:\/\/vpdanses.fr\/wp-content\/uploads\/2024\/12\/2024-11-30.Atelier_Salsa_CaDanseASaintJans_VPdanses_001_W1425_H800-768x431.jpg 768w, https:\/\/vpdanses.fr\/wp-content\/uploads\/2024\/12\/2024-11-30.Atelier_Salsa_CaDanseASaintJans_VPdanses_001_W1425_H800.jpg 1425w\" sizes=\"auto, (max-width: 1024px) 100vw, 1024px\" \/><\/noscript><img loading=\"eager\" decoding=\"async\" width=\"1024\" height=\"575\" data-id=\"10203\" src=\"https:\/\/vpdanses.fr\/wp-content\/uploads\/2024\/12\/2024-11-30.Atelier_Salsa_CaDanseASaintJans_VPdanses_001_W1425_H800-1024x575.jpg\" alt=\"Atelier de salsa \u00e0 Saint-Jans-Cappel, organis\u00e9 par CA DANSE A SAINT JANS, 30\/11\/2024\" class=\"wp-image-10203 vp-lazyload\" srcset=\"data:image\/svg+xml;base64,PHN2ZyB3aWR0aD0iMTAyNCIgaGVpZ2h0PSI1NzUiIHZpZXdCb3g9IjAgMCAxMDI0IDU3NSIgZmlsbD0ibm9uZSIgeG1sbnM9Imh0dHA6Ly93d3cudzMub3JnLzIwMDAvc3ZnIj48L3N2Zz4=\" data-src=\"https:\/\/vpdanses.fr\/wp-content\/uploads\/2024\/12\/2024-11-30.Atelier_Salsa_CaDanseASaintJans_VPdanses_001_W1425_H800-1024x575.jpg\" data-srcset=\"https:\/\/vpdanses.fr\/wp-content\/uploads\/2024\/12\/2024-11-30.Atelier_Salsa_CaDanseASaintJans_VPdanses_001_W1425_H800-1024x575.jpg 1024w, https:\/\/vpdanses.fr\/wp-content\/uploads\/2024\/12\/2024-11-30.Atelier_Salsa_CaDanseASaintJans_VPdanses_001_W1425_H800-300x168.jpg 300w, https:\/\/vpdanses.fr\/wp-content\/uploads\/2024\/12\/2024-11-30.Atelier_Salsa_CaDanseASaintJans_VPdanses_001_W1425_H800-768x431.jpg 768w, https:\/\/vpdanses.fr\/wp-content\/uploads\/2024\/12\/2024-11-30.Atelier_Salsa_CaDanseASaintJans_VPdanses_001_W1425_H800.jpg 1425w\" data-sizes=\"auto\"><figcaption class=\"wp-element-caption\">Atelier de salsa \u00e0 Saint-Jans-Cappel, organis\u00e9 par CA DANSE A SAINT JANS, 30\/11\/2024<\/figcaption><\/figure>\n<\/figure>\n","protected":false},"excerpt":{"rendered":"<p>Cet atelier SALSA est organis\u00e9 par \u00ab\u00a0CA DANSE A SAINT JANS CAPEL\u00a0\u00bb et anim\u00e9 par \u00ab\u00a0VP danses\u00a0\u00bb. <\/p>\n<p>Venez d\u00e9couvrir la salsa et passer un agr\u00e9able moment de d\u00e9tente !<\/p>\n<p>Inscriptions via Helloasso, par t\u00e9l\u00e9phone au +33 6 13 59 56 86, par email &lsquo;contactcadanseasaintjans@gmail.com&rsquo;<br \/>\nou via messenger &lsquo;Cadanse Asaintjans&rsquo;.<br \/>\nBuvette sur place<\/p>\n","protected":false},"author":1,"featured_media":10203,"template":"","meta":{"_uag_custom_page_level_css":"","_price":"","_stock":"","_tribe_ticket_header":"9092","_tribe_default_ticket_provider":"","_tribe_ticket_capacity":"0","_ticket_start_date":"","_ticket_end_date":"","_tribe_ticket_show_description":"","_tribe_ticket_show_not_going":false,"_tribe_ticket_use_global_stock":"","_tribe_ticket_global_stock_level":"","_global_stock_mode":"","_global_stock_cap":"","_tribe_rsvp_for_event":"","_tribe_ticket_going_count":"","_tribe_ticket_not_going_count":"","_tribe_tickets_list":"[]","_tribe_ticket_has_attendee_info_fields":false,"_EventAllDay":false,"_EventTimezone":"Europe\/Paris","_EventStartDate":"2024-11-30 17:30:00","_EventEndDate":"2024-11-30 19:00:00","_EventStartDateUTC":"2024-11-30 16:30:00","_EventEndDateUTC":"2024-11-30 18:00:00","_EventShowMap":false,"_EventShowMapLink":false,"_EventURL":"https:\/\/www.facebook.com\/profile.php?id=100009426981409","_EventCost":"15","_EventCostDescription":"","_EventCurrencySymbol":"\u20ac","_EventCurrencyCode":"EUR","_EventCurrencyPosition":"suffix","_EventDateTimeSeparator":" @ ","_EventTimeRangeSeparator":" - ","_EventOrganizerID":[9211],"_EventVenueID":[9209],"_OrganizerEmail":"","_OrganizerPhone":"","_OrganizerWebsite":"","_VenueAddress":"","_VenueCity":"","_VenueCountry":"","_VenueProvince":"","_VenueState":"","_VenueZip":"","_VenuePhone":"","_VenueURL":"","_VenueStateProvince":"","_VenueLat":"","_VenueLng":"","_VenueShowMap":false,"_VenueShowMapLink":false,"_tribe_events_status":"","_tribe_events_status_reason":"","footnotes":"","_tec_slr_enabled":"","_tec_slr_layout":""},"tags":[126,125,127,96],"tribe_events_cat":[123,116,115],"class_list":["post-9214","tribe_events","type-tribe_events","status-publish","has-post-thumbnail","hentry","tag-ca-danse-a-saint-jans","tag-saint-jans-cappel","tag-salsa","tag-vp-danses","tribe_events_cat-animation","tribe_events_cat-atelier-salsa","tribe_events_cat-ateliers_vp_danses","cat_animation","cat_atelier-salsa","cat_ateliers_vp_danses"],"yoast_head":"<!-- This site is optimized with the Yoast SEO Premium plugin v25.6 (Yoast SEO v25.6) - https:\/\/yoast.com\/wordpress\/plugins\/seo\/ -->\n<title>8\u00e8me edition stages a Saint-Jans-Cappel - VP DANSES, cours de Danse Sportive \u00e0 Aire-sur-la-Lys et \u00e0 Saint-Jans-Cappel (Hauts-de-France)<\/title>\n<meta name=\"robots\" content=\"index, follow, max-snippet:-1, max-image-preview:large, max-video-preview:-1\" \/>\n<link rel=\"canonical\" href=\"https:\/\/vpdanses.fr\/home\/bienvenue-chez-vp-danses-hazebrouck\/evenement\/atelier-de-salsa-a-la-8eme-edition-de-stages-sur-st-jans-cappel\/\" \/>\n<meta property=\"og:locale\" content=\"fr_FR\" \/>\n<meta property=\"og:type\" content=\"article\" \/>\n<meta property=\"og:title\" content=\"8\u00e8me edition stages a Saint-Jans-Cappel\" \/>\n<meta property=\"og:description\" content=\"Cet atelier SALSA est organis\u00e9 par &quot;CA DANSE A SAINT JANS CAPEL&quot; et anim\u00e9 par &quot;VP danses&quot;.  Venez d\u00e9couvrir la salsa et passer un agr\u00e9able moment de d\u00e9tente ! Inscriptions via Helloasso, par t\u00e9l\u00e9phone au +33 6 13 59 56 86, par email &#039;contactcadanseasaintjans@gmail.com&#039; ou via messenger &#039;Cadanse Asaintjans&#039;. Buvette sur place\" \/>\n<meta property=\"og:url\" content=\"https:\/\/vpdanses.fr\/home\/bienvenue-chez-vp-danses-hazebrouck\/evenement\/atelier-de-salsa-a-la-8eme-edition-de-stages-sur-st-jans-cappel\/\" \/>\n<meta property=\"og:site_name\" content=\"VP DANSES, cours de Danse Sportive \u00e0 Aire-sur-la-Lys et \u00e0 Saint-Jans-Cappel (Hauts-de-France)\" \/>\n<meta property=\"article:modified_time\" content=\"2024-12-02T17:28:21+00:00\" \/>\n<meta property=\"og:image\" content=\"https:\/\/vpdanses.fr\/wp-content\/uploads\/2024\/12\/2024-11-30.Atelier_Salsa_CaDanseASaintJans_VPdanses_001_W1425_H800.jpg\" \/>\n\t<meta property=\"og:image:width\" content=\"1425\" \/>\n\t<meta property=\"og:image:height\" content=\"800\" \/>\n\t<meta property=\"og:image:type\" content=\"image\/jpeg\" \/>\n<meta name=\"twitter:card\" content=\"summary_large_image\" \/>\n<meta name=\"twitter:label1\" content=\"Dur\u00e9e de lecture estim\u00e9e\" \/>\n\t<meta name=\"twitter:data1\" content=\"1 minute\" \/>\n<script type=\"application\/ld+json\" class=\"yoast-schema-graph\">{\"@context\":\"https:\/\/schema.org\",\"@graph\":[{\"@type\":\"WebPage\",\"@id\":\"https:\/\/vpdanses.fr\/home\/bienvenue-chez-vp-danses-hazebrouck\/evenement\/atelier-de-salsa-a-la-8eme-edition-de-stages-sur-st-jans-cappel\/\",\"url\":\"https:\/\/vpdanses.fr\/home\/bienvenue-chez-vp-danses-hazebrouck\/evenement\/atelier-de-salsa-a-la-8eme-edition-de-stages-sur-st-jans-cappel\/\",\"name\":\"8\u00e8me edition stages a Saint-Jans-Cappel - VP DANSES, cours de Danse Sportive \u00e0 Aire-sur-la-Lys et \u00e0 Saint-Jans-Cappel (Hauts-de-France)\",\"isPartOf\":{\"@id\":\"https:\/\/vpdanses.fr\/home\/bienvenue-chez-vp-danses-hazebrouck\/#website\"},\"primaryImageOfPage\":{\"@id\":\"https:\/\/vpdanses.fr\/home\/bienvenue-chez-vp-danses-hazebrouck\/evenement\/atelier-de-salsa-a-la-8eme-edition-de-stages-sur-st-jans-cappel\/#primaryimage\"},\"image\":{\"@id\":\"https:\/\/vpdanses.fr\/home\/bienvenue-chez-vp-danses-hazebrouck\/evenement\/atelier-de-salsa-a-la-8eme-edition-de-stages-sur-st-jans-cappel\/#primaryimage\"},\"thumbnailUrl\":\"https:\/\/vpdanses.fr\/wp-content\/uploads\/2024\/12\/2024-11-30.Atelier_Salsa_CaDanseASaintJans_VPdanses_001_W1425_H800.jpg\",\"datePublished\":\"2024-10-22T21:30:47+00:00\",\"dateModified\":\"2024-12-02T17:28:21+00:00\",\"breadcrumb\":{\"@id\":\"https:\/\/vpdanses.fr\/home\/bienvenue-chez-vp-danses-hazebrouck\/evenement\/atelier-de-salsa-a-la-8eme-edition-de-stages-sur-st-jans-cappel\/#breadcrumb\"},\"inLanguage\":\"fr-FR\",\"potentialAction\":[{\"@type\":\"ReadAction\",\"target\":[\"https:\/\/vpdanses.fr\/home\/bienvenue-chez-vp-danses-hazebrouck\/evenement\/atelier-de-salsa-a-la-8eme-edition-de-stages-sur-st-jans-cappel\/\"]}]},{\"@type\":\"ImageObject\",\"inLanguage\":\"fr-FR\",\"@id\":\"https:\/\/vpdanses.fr\/home\/bienvenue-chez-vp-danses-hazebrouck\/evenement\/atelier-de-salsa-a-la-8eme-edition-de-stages-sur-st-jans-cappel\/#primaryimage\",\"url\":\"https:\/\/vpdanses.fr\/wp-content\/uploads\/2024\/12\/2024-11-30.Atelier_Salsa_CaDanseASaintJans_VPdanses_001_W1425_H800.jpg\",\"contentUrl\":\"https:\/\/vpdanses.fr\/wp-content\/uploads\/2024\/12\/2024-11-30.Atelier_Salsa_CaDanseASaintJans_VPdanses_001_W1425_H800.jpg\",\"width\":1425,\"height\":800,\"caption\":\"Atelier de salsa \u00e0 Saint-Jans-Cappel, organis\u00e9 par CA DANSE A SAINT JANS, 30\/11\/2024\"},{\"@type\":\"BreadcrumbList\",\"@id\":\"https:\/\/vpdanses.fr\/home\/bienvenue-chez-vp-danses-hazebrouck\/evenement\/atelier-de-salsa-a-la-8eme-edition-de-stages-sur-st-jans-cappel\/#breadcrumb\",\"itemListElement\":[{\"@type\":\"ListItem\",\"position\":1,\"name\":\"Accueil\",\"item\":\"https:\/\/vpdanses.fr\/home\/bienvenue-chez-vp-danses-hazebrouck\/\"},{\"@type\":\"ListItem\",\"position\":2,\"name\":\"\u00c9v\u00e8nements\",\"item\":\"https:\/\/vpdanses.fr\/home\/bienvenue-chez-vp-danses-hazebrouck\/dates\/\"},{\"@type\":\"ListItem\",\"position\":3,\"name\":\"8\u00e8me edition stages a Saint-Jans-Cappel\"}]},{\"@type\":\"WebSite\",\"@id\":\"https:\/\/vpdanses.fr\/home\/bienvenue-chez-vp-danses-hazebrouck\/#website\",\"url\":\"https:\/\/vpdanses.fr\/home\/bienvenue-chez-vp-danses-hazebrouck\/\",\"name\":\"VP DANSES, cours de Danse Sportive \u00e0 Aire-sur-la-Lys et \u00e0 Saint-Jans-Cappel (Hauts-de-France)\",\"description\":\"Cours de Danse Sportive STANDARD (valse anglaise, tango, valse viennoise, slowfox, quickstep), danses sportives LATINES (samba, chacha, rumba, paso doble, jive), danses de bal, danses de salons, danses de loisirs, salsa, rock 4 temps, rock 6 temps, danses en ligne, disco, \u2026 Lieu : Hazebrouck, Aire-sur-la-Lys, Saint-Jans-Cappel et Isbergues (Hauts-de-France) - Cours Particuliers dans les Hauts-de-France - Ouverture de bal de Mariage\",\"publisher\":{\"@id\":\"https:\/\/vpdanses.fr\/home\/bienvenue-chez-vp-danses-hazebrouck\/#organization\"},\"potentialAction\":[{\"@type\":\"SearchAction\",\"target\":{\"@type\":\"EntryPoint\",\"urlTemplate\":\"https:\/\/vpdanses.fr\/home\/bienvenue-chez-vp-danses-hazebrouck\/?s={search_term_string}\"},\"query-input\":{\"@type\":\"PropertyValueSpecification\",\"valueRequired\":true,\"valueName\":\"search_term_string\"}}],\"inLanguage\":\"fr-FR\"},{\"@type\":\"Organization\",\"@id\":\"https:\/\/vpdanses.fr\/home\/bienvenue-chez-vp-danses-hazebrouck\/#organization\",\"name\":\"VP DANSES, cours de Danse Sportive \u00e0 Aire-sur-la-Lys et \u00e0 Saint-Jans-Cappel (Hauts-de-France)\",\"url\":\"https:\/\/vpdanses.fr\/home\/bienvenue-chez-vp-danses-hazebrouck\/\",\"logo\":{\"@type\":\"ImageObject\",\"inLanguage\":\"fr-FR\",\"@id\":\"https:\/\/vpdanses.fr\/home\/bienvenue-chez-vp-danses-hazebrouck\/#\/schema\/logo\/image\/\",\"url\":\"https:\/\/vpdanses.fr\/wp-content\/uploads\/2024\/10\/logo_cadanse_asaintjans.jpeg\",\"contentUrl\":\"https:\/\/vpdanses.fr\/wp-content\/uploads\/2024\/10\/logo_cadanse_asaintjans.jpeg\",\"width\":225,\"height\":225,\"caption\":\"VP DANSES, cours de Danse Sportive \u00e0 Aire-sur-la-Lys et \u00e0 Saint-Jans-Cappel (Hauts-de-France)\"},\"image\":{\"@id\":\"https:\/\/vpdanses.fr\/home\/bienvenue-chez-vp-danses-hazebrouck\/#\/schema\/logo\/image\/\"}}]}<\/script>\n<!-- \/ Yoast SEO Premium plugin. -->","yoast_head_json":{"title":"8\u00e8me edition stages a Saint-Jans-Cappel - VP DANSES, cours de Danse Sportive \u00e0 Aire-sur-la-Lys et \u00e0 Saint-Jans-Cappel (Hauts-de-France)","robots":{"index":"index","follow":"follow","max-snippet":"max-snippet:-1","max-image-preview":"max-image-preview:large","max-video-preview":"max-video-preview:-1"},"canonical":"https:\/\/vpdanses.fr\/home\/bienvenue-chez-vp-danses-hazebrouck\/evenement\/atelier-de-salsa-a-la-8eme-edition-de-stages-sur-st-jans-cappel\/","og_locale":"fr_FR","og_type":"article","og_title":"8\u00e8me edition stages a Saint-Jans-Cappel","og_description":"Cet atelier SALSA est organis\u00e9 par \"CA DANSE A SAINT JANS CAPEL\" et anim\u00e9 par \"VP danses\".  Venez d\u00e9couvrir la salsa et passer un agr\u00e9able moment de d\u00e9tente ! Inscriptions via Helloasso, par t\u00e9l\u00e9phone au +33 6 13 59 56 86, par email 'contactcadanseasaintjans@gmail.com' ou via messenger 'Cadanse Asaintjans'. Buvette sur place","og_url":"https:\/\/vpdanses.fr\/home\/bienvenue-chez-vp-danses-hazebrouck\/evenement\/atelier-de-salsa-a-la-8eme-edition-de-stages-sur-st-jans-cappel\/","og_site_name":"VP DANSES, cours de Danse Sportive \u00e0 Aire-sur-la-Lys et \u00e0 Saint-Jans-Cappel (Hauts-de-France)","article_modified_time":"2024-12-02T17:28:21+00:00","og_image":[{"width":1425,"height":800,"url":"https:\/\/vpdanses.fr\/wp-content\/uploads\/2024\/12\/2024-11-30.Atelier_Salsa_CaDanseASaintJans_VPdanses_001_W1425_H800.jpg","type":"image\/jpeg"}],"twitter_card":"summary_large_image","twitter_misc":{"Dur\u00e9e de lecture estim\u00e9e":"1 minute"},"schema":{"@context":"https:\/\/schema.org","@graph":[{"@type":"WebPage","@id":"https:\/\/vpdanses.fr\/home\/bienvenue-chez-vp-danses-hazebrouck\/evenement\/atelier-de-salsa-a-la-8eme-edition-de-stages-sur-st-jans-cappel\/","url":"https:\/\/vpdanses.fr\/home\/bienvenue-chez-vp-danses-hazebrouck\/evenement\/atelier-de-salsa-a-la-8eme-edition-de-stages-sur-st-jans-cappel\/","name":"8\u00e8me edition stages a Saint-Jans-Cappel - VP DANSES, cours de Danse Sportive \u00e0 Aire-sur-la-Lys et \u00e0 Saint-Jans-Cappel (Hauts-de-France)","isPartOf":{"@id":"https:\/\/vpdanses.fr\/home\/bienvenue-chez-vp-danses-hazebrouck\/#website"},"primaryImageOfPage":{"@id":"https:\/\/vpdanses.fr\/home\/bienvenue-chez-vp-danses-hazebrouck\/evenement\/atelier-de-salsa-a-la-8eme-edition-de-stages-sur-st-jans-cappel\/#primaryimage"},"image":{"@id":"https:\/\/vpdanses.fr\/home\/bienvenue-chez-vp-danses-hazebrouck\/evenement\/atelier-de-salsa-a-la-8eme-edition-de-stages-sur-st-jans-cappel\/#primaryimage"},"thumbnailUrl":"https:\/\/vpdanses.fr\/wp-content\/uploads\/2024\/12\/2024-11-30.Atelier_Salsa_CaDanseASaintJans_VPdanses_001_W1425_H800.jpg","datePublished":"2024-10-22T21:30:47+00:00","dateModified":"2024-12-02T17:28:21+00:00","breadcrumb":{"@id":"https:\/\/vpdanses.fr\/home\/bienvenue-chez-vp-danses-hazebrouck\/evenement\/atelier-de-salsa-a-la-8eme-edition-de-stages-sur-st-jans-cappel\/#breadcrumb"},"inLanguage":"fr-FR","potentialAction":[{"@type":"ReadAction","target":["https:\/\/vpdanses.fr\/home\/bienvenue-chez-vp-danses-hazebrouck\/evenement\/atelier-de-salsa-a-la-8eme-edition-de-stages-sur-st-jans-cappel\/"]}]},{"@type":"ImageObject","inLanguage":"fr-FR","@id":"https:\/\/vpdanses.fr\/home\/bienvenue-chez-vp-danses-hazebrouck\/evenement\/atelier-de-salsa-a-la-8eme-edition-de-stages-sur-st-jans-cappel\/#primaryimage","url":"https:\/\/vpdanses.fr\/wp-content\/uploads\/2024\/12\/2024-11-30.Atelier_Salsa_CaDanseASaintJans_VPdanses_001_W1425_H800.jpg","contentUrl":"https:\/\/vpdanses.fr\/wp-content\/uploads\/2024\/12\/2024-11-30.Atelier_Salsa_CaDanseASaintJans_VPdanses_001_W1425_H800.jpg","width":1425,"height":800,"caption":"Atelier de salsa \u00e0 Saint-Jans-Cappel, organis\u00e9 par CA DANSE A SAINT JANS, 30\/11\/2024"},{"@type":"BreadcrumbList","@id":"https:\/\/vpdanses.fr\/home\/bienvenue-chez-vp-danses-hazebrouck\/evenement\/atelier-de-salsa-a-la-8eme-edition-de-stages-sur-st-jans-cappel\/#breadcrumb","itemListElement":[{"@type":"ListItem","position":1,"name":"Accueil","item":"https:\/\/vpdanses.fr\/home\/bienvenue-chez-vp-danses-hazebrouck\/"},{"@type":"ListItem","position":2,"name":"\u00c9v\u00e8nements","item":"https:\/\/vpdanses.fr\/home\/bienvenue-chez-vp-danses-hazebrouck\/dates\/"},{"@type":"ListItem","position":3,"name":"8\u00e8me edition stages a Saint-Jans-Cappel"}]},{"@type":"WebSite","@id":"https:\/\/vpdanses.fr\/home\/bienvenue-chez-vp-danses-hazebrouck\/#website","url":"https:\/\/vpdanses.fr\/home\/bienvenue-chez-vp-danses-hazebrouck\/","name":"VP DANSES, cours de Danse Sportive \u00e0 Aire-sur-la-Lys et \u00e0 Saint-Jans-Cappel (Hauts-de-France)","description":"Cours de Danse Sportive STANDARD (valse anglaise, tango, valse viennoise, slowfox, quickstep), danses sportives LATINES (samba, chacha, rumba, paso doble, jive), danses de bal, danses de salons, danses de loisirs, salsa, rock 4 temps, rock 6 temps, danses en ligne, disco, \u2026 Lieu : Hazebrouck, Aire-sur-la-Lys, Saint-Jans-Cappel et Isbergues (Hauts-de-France) - Cours Particuliers dans les Hauts-de-France - Ouverture de bal de Mariage","publisher":{"@id":"https:\/\/vpdanses.fr\/home\/bienvenue-chez-vp-danses-hazebrouck\/#organization"},"potentialAction":[{"@type":"SearchAction","target":{"@type":"EntryPoint","urlTemplate":"https:\/\/vpdanses.fr\/home\/bienvenue-chez-vp-danses-hazebrouck\/?s={search_term_string}"},"query-input":{"@type":"PropertyValueSpecification","valueRequired":true,"valueName":"search_term_string"}}],"inLanguage":"fr-FR"},{"@type":"Organization","@id":"https:\/\/vpdanses.fr\/home\/bienvenue-chez-vp-danses-hazebrouck\/#organization","name":"VP DANSES, cours de Danse Sportive \u00e0 Aire-sur-la-Lys et \u00e0 Saint-Jans-Cappel (Hauts-de-France)","url":"https:\/\/vpdanses.fr\/home\/bienvenue-chez-vp-danses-hazebrouck\/","logo":{"@type":"ImageObject","inLanguage":"fr-FR","@id":"https:\/\/vpdanses.fr\/home\/bienvenue-chez-vp-danses-hazebrouck\/#\/schema\/logo\/image\/","url":"https:\/\/vpdanses.fr\/wp-content\/uploads\/2024\/10\/logo_cadanse_asaintjans.jpeg","contentUrl":"https:\/\/vpdanses.fr\/wp-content\/uploads\/2024\/10\/logo_cadanse_asaintjans.jpeg","width":225,"height":225,"caption":"VP DANSES, cours de Danse Sportive \u00e0 Aire-sur-la-Lys et \u00e0 Saint-Jans-Cappel (Hauts-de-France)"},"image":{"@id":"https:\/\/vpdanses.fr\/home\/bienvenue-chez-vp-danses-hazebrouck\/#\/schema\/logo\/image\/"}}]}},"uagb_featured_image_src":{"full":["https:\/\/vpdanses.fr\/wp-content\/uploads\/2024\/12\/2024-11-30.Atelier_Salsa_CaDanseASaintJans_VPdanses_001_W1425_H800.jpg",1425,800,false],"thumbnail":["https:\/\/vpdanses.fr\/wp-content\/uploads\/2024\/12\/2024-11-30.Atelier_Salsa_CaDanseASaintJans_VPdanses_001_W1425_H800-150x150.jpg",150,150,true],"medium":["https:\/\/vpdanses.fr\/wp-content\/uploads\/2024\/12\/2024-11-30.Atelier_Salsa_CaDanseASaintJans_VPdanses_001_W1425_H800-300x168.jpg",300,168,true],"medium_large":["https:\/\/vpdanses.fr\/wp-content\/uploads\/2024\/12\/2024-11-30.Atelier_Salsa_CaDanseASaintJans_VPdanses_001_W1425_H800-768x431.jpg",768,431,true],"large":["https:\/\/vpdanses.fr\/wp-content\/uploads\/2024\/12\/2024-11-30.Atelier_Salsa_CaDanseASaintJans_VPdanses_001_W1425_H800-1024x575.jpg",1024,575,true],"1536x1536":["https:\/\/vpdanses.fr\/wp-content\/uploads\/2024\/12\/2024-11-30.Atelier_Salsa_CaDanseASaintJans_VPdanses_001_W1425_H800.jpg",1425,800,false],"2048x2048":["https:\/\/vpdanses.fr\/wp-content\/uploads\/2024\/12\/2024-11-30.Atelier_Salsa_CaDanseASaintJans_VPdanses_001_W1425_H800.jpg",1425,800,false],"vp_sm":["https:\/\/vpdanses.fr\/wp-content\/uploads\/2024\/12\/2024-11-30.Atelier_Salsa_CaDanseASaintJans_VPdanses_001_W1425_H800.jpg",500,281,false],"vp_md":["https:\/\/vpdanses.fr\/wp-content\/uploads\/2024\/12\/2024-11-30.Atelier_Salsa_CaDanseASaintJans_VPdanses_001_W1425_H800.jpg",800,449,false],"vp_lg":["https:\/\/vpdanses.fr\/wp-content\/uploads\/2024\/12\/2024-11-30.Atelier_Salsa_CaDanseASaintJans_VPdanses_001_W1425_H800.jpg",1280,719,false],"vp_xl":["https:\/\/vpdanses.fr\/wp-content\/uploads\/2024\/12\/2024-11-30.Atelier_Salsa_CaDanseASaintJans_VPdanses_001_W1425_H800.jpg",1425,800,false],"vp_sm_popup":["https:\/\/vpdanses.fr\/wp-content\/uploads\/2024\/12\/2024-11-30.Atelier_Salsa_CaDanseASaintJans_VPdanses_001_W1425_H800.jpg",500,281,false],"vp_md_popup":["https:\/\/vpdanses.fr\/wp-content\/uploads\/2024\/12\/2024-11-30.Atelier_Salsa_CaDanseASaintJans_VPdanses_001_W1425_H800.jpg",800,449,false],"vp_xl_popup":["https:\/\/vpdanses.fr\/wp-content\/uploads\/2024\/12\/2024-11-30.Atelier_Salsa_CaDanseASaintJans_VPdanses_001_W1425_H800.jpg",1425,800,false],"dance-blog-thumb":["https:\/\/vpdanses.fr\/wp-content\/uploads\/2024\/12\/2024-11-30.Atelier_Salsa_CaDanseASaintJans_VPdanses_001_W1425_H800-150x120.jpg",150,120,true],"dance-event-list":["https:\/\/vpdanses.fr\/wp-content\/uploads\/2024\/12\/2024-11-30.Atelier_Salsa_CaDanseASaintJans_VPdanses_001_W1425_H800-420x336.jpg",420,336,true],"dance-event-single-type1":["https:\/\/vpdanses.fr\/wp-content\/uploads\/2024\/12\/2024-11-30.Atelier_Salsa_CaDanseASaintJans_VPdanses_001_W1425_H800-773x520.jpg",773,520,true],"dance-event-single-type4":["https:\/\/vpdanses.fr\/wp-content\/uploads\/2024\/12\/2024-11-30.Atelier_Salsa_CaDanseASaintJans_VPdanses_001_W1425_H800-570x460.jpg",570,460,true],"dance-event-single-type5":["https:\/\/vpdanses.fr\/wp-content\/uploads\/2024\/12\/2024-11-30.Atelier_Salsa_CaDanseASaintJans_VPdanses_001_W1425_H800-746x770.jpg",746,770,true],"dance-event-list2":["https:\/\/vpdanses.fr\/wp-content\/uploads\/2024\/12\/2024-11-30.Atelier_Salsa_CaDanseASaintJans_VPdanses_001_W1425_H800-420x275.jpg",420,275,true]},"uagb_author_info":{"display_name":"VP DANSES","author_link":"https:\/\/vpdanses.fr\/home\/bienvenue-chez-vp-danses-hazebrouck\/author\/adminvp20241018\/"},"uagb_comment_info":0,"uagb_excerpt":"Cet atelier SALSA est organis\u00e9 par \"CA DANSE A SAINT JANS CAPEL\" et anim\u00e9 par \"VP danses\". Venez d\u00e9couvrir la salsa et passer un agr\u00e9able moment de d\u00e9tente ! Inscriptions via Helloasso, par t\u00e9l\u00e9phone au +33 6 13 59 56 86, par email 'contactcadanseasaintjans@gmail.com' ou via messenger 'Cadanse Asaintjans'. Buvette sur place","jetpack_sharing_enabled":true,"ticketed":["rsvp"],"_links":{"self":[{"href":"https:\/\/vpdanses.fr\/home\/bienvenue-chez-vp-danses-hazebrouck\/wp-json\/wp\/v2\/tribe_events\/9214","targetHints":{"allow":["GET"]}}],"collection":[{"href":"https:\/\/vpdanses.fr\/home\/bienvenue-chez-vp-danses-hazebrouck\/wp-json\/wp\/v2\/tribe_events"}],"about":[{"href":"https:\/\/vpdanses.fr\/home\/bienvenue-chez-vp-danses-hazebrouck\/wp-json\/wp\/v2\/types\/tribe_events"}],"author":[{"embeddable":true,"href":"https:\/\/vpdanses.fr\/home\/bienvenue-chez-vp-danses-hazebrouck\/wp-json\/wp\/v2\/users\/1"}],"version-history":[{"count":88,"href":"https:\/\/vpdanses.fr\/home\/bienvenue-chez-vp-danses-hazebrouck\/wp-json\/wp\/v2\/tribe_events\/9214\/revisions"}],"predecessor-version":[{"id":10273,"href":"https:\/\/vpdanses.fr\/home\/bienvenue-chez-vp-danses-hazebrouck\/wp-json\/wp\/v2\/tribe_events\/9214\/revisions\/10273"}],"wp:featuredmedia":[{"embeddable":true,"href":"https:\/\/vpdanses.fr\/home\/bienvenue-chez-vp-danses-hazebrouck\/wp-json\/wp\/v2\/media\/10203"}],"wp:attachment":[{"href":"https:\/\/vpdanses.fr\/home\/bienvenue-chez-vp-danses-hazebrouck\/wp-json\/wp\/v2\/media?parent=9214"}],"wp:term":[{"taxonomy":"post_tag","embeddable":true,"href":"https:\/\/vpdanses.fr\/home\/bienvenue-chez-vp-danses-hazebrouck\/wp-json\/wp\/v2\/tags?post=9214"},{"taxonomy":"tribe_events_cat","embeddable":true,"href":"https:\/\/vpdanses.fr\/home\/bienvenue-chez-vp-danses-hazebrouck\/wp-json\/wp\/v2\/tribe_events_cat?post=9214"}],"curies":[{"name":"wp","href":"https:\/\/api.w.org\/{rel}","templated":true}]}}